{"id":82,"date":"2015-03-16T06:59:55","date_gmt":"2015-03-16T06:59:55","guid":{"rendered":"http:\/\/blogsaverroes.juntadeandalucia.es\/pre\/ceip\/?page_id=82"},"modified":"2025-12-14T17:34:13","modified_gmt":"2025-12-14T17:34:13","slug":"horarios","status":"publish","type":"page","link":"https:\/\/blogsaverroes.juntadeandalucia.es\/colegioginesmorata\/?page_id=82","title":{"rendered":"Calendario y Horarios\/ Calendar&amp;Timetable"},"content":{"rendered":"<p>&nbsp;<\/p>\n<header class=\"entry-header\">\n<h1 class=\"entry-title h3\"><a style=\"font-size: 16px\" href=\"https:\/\/blogsaverroes.juntadeandalucia.es\/colegioginesmorata\/files\/2024\/09\/Calendario_escolar_24_25_Almeria_2-1.pdf\">Calendario escolar para el curso 2025\/2026 en la ciudad de Almer\u00eda<\/a><\/h1>\n<\/header>\n<div class=\"entry-content\">\n<p><a href=\"https:\/\/blogsaverroes.juntadeandalucia.es\/colegioginesmorata\/files\/2025\/08\/Calendario_Escolar_25-26_Almeria.pdf\">Calendario_Escolar_25-26_Almeria<\/a> <img loading=\"lazy\" decoding=\"async\" class=\"alignnone size-large wp-image-11086\" src=\"https:\/\/blogsaverroes.juntadeandalucia.es\/colegioginesmorata\/files\/2025\/08\/Captura-de-pantalla-2025-08-03-212315.png\" alt=\"\" width=\"483\" height=\"633\" srcset=\"https:\/\/blogsaverroes.juntadeandalucia.es\/colegioginesmorata\/files\/2025\/08\/Captura-de-pantalla-2025-08-03-212315.png 483w, https:\/\/blogsaverroes.juntadeandalucia.es\/colegioginesmorata\/files\/2025\/08\/Captura-de-pantalla-2025-08-03-212315-305x400.png 305w\" sizes=\"(max-width: 483px) 100vw, 483px\" \/><\/p>\n<\/div>\n<h3>Horario<\/h3>\n<p style=\"text-align: justify\">El centro abre sus puertas a las 7:30 para el aula matinal. Para m\u00e1s informaci\u00f3n consulten la p\u00e1gina&nbsp;<a title=\"Aula Matinal\/ Morning class\" href=\"https:\/\/blogsaverroes.juntadeandalucia.es\/colegioginesmorata\/?page_id=870\">Aula Matinal\/ Morning class<\/a><\/p>\n<p style=\"text-align: justify\">Las clases comienzan a las 9 horas y finalizan a las 14 horas.&nbsp;<a href=\"http:\/\/blogsaverroes.juntadeandalucia.es\/temapinboard\/files\/2015\/03\/horario2.jpg\"><img loading=\"lazy\" decoding=\"async\" class=\"wp-image-1675 alignright\" src=\"http:\/\/blogsaverroes.juntadeandalucia.es\/temapinboard\/files\/2015\/03\/horario2-300x212.jpg\" alt=\"\" width=\"218\" height=\"154\" srcset=\"https:\/\/blogsaverroes.juntadeandalucia.es\/colegioginesmorata\/files\/2015\/03\/horario2-300x212.jpg 300w, https:\/\/blogsaverroes.juntadeandalucia.es\/colegioginesmorata\/files\/2015\/03\/horario2-332x234.jpg 332w, https:\/\/blogsaverroes.juntadeandalucia.es\/colegioginesmorata\/files\/2015\/03\/horario2.jpg 640w\" sizes=\"(max-width: 218px) 100vw, 218px\" \/><\/a><\/p>\n<p style=\"text-align: justify\">En educaci\u00f3n primaria e infantil hay&nbsp; un per\u00edodo de media hora de recreo, de 11:3o a&nbsp; 12:00,&nbsp; aunque se mantiene flexibilidad con el alumnado de 3 a\u00f1os en el primer trimestre. De forma general hay tres sesiones&nbsp; &nbsp;antes del recreo y dos\/tres&nbsp; sesiones despu\u00e9s. Generalmente las sesiones duran 1 hora o 45 minutos y en casos necesarios hay sesiones de 30 minutos para ajustes de algunas materias.<\/p>\n<p>El comedor funciona desde las 14 horas hasta las 16:00, aunque las familias pueden recoger a los alumnos\/as a partir de las 15:15 para el primer turno y de las 15:30 para el segundo turno.<\/p>\n<p>Para m\u00e1s informaci\u00f3n consulten la p\u00e1gina&nbsp;<a title=\"Comedor escolar\" href=\"https:\/\/blogsaverroes.juntadeandalucia.es\/colegioginesmorata\/?page_id=99\">Comedor escolar<\/a><\/p>\n<p>Hay autorizada una ludoteca de mediod\u00eda gestionada por el CB Almer\u00eda que funciona de 14:00 a 15:15 horas para alumnado que no asiste&nbsp; comedor.<\/p>\n<p>Las actividades extraescolares contempladas en el plan de familia se desarrollan de lunes a jueves&nbsp; de&nbsp; 16:00 a 17&nbsp; horas. Tambi\u00e9n se desarrollan actividades deportivas autorizadas a diferentes clubs deportivos.&nbsp;<\/p>\n<p>Para m\u00e1s informaci\u00f3n consulten la p\u00e1gina&nbsp;<a title=\"Actividades extraescolares\" href=\"https:\/\/blogsaverroes.juntadeandalucia.es\/colegioginesmorata\/?page_id=871\">Actividades complementarias<\/a><\/p>\n<p>&nbsp;<\/p>\n<p>Pueden consultar los&nbsp; horarios de los diferentes grupos de clase a trav\u00e9s de la plataforma iPASEN<\/p>\n<p>&nbsp;<\/p>\n<p>&nbsp;<\/p>\n<p>&nbsp;<\/p>\n","protected":false},"excerpt":{"rendered":"<p>&nbsp; Calendario escolar para el curso 2025\/2026 en la ciudad de Almer\u00eda Calendario_Escolar_25-26_Almeria Horario El centro abre sus puertas a las 7:30 para el aula&hellip;<\/p>\n","protected":false},"author":1,"featured_media":0,"parent":0,"menu_order":0,"comment_status":"closed","ping_status":"open","template":"","meta":{"ngg_post_thumbnail":0,"footnotes":"","_mc_calendar":[]},"aioseo_notices":[],"_links":{"self":[{"href":"https:\/\/blogsaverroes.juntadeandalucia.es\/colegioginesmorata\/index.php?rest_route=\/wp\/v2\/pages\/82"}],"collection":[{"href":"https:\/\/blogsaverroes.juntadeandalucia.es\/colegioginesmorata\/index.php?rest_route=\/wp\/v2\/pages"}],"about":[{"href":"https:\/\/blogsaverroes.juntadeandalucia.es\/colegioginesmorata\/index.php?rest_route=\/wp\/v2\/types\/page"}],"author":[{"embeddable":true,"href":"https:\/\/blogsaverroes.juntadeandalucia.es\/colegioginesmorata\/index.php?rest_route=\/wp\/v2\/users\/1"}],"replies":[{"embeddable":true,"href":"https:\/\/blogsaverroes.juntadeandalucia.es\/colegioginesmorata\/index.php?rest_route=%2Fwp%2Fv2%2Fcomments&post=82"}],"version-history":[{"count":13,"href":"https:\/\/blogsaverroes.juntadeandalucia.es\/colegioginesmorata\/index.php?rest_route=\/wp\/v2\/pages\/82\/revisions"}],"predecessor-version":[{"id":11509,"href":"https:\/\/blogsaverroes.juntadeandalucia.es\/colegioginesmorata\/index.php?rest_route=\/wp\/v2\/pages\/82\/revisions\/11509"}],"wp:attachment":[{"href":"https:\/\/blogsaverroes.juntadeandalucia.es\/colegioginesmorata\/index.php?rest_route=%2Fwp%2Fv2%2Fmedia&parent=82"}],"curies":[{"name":"wp","href":"https:\/\/api.w.org\/{rel}","templated":true}]}}