{"id":824,"date":"2020-12-18T08:31:23","date_gmt":"2020-12-18T07:31:23","guid":{"rendered":"https:\/\/blogsaverroes.juntadeandalucia.es\/pre\/plantilla-pencil\/?page_id=817"},"modified":"2021-08-16T19:02:55","modified_gmt":"2021-08-16T18:02:55","slug":"educacion-primaria","status":"publish","type":"page","link":"https:\/\/blogsaverroes.juntadeandalucia.es\/colegiojuanrufo\/educacion-primaria\/","title":{"rendered":"Educaci\u00f3n Primaria"},"content":{"rendered":"<p>[et_pb_section fb_built=&#8221;1&#8243; _builder_version=&#8221;3.23.3&#8243; custom_padding=&#8221;0px||0px|&#8221; z_index_tablet=&#8221;500&#8243; box_shadow_horizontal_tablet=&#8221;0px&#8221; box_shadow_vertical_tablet=&#8221;0px&#8221; box_shadow_blur_tablet=&#8221;40px&#8221; box_shadow_spread_tablet=&#8221;0px&#8221;][et_pb_row _builder_version=&#8221;3.25&#8243; background_size=&#8221;initial&#8221; background_position=&#8221;top_left&#8221; background_repeat=&#8221;repeat&#8221;][et_pb_column type=&#8221;4_4&#8243; _builder_version=&#8221;3.25&#8243; custom_padding=&#8221;|||&#8221; custom_padding__hover=&#8221;|||&#8221;][et_pb_image src=&#8221;https:\/\/blogsaverroes.juntadeandalucia.es\/colegiojuanrufo\/files\/2020\/01\/cabecera-interior-3.jpg&#8221; title_text=&#8221;cabecera-interior-3&#8243; admin_label=&#8221;Imagen de la portada&#8221; _builder_version=&#8221;4.5.0&#8243; z_index_tablet=&#8221;500&#8243; box_shadow_horizontal_tablet=&#8221;0px&#8221; box_shadow_vertical_tablet=&#8221;0px&#8221; box_shadow_blur_tablet=&#8221;40px&#8221; box_shadow_spread_tablet=&#8221;0px&#8221;][\/et_pb_image][et_pb_text admin_label=&#8221;Texto descriptivo&#8221; _builder_version=&#8221;4.5.0&#8243; z_index_tablet=&#8221;500&#8243; text_text_shadow_horizontal_length_tablet=&#8221;0px&#8221; text_text_shadow_vertical_length_tablet=&#8221;0px&#8221; text_text_shadow_blur_strength_tablet=&#8221;1px&#8221; link_text_shadow_horizontal_length_tablet=&#8221;0px&#8221; link_text_shadow_vertical_length_tablet=&#8221;0px&#8221; link_text_shadow_blur_strength_tablet=&#8221;1px&#8221; ul_text_shadow_horizontal_length_tablet=&#8221;0px&#8221; ul_text_shadow_vertical_length_tablet=&#8221;0px&#8221; ul_text_shadow_blur_strength_tablet=&#8221;1px&#8221; ol_text_shadow_horizontal_length_tablet=&#8221;0px&#8221; ol_text_shadow_vertical_length_tablet=&#8221;0px&#8221; ol_text_shadow_blur_strength_tablet=&#8221;1px&#8221; quote_text_shadow_horizontal_length_tablet=&#8221;0px&#8221; quote_text_shadow_vertical_length_tablet=&#8221;0px&#8221; quote_text_shadow_blur_strength_tablet=&#8221;1px&#8221; header_text_shadow_horizontal_length_tablet=&#8221;0px&#8221; header_text_shadow_vertical_length_tablet=&#8221;0px&#8221; header_text_shadow_blur_strength_tablet=&#8221;1px&#8221; header_2_text_shadow_horizontal_length_tablet=&#8221;0px&#8221; header_2_text_shadow_vertical_length_tablet=&#8221;0px&#8221; header_2_text_shadow_blur_strength_tablet=&#8221;1px&#8221; header_3_text_shadow_horizontal_length_tablet=&#8221;0px&#8221; header_3_text_shadow_vertical_length_tablet=&#8221;0px&#8221; header_3_text_shadow_blur_strength_tablet=&#8221;1px&#8221; header_4_text_shadow_horizontal_length_tablet=&#8221;0px&#8221; header_4_text_shadow_vertical_length_tablet=&#8221;0px&#8221; header_4_text_shadow_blur_strength_tablet=&#8221;1px&#8221; header_5_text_shadow_horizontal_length_tablet=&#8221;0px&#8221; header_5_text_shadow_vertical_length_tablet=&#8221;0px&#8221; header_5_text_shadow_blur_strength_tablet=&#8221;1px&#8221; header_6_text_shadow_horizontal_length_tablet=&#8221;0px&#8221; header_6_text_shadow_vertical_length_tablet=&#8221;0px&#8221; header_6_text_shadow_blur_strength_tablet=&#8221;1px&#8221; box_shadow_horizontal_tablet=&#8221;0px&#8221; box_shadow_vertical_tablet=&#8221;0px&#8221; box_shadow_blur_tablet=&#8221;40px&#8221; box_shadow_spread_tablet=&#8221;0px&#8221;]<\/p>\n<h2>Educaci\u00f3n Primaria<\/h2>\n<p>&nbsp;<\/p>\n<p>La educaci\u00f3n primaria es una etapa educativa que\u00a0comprende seis cursos acad\u00e9micos, que se seguir\u00e1n ordinariamente entre los seis y los doce a\u00f1os de edad.<\/p>\n<p>La educaci\u00f3n primaria es obligatoria y gratuita para todas las personas. En las etapas educativas que constituyen la ense\u00f1anza b\u00e1sica se pondr\u00e1 especial \u00e9nfasis en la adquisici\u00f3n de las competencias b\u00e1sicas, en la atenci\u00f3n a la diversidad del alumnado, la detecci\u00f3n de las dificultades de aprendizaje tan pronto como se produzcan y la relaci\u00f3n con las familias para apoyar el proceso educativo de sus hijos e hijas.<\/p>\n<p>La metodolog\u00eda did\u00e1ctica en esta etapa educativa ser\u00e1\u00a0 fundamentalmente activa y participativa, favoreciendo el trabajo individual y cooperativo del alumnado en el aula.<\/p>\n<p>Asimismo, se establecer\u00e1n los mecanismos adecuados y las medidas de apoyo y refuerzo precisas que permitan superar el retraso escolar del alumnado, en el supuesto de que \u00e9ste se produzca, y el desarrollo de las capacidades del\u00a0 alumnado\u00a0 con sobredotaci\u00f3n intelectual.<\/p>\n<p>El marco habitual para el tratamiento del alumnado con dificultades de aprendizaje, o con insuficiente nivel curricular\u00a0en relaci\u00f3n con el del curso que le corresponder\u00eda por edad,\u00a0es aquel en el que se asegure un enfoque multidisciplinar, asegur\u00e1ndose la coordinaci\u00f3n de todos los miembros del equipo docente que atienda al alumno o alumna y, en su caso, de los departamentos o de los equipos de orientaci\u00f3n educativa.<\/p>\n<p>La evaluaci\u00f3n del alumnado la realizar\u00e1 el profesorado,\u00a0preferentemente a trav\u00e9s de la observaci\u00f3n continuada de la\u00a0evoluci\u00f3n de su proceso de aprendizaje y maduraci\u00f3n personal.<\/p>\n<p><strong>\u00c1reas o materias instrumentales.<\/strong><\/p>\n<p>Se prestar\u00e1 especial atenci\u00f3n durante toda la ense\u00f1anza b\u00e1sica a las \u00e1reas o materias instrumentales de lengua\u00a0espa\u00f1ola, lengua extranjera y matem\u00e1ticas. En este sentido,\u00a0en la regulaci\u00f3n del horario semanal de la educaci\u00f3n primaria \u00a0se tendr\u00e1 en cuenta el car\u00e1cter preferente de estas \u00e1reas o materias respecto a las restantes, y se crear\u00e1 un espacio horario para aquellos alumnos y alumnas necesitados de apoyo educativo.\u00a0<span style=\"font-size: 14px\">Se incorporar\u00e1n de manera generalizada las tecnolog\u00edas de la informaci\u00f3n y la comunicaci\u00f3n a los procesos de\u00a0<\/span>ense\u00f1anza y aprendizaje.\u00a0<\/p>\n<p><strong>Estrategias y medidas de apoyo y refuerzo.<\/strong><\/p>\n<p>Los centros docentes dispondr\u00e1n de autonom\u00eda para\u00a0organizar los grupos y las materias de manera flexible y para\u00a0adoptar otras medidas de atenci\u00f3n a la diversidad y de fomento de la igualdad entre sexos. Podr\u00e1n considerarse, entre otras medidas, los agrupamientos flexibles y el desarrollo de adaptaciones curriculares, sin que en ning\u00fan caso puedan llevarse a cabo agrupamientos que supongan discriminaci\u00f3n del alumnado m\u00e1s necesitado de apoyo.<\/p>\n<p>Asimismo, en la forma que la Administraci\u00f3n educativa\u00a0determine, se programar\u00e1n actividades de refuerzo y apoyo de las competencias relacionadas con la comunicaci\u00f3n ling\u00fc\u00edstica y el\u00a0 razonamiento matem\u00e1tico, dirigidas al alumnado que presente dificultades de aprendizaje.<\/p>\n<p>\u00a0La Administraci\u00f3n educativa regular\u00e1 el marco general\u00a0de atenci\u00f3n a la diversidad del alumnado y las condiciones y\u00a0recursos para la aplicaci\u00f3n de las diferentes medidas que ser\u00e1n desarrolladas por los centros docentes, de acuerdo con los principios generales de la educaci\u00f3n b\u00e1sica.<\/p>\n<p>[\/et_pb_text][\/et_pb_column][\/et_pb_row][\/et_pb_section]<\/p>\n","protected":false},"excerpt":{"rendered":"<p>Educaci\u00f3n Primaria &nbsp; La educaci\u00f3n primaria es una etapa educativa que\u00a0comprende seis cursos acad\u00e9micos, que se seguir\u00e1n ordinariamente entre los seis y los doce a\u00f1os de edad. La educaci\u00f3n primaria es obligatoria y gratuita para todas las personas. En las etapas educativas que constituyen la ense\u00f1anza b\u00e1sica se pondr\u00e1 especial \u00e9nfasis en la adquisici\u00f3n de [&hellip;]<\/p>\n","protected":false},"author":7051,"featured_media":0,"parent":0,"menu_order":0,"comment_status":"closed","ping_status":"closed","template":"","meta":{"_et_pb_use_builder":"on","_et_pb_old_content":"","_et_gb_content_width":"","ngg_post_thumbnail":0,"footnotes":""},"aioseo_notices":[],"_links":{"self":[{"href":"https:\/\/blogsaverroes.juntadeandalucia.es\/colegiojuanrufo\/wp-json\/wp\/v2\/pages\/824"}],"collection":[{"href":"https:\/\/blogsaverroes.juntadeandalucia.es\/colegiojuanrufo\/wp-json\/wp\/v2\/pages"}],"about":[{"href":"https:\/\/blogsaverroes.juntadeandalucia.es\/colegiojuanrufo\/wp-json\/wp\/v2\/types\/page"}],"author":[{"embeddable":true,"href":"https:\/\/blogsaverroes.juntadeandalucia.es\/colegiojuanrufo\/wp-json\/wp\/v2\/users\/7051"}],"replies":[{"embeddable":true,"href":"https:\/\/blogsaverroes.juntadeandalucia.es\/colegiojuanrufo\/wp-json\/wp\/v2\/comments?post=824"}],"version-history":[{"count":4,"href":"https:\/\/blogsaverroes.juntadeandalucia.es\/colegiojuanrufo\/wp-json\/wp\/v2\/pages\/824\/revisions"}],"predecessor-version":[{"id":1066,"href":"https:\/\/blogsaverroes.juntadeandalucia.es\/colegiojuanrufo\/wp-json\/wp\/v2\/pages\/824\/revisions\/1066"}],"wp:attachment":[{"href":"https:\/\/blogsaverroes.juntadeandalucia.es\/colegiojuanrufo\/wp-json\/wp\/v2\/media?parent=824"}],"curies":[{"name":"wp","href":"https:\/\/api.w.org\/{rel}","templated":true}]}}