{"id":2340,"date":"2016-05-13T12:23:02","date_gmt":"2016-05-13T10:23:02","guid":{"rendered":"http:\/\/blogsaverroes.juntadeandalucia.es\/colegiojuanvalera\/?page_id=2340"},"modified":"2024-02-08T14:34:19","modified_gmt":"2024-02-08T12:34:19","slug":"historia","status":"publish","type":"page","link":"https:\/\/blogsaverroes.juntadeandalucia.es\/colegiojuanvalera\/nuestro-centro\/historia\/","title":{"rendered":"Historia"},"content":{"rendered":"<div>\n<div id=\"imCell_1\" class=\"imGrid[0, 0]\">\n<div id=\"imCellStyle_1\">\n<div id=\"imTextObject_1\">\n<div id=\"imTextObject_1_tab0\">\n<div id=\"rollover_962\" class=\"text-tab-content text-inner\">\n<div id=\"rollover_962_runner\">\n<h3 style=\"text-align: center\"><span style=\"text-decoration: underline\"><em><span class=\"fs24 cf3 ff1\"><b>UN POCO DE HISTORIA ACERCA DE NUESTRO CENTRO:<\/b><\/span><\/em><\/span><\/h3>\n<p style=\"text-align: center\"><span class=\"cf5 fs24 ff1\">(Gui\u00f3n adaptado de la investigaci\u00f3n realizada en el a\u00f1o 1984 por los alumnos: <\/span><span class=\"cf4 fs24 ff1\"><b>Enrique Medina, Juan<\/b> <b>Repullo, Manuel M. Rold\u00e1n y Francisco Toro.)<\/b><\/span><\/p>\n<p>&nbsp;<\/p>\n<p style=\"text-align: justify\"><span class=\"cf7 fs24 ff1\">La construcci\u00f3n de nuestro colegio fue en el verano de 1960. A finales de junio de ese a\u00f1o estaban trabajando en los cimientos, y en la primera quincena de septiembre ya estaban puestos los cristales.<\/span><\/p>\n<p style=\"text-align: justify\"><a href=\"https:\/\/blogsaverroes.juntadeandalucia.es\/colegiojuanvalera\/files\/2016\/05\/banderas.png\"><img loading=\"lazy\" decoding=\"async\" class=\" size-medium wp-image-2407 alignright\" src=\"https:\/\/blogsaverroes.juntadeandalucia.es\/colegiojuanvalera\/files\/2016\/05\/banderas-200x300.png\" alt=\"banderas\" width=\"200\" height=\"300\" srcset=\"https:\/\/blogsaverroes.juntadeandalucia.es\/colegiojuanvalera\/files\/2016\/05\/banderas-200x300.png 200w, https:\/\/blogsaverroes.juntadeandalucia.es\/colegiojuanvalera\/files\/2016\/05\/banderas.png 289w\" sizes=\"(max-width: 200px) 100vw, 200px\" \/><\/a>En octubre del mismo a\u00f1o 60 comienzan a funcionar en este edificio 4 unitarias, las llamadas Escuelas de Francisco Franco, que, hasta entonces, hab\u00edan estado en <i>Las Asas<\/i> (aproximadamente, entre los cruces de las calles Pedro Pedrosa y Cayetano Muriel con la de Alcalde Luis Cabello) y cuyos maestros eran Pepita Carmona, Mar\u00eda Reyes Crist\u00f3bal, \u00c1ngel Herr\u00e1iz y Valent\u00edn Aguirre. Los maestros daban clases a los ni\u00f1os y las maestras a las ni\u00f1as.<\/p>\n<\/div>\n<\/div>\n<\/div>\n<\/div>\n<\/div>\n<\/div>\n<\/div>\n<div style=\"text-align: justify\">\n<div id=\"imCell_4\" class=\"imGrid[1, 1]\">\n<div id=\"imCellStyle_4\">\n<div id=\"imTextObject_4\">\n<div id=\"imTextObject_4_tab0\">\n<div id=\"rollover_324\" class=\"text-tab-content text-inner\">\n<div id=\"rollover_324_runner\">\n<p><span class=\"ff2 cf3 fs24\">Dichas escuelas unitarias (cada maestro ten\u00eda ni\u00f1os y ni\u00f1as de todos los niveles) ten\u00edan una matr\u00edcula de 40 o m\u00e1s alumnos y comenzaron en las aulas n\u00ba 5 y 6 las ni\u00f1as, y en las 1 y 3 los ni\u00f1os. Mientras en la n\u00famero 2 estaba guardado el mobiliario que hab\u00edan retirado de las Escuelas Andr\u00e9s de Cervantes. <\/span><span class=\"fs20 cf0 ff3\"><br \/>\n<\/span><\/p>\n<\/div>\n<\/div>\n<\/div>\n<\/div>\n<\/div>\n<\/div>\n<\/div>\n<div>\n<div id=\"imCell_2\" class=\"imGrid[2, 2]\">\n<div id=\"imCellStyleGraphics_2\" style=\"text-align: justify\">Los alumnos faltaban mucho m\u00e1s que ahora, pues los padres no se preocupaban tanto de que sus hijos aprendieran. La escolarizaci\u00f3n comprend\u00eda entre los 6 y los 14 a\u00f1os. El 15 de Septiembre de 1961 comienza a funcionar este colegio completo con 12 clases; 6 de ni\u00f1as (las n\u00famero 1 a 6) y 6 de ni\u00f1os (n\u00fameros 7 al 12).<\/div>\n<div id=\"imCellStyle_2\">\n<div id=\"imTextObject_2\">\n<div id=\"imTextObject_2_tab0\">\n<div id=\"rollover_373\" class=\"text-tab-content text-inner\">\n<div id=\"rollover_373_runner\">\n<p style=\"text-align: justify\">Y tambi\u00e9n empieza a funcionar el comedor escolar que, al principio, fue en una de las casas llamadas \u00abde Ja\u00e9n\u00bb, en la que hoy, aproximadamente, es la n\u00famero 4 de la calle San Isidro. En la de al lado, la n\u00famero 6, se estableci\u00f3 la clase de p\u00e1rvulos que con una resultaba ser suficiente, ya que los peque\u00f1os no asist\u00edan a clase todos, como hacen ahora, por lo mismo que se descuidaba la asistencia de los mayores, como antes se ha dicho.<\/p>\n<p style=\"text-align: justify\">Como era natural, nuestro Colegio ten\u00eda patio para el recreo. Dicho patio era bastante mayor que el que ahora tiene Primaria, pues aunque no llegaba a las escaleras de Secundaria, se quedaba m\u00e1s corto, no estaba edificado ni el Sal\u00f3n Grande, ni la vivienda y patio para el portero, ni las 8 clases que se hicieron posteriormente. El patio estaba sin cerrar aunque al poco tiempo se vall\u00f3 (parecido a como est\u00e1 ahora) por la calle M\u00edo Cid, y el resto con setos de pinos. Y \u00e9ste se nos incendi\u00f3.<\/p>\n<p style=\"text-align: justify\"><span class=\"ff2 cf3 fs24\">Lo que antes era la 2\u00aa etapa ha tenido 2 ampliaciones importantes. La primera comprendi\u00f3 todo el edificio, menos el patio del portero, donde est\u00e1 el sal\u00f3n grande; las 4 clases (13 a 16), y el bloque entero donde est\u00e1 la Direcci\u00f3n (\u00bfa\u00f1o 73?). As\u00ed se pudo atender a la entonces 2\u00aa etapa en los primeros a\u00f1os.&nbsp;<\/span><span class=\"ff3 cf3 fs24\"><br \/>\n<\/span><\/p>\n<p style=\"text-align: justify\">Hacia el a\u00f1o 1977 qued\u00f3 el colegio completo, pero las 4 aulas de educaci\u00f3n infantil estaban en un m\u00f3dulo separado en la Urbanizaci\u00f3n Blas Infante, en lo que es ahora la sede de la Polic\u00eda Local de Cabra.<\/p>\n<p style=\"text-align: justify\">El m\u00f3dulo de infantil se estableci\u00f3 durante 2 a\u00f1os (1996 al 1998) en el edificio de la antigua Escuela Hogar, donde ahora est\u00e1 ubicado el IES Dionisio Alcal\u00e1 Galiano. Pasando despu\u00e9s a ocupar aulas del edificio principal del colegio Juan Valera y del m\u00f3dulo de Blas Infante, teniendo por entonces 3 l\u00edneas el colegio.<\/p>\n<p style=\"text-align: justify\">En el curso 2010-2011 se construy\u00f3 un m\u00f3dulo nuevo con 4 aulas que estaba unido a las 6 aulas del primer m\u00f3dulo construido del colegio, para crear en total 10 aulas donde se ubic\u00f3 definitivamente la Educaci\u00f3n Infantil y, en aquellos primeros a\u00f1os, tambi\u00e9n estaba all\u00ed el primer ciclo de primaria.<\/p>\n<p style=\"text-align: justify\">En el a\u00f1o 2020 pasa definitivamente a ser m\u00f3dulo \u00fanicamente del ciclo de Infantil.<\/p>\n<p style=\"text-align: justify\">En la actualidad nuestro colegio tiene 3 edificios:<\/p>\n<ul style=\"text-align: justify\">\n<li><span style=\"text-decoration: underline\">Edificio 1:<\/span> dividido a su vez en 4 partes:\n<ul>\n<li>M\u00f3dulo de infantil, con 6 aulas en total de 3, 4 y 5 a\u00f1os, tambi\u00e9n se ubica all\u00ed el aula de psicomotricidad, la biblioteca de infantil, el aula sensorial, la sala de profesores de infantil y el despacho del orientador\/a del centro.<\/li>\n<li>La casa del conserje y el sal\u00f3n de actos.<\/li>\n<li>M\u00f3dulo del primer ciclo de primaria, con 4 aulas en total de 1\u00ba y 2\u00ba de primaria, aula de radio y croma, los 3 comedores, la cocina, la biblioteca del centro y varias aulas para usos diversos y almac\u00e9n.<\/li>\n<li>M\u00f3dulo administrativo: con la secretar\u00eda, la sala de profesores, la Jefatura de Estudios, el despacho de direcci\u00f3n, varios almacenes, la sala del AMPA y otras salas con uso variado.<\/li>\n<\/ul>\n<\/li>\n<li><span style=\"text-decoration: underline\">Edificio 2:<\/span> Edificio que incluye las aulas del segundo y tercer ciclo de primaria, la sala de profesores de arriba, el aula de pl\u00e1stica, el aula de emociones, el aula de rob\u00f3tica, el gimnasio y varias salas de distinto uso.<\/li>\n<li><span style=\"text-decoration: underline\">Edificio 3:<\/span> Aula de m\u00fasica, y sala de usos m\u00faltiples (teatro, materiales del AMPA y del centro, etc.)<\/li>\n<\/ul>\n<p style=\"text-align: justify\">Nuestro Colegio ha tenido a trav\u00e9s de la historia a los siguientes <strong>directores<\/strong> por orden cronol\u00f3gico:<\/p>\n<ul style=\"list-style-type: disc\">\n<li style=\"text-align: justify\">Do\u00f1a Pepita Carmona (para las ni\u00f1as) y Don Valent\u00edn Aguirre (para los ni\u00f1os) desde 1961 al 1963<\/li>\n<li style=\"text-align: justify\">Do\u00f1a Encarnaci\u00f3n Mart\u00ednez Mel\u00e9ndez (Ten\u00eda estudios especiales para tal cargo) desde 1963 al 1967<\/li>\n<li style=\"text-align: justify\">Al irse \u00e9sta a C\u00f3rdoba volvi\u00f3 a ser director D. Valent\u00edn Aguirre desde 1967 al 1969.<\/li>\n<li style=\"text-align: justify\">Despu\u00e9s fue directora Do\u00f1a Natividad Luque desde 1969 al 1983<\/li>\n<li style=\"text-align: justify\">La sucedi\u00f3 D. Manuel S\u00e1nchez desde 1983 al 1994.<\/li>\n<li style=\"text-align: justify\">Posteriormente ser\u00eda D. Manuel Serrano Osuna desde 1994 al 2020, siendo por tanto el que m\u00e1s a\u00f1os ha ostentado el cargo.<\/li>\n<li style=\"text-align: justify\">Actualmente la directora del centro es Do\u00f1a Eva M. \u00aa Ostos Moreno desde 2021.<\/li>\n<\/ul>\n<\/div>\n<\/div>\n<\/div>\n<\/div>\n<\/div>\n<\/div>\n<\/div>\n","protected":false},"excerpt":{"rendered":"<p>UN POCO DE HISTORIA ACERCA DE NUESTRO CENTRO: (Gui\u00f3n adaptado de la investigaci\u00f3n realizada en el a\u00f1o 1984 por los alumnos: Enrique Medina, Juan Repullo, Manuel M. Rold\u00e1n y Francisco Toro.) &nbsp; La construcci\u00f3n de nuestro colegio fue en el verano de 1960. A finales de junio de ese a\u00f1o estaban trabajando en los cimientos, &hellip; <\/p>\n<p><a class=\"more-link btn\" href=\"https:\/\/blogsaverroes.juntadeandalucia.es\/colegiojuanvalera\/nuestro-centro\/historia\/\">Seguir leyendo<\/a><\/p>\n","protected":false},"author":3037,"featured_media":0,"parent":2337,"menu_order":0,"comment_status":"closed","ping_status":"closed","template":"page-template-full.php","meta":{"ngg_post_thumbnail":0,"footnotes":"","_mc_calendar":[]},"aioseo_notices":[],"_links":{"self":[{"href":"https:\/\/blogsaverroes.juntadeandalucia.es\/colegiojuanvalera\/wp-json\/wp\/v2\/pages\/2340"}],"collection":[{"href":"https:\/\/blogsaverroes.juntadeandalucia.es\/colegiojuanvalera\/wp-json\/wp\/v2\/pages"}],"about":[{"href":"https:\/\/blogsaverroes.juntadeandalucia.es\/colegiojuanvalera\/wp-json\/wp\/v2\/types\/page"}],"author":[{"embeddable":true,"href":"https:\/\/blogsaverroes.juntadeandalucia.es\/colegiojuanvalera\/wp-json\/wp\/v2\/users\/3037"}],"replies":[{"embeddable":true,"href":"https:\/\/blogsaverroes.juntadeandalucia.es\/colegiojuanvalera\/wp-json\/wp\/v2\/comments?post=2340"}],"version-history":[{"count":15,"href":"https:\/\/blogsaverroes.juntadeandalucia.es\/colegiojuanvalera\/wp-json\/wp\/v2\/pages\/2340\/revisions"}],"predecessor-version":[{"id":8524,"href":"https:\/\/blogsaverroes.juntadeandalucia.es\/colegiojuanvalera\/wp-json\/wp\/v2\/pages\/2340\/revisions\/8524"}],"up":[{"embeddable":true,"href":"https:\/\/blogsaverroes.juntadeandalucia.es\/colegiojuanvalera\/wp-json\/wp\/v2\/pages\/2337"}],"wp:attachment":[{"href":"https:\/\/blogsaverroes.juntadeandalucia.es\/colegiojuanvalera\/wp-json\/wp\/v2\/media?parent=2340"}],"curies":[{"name":"wp","href":"https:\/\/api.w.org\/{rel}","templated":true}]}}