{"id":4602,"date":"2020-03-14T14:32:15","date_gmt":"2020-03-14T12:32:15","guid":{"rendered":"http:\/\/blogsaverroes.juntadeandalucia.es\/colegiojuanvalera\/?page_id=4602"},"modified":"2021-06-03T10:39:07","modified_gmt":"2021-06-03T08:39:07","slug":"coronavirus","status":"publish","type":"page","link":"https:\/\/blogsaverroes.juntadeandalucia.es\/colegiojuanvalera\/coronavirus\/","title":{"rendered":"Coronavirus"},"content":{"rendered":"<h2><span style=\"text-decoration: underline\"><strong><em>Infantil:<\/em><\/strong><\/span><\/h2>\n<ul>\n<li><a href=\"https:\/\/blogsaverroes.juntadeandalucia.es\/colegiojuanvalera\/3-anos\/\"><strong>3 a\u00f1os<\/strong><span class=\"cb5 ff1 cf0 fs24\"><em> (Mora L\u00f3pez, M\u00aa Luisa y <\/em><\/span><span class=\"cb5 ff1 cf0 fs24\"><em>Ib\u00e1\u00f1ez N\u00fa\u00f1ez, Ana)<\/em><\/span><\/a><\/li>\n<li><a href=\"https:\/\/blogsaverroes.juntadeandalucia.es\/colegiojuanvalera\/4-anos\/\"><strong>4 a\u00f1os<\/strong> (<em>D\u00edaz D\u00edaz, Br\u00edgida y <\/em><em>Espejo Cuberos<\/em>,&nbsp;<em>In\u00e9s)<\/em><\/a><\/li>\n<li><a href=\"https:\/\/blogsaverroes.juntadeandalucia.es\/colegiojuanvalera\/5-anos\/\"><strong>5 a\u00f1os<\/strong> <strong>A <\/strong>(<em>Coe\u00f1a del Real, M\u00aa Jes\u00fas)<\/em><\/a><\/li>\n<li><a href=\"https:\/\/blogsaverroes.juntadeandalucia.es\/colegiojuanvalera\/5-anos-b\/\"><strong>5 a\u00f1os B <\/strong>(<em>Osuna Garc\u00eda, Laura)<\/em><\/a><\/li>\n<\/ul>\n<h2><em><span style=\"text-decoration: underline\"><strong>Primaria:<\/strong><\/span><\/em><\/h2>\n<ul>\n<li><span class=\"ff1 cb4 cf0 fs24\"><strong>1\u00ba Primaria<\/strong><\/span>\n<ul>\n<li><a href=\"https:\/\/blogsaverroes.juntadeandalucia.es\/colegiojuanvalera\/1o-a\/\"><span class=\"ff1 cb4 cf0 fs24\"><strong>1\u00ba A: <\/strong><\/span><em>Espejo Rivera, Piedad.<\/em><\/a><\/li>\n<li><a href=\"https:\/\/blogsaverroes.juntadeandalucia.es\/colegiojuanvalera\/1o-b\/\"><span class=\"ff1 cb4 cf0 fs24\"><strong>1\u00ba B:<\/strong>&nbsp;<em>\u00c1lvarez C\u00e1liz, Alberto Luis.<\/em><\/span><\/a><\/li>\n<\/ul>\n<\/li>\n<\/ul>\n<ul>\n<li><span class=\"ff2 cb4 cf0 fs24\"><strong>2\u00ba Primaria<\/strong><\/span>\n<ul>\n<li><a href=\"https:\/\/blogsaverroes.juntadeandalucia.es\/colegiojuanvalera\/2o-a\/\"><span class=\"ff2 cb4 cf0 fs24\"><strong>2\u00ba A: <\/strong><em>G\u00f3mez Serrano, M\u00aa Sierra.<\/em><\/span><\/a><\/li>\n<li><a href=\"https:\/\/blogsaverroes.juntadeandalucia.es\/colegiojuanvalera\/2o-b\/\"><span class=\"ff2 cb4 cf0 fs24\"><strong>2\u00ba B:<\/strong>&nbsp;<em>Mart\u00ednez Luque, Macarena.<\/em><\/span><\/a><\/li>\n<\/ul>\n<\/li>\n<\/ul>\n<ul>\n<li><span class=\"ff2 cb4 cf0 fs24\"><strong>3\u00ba Primaria<\/strong><\/span>\n<ul>\n<li><a href=\"https:\/\/blogsaverroes.juntadeandalucia.es\/colegiojuanvalera\/3o-a\/\"><span class=\"ff2 cb4 cf0 fs24\"><strong>3\u00ba A: <\/strong><em>Arroyo Castro, David.<\/em><\/span><\/a><\/li>\n<li><a href=\"https:\/\/blogsaverroes.juntadeandalucia.es\/colegiojuanvalera\/3o-b\/\"><span class=\"ff1 cb4 cf0 fs24\"><strong>3\u00ba B:&nbsp;<\/strong><\/span><em>Corpas de los Reyes<\/em>,&nbsp;<em>M\u00aa de la Paz.<\/em><\/a><\/li>\n<\/ul>\n<\/li>\n<\/ul>\n<ul>\n<li><span class=\"ff1 cb4 cf0 fs24\"><strong>4\u00ba Primaria<\/strong><\/span>\n<ul>\n<li><a href=\"https:\/\/blogsaverroes.juntadeandalucia.es\/colegiojuanvalera\/4o-a\/\"><span class=\"ff1 cb4 cf0 fs24\"><strong>4\u00ba A: <\/strong><\/span><em>P\u00e9rez Lama, Ana M\u00aa.<\/em><\/a><\/li>\n<li><a href=\"https:\/\/blogsaverroes.juntadeandalucia.es\/colegiojuanvalera\/4o-b\/\"><span class=\"ff1 cb4 cf0 fs24\"><strong>4\u00ba B:&nbsp;<\/strong><em>Serrano C\u00f3rdoba, Francisco.<\/em><\/span><\/a><\/li>\n<\/ul>\n<\/li>\n<\/ul>\n<ul>\n<li><strong>5\u00ba Primaria<\/strong>\n<ul>\n<li><a href=\"https:\/\/blogsaverroes.juntadeandalucia.es\/colegiojuanvalera\/5o-a\/\"><strong>5\u00ba A: <\/strong><em>Varo Solano, Antonio.<\/em><\/a><\/li>\n<li><a href=\"https:\/\/blogsaverroes.juntadeandalucia.es\/colegiojuanvalera\/5o-b\/\"><strong>5\u00ba B:&nbsp;<\/strong><em>Mar\u00edn L\u00f3pez, Jos\u00e9 Manuel.<\/em><\/a><span class=\"ff1 cb4 cf0 fs24\"><br \/>\n<\/span><\/li>\n<\/ul>\n<\/li>\n<\/ul>\n<ul>\n<li><strong>6\u00ba Primaria<\/strong>\n<ul>\n<li><a href=\"https:\/\/blogsaverroes.juntadeandalucia.es\/colegiojuanvalera\/6o-a\/\"><strong>6\u00ba A:<\/strong><em>&nbsp;Ariza Campos,<\/em>&nbsp;<em>Francisco<\/em><em>&nbsp;Javier.<\/em><\/a><\/li>\n<li><a href=\"https:\/\/blogsaverroes.juntadeandalucia.es\/colegiojuanvalera\/6o-b\/\"><strong>6\u00ba B:<\/strong><strong>&nbsp;<\/strong><em>Mesa Ballesteros, Ana Mar\u00eda.<\/em><\/a><\/li>\n<\/ul>\n<\/li>\n<\/ul>\n<ul>\n<li><strong><a href=\"https:\/\/blogsaverroes.juntadeandalucia.es\/colegiojuanvalera\/frances\/\">Franc\u00e9s:<\/a><\/strong><em><a href=\"https:\/\/blogsaverroes.juntadeandalucia.es\/colegiojuanvalera\/frances\/\"> (<\/a><a href=\"https:\/\/blogsaverroes.juntadeandalucia.es\/colegiojuanvalera\/frances\/\">G\u00f3mez Serrano, M\u00aa Sierra)<\/a><\/em><\/li>\n<li><a href=\"https:\/\/blogsaverroes.juntadeandalucia.es\/elblogdeanita\/\"><strong>Ingl\u00e9s:<\/strong> <em>(Mesa Ballesteros, Ana M\u00aa)<\/em><\/a><\/li>\n<li><a href=\"https:\/\/blogsaverroes.juntadeandalucia.es\/colegiojuanvalera\/pt-pedagogia-terapeutica-y-al-audicion-y-lenguaje\/\"><strong>PT (Pedagog\u00eda terap\u00e9utica) y AL (Audici\u00f3n y Lenguaje):<\/strong> (<em>Mora Mu\u00f1oz, Susana, <\/em><em>P\u00e9rez Moral, M\u00aa Pilar <\/em><em>y Ortiz P\u00e1rraga, M\u00aa Isabel)<\/em><\/a><\/li>\n<li><strong><a href=\"https:\/\/blogsaverroes.juntadeandalucia.es\/colegiojuanvalera\/biblioteca\/\">Biblioteca<\/a><\/strong><\/li>\n<\/ul>\n","protected":false},"excerpt":{"rendered":"<p>Infantil: 3 a\u00f1os (Mora L\u00f3pez, M\u00aa Luisa y Ib\u00e1\u00f1ez N\u00fa\u00f1ez, Ana) 4 a\u00f1os (D\u00edaz D\u00edaz, Br\u00edgida y Espejo Cuberos,&nbsp;In\u00e9s) 5 a\u00f1os A (Coe\u00f1a del Real, M\u00aa Jes\u00fas) 5 a\u00f1os B (Osuna Garc\u00eda, Laura) Primaria: 1\u00ba Primaria 1\u00ba A: Espejo Rivera, Piedad. 1\u00ba B:&nbsp;\u00c1lvarez C\u00e1liz, Alberto Luis. 2\u00ba Primaria 2\u00ba A: G\u00f3mez Serrano, M\u00aa Sierra. 2\u00ba &hellip; <\/p>\n<p><a class=\"more-link btn\" href=\"https:\/\/blogsaverroes.juntadeandalucia.es\/colegiojuanvalera\/coronavirus\/\">Seguir leyendo<\/a><\/p>\n","protected":false},"author":3037,"featured_media":0,"parent":0,"menu_order":0,"comment_status":"closed","ping_status":"closed","template":"page-template-full.php","meta":{"ngg_post_thumbnail":0,"footnotes":"","_mc_calendar":[]},"aioseo_notices":[],"_links":{"self":[{"href":"https:\/\/blogsaverroes.juntadeandalucia.es\/colegiojuanvalera\/wp-json\/wp\/v2\/pages\/4602"}],"collection":[{"href":"https:\/\/blogsaverroes.juntadeandalucia.es\/colegiojuanvalera\/wp-json\/wp\/v2\/pages"}],"about":[{"href":"https:\/\/blogsaverroes.juntadeandalucia.es\/colegiojuanvalera\/wp-json\/wp\/v2\/types\/page"}],"author":[{"embeddable":true,"href":"https:\/\/blogsaverroes.juntadeandalucia.es\/colegiojuanvalera\/wp-json\/wp\/v2\/users\/3037"}],"replies":[{"embeddable":true,"href":"https:\/\/blogsaverroes.juntadeandalucia.es\/colegiojuanvalera\/wp-json\/wp\/v2\/comments?post=4602"}],"version-history":[{"count":14,"href":"https:\/\/blogsaverroes.juntadeandalucia.es\/colegiojuanvalera\/wp-json\/wp\/v2\/pages\/4602\/revisions"}],"predecessor-version":[{"id":7192,"href":"https:\/\/blogsaverroes.juntadeandalucia.es\/colegiojuanvalera\/wp-json\/wp\/v2\/pages\/4602\/revisions\/7192"}],"wp:attachment":[{"href":"https:\/\/blogsaverroes.juntadeandalucia.es\/colegiojuanvalera\/wp-json\/wp\/v2\/media?parent=4602"}],"curies":[{"name":"wp","href":"https:\/\/api.w.org\/{rel}","templated":true}]}}