{"id":5017,"date":"2020-03-31T10:32:15","date_gmt":"2020-03-31T08:32:15","guid":{"rendered":"http:\/\/blogsaverroes.juntadeandalucia.es\/colegiojuanvalera\/?page_id=5017"},"modified":"2021-06-03T10:39:06","modified_gmt":"2021-06-03T08:39:06","slug":"biblioteca","status":"publish","type":"page","link":"https:\/\/blogsaverroes.juntadeandalucia.es\/colegiojuanvalera\/biblioteca\/","title":{"rendered":"Biblioteca"},"content":{"rendered":"<h1 style=\"text-align: center\"><em><span style=\"text-decoration: underline\"><strong>\u00bfTe apetece un libro? \u00a1Qu\u00e9date con \u00e9l, en casa! (p\u00edldoras\/vacunas contra el virus del aburrimiento)<\/strong><\/span><\/em><\/h1>\n<table style=\"height: 280px;border-color: #050505;width: 836px\" border=\"#050505\" cellpadding=\"#050505\">\n<tbody>\n<tr style=\"height: 11px;border-color: #050505\">\n<td style=\"width: 273px;height: 11px;background-color: #f5d3d3;border-color: #f59d9d;text-align: center;vertical-align: bottom\">\n<h3><span style=\"text-decoration: underline;color: #ff0000\"><em><strong>ALUMNADO<\/strong><\/em><\/span><\/h3>\n<\/td>\n<td style=\"width: 276px;height: 11px;background-color: #caf7c8;border-color: #93f598;text-align: center\">\n<h3>&nbsp;<\/h3>\n<h3><span style=\"text-decoration: underline;color: #339966\"><em><strong>COMUNIDAD EDUCATIVA<\/strong><\/em><\/span><\/h3>\n<\/td>\n<td style=\"width: 275px;height: 11px;background-color: #d7ddf5;border-color: #7c7ef7;text-align: center\">\n<h3>&nbsp;<\/h3>\n<h3><span style=\"text-decoration: underline;color: #3366ff\"><em><strong>DOCENTES<\/strong><\/em><\/span><\/h3>\n<\/td>\n<\/tr>\n<tr style=\"height: 24px\">\n<td style=\"width: 273px;height: 24px;background-color: #f5d3d3;border-color: #f59d9d\">\n<hr \/>\n<\/td>\n<td style=\"width: 276px;height: 24px;background-color: #caf7c8;border-color: #93f598\">\n<hr \/>\n<\/td>\n<td style=\"width: 275px;height: 24px;background-color: #d7ddf5;border-color: #7c7ef7\">\n<hr \/>\n<\/td>\n<\/tr>\n<tr style=\"height: 24px\">\n<td style=\"width: 273px;height: 24px;background-color: #f5d3d3;border-color: #f59d9d\">28-5-20 Escuchar a los cl\u00e1sicos para ni\u00f1os\/as <a href=\"http:\/\/www.cervantesvirtual.com\/portales\/biblioteca_literatura_infantil_juvenil\/audiovisual_fonoteca\/\">(Pincha aqu\u00ed)<\/a><\/p>\n<hr \/>\n<\/td>\n<td style=\"width: 276px;height: 24px;background-color: #caf7c8;border-color: #93f598\">28-5-20 Propuesta de lecturas para el verano C. Educaci\u00f3n <a href=\"https:\/\/blogsaverroes.juntadeandalucia.es\/colegiojuanvalera\/files\/2020\/05\/Lecturas-recomendadas_29-V-2020.pdf\">(Pincha aqu\u00ed)<\/a><\/p>\n<hr \/>\n<\/td>\n<td style=\"width: 275px;height: 24px;background-color: #d7ddf5;border-color: #7c7ef7\">28-5-20 Todas las obras de Benito P\u00e9rez Galdos en EPUB <a href=\"http:\/\/www.casamuseoperezgaldos.com\/es\/obra-completa-en-epub\">(Pincha aqu\u00ed)<\/a><\/p>\n<hr \/>\n<\/td>\n<\/tr>\n<tr style=\"height: 24px\">\n<td style=\"width: 273px;height: 24px;background-color: #f5d3d3;border-color: #f59d9d\">25-5-20 Juego Interland, para combatir los comportamientos de los Hackers en internet <a href=\"https:\/\/beinternetawesome.withgoogle.com\/es_es\/\">(Pincha aqu\u00ed)<\/a><\/td>\n<td style=\"width: 276px;height: 24px;background-color: #caf7c8;border-color: #93f598\">25-5-20 Gu\u00eda para las familias sobre el juego Interland, sobre ciberacosadores <a href=\"https:\/\/beinternetawesome.withgoogle.com\/es_es\/seguridad-digital-familias\">(Pincha aqu\u00ed) <\/a><\/td>\n<td style=\"width: 275px;height: 24px;background-color: #d7ddf5;border-color: #7c7ef7\">25-5-20 Recursos para los docentes sobre el juego Interland, para evitar phishing <a href=\"https:\/\/beinternetawesome.withgoogle.com\/es_es\/recursos-para-profesores\">(Pincha aqu\u00ed)<\/a><\/td>\n<\/tr>\n<tr style=\"height: 24px\">\n<td style=\"width: 273px;height: 24px;background-color: #f5d3d3;border-color: #f59d9d\">21-5-20 No me cuentes cuentos: El rinc\u00f3n violeta de la Biblioteca, los puedes leer o escuchar <a href=\"http:\/\/www.nomecuentescuentos.com\/\">(Pincha aqu\u00ed)<\/a><\/p>\n<hr \/>\n<\/td>\n<td style=\"width: 276px;height: 24px;background-color: #caf7c8;border-color: #93f598\">22-5-20 Poes\u00eda Cantada: Video para el disfrute de nuestros o\u00eddos, <a href=\"https:\/\/www.youtube.com\/watch?v=qfhYzfkSUv8&amp;list=PLRaHh7vwDxUp3H7UTMaiIVNenIjU6iil7&amp;index=27\">(Pincha aqu\u00ed)<\/a><\/p>\n<hr \/>\n<\/td>\n<td style=\"width: 275px;height: 24px;background-color: #d7ddf5;border-color: #7c7ef7\">22-5-20 Din\u00e1micas de lecturas para 5\u00ba y 6\u00ba de primaria. Don Quijote: el ingenioso heraldo <a href=\"https:\/\/www.madrid.es\/portales\/munimadrid\/es\/Inicio\/Infancia-y-familia\/Actividades-y-eventos\/Don-Quijote-el-ingenioso-heraldo\/?vgnextfmt=default&amp;vgnextoid=814ac30262644410VgnVCM2000000c205a0aRCRD&amp;vgnextchannel=dd61b7dd3f7fe410VgnVCM1000000b205a0aRCRD&amp;rm=%2C5568d41533459310VgnVCM1000000b205a0aRCRD\">(Pincha aqu\u00ed)<\/a><\/p>\n<hr \/>\n<\/td>\n<\/tr>\n<tr style=\"height: 24px\">\n<td style=\"width: 273px;height: 24px;background-color: #f5d3d3;border-color: #f59d9d\">18-5-20 Audio cuentos en ingl\u00e9s <a href=\"https:\/\/www.storynory.com\/\">(Pincha aqu\u00ed)<\/a><\/p>\n<hr \/>\n<\/td>\n<td style=\"width: 276px;height: 24px;background-color: #caf7c8;border-color: #93f598\">12-5-20 Novela Hist\u00f3rica \u00e9pica. <a href=\"http:\/\/www.bne.es\/es\/Micrositios\/Guias\/novela_historica\/paginas_web\/nh_webs_espana\/\">(Pincha aqu\u00ed)<\/a><\/p>\n<hr \/>\n<\/td>\n<td style=\"width: 275px;height: 24px;background-color: #d7ddf5;border-color: #7c7ef7\">13-5-20 Rutas de lectura. Gu\u00eda para comunicaci\u00f3n en el aula <a href=\"http:\/\/www.rutasdelectura.com\/guia\/indice-albumes\/\">(Pincha aqu\u00ed)<\/a><\/p>\n<hr \/>\n<\/td>\n<\/tr>\n<tr style=\"height: 24px\">\n<td style=\"width: 273px;height: 24px;background-color: #f5d3d3;border-color: #f59d9d\">11-5-20 El principito para colorear <a href=\"https:\/\/www.montblanc.com\/content\/dam\/mtb\/assets\/pdf\/le-petit-prince-and-planet\/MONTBLANC_Le%20Petit%20Prince_Drawing%20Book_A4_x1a.pdf?utm_source=sfmc&amp;utm_medium=EMA&amp;utm_campaign=NL-LCR-PPCOLORINGBOOK-2020-EMA-DIR-SHOTBR-INM-SFMC-CORP-DE-DE&amp;utm_id=11963&amp;sfmc_id=5538623\">(Pincha aqu\u00ed)<\/a><\/p>\n<hr \/>\n<\/td>\n<td style=\"width: 276px;height: 24px;background-color: #caf7c8;border-color: #93f598\">11-5-20 Las rutas de Cervantes: visitas audioguiadas. <a href=\"https:\/\/cervantes.withgoogle.com\/es\/\">(Pincha aqu\u00ed)<\/a><\/p>\n<hr \/>\n<\/td>\n<td style=\"width: 275px;height: 24px;background-color: #d7ddf5;border-color: #7c7ef7\">11-5-20 Apps educativas <a href=\"https:\/\/intef.es\/recursos-educativos\/recursos-para-el-aprendizaje-en-linea\/recursos\/apps-educativas\/\">(Pincha aqu\u00ed)<\/a><\/p>\n<hr \/>\n<\/td>\n<\/tr>\n<tr style=\"height: 24px\">\n<td style=\"width: 273px;height: 24px;background-color: #f5d3d3;border-color: #f59d9d\">4-5-20 Audiocuentos de RTVE.<\/p>\n<p><a href=\"http:\/\/www.rtve.es\/m\/alacarta\/audios\/contando-cuentos-en-radio-5\/contando-cuentos-carnaval-animal-29-02-20\/5526543\/\">(Pincha aqu\u00ed)<\/a><\/p>\n<hr \/>\n<\/td>\n<td style=\"width: 276px;height: 24px;background-color: #caf7c8;border-color: #93f598\">8-5-20 Cyberscouts para jugar en familia <a href=\"https:\/\/cyberscouts.osi.es\/\">(Pincha aqu\u00ed)<\/a><\/p>\n<hr \/>\n<\/td>\n<td style=\"width: 275px;height: 24px;background-color: #d7ddf5;border-color: #7c7ef7\">6-5-20 Material para Moodle desde el repositorio de Agrega <a href=\"http:\/\/agrega.juntadeandalucia.es\/buscador2\/BuscarAvanzadoCU\/MostrarResultadosImagenesPrepararRetornoDetalleImagenes.do?idioma=es&amp;buscContenido=Observa%20la%20Tierra%20desde%20el%20espacio&amp;pagina=1&amp;formato=&amp;idODE=&amp;recurso=&amp;procesoCognitivo=&amp;contexto=&amp;edad=&amp;autor=&amp;diaPublic=&amp;mesPublic=&amp;anyoPublic=&amp;c_s_secuencia=&amp;valoracion=&amp;enlaceTaxSelec=&amp;identificadorODE=es-an_2020042311_9165032&amp;tipoVisualiz=&amp;nodoDestino=&amp;enlaceComuSelec=&amp;tipoBusqueda=02&amp;tipoLayoutBuscador=BUSCADOR&amp;idTesauro=&amp;nomTesauros=&amp;idTesauroSug=&amp;nivelAgreg=&amp;destinatarios=&amp;keyword=&amp;numeroResultados=\">(Pincha aqu\u00ed)<\/a><\/p>\n<hr \/>\n<\/td>\n<\/tr>\n<tr style=\"height: 24px\">\n<td style=\"width: 273px;height: 24px;background-color: #f5d3d3;border-color: #f59d9d\">30-4-20 Talleres para todos desde la Editorial Anaya <a href=\"https:\/\/anaya.acmbtrc.com\/envio\/ver\/984954\/4X3VrpOJPxNdrK2Jume6Yl4nCOMZjAThsZbH3Q1CyvzrDP15fvkNdXaWT17o\/cab17d67ea482ccc647b19af8a98013e\/\">(Pincha aqu\u00ed)<\/a><\/p>\n<hr \/>\n<\/td>\n<td style=\"width: 276px;height: 24px;background-color: #caf7c8;border-color: #93f598\">30-4-20 Talleres para todos desde la Editorial Anaya <a href=\"https:\/\/anaya.acmbtrc.com\/envio\/ver\/984954\/4X3VrpOJPxNdrK2Jume6Yl4nCOMZjAThsZbH3Q1CyvzrDP15fvkNdXaWT17o\/cab17d67ea482ccc647b19af8a98013e\/\">(Pincha aqu\u00ed)<\/a><\/p>\n<hr \/>\n<\/td>\n<td style=\"width: 275px;height: 24px;background-color: #d7ddf5;border-color: #7c7ef7\">30-4-20 Talleres para todos desde la Editorial Anaya <a href=\"https:\/\/anaya.acmbtrc.com\/envio\/ver\/984954\/4X3VrpOJPxNdrK2Jume6Yl4nCOMZjAThsZbH3Q1CyvzrDP15fvkNdXaWT17o\/cab17d67ea482ccc647b19af8a98013e\/\">(Pincha aqu\u00ed)<\/a><\/p>\n<hr \/>\n<\/td>\n<\/tr>\n<tr style=\"height: 24px\">\n<td style=\"width: 273px;height: 24px;background-color: #f5d3d3;border-color: #f59d9d\">29-4-20 Para leer el cuento de \u00abCaperucita de colores\u00bb <a href=\"https:\/\/issuu.com\/grupoanayasa\/docs\/bc00460101_08_caperucita_colores\">(Pincha aqu\u00ed)<\/a><\/p>\n<hr \/>\n<\/td>\n<td style=\"width: 276px;height: 24px;background-color: #caf7c8;border-color: #93f598\">29-4-20 Audiolibros en 6 idiomas diferentes&nbsp;<a href=\"https:\/\/stories.audible.com\/discovery\">(Pulsa aqu\u00ed)<\/a><\/p>\n<hr \/>\n<\/td>\n<td style=\"width: 275px;height: 24px;background-color: #d7ddf5;border-color: #7c7ef7\">29-4-20 Libros para infantil de BRU\u00d1O <a href=\"https:\/\/issuu.com\/grupoanayasa\/stacks\/6f96ef708f4c42e4af792116cf2fa164\">(Pincha aqu\u00ed)<\/a><\/p>\n<hr \/>\n<\/td>\n<\/tr>\n<tr style=\"height: 24px\">\n<td style=\"width: 273px;height: 24px;background-color: #f5d3d3;border-color: #f59d9d\">28-4-20 Manualidades para los infantiles. <a href=\"https:\/\/www.pequeocio.com\/manualidades-infantiles\/\">(Pincha aqu\u00ed)<\/a><\/p>\n<hr \/>\n<\/td>\n<td style=\"width: 276px;height: 24px;background-color: #caf7c8;border-color: #93f598\">28-4-20 Ideas para jugar en casa <a href=\"https:\/\/www.sitly.es\/blog\/juegos-para-ninos-en-casa-15-ideas\/\">(Pincha aqu\u00ed)<\/a><\/p>\n<hr \/>\n<\/td>\n<td style=\"width: 275px;height: 24px;background-color: #d7ddf5;border-color: #7c7ef7\">28-4-20 ANAYA infantil y juvenil <a href=\"https:\/\/www.anayainfantilyjuvenil.com\/noticia\/cinco-titulos-para-leer-gratis-desde-casa\/\">(Pincha aqu\u00ed)<\/a><\/p>\n<hr \/>\n<\/td>\n<\/tr>\n<tr style=\"height: 24px\">\n<td style=\"width: 273px;height: 24px;background-color: #f5d3d3;border-color: #f59d9d\">27-4-20 El Cuento \u00abCoronavirus, no es un pr\u00edncipe (ni una princesa)\u00bb <a href=\"https:\/\/www.yumpu.com\/es\/document\/view\/63156813\/coronavirus-no-es-un-principe-ni-una-princesa\">(Pincha aqu\u00ed)<\/a><\/p>\n<hr \/>\n<\/td>\n<td style=\"width: 276px;height: 24px;background-color: #caf7c8;border-color: #93f598\">27-4-20 Cuentos contados para ni\u00f1os. Ed. Kalandraka <a href=\"https:\/\/www.julianmarquina.es\/la-editorial-kalandraka-ofrece-cuentos-contados-para-acompanar-el-dia-a-dia-de-las-familias\/\">(Pincha aqu\u00ed)<\/a><\/p>\n<hr \/>\n<\/td>\n<td style=\"width: 275px;height: 24px;background-color: #d7ddf5;border-color: #7c7ef7\">27-4-20 Banco de recursos educativos <a href=\"https:\/\/www.ceapa.es\/quedateencasa-todo-lo-que-puedes-hacer-estos-dias-en-familia\/\">(Pincha aqu\u00ed)<\/a><\/p>\n<hr \/>\n<\/td>\n<\/tr>\n<tr style=\"height: 24px\">\n<td style=\"width: 273px;height: 24px;background-color: #f5d3d3;border-color: #f59d9d\"><em><span style=\"text-decoration: underline\"><strong>ESPECIAL D\u00cdA DEL LIBRO:<\/strong><\/span><\/em><\/p>\n<ul>\n<li>Aqu\u00ed os dejo un Padlet con libros clasificados por etapas (ciclos) para que elij\u00e1is vuestro libro para celebrar esta efem\u00e9ride.<a style=\"font-family: inherit;font-size: inherit\" href=\"https:\/\/padlet.com\/vevaxx77\/h4me6gom0bk8\">Picha aqu\u00ed<\/a><\/li>\n<li>Videocuentos<a href=\"https:\/\/blogsaverroes.juntadeandalucia.es\/colegiojuanvalera\/files\/2020\/04\/CUENTOS.pdf\">Pincha aqu\u00ed<\/a><\/li>\n<li>Gymkhana literaria<a href=\"https:\/\/blogsaverroes.juntadeandalucia.es\/colegiojuanvalera\/files\/2020\/04\/GYMKHANA-LITERARIA-.pdf\">Pincha aqu\u00ed<\/a><\/li>\n<\/ul>\n<hr \/>\n<\/td>\n<td style=\"width: 276px;height: 24px;background-color: #caf7c8;border-color: #93f598\"><em><span style=\"text-decoration: underline\"><strong>ESPECIAL D\u00cdA DEL LIBRO:<\/strong><\/span><\/em><\/p>\n<ul>\n<li>Aqu\u00ed os dejo un Padlet con libros clasificados por etapas (ciclos) para que elij\u00e1is vuestro libro para celebrar esta efem\u00e9ride.<a style=\"font-family: inherit;font-size: inherit\" href=\"https:\/\/padlet.com\/vevaxx77\/h4me6gom0bk8\">Picha aqu\u00ed<\/a><\/li>\n<li>Videocuentos<a href=\"https:\/\/blogsaverroes.juntadeandalucia.es\/colegiojuanvalera\/files\/2020\/04\/CUENTOS.pdf\">Pincha aqu\u00ed<\/a><\/li>\n<li>Gymkhana literaria<a href=\"https:\/\/blogsaverroes.juntadeandalucia.es\/colegiojuanvalera\/files\/2020\/04\/GYMKHANA-LITERARIA-.pdf\">Pincha aqu\u00ed<\/a><\/li>\n<\/ul>\n<hr \/>\n<\/td>\n<td style=\"width: 275px;height: 24px;background-color: #d7ddf5;border-color: #7c7ef7\"><em><span style=\"text-decoration: underline\"><strong>ESPECIAL D\u00cdA DEL LIBRO:<\/strong><\/span><\/em><\/p>\n<ul>\n<li>Aqu\u00ed os dejo un Padlet con libros clasificados por etapas (ciclos) para que elij\u00e1is vuestro libro para celebrar esta efem\u00e9ride.<a style=\"font-family: inherit;font-size: inherit\" href=\"https:\/\/padlet.com\/vevaxx77\/h4me6gom0bk8\">Picha aqu\u00ed<\/a><\/li>\n<li>Videocuentos<a href=\"https:\/\/blogsaverroes.juntadeandalucia.es\/colegiojuanvalera\/files\/2020\/04\/CUENTOS.pdf\">Pincha aqu\u00ed<\/a><\/li>\n<li>Gymkhana literaria<a href=\"https:\/\/blogsaverroes.juntadeandalucia.es\/colegiojuanvalera\/files\/2020\/04\/GYMKHANA-LITERARIA-.pdf\">Pincha aqu\u00ed<\/a><\/li>\n<\/ul>\n<hr \/>\n<\/td>\n<\/tr>\n<tr style=\"height: 24px\">\n<td style=\"width: 273px;height: 24px;background-color: #f5d3d3;border-color: #f59d9d\">21-4-20 Detallazo muy chulo de nuestra nueva mam\u00e1 (la se\u00f1o <strong>M\u00aa Carmen<\/strong>) para colorear nuestro libro infantil personalizado. <a href=\"https:\/\/hurraheroes.com\/libro-colorear-todas-estaciones\">(Pincha aqu\u00ed)<\/a><\/p>\n<hr \/>\n<\/td>\n<td style=\"width: 276px;height: 24px;background-color: #caf7c8;border-color: #93f598\">21-4-20 Otra Biblioteca virtual gratuita. <a href=\"https:\/\/onemorelibrary.com\/index.php\/es\/\">(Pincha aqu\u00ed)<\/a><\/p>\n<hr \/>\n<\/td>\n<td style=\"width: 275px;height: 24px;background-color: #d7ddf5;border-color: #7c7ef7\">21-4-20 Listado del refranero cervantino. <a href=\"https:\/\/cvc.cervantes.es\/lengua\/refranero\/listado.aspx\">(Pincha aqu\u00ed)<\/a><\/p>\n<hr \/>\n<\/td>\n<\/tr>\n<tr style=\"height: 24px\">\n<td style=\"width: 273px;height: 24px;background-color: #f5d3d3;border-color: #f59d9d\">17-4-20 Cu\u00e9ntale un cuento a tus abuelos (Concurso online). Si est\u00e1 interesado (<a href=\"https:\/\/relatos.hammamalandalus.com\/cuentos\/\">Pincha aqu\u00ed<\/a>)<\/td>\n<td style=\"width: 276px;height: 24px;background-color: #caf7c8;border-color: #93f598\">20-4-20 Literanda nos ofrece textos cl\u00e1sicos en dominio p\u00fablico con una cuidada edici\u00f3n en epub, mobi y PDF.<\/p>\n<p><a href=\"https:\/\/www.literanda.com\/\">Pincha aqu\u00ed<\/a><\/td>\n<td style=\"width: 275px;height: 24px;background-color: #d7ddf5;border-color: #7c7ef7\">20-4-20 Aqu\u00ed os dejamos 3 obras para el p\u00fablico infantil relacionadas con el confinamiento y el coronavirus.<\/p>\n<ul>\n<li><a href=\"https:\/\/interagencystandingcommittee.org\/system\/files\/2020-04\/My%20Hero%20is%20You%2C%20Storybook%20for%20Children%20on%20COVID-19%20%28Spanish%29_1.pdf\">Mi h\u00e9roe eres t\u00fa.<\/a><\/li>\n<li><a href=\"https:\/\/issuu.com\/cdecontes\/docs\/el_hada_titi.pdf\">El hada Titi.<\/a><\/li>\n<li><a href=\"https:\/\/drive.google.com\/file\/d\/1yF_BA6gyvZXSFN_cQZaXlvrYr4mPFgtr\/view\">Alicia y el coronavirus.<\/a><\/li>\n<\/ul>\n<\/td>\n<\/tr>\n<tr style=\"height: 24px\">\n<td style=\"width: 273px;height: 24px;background-color: #f5d3d3;border-color: #f59d9d\">\n<hr \/>\n<p>13-4-20 La incre\u00edble historia de Simbad el Marino (para 5\u00ba y 6\u00ba de Primaria) (<a href=\"https:\/\/www.normainfantilyjuvenil.com\/ar\/libro\/la-increible-historia-de-simbad-el-marino\">Pincha aqu\u00ed<\/a>)<\/td>\n<td style=\"width: 276px;height: 24px;background-color: #caf7c8;border-color: #93f598\">\n<hr \/>\n<p>15-4-20 Cervantes y el teatro del siglo de oro (<a href=\"https:\/\/view.genial.ly\/5e7345f017f4f60f91488c37\/vertical-infographic-list-educacion-literaria-sdo\">Pincha aqu\u00ed<\/a>)<\/td>\n<td style=\"width: 275px;height: 24px;background-color: #d7ddf5;border-color: #7c7ef7\">\n<hr \/>\n<p>15-4-20 Proyecto Crece leyendo conmigo (<a href=\"https:\/\/leer.es\/proyectos\/crece-leyendo-conmigo\">Pincha aqu\u00ed<\/a>)<\/td>\n<\/tr>\n<tr style=\"height: 24px\">\n<td style=\"width: 273px;height: 24px;background-color: #f5d3d3;border-color: #f59d9d\">\n<hr \/>\n<p>6-4-20 Crea y publica tu libro en pdf con WeebleBooks. (<a href=\"https:\/\/weeblebooks.com\/es\/home\/\">Pincha aqu\u00ed<\/a>)<\/p>\n<hr \/>\n<\/td>\n<td style=\"width: 276px;height: 24px;background-color: #caf7c8;border-color: #93f598\">\n<hr \/>\n<p>6-4-20 Crea y publica tu libro en pdf con WeebleBooks. (<a href=\"https:\/\/weeblebooks.com\/es\/home\/\">Pincha aqu\u00ed<\/a>)<\/p>\n<hr \/>\n<\/td>\n<td style=\"width: 275px;height: 24px;background-color: #d7ddf5;border-color: #7c7ef7\">\n<hr \/>\n<p>6-4-20 Crea y publica tu libro en pdf con WeebleBooks. (<a href=\"https:\/\/weeblebooks.com\/es\/home\/\">Pincha aqu\u00ed<\/a>)<\/p>\n<hr \/>\n<\/td>\n<\/tr>\n<tr style=\"height: 24px\">\n<td style=\"width: 273px;height: 24px;background-color: #f5d3d3;border-color: #f59d9d\">3-4-20 Actualidad del grupo Anaya, lecturas en abierto <a href=\"https:\/\/leeencasa.grupoanaya.es\/noticia\/82_feliz-dia-del-libro-infantil-y-juvenil\/\">(Pincha aqu\u00ed)<\/a><\/p>\n<hr \/>\n<\/td>\n<td style=\"width: 276px;height: 24px;background-color: #caf7c8;border-color: #93f598\">&nbsp;<\/td>\n<td style=\"width: 275px;height: 24px;background-color: #d7ddf5;border-color: #7c7ef7\">3-4-20 <span style=\"text-decoration: underline\"><em><strong>Viajar con las palabras<\/strong><\/em>:<\/span> Iniciativa de la RAE para todos\/as <a href=\"https:\/\/www.rae.es\/noticias\/viajar-con-las-palabras\">(Pincha aqu\u00ed)<\/a><\/p>\n<hr \/>\n<\/td>\n<\/tr>\n<tr style=\"height: 24px\">\n<td style=\"width: 273px;height: 24px;background-color: #f5d3d3;border-color: #f59d9d\">2-4-20 <strong>Cuentos<\/strong> contados (KalandrakaTV): <a href=\"http:\/\/www.kalandraka.tv\/es\/seccion2.php?id=33\">(Pincha aqu\u00ed)<\/a><\/p>\n<hr \/>\n<\/td>\n<td style=\"width: 276px;height: 24px;background-color: #caf7c8;border-color: #93f598\">2-4-20 D\u00eda internacional del libro infantil, <strong>concurso<\/strong> hambre de palabras <a href=\"https:\/\/www.oepli.org\/Dia-Internacional-Libro-Infantil\">(Pincha aqu\u00ed)<\/a><\/p>\n<hr \/>\n<\/td>\n<td style=\"width: 275px;height: 24px;background-color: #d7ddf5;border-color: #7c7ef7\">&nbsp;<\/td>\n<\/tr>\n<tr style=\"height: 24px\">\n<td style=\"width: 273px;height: 24px;background-color: #f5d3d3;border-color: #f59d9d\">1-4-20 \u00bfContamos un cuento? El Conjunto Arqueol\u00f3gico de<strong>&nbsp;Baelo Claudia<\/strong> acerca a los m\u00e1s peque\u00f1os de la casa una de las actividades con m\u00e1s \u00e9xito del conjunto: sus <strong>cuentacuentos<\/strong>. Ahora podremos verlos y escucharlos en v\u00eddeo a trav\u00e9s de su p\u00e1gina de&nbsp;<a href=\"https:\/\/www.facebook.com\/CABaeloClaudia%20\" target=\"_blank\" rel=\"noopener noreferrer\">Facebook<\/a>.<\/p>\n<hr \/>\n<\/td>\n<td style=\"width: 276px;height: 24px;background-color: #caf7c8;border-color: #93f598\">1-4-20 Entra en <strong>Europeana<\/strong> para pasear por miles de libros, archivos de arte, m\u00fasica y fotograf\u00edas. <a href=\"https:\/\/www.europeana.eu\/es\">(Pincha aqu\u00ed)<\/a><\/td>\n<td style=\"width: 275px;height: 24px;background-color: #d7ddf5;border-color: #7c7ef7\">1-4-20 Libros sin fin.&nbsp; A trav\u00e9s de <strong>Biblio Andaluc\u00eda<\/strong>&nbsp;es posible acceder a un extenso cat\u00e1logo de&nbsp;<strong>libros electr\u00f3nicos<\/strong>, audiolibros y revistas de la Red de Bibliotecas P\u00fablicas de Andaluc\u00eda. <a href=\"https:\/\/andalucia.ebiblio.es\/opac\/#indice%20\">(Pincha aqu\u00ed)<\/a><\/td>\n<\/tr>\n<tr style=\"height: 24px\">\n<td style=\"width: 273px;height: 24px;background-color: #f5d3d3;border-color: #f59d9d\">&nbsp;<\/td>\n<td style=\"width: 276px;height: 24px;background-color: #caf7c8;border-color: #93f598\">\n<hr \/>\n<p><span style=\"font-family: inherit;font-size: inherit\">31-3-20 Desde el <span style=\"text-decoration: underline\"><em><strong>Proyecto Gutenberg<\/strong><\/em><\/span> puedes descargar m\u00e1s de 20000 ebooks y audiolibros en diferentes lenguas. Si te apetece <a href=\"https:\/\/www.gutenberg.org\/browse\/languages\/es\">pincha aqu\u00ed<\/a>.<\/span><\/td>\n<td style=\"width: 275px;height: 24px;background-color: #d7ddf5;border-color: #7c7ef7\">\n<hr \/>\n<p><span style=\"font-family: inherit;font-size: inherit\">31-3-20 Desde el <span style=\"text-decoration: underline\"><em><strong>Proyecto Gutenberg<\/strong><\/em><\/span> puedes descargar m\u00e1s de 20000 ebooks y audiolibros en diferentes lenguas. Si te apetece <a href=\"https:\/\/www.gutenberg.org\/browse\/languages\/es\">pincha aqu\u00ed<\/a>.<\/span><\/td>\n<\/tr>\n<tr style=\"height: 24px\">\n<td style=\"width: 273px;height: 24px;background-color: #f5d3d3;border-color: #f59d9d\">\n<hr \/>\n<p>30-3-20 <em><span style=\"text-decoration: underline\"><strong>Librojuegos y escape room:<\/strong><\/span><\/em> gratuitos, si quieres <a href=\"https:\/\/www.elclubdante.es\/librojuegos-y-escape-room-gratuitos-las-editoriales-espanolas-liberan-contenido\/\">pincha aqu\u00ed<\/a><\/td>\n<td style=\"width: 276px;height: 24px;background-color: #caf7c8;border-color: #93f598\">\n<hr \/>\n<p>30-3-20 <em><span style=\"text-decoration: underline\"><strong>Librojuegos y escape room:<\/strong><\/span><\/em> gratuitos, si quieres <a href=\"https:\/\/www.elclubdante.es\/librojuegos-y-escape-room-gratuitos-las-editoriales-espanolas-liberan-contenido\/\">pincha aqu\u00ed<\/a><\/p>\n<p>&nbsp;<\/td>\n<td style=\"width: 275px;height: 24px;background-color: #d7ddf5;border-color: #7c7ef7\">\n<hr \/>\n<p><span style=\"font-family: inherit;font-size: inherit\">30-3-20 <\/span><span style=\"text-decoration: underline\"><i style=\"font-family: inherit;font-size: inherit\"><b>Escritores-as Docentes<\/b><\/i><\/span> (<b>Beatriz Toledo Mar\u00edn)<\/b>, y su libro de poemas <a href=\"https:\/\/educacionadistancia.juntadeandalucia.es\/profesorado\/pluginfile.php\/73681\/mod_forum\/attachment\/1017900\/CONFINAMIENTO_Beatriz%20Toledo%20Mar%C3%ADn.pdf\">CONFINAMIENTO<\/a><i>.<\/i>&nbsp; Incluyo uno de los poemas, titulado \u00abCuando vuelva\u00bb, recitado por la propia autora.<\/p>\n<p>Para escucharla (<a href=\"https:\/\/educacionadistancia.juntadeandalucia.es\/profesorado\/tokenpluginfile.php\/827d2dee11b8c5550d80e99c9ad734ac\/73681\/mod_forum\/post\/1017900\/Cuando%20vuelva_CONFINAMIENTO_Beatriz%20Toledo%20Mar%C3%ADn.mp3\">pincha aqu\u00ed<\/a>)<\/td>\n<\/tr>\n<tr style=\"height: 24px\">\n<td style=\"width: 273px;height: 24px;background-color: #f5d3d3;border-color: #f59d9d\">\n<hr \/>\n<p>30-3-20 <strong><span style=\"text-decoration: underline\"><em>Biblioteca encantada<\/em><\/span>, <\/strong>para j\u00f3venes escritores, en la Biblioteca virtual Miguel de Cervantes, si quieres <a href=\"http:\/\/www.cervantesvirtual.com\/portales\/biblioteca_encantada\/\">pincha aqu\u00ed<\/a>, tanto para leer cuentos de alumnos\/as como para subir los tuyos propios.<\/td>\n<td style=\"width: 276px;height: 24px;background-color: #caf7c8;border-color: #93f598\">\n<hr \/>\n<p>30-3-20 <em><span style=\"text-decoration: underline\"><strong>Versos de urgencia:<\/strong><\/span><\/em>&nbsp; Es un n\u00famero en rojo a lo 112. Llamas y te recitan versos de urgencia. El proyecto atiende una linea de tel\u00e9fono (<b>659 86 10 32<\/b>), desde abril del 2018, mediante voluntarios. Estos voluntarios llevan consigo el tel\u00e9fono durante una semana, y durante ese tiempo, contestan a quien llama, recitando un poema.&nbsp;<a href=\"https:\/\/www.poesiademergencia.com\/el-proyecto\/\" target=\"_blank\" rel=\"noopener noreferrer\">Instrucciones para voluntarios<\/a>.<\/td>\n<td style=\"width: 275px;height: 24px;background-color: #d7ddf5;border-color: #7c7ef7\">&nbsp;<\/td>\n<\/tr>\n<tr style=\"height: 24px\">\n<td style=\"width: 273px;height: 24px;background-color: #f5d3d3;border-color: #f59d9d\">&nbsp;<\/td>\n<td style=\"width: 276px;height: 24px;background-color: #caf7c8;border-color: #93f598\">\n<hr \/>\n<p>27-3-20&nbsp;<span style=\"text-decoration: underline\"><em><strong>Lecturas recomendadas<\/strong><\/em><\/span>&nbsp;por el Club de Lectura de la Delegaci\u00f3n Territorial de Educaci\u00f3n de C\u00f3rdoba&nbsp;<a href=\"https:\/\/blogsaverroes.juntadeandalucia.es\/colegiojuanvalera\/files\/2020\/03\/Lecturas-recomendadas_20-3-2020.pdf\">(Pincha aqu\u00ed)<\/a><\/td>\n<td style=\"width: 275px;height: 24px;background-color: #d7ddf5;border-color: #7c7ef7\">\n<hr \/>\n<p>27-3-20&nbsp;<span style=\"text-decoration: underline\"><em><strong>Lecturas recomendadas<\/strong><\/em><\/span>&nbsp;por el Club de Lectura de la Delegaci\u00f3n Territorial de Educaci\u00f3n de C\u00f3rdoba&nbsp;<a href=\"https:\/\/blogsaverroes.juntadeandalucia.es\/colegiojuanvalera\/files\/2020\/03\/Lecturas-recomendadas_20-3-2020.pdf\">(Pincha aqu\u00ed)<\/a><\/p>\n<hr \/>\n<\/td>\n<\/tr>\n<tr style=\"height: 24px\">\n<td style=\"width: 273px;height: 24px;background-color: #f5d3d3;border-color: #f59d9d\">\n<hr \/>\n<p>27-3-20 <em><span style=\"text-decoration: underline\"><strong>Un trabalenguas.<\/strong><\/span><\/em> \u00bfTe Atreves? <a href=\"https:\/\/blogsaverroes.juntadeandalucia.es\/colegiojuanvalera\/files\/2020\/03\/Trabalenguas.jpeg\">(Pincha aqu\u00ed)<\/a><\/td>\n<td style=\"width: 276px;height: 24px;background-color: #caf7c8;border-color: #93f598\">\n<hr \/>\n<p>27-3-20 Con motivo del <span style=\"text-decoration: underline\"><em><strong>d\u00eda mundial del Teatro<\/strong><\/em><\/span>, un poquito de:<\/p>\n<ul>\n<li><a href=\"https:\/\/www.cirquedusoleil.com\/cirqueconnect\">Circo del Sol: Por tiempo limitado.<\/a><\/li>\n<li><a href=\"https:\/\/yllana.com\/yllanatube\/\">Yllana: Contenido divertido en su Canal<\/a><\/li>\n<li><a href=\"https:\/\/www.metopera.org\/\">\u00d3pera: Por tiempo limitado<\/a><\/li>\n<\/ul>\n<\/td>\n<td style=\"width: 275px;height: 24px;background-color: #d7ddf5;border-color: #7c7ef7\">&nbsp;<\/td>\n<\/tr>\n<tr style=\"height: 24px\">\n<td style=\"width: 273px;height: 24px;background-color: #f5d3d3;border-color: #f59d9d\">\n<hr \/>\n<p>26-3-20 <em><strong><span style=\"text-decoration: underline\">GOLU<\/span>:<\/strong><\/em> (Grandes Obras de la Literatura Universal) <a href=\"https:\/\/www.normainfantilyjuvenil.com\/ar\/noticias\/actualidad\/descarga-de-libros-en-formato-digital-instrucciones#\">Para verlos pulsa aqu\u00ed,<\/a><\/p>\n<p>Para&nbsp;<b>descargar&nbsp;<\/b>cualquiera de ellos, hay que hacer clic en la tapa del libro seleccionado y buscar la pesta\u00f1a \u00ab<b>recursos<\/b>\u00ab. All\u00ed aparece la versi\u00f3n digital que, al cliquearla, descarga el archivo al ordenador del usuario. Todos los libros de la colecci\u00f3n llevan actividades para realizar en casa.<\/p>\n<hr \/>\n<\/td>\n<td style=\"width: 276px;height: 24px;background-color: #caf7c8;border-color: #93f598\">\n<hr \/>\n<p>26-3-20 <span style=\"text-decoration: underline\"><em><strong>Un paseo por el Prado<\/strong><\/em><\/span>: Explora la colecci\u00f3n, elige un cuadro y escribe&#8230; (<a href=\"https:\/\/www.museodelprado.es\/coleccion\/obras-de-arte?search=literatura&amp;ordenarPor=pm:relevance\">Pincha aqu\u00ed<\/a>)<\/td>\n<td style=\"width: 275px;height: 24px;background-color: #d7ddf5;border-color: #7c7ef7\">&nbsp;<\/td>\n<\/tr>\n<tr style=\"height: 24px\">\n<td style=\"width: 273px;height: 24px;background-color: #f5d3d3;border-color: #f59d9d\">25-3-20 <strong><em><span style=\"text-decoration: underline\">Buscamos a Cervantes en un tebeo<\/span>:<\/em><\/strong> Pues eso, un tebeo de Cervantes <a href=\"https:\/\/www.uma.es\/foroparalapazenelmediterraneo\/wp-content\/uploads\/2016\/04\/160410-TBO-Cervantes-web-Diputacion1.pdf\">(Pincha aqu\u00ed)<\/a><\/td>\n<td style=\"width: 276px;height: 24px;background-color: #caf7c8;border-color: #93f598\">&nbsp;<\/td>\n<td style=\"width: 275px;height: 24px;background-color: #d7ddf5;border-color: #7c7ef7\">&nbsp;<\/td>\n<\/tr>\n<tr style=\"height: 24px\">\n<td style=\"width: 273px;height: 24px;background-color: #f5d3d3;border-color: #f59d9d\">\n<hr \/>\n<p>23-3-20 <a href=\"https:\/\/blogsaverroes.juntadeandalucia.es\/colegiojuanvalera\/files\/2020\/03\/Aprendemos-en-casa.jpeg\"><img loading=\"lazy\" decoding=\"async\" class=\"aligncenter size-medium wp-image-5047\" src=\"https:\/\/blogsaverroes.juntadeandalucia.es\/colegiojuanvalera\/files\/2020\/03\/Aprendemos-en-casa-300x169.jpeg\" alt=\"\" width=\"300\" height=\"169\" srcset=\"https:\/\/blogsaverroes.juntadeandalucia.es\/colegiojuanvalera\/files\/2020\/03\/Aprendemos-en-casa-300x169.jpeg 300w, https:\/\/blogsaverroes.juntadeandalucia.es\/colegiojuanvalera\/files\/2020\/03\/Aprendemos-en-casa-768x432.jpeg 768w, https:\/\/blogsaverroes.juntadeandalucia.es\/colegiojuanvalera\/files\/2020\/03\/Aprendemos-en-casa-1024x576.jpeg 1024w, https:\/\/blogsaverroes.juntadeandalucia.es\/colegiojuanvalera\/files\/2020\/03\/Aprendemos-en-casa-24x14.jpeg 24w, https:\/\/blogsaverroes.juntadeandalucia.es\/colegiojuanvalera\/files\/2020\/03\/Aprendemos-en-casa-36x20.jpeg 36w, https:\/\/blogsaverroes.juntadeandalucia.es\/colegiojuanvalera\/files\/2020\/03\/Aprendemos-en-casa-48x27.jpeg 48w, https:\/\/blogsaverroes.juntadeandalucia.es\/colegiojuanvalera\/files\/2020\/03\/Aprendemos-en-casa.jpeg 1600w\" sizes=\"(max-width: 300px) 100vw, 300px\" \/><\/a>Horario de la programaci\u00f3n <a href=\"https:\/\/blogsaverroes.juntadeandalucia.es\/colegiojuanvalera\/files\/2020\/03\/horario.jpg.jpg\">(Pincha aqu\u00ed)&nbsp;<\/a><\/td>\n<td style=\"width: 276px;height: 24px;background-color: #caf7c8;border-color: #93f598\">\n<hr \/>\n<p>23-3-20 <a href=\"https:\/\/blogsaverroes.juntadeandalucia.es\/colegiojuanvalera\/files\/2020\/03\/Aprendemos-en-casa.jpeg\"><img loading=\"lazy\" decoding=\"async\" class=\"aligncenter size-medium wp-image-5047\" src=\"https:\/\/blogsaverroes.juntadeandalucia.es\/colegiojuanvalera\/files\/2020\/03\/Aprendemos-en-casa-300x169.jpeg\" alt=\"\" width=\"300\" height=\"169\" srcset=\"https:\/\/blogsaverroes.juntadeandalucia.es\/colegiojuanvalera\/files\/2020\/03\/Aprendemos-en-casa-300x169.jpeg 300w, https:\/\/blogsaverroes.juntadeandalucia.es\/colegiojuanvalera\/files\/2020\/03\/Aprendemos-en-casa-768x432.jpeg 768w, https:\/\/blogsaverroes.juntadeandalucia.es\/colegiojuanvalera\/files\/2020\/03\/Aprendemos-en-casa-1024x576.jpeg 1024w, https:\/\/blogsaverroes.juntadeandalucia.es\/colegiojuanvalera\/files\/2020\/03\/Aprendemos-en-casa-24x14.jpeg 24w, https:\/\/blogsaverroes.juntadeandalucia.es\/colegiojuanvalera\/files\/2020\/03\/Aprendemos-en-casa-36x20.jpeg 36w, https:\/\/blogsaverroes.juntadeandalucia.es\/colegiojuanvalera\/files\/2020\/03\/Aprendemos-en-casa-48x27.jpeg 48w, https:\/\/blogsaverroes.juntadeandalucia.es\/colegiojuanvalera\/files\/2020\/03\/Aprendemos-en-casa.jpeg 1600w\" sizes=\"(max-width: 300px) 100vw, 300px\" \/><\/a>Horario de la programaci\u00f3n <a href=\"https:\/\/blogsaverroes.juntadeandalucia.es\/colegiojuanvalera\/files\/2020\/03\/horario.jpg.jpg\">(Pincha aqu\u00ed)&nbsp;<\/a><\/td>\n<td style=\"width: 275px;height: 24px;background-color: #d7ddf5;border-color: #7c7ef7\">\n<hr \/>\n<p>23-3-20 <a href=\"https:\/\/blogsaverroes.juntadeandalucia.es\/colegiojuanvalera\/files\/2020\/03\/Aprendemos-en-casa.jpeg\"><img loading=\"lazy\" decoding=\"async\" class=\"aligncenter size-medium wp-image-5047\" src=\"https:\/\/blogsaverroes.juntadeandalucia.es\/colegiojuanvalera\/files\/2020\/03\/Aprendemos-en-casa-300x169.jpeg\" alt=\"\" width=\"300\" height=\"169\" srcset=\"https:\/\/blogsaverroes.juntadeandalucia.es\/colegiojuanvalera\/files\/2020\/03\/Aprendemos-en-casa-300x169.jpeg 300w, https:\/\/blogsaverroes.juntadeandalucia.es\/colegiojuanvalera\/files\/2020\/03\/Aprendemos-en-casa-768x432.jpeg 768w, https:\/\/blogsaverroes.juntadeandalucia.es\/colegiojuanvalera\/files\/2020\/03\/Aprendemos-en-casa-1024x576.jpeg 1024w, https:\/\/blogsaverroes.juntadeandalucia.es\/colegiojuanvalera\/files\/2020\/03\/Aprendemos-en-casa-24x14.jpeg 24w, https:\/\/blogsaverroes.juntadeandalucia.es\/colegiojuanvalera\/files\/2020\/03\/Aprendemos-en-casa-36x20.jpeg 36w, https:\/\/blogsaverroes.juntadeandalucia.es\/colegiojuanvalera\/files\/2020\/03\/Aprendemos-en-casa-48x27.jpeg 48w, https:\/\/blogsaverroes.juntadeandalucia.es\/colegiojuanvalera\/files\/2020\/03\/Aprendemos-en-casa.jpeg 1600w\" sizes=\"(max-width: 300px) 100vw, 300px\" \/><\/a>Horario de la programaci\u00f3n <a href=\"https:\/\/blogsaverroes.juntadeandalucia.es\/colegiojuanvalera\/files\/2020\/03\/horario.jpg.jpg\">(Pincha aqu\u00ed)&nbsp;<\/a><\/td>\n<\/tr>\n<tr style=\"height: 24px\">\n<td style=\"width: 273px;height: 24px;background-color: #f5d3d3;border-color: #f59d9d\">\n<hr \/>\n<p>23-3-20 <span style=\"text-decoration: underline\"><em><strong>\u00bfQue no tienes carn\u00e9 de tu biblioteca p\u00fablica?<\/strong><\/em><\/span> Pues ahora te puedes registrar online y acceder a eBiblio<\/p>\n<p>Registro online en la BP<\/p>\n<p><a href=\"https:\/\/cutt.ly\/2tnf04x\" target=\"_blank\" rel=\"noopener noreferrer\">https:\/\/cutt.ly\/2tnf04x<\/a><\/p>\n<p>Catalogo de eBiblio Andaluc\u00eda:<\/p>\n<p><a href=\"https:\/\/cutt.ly\/qtnhwFc\" target=\"_blank\" rel=\"noopener noreferrer\">https:\/\/cutt.ly\/qtnhwFc<\/a><\/p>\n<hr \/>\n<\/td>\n<td style=\"width: 276px;height: 24px;background-color: #caf7c8;border-color: #93f598\">\n<hr \/>\n<p>23-3-20 <span style=\"text-decoration: underline\"><em><strong>\u00bfQue no tienes carn\u00e9 de tu biblioteca p\u00fablica?<\/strong> <\/em><\/span>Pues ahora te puedes registrar online y acceder a eBiblio<\/p>\n<p>Registro online en la BP<\/p>\n<p><a href=\"https:\/\/cutt.ly\/2tnf04x\" target=\"_blank\" rel=\"noopener noreferrer\">https:\/\/cutt.ly\/2tnf04x<\/a><\/p>\n<p>Catalogo de eBiblio Andaluc\u00eda:<\/p>\n<p><a href=\"https:\/\/cutt.ly\/qtnhwFc\" target=\"_blank\" rel=\"noopener noreferrer\">https:\/\/cutt.ly\/qtnhwFc<\/a><\/p>\n<hr \/>\n<\/td>\n<td style=\"width: 275px;height: 24px;background-color: #d7ddf5;border-color: #7c7ef7\">\n<hr \/>\n<p>23-3-20 <span style=\"text-decoration: underline\"><em><strong>\u00bfQue no tienes carn\u00e9 de tu biblioteca p\u00fablica?<\/strong><\/em><\/span> Pues ahora te puedes registrar online y acceder a eBiblio<\/p>\n<p>Registro online en la BP<\/p>\n<p><a href=\"https:\/\/cutt.ly\/2tnf04x\" target=\"_blank\" rel=\"noopener noreferrer\">https:\/\/cutt.ly\/2tnf04x<\/a><\/p>\n<p>Catalogo de eBiblio Andaluc\u00eda:<\/p>\n<p><a href=\"https:\/\/cutt.ly\/qtnhwFc\" target=\"_blank\" rel=\"noopener noreferrer\">https:\/\/cutt.ly\/qtnhwFc<\/a><\/p>\n<hr \/>\n<\/td>\n<\/tr>\n<tr style=\"height: 24px\">\n<td style=\"width: 273px;height: 24px;background-color: #f5d3d3;border-color: #f59d9d\">22-3-20 <em><span style=\"text-decoration: underline\"><strong>Cuentop\u00eda<\/strong><\/span><\/em>: Cuentos infantiles para dormir, cuentos cortos, audiocuentos, cl\u00e1sicos, etc. <a href=\"https:\/\/cuentosparadormir.com\/mejores-cuentos-view?page=2\">(Pincha aqu\u00ed)<\/a><\/p>\n<hr \/>\n<\/td>\n<td style=\"width: 276px;height: 24px;background-color: #caf7c8;border-color: #93f598\">22-3-20 <em><span style=\"text-decoration: underline\"><strong>Cuentop\u00eda<\/strong><\/span><\/em>: Cuentos infantiles para dormir, cuentos cortos, audiocuentos, cl\u00e1sicos, etc. <a href=\"https:\/\/cuentosparadormir.com\/mejores-cuentos-view?page=2\">(Pincha aqu\u00ed)<\/a><\/p>\n<hr \/>\n<\/td>\n<td style=\"width: 275px;height: 24px;background-color: #d7ddf5;border-color: #7c7ef7\">22-3-20 <em><span style=\"text-decoration: underline\"><strong>Cuentop\u00eda<\/strong><\/span><\/em>: Cuentos infantiles para dormir, cuentos cortos, audiocuentos, cl\u00e1sicos, etc. <a href=\"https:\/\/cuentosparadormir.com\/mejores-cuentos-view?page=2\">(Pincha aqu\u00ed)<\/a><\/p>\n<hr \/>\n<\/td>\n<\/tr>\n<tr style=\"height: 1px\">\n<td style=\"width: 273px;height: 1px;background-color: #f5d3d3;border-color: #f59d9d\">&nbsp;<\/td>\n<td style=\"width: 276px;height: 1px;background-color: #caf7c8;border-color: #93f598\">&nbsp;<\/td>\n<td style=\"width: 275px;height: 1px;background-color: #d7ddf5;border-color: #7c7ef7\">18-3-20 <span style=\"text-decoration: underline\"><em><strong>Cuadernos de la editorial La Calesa<\/strong><\/em>:<\/span> Descargables para todos los cursos de primaria. <a href=\"https:\/\/www.lacalesa.es\/\">(Pincha aqu\u00ed).<\/a><\/td>\n<\/tr>\n<tr style=\"height: 24px\">\n<td style=\"width: 273px;height: 24px;background-color: #f5d3d3;border-color: #f59d9d\">\n<hr \/>\n<p>17-3-20 <span style=\"text-decoration: underline\"><em><strong>Libros para todos de Planeta<\/strong><\/em>:<\/span> Descargables gratuitamente <a href=\"https:\/\/keepreadingencasa.planetadelibros.com\/\">(Pincha aqu\u00ed)<\/a><\/td>\n<td style=\"width: 276px;height: 24px;background-color: #caf7c8;border-color: #93f598\">\n<hr \/>\n<p>17-3-20 <span style=\"text-decoration: underline\"><em><strong>Libros para todos de Planeta<\/strong><\/em>:<\/span> Descargables gratuitamente <a href=\"https:\/\/keepreadingencasa.planetadelibros.com\/\">(Pincha aqu\u00ed)<\/a><\/td>\n<td style=\"width: 275px;height: 24px;background-color: #d7ddf5;border-color: #7c7ef7\">\n<hr \/>\n<p>17-3-20 <span style=\"text-decoration: underline\"><em><strong>Libros para todos de Planeta<\/strong><\/em>:<\/span> Descargables gratuitamente <a href=\"https:\/\/keepreadingencasa.planetadelibros.com\/\">(Pincha aqu\u00ed)<\/a><\/td>\n<\/tr>\n<\/tbody>\n<\/table>\n<p>&nbsp;<\/p>\n","protected":false},"excerpt":{"rendered":"<p>\u00bfTe apetece un libro? \u00a1Qu\u00e9date con \u00e9l, en casa! (p\u00edldoras\/vacunas contra el virus del aburrimiento) ALUMNADO &nbsp; COMUNIDAD EDUCATIVA &nbsp; DOCENTES 28-5-20 Escuchar a los cl\u00e1sicos para ni\u00f1os\/as (Pincha aqu\u00ed) 28-5-20 Propuesta de lecturas para el verano C. Educaci\u00f3n (Pincha aqu\u00ed) 28-5-20 Todas las obras de Benito P\u00e9rez Galdos en EPUB (Pincha aqu\u00ed) 25-5-20 Juego &hellip; <\/p>\n<p><a class=\"more-link btn\" href=\"https:\/\/blogsaverroes.juntadeandalucia.es\/colegiojuanvalera\/biblioteca\/\">Seguir leyendo<\/a><\/p>\n","protected":false},"author":3037,"featured_media":0,"parent":0,"menu_order":0,"comment_status":"closed","ping_status":"closed","template":"page-template-full.php","meta":{"ngg_post_thumbnail":0,"footnotes":"","_mc_calendar":[]},"aioseo_notices":[],"_links":{"self":[{"href":"https:\/\/blogsaverroes.juntadeandalucia.es\/colegiojuanvalera\/wp-json\/wp\/v2\/pages\/5017"}],"collection":[{"href":"https:\/\/blogsaverroes.juntadeandalucia.es\/colegiojuanvalera\/wp-json\/wp\/v2\/pages"}],"about":[{"href":"https:\/\/blogsaverroes.juntadeandalucia.es\/colegiojuanvalera\/wp-json\/wp\/v2\/types\/page"}],"author":[{"embeddable":true,"href":"https:\/\/blogsaverroes.juntadeandalucia.es\/colegiojuanvalera\/wp-json\/wp\/v2\/users\/3037"}],"replies":[{"embeddable":true,"href":"https:\/\/blogsaverroes.juntadeandalucia.es\/colegiojuanvalera\/wp-json\/wp\/v2\/comments?post=5017"}],"version-history":[{"count":68,"href":"https:\/\/blogsaverroes.juntadeandalucia.es\/colegiojuanvalera\/wp-json\/wp\/v2\/pages\/5017\/revisions"}],"predecessor-version":[{"id":7190,"href":"https:\/\/blogsaverroes.juntadeandalucia.es\/colegiojuanvalera\/wp-json\/wp\/v2\/pages\/5017\/revisions\/7190"}],"wp:attachment":[{"href":"https:\/\/blogsaverroes.juntadeandalucia.es\/colegiojuanvalera\/wp-json\/wp\/v2\/media?parent=5017"}],"curies":[{"name":"wp","href":"https:\/\/api.w.org\/{rel}","templated":true}]}}