{"id":6790,"date":"2021-02-05T12:05:52","date_gmt":"2021-02-05T10:05:52","guid":{"rendered":"http:\/\/blogsaverroes.juntadeandalucia.es\/colegiojuanvalera\/?page_id=6790"},"modified":"2021-06-03T10:39:49","modified_gmt":"2021-06-03T08:39:49","slug":"rutas-saludables","status":"publish","type":"page","link":"https:\/\/blogsaverroes.juntadeandalucia.es\/colegiojuanvalera\/rutas-saludables\/","title":{"rendered":"Rutas saludables"},"content":{"rendered":"<h1 style=\"text-align: center\"><span style=\"text-decoration: underline\"><strong><em><img loading=\"lazy\" decoding=\"async\" class=\"alignleft\" src=\"https:\/\/blogsaverroes.juntadeandalucia.es\/colegiojuanvalera\/files\/2021\/02\/Portada-Recorridos-saludables.jpg\" alt=\"\" width=\"322\" height=\"228\" \/><\/em><\/strong><\/span><\/h1>\n<h1>&nbsp;<\/h1>\n<h1 style=\"text-align: center\"><span style=\"text-decoration: underline\"><strong><em>RUTAS SALUDABLES EN FAMILIA<\/em><\/strong><\/span><\/h1>\n<h4 style=\"text-align: center\"><span style=\"text-decoration: underline\"><strong><em>(si quieres descargar el mapa <a href=\"https:\/\/blogsaverroes.juntadeandalucia.es\/colegiojuanvalera\/files\/2021\/02\/Mapa-de-rutas-scaled.jpg\">pincha aqu\u00ed<\/a>)<\/em><\/strong><\/span><\/h4>\n<h3>&nbsp;<\/h3>\n<h3 style=\"text-align: center\"><span style=\"text-decoration: underline\"><em><strong>ANTES DE EMPEZAR:<\/strong><\/em><\/span><\/h3>\n<p style=\"text-align: center\"><em><strong>Lee nuestro: <a href=\"https:\/\/blogsaverroes.juntadeandalucia.es\/colegiojuanvalera\/files\/2021\/04\/Deca\u0301logo-del-buen-senderista-para-nuestras.pdf\">Deca\u0301logo del buen senderista para nuestras \u00abRutas saludables en familia\u00bb.<\/a><\/strong><\/em><\/p>\n<p style=\"text-align: center\"><strong><em>Escoge tu nivel de dificultad:<\/em><\/strong><\/p>\n<h4 style=\"text-align: center\">Nivel inicial:&nbsp; <a href=\"https:\/\/blogsaverroes.juntadeandalucia.es\/colegiojuanvalera\/files\/2021\/03\/Captura-de-pantalla-2021-03-11-a-las-22.39.57.png\"><img loading=\"lazy\" decoding=\"async\" class=\"size-full wp-image-6850 alignnone\" src=\"https:\/\/blogsaverroes.juntadeandalucia.es\/colegiojuanvalera\/files\/2021\/03\/Captura-de-pantalla-2021-03-11-a-las-22.39.57.png\" alt=\"\" width=\"40\" height=\"41\" \/><\/a>&nbsp; Nivel intermedio:&nbsp;<a href=\"https:\/\/blogsaverroes.juntadeandalucia.es\/colegiojuanvalera\/files\/2021\/03\/Captura-de-pantalla-2021-03-11-a-las-22.40.04.png\"><img loading=\"lazy\" decoding=\"async\" class=\"size-full wp-image-6851 alignnone\" src=\"https:\/\/blogsaverroes.juntadeandalucia.es\/colegiojuanvalera\/files\/2021\/03\/Captura-de-pantalla-2021-03-11-a-las-22.40.04.png\" alt=\"\" width=\"41\" height=\"41\" \/><\/a>&nbsp; &nbsp;Nivel avanzado: <a href=\"https:\/\/blogsaverroes.juntadeandalucia.es\/colegiojuanvalera\/files\/2021\/03\/Captura-de-pantalla-2021-03-11-a-las-22.40.11.png\"><img loading=\"lazy\" decoding=\"async\" class=\"size-full wp-image-6852 alignnone\" src=\"https:\/\/blogsaverroes.juntadeandalucia.es\/colegiojuanvalera\/files\/2021\/03\/Captura-de-pantalla-2021-03-11-a-las-22.40.11.png\" alt=\"\" width=\"40\" height=\"42\" \/><\/a><\/h4>\n<p>&nbsp;<\/p>\n<h3 style=\"text-align: center\"><span style=\"text-decoration: underline\"><strong><em>Video de presentaci\u00f3n del Proyecto:<\/em><\/strong><\/span><\/h3>\n<p style=\"text-align: center\">(Agradecimientos a D. <strong>Pablo Luque Valle<\/strong> por la realizaci\u00f3n del mismo)<\/p>\n<p style=\"text-align: center\"><iframe loading=\"lazy\" src=\"\/\/www.youtube.com\/embed\/7I-CpbKyipw?fs=1\" width=\"560\" height=\"314\"><\/iframe><\/p>\n<p style=\"text-align: center\">&nbsp;<\/p>\n<ul>\n<li>\n<h2 style=\"text-align: left\"><strong><em><span style=\"text-decoration: underline\">Ruta n\u00ba 0: (circular<\/span><\/em><\/strong><strong><em><span style=\"text-decoration: underline\">)<\/span> <span style=\"text-decoration: underline\"><a href=\"https:\/\/blogsaverroes.juntadeandalucia.es\/colegiojuanvalera\/files\/2021\/03\/Captura-de-pantalla-2021-03-11-a-las-22.39.57.png\"><img loading=\"lazy\" decoding=\"async\" class=\" wp-image-6850 alignnone\" src=\"https:\/\/blogsaverroes.juntadeandalucia.es\/colegiojuanvalera\/files\/2021\/03\/Captura-de-pantalla-2021-03-11-a-las-22.39.57.png\" alt=\"\" width=\"22\" height=\"23\" \/><\/a><\/span> <\/em><\/strong><\/h2>\n<\/li>\n<\/ul>\n<p><a href=\"https:\/\/blogsaverroes.juntadeandalucia.es\/colegiojuanvalera\/files\/2021\/04\/MIDE-completo-ruta-0-Vereda-del-chorrillo_001-1.jpg\"><img loading=\"lazy\" decoding=\"async\" class=\"aligncenter wp-image-6956\" src=\"https:\/\/blogsaverroes.juntadeandalucia.es\/colegiojuanvalera\/files\/2021\/04\/MIDE-completo-ruta-0-Vereda-del-chorrillo_001-1-300x147.jpg\" alt=\"\" width=\"347\" height=\"170\" srcset=\"https:\/\/blogsaverroes.juntadeandalucia.es\/colegiojuanvalera\/files\/2021\/04\/MIDE-completo-ruta-0-Vereda-del-chorrillo_001-1-300x147.jpg 300w, https:\/\/blogsaverroes.juntadeandalucia.es\/colegiojuanvalera\/files\/2021\/04\/MIDE-completo-ruta-0-Vereda-del-chorrillo_001-1-1024x501.jpg 1024w, https:\/\/blogsaverroes.juntadeandalucia.es\/colegiojuanvalera\/files\/2021\/04\/MIDE-completo-ruta-0-Vereda-del-chorrillo_001-1-768x376.jpg 768w, https:\/\/blogsaverroes.juntadeandalucia.es\/colegiojuanvalera\/files\/2021\/04\/MIDE-completo-ruta-0-Vereda-del-chorrillo_001-1.jpg 1120w\" sizes=\"(max-width: 347px) 100vw, 347px\" \/><\/a><\/p>\n<table style=\"width: 100.209%;border-collapse: collapse;background-color: #f5e4d3;height: 175px\">\n<tbody>\n<tr>\n<td style=\"width: 100%;border-style: solid;border-color: #000000;background-color: #efe4f2\">\n<h4>Adem\u00e1s de ver toda la informaci\u00f3n de la ruta y las fotos del recorrido puedes cargarla en tu GPS, m\u00f3vil&nbsp; o smartwatch mediante el siguiente enlace&nbsp; <a href=\"https:\/\/blogsaverroes.juntadeandalucia.es\/colegiojuanvalera\/files\/2020\/09\/4a9afb75d899ac93-gif-animados-de-flechas-en-movimiento-imagui.gif\"><img loading=\"lazy\" decoding=\"async\" class=\"wp-image-6563 alignnone\" src=\"https:\/\/blogsaverroes.juntadeandalucia.es\/colegiojuanvalera\/files\/2020\/09\/4a9afb75d899ac93-gif-animados-de-flechas-en-movimiento-imagui-300x84.gif\" alt=\"\" width=\"129\" height=\"36\" srcset=\"https:\/\/blogsaverroes.juntadeandalucia.es\/colegiojuanvalera\/files\/2020\/09\/4a9afb75d899ac93-gif-animados-de-flechas-en-movimiento-imagui-300x84.gif 300w, https:\/\/blogsaverroes.juntadeandalucia.es\/colegiojuanvalera\/files\/2020\/09\/4a9afb75d899ac93-gif-animados-de-flechas-en-movimiento-imagui-768x215.gif 768w, https:\/\/blogsaverroes.juntadeandalucia.es\/colegiojuanvalera\/files\/2020\/09\/4a9afb75d899ac93-gif-animados-de-flechas-en-movimiento-imagui-24x7.gif 24w, https:\/\/blogsaverroes.juntadeandalucia.es\/colegiojuanvalera\/files\/2020\/09\/4a9afb75d899ac93-gif-animados-de-flechas-en-movimiento-imagui-36x10.gif 36w, https:\/\/blogsaverroes.juntadeandalucia.es\/colegiojuanvalera\/files\/2020\/09\/4a9afb75d899ac93-gif-animados-de-flechas-en-movimiento-imagui-48x13.gif 48w\" sizes=\"(max-width: 129px) 100vw, 129px\" \/><\/a><a style=\"font-size: 16px\" href=\"https:\/\/es.wikiloc.com\/rutas-senderismo\/circular-arroyo-la-rata-fuente-del-chorrillo-via-verde-67540582\"><img loading=\"lazy\" decoding=\"async\" class=\"alignnone wp-image-6796\" src=\"https:\/\/blogsaverroes.juntadeandalucia.es\/colegiojuanvalera\/files\/2021\/02\/wikiloc-300x300.png\" alt=\"\" width=\"50\" height=\"50\" srcset=\"https:\/\/blogsaverroes.juntadeandalucia.es\/colegiojuanvalera\/files\/2021\/02\/wikiloc-300x300.png 300w, https:\/\/blogsaverroes.juntadeandalucia.es\/colegiojuanvalera\/files\/2021\/02\/wikiloc-150x150.png 150w, https:\/\/blogsaverroes.juntadeandalucia.es\/colegiojuanvalera\/files\/2021\/02\/wikiloc.png 512w\" sizes=\"(max-width: 50px) 100vw, 50px\" \/><\/a> Si quieres, comparte tu experiencia con nosotros en Facebook &nbsp;<a href=\"https:\/\/blogsaverroes.juntadeandalucia.es\/colegiojuanvalera\/files\/2020\/09\/4a9afb75d899ac93-gif-animados-de-flechas-en-movimiento-imagui.gif\"><img loading=\"lazy\" decoding=\"async\" class=\"wp-image-6563 alignnone\" src=\"https:\/\/blogsaverroes.juntadeandalucia.es\/colegiojuanvalera\/files\/2020\/09\/4a9afb75d899ac93-gif-animados-de-flechas-en-movimiento-imagui-300x84.gif\" alt=\"\" width=\"129\" height=\"36\" srcset=\"https:\/\/blogsaverroes.juntadeandalucia.es\/colegiojuanvalera\/files\/2020\/09\/4a9afb75d899ac93-gif-animados-de-flechas-en-movimiento-imagui-300x84.gif 300w, https:\/\/blogsaverroes.juntadeandalucia.es\/colegiojuanvalera\/files\/2020\/09\/4a9afb75d899ac93-gif-animados-de-flechas-en-movimiento-imagui-768x215.gif 768w, https:\/\/blogsaverroes.juntadeandalucia.es\/colegiojuanvalera\/files\/2020\/09\/4a9afb75d899ac93-gif-animados-de-flechas-en-movimiento-imagui-24x7.gif 24w, https:\/\/blogsaverroes.juntadeandalucia.es\/colegiojuanvalera\/files\/2020\/09\/4a9afb75d899ac93-gif-animados-de-flechas-en-movimiento-imagui-36x10.gif 36w, https:\/\/blogsaverroes.juntadeandalucia.es\/colegiojuanvalera\/files\/2020\/09\/4a9afb75d899ac93-gif-animados-de-flechas-en-movimiento-imagui-48x13.gif 48w\" sizes=\"(max-width: 129px) 100vw, 129px\" \/><\/a><a href=\"https:\/\/www.facebook.com\/ceip.juanvalera.5\"><img loading=\"lazy\" decoding=\"async\" class=\"alignnone wp-image-6819\" src=\"https:\/\/blogsaverroes.juntadeandalucia.es\/colegiojuanvalera\/files\/2021\/02\/Facebook-share-icon-300x300.png\" alt=\"\" width=\"52\" height=\"52\" srcset=\"https:\/\/blogsaverroes.juntadeandalucia.es\/colegiojuanvalera\/files\/2021\/02\/Facebook-share-icon-300x300.png 300w, https:\/\/blogsaverroes.juntadeandalucia.es\/colegiojuanvalera\/files\/2021\/02\/Facebook-share-icon-150x150.png 150w, https:\/\/blogsaverroes.juntadeandalucia.es\/colegiojuanvalera\/files\/2021\/02\/Facebook-share-icon-768x768.png 768w, https:\/\/blogsaverroes.juntadeandalucia.es\/colegiojuanvalera\/files\/2021\/02\/Facebook-share-icon.png 801w\" sizes=\"(max-width: 52px) 100vw, 52px\" \/><\/a><\/h4>\n<\/td>\n<\/tr>\n<\/tbody>\n<\/table>\n<ul>\n<li style=\"list-style-type: none\">\n<ul>\n<li style=\"list-style-type: none\">\n<ul>\n<li>Ruta de iniciaci\u00f3n para realizar con los m\u00e1s peque\u00f1os.<\/li>\n<li>1\u00aa parte:\n<ul>\n<li>Comenzaremos junto al Escuela de Capacitaci\u00f3n Agraria por una v\u00eda pecuaria (Colada del Camino de Baena (n\u00ba 10))<\/li>\n<li>Ascenderemos un km. y otro m\u00e1s de bajada hasta la primera intersecci\u00f3n a la izquierda (Cordel de la fuente del Chorrillo (n\u00ba 9 del mapa))<\/li>\n<li>Tras kil\u00f3metro y medio nos llevar\u00e1 al camino vecinal de Cabra a Nueva Carteya.&nbsp;<\/li>\n<li>Fin de la 1\u00aa parte (volviendo hasta Cabra)<\/li>\n<\/ul>\n<\/li>\n<li>2\u00ba parte:\n<ul>\n<li>Si decidimos continuar, giraremos hacia la derecha unos 200 metros, hasta dejar a la izquierda un peque\u00f1o chorrillo (fuente del Chorrillo).<\/li>\n<li>Continuaremos por este camino hasta una intersecci\u00f3n (cerca del Pozo de la Encenilla) donde convertiremos este recorrido en circular llegando hasta la Escuela de Capacitaci\u00f3n Agraria.<\/li>\n<\/ul>\n<\/li>\n<\/ul>\n<\/li>\n<\/ul>\n<\/li>\n<\/ul>\n<p>&nbsp;<\/p>\n<ul>\n<li>\n<h2><strong><em><span style=\"text-decoration: underline\">Ruta n\u00ba 1: (circular<\/span><\/em><\/strong><strong><em><span style=\"text-decoration: underline\">)<\/span> <\/em><\/strong><strong><em><span style=\"text-decoration: underline\"><a href=\"https:\/\/blogsaverroes.juntadeandalucia.es\/colegiojuanvalera\/files\/2021\/03\/Captura-de-pantalla-2021-03-11-a-las-22.40.04.png\"><img loading=\"lazy\" decoding=\"async\" class=\" wp-image-6851 alignnone\" src=\"https:\/\/blogsaverroes.juntadeandalucia.es\/colegiojuanvalera\/files\/2021\/03\/Captura-de-pantalla-2021-03-11-a-las-22.40.04.png\" alt=\"\" width=\"22\" height=\"22\" \/><\/a><\/span><\/em><\/strong><\/h2>\n<\/li>\n<\/ul>\n<p><a href=\"https:\/\/blogsaverroes.juntadeandalucia.es\/colegiojuanvalera\/files\/2021\/04\/MIDE-completo-ruta-1-Camino-San-Marcos-Vereda-Jarcas-Tesoro-Vereda-del-Lagar_001.jpg\"><img loading=\"lazy\" decoding=\"async\" class=\"aligncenter wp-image-6958\" src=\"https:\/\/blogsaverroes.juntadeandalucia.es\/colegiojuanvalera\/files\/2021\/04\/MIDE-completo-ruta-1-Camino-San-Marcos-Vereda-Jarcas-Tesoro-Vereda-del-Lagar_001-300x157.jpg\" alt=\"\" width=\"325\" height=\"170\" srcset=\"https:\/\/blogsaverroes.juntadeandalucia.es\/colegiojuanvalera\/files\/2021\/04\/MIDE-completo-ruta-1-Camino-San-Marcos-Vereda-Jarcas-Tesoro-Vereda-del-Lagar_001-300x157.jpg 300w, https:\/\/blogsaverroes.juntadeandalucia.es\/colegiojuanvalera\/files\/2021\/04\/MIDE-completo-ruta-1-Camino-San-Marcos-Vereda-Jarcas-Tesoro-Vereda-del-Lagar_001-1024x535.jpg 1024w, https:\/\/blogsaverroes.juntadeandalucia.es\/colegiojuanvalera\/files\/2021\/04\/MIDE-completo-ruta-1-Camino-San-Marcos-Vereda-Jarcas-Tesoro-Vereda-del-Lagar_001-768x401.jpg 768w, https:\/\/blogsaverroes.juntadeandalucia.es\/colegiojuanvalera\/files\/2021\/04\/MIDE-completo-ruta-1-Camino-San-Marcos-Vereda-Jarcas-Tesoro-Vereda-del-Lagar_001.jpg 1125w\" sizes=\"(max-width: 325px) 100vw, 325px\" \/><\/a><\/p>\n<table style=\"border-collapse: collapse;width: 100%\">\n<tbody>\n<tr>\n<td style=\"width: 100%;border-style: solid;border-color: #000000;background-color: #efe4f2\">\n<h4>Adem\u00e1s de ver toda la informaci\u00f3n de la ruta y las fotos del recorrido puedes cargarla en tu GPS, m\u00f3vil&nbsp; o smartwatch mediante los siguientes enlaces&nbsp; &nbsp;<a href=\"https:\/\/blogsaverroes.juntadeandalucia.es\/colegiojuanvalera\/files\/2020\/09\/4a9afb75d899ac93-gif-animados-de-flechas-en-movimiento-imagui.gif\"><img loading=\"lazy\" decoding=\"async\" class=\"wp-image-6563 alignnone\" src=\"https:\/\/blogsaverroes.juntadeandalucia.es\/colegiojuanvalera\/files\/2020\/09\/4a9afb75d899ac93-gif-animados-de-flechas-en-movimiento-imagui-300x84.gif\" alt=\"\" width=\"129\" height=\"36\" srcset=\"https:\/\/blogsaverroes.juntadeandalucia.es\/colegiojuanvalera\/files\/2020\/09\/4a9afb75d899ac93-gif-animados-de-flechas-en-movimiento-imagui-300x84.gif 300w, https:\/\/blogsaverroes.juntadeandalucia.es\/colegiojuanvalera\/files\/2020\/09\/4a9afb75d899ac93-gif-animados-de-flechas-en-movimiento-imagui-768x215.gif 768w, https:\/\/blogsaverroes.juntadeandalucia.es\/colegiojuanvalera\/files\/2020\/09\/4a9afb75d899ac93-gif-animados-de-flechas-en-movimiento-imagui-24x7.gif 24w, https:\/\/blogsaverroes.juntadeandalucia.es\/colegiojuanvalera\/files\/2020\/09\/4a9afb75d899ac93-gif-animados-de-flechas-en-movimiento-imagui-36x10.gif 36w, https:\/\/blogsaverroes.juntadeandalucia.es\/colegiojuanvalera\/files\/2020\/09\/4a9afb75d899ac93-gif-animados-de-flechas-en-movimiento-imagui-48x13.gif 48w\" sizes=\"(max-width: 129px) 100vw, 129px\" \/><\/a><span style=\"text-decoration: underline\"><a style=\"font-size: 16px\" href=\"https:\/\/www.strava.com\/activities\/4690825758\"><img loading=\"lazy\" decoding=\"async\" class=\"alignnone wp-image-6795\" src=\"https:\/\/blogsaverroes.juntadeandalucia.es\/colegiojuanvalera\/files\/2021\/02\/strava-300x300.png\" alt=\"\" width=\"50\" height=\"49\" srcset=\"https:\/\/blogsaverroes.juntadeandalucia.es\/colegiojuanvalera\/files\/2021\/02\/strava-300x300.png 300w, https:\/\/blogsaverroes.juntadeandalucia.es\/colegiojuanvalera\/files\/2021\/02\/strava-150x150.png 150w, https:\/\/blogsaverroes.juntadeandalucia.es\/colegiojuanvalera\/files\/2021\/02\/strava.png 512w\" sizes=\"(max-width: 50px) 100vw, 50px\" \/><\/a><\/span><a style=\"font-size: 16px\" href=\"https:\/\/es.wikiloc.com\/rutas-senderismo\/cabra-65309785\"><img loading=\"lazy\" decoding=\"async\" class=\"alignnone wp-image-6796\" src=\"https:\/\/blogsaverroes.juntadeandalucia.es\/colegiojuanvalera\/files\/2021\/02\/wikiloc-300x300.png\" alt=\"\" width=\"50\" height=\"50\" srcset=\"https:\/\/blogsaverroes.juntadeandalucia.es\/colegiojuanvalera\/files\/2021\/02\/wikiloc-300x300.png 300w, https:\/\/blogsaverroes.juntadeandalucia.es\/colegiojuanvalera\/files\/2021\/02\/wikiloc-150x150.png 150w, https:\/\/blogsaverroes.juntadeandalucia.es\/colegiojuanvalera\/files\/2021\/02\/wikiloc.png 512w\" sizes=\"(max-width: 50px) 100vw, 50px\" \/><\/a> Si quieres, comparte tu experiencia con nosotros en Facebook &nbsp;<a href=\"https:\/\/blogsaverroes.juntadeandalucia.es\/colegiojuanvalera\/files\/2020\/09\/4a9afb75d899ac93-gif-animados-de-flechas-en-movimiento-imagui.gif\"><img loading=\"lazy\" decoding=\"async\" class=\"wp-image-6563 alignnone\" src=\"https:\/\/blogsaverroes.juntadeandalucia.es\/colegiojuanvalera\/files\/2020\/09\/4a9afb75d899ac93-gif-animados-de-flechas-en-movimiento-imagui-300x84.gif\" alt=\"\" width=\"129\" height=\"36\" srcset=\"https:\/\/blogsaverroes.juntadeandalucia.es\/colegiojuanvalera\/files\/2020\/09\/4a9afb75d899ac93-gif-animados-de-flechas-en-movimiento-imagui-300x84.gif 300w, https:\/\/blogsaverroes.juntadeandalucia.es\/colegiojuanvalera\/files\/2020\/09\/4a9afb75d899ac93-gif-animados-de-flechas-en-movimiento-imagui-768x215.gif 768w, https:\/\/blogsaverroes.juntadeandalucia.es\/colegiojuanvalera\/files\/2020\/09\/4a9afb75d899ac93-gif-animados-de-flechas-en-movimiento-imagui-24x7.gif 24w, https:\/\/blogsaverroes.juntadeandalucia.es\/colegiojuanvalera\/files\/2020\/09\/4a9afb75d899ac93-gif-animados-de-flechas-en-movimiento-imagui-36x10.gif 36w, https:\/\/blogsaverroes.juntadeandalucia.es\/colegiojuanvalera\/files\/2020\/09\/4a9afb75d899ac93-gif-animados-de-flechas-en-movimiento-imagui-48x13.gif 48w\" sizes=\"(max-width: 129px) 100vw, 129px\" \/><\/a><a href=\"https:\/\/www.facebook.com\/ceip.juanvalera.5\"><img loading=\"lazy\" decoding=\"async\" class=\"alignnone wp-image-6819\" src=\"https:\/\/blogsaverroes.juntadeandalucia.es\/colegiojuanvalera\/files\/2021\/02\/Facebook-share-icon-300x300.png\" alt=\"\" width=\"52\" height=\"52\" srcset=\"https:\/\/blogsaverroes.juntadeandalucia.es\/colegiojuanvalera\/files\/2021\/02\/Facebook-share-icon-300x300.png 300w, https:\/\/blogsaverroes.juntadeandalucia.es\/colegiojuanvalera\/files\/2021\/02\/Facebook-share-icon-150x150.png 150w, https:\/\/blogsaverroes.juntadeandalucia.es\/colegiojuanvalera\/files\/2021\/02\/Facebook-share-icon-768x768.png 768w, https:\/\/blogsaverroes.juntadeandalucia.es\/colegiojuanvalera\/files\/2021\/02\/Facebook-share-icon.png 801w\" sizes=\"(max-width: 52px) 100vw, 52px\" \/><\/a><\/h4>\n<\/td>\n<\/tr>\n<\/tbody>\n<\/table>\n<ul>\n<li style=\"list-style-type: none\">\n<ul>\n<li style=\"list-style-type: none\">\n<ul>\n<li>Comenzamos nuestra ruta desde la antigua estaci\u00f3n de tren situada en C\/ Sta. Teresa de Jornet s\/n (V\u00eda verde). Utilizaremos parte de este recorrido hasta unirnos al camino vecinal de Priego (Camino de San Marcos, hacia la venta \u00abLos Pelaos\u00bb), n\u00ba 40 en nuestro mapa.<\/li>\n<li>Podemos hacer una parada en la venta y disfrutar de un rico caf\u00e9.<\/li>\n<li>Continuaremos frente a \u00ablos Pelaos\u00bb por la vereda de Jarcas (n\u00ba 18), pasando la fuente de dicho nombre hasta llegar a la carretera comarcal CO-7212. Una vez llegados a esta intersecci\u00f3n nos dirigimos hacia Cabra; tras unos 800 metros por esta carretera comarcal nos encontraremos a la derecha con el camino Cabra a Gaena, conocido como \u00abel camino del tesoro o tesorillo\u00bb (n\u00ba 38) concluyendo en la carretera auton\u00f3mica A-339.<\/li>\n<li>Cruzamos cuidadosamente esta carretera para continuar con la vereda del lagar, conocido amigablemente como la cuesta de Briones (n\u00ba 17), concluyendo nuestra ruta en la v\u00eda verde (antigua v\u00eda del tren).<\/li>\n<\/ul>\n<\/li>\n<\/ul>\n<\/li>\n<\/ul>\n<p>&nbsp;<\/p>\n<ul>\n<li>\n<h2><strong><em><span style=\"text-decoration: underline\">Ruta n\u00ba 2: (circular)<\/span> <\/em><\/strong><strong><em><span style=\"text-decoration: underline\"><a href=\"https:\/\/blogsaverroes.juntadeandalucia.es\/colegiojuanvalera\/files\/2021\/03\/Captura-de-pantalla-2021-03-11-a-las-22.40.04.png\"><img loading=\"lazy\" decoding=\"async\" class=\" wp-image-6851 alignnone\" src=\"https:\/\/blogsaverroes.juntadeandalucia.es\/colegiojuanvalera\/files\/2021\/03\/Captura-de-pantalla-2021-03-11-a-las-22.40.04.png\" alt=\"\" width=\"22\" height=\"22\" \/><\/a><\/span><\/em><\/strong><\/h2>\n<\/li>\n<\/ul>\n<p><a href=\"https:\/\/blogsaverroes.juntadeandalucia.es\/colegiojuanvalera\/files\/2021\/04\/MIDE-completo-ruta-2-Llanos-de-Enrique-Vereda-de-la-Covatilla-Fuente-del-Chorrillo-Cruz-de-Aben-Abad_001.jpg\"><img loading=\"lazy\" decoding=\"async\" class=\"aligncenter wp-image-6959\" src=\"https:\/\/blogsaverroes.juntadeandalucia.es\/colegiojuanvalera\/files\/2021\/04\/MIDE-completo-ruta-2-Llanos-de-Enrique-Vereda-de-la-Covatilla-Fuente-del-Chorrillo-Cruz-de-Aben-Abad_001-300x158.jpg\" alt=\"\" width=\"322\" height=\"170\" srcset=\"https:\/\/blogsaverroes.juntadeandalucia.es\/colegiojuanvalera\/files\/2021\/04\/MIDE-completo-ruta-2-Llanos-de-Enrique-Vereda-de-la-Covatilla-Fuente-del-Chorrillo-Cruz-de-Aben-Abad_001-300x158.jpg 300w, https:\/\/blogsaverroes.juntadeandalucia.es\/colegiojuanvalera\/files\/2021\/04\/MIDE-completo-ruta-2-Llanos-de-Enrique-Vereda-de-la-Covatilla-Fuente-del-Chorrillo-Cruz-de-Aben-Abad_001-1024x541.jpg 1024w, https:\/\/blogsaverroes.juntadeandalucia.es\/colegiojuanvalera\/files\/2021\/04\/MIDE-completo-ruta-2-Llanos-de-Enrique-Vereda-de-la-Covatilla-Fuente-del-Chorrillo-Cruz-de-Aben-Abad_001-768x406.jpg 768w, https:\/\/blogsaverroes.juntadeandalucia.es\/colegiojuanvalera\/files\/2021\/04\/MIDE-completo-ruta-2-Llanos-de-Enrique-Vereda-de-la-Covatilla-Fuente-del-Chorrillo-Cruz-de-Aben-Abad_001.jpg 1121w\" sizes=\"(max-width: 322px) 100vw, 322px\" \/><\/a><\/p>\n<table style=\"border-collapse: collapse;width: 100%\">\n<tbody>\n<tr>\n<td style=\"width: 100%;border-style: solid;border-color: #000000;background-color: #efe4f2\">\n<h4>Adem\u00e1s de ver toda la informaci\u00f3n de la ruta y las fotos del recorrido puedes cargarla en tu GPS, m\u00f3vil&nbsp; o smartwatch mediante el siguiente enlace&nbsp; &nbsp;<a href=\"https:\/\/blogsaverroes.juntadeandalucia.es\/colegiojuanvalera\/files\/2020\/09\/4a9afb75d899ac93-gif-animados-de-flechas-en-movimiento-imagui.gif\"><img loading=\"lazy\" decoding=\"async\" class=\"wp-image-6563 alignnone\" src=\"https:\/\/blogsaverroes.juntadeandalucia.es\/colegiojuanvalera\/files\/2020\/09\/4a9afb75d899ac93-gif-animados-de-flechas-en-movimiento-imagui-300x84.gif\" alt=\"\" width=\"129\" height=\"36\" srcset=\"https:\/\/blogsaverroes.juntadeandalucia.es\/colegiojuanvalera\/files\/2020\/09\/4a9afb75d899ac93-gif-animados-de-flechas-en-movimiento-imagui-300x84.gif 300w, https:\/\/blogsaverroes.juntadeandalucia.es\/colegiojuanvalera\/files\/2020\/09\/4a9afb75d899ac93-gif-animados-de-flechas-en-movimiento-imagui-768x215.gif 768w, https:\/\/blogsaverroes.juntadeandalucia.es\/colegiojuanvalera\/files\/2020\/09\/4a9afb75d899ac93-gif-animados-de-flechas-en-movimiento-imagui-24x7.gif 24w, https:\/\/blogsaverroes.juntadeandalucia.es\/colegiojuanvalera\/files\/2020\/09\/4a9afb75d899ac93-gif-animados-de-flechas-en-movimiento-imagui-36x10.gif 36w, https:\/\/blogsaverroes.juntadeandalucia.es\/colegiojuanvalera\/files\/2020\/09\/4a9afb75d899ac93-gif-animados-de-flechas-en-movimiento-imagui-48x13.gif 48w\" sizes=\"(max-width: 129px) 100vw, 129px\" \/><\/a><a href=\"https:\/\/es.wikiloc.com\/rutas-senderismo\/cabra-65618761\"><img loading=\"lazy\" decoding=\"async\" class=\"alignnone wp-image-6796\" src=\"https:\/\/blogsaverroes.juntadeandalucia.es\/colegiojuanvalera\/files\/2021\/02\/wikiloc-300x300.png\" alt=\"\" width=\"50\" height=\"50\" srcset=\"https:\/\/blogsaverroes.juntadeandalucia.es\/colegiojuanvalera\/files\/2021\/02\/wikiloc-300x300.png 300w, https:\/\/blogsaverroes.juntadeandalucia.es\/colegiojuanvalera\/files\/2021\/02\/wikiloc-150x150.png 150w, https:\/\/blogsaverroes.juntadeandalucia.es\/colegiojuanvalera\/files\/2021\/02\/wikiloc.png 512w\" sizes=\"(max-width: 50px) 100vw, 50px\" \/><\/a> Si quieres, comparte tu experiencia con nosotros en Facebook &nbsp;<a href=\"https:\/\/blogsaverroes.juntadeandalucia.es\/colegiojuanvalera\/files\/2020\/09\/4a9afb75d899ac93-gif-animados-de-flechas-en-movimiento-imagui.gif\"><img loading=\"lazy\" decoding=\"async\" class=\"wp-image-6563 alignnone\" src=\"https:\/\/blogsaverroes.juntadeandalucia.es\/colegiojuanvalera\/files\/2020\/09\/4a9afb75d899ac93-gif-animados-de-flechas-en-movimiento-imagui-300x84.gif\" alt=\"\" width=\"129\" height=\"36\" srcset=\"https:\/\/blogsaverroes.juntadeandalucia.es\/colegiojuanvalera\/files\/2020\/09\/4a9afb75d899ac93-gif-animados-de-flechas-en-movimiento-imagui-300x84.gif 300w, https:\/\/blogsaverroes.juntadeandalucia.es\/colegiojuanvalera\/files\/2020\/09\/4a9afb75d899ac93-gif-animados-de-flechas-en-movimiento-imagui-768x215.gif 768w, https:\/\/blogsaverroes.juntadeandalucia.es\/colegiojuanvalera\/files\/2020\/09\/4a9afb75d899ac93-gif-animados-de-flechas-en-movimiento-imagui-24x7.gif 24w, https:\/\/blogsaverroes.juntadeandalucia.es\/colegiojuanvalera\/files\/2020\/09\/4a9afb75d899ac93-gif-animados-de-flechas-en-movimiento-imagui-36x10.gif 36w, https:\/\/blogsaverroes.juntadeandalucia.es\/colegiojuanvalera\/files\/2020\/09\/4a9afb75d899ac93-gif-animados-de-flechas-en-movimiento-imagui-48x13.gif 48w\" sizes=\"(max-width: 129px) 100vw, 129px\" \/><\/a><a href=\"https:\/\/www.facebook.com\/ceip.juanvalera.5\"><img loading=\"lazy\" decoding=\"async\" class=\"alignnone wp-image-6819\" src=\"https:\/\/blogsaverroes.juntadeandalucia.es\/colegiojuanvalera\/files\/2021\/02\/Facebook-share-icon-300x300.png\" alt=\"\" width=\"52\" height=\"52\" srcset=\"https:\/\/blogsaverroes.juntadeandalucia.es\/colegiojuanvalera\/files\/2021\/02\/Facebook-share-icon-300x300.png 300w, https:\/\/blogsaverroes.juntadeandalucia.es\/colegiojuanvalera\/files\/2021\/02\/Facebook-share-icon-150x150.png 150w, https:\/\/blogsaverroes.juntadeandalucia.es\/colegiojuanvalera\/files\/2021\/02\/Facebook-share-icon-768x768.png 768w, https:\/\/blogsaverroes.juntadeandalucia.es\/colegiojuanvalera\/files\/2021\/02\/Facebook-share-icon.png 801w\" sizes=\"(max-width: 52px) 100vw, 52px\" \/><\/a><\/h4>\n<\/td>\n<\/tr>\n<\/tbody>\n<\/table>\n<ul>\n<li style=\"list-style-type: none\">\n<ul>\n<li style=\"list-style-type: none\">\n<ul>\n<li>Comenzamos nuestra ruta desde la antigua estaci\u00f3n de tren situada en C\/ Sta. Teresa de Jornet s\/n (V\u00eda verde), direcci\u00f3n Do\u00f1a Menc\u00eda, donde a unos 200 metros comenzaremos el camino de los llanos de Enrique (n\u00ba 44 del mapa), con un comienzo ascendente bastante duro.<\/li>\n<li>A dos kil\u00f3metros nos desviaremos por el camino de la Covatilla (n\u00ba 45 del mapa) hasta el uni\u00f3n con la carretera comarcal CO-6211, girando a la derecha en direcci\u00f3n Do\u00f1a Menc\u00eda, para continuar por la colada del camino a Baena (n\u00ba 15 del mapa) durante 2 kil\u00f3metros.<\/li>\n<li>Giraremos a la izquierda por el cordel de la fuente del chorrillo (n\u00ba 9 del mapa) (arroyo del fresno) llegando al camino vecinal de Cabra-Nueva Carteya (vereda de la Ga\u00f1ana, n\u00ba 8 del mapa) donde giraremos a la izquierda, en direcci\u00f3n a la cruz de la Aben Abad llegando por el antiguo trazado (no por la carretera).<\/li>\n<li>Continuamos direcci\u00f3n Cabra hasta la carretera CO-6211 girando hacia la derecha buscando el final de nuestra ruta por el camino del cerrillo de la horca, senda la vega o camino de la Esperilla, dirigi\u00e9ndonos hacia el pinar y almendros que concluyen en la v\u00eda verde.<\/li>\n<\/ul>\n<\/li>\n<\/ul>\n<\/li>\n<\/ul>\n<p>&nbsp;<\/p>\n<ul>\n<li>\n<h2><strong><em><span style=\"text-decoration: underline\">Ruta n\u00ba 3: (circular)<\/span> <\/em><\/strong><strong><em><span style=\"text-decoration: underline\"><a href=\"https:\/\/blogsaverroes.juntadeandalucia.es\/colegiojuanvalera\/files\/2021\/03\/Captura-de-pantalla-2021-03-11-a-las-22.40.04.png\"><img loading=\"lazy\" decoding=\"async\" class=\" wp-image-6851 alignnone\" src=\"https:\/\/blogsaverroes.juntadeandalucia.es\/colegiojuanvalera\/files\/2021\/03\/Captura-de-pantalla-2021-03-11-a-las-22.40.04.png\" alt=\"\" width=\"22\" height=\"22\" \/><\/a><\/span><\/em><\/strong><\/h2>\n<\/li>\n<\/ul>\n<p><a href=\"https:\/\/blogsaverroes.juntadeandalucia.es\/colegiojuanvalera\/files\/2021\/04\/MIDE-completo-ruta-3-Vereda-de-San-Francisco-Casilla-Azul-Camino-Viejo_001.jpg\"><img loading=\"lazy\" decoding=\"async\" class=\"aligncenter wp-image-6960\" src=\"https:\/\/blogsaverroes.juntadeandalucia.es\/colegiojuanvalera\/files\/2021\/04\/MIDE-completo-ruta-3-Vereda-de-San-Francisco-Casilla-Azul-Camino-Viejo_001-300x149.jpg\" alt=\"\" width=\"342\" height=\"170\" srcset=\"https:\/\/blogsaverroes.juntadeandalucia.es\/colegiojuanvalera\/files\/2021\/04\/MIDE-completo-ruta-3-Vereda-de-San-Francisco-Casilla-Azul-Camino-Viejo_001-300x149.jpg 300w, https:\/\/blogsaverroes.juntadeandalucia.es\/colegiojuanvalera\/files\/2021\/04\/MIDE-completo-ruta-3-Vereda-de-San-Francisco-Casilla-Azul-Camino-Viejo_001-1024x510.jpg 1024w, https:\/\/blogsaverroes.juntadeandalucia.es\/colegiojuanvalera\/files\/2021\/04\/MIDE-completo-ruta-3-Vereda-de-San-Francisco-Casilla-Azul-Camino-Viejo_001-768x382.jpg 768w, https:\/\/blogsaverroes.juntadeandalucia.es\/colegiojuanvalera\/files\/2021\/04\/MIDE-completo-ruta-3-Vereda-de-San-Francisco-Casilla-Azul-Camino-Viejo_001.jpg 1125w\" sizes=\"(max-width: 342px) 100vw, 342px\" \/><\/a><\/p>\n<table style=\"border-collapse: collapse;width: 100%\">\n<tbody>\n<tr>\n<td style=\"width: 100%;border-style: solid;border-color: #000000;background-color: #efe4f2\">\n<h4>Adem\u00e1s de ver toda la informaci\u00f3n de la ruta y las fotos del recorrido puedes cargarla en tu GPS, m\u00f3vil&nbsp; o smartwatch mediante el siguiente enlace&nbsp; &nbsp;<a href=\"https:\/\/blogsaverroes.juntadeandalucia.es\/colegiojuanvalera\/files\/2020\/09\/4a9afb75d899ac93-gif-animados-de-flechas-en-movimiento-imagui.gif\"><img loading=\"lazy\" decoding=\"async\" class=\"wp-image-6563 alignnone\" src=\"https:\/\/blogsaverroes.juntadeandalucia.es\/colegiojuanvalera\/files\/2020\/09\/4a9afb75d899ac93-gif-animados-de-flechas-en-movimiento-imagui-300x84.gif\" alt=\"\" width=\"129\" height=\"36\" srcset=\"https:\/\/blogsaverroes.juntadeandalucia.es\/colegiojuanvalera\/files\/2020\/09\/4a9afb75d899ac93-gif-animados-de-flechas-en-movimiento-imagui-300x84.gif 300w, https:\/\/blogsaverroes.juntadeandalucia.es\/colegiojuanvalera\/files\/2020\/09\/4a9afb75d899ac93-gif-animados-de-flechas-en-movimiento-imagui-768x215.gif 768w, https:\/\/blogsaverroes.juntadeandalucia.es\/colegiojuanvalera\/files\/2020\/09\/4a9afb75d899ac93-gif-animados-de-flechas-en-movimiento-imagui-24x7.gif 24w, https:\/\/blogsaverroes.juntadeandalucia.es\/colegiojuanvalera\/files\/2020\/09\/4a9afb75d899ac93-gif-animados-de-flechas-en-movimiento-imagui-36x10.gif 36w, https:\/\/blogsaverroes.juntadeandalucia.es\/colegiojuanvalera\/files\/2020\/09\/4a9afb75d899ac93-gif-animados-de-flechas-en-movimiento-imagui-48x13.gif 48w\" sizes=\"(max-width: 129px) 100vw, 129px\" \/><\/a><a style=\"font-size: 16px\" href=\"https:\/\/es.wikiloc.com\/rutas-senderismo\/cabra-65621221\"><img loading=\"lazy\" decoding=\"async\" class=\"alignnone wp-image-6796\" src=\"https:\/\/blogsaverroes.juntadeandalucia.es\/colegiojuanvalera\/files\/2021\/02\/wikiloc-300x300.png\" alt=\"\" width=\"50\" height=\"50\" srcset=\"https:\/\/blogsaverroes.juntadeandalucia.es\/colegiojuanvalera\/files\/2021\/02\/wikiloc-300x300.png 300w, https:\/\/blogsaverroes.juntadeandalucia.es\/colegiojuanvalera\/files\/2021\/02\/wikiloc-150x150.png 150w, https:\/\/blogsaverroes.juntadeandalucia.es\/colegiojuanvalera\/files\/2021\/02\/wikiloc.png 512w\" sizes=\"(max-width: 50px) 100vw, 50px\" \/><\/a> Si quieres, comparte tu experiencia con nosotros en Facebook &nbsp;<a href=\"https:\/\/blogsaverroes.juntadeandalucia.es\/colegiojuanvalera\/files\/2020\/09\/4a9afb75d899ac93-gif-animados-de-flechas-en-movimiento-imagui.gif\"><img loading=\"lazy\" decoding=\"async\" class=\"wp-image-6563 alignnone\" src=\"https:\/\/blogsaverroes.juntadeandalucia.es\/colegiojuanvalera\/files\/2020\/09\/4a9afb75d899ac93-gif-animados-de-flechas-en-movimiento-imagui-300x84.gif\" alt=\"\" width=\"129\" height=\"36\" srcset=\"https:\/\/blogsaverroes.juntadeandalucia.es\/colegiojuanvalera\/files\/2020\/09\/4a9afb75d899ac93-gif-animados-de-flechas-en-movimiento-imagui-300x84.gif 300w, https:\/\/blogsaverroes.juntadeandalucia.es\/colegiojuanvalera\/files\/2020\/09\/4a9afb75d899ac93-gif-animados-de-flechas-en-movimiento-imagui-768x215.gif 768w, https:\/\/blogsaverroes.juntadeandalucia.es\/colegiojuanvalera\/files\/2020\/09\/4a9afb75d899ac93-gif-animados-de-flechas-en-movimiento-imagui-24x7.gif 24w, https:\/\/blogsaverroes.juntadeandalucia.es\/colegiojuanvalera\/files\/2020\/09\/4a9afb75d899ac93-gif-animados-de-flechas-en-movimiento-imagui-36x10.gif 36w, https:\/\/blogsaverroes.juntadeandalucia.es\/colegiojuanvalera\/files\/2020\/09\/4a9afb75d899ac93-gif-animados-de-flechas-en-movimiento-imagui-48x13.gif 48w\" sizes=\"(max-width: 129px) 100vw, 129px\" \/><\/a><a href=\"https:\/\/www.facebook.com\/ceip.juanvalera.5\"><img loading=\"lazy\" decoding=\"async\" class=\"alignnone wp-image-6819\" src=\"https:\/\/blogsaverroes.juntadeandalucia.es\/colegiojuanvalera\/files\/2021\/02\/Facebook-share-icon-300x300.png\" alt=\"\" width=\"52\" height=\"52\" srcset=\"https:\/\/blogsaverroes.juntadeandalucia.es\/colegiojuanvalera\/files\/2021\/02\/Facebook-share-icon-300x300.png 300w, https:\/\/blogsaverroes.juntadeandalucia.es\/colegiojuanvalera\/files\/2021\/02\/Facebook-share-icon-150x150.png 150w, https:\/\/blogsaverroes.juntadeandalucia.es\/colegiojuanvalera\/files\/2021\/02\/Facebook-share-icon-768x768.png 768w, https:\/\/blogsaverroes.juntadeandalucia.es\/colegiojuanvalera\/files\/2021\/02\/Facebook-share-icon.png 801w\" sizes=\"(max-width: 52px) 100vw, 52px\" \/><\/a><\/h4>\n<\/td>\n<\/tr>\n<\/tbody>\n<\/table>\n<ul>\n<li style=\"list-style-type: none\">\n<ul>\n<li style=\"list-style-type: none\">\n<ul>\n<li>Comenzamos nuestra ruta desde la antigua estaci\u00f3n de tren situada en C\/ Sta. Teresa de Jornet s\/n (V\u00eda Verde) direcci\u00f3n Do\u00f1a Menc\u00eda. Nos desviamos a la derecha en la vereda de San Francisco (n\u00ba 20 del mapa) (Casilla azul).<\/li>\n<li>Continuamos dos kil\u00f3metros por un camino siempre ascendente (1\u00aa parte camino de tierra bien se\u00f1alizado) para continuar por un sendero m\u00e1s cerrado con abundante vegetaci\u00f3n hasta que se vuelve abrir (La puerta que encontramos debe cerrarse al pasar para tener controlado el ganado que pasa por all\u00ed).<\/li>\n<li>Llegaremos a una intersecci\u00f3n con el camino tradicional de subida-bajada de la Virgen de la Sierra volviendo hacia Cabra hasta la v\u00eda verde.<\/li>\n<\/ul>\n<\/li>\n<\/ul>\n<\/li>\n<\/ul>\n<p>&nbsp;<\/p>\n<ul>\n<li>\n<h2><strong><em><span style=\"text-decoration: underline\">Ruta n\u00ba 4: (circular)<\/span> <span style=\"text-decoration: underline\"><a href=\"https:\/\/blogsaverroes.juntadeandalucia.es\/colegiojuanvalera\/files\/2021\/03\/Captura-de-pantalla-2021-03-11-a-las-22.40.11.png\"><img loading=\"lazy\" decoding=\"async\" class=\" wp-image-6852 alignnone\" src=\"https:\/\/blogsaverroes.juntadeandalucia.es\/colegiojuanvalera\/files\/2021\/03\/Captura-de-pantalla-2021-03-11-a-las-22.40.11.png\" alt=\"\" width=\"22\" height=\"23\" \/><\/a><\/span> <\/em><\/strong><\/h2>\n<\/li>\n<\/ul>\n<p><a href=\"https:\/\/blogsaverroes.juntadeandalucia.es\/colegiojuanvalera\/files\/2021\/04\/MIDE-completo-ruta-4-Colada-de-Tovar-Cortijo-Cagatrompos-Cortijo-de-Cerro-Tejero-Camino-de-Cabras_001.jpg\"><img loading=\"lazy\" decoding=\"async\" class=\"aligncenter wp-image-6961\" src=\"https:\/\/blogsaverroes.juntadeandalucia.es\/colegiojuanvalera\/files\/2021\/04\/MIDE-completo-ruta-4-Colada-de-Tovar-Cortijo-Cagatrompos-Cortijo-de-Cerro-Tejero-Camino-de-Cabras_001-300x156.jpg\" alt=\"\" width=\"326\" height=\"170\" srcset=\"https:\/\/blogsaverroes.juntadeandalucia.es\/colegiojuanvalera\/files\/2021\/04\/MIDE-completo-ruta-4-Colada-de-Tovar-Cortijo-Cagatrompos-Cortijo-de-Cerro-Tejero-Camino-de-Cabras_001-300x156.jpg 300w, https:\/\/blogsaverroes.juntadeandalucia.es\/colegiojuanvalera\/files\/2021\/04\/MIDE-completo-ruta-4-Colada-de-Tovar-Cortijo-Cagatrompos-Cortijo-de-Cerro-Tejero-Camino-de-Cabras_001-1024x534.jpg 1024w, https:\/\/blogsaverroes.juntadeandalucia.es\/colegiojuanvalera\/files\/2021\/04\/MIDE-completo-ruta-4-Colada-de-Tovar-Cortijo-Cagatrompos-Cortijo-de-Cerro-Tejero-Camino-de-Cabras_001-768x400.jpg 768w, https:\/\/blogsaverroes.juntadeandalucia.es\/colegiojuanvalera\/files\/2021\/04\/MIDE-completo-ruta-4-Colada-de-Tovar-Cortijo-Cagatrompos-Cortijo-de-Cerro-Tejero-Camino-de-Cabras_001.jpg 1128w\" sizes=\"(max-width: 326px) 100vw, 326px\" \/><\/a><\/p>\n<table style=\"border-collapse: collapse;width: 100%\">\n<tbody>\n<tr>\n<td style=\"width: 100%;border-style: solid;border-color: #000000;background-color: #efe4f2\">\n<h4>Adem\u00e1s de ver toda la informaci\u00f3n de la ruta y las fotos del recorrido puedes cargarla en tu GPS, m\u00f3vil&nbsp; o smartwatch mediante el siguiente enlace&nbsp; &nbsp;<a href=\"https:\/\/blogsaverroes.juntadeandalucia.es\/colegiojuanvalera\/files\/2020\/09\/4a9afb75d899ac93-gif-animados-de-flechas-en-movimiento-imagui.gif\"><img loading=\"lazy\" decoding=\"async\" class=\"wp-image-6563 alignnone\" src=\"https:\/\/blogsaverroes.juntadeandalucia.es\/colegiojuanvalera\/files\/2020\/09\/4a9afb75d899ac93-gif-animados-de-flechas-en-movimiento-imagui-300x84.gif\" alt=\"\" width=\"129\" height=\"36\" srcset=\"https:\/\/blogsaverroes.juntadeandalucia.es\/colegiojuanvalera\/files\/2020\/09\/4a9afb75d899ac93-gif-animados-de-flechas-en-movimiento-imagui-300x84.gif 300w, https:\/\/blogsaverroes.juntadeandalucia.es\/colegiojuanvalera\/files\/2020\/09\/4a9afb75d899ac93-gif-animados-de-flechas-en-movimiento-imagui-768x215.gif 768w, https:\/\/blogsaverroes.juntadeandalucia.es\/colegiojuanvalera\/files\/2020\/09\/4a9afb75d899ac93-gif-animados-de-flechas-en-movimiento-imagui-24x7.gif 24w, https:\/\/blogsaverroes.juntadeandalucia.es\/colegiojuanvalera\/files\/2020\/09\/4a9afb75d899ac93-gif-animados-de-flechas-en-movimiento-imagui-36x10.gif 36w, https:\/\/blogsaverroes.juntadeandalucia.es\/colegiojuanvalera\/files\/2020\/09\/4a9afb75d899ac93-gif-animados-de-flechas-en-movimiento-imagui-48x13.gif 48w\" sizes=\"(max-width: 129px) 100vw, 129px\" \/><\/a><a style=\"font-size: 16px\" href=\"https:\/\/es.wikiloc.com\/rutas-senderismo\/cabra-65743245\"><img loading=\"lazy\" decoding=\"async\" class=\"alignnone wp-image-6796\" src=\"https:\/\/blogsaverroes.juntadeandalucia.es\/colegiojuanvalera\/files\/2021\/02\/wikiloc-300x300.png\" alt=\"\" width=\"50\" height=\"50\" srcset=\"https:\/\/blogsaverroes.juntadeandalucia.es\/colegiojuanvalera\/files\/2021\/02\/wikiloc-300x300.png 300w, https:\/\/blogsaverroes.juntadeandalucia.es\/colegiojuanvalera\/files\/2021\/02\/wikiloc-150x150.png 150w, https:\/\/blogsaverroes.juntadeandalucia.es\/colegiojuanvalera\/files\/2021\/02\/wikiloc.png 512w\" sizes=\"(max-width: 50px) 100vw, 50px\" \/><\/a> Si quieres, comparte tu experiencia con nosotros en Facebook &nbsp;<a href=\"https:\/\/blogsaverroes.juntadeandalucia.es\/colegiojuanvalera\/files\/2020\/09\/4a9afb75d899ac93-gif-animados-de-flechas-en-movimiento-imagui.gif\"><img loading=\"lazy\" decoding=\"async\" class=\"wp-image-6563 alignnone\" src=\"https:\/\/blogsaverroes.juntadeandalucia.es\/colegiojuanvalera\/files\/2020\/09\/4a9afb75d899ac93-gif-animados-de-flechas-en-movimiento-imagui-300x84.gif\" alt=\"\" width=\"129\" height=\"36\" srcset=\"https:\/\/blogsaverroes.juntadeandalucia.es\/colegiojuanvalera\/files\/2020\/09\/4a9afb75d899ac93-gif-animados-de-flechas-en-movimiento-imagui-300x84.gif 300w, https:\/\/blogsaverroes.juntadeandalucia.es\/colegiojuanvalera\/files\/2020\/09\/4a9afb75d899ac93-gif-animados-de-flechas-en-movimiento-imagui-768x215.gif 768w, https:\/\/blogsaverroes.juntadeandalucia.es\/colegiojuanvalera\/files\/2020\/09\/4a9afb75d899ac93-gif-animados-de-flechas-en-movimiento-imagui-24x7.gif 24w, https:\/\/blogsaverroes.juntadeandalucia.es\/colegiojuanvalera\/files\/2020\/09\/4a9afb75d899ac93-gif-animados-de-flechas-en-movimiento-imagui-36x10.gif 36w, https:\/\/blogsaverroes.juntadeandalucia.es\/colegiojuanvalera\/files\/2020\/09\/4a9afb75d899ac93-gif-animados-de-flechas-en-movimiento-imagui-48x13.gif 48w\" sizes=\"(max-width: 129px) 100vw, 129px\" \/><\/a><a href=\"https:\/\/www.facebook.com\/ceip.juanvalera.5\"><img loading=\"lazy\" decoding=\"async\" class=\"alignnone wp-image-6819\" src=\"https:\/\/blogsaverroes.juntadeandalucia.es\/colegiojuanvalera\/files\/2021\/02\/Facebook-share-icon-300x300.png\" alt=\"\" width=\"52\" height=\"52\" srcset=\"https:\/\/blogsaverroes.juntadeandalucia.es\/colegiojuanvalera\/files\/2021\/02\/Facebook-share-icon-300x300.png 300w, https:\/\/blogsaverroes.juntadeandalucia.es\/colegiojuanvalera\/files\/2021\/02\/Facebook-share-icon-150x150.png 150w, https:\/\/blogsaverroes.juntadeandalucia.es\/colegiojuanvalera\/files\/2021\/02\/Facebook-share-icon-768x768.png 768w, https:\/\/blogsaverroes.juntadeandalucia.es\/colegiojuanvalera\/files\/2021\/02\/Facebook-share-icon.png 801w\" sizes=\"(max-width: 52px) 100vw, 52px\" \/><\/a><\/h4>\n<\/td>\n<\/tr>\n<\/tbody>\n<\/table>\n<ul>\n<li style=\"list-style-type: none\">\n<ul>\n<li style=\"list-style-type: none\">\n<ul>\n<li>Comenzamos nuestra ruta desde la antigua estaci\u00f3n de tren situada en C\/ Sta. Teresa de Jornet s\/n (V\u00eda Verde) direcci\u00f3n Lucena durante 5 km.<\/li>\n<li>Nos encontramos a mano derecha una antigua caseta del tren (donde hoy tenemos un borriquillo).<\/li>\n<li>Giraremos a la izquierda por la colada de Tovar hasta cruzar la carretera por el camino que nos lleva hacia la derecha, una vez crucemos la carretera, este nos llevar\u00eda pasando el cortijo \u00abCagatrompos\u00bb hacia la vereda del Castellar, donde terminaremos en un camino que nos llevar\u00e1 al cortijo de cerro Tejero.&nbsp;<\/li>\n<li>Giramos hacia la derecha por una pista asfaltada conocida como \u00abCamino las cabras\u00bb durante unos 4 km.<\/li>\n<li>Terminaremos girando a la derecha.&nbsp;<\/li>\n<\/ul>\n<\/li>\n<\/ul>\n<\/li>\n<\/ul>\n<p>&nbsp;<\/p>\n<ul>\n<li>\n<h2><strong><em><span style=\"text-decoration: underline\">Ruta n\u00ba 5: (Ida y vuelta)<\/span> &nbsp;<a href=\"https:\/\/blogsaverroes.juntadeandalucia.es\/colegiojuanvalera\/files\/2021\/03\/Captura-de-pantalla-2021-03-11-a-las-22.40.04.png\"><img loading=\"lazy\" decoding=\"async\" class=\" wp-image-6851 alignnone\" src=\"https:\/\/blogsaverroes.juntadeandalucia.es\/colegiojuanvalera\/files\/2021\/03\/Captura-de-pantalla-2021-03-11-a-las-22.40.04.png\" alt=\"\" width=\"22\" height=\"22\" \/><\/a><\/em><\/strong><\/h2>\n<\/li>\n<\/ul>\n<p><a href=\"https:\/\/blogsaverroes.juntadeandalucia.es\/colegiojuanvalera\/files\/2021\/04\/MIDE-completo-ruta-5-Llanos-de-D.-Juan-Encina-Milenaria_001.jpg\"><img loading=\"lazy\" decoding=\"async\" class=\"aligncenter wp-image-6962\" src=\"https:\/\/blogsaverroes.juntadeandalucia.es\/colegiojuanvalera\/files\/2021\/04\/MIDE-completo-ruta-5-Llanos-de-D.-Juan-Encina-Milenaria_001-300x149.jpg\" alt=\"\" width=\"343\" height=\"170\" srcset=\"https:\/\/blogsaverroes.juntadeandalucia.es\/colegiojuanvalera\/files\/2021\/04\/MIDE-completo-ruta-5-Llanos-de-D.-Juan-Encina-Milenaria_001-300x149.jpg 300w, https:\/\/blogsaverroes.juntadeandalucia.es\/colegiojuanvalera\/files\/2021\/04\/MIDE-completo-ruta-5-Llanos-de-D.-Juan-Encina-Milenaria_001-1024x507.jpg 1024w, https:\/\/blogsaverroes.juntadeandalucia.es\/colegiojuanvalera\/files\/2021\/04\/MIDE-completo-ruta-5-Llanos-de-D.-Juan-Encina-Milenaria_001-768x380.jpg 768w, https:\/\/blogsaverroes.juntadeandalucia.es\/colegiojuanvalera\/files\/2021\/04\/MIDE-completo-ruta-5-Llanos-de-D.-Juan-Encina-Milenaria_001.jpg 1131w\" sizes=\"(max-width: 343px) 100vw, 343px\" \/><\/a><\/p>\n<table style=\"border-collapse: collapse;width: 100%\">\n<tbody>\n<tr>\n<td style=\"width: 100%;border-style: solid;border-color: #000000;background-color: #efe4f2\">\n<h4>Adem\u00e1s de ver toda la informaci\u00f3n de la ruta y las fotos del recorrido puedes cargarla en tu GPS, m\u00f3vil&nbsp; o smartwatch mediante el siguiente enlace&nbsp; &nbsp;<a href=\"https:\/\/blogsaverroes.juntadeandalucia.es\/colegiojuanvalera\/files\/2020\/09\/4a9afb75d899ac93-gif-animados-de-flechas-en-movimiento-imagui.gif\"><img loading=\"lazy\" decoding=\"async\" class=\"wp-image-6563 alignnone\" src=\"https:\/\/blogsaverroes.juntadeandalucia.es\/colegiojuanvalera\/files\/2020\/09\/4a9afb75d899ac93-gif-animados-de-flechas-en-movimiento-imagui-300x84.gif\" alt=\"\" width=\"129\" height=\"36\" srcset=\"https:\/\/blogsaverroes.juntadeandalucia.es\/colegiojuanvalera\/files\/2020\/09\/4a9afb75d899ac93-gif-animados-de-flechas-en-movimiento-imagui-300x84.gif 300w, https:\/\/blogsaverroes.juntadeandalucia.es\/colegiojuanvalera\/files\/2020\/09\/4a9afb75d899ac93-gif-animados-de-flechas-en-movimiento-imagui-768x215.gif 768w, https:\/\/blogsaverroes.juntadeandalucia.es\/colegiojuanvalera\/files\/2020\/09\/4a9afb75d899ac93-gif-animados-de-flechas-en-movimiento-imagui-24x7.gif 24w, https:\/\/blogsaverroes.juntadeandalucia.es\/colegiojuanvalera\/files\/2020\/09\/4a9afb75d899ac93-gif-animados-de-flechas-en-movimiento-imagui-36x10.gif 36w, https:\/\/blogsaverroes.juntadeandalucia.es\/colegiojuanvalera\/files\/2020\/09\/4a9afb75d899ac93-gif-animados-de-flechas-en-movimiento-imagui-48x13.gif 48w\" sizes=\"(max-width: 129px) 100vw, 129px\" \/><\/a><a style=\"font-size: 16px\" href=\"https:\/\/es.wikiloc.com\/rutas-senderismo\/los-llanos-encina-milenaria-los-llanos-66245845\"><img loading=\"lazy\" decoding=\"async\" class=\"alignnone wp-image-6796\" src=\"https:\/\/blogsaverroes.juntadeandalucia.es\/colegiojuanvalera\/files\/2021\/02\/wikiloc-300x300.png\" alt=\"\" width=\"50\" height=\"50\" srcset=\"https:\/\/blogsaverroes.juntadeandalucia.es\/colegiojuanvalera\/files\/2021\/02\/wikiloc-300x300.png 300w, https:\/\/blogsaverroes.juntadeandalucia.es\/colegiojuanvalera\/files\/2021\/02\/wikiloc-150x150.png 150w, https:\/\/blogsaverroes.juntadeandalucia.es\/colegiojuanvalera\/files\/2021\/02\/wikiloc.png 512w\" sizes=\"(max-width: 50px) 100vw, 50px\" \/><\/a> Si quieres, comparte tu experiencia con nosotros en Facebook &nbsp;<a href=\"https:\/\/blogsaverroes.juntadeandalucia.es\/colegiojuanvalera\/files\/2020\/09\/4a9afb75d899ac93-gif-animados-de-flechas-en-movimiento-imagui.gif\"><img loading=\"lazy\" decoding=\"async\" class=\"wp-image-6563 alignnone\" src=\"https:\/\/blogsaverroes.juntadeandalucia.es\/colegiojuanvalera\/files\/2020\/09\/4a9afb75d899ac93-gif-animados-de-flechas-en-movimiento-imagui-300x84.gif\" alt=\"\" width=\"129\" height=\"36\" srcset=\"https:\/\/blogsaverroes.juntadeandalucia.es\/colegiojuanvalera\/files\/2020\/09\/4a9afb75d899ac93-gif-animados-de-flechas-en-movimiento-imagui-300x84.gif 300w, https:\/\/blogsaverroes.juntadeandalucia.es\/colegiojuanvalera\/files\/2020\/09\/4a9afb75d899ac93-gif-animados-de-flechas-en-movimiento-imagui-768x215.gif 768w, https:\/\/blogsaverroes.juntadeandalucia.es\/colegiojuanvalera\/files\/2020\/09\/4a9afb75d899ac93-gif-animados-de-flechas-en-movimiento-imagui-24x7.gif 24w, https:\/\/blogsaverroes.juntadeandalucia.es\/colegiojuanvalera\/files\/2020\/09\/4a9afb75d899ac93-gif-animados-de-flechas-en-movimiento-imagui-36x10.gif 36w, https:\/\/blogsaverroes.juntadeandalucia.es\/colegiojuanvalera\/files\/2020\/09\/4a9afb75d899ac93-gif-animados-de-flechas-en-movimiento-imagui-48x13.gif 48w\" sizes=\"(max-width: 129px) 100vw, 129px\" \/><\/a><a href=\"https:\/\/www.facebook.com\/ceip.juanvalera.5\"><img loading=\"lazy\" decoding=\"async\" class=\"alignnone wp-image-6819\" src=\"https:\/\/blogsaverroes.juntadeandalucia.es\/colegiojuanvalera\/files\/2021\/02\/Facebook-share-icon-300x300.png\" alt=\"\" width=\"52\" height=\"52\" srcset=\"https:\/\/blogsaverroes.juntadeandalucia.es\/colegiojuanvalera\/files\/2021\/02\/Facebook-share-icon-300x300.png 300w, https:\/\/blogsaverroes.juntadeandalucia.es\/colegiojuanvalera\/files\/2021\/02\/Facebook-share-icon-150x150.png 150w, https:\/\/blogsaverroes.juntadeandalucia.es\/colegiojuanvalera\/files\/2021\/02\/Facebook-share-icon-768x768.png 768w, https:\/\/blogsaverroes.juntadeandalucia.es\/colegiojuanvalera\/files\/2021\/02\/Facebook-share-icon.png 801w\" sizes=\"(max-width: 52px) 100vw, 52px\" \/><\/a><\/h4>\n<\/td>\n<\/tr>\n<\/tbody>\n<\/table>\n<ul>\n<li style=\"list-style-type: none\">\n<ul>\n<li style=\"list-style-type: none\">\n<ul>\n<li>Tendremos que dejar los coches junto a la gasolinera de los Llanos de D. Juan de donde sale el camino hacia los Poleares y la Encina Milenaria (Se puede hacer en bicicleta, con dos subidas, una de ella pronunciada).<\/li>\n<li>Se va y se viene por el mismo camino.<\/li>\n<\/ul>\n<\/li>\n<\/ul>\n<\/li>\n<\/ul>\n<p>&nbsp;<\/p>\n<ul>\n<li>\n<h2><strong><em><span style=\"text-decoration: underline\">Ruta n\u00ba 5: (circular)<\/span> &nbsp;<a href=\"https:\/\/blogsaverroes.juntadeandalucia.es\/colegiojuanvalera\/files\/2021\/03\/Captura-de-pantalla-2021-03-11-a-las-22.40.11.png\"><img loading=\"lazy\" decoding=\"async\" class=\" wp-image-6852 alignnone\" src=\"https:\/\/blogsaverroes.juntadeandalucia.es\/colegiojuanvalera\/files\/2021\/03\/Captura-de-pantalla-2021-03-11-a-las-22.40.11.png\" alt=\"\" width=\"22\" height=\"23\" \/><\/a><\/em><\/strong><\/h2>\n<\/li>\n<\/ul>\n<p><a href=\"https:\/\/blogsaverroes.juntadeandalucia.es\/colegiojuanvalera\/files\/2021\/04\/MIDE-completo-ruta-5-II-Llanos-de-D.-Juan-Encina-Milenaria_001.jpg\"><img loading=\"lazy\" decoding=\"async\" class=\"aligncenter wp-image-6963\" src=\"https:\/\/blogsaverroes.juntadeandalucia.es\/colegiojuanvalera\/files\/2021\/04\/MIDE-completo-ruta-5-II-Llanos-de-D.-Juan-Encina-Milenaria_001-300x148.jpg\" alt=\"\" width=\"346\" height=\"170\" srcset=\"https:\/\/blogsaverroes.juntadeandalucia.es\/colegiojuanvalera\/files\/2021\/04\/MIDE-completo-ruta-5-II-Llanos-de-D.-Juan-Encina-Milenaria_001-300x148.jpg 300w, https:\/\/blogsaverroes.juntadeandalucia.es\/colegiojuanvalera\/files\/2021\/04\/MIDE-completo-ruta-5-II-Llanos-de-D.-Juan-Encina-Milenaria_001-1024x504.jpg 1024w, https:\/\/blogsaverroes.juntadeandalucia.es\/colegiojuanvalera\/files\/2021\/04\/MIDE-completo-ruta-5-II-Llanos-de-D.-Juan-Encina-Milenaria_001-768x378.jpg 768w, https:\/\/blogsaverroes.juntadeandalucia.es\/colegiojuanvalera\/files\/2021\/04\/MIDE-completo-ruta-5-II-Llanos-de-D.-Juan-Encina-Milenaria_001.jpg 1128w\" sizes=\"(max-width: 346px) 100vw, 346px\" \/><\/a><\/p>\n<table style=\"border-collapse: collapse;width: 100%;height: 182px\">\n<tbody>\n<tr style=\"height: 182px\">\n<td style=\"width: 100%;height: 182px;border-style: solid;border-color: #000000;background-color: #efe4f2\">\n<h4>Adem\u00e1s de ver toda la informaci\u00f3n de la ruta y las fotos del recorrido puedes cargarla en tu GPS, m\u00f3vil&nbsp; o smartwatch mediante el siguiente enlace&nbsp; &nbsp;<a href=\"https:\/\/blogsaverroes.juntadeandalucia.es\/colegiojuanvalera\/files\/2020\/09\/4a9afb75d899ac93-gif-animados-de-flechas-en-movimiento-imagui.gif\"><img loading=\"lazy\" decoding=\"async\" class=\"wp-image-6563 alignnone\" src=\"https:\/\/blogsaverroes.juntadeandalucia.es\/colegiojuanvalera\/files\/2020\/09\/4a9afb75d899ac93-gif-animados-de-flechas-en-movimiento-imagui-300x84.gif\" alt=\"\" width=\"129\" height=\"36\" srcset=\"https:\/\/blogsaverroes.juntadeandalucia.es\/colegiojuanvalera\/files\/2020\/09\/4a9afb75d899ac93-gif-animados-de-flechas-en-movimiento-imagui-300x84.gif 300w, https:\/\/blogsaverroes.juntadeandalucia.es\/colegiojuanvalera\/files\/2020\/09\/4a9afb75d899ac93-gif-animados-de-flechas-en-movimiento-imagui-768x215.gif 768w, https:\/\/blogsaverroes.juntadeandalucia.es\/colegiojuanvalera\/files\/2020\/09\/4a9afb75d899ac93-gif-animados-de-flechas-en-movimiento-imagui-24x7.gif 24w, https:\/\/blogsaverroes.juntadeandalucia.es\/colegiojuanvalera\/files\/2020\/09\/4a9afb75d899ac93-gif-animados-de-flechas-en-movimiento-imagui-36x10.gif 36w, https:\/\/blogsaverroes.juntadeandalucia.es\/colegiojuanvalera\/files\/2020\/09\/4a9afb75d899ac93-gif-animados-de-flechas-en-movimiento-imagui-48x13.gif 48w\" sizes=\"(max-width: 129px) 100vw, 129px\" \/><\/a><a style=\"font-size: 16px\" href=\"https:\/\/es.wikiloc.com\/rutas-senderismo\/los-llanos-encina-milenaria-los-llanos-66245845\"><img loading=\"lazy\" decoding=\"async\" class=\"alignnone wp-image-6796\" src=\"https:\/\/blogsaverroes.juntadeandalucia.es\/colegiojuanvalera\/files\/2021\/02\/wikiloc-300x300.png\" alt=\"\" width=\"50\" height=\"50\" srcset=\"https:\/\/blogsaverroes.juntadeandalucia.es\/colegiojuanvalera\/files\/2021\/02\/wikiloc-300x300.png 300w, https:\/\/blogsaverroes.juntadeandalucia.es\/colegiojuanvalera\/files\/2021\/02\/wikiloc-150x150.png 150w, https:\/\/blogsaverroes.juntadeandalucia.es\/colegiojuanvalera\/files\/2021\/02\/wikiloc.png 512w\" sizes=\"(max-width: 50px) 100vw, 50px\" \/><\/a> Si quieres, comparte tu experiencia con nosotros en Facebook &nbsp;<a href=\"https:\/\/blogsaverroes.juntadeandalucia.es\/colegiojuanvalera\/files\/2020\/09\/4a9afb75d899ac93-gif-animados-de-flechas-en-movimiento-imagui.gif\"><img loading=\"lazy\" decoding=\"async\" class=\"wp-image-6563 alignnone\" src=\"https:\/\/blogsaverroes.juntadeandalucia.es\/colegiojuanvalera\/files\/2020\/09\/4a9afb75d899ac93-gif-animados-de-flechas-en-movimiento-imagui-300x84.gif\" alt=\"\" width=\"129\" height=\"36\" srcset=\"https:\/\/blogsaverroes.juntadeandalucia.es\/colegiojuanvalera\/files\/2020\/09\/4a9afb75d899ac93-gif-animados-de-flechas-en-movimiento-imagui-300x84.gif 300w, https:\/\/blogsaverroes.juntadeandalucia.es\/colegiojuanvalera\/files\/2020\/09\/4a9afb75d899ac93-gif-animados-de-flechas-en-movimiento-imagui-768x215.gif 768w, https:\/\/blogsaverroes.juntadeandalucia.es\/colegiojuanvalera\/files\/2020\/09\/4a9afb75d899ac93-gif-animados-de-flechas-en-movimiento-imagui-24x7.gif 24w, https:\/\/blogsaverroes.juntadeandalucia.es\/colegiojuanvalera\/files\/2020\/09\/4a9afb75d899ac93-gif-animados-de-flechas-en-movimiento-imagui-36x10.gif 36w, https:\/\/blogsaverroes.juntadeandalucia.es\/colegiojuanvalera\/files\/2020\/09\/4a9afb75d899ac93-gif-animados-de-flechas-en-movimiento-imagui-48x13.gif 48w\" sizes=\"(max-width: 129px) 100vw, 129px\" \/><\/a><a href=\"https:\/\/www.facebook.com\/ceip.juanvalera.5\"><img loading=\"lazy\" decoding=\"async\" class=\"alignnone wp-image-6819\" src=\"https:\/\/blogsaverroes.juntadeandalucia.es\/colegiojuanvalera\/files\/2021\/02\/Facebook-share-icon-300x300.png\" alt=\"\" width=\"52\" height=\"52\" srcset=\"https:\/\/blogsaverroes.juntadeandalucia.es\/colegiojuanvalera\/files\/2021\/02\/Facebook-share-icon-300x300.png 300w, https:\/\/blogsaverroes.juntadeandalucia.es\/colegiojuanvalera\/files\/2021\/02\/Facebook-share-icon-150x150.png 150w, https:\/\/blogsaverroes.juntadeandalucia.es\/colegiojuanvalera\/files\/2021\/02\/Facebook-share-icon-768x768.png 768w, https:\/\/blogsaverroes.juntadeandalucia.es\/colegiojuanvalera\/files\/2021\/02\/Facebook-share-icon.png 801w\" sizes=\"(max-width: 52px) 100vw, 52px\" \/><\/a><\/h4>\n<\/td>\n<\/tr>\n<\/tbody>\n<\/table>\n<ul>\n<li style=\"list-style-type: none\">\n<ul>\n<li style=\"list-style-type: none\">\n<ul>\n<li>Tendremos que dejar los coches junto a la gasolinera de los Llanos de D. Juan de donde sale el camino hacia los Poleares y la Encina Milenaria (Se puede hacer en bicicleta, con dos subidas, una de ella pronunciada).<\/li>\n<li>Prestar especial atenci\u00f3n a las indicaciones de Wikiloc para no tener que circular en ning\u00fan momento por la carretera.<\/li>\n<\/ul>\n<\/li>\n<\/ul>\n<\/li>\n<\/ul>\n<p>&nbsp;<\/p>\n<ul>\n<li>\n<h2><strong><em><span style=\"text-decoration: underline\">Ruta n\u00ba 6: (circular)<\/span> &nbsp;&nbsp;<a href=\"https:\/\/blogsaverroes.juntadeandalucia.es\/colegiojuanvalera\/files\/2021\/03\/Captura-de-pantalla-2021-03-11-a-las-22.40.11.png\"><img loading=\"lazy\" decoding=\"async\" class=\" wp-image-6852 alignnone\" src=\"https:\/\/blogsaverroes.juntadeandalucia.es\/colegiojuanvalera\/files\/2021\/03\/Captura-de-pantalla-2021-03-11-a-las-22.40.11.png\" alt=\"\" width=\"22\" height=\"23\" \/><\/a><\/em><\/strong><\/h2>\n<\/li>\n<\/ul>\n<p><a href=\"https:\/\/blogsaverroes.juntadeandalucia.es\/colegiojuanvalera\/files\/2021\/04\/MIDE-completo-ruta-6-Subida-al-Puerto-del-Cerezo-Co-7208-Km.-6_001.jpg\"><img loading=\"lazy\" decoding=\"async\" class=\"aligncenter wp-image-6964\" src=\"https:\/\/blogsaverroes.juntadeandalucia.es\/colegiojuanvalera\/files\/2021\/04\/MIDE-completo-ruta-6-Subida-al-Puerto-del-Cerezo-Co-7208-Km.-6_001-300x148.jpg\" alt=\"\" width=\"344\" height=\"170\" srcset=\"https:\/\/blogsaverroes.juntadeandalucia.es\/colegiojuanvalera\/files\/2021\/04\/MIDE-completo-ruta-6-Subida-al-Puerto-del-Cerezo-Co-7208-Km.-6_001-300x148.jpg 300w, https:\/\/blogsaverroes.juntadeandalucia.es\/colegiojuanvalera\/files\/2021\/04\/MIDE-completo-ruta-6-Subida-al-Puerto-del-Cerezo-Co-7208-Km.-6_001-1024x506.jpg 1024w, https:\/\/blogsaverroes.juntadeandalucia.es\/colegiojuanvalera\/files\/2021\/04\/MIDE-completo-ruta-6-Subida-al-Puerto-del-Cerezo-Co-7208-Km.-6_001-768x380.jpg 768w, https:\/\/blogsaverroes.juntadeandalucia.es\/colegiojuanvalera\/files\/2021\/04\/MIDE-completo-ruta-6-Subida-al-Puerto-del-Cerezo-Co-7208-Km.-6_001.jpg 1123w\" sizes=\"(max-width: 344px) 100vw, 344px\" \/><\/a><\/p>\n<table style=\"border-collapse: collapse;width: 100%;height: 182px\">\n<tbody>\n<tr style=\"height: 182px\">\n<td style=\"width: 100%;height: 182px;border-style: solid;border-color: #000000;background-color: #efe4f2\">\n<h4>Adem\u00e1s de ver toda la informaci\u00f3n de la ruta y las fotos del recorrido puedes cargarla en tu GPS, m\u00f3vil&nbsp; o smartwatch mediante el siguiente enlace&nbsp; <a href=\"https:\/\/blogsaverroes.juntadeandalucia.es\/colegiojuanvalera\/files\/2020\/09\/4a9afb75d899ac93-gif-animados-de-flechas-en-movimiento-imagui.gif\"><img loading=\"lazy\" decoding=\"async\" class=\"wp-image-6563 alignnone\" src=\"https:\/\/blogsaverroes.juntadeandalucia.es\/colegiojuanvalera\/files\/2020\/09\/4a9afb75d899ac93-gif-animados-de-flechas-en-movimiento-imagui-300x84.gif\" alt=\"\" width=\"129\" height=\"36\" srcset=\"https:\/\/blogsaverroes.juntadeandalucia.es\/colegiojuanvalera\/files\/2020\/09\/4a9afb75d899ac93-gif-animados-de-flechas-en-movimiento-imagui-300x84.gif 300w, https:\/\/blogsaverroes.juntadeandalucia.es\/colegiojuanvalera\/files\/2020\/09\/4a9afb75d899ac93-gif-animados-de-flechas-en-movimiento-imagui-768x215.gif 768w, https:\/\/blogsaverroes.juntadeandalucia.es\/colegiojuanvalera\/files\/2020\/09\/4a9afb75d899ac93-gif-animados-de-flechas-en-movimiento-imagui-24x7.gif 24w, https:\/\/blogsaverroes.juntadeandalucia.es\/colegiojuanvalera\/files\/2020\/09\/4a9afb75d899ac93-gif-animados-de-flechas-en-movimiento-imagui-36x10.gif 36w, https:\/\/blogsaverroes.juntadeandalucia.es\/colegiojuanvalera\/files\/2020\/09\/4a9afb75d899ac93-gif-animados-de-flechas-en-movimiento-imagui-48x13.gif 48w\" sizes=\"(max-width: 129px) 100vw, 129px\" \/><\/a><a style=\"font-size: 16px\" href=\"https:\/\/es.wikiloc.com\/rutas-senderismo\/puerto-del-cerezo-66537023\"><img loading=\"lazy\" decoding=\"async\" class=\"alignnone wp-image-6796\" src=\"https:\/\/blogsaverroes.juntadeandalucia.es\/colegiojuanvalera\/files\/2021\/02\/wikiloc-300x300.png\" alt=\"\" width=\"50\" height=\"50\" srcset=\"https:\/\/blogsaverroes.juntadeandalucia.es\/colegiojuanvalera\/files\/2021\/02\/wikiloc-300x300.png 300w, https:\/\/blogsaverroes.juntadeandalucia.es\/colegiojuanvalera\/files\/2021\/02\/wikiloc-150x150.png 150w, https:\/\/blogsaverroes.juntadeandalucia.es\/colegiojuanvalera\/files\/2021\/02\/wikiloc.png 512w\" sizes=\"(max-width: 50px) 100vw, 50px\" \/><\/a> Si quieres, comparte tu experiencia con nosotros en Facebook &nbsp;<a href=\"https:\/\/blogsaverroes.juntadeandalucia.es\/colegiojuanvalera\/files\/2020\/09\/4a9afb75d899ac93-gif-animados-de-flechas-en-movimiento-imagui.gif\"><img loading=\"lazy\" decoding=\"async\" class=\"wp-image-6563 alignnone\" src=\"https:\/\/blogsaverroes.juntadeandalucia.es\/colegiojuanvalera\/files\/2020\/09\/4a9afb75d899ac93-gif-animados-de-flechas-en-movimiento-imagui-300x84.gif\" alt=\"\" width=\"129\" height=\"36\" srcset=\"https:\/\/blogsaverroes.juntadeandalucia.es\/colegiojuanvalera\/files\/2020\/09\/4a9afb75d899ac93-gif-animados-de-flechas-en-movimiento-imagui-300x84.gif 300w, https:\/\/blogsaverroes.juntadeandalucia.es\/colegiojuanvalera\/files\/2020\/09\/4a9afb75d899ac93-gif-animados-de-flechas-en-movimiento-imagui-768x215.gif 768w, https:\/\/blogsaverroes.juntadeandalucia.es\/colegiojuanvalera\/files\/2020\/09\/4a9afb75d899ac93-gif-animados-de-flechas-en-movimiento-imagui-24x7.gif 24w, https:\/\/blogsaverroes.juntadeandalucia.es\/colegiojuanvalera\/files\/2020\/09\/4a9afb75d899ac93-gif-animados-de-flechas-en-movimiento-imagui-36x10.gif 36w, https:\/\/blogsaverroes.juntadeandalucia.es\/colegiojuanvalera\/files\/2020\/09\/4a9afb75d899ac93-gif-animados-de-flechas-en-movimiento-imagui-48x13.gif 48w\" sizes=\"(max-width: 129px) 100vw, 129px\" \/><\/a><a href=\"https:\/\/www.facebook.com\/ceip.juanvalera.5\"><img loading=\"lazy\" decoding=\"async\" class=\"alignnone wp-image-6819\" src=\"https:\/\/blogsaverroes.juntadeandalucia.es\/colegiojuanvalera\/files\/2021\/02\/Facebook-share-icon-300x300.png\" alt=\"\" width=\"52\" height=\"52\" srcset=\"https:\/\/blogsaverroes.juntadeandalucia.es\/colegiojuanvalera\/files\/2021\/02\/Facebook-share-icon-300x300.png 300w, https:\/\/blogsaverroes.juntadeandalucia.es\/colegiojuanvalera\/files\/2021\/02\/Facebook-share-icon-150x150.png 150w, https:\/\/blogsaverroes.juntadeandalucia.es\/colegiojuanvalera\/files\/2021\/02\/Facebook-share-icon-768x768.png 768w, https:\/\/blogsaverroes.juntadeandalucia.es\/colegiojuanvalera\/files\/2021\/02\/Facebook-share-icon.png 801w\" sizes=\"(max-width: 52px) 100vw, 52px\" \/><\/a><\/h4>\n<\/td>\n<\/tr>\n<\/tbody>\n<\/table>\n<ul>\n<li style=\"list-style-type: none\">\n<ul>\n<li style=\"list-style-type: none\">\n<ul>\n<li>Ruta que comienza en el km 6 de la carretera comarcal 7208 donde empieza el sendero que nos llevar\u00e1 desde la base del cerezo hasta la cima y el regreso por el mismo sendero.<\/li>\n<li>En la parte final de la ruta se puede apreciar unas maravillosas vistas.<\/li>\n<\/ul>\n<\/li>\n<\/ul>\n<\/li>\n<\/ul>\n<p>&nbsp;<\/p>\n<ul>\n<li>\n<h2><strong><em><span style=\"text-decoration: underline\">Ruta n\u00ba 7: (circular)<\/span><\/em><\/strong><strong style=\"font-size: 16px\"><em>&nbsp; <\/em><\/strong><strong style=\"font-size: 16px\"><em><span style=\"text-decoration: underline\"><a href=\"https:\/\/blogsaverroes.juntadeandalucia.es\/colegiojuanvalera\/files\/2021\/03\/Captura-de-pantalla-2021-03-11-a-las-22.40.04.png\"><img loading=\"lazy\" decoding=\"async\" class=\" wp-image-6851 alignnone\" src=\"https:\/\/blogsaverroes.juntadeandalucia.es\/colegiojuanvalera\/files\/2021\/03\/Captura-de-pantalla-2021-03-11-a-las-22.40.04.png\" alt=\"\" width=\"22\" height=\"22\" \/><\/a><\/span><\/em><\/strong><\/h2>\n<\/li>\n<\/ul>\n<p><a href=\"https:\/\/blogsaverroes.juntadeandalucia.es\/colegiojuanvalera\/files\/2021\/04\/MIDE-completo-ruta-7-Camino-el-Castillejo-Sendero-de-la-Luca_001.jpg\"><img loading=\"lazy\" decoding=\"async\" class=\"aligncenter wp-image-6965\" src=\"https:\/\/blogsaverroes.juntadeandalucia.es\/colegiojuanvalera\/files\/2021\/04\/MIDE-completo-ruta-7-Camino-el-Castillejo-Sendero-de-la-Luca_001-300x148.jpg\" alt=\"\" width=\"344\" height=\"170\" srcset=\"https:\/\/blogsaverroes.juntadeandalucia.es\/colegiojuanvalera\/files\/2021\/04\/MIDE-completo-ruta-7-Camino-el-Castillejo-Sendero-de-la-Luca_001-300x148.jpg 300w, https:\/\/blogsaverroes.juntadeandalucia.es\/colegiojuanvalera\/files\/2021\/04\/MIDE-completo-ruta-7-Camino-el-Castillejo-Sendero-de-la-Luca_001-1024x506.jpg 1024w, https:\/\/blogsaverroes.juntadeandalucia.es\/colegiojuanvalera\/files\/2021\/04\/MIDE-completo-ruta-7-Camino-el-Castillejo-Sendero-de-la-Luca_001-768x379.jpg 768w, https:\/\/blogsaverroes.juntadeandalucia.es\/colegiojuanvalera\/files\/2021\/04\/MIDE-completo-ruta-7-Camino-el-Castillejo-Sendero-de-la-Luca_001.jpg 1120w\" sizes=\"(max-width: 344px) 100vw, 344px\" \/><\/a><\/p>\n<table style=\"border-collapse: collapse;width: 100%\">\n<tbody>\n<tr>\n<td style=\"width: 100%;border-style: solid;border-color: #000000;background-color: #efe4f2\">\n<h4>Adem\u00e1s de ver toda la informaci\u00f3n de la ruta y las fotos del recorrido puedes cargarla en tu GPS, m\u00f3vil&nbsp; o smartwatch mediante los siguientes enlaces. &nbsp; <a href=\"https:\/\/blogsaverroes.juntadeandalucia.es\/colegiojuanvalera\/files\/2020\/09\/4a9afb75d899ac93-gif-animados-de-flechas-en-movimiento-imagui.gif\"><img loading=\"lazy\" decoding=\"async\" class=\"wp-image-6563 alignnone\" src=\"https:\/\/blogsaverroes.juntadeandalucia.es\/colegiojuanvalera\/files\/2020\/09\/4a9afb75d899ac93-gif-animados-de-flechas-en-movimiento-imagui-300x84.gif\" alt=\"\" width=\"129\" height=\"36\" srcset=\"https:\/\/blogsaverroes.juntadeandalucia.es\/colegiojuanvalera\/files\/2020\/09\/4a9afb75d899ac93-gif-animados-de-flechas-en-movimiento-imagui-300x84.gif 300w, https:\/\/blogsaverroes.juntadeandalucia.es\/colegiojuanvalera\/files\/2020\/09\/4a9afb75d899ac93-gif-animados-de-flechas-en-movimiento-imagui-768x215.gif 768w, https:\/\/blogsaverroes.juntadeandalucia.es\/colegiojuanvalera\/files\/2020\/09\/4a9afb75d899ac93-gif-animados-de-flechas-en-movimiento-imagui-24x7.gif 24w, https:\/\/blogsaverroes.juntadeandalucia.es\/colegiojuanvalera\/files\/2020\/09\/4a9afb75d899ac93-gif-animados-de-flechas-en-movimiento-imagui-36x10.gif 36w, https:\/\/blogsaverroes.juntadeandalucia.es\/colegiojuanvalera\/files\/2020\/09\/4a9afb75d899ac93-gif-animados-de-flechas-en-movimiento-imagui-48x13.gif 48w\" sizes=\"(max-width: 129px) 100vw, 129px\" \/><\/a><a style=\"font-size: 16px\" href=\"https:\/\/es.wikiloc.com\/rutas-senderismo\/carcabuey-67293889\"><img loading=\"lazy\" decoding=\"async\" class=\"alignnone wp-image-6796\" src=\"https:\/\/blogsaverroes.juntadeandalucia.es\/colegiojuanvalera\/files\/2021\/02\/wikiloc-300x300.png\" alt=\"\" width=\"50\" height=\"50\" srcset=\"https:\/\/blogsaverroes.juntadeandalucia.es\/colegiojuanvalera\/files\/2021\/02\/wikiloc-300x300.png 300w, https:\/\/blogsaverroes.juntadeandalucia.es\/colegiojuanvalera\/files\/2021\/02\/wikiloc-150x150.png 150w, https:\/\/blogsaverroes.juntadeandalucia.es\/colegiojuanvalera\/files\/2021\/02\/wikiloc.png 512w\" sizes=\"(max-width: 50px) 100vw, 50px\" \/><\/a> <a href=\"https:\/\/www.youtube.com\/watch?v=tBeqBWf1ADs\"><img loading=\"lazy\" decoding=\"async\" class=\"alignnone wp-image-6845\" src=\"https:\/\/blogsaverroes.juntadeandalucia.es\/colegiojuanvalera\/files\/2021\/03\/Youtube-300x300.png\" alt=\"\" width=\"50\" height=\"50\" srcset=\"https:\/\/blogsaverroes.juntadeandalucia.es\/colegiojuanvalera\/files\/2021\/03\/Youtube-300x300.png 300w, https:\/\/blogsaverroes.juntadeandalucia.es\/colegiojuanvalera\/files\/2021\/03\/Youtube-1024x1024.png 1024w, https:\/\/blogsaverroes.juntadeandalucia.es\/colegiojuanvalera\/files\/2021\/03\/Youtube-150x150.png 150w, https:\/\/blogsaverroes.juntadeandalucia.es\/colegiojuanvalera\/files\/2021\/03\/Youtube-768x768.png 768w, https:\/\/blogsaverroes.juntadeandalucia.es\/colegiojuanvalera\/files\/2021\/03\/Youtube.png 1200w\" sizes=\"(max-width: 50px) 100vw, 50px\" \/><\/a>Si quieres, comparte tu experiencia con nosotros en Facebook &nbsp;<a href=\"https:\/\/blogsaverroes.juntadeandalucia.es\/colegiojuanvalera\/files\/2020\/09\/4a9afb75d899ac93-gif-animados-de-flechas-en-movimiento-imagui.gif\"><img loading=\"lazy\" decoding=\"async\" class=\"wp-image-6563 alignnone\" src=\"https:\/\/blogsaverroes.juntadeandalucia.es\/colegiojuanvalera\/files\/2020\/09\/4a9afb75d899ac93-gif-animados-de-flechas-en-movimiento-imagui-300x84.gif\" alt=\"\" width=\"129\" height=\"36\" srcset=\"https:\/\/blogsaverroes.juntadeandalucia.es\/colegiojuanvalera\/files\/2020\/09\/4a9afb75d899ac93-gif-animados-de-flechas-en-movimiento-imagui-300x84.gif 300w, https:\/\/blogsaverroes.juntadeandalucia.es\/colegiojuanvalera\/files\/2020\/09\/4a9afb75d899ac93-gif-animados-de-flechas-en-movimiento-imagui-768x215.gif 768w, https:\/\/blogsaverroes.juntadeandalucia.es\/colegiojuanvalera\/files\/2020\/09\/4a9afb75d899ac93-gif-animados-de-flechas-en-movimiento-imagui-24x7.gif 24w, https:\/\/blogsaverroes.juntadeandalucia.es\/colegiojuanvalera\/files\/2020\/09\/4a9afb75d899ac93-gif-animados-de-flechas-en-movimiento-imagui-36x10.gif 36w, https:\/\/blogsaverroes.juntadeandalucia.es\/colegiojuanvalera\/files\/2020\/09\/4a9afb75d899ac93-gif-animados-de-flechas-en-movimiento-imagui-48x13.gif 48w\" sizes=\"(max-width: 129px) 100vw, 129px\" \/><\/a><a href=\"https:\/\/www.facebook.com\/ceip.juanvalera.5\"><img loading=\"lazy\" decoding=\"async\" class=\"alignnone wp-image-6819\" src=\"https:\/\/blogsaverroes.juntadeandalucia.es\/colegiojuanvalera\/files\/2021\/02\/Facebook-share-icon-300x300.png\" alt=\"\" width=\"52\" height=\"52\" srcset=\"https:\/\/blogsaverroes.juntadeandalucia.es\/colegiojuanvalera\/files\/2021\/02\/Facebook-share-icon-300x300.png 300w, https:\/\/blogsaverroes.juntadeandalucia.es\/colegiojuanvalera\/files\/2021\/02\/Facebook-share-icon-150x150.png 150w, https:\/\/blogsaverroes.juntadeandalucia.es\/colegiojuanvalera\/files\/2021\/02\/Facebook-share-icon-768x768.png 768w, https:\/\/blogsaverroes.juntadeandalucia.es\/colegiojuanvalera\/files\/2021\/02\/Facebook-share-icon.png 801w\" sizes=\"(max-width: 52px) 100vw, 52px\" \/><\/a><\/h4>\n<\/td>\n<\/tr>\n<\/tbody>\n<\/table>\n<ul>\n<li style=\"list-style-type: none\">\n<ul>\n<li style=\"list-style-type: none\">\n<ul>\n<li>Ruta circular para hacerla desde Carcabuey o en su caso empezando como os hemos trazado desde km 12 de la carretera hacia Priego (donde dejaremos los coches en una explanada a la izquierda).<\/li>\n<li>Desde ah\u00ed comenzaremos nuestra ruta. Una vez pasado el arroyo y entre unas piedras comienza la subida para hacer el Castillejo y una parte del sendero de la Luca hacia la entrada de Carcabuey.<\/li>\n<\/ul>\n<\/li>\n<\/ul>\n<\/li>\n<\/ul>\n<ul>\n<li>\n<h2><strong><em><span style=\"text-decoration: underline\">Ruta n\u00ba 8: (circular)<\/span> &nbsp;<a href=\"https:\/\/blogsaverroes.juntadeandalucia.es\/colegiojuanvalera\/files\/2021\/03\/Captura-de-pantalla-2021-03-11-a-las-22.40.04.png\"><img loading=\"lazy\" decoding=\"async\" class=\" wp-image-6851 alignnone\" src=\"https:\/\/blogsaverroes.juntadeandalucia.es\/colegiojuanvalera\/files\/2021\/03\/Captura-de-pantalla-2021-03-11-a-las-22.40.04.png\" alt=\"\" width=\"22\" height=\"22\" \/><\/a><\/em><\/strong><\/h2>\n<\/li>\n<\/ul>\n<p><a href=\"https:\/\/blogsaverroes.juntadeandalucia.es\/colegiojuanvalera\/files\/2021\/04\/MIDE-completo-ruta-8-Sendero-de-la-Pila-Torre-de-la-Plata-Fuente-de-Camarena_001.jpg\"><img loading=\"lazy\" decoding=\"async\" class=\"aligncenter wp-image-6966\" src=\"https:\/\/blogsaverroes.juntadeandalucia.es\/colegiojuanvalera\/files\/2021\/04\/MIDE-completo-ruta-8-Sendero-de-la-Pila-Torre-de-la-Plata-Fuente-de-Camarena_001-300x158.jpg\" alt=\"\" width=\"322\" height=\"170\" srcset=\"https:\/\/blogsaverroes.juntadeandalucia.es\/colegiojuanvalera\/files\/2021\/04\/MIDE-completo-ruta-8-Sendero-de-la-Pila-Torre-de-la-Plata-Fuente-de-Camarena_001-300x158.jpg 300w, https:\/\/blogsaverroes.juntadeandalucia.es\/colegiojuanvalera\/files\/2021\/04\/MIDE-completo-ruta-8-Sendero-de-la-Pila-Torre-de-la-Plata-Fuente-de-Camarena_001-1024x540.jpg 1024w, https:\/\/blogsaverroes.juntadeandalucia.es\/colegiojuanvalera\/files\/2021\/04\/MIDE-completo-ruta-8-Sendero-de-la-Pila-Torre-de-la-Plata-Fuente-de-Camarena_001-768x405.jpg 768w, https:\/\/blogsaverroes.juntadeandalucia.es\/colegiojuanvalera\/files\/2021\/04\/MIDE-completo-ruta-8-Sendero-de-la-Pila-Torre-de-la-Plata-Fuente-de-Camarena_001.jpg 1130w\" sizes=\"(max-width: 322px) 100vw, 322px\" \/><\/a><\/p>\n<table style=\"border-collapse: collapse;width: 100%\">\n<tbody>\n<tr>\n<td style=\"width: 100%;border-style: solid;border-color: #000000;background-color: #efe4f2\">\n<h4>Adem\u00e1s de ver toda la informaci\u00f3n de la ruta y las fotos del recorrido puedes cargarla en tu GPS, m\u00f3vil&nbsp; o smartwatch mediante los siguientes enlaces. &nbsp; <a href=\"https:\/\/blogsaverroes.juntadeandalucia.es\/colegiojuanvalera\/files\/2020\/09\/4a9afb75d899ac93-gif-animados-de-flechas-en-movimiento-imagui.gif\"><img loading=\"lazy\" decoding=\"async\" class=\"wp-image-6563 alignnone\" src=\"https:\/\/blogsaverroes.juntadeandalucia.es\/colegiojuanvalera\/files\/2020\/09\/4a9afb75d899ac93-gif-animados-de-flechas-en-movimiento-imagui-300x84.gif\" alt=\"\" width=\"129\" height=\"36\" srcset=\"https:\/\/blogsaverroes.juntadeandalucia.es\/colegiojuanvalera\/files\/2020\/09\/4a9afb75d899ac93-gif-animados-de-flechas-en-movimiento-imagui-300x84.gif 300w, https:\/\/blogsaverroes.juntadeandalucia.es\/colegiojuanvalera\/files\/2020\/09\/4a9afb75d899ac93-gif-animados-de-flechas-en-movimiento-imagui-768x215.gif 768w, https:\/\/blogsaverroes.juntadeandalucia.es\/colegiojuanvalera\/files\/2020\/09\/4a9afb75d899ac93-gif-animados-de-flechas-en-movimiento-imagui-24x7.gif 24w, https:\/\/blogsaverroes.juntadeandalucia.es\/colegiojuanvalera\/files\/2020\/09\/4a9afb75d899ac93-gif-animados-de-flechas-en-movimiento-imagui-36x10.gif 36w, https:\/\/blogsaverroes.juntadeandalucia.es\/colegiojuanvalera\/files\/2020\/09\/4a9afb75d899ac93-gif-animados-de-flechas-en-movimiento-imagui-48x13.gif 48w\" sizes=\"(max-width: 129px) 100vw, 129px\" \/><\/a><a style=\"font-size: 16px\" href=\"https:\/\/es.wikiloc.com\/rutas-senderismo\/sendero-de-la-pila-y-torre-de-la-plata-67660702\"><img loading=\"lazy\" decoding=\"async\" class=\"alignnone wp-image-6796\" src=\"https:\/\/blogsaverroes.juntadeandalucia.es\/colegiojuanvalera\/files\/2021\/02\/wikiloc-300x300.png\" alt=\"\" width=\"50\" height=\"50\" srcset=\"https:\/\/blogsaverroes.juntadeandalucia.es\/colegiojuanvalera\/files\/2021\/02\/wikiloc-300x300.png 300w, https:\/\/blogsaverroes.juntadeandalucia.es\/colegiojuanvalera\/files\/2021\/02\/wikiloc-150x150.png 150w, https:\/\/blogsaverroes.juntadeandalucia.es\/colegiojuanvalera\/files\/2021\/02\/wikiloc.png 512w\" sizes=\"(max-width: 50px) 100vw, 50px\" \/><\/a><a href=\"https:\/\/youtu.be\/YGXpZOfbVFA\"><img loading=\"lazy\" decoding=\"async\" class=\"alignnone wp-image-6845\" src=\"https:\/\/blogsaverroes.juntadeandalucia.es\/colegiojuanvalera\/files\/2021\/03\/Youtube-300x300.png\" alt=\"\" width=\"50\" height=\"51\" srcset=\"https:\/\/blogsaverroes.juntadeandalucia.es\/colegiojuanvalera\/files\/2021\/03\/Youtube-300x300.png 300w, https:\/\/blogsaverroes.juntadeandalucia.es\/colegiojuanvalera\/files\/2021\/03\/Youtube-1024x1024.png 1024w, https:\/\/blogsaverroes.juntadeandalucia.es\/colegiojuanvalera\/files\/2021\/03\/Youtube-150x150.png 150w, https:\/\/blogsaverroes.juntadeandalucia.es\/colegiojuanvalera\/files\/2021\/03\/Youtube-768x768.png 768w, https:\/\/blogsaverroes.juntadeandalucia.es\/colegiojuanvalera\/files\/2021\/03\/Youtube.png 1200w\" sizes=\"(max-width: 50px) 100vw, 50px\" \/><\/a><\/h4>\n<h4>Si quieres, comparte tu experiencia con nosotros en Facebook &nbsp;<a href=\"https:\/\/blogsaverroes.juntadeandalucia.es\/colegiojuanvalera\/files\/2020\/09\/4a9afb75d899ac93-gif-animados-de-flechas-en-movimiento-imagui.gif\"><img loading=\"lazy\" decoding=\"async\" class=\"wp-image-6563 alignnone\" src=\"https:\/\/blogsaverroes.juntadeandalucia.es\/colegiojuanvalera\/files\/2020\/09\/4a9afb75d899ac93-gif-animados-de-flechas-en-movimiento-imagui-300x84.gif\" alt=\"\" width=\"129\" height=\"36\" srcset=\"https:\/\/blogsaverroes.juntadeandalucia.es\/colegiojuanvalera\/files\/2020\/09\/4a9afb75d899ac93-gif-animados-de-flechas-en-movimiento-imagui-300x84.gif 300w, https:\/\/blogsaverroes.juntadeandalucia.es\/colegiojuanvalera\/files\/2020\/09\/4a9afb75d899ac93-gif-animados-de-flechas-en-movimiento-imagui-768x215.gif 768w, https:\/\/blogsaverroes.juntadeandalucia.es\/colegiojuanvalera\/files\/2020\/09\/4a9afb75d899ac93-gif-animados-de-flechas-en-movimiento-imagui-24x7.gif 24w, https:\/\/blogsaverroes.juntadeandalucia.es\/colegiojuanvalera\/files\/2020\/09\/4a9afb75d899ac93-gif-animados-de-flechas-en-movimiento-imagui-36x10.gif 36w, https:\/\/blogsaverroes.juntadeandalucia.es\/colegiojuanvalera\/files\/2020\/09\/4a9afb75d899ac93-gif-animados-de-flechas-en-movimiento-imagui-48x13.gif 48w\" sizes=\"(max-width: 129px) 100vw, 129px\" \/><\/a><a href=\"https:\/\/www.facebook.com\/ceip.juanvalera.5\"><img loading=\"lazy\" decoding=\"async\" class=\"alignnone wp-image-6819\" src=\"https:\/\/blogsaverroes.juntadeandalucia.es\/colegiojuanvalera\/files\/2021\/02\/Facebook-share-icon-300x300.png\" alt=\"\" width=\"52\" height=\"52\" srcset=\"https:\/\/blogsaverroes.juntadeandalucia.es\/colegiojuanvalera\/files\/2021\/02\/Facebook-share-icon-300x300.png 300w, https:\/\/blogsaverroes.juntadeandalucia.es\/colegiojuanvalera\/files\/2021\/02\/Facebook-share-icon-150x150.png 150w, https:\/\/blogsaverroes.juntadeandalucia.es\/colegiojuanvalera\/files\/2021\/02\/Facebook-share-icon-768x768.png 768w, https:\/\/blogsaverroes.juntadeandalucia.es\/colegiojuanvalera\/files\/2021\/02\/Facebook-share-icon.png 801w\" sizes=\"(max-width: 52px) 100vw, 52px\" \/><\/a><\/h4>\n<\/td>\n<\/tr>\n<\/tbody>\n<\/table>\n<ul>\n<li style=\"list-style-type: none\">\n<ul>\n<li style=\"list-style-type: none\">\n<ul>\n<li>Ruta que transcurre entro los t\u00e9rminos de Cabra y Do\u00f1a Menc\u00eda, transita por una parte del camino moz\u00e1rabe de M\u00e1laga. Empezaremos en el punto kilom\u00e9trico 5 de la comarcal 6211, junto al t\u00fanel del plant\u00edo de la v\u00eda verde direcci\u00f3n Do\u00f1a Menc\u00eda.<\/li>\n<li>Durante un km aproximadamente marcharemos por la v\u00eda verde hasta un camino que nos llevar\u00e1 a la fuente de Camarena o Majaral.<\/li>\n<li>Seguiremos por dicho camino con una peque\u00f1a pendiente para continuar por el sendero de la pila hasta la torre la plata.<\/li>\n<li>Seguidamente en la v\u00eda verde, a la cual nos incorporaremos, continuaremos en direcci\u00f3n Cabra.<\/li>\n<\/ul>\n<\/li>\n<\/ul>\n<\/li>\n<\/ul>\n<ul>\n<li>\n<h2><strong><em><span style=\"text-decoration: underline\">Ruta n\u00ba 9: (circular)<\/span> <a href=\"https:\/\/blogsaverroes.juntadeandalucia.es\/colegiojuanvalera\/files\/2021\/03\/Captura-de-pantalla-2021-03-11-a-las-22.40.04.png\"><img loading=\"lazy\" decoding=\"async\" class=\" wp-image-6851 alignnone\" src=\"https:\/\/blogsaverroes.juntadeandalucia.es\/colegiojuanvalera\/files\/2021\/03\/Captura-de-pantalla-2021-03-11-a-las-22.40.04.png\" alt=\"\" width=\"22\" height=\"22\" \/><\/a>&nbsp;<\/em><\/strong><\/h2>\n<\/li>\n<\/ul>\n<p><a href=\"https:\/\/blogsaverroes.juntadeandalucia.es\/colegiojuanvalera\/files\/2021\/04\/MIDE-completo-ruta-9-1\u00aa-parte-de-subida-al-Jard\u00edn-del-Moro_001.jpg\"><img loading=\"lazy\" decoding=\"async\" class=\"aligncenter wp-image-6967\" src=\"https:\/\/blogsaverroes.juntadeandalucia.es\/colegiojuanvalera\/files\/2021\/04\/MIDE-completo-ruta-9-1\u00aa-parte-de-subida-al-Jard\u00edn-del-Moro_001-300x148.jpg\" alt=\"\" width=\"344\" height=\"170\" srcset=\"https:\/\/blogsaverroes.juntadeandalucia.es\/colegiojuanvalera\/files\/2021\/04\/MIDE-completo-ruta-9-1\u00aa-parte-de-subida-al-Jard\u00edn-del-Moro_001-300x148.jpg 300w, https:\/\/blogsaverroes.juntadeandalucia.es\/colegiojuanvalera\/files\/2021\/04\/MIDE-completo-ruta-9-1\u00aa-parte-de-subida-al-Jard\u00edn-del-Moro_001-1024x507.jpg 1024w, https:\/\/blogsaverroes.juntadeandalucia.es\/colegiojuanvalera\/files\/2021\/04\/MIDE-completo-ruta-9-1\u00aa-parte-de-subida-al-Jard\u00edn-del-Moro_001-768x380.jpg 768w, https:\/\/blogsaverroes.juntadeandalucia.es\/colegiojuanvalera\/files\/2021\/04\/MIDE-completo-ruta-9-1\u00aa-parte-de-subida-al-Jard\u00edn-del-Moro_001.jpg 1128w\" sizes=\"(max-width: 344px) 100vw, 344px\" \/><\/a><\/p>\n<table style=\"border-collapse: collapse;width: 100%\">\n<tbody>\n<tr>\n<td style=\"width: 100%;border-style: solid;border-color: #000000;background-color: #efe4f2\">\n<h4>Adem\u00e1s de ver toda la informaci\u00f3n de la ruta y las fotos del recorrido puedes cargarla en tu GPS, m\u00f3vil&nbsp; o smartwatch mediante los siguientes enlaces. &nbsp; <a href=\"https:\/\/blogsaverroes.juntadeandalucia.es\/colegiojuanvalera\/files\/2020\/09\/4a9afb75d899ac93-gif-animados-de-flechas-en-movimiento-imagui.gif\"><img loading=\"lazy\" decoding=\"async\" class=\"wp-image-6563 alignnone\" src=\"https:\/\/blogsaverroes.juntadeandalucia.es\/colegiojuanvalera\/files\/2020\/09\/4a9afb75d899ac93-gif-animados-de-flechas-en-movimiento-imagui-300x84.gif\" alt=\"\" width=\"129\" height=\"36\" srcset=\"https:\/\/blogsaverroes.juntadeandalucia.es\/colegiojuanvalera\/files\/2020\/09\/4a9afb75d899ac93-gif-animados-de-flechas-en-movimiento-imagui-300x84.gif 300w, https:\/\/blogsaverroes.juntadeandalucia.es\/colegiojuanvalera\/files\/2020\/09\/4a9afb75d899ac93-gif-animados-de-flechas-en-movimiento-imagui-768x215.gif 768w, https:\/\/blogsaverroes.juntadeandalucia.es\/colegiojuanvalera\/files\/2020\/09\/4a9afb75d899ac93-gif-animados-de-flechas-en-movimiento-imagui-24x7.gif 24w, https:\/\/blogsaverroes.juntadeandalucia.es\/colegiojuanvalera\/files\/2020\/09\/4a9afb75d899ac93-gif-animados-de-flechas-en-movimiento-imagui-36x10.gif 36w, https:\/\/blogsaverroes.juntadeandalucia.es\/colegiojuanvalera\/files\/2020\/09\/4a9afb75d899ac93-gif-animados-de-flechas-en-movimiento-imagui-48x13.gif 48w\" sizes=\"(max-width: 129px) 100vw, 129px\" \/><\/a><a style=\"font-size: 16px\" href=\"https:\/\/es.wikiloc.com\/rutas-senderismo\/primera-parte-de-la-subida-al-jardin-del-moro-desde-cortijo-vichira-68521261\"><img loading=\"lazy\" decoding=\"async\" class=\"alignnone wp-image-6796\" src=\"https:\/\/blogsaverroes.juntadeandalucia.es\/colegiojuanvalera\/files\/2021\/02\/wikiloc-300x300.png\" alt=\"\" width=\"50\" height=\"50\" srcset=\"https:\/\/blogsaverroes.juntadeandalucia.es\/colegiojuanvalera\/files\/2021\/02\/wikiloc-300x300.png 300w, https:\/\/blogsaverroes.juntadeandalucia.es\/colegiojuanvalera\/files\/2021\/02\/wikiloc-150x150.png 150w, https:\/\/blogsaverroes.juntadeandalucia.es\/colegiojuanvalera\/files\/2021\/02\/wikiloc.png 512w\" sizes=\"(max-width: 50px) 100vw, 50px\" \/><\/a> <a href=\"https:\/\/www.youtube.com\/watch?v=dspe8I1yMu0\"><img loading=\"lazy\" decoding=\"async\" class=\"alignnone wp-image-6845\" src=\"https:\/\/blogsaverroes.juntadeandalucia.es\/colegiojuanvalera\/files\/2021\/03\/Youtube-300x300.png\" alt=\"\" width=\"50\" height=\"51\" srcset=\"https:\/\/blogsaverroes.juntadeandalucia.es\/colegiojuanvalera\/files\/2021\/03\/Youtube-300x300.png 300w, https:\/\/blogsaverroes.juntadeandalucia.es\/colegiojuanvalera\/files\/2021\/03\/Youtube-1024x1024.png 1024w, https:\/\/blogsaverroes.juntadeandalucia.es\/colegiojuanvalera\/files\/2021\/03\/Youtube-150x150.png 150w, https:\/\/blogsaverroes.juntadeandalucia.es\/colegiojuanvalera\/files\/2021\/03\/Youtube-768x768.png 768w, https:\/\/blogsaverroes.juntadeandalucia.es\/colegiojuanvalera\/files\/2021\/03\/Youtube.png 1200w\" sizes=\"(max-width: 50px) 100vw, 50px\" \/><\/a>Si quieres, comparte tu experiencia con nosotros en Facebook &nbsp;<a href=\"https:\/\/blogsaverroes.juntadeandalucia.es\/colegiojuanvalera\/files\/2020\/09\/4a9afb75d899ac93-gif-animados-de-flechas-en-movimiento-imagui.gif\"><img loading=\"lazy\" decoding=\"async\" class=\"wp-image-6563 alignnone\" src=\"https:\/\/blogsaverroes.juntadeandalucia.es\/colegiojuanvalera\/files\/2020\/09\/4a9afb75d899ac93-gif-animados-de-flechas-en-movimiento-imagui-300x84.gif\" alt=\"\" width=\"129\" height=\"36\" srcset=\"https:\/\/blogsaverroes.juntadeandalucia.es\/colegiojuanvalera\/files\/2020\/09\/4a9afb75d899ac93-gif-animados-de-flechas-en-movimiento-imagui-300x84.gif 300w, https:\/\/blogsaverroes.juntadeandalucia.es\/colegiojuanvalera\/files\/2020\/09\/4a9afb75d899ac93-gif-animados-de-flechas-en-movimiento-imagui-768x215.gif 768w, https:\/\/blogsaverroes.juntadeandalucia.es\/colegiojuanvalera\/files\/2020\/09\/4a9afb75d899ac93-gif-animados-de-flechas-en-movimiento-imagui-24x7.gif 24w, https:\/\/blogsaverroes.juntadeandalucia.es\/colegiojuanvalera\/files\/2020\/09\/4a9afb75d899ac93-gif-animados-de-flechas-en-movimiento-imagui-36x10.gif 36w, https:\/\/blogsaverroes.juntadeandalucia.es\/colegiojuanvalera\/files\/2020\/09\/4a9afb75d899ac93-gif-animados-de-flechas-en-movimiento-imagui-48x13.gif 48w\" sizes=\"(max-width: 129px) 100vw, 129px\" \/><\/a><a href=\"https:\/\/www.facebook.com\/ceip.juanvalera.5\"><img loading=\"lazy\" decoding=\"async\" class=\"alignnone wp-image-6819\" src=\"https:\/\/blogsaverroes.juntadeandalucia.es\/colegiojuanvalera\/files\/2021\/02\/Facebook-share-icon-300x300.png\" alt=\"\" width=\"52\" height=\"52\" srcset=\"https:\/\/blogsaverroes.juntadeandalucia.es\/colegiojuanvalera\/files\/2021\/02\/Facebook-share-icon-300x300.png 300w, https:\/\/blogsaverroes.juntadeandalucia.es\/colegiojuanvalera\/files\/2021\/02\/Facebook-share-icon-150x150.png 150w, https:\/\/blogsaverroes.juntadeandalucia.es\/colegiojuanvalera\/files\/2021\/02\/Facebook-share-icon-768x768.png 768w, https:\/\/blogsaverroes.juntadeandalucia.es\/colegiojuanvalera\/files\/2021\/02\/Facebook-share-icon.png 801w\" sizes=\"(max-width: 52px) 100vw, 52px\" \/><\/a><\/h4>\n<\/td>\n<\/tr>\n<\/tbody>\n<\/table>\n<ul>\n<li style=\"list-style-type: none\">\n<ul>\n<li style=\"list-style-type: none\">\n<ul>\n<li>Salida desde cortijo Vichira a d\u00f3nde accederemos por la CO 7212 y CO 8213. Tened en cuenta que este track es la primera parte de la subida al jard\u00edn del moro.<\/li>\n<\/ul>\n<\/li>\n<\/ul>\n<\/li>\n<\/ul>\n<ul>\n<li>\n<h2><strong><em><span style=\"text-decoration: underline\">Ruta n\u00ba 10: (circular)<\/span> <a href=\"https:\/\/blogsaverroes.juntadeandalucia.es\/colegiojuanvalera\/files\/2021\/03\/Captura-de-pantalla-2021-03-11-a-las-22.40.04.png\"><img loading=\"lazy\" decoding=\"async\" class=\" wp-image-6851 alignnone\" src=\"https:\/\/blogsaverroes.juntadeandalucia.es\/colegiojuanvalera\/files\/2021\/03\/Captura-de-pantalla-2021-03-11-a-las-22.40.04.png\" alt=\"\" width=\"22\" height=\"22\" \/><\/a>&nbsp;<\/em><\/strong><\/h2>\n<\/li>\n<\/ul>\n<p><a href=\"https:\/\/blogsaverroes.juntadeandalucia.es\/colegiojuanvalera\/files\/2021\/04\/MIDE-completo-ruta-10-Cueva-de-la-Higuera-Atalaya-Pisada-del-caballo-V\u00e9rtice-geod\u00e9sico-y-calle-de-la-amargura_001-1.jpg\"><img loading=\"lazy\" decoding=\"async\" class=\"aligncenter wp-image-7059\" src=\"https:\/\/blogsaverroes.juntadeandalucia.es\/colegiojuanvalera\/files\/2021\/04\/MIDE-completo-ruta-10-Cueva-de-la-Higuera-Atalaya-Pisada-del-caballo-V\u00e9rtice-geod\u00e9sico-y-calle-de-la-amargura_001-1-300x176.jpg\" alt=\"\" width=\"345\" height=\"202\" srcset=\"https:\/\/blogsaverroes.juntadeandalucia.es\/colegiojuanvalera\/files\/2021\/04\/MIDE-completo-ruta-10-Cueva-de-la-Higuera-Atalaya-Pisada-del-caballo-V\u00e9rtice-geod\u00e9sico-y-calle-de-la-amargura_001-1-300x176.jpg 300w, https:\/\/blogsaverroes.juntadeandalucia.es\/colegiojuanvalera\/files\/2021\/04\/MIDE-completo-ruta-10-Cueva-de-la-Higuera-Atalaya-Pisada-del-caballo-V\u00e9rtice-geod\u00e9sico-y-calle-de-la-amargura_001-1-1024x600.jpg 1024w, https:\/\/blogsaverroes.juntadeandalucia.es\/colegiojuanvalera\/files\/2021\/04\/MIDE-completo-ruta-10-Cueva-de-la-Higuera-Atalaya-Pisada-del-caballo-V\u00e9rtice-geod\u00e9sico-y-calle-de-la-amargura_001-1-768x450.jpg 768w, https:\/\/blogsaverroes.juntadeandalucia.es\/colegiojuanvalera\/files\/2021\/04\/MIDE-completo-ruta-10-Cueva-de-la-Higuera-Atalaya-Pisada-del-caballo-V\u00e9rtice-geod\u00e9sico-y-calle-de-la-amargura_001-1.jpg 1183w\" sizes=\"(max-width: 345px) 100vw, 345px\" \/><\/a><\/p>\n<table style=\"border-collapse: collapse;width: 100%\">\n<tbody>\n<tr>\n<td style=\"width: 100%;border-style: solid;border-color: #000000;background-color: #efe4f2\">\n<h4>Adem\u00e1s de ver toda la informaci\u00f3n de la ruta y las fotos del recorrido puedes cargarla en tu GPS, m\u00f3vil&nbsp; o smartwatch mediante los siguientes enlaces. &nbsp; <a href=\"https:\/\/blogsaverroes.juntadeandalucia.es\/colegiojuanvalera\/files\/2020\/09\/4a9afb75d899ac93-gif-animados-de-flechas-en-movimiento-imagui.gif\"><img loading=\"lazy\" decoding=\"async\" class=\"wp-image-6563 alignnone\" src=\"https:\/\/blogsaverroes.juntadeandalucia.es\/colegiojuanvalera\/files\/2020\/09\/4a9afb75d899ac93-gif-animados-de-flechas-en-movimiento-imagui-300x84.gif\" alt=\"\" width=\"129\" height=\"36\" srcset=\"https:\/\/blogsaverroes.juntadeandalucia.es\/colegiojuanvalera\/files\/2020\/09\/4a9afb75d899ac93-gif-animados-de-flechas-en-movimiento-imagui-300x84.gif 300w, https:\/\/blogsaverroes.juntadeandalucia.es\/colegiojuanvalera\/files\/2020\/09\/4a9afb75d899ac93-gif-animados-de-flechas-en-movimiento-imagui-768x215.gif 768w, https:\/\/blogsaverroes.juntadeandalucia.es\/colegiojuanvalera\/files\/2020\/09\/4a9afb75d899ac93-gif-animados-de-flechas-en-movimiento-imagui-24x7.gif 24w, https:\/\/blogsaverroes.juntadeandalucia.es\/colegiojuanvalera\/files\/2020\/09\/4a9afb75d899ac93-gif-animados-de-flechas-en-movimiento-imagui-36x10.gif 36w, https:\/\/blogsaverroes.juntadeandalucia.es\/colegiojuanvalera\/files\/2020\/09\/4a9afb75d899ac93-gif-animados-de-flechas-en-movimiento-imagui-48x13.gif 48w\" sizes=\"(max-width: 129px) 100vw, 129px\" \/><\/a><a style=\"font-size: 16px\" href=\"https:\/\/es.wikiloc.com\/rutas-senderismo\/rutas-saludables-c-e-i-p-juan-valera-subida-a-la-atalaya-punto-geodesico-pisasaa-del-caballo-70258440\"><img loading=\"lazy\" decoding=\"async\" class=\"alignnone wp-image-6796\" src=\"https:\/\/blogsaverroes.juntadeandalucia.es\/colegiojuanvalera\/files\/2021\/02\/wikiloc-300x300.png\" alt=\"\" width=\"50\" height=\"50\" srcset=\"https:\/\/blogsaverroes.juntadeandalucia.es\/colegiojuanvalera\/files\/2021\/02\/wikiloc-300x300.png 300w, https:\/\/blogsaverroes.juntadeandalucia.es\/colegiojuanvalera\/files\/2021\/02\/wikiloc-150x150.png 150w, https:\/\/blogsaverroes.juntadeandalucia.es\/colegiojuanvalera\/files\/2021\/02\/wikiloc.png 512w\" sizes=\"(max-width: 50px) 100vw, 50px\" \/><\/a> <a href=\"https:\/\/www.youtube.com\/watch?v=tUBJx82_VX4\"><img loading=\"lazy\" decoding=\"async\" class=\"alignnone wp-image-6845\" src=\"https:\/\/blogsaverroes.juntadeandalucia.es\/colegiojuanvalera\/files\/2021\/03\/Youtube-300x300.png\" alt=\"\" width=\"50\" height=\"51\" srcset=\"https:\/\/blogsaverroes.juntadeandalucia.es\/colegiojuanvalera\/files\/2021\/03\/Youtube-300x300.png 300w, https:\/\/blogsaverroes.juntadeandalucia.es\/colegiojuanvalera\/files\/2021\/03\/Youtube-1024x1024.png 1024w, https:\/\/blogsaverroes.juntadeandalucia.es\/colegiojuanvalera\/files\/2021\/03\/Youtube-150x150.png 150w, https:\/\/blogsaverroes.juntadeandalucia.es\/colegiojuanvalera\/files\/2021\/03\/Youtube-768x768.png 768w, https:\/\/blogsaverroes.juntadeandalucia.es\/colegiojuanvalera\/files\/2021\/03\/Youtube.png 1200w\" sizes=\"(max-width: 50px) 100vw, 50px\" \/><\/a>Si quieres, comparte tu experiencia con nosotros en Facebook &nbsp;<a href=\"https:\/\/blogsaverroes.juntadeandalucia.es\/colegiojuanvalera\/files\/2020\/09\/4a9afb75d899ac93-gif-animados-de-flechas-en-movimiento-imagui.gif\"><img loading=\"lazy\" decoding=\"async\" class=\"wp-image-6563 alignnone\" src=\"https:\/\/blogsaverroes.juntadeandalucia.es\/colegiojuanvalera\/files\/2020\/09\/4a9afb75d899ac93-gif-animados-de-flechas-en-movimiento-imagui-300x84.gif\" alt=\"\" width=\"129\" height=\"36\" srcset=\"https:\/\/blogsaverroes.juntadeandalucia.es\/colegiojuanvalera\/files\/2020\/09\/4a9afb75d899ac93-gif-animados-de-flechas-en-movimiento-imagui-300x84.gif 300w, https:\/\/blogsaverroes.juntadeandalucia.es\/colegiojuanvalera\/files\/2020\/09\/4a9afb75d899ac93-gif-animados-de-flechas-en-movimiento-imagui-768x215.gif 768w, https:\/\/blogsaverroes.juntadeandalucia.es\/colegiojuanvalera\/files\/2020\/09\/4a9afb75d899ac93-gif-animados-de-flechas-en-movimiento-imagui-24x7.gif 24w, https:\/\/blogsaverroes.juntadeandalucia.es\/colegiojuanvalera\/files\/2020\/09\/4a9afb75d899ac93-gif-animados-de-flechas-en-movimiento-imagui-36x10.gif 36w, https:\/\/blogsaverroes.juntadeandalucia.es\/colegiojuanvalera\/files\/2020\/09\/4a9afb75d899ac93-gif-animados-de-flechas-en-movimiento-imagui-48x13.gif 48w\" sizes=\"(max-width: 129px) 100vw, 129px\" \/><\/a><a href=\"https:\/\/www.facebook.com\/ceip.juanvalera.5\"><img loading=\"lazy\" decoding=\"async\" class=\"alignnone wp-image-6819\" src=\"https:\/\/blogsaverroes.juntadeandalucia.es\/colegiojuanvalera\/files\/2021\/02\/Facebook-share-icon-300x300.png\" alt=\"\" width=\"52\" height=\"52\" srcset=\"https:\/\/blogsaverroes.juntadeandalucia.es\/colegiojuanvalera\/files\/2021\/02\/Facebook-share-icon-300x300.png 300w, https:\/\/blogsaverroes.juntadeandalucia.es\/colegiojuanvalera\/files\/2021\/02\/Facebook-share-icon-150x150.png 150w, https:\/\/blogsaverroes.juntadeandalucia.es\/colegiojuanvalera\/files\/2021\/02\/Facebook-share-icon-768x768.png 768w, https:\/\/blogsaverroes.juntadeandalucia.es\/colegiojuanvalera\/files\/2021\/02\/Facebook-share-icon.png 801w\" sizes=\"(max-width: 52px) 100vw, 52px\" \/><\/a><\/h4>\n<\/td>\n<\/tr>\n<\/tbody>\n<\/table>\n<ul>\n<li style=\"list-style-type: none\">\n<ul>\n<li style=\"list-style-type: none\">\n<ul>\n<li>Comenzaremos junto a la gasolinera de Meroil, antigua carretera de Do\u00f1a Menc\u00eda.<\/li>\n<li>Camino de Cabra a Nueva Carteya, direcci\u00f3n la Cruz de Aben Abad, que tendr\u00e1 relaci\u00f3n con el camino que comenzamos.<\/li>\n<li>Un peque\u00f1o sendero que nos llevar\u00e1 por la falda de la Atalaya junto al pol\u00edgono y el Barrio de Bel\u00e9n.<\/li>\n<li>Terminando con una subida progresiva hacia nuestro destino (La Atalaya, pisada del caballo, calle de la Amargura, punto geod\u00e9sico, raja del moro y cueva de la higuera)<\/li>\n<li>\u00ab<em>La relaci\u00f3n de este pintoresco lugar en el que cuenta la leyenda que en tiempos de los munsulmanes se cobijaba un pastor con su reba\u00f1o de cabras en la peque\u00f1a cueva del Pastor, mientras su reba\u00f1o se encontraba en su redil, contru\u00eddo en la calle de la Amargura, desde donde los cristianos iniciaron la ansiada reconquista. Cogieron ese reba\u00f1o de cabras a los que le ataron antorchas en cada uno de los cuernos, al tiempo que los cristianos daban gritos y se asustaban con piedras lanzadas con ondas, desde la silla del rey, calle de la Amargura o balc\u00f3n de Pilatos, contin\u00faala&#8230;\u00bb<\/em><\/li>\n<\/ul>\n<\/li>\n<\/ul>\n<\/li>\n<\/ul>\n<ul>\n<li>\n<h2><strong><em><span style=\"text-decoration: underline\">Ruta n\u00ba 11: (circular)<\/span> <a href=\"https:\/\/blogsaverroes.juntadeandalucia.es\/colegiojuanvalera\/files\/2021\/03\/Captura-de-pantalla-2021-03-11-a-las-22.40.04.png\"><img loading=\"lazy\" decoding=\"async\" class=\" wp-image-6851 alignnone\" src=\"https:\/\/blogsaverroes.juntadeandalucia.es\/colegiojuanvalera\/files\/2021\/03\/Captura-de-pantalla-2021-03-11-a-las-22.40.04.png\" alt=\"\" width=\"22\" height=\"22\" \/><\/a>&nbsp;<\/em><\/strong><\/h2>\n<\/li>\n<\/ul>\n<p><a href=\"https:\/\/blogsaverroes.juntadeandalucia.es\/colegiojuanvalera\/files\/2021\/05\/Ruta-11.png\"><img loading=\"lazy\" decoding=\"async\" class=\"aligncenter wp-image-7124\" src=\"https:\/\/blogsaverroes.juntadeandalucia.es\/colegiojuanvalera\/files\/2021\/05\/Ruta-11-300x137.png\" alt=\"\" width=\"345\" height=\"158\" srcset=\"https:\/\/blogsaverroes.juntadeandalucia.es\/colegiojuanvalera\/files\/2021\/05\/Ruta-11-300x137.png 300w, https:\/\/blogsaverroes.juntadeandalucia.es\/colegiojuanvalera\/files\/2021\/05\/Ruta-11-1024x468.png 1024w, https:\/\/blogsaverroes.juntadeandalucia.es\/colegiojuanvalera\/files\/2021\/05\/Ruta-11-768x351.png 768w, https:\/\/blogsaverroes.juntadeandalucia.es\/colegiojuanvalera\/files\/2021\/05\/Ruta-11-1536x701.png 1536w, https:\/\/blogsaverroes.juntadeandalucia.es\/colegiojuanvalera\/files\/2021\/05\/Ruta-11.png 1542w\" sizes=\"(max-width: 345px) 100vw, 345px\" \/><\/a><\/p>\n<table style=\"border-collapse: collapse;width: 100%\">\n<tbody>\n<tr>\n<td style=\"width: 100%;border-style: solid;border-color: #000000;background-color: #efe4f2\">\n<h4>Adem\u00e1s de ver toda la informaci\u00f3n de la ruta y las fotos del recorrido puedes cargarla en tu GPS, m\u00f3vil&nbsp; o smartwatch mediante los siguientes enlaces. &nbsp; <a href=\"https:\/\/blogsaverroes.juntadeandalucia.es\/colegiojuanvalera\/files\/2020\/09\/4a9afb75d899ac93-gif-animados-de-flechas-en-movimiento-imagui.gif\"><img loading=\"lazy\" decoding=\"async\" class=\"wp-image-6563 alignnone\" src=\"https:\/\/blogsaverroes.juntadeandalucia.es\/colegiojuanvalera\/files\/2020\/09\/4a9afb75d899ac93-gif-animados-de-flechas-en-movimiento-imagui-300x84.gif\" alt=\"\" width=\"129\" height=\"36\" srcset=\"https:\/\/blogsaverroes.juntadeandalucia.es\/colegiojuanvalera\/files\/2020\/09\/4a9afb75d899ac93-gif-animados-de-flechas-en-movimiento-imagui-300x84.gif 300w, https:\/\/blogsaverroes.juntadeandalucia.es\/colegiojuanvalera\/files\/2020\/09\/4a9afb75d899ac93-gif-animados-de-flechas-en-movimiento-imagui-768x215.gif 768w, https:\/\/blogsaverroes.juntadeandalucia.es\/colegiojuanvalera\/files\/2020\/09\/4a9afb75d899ac93-gif-animados-de-flechas-en-movimiento-imagui-24x7.gif 24w, https:\/\/blogsaverroes.juntadeandalucia.es\/colegiojuanvalera\/files\/2020\/09\/4a9afb75d899ac93-gif-animados-de-flechas-en-movimiento-imagui-36x10.gif 36w, https:\/\/blogsaverroes.juntadeandalucia.es\/colegiojuanvalera\/files\/2020\/09\/4a9afb75d899ac93-gif-animados-de-flechas-en-movimiento-imagui-48x13.gif 48w\" sizes=\"(max-width: 129px) 100vw, 129px\" \/><\/a><a style=\"font-size: 16px\" href=\"https:\/\/es.wikiloc.com\/rutas-senderismo\/carcabuey-72580880\"><img loading=\"lazy\" decoding=\"async\" class=\"alignnone wp-image-6796\" src=\"https:\/\/blogsaverroes.juntadeandalucia.es\/colegiojuanvalera\/files\/2021\/02\/wikiloc-300x300.png\" alt=\"\" width=\"50\" height=\"50\" srcset=\"https:\/\/blogsaverroes.juntadeandalucia.es\/colegiojuanvalera\/files\/2021\/02\/wikiloc-300x300.png 300w, https:\/\/blogsaverroes.juntadeandalucia.es\/colegiojuanvalera\/files\/2021\/02\/wikiloc-150x150.png 150w, https:\/\/blogsaverroes.juntadeandalucia.es\/colegiojuanvalera\/files\/2021\/02\/wikiloc.png 512w\" sizes=\"(max-width: 50px) 100vw, 50px\" \/><\/a> Si quieres, comparte tu experiencia con nosotros en Facebook &nbsp;<a href=\"https:\/\/blogsaverroes.juntadeandalucia.es\/colegiojuanvalera\/files\/2020\/09\/4a9afb75d899ac93-gif-animados-de-flechas-en-movimiento-imagui.gif\"><img loading=\"lazy\" decoding=\"async\" class=\"wp-image-6563 alignnone\" src=\"https:\/\/blogsaverroes.juntadeandalucia.es\/colegiojuanvalera\/files\/2020\/09\/4a9afb75d899ac93-gif-animados-de-flechas-en-movimiento-imagui-300x84.gif\" alt=\"\" width=\"129\" height=\"36\" srcset=\"https:\/\/blogsaverroes.juntadeandalucia.es\/colegiojuanvalera\/files\/2020\/09\/4a9afb75d899ac93-gif-animados-de-flechas-en-movimiento-imagui-300x84.gif 300w, https:\/\/blogsaverroes.juntadeandalucia.es\/colegiojuanvalera\/files\/2020\/09\/4a9afb75d899ac93-gif-animados-de-flechas-en-movimiento-imagui-768x215.gif 768w, https:\/\/blogsaverroes.juntadeandalucia.es\/colegiojuanvalera\/files\/2020\/09\/4a9afb75d899ac93-gif-animados-de-flechas-en-movimiento-imagui-24x7.gif 24w, https:\/\/blogsaverroes.juntadeandalucia.es\/colegiojuanvalera\/files\/2020\/09\/4a9afb75d899ac93-gif-animados-de-flechas-en-movimiento-imagui-36x10.gif 36w, https:\/\/blogsaverroes.juntadeandalucia.es\/colegiojuanvalera\/files\/2020\/09\/4a9afb75d899ac93-gif-animados-de-flechas-en-movimiento-imagui-48x13.gif 48w\" sizes=\"(max-width: 129px) 100vw, 129px\" \/><\/a><a href=\"https:\/\/www.facebook.com\/ceip.juanvalera.5\"><img loading=\"lazy\" decoding=\"async\" class=\"alignnone wp-image-6819\" src=\"https:\/\/blogsaverroes.juntadeandalucia.es\/colegiojuanvalera\/files\/2021\/02\/Facebook-share-icon-300x300.png\" alt=\"\" width=\"52\" height=\"52\" srcset=\"https:\/\/blogsaverroes.juntadeandalucia.es\/colegiojuanvalera\/files\/2021\/02\/Facebook-share-icon-300x300.png 300w, https:\/\/blogsaverroes.juntadeandalucia.es\/colegiojuanvalera\/files\/2021\/02\/Facebook-share-icon-150x150.png 150w, https:\/\/blogsaverroes.juntadeandalucia.es\/colegiojuanvalera\/files\/2021\/02\/Facebook-share-icon-768x768.png 768w, https:\/\/blogsaverroes.juntadeandalucia.es\/colegiojuanvalera\/files\/2021\/02\/Facebook-share-icon.png 801w\" sizes=\"(max-width: 52px) 100vw, 52px\" \/><\/a><\/h4>\n<\/td>\n<\/tr>\n<\/tbody>\n<\/table>\n<ul>\n<li style=\"list-style-type: none\">\n<ul>\n<li style=\"list-style-type: none\">\n<ul>\n<li>Ruta que comenzaremos en la misma localidad de Carcabuey.<\/li>\n<li>A la salida de dicha localidad junto a las naves de transporte Ca\u00f1ete comenzaremos nuestra ruta que transcurr\u00eda entre el sendero de fuente dura y la subida a la sierra de los pollos por el sendero de fuente dura.<\/li>\n<\/ul>\n<\/li>\n<\/ul>\n<\/li>\n<\/ul>\n<p><iframe loading=\"lazy\" src=\"https:\/\/docs.google.com\/forms\/d\/e\/1FAIpQLSetM7va91QWgdDsZMQ1LypNVkFs2RGacnT5Tuo84rV3dWJRsA\/viewform?embedded=true\" width=\"640\" height=\"668\" frameborder=\"0\" marginwidth=\"0\" marginheight=\"0\">Cargando\u2026<\/iframe><\/p>\n<p>Si quieres dejarnos fotos o comentarios sobre tu experiencia lo puedes hacer a trav\u00e9s de nuestros canales de comunicaci\u00f3n, correo, Whatsapp, Facebook, etc.&nbsp;<\/p>\n","protected":false},"excerpt":{"rendered":"<p>&nbsp; RUTAS SALUDABLES EN FAMILIA (si quieres descargar el mapa pincha aqu\u00ed) &nbsp; ANTES DE EMPEZAR: Lee nuestro: Deca\u0301logo del buen senderista para nuestras \u00abRutas saludables en familia\u00bb. Escoge tu nivel de dificultad: Nivel inicial:&nbsp; &nbsp; Nivel intermedio:&nbsp;&nbsp; &nbsp;Nivel avanzado: &nbsp; Video de presentaci\u00f3n del Proyecto: (Agradecimientos a D. Pablo Luque Valle por la realizaci\u00f3n &hellip; <\/p>\n<p><a class=\"more-link btn\" href=\"https:\/\/blogsaverroes.juntadeandalucia.es\/colegiojuanvalera\/rutas-saludables\/\">Seguir leyendo<\/a><\/p>\n","protected":false},"author":3037,"featured_media":0,"parent":0,"menu_order":0,"comment_status":"closed","ping_status":"closed","template":"page-template-full.php","meta":{"ngg_post_thumbnail":0,"footnotes":"","_mc_calendar":[]},"aioseo_notices":[],"_links":{"self":[{"href":"https:\/\/blogsaverroes.juntadeandalucia.es\/colegiojuanvalera\/wp-json\/wp\/v2\/pages\/6790"}],"collection":[{"href":"https:\/\/blogsaverroes.juntadeandalucia.es\/colegiojuanvalera\/wp-json\/wp\/v2\/pages"}],"about":[{"href":"https:\/\/blogsaverroes.juntadeandalucia.es\/colegiojuanvalera\/wp-json\/wp\/v2\/types\/page"}],"author":[{"embeddable":true,"href":"https:\/\/blogsaverroes.juntadeandalucia.es\/colegiojuanvalera\/wp-json\/wp\/v2\/users\/3037"}],"replies":[{"embeddable":true,"href":"https:\/\/blogsaverroes.juntadeandalucia.es\/colegiojuanvalera\/wp-json\/wp\/v2\/comments?post=6790"}],"version-history":[{"count":101,"href":"https:\/\/blogsaverroes.juntadeandalucia.es\/colegiojuanvalera\/wp-json\/wp\/v2\/pages\/6790\/revisions"}],"predecessor-version":[{"id":7126,"href":"https:\/\/blogsaverroes.juntadeandalucia.es\/colegiojuanvalera\/wp-json\/wp\/v2\/pages\/6790\/revisions\/7126"}],"wp:attachment":[{"href":"https:\/\/blogsaverroes.juntadeandalucia.es\/colegiojuanvalera\/wp-json\/wp\/v2\/media?parent=6790"}],"curies":[{"name":"wp","href":"https:\/\/api.w.org\/{rel}","templated":true}]}}