{"id":2271,"date":"2016-09-18T19:41:00","date_gmt":"2016-09-18T19:41:00","guid":{"rendered":"http:\/\/blogsaverroes.juntadeandalucia.es\/colegiolapaloma\/?page_id=2271"},"modified":"2020-07-29T10:22:12","modified_gmt":"2020-07-29T10:22:12","slug":"profesorado","status":"publish","type":"page","link":"https:\/\/blogsaverroes.juntadeandalucia.es\/colegiolapaloma\/profesorado\/","title":{"rendered":"Profesorado"},"content":{"rendered":"<p style=\"text-align: center\"><span style=\"text-decoration: underline\"><strong>EDUCACI\u00d3N INFANTIL<\/strong><\/span><\/p>\n<table style=\"height: 292px\" width=\"649\">\n<tbody>\n<tr style=\"height: 24px\">\n<td style=\"width: 500px;text-align: center;height: 24px\"><span style=\"text-decoration: underline\"><strong>PROFESORADO<\/strong><\/span><\/td>\n<td style=\"width: 200px;height: 24px\"><span style=\"text-decoration: underline\"><strong>CURSO<\/strong><\/span><\/td>\n<td style=\"width: 200px;height: 24px\"><span style=\"text-decoration: underline\"><strong>ESPECIALIDAD<\/strong><\/span><\/td>\n<\/tr>\n<tr style=\"height: 12px\">\n<td style=\"width: 500px;height: 12px;text-align: left\">&nbsp;<\/td>\n<td style=\"width: 200px;height: 12px\"><strong>Inf. 3 A<\/strong><\/td>\n<td style=\"width: 200px;height: 12px\"><strong>&nbsp;Infantil<\/strong><\/td>\n<\/tr>\n<tr style=\"height: 24px\">\n<td style=\"text-align: left;height: 24px\">&nbsp;<\/td>\n<td style=\"height: 24px\"><strong>Inf. 3 B<\/strong><\/td>\n<td style=\"height: 24px\"><strong>&nbsp;Infantil<\/strong><\/td>\n<\/tr>\n<tr style=\"height: 24px\">\n<td style=\"text-align: left;height: 24px\">&nbsp;<\/td>\n<td style=\"height: 24px\"><strong>Inf. 4 A<\/strong><\/td>\n<td style=\"height: 24px\"><strong>&nbsp;Infantil<\/strong><\/td>\n<\/tr>\n<tr style=\"height: 24px\">\n<td style=\"text-align: left;height: 24px\">&nbsp;<\/td>\n<td style=\"height: 24px\"><strong>Inf. 4 B<\/strong><\/td>\n<td style=\"height: 24px\"><strong>&nbsp;Infantil<\/strong><\/td>\n<\/tr>\n<tr style=\"height: 24px\">\n<td style=\"text-align: left;height: 24px\">&nbsp;<\/td>\n<td style=\"height: 24px\"><strong>Inf. 5 A<br \/>\n<\/strong><\/td>\n<td style=\"height: 24px\"><strong>&nbsp;Infantil<\/strong><\/td>\n<\/tr>\n<tr style=\"height: 24px\">\n<td style=\"text-align: left;height: 24px\">&nbsp;<\/td>\n<td style=\"height: 24px\"><strong>Inf. 5 B<br \/>\n<\/strong><\/td>\n<td style=\"height: 24px\">&nbsp;<strong>&nbsp;Infantil<\/strong><\/td>\n<\/tr>\n<tr style=\"height: 24px\">\n<td style=\"text-align: left;height: 24px\">&nbsp;<\/td>\n<td style=\"height: 24px\"><strong>H.0.<\/strong><\/td>\n<td style=\"height: 24px\"><strong>&nbsp;Infantil<\/strong><\/td>\n<\/tr>\n<\/tbody>\n<\/table>\n<p style=\"text-align: center\"><span style=\"text-decoration: underline\"><strong>EDUCACI\u00d3N PRIMARIA<\/strong><\/span><\/p>\n<table style=\"height: 292px\" width=\"649\">\n<tbody>\n<tr>\n<td style=\"width: 300px;text-align: center\"><span style=\"text-decoration: underline\"><strong>PROFESORADO<\/strong><\/span><\/td>\n<td style=\"width: 100px\"><span style=\"text-decoration: underline\"><strong>CURSO<\/strong><\/span><\/td>\n<td style=\"width: 90px\"><span style=\"text-decoration: underline\"><strong>ESPECIALIDAD<\/strong><\/span><\/td>\n<\/tr>\n<tr>\n<td style=\"width: 300px;text-align: left\">&nbsp;<\/td>\n<td style=\"width: 100px\"><strong>1\u00ba A<\/strong><\/td>\n<td style=\"width: 90px\"><strong>Primaria<\/strong><\/td>\n<\/tr>\n<tr>\n<td style=\"text-align: left\">&nbsp;<\/td>\n<td><strong>1\u00ba B<\/strong><\/td>\n<td><strong>Primaria<\/strong><\/td>\n<\/tr>\n<tr>\n<td style=\"text-align: left\">&nbsp;<\/td>\n<td><strong>1\u00ba C<\/strong><\/td>\n<td><strong>Primaria<\/strong><\/td>\n<\/tr>\n<tr>\n<td style=\"text-align: left\">&nbsp;<\/td>\n<td><strong>2\u00ba A<\/strong><\/td>\n<td><strong>Primaria<\/strong><\/td>\n<\/tr>\n<tr>\n<td style=\"text-align: left\">&nbsp;<\/td>\n<td><strong>2\u00ba B<br \/>\n<\/strong><\/td>\n<td><strong>Primaria<\/strong><\/td>\n<\/tr>\n<tr>\n<td style=\"text-align: left\">&nbsp;<\/td>\n<td><strong>2\u00ba C<\/strong><\/td>\n<td><strong>E. F\u00edsica Primaria<\/strong><\/td>\n<\/tr>\n<tr>\n<td style=\"text-align: left\">&nbsp;<\/td>\n<td><strong>3\u00ba A<\/strong><\/td>\n<td><strong>Ingl\u00e9s Primaria<\/strong><\/td>\n<\/tr>\n<tr>\n<td style=\"text-align: left\">&nbsp;<\/td>\n<td><strong>3\u00ba B<\/strong><\/td>\n<td><strong>Primaria<\/strong><\/td>\n<\/tr>\n<tr>\n<td style=\"text-align: left\">&nbsp;<\/td>\n<td><strong>4\u00ba A<br \/>\n<\/strong><\/td>\n<td><strong>M\u00fasica Primaria<\/strong><\/td>\n<\/tr>\n<tr>\n<td style=\"text-align: left\">&nbsp;<\/td>\n<td><strong>4\u00ba B<br \/>\n<\/strong><\/td>\n<td><strong>Primaria<\/strong><\/td>\n<\/tr>\n<tr>\n<td style=\"text-align: left\">&nbsp;<\/td>\n<td><strong>5\u00ba A<br \/>\n<\/strong><\/td>\n<td><strong>Primaria<\/strong>&nbsp;<\/td>\n<\/tr>\n<tr>\n<td style=\"text-align: left\">&nbsp;<\/td>\n<td><strong>5\u00ba B<br \/>\n<\/strong><\/td>\n<td><strong>Primaria<\/strong><\/td>\n<\/tr>\n<tr>\n<td style=\"text-align: left\">&nbsp;<\/td>\n<td><strong>5\u00ba C<br \/>\n<\/strong><\/td>\n<td><strong>Primaria<\/strong><\/td>\n<\/tr>\n<tr>\n<td style=\"text-align: left\">&nbsp;<\/td>\n<td><strong>6\u00ba A<br \/>\n<\/strong><\/td>\n<td><strong>E. F\u00edsica Primaria<\/strong><\/td>\n<\/tr>\n<tr>\n<td style=\"text-align: left\">&nbsp;<\/td>\n<td><strong>6\u00ba B<br \/>\n<\/strong><\/td>\n<td><strong> Ingl\u00e9s Primaria<\/strong><\/td>\n<\/tr>\n<tr>\n<td style=\"text-align: left\">&nbsp;<\/td>\n<td><strong>6\u00ba C<br \/>\n<\/strong><\/td>\n<td><strong>Ingl\u00e9s Primaria<\/strong><\/td>\n<\/tr>\n<\/tbody>\n<\/table>\n<p style=\"text-align: center\"><span style=\"text-decoration: underline\">&nbsp;<strong>PROFESORADO ESPECIALISTA SIN TUTOR\u00cdA<\/strong><\/span><\/p>\n<table>\n<tbody>\n<tr>\n<td style=\"width: 400px;text-align: center\"><span style=\"text-decoration: underline\"><strong>PROFESORADO<\/strong><\/span><\/td>\n<td><span style=\"text-decoration: underline\"><strong>ESPECIALIDAD<\/strong><\/span><\/td>\n<\/tr>\n<tr>\n<td style=\"width: 400px;text-align: left\">&nbsp;<\/td>\n<td><strong>Franc\u00e9s Primaria<\/strong><\/td>\n<\/tr>\n<tr>\n<td style=\"text-align: left\"><span style=\"color: #000000\"><strong>Nuria P\u00e9rez Manche\u00f1o<\/strong><\/span><\/td>\n<td><strong>Religi\u00f3n Cat\u00f3lica<\/strong><\/td>\n<\/tr>\n<tr>\n<td style=\"text-align: left\"><span style=\"color: #000000\"><strong>M\u00aa Mercedes Cac\u00edn Serrano<\/strong><\/span><\/td>\n<td><strong>Religi\u00f3n Cat\u00f3lica<\/strong><\/td>\n<\/tr>\n<\/tbody>\n<\/table>\n<p style=\"text-align: center\"><span style=\"text-decoration: underline\"><strong>EQUIPO DE ORIENTACI\u00d3N<\/strong><\/span><\/p>\n<table>\n<tbody>\n<tr>\n<td style=\"width: 400px\"><span style=\"text-decoration: underline\"><strong>PROFESORADO<\/strong><\/span><\/td>\n<td><span style=\"text-decoration: underline\"><strong>ESPECIALIDAD<\/strong><\/span><\/td>\n<\/tr>\n<tr>\n<td style=\"width: 400px;text-align: left\">&nbsp;<\/td>\n<td><strong>P.T.<\/strong><\/td>\n<\/tr>\n<tr>\n<td style=\"text-align: left\">&nbsp;<\/td>\n<td><strong>P.T.<\/strong><\/td>\n<\/tr>\n<tr>\n<td style=\"text-align: left\">&nbsp;<\/td>\n<td><strong>P.T. (Compartida)<\/strong><\/td>\n<\/tr>\n<tr>\n<td style=\"text-align: left\">&nbsp;<\/td>\n<td><strong>A.L.<\/strong><\/td>\n<\/tr>\n<tr>\n<td style=\"text-align: left\">&nbsp;<\/td>\n<td><strong>CAR<\/strong><\/td>\n<\/tr>\n<tr>\n<td style=\"text-align: left\">&nbsp;<\/td>\n<td><strong>ATAL<\/strong><\/td>\n<\/tr>\n<tr>\n<td style=\"text-align: left\">&nbsp;<\/td>\n<td><strong>ORIENTADORA<\/strong><\/td>\n<\/tr>\n<\/tbody>\n<\/table>\n<p style=\"text-align: center\"><span style=\"text-decoration: underline\"><strong>PERSONAL NO DOCENTE<\/strong><\/span><\/p>\n<table>\n<tbody>\n<tr>\n<td style=\"width: 400px;text-align: left\"><strong>M\u00aa \u00c1frica Santamar\u00eda Garc\u00eda<\/strong><\/td>\n<td><strong>MONITORA DE E. ESPECIAL<\/strong><\/td>\n<\/tr>\n<tr>\n<td style=\"text-align: left\">&nbsp;<strong>Josefa Aguilar Caravaca<\/strong><\/td>\n<td><strong>MONITORA ESCOLAR<\/strong><\/td>\n<\/tr>\n<tr>\n<td style=\"text-align: left\"><strong>Juan Manuel Coronado Hern\u00e1ndez<\/strong><\/td>\n<td><strong>CONSERJE<\/strong><\/td>\n<\/tr>\n<\/tbody>\n<\/table>\n<p>&nbsp;<\/p>\n","protected":false},"excerpt":{"rendered":"<p>EDUCACI\u00d3N INFANTIL PROFESORADO CURSO ESPECIALIDAD &nbsp; Inf. 3 A &nbsp;Infantil &nbsp; Inf. 3 B &nbsp;Infantil &nbsp; Inf. 4 A &nbsp;Infantil &nbsp; Inf. 4 B &nbsp;Infantil &nbsp; Inf. 5 A &nbsp;Infantil &nbsp; Inf. 5 B&#46;&#46;&#46;<\/p>\n","protected":false},"author":3281,"featured_media":0,"parent":0,"menu_order":0,"comment_status":"open","ping_status":"open","template":"","meta":{"ngg_post_thumbnail":0,"footnotes":"","_mc_calendar":[]},"aioseo_notices":[],"_links":{"self":[{"href":"https:\/\/blogsaverroes.juntadeandalucia.es\/colegiolapaloma\/wp-json\/wp\/v2\/pages\/2271"}],"collection":[{"href":"https:\/\/blogsaverroes.juntadeandalucia.es\/colegiolapaloma\/wp-json\/wp\/v2\/pages"}],"about":[{"href":"https:\/\/blogsaverroes.juntadeandalucia.es\/colegiolapaloma\/wp-json\/wp\/v2\/types\/page"}],"author":[{"embeddable":true,"href":"https:\/\/blogsaverroes.juntadeandalucia.es\/colegiolapaloma\/wp-json\/wp\/v2\/users\/3281"}],"replies":[{"embeddable":true,"href":"https:\/\/blogsaverroes.juntadeandalucia.es\/colegiolapaloma\/wp-json\/wp\/v2\/comments?post=2271"}],"version-history":[{"count":18,"href":"https:\/\/blogsaverroes.juntadeandalucia.es\/colegiolapaloma\/wp-json\/wp\/v2\/pages\/2271\/revisions"}],"predecessor-version":[{"id":3275,"href":"https:\/\/blogsaverroes.juntadeandalucia.es\/colegiolapaloma\/wp-json\/wp\/v2\/pages\/2271\/revisions\/3275"}],"wp:attachment":[{"href":"https:\/\/blogsaverroes.juntadeandalucia.es\/colegiolapaloma\/wp-json\/wp\/v2\/media?parent=2271"}],"curies":[{"name":"wp","href":"https:\/\/api.w.org\/{rel}","templated":true}]}}