{"id":1113,"date":"2015-03-12T11:00:55","date_gmt":"2015-03-12T11:00:55","guid":{"rendered":"http:\/\/blogsaverroes.juntadeandalucia.es\/pre\/ceip\/?page_id=2"},"modified":"2024-12-11T23:35:46","modified_gmt":"2024-12-11T22:35:46","slug":"pagina-ejemplo-2","status":"publish","type":"page","link":"https:\/\/blogsaverroes.juntadeandalucia.es\/colegiorafaelaldehuela\/","title":{"rendered":"Inicio"},"content":{"rendered":"\t\t<div data-elementor-type=\"wp-page\" data-elementor-id=\"1113\" class=\"elementor elementor-1113\">\n\t\t\t\t\t\t<section class=\"elementor-section elementor-top-section elementor-element elementor-element-b6705ea elementor-section-boxed elementor-section-height-default elementor-section-height-default\" data-id=\"b6705ea\" data-element_type=\"section\">\n\t\t\t\t\t\t<div class=\"elementor-container elementor-column-gap-default\">\n\t\t\t\t\t<div class=\"elementor-column elementor-col-100 elementor-top-column elementor-element elementor-element-e688066\" data-id=\"e688066\" data-element_type=\"column\">\n\t\t\t<div class=\"elementor-widget-wrap elementor-element-populated\">\n\t\t\t\t\t\t<div class=\"elementor-element elementor-element-0e734d2 elementor-widget elementor-widget-html\" data-id=\"0e734d2\" data-element_type=\"widget\" data-widget_type=\"html.default\">\n\t\t\t\t<div class=\"elementor-widget-container\">\n\t\t\t\t\t<div class=\"carousel\">\r\n    <div class=\"carousel-wrapper\">\r\n        <div class=\"carousel-item\" style=\"background-image: url('https:\/\/blogsaverroes.juntadeandalucia.es\/colegiorafaelaldehuela\/files\/2015\/05\/Colegiob.jpg')\">\r\n            <div class=\"carousel-item-text\">\r\n                Bienvenidos a nuestro blog\r\n            <\/div>\r\n        <\/div>\r\n        <div class=\"carousel-item\" style=\"background-image: url('https:\/\/blogger.googleusercontent.com\/img\/b\/R29vZ2xl\/AVvXsEjhGNVShjRTESb0w02NgzN2X1UbOFhoWUCkcJ7EayduHGjSqmH9nALl7EJceYcTrp2z7ky5lL7bSkgesR4AG-jS6amVq5Lzsqjwr875FkXeu6zjZk9E6BgYKwOqiTXQGC_WSfiXduz1J6E\/s400\/libros-1435254404854.jpg')\">\r\n            <div class=\"carousel-item-text\">\r\n                El plan de centro es el documento principal que rige la vida en el centro. Pod\u00e9is consultarlo en el lateral de la web\r\n            <\/div>\r\n        <\/div>\r\n        <div class=\"carousel-item\" style=\"background-image: url('https:\/\/bib.us.es\/ulloa\/sites\/bib3.us.es.ulloa\/files\/3_2.jpg')\">\r\n            <div class=\"carousel-item-text\">\r\n                El centro dispone de aula TIC para que el alumnado desarrolle competencias digitales y curriculares, trabaje los contenidos y adquiera habilidades sociales a la hora de realizar proyectos grupales\r\n            <\/div>\r\n        <\/div>\r\n    <\/div>\r\n<\/div>\r\n\t\t\t\t<\/div>\n\t\t\t\t<\/div>\n\t\t\t\t\t<\/div>\n\t\t<\/div>\n\t\t\t\t\t<\/div>\n\t\t<\/section>\n\t\t\t\t<section class=\"elementor-section elementor-top-section elementor-element elementor-element-63c53a1 elementor-section-boxed elementor-section-height-default elementor-section-height-default\" data-id=\"63c53a1\" data-element_type=\"section\">\n\t\t\t\t\t\t<div class=\"elementor-container elementor-column-gap-default\">\n\t\t\t\t\t<div class=\"elementor-column elementor-col-100 elementor-top-column elementor-element elementor-element-bc4d8e6\" data-id=\"bc4d8e6\" data-element_type=\"column\">\n\t\t\t<div class=\"elementor-widget-wrap elementor-element-populated\">\n\t\t\t\t\t\t<div class=\"elementor-element elementor-element-c28c8d3 elementor-widget__width-initial elementor-widget elementor-widget-shortcode\" data-id=\"c28c8d3\" data-element_type=\"widget\" data-widget_type=\"shortcode.default\">\n\t\t\t\t<div class=\"elementor-widget-container\">\n\t\t\t\t\t\t\t<div class=\"elementor-shortcode\"><div class=\"osc-res-tab tabbable   osc-tabs-left\"><div style=\"clear:both;width: 100%;\"><ul class=\"nav osc-res-nav nav-tabs osc-tabs-left-ul\" id=\"oscitas-restabs-1-pagina-ejemplo-2-40560\"><li class=\"active\"><a href=\"#ert_pane1-0\" data-toggle=\"tab\">Blog Aldehuela<\/a><\/li><li class=\"\"><a href=\"#ert_pane1-1\" data-toggle=\"tab\">WordPress<\/a><\/li><li class=\"\"><a href=\"#ert_pane1-2\" data-toggle=\"tab\">Noticias<\/a><\/li><\/ul><\/div><div style=\"clear:both;width: 100%;\"><ul class=\"tab-content\" id=\"oscitas-restabcontent-1-pagina-ejemplo-2-40560\"><li class=\"tab-pane active\" id=\"ert_pane1-0\">Bienvenidos al nuevo blog del C.E.PR. Rafael Aldehuela. Esta web pretende ser un punto de contacto con toda la Comunidad Educativa, y tiene como finalidad poner a disposici\u00f3n de las familias, profesorado, AMPA... un espacio propio para difundir sus experiencias educativas as\u00ed como documentos e informaci\u00f3n de inter\u00e9s general.<\/li><li class=\"tab-pane \" id=\"ert_pane1-1\">WordPress es software libre, se distribuye bajo licencia GNU General Public License.\n\nA trav\u00e9s de Blogs Averroes, desde el Equipo Directivo del Centro, se impulsa la elaboraci\u00f3n del presente blog en sustituci\u00f3n de la anterior web, inactiva actualmente en Averroes.<\/li><li class=\"tab-pane \" id=\"ert_pane1-2\">En nuestro centro se producen noticias y eventos. Uno de los aspectos m\u00e1s importantes del blog que iniciamos es mantener informada a la comunidad educativa de la vida del centro y de todas las actividades, acontecimientos o novedades de inter\u00e9s que se vayan produciendo.\n\nAccede desde el siguiente enlace a las novedades del Centro.<\/li><\/ul><\/div><\/div><\/div>\n\t\t\t\t\t\t<\/div>\n\t\t\t\t<\/div>\n\t\t\t\t\t<\/div>\n\t\t<\/div>\n\t\t\t\t\t<\/div>\n\t\t<\/section>\n\t\t\t\t<section class=\"elementor-section elementor-top-section elementor-element elementor-element-116e883 elementor-section-boxed elementor-section-height-default elementor-section-height-default\" data-id=\"116e883\" data-element_type=\"section\">\n\t\t\t\t\t\t<div class=\"elementor-container elementor-column-gap-default\">\n\t\t\t\t\t<div class=\"elementor-column elementor-col-100 elementor-top-column elementor-element elementor-element-e90d710\" data-id=\"e90d710\" data-element_type=\"column\">\n\t\t\t<div class=\"elementor-widget-wrap elementor-element-populated\">\n\t\t\t\t\t\t<div class=\"elementor-element elementor-element-77cef2b elementor-widget elementor-widget-contentviews_widget_grid1\" data-id=\"77cef2b\" data-element_type=\"widget\" data-widget_type=\"contentviews_widget_grid1.default\">\n\t\t\t\t<div class=\"elementor-widget-container\">\n\t\t\t\t\t<div class='pt-cv-wrapper'> <div class=\"pt-cv-view pt-cv-blockgrid iscvblock iscvelementor grid1 layout1\" id=\"pt-cv-view-77cef2b\"><div data-id=\"pt-cv-page-1\" class=\"pt-cv-page\" data-cvc=\"1\"><div class=\" pt-cv-content-item pt-cv-1-col\" ><div class=\"pt-cv-thumb-wrapper  \"><a href=\"https:\/\/blogsaverroes.juntadeandalucia.es\/colegiorafaelaldehuela\/2026\/04\/19\/jornadas-de-educacion-vial-2026\/\" class=\"_self pt-cv-href-thumbnail pt-cv-thumb-default\" target=\"_self\" ><img fetchpriority=\"high\" decoding=\"async\" width=\"474\" height=\"267\" src=\"https:\/\/blogsaverroes.juntadeandalucia.es\/colegiorafaelaldehuela\/files\/2024\/11\/Ed.-Vial.jpg\" class=\"pt-cv-thumbnail\" alt=\"\" \/><\/a><\/div>\n<div class=\"pt-cv-taxoterm above_title\"><a href='https:\/\/blogsaverroes.juntadeandalucia.es\/colegiorafaelaldehuela\/category\/sin-categoria\/' title='Sin categor\u00eda' class='pt-cv-tax-sin-categoria'>Sin categor\u00eda<\/a><\/div>\n<h4 class=\"pt-cv-title\"><a href=\"https:\/\/blogsaverroes.juntadeandalucia.es\/colegiorafaelaldehuela\/2026\/04\/19\/jornadas-de-educacion-vial-2026\/\" class=\"_self\" target=\"_self\" >JORNADAS DE EDUCACI\u00d3N VIAL 2026<\/a><\/h4>\n<div class=\"pt-cv-content\">Los alumnos y alumnas del C.E.PR. Rafael Aldehuela han participado, un a\u00f1o m\u00e1s, en las Jornadas de Educaci\u00f3n Vial organizadas ...<\/div>\n<div class=\"pt-cv-rmwrap\"><a href=\"https:\/\/blogsaverroes.juntadeandalucia.es\/colegiorafaelaldehuela\/2026\/04\/19\/jornadas-de-educacion-vial-2026\/\" class=\"_self pt-cv-readmore btn btn-success\" target=\"_self\" >Leer M\u00e1s<\/a><\/div>\n<div class=\"pt-cv-meta-fields\"><span class=\"entry-date\"> <time datetime=\"2026-04-19T19:40:07+01:00\">19 de abril de 2026<\/time><\/span><span> \/ <\/span><span class=\"author\"> <a href=\"https:\/\/blogsaverroes.juntadeandalucia.es\/colegiorafaelaldehuela\/author\/23005530edu\/\" rel=\"author\">23005530edu<\/a><\/span><\/div><\/div><\/div><\/div> <\/div> \t\t\t\t<\/div>\n\t\t\t\t<\/div>\n\t\t\t\t\t<\/div>\n\t\t<\/div>\n\t\t\t\t\t<\/div>\n\t\t<\/section>\n\t\t\t\t<section class=\"elementor-section elementor-top-section elementor-element elementor-element-cbdb770 elementor-section-boxed elementor-section-height-default elementor-section-height-default\" data-id=\"cbdb770\" data-element_type=\"section\">\n\t\t\t\t\t\t<div class=\"elementor-container elementor-column-gap-default\">\n\t\t\t\t\t<div class=\"elementor-column elementor-col-100 elementor-top-column elementor-element elementor-element-9f9c43e\" data-id=\"9f9c43e\" data-element_type=\"column\">\n\t\t\t<div class=\"elementor-widget-wrap elementor-element-populated\">\n\t\t\t\t\t\t<div class=\"elementor-element elementor-element-1ac02f3 elementor-widget elementor-widget-contentviews_widget_grid1\" data-id=\"1ac02f3\" data-element_type=\"widget\" data-widget_type=\"contentviews_widget_grid1.default\">\n\t\t\t\t<div class=\"elementor-widget-container\">\n\t\t\t\t\t<div class='pt-cv-wrapper'> <div class=\"pt-cv-view pt-cv-blockgrid iscvblock iscvelementor grid1 layout1\" id=\"pt-cv-view-1ac02f3\"><div data-id=\"pt-cv-page-1\" class=\"pt-cv-page\" data-cvc=\"2\"><div class=\" pt-cv-content-item pt-cv-1-col\" ><div class=\"pt-cv-thumb-wrapper  \"><a href=\"https:\/\/blogsaverroes.juntadeandalucia.es\/colegiorafaelaldehuela\/2026\/04\/19\/xii-semana-cultural-dia-del-libro-cepr-rafael-aldehuela-2026\/\" class=\"_blank pt-cv-href-thumbnail pt-cv-thumb-default\" target=\"_blank\" ><img decoding=\"async\" width=\"474\" height=\"333\" src=\"https:\/\/blogsaverroes.juntadeandalucia.es\/colegiorafaelaldehuela\/files\/2026\/04\/Cartel-Semana-Cultural-2026-recortado-1024x719.jpg\" class=\"pt-cv-thumbnail\" alt=\"\" \/><\/a><\/div>\n<div class=\"pt-cv-taxoterm above_title\"><a href='https:\/\/blogsaverroes.juntadeandalucia.es\/colegiorafaelaldehuela\/category\/novedades\/' title='Novedades' class='pt-cv-tax-novedades'>Novedades<\/a><\/div>\n<h4 class=\"pt-cv-title\"><a href=\"https:\/\/blogsaverroes.juntadeandalucia.es\/colegiorafaelaldehuela\/2026\/04\/19\/xii-semana-cultural-dia-del-libro-cepr-rafael-aldehuela-2026\/\" class=\"_blank\" target=\"_blank\" >XII SEMANA CULTURAL \u201cD\u00cdA DEL LIBRO\u201d\/ CEPR. RAFAEL ALDEHUELA 2026<\/a><\/h4>\n<div class=\"pt-cv-content\">Con motivo de la celebraci\u00f3n de nuestra XII Semana Cultural, dedicada al \u201cD\u00eda del Libro\u201d, en el C.E.PR. Rafael Aldehuela ...<\/div>\n<div class=\"pt-cv-rmwrap\"><a href=\"https:\/\/blogsaverroes.juntadeandalucia.es\/colegiorafaelaldehuela\/2026\/04\/19\/xii-semana-cultural-dia-del-libro-cepr-rafael-aldehuela-2026\/\" class=\"_blank pt-cv-readmore btn btn-success\" target=\"_blank\" >Leer M\u00e1s<\/a><\/div>\n<div class=\"pt-cv-meta-fields\"><span class=\"entry-date\"> <time datetime=\"2026-04-19T18:55:17+01:00\">19 de abril de 2026<\/time><\/span><span> \/ <\/span><span class=\"author\"> <a href=\"https:\/\/blogsaverroes.juntadeandalucia.es\/colegiorafaelaldehuela\/author\/23005530edu\/\" rel=\"author\">23005530edu<\/a><\/span><\/div><\/div>\n<div class=\" pt-cv-content-item pt-cv-1-col\" ><div class=\"pt-cv-thumb-wrapper  \"><a href=\"https:\/\/blogsaverroes.juntadeandalucia.es\/colegiorafaelaldehuela\/2026\/02\/26\/celebracion-dia-de-andalucia\/\" class=\"_blank pt-cv-href-thumbnail pt-cv-thumb-default\" target=\"_blank\" ><img decoding=\"async\" width=\"200\" height=\"112\" src=\"https:\/\/blogsaverroes.juntadeandalucia.es\/colegiorafaelaldehuela\/files\/2025\/02\/image_23648.thumbnail.png\" class=\"pt-cv-thumbnail\" alt=\"\" \/><\/a><\/div>\n<div class=\"pt-cv-taxoterm above_title\"><a href='https:\/\/blogsaverroes.juntadeandalucia.es\/colegiorafaelaldehuela\/category\/sin-categoria\/' title='Sin categor\u00eda' class='pt-cv-tax-sin-categoria'>Sin categor\u00eda<\/a><\/div>\n<h4 class=\"pt-cv-title\"><a href=\"https:\/\/blogsaverroes.juntadeandalucia.es\/colegiorafaelaldehuela\/2026\/02\/26\/celebracion-dia-de-andalucia\/\" class=\"_blank\" target=\"_blank\" >CELEBRACI\u00d3N D\u00cdA DE ANDALUC\u00cdA<\/a><\/h4>\n<div class=\"pt-cv-content\">Ayer celebramos en el centro el d\u00eda de Andaluc\u00eda. El alumnado ha preparado por cursos distintas actuaciones para amenizar la ...<\/div>\n<div class=\"pt-cv-rmwrap\"><a href=\"https:\/\/blogsaverroes.juntadeandalucia.es\/colegiorafaelaldehuela\/2026\/02\/26\/celebracion-dia-de-andalucia\/\" class=\"_blank pt-cv-readmore btn btn-success\" target=\"_blank\" >Leer M\u00e1s<\/a><\/div>\n<div class=\"pt-cv-meta-fields\"><span class=\"entry-date\"> <time datetime=\"2026-02-26T13:47:59+01:00\">26 de febrero de 2026<\/time><\/span><span> \/ <\/span><span class=\"author\"> <a href=\"https:\/\/blogsaverroes.juntadeandalucia.es\/colegiorafaelaldehuela\/author\/23005530edu\/\" rel=\"author\">23005530edu<\/a><\/span><\/div><\/div>\n<div class=\" pt-cv-content-item pt-cv-1-col\" ><div class=\"pt-cv-thumb-wrapper  \"><a href=\"https:\/\/blogsaverroes.juntadeandalucia.es\/colegiorafaelaldehuela\/2026\/02\/25\/escolarizacion-2026-27\/\" class=\"_blank pt-cv-href-thumbnail pt-cv-thumb-default\" target=\"_blank\" ><img loading=\"lazy\" decoding=\"async\" width=\"474\" height=\"278\" src=\"https:\/\/blogsaverroes.juntadeandalucia.es\/colegiorafaelaldehuela\/files\/2026\/02\/Cartel-Admision-Recortado.jpg\" class=\"pt-cv-thumbnail\" alt=\"\" \/><\/a><\/div>\n<div class=\"pt-cv-taxoterm above_title\"><a href='https:\/\/blogsaverroes.juntadeandalucia.es\/colegiorafaelaldehuela\/category\/sin-categoria\/' title='Sin categor\u00eda' class='pt-cv-tax-sin-categoria'>Sin categor\u00eda<\/a><\/div>\n<h4 class=\"pt-cv-title\"><a href=\"https:\/\/blogsaverroes.juntadeandalucia.es\/colegiorafaelaldehuela\/2026\/02\/25\/escolarizacion-2026-27\/\" class=\"_blank\" target=\"_blank\" >ESCOLARIZACI\u00d3N 2026-27<\/a><\/h4>\n<div class=\"pt-cv-content\">Comienza el periodo de admisi\u00f3n para el alumnado de nueva incorporaci\u00f3n al Centro. Todos los detalles en documento adjunto y ...<\/div>\n<div class=\"pt-cv-rmwrap\"><a href=\"https:\/\/blogsaverroes.juntadeandalucia.es\/colegiorafaelaldehuela\/2026\/02\/25\/escolarizacion-2026-27\/\" class=\"_blank pt-cv-readmore btn btn-success\" target=\"_blank\" >Leer M\u00e1s<\/a><\/div>\n<div class=\"pt-cv-meta-fields\"><span class=\"entry-date\"> <time datetime=\"2026-02-25T21:17:42+01:00\">25 de febrero de 2026<\/time><\/span><span> \/ <\/span><span class=\"author\"> <a href=\"https:\/\/blogsaverroes.juntadeandalucia.es\/colegiorafaelaldehuela\/author\/23005530edu\/\" rel=\"author\">23005530edu<\/a><\/span><\/div><\/div>\n<div class=\" pt-cv-content-item pt-cv-1-col\" ><div class=\"pt-cv-thumb-wrapper  \"><a href=\"https:\/\/blogsaverroes.juntadeandalucia.es\/colegiorafaelaldehuela\/2025\/12\/07\/gymkana-de-efemerides-en-el-cepr-rafael-aldehuela\/\" class=\"_blank pt-cv-href-thumbnail pt-cv-thumb-default\" target=\"_blank\" ><img loading=\"lazy\" decoding=\"async\" width=\"400\" height=\"300\" src=\"https:\/\/blogsaverroes.juntadeandalucia.es\/colegiorafaelaldehuela\/files\/2025\/12\/Efemerides-dic.jpg\" class=\"pt-cv-thumbnail\" alt=\"\" \/><\/a><\/div>\n<div class=\"pt-cv-taxoterm above_title\"><a href='https:\/\/blogsaverroes.juntadeandalucia.es\/colegiorafaelaldehuela\/category\/novedades\/' title='Novedades' class='pt-cv-tax-novedades'>Novedades<\/a><\/div>\n<h4 class=\"pt-cv-title\"><a href=\"https:\/\/blogsaverroes.juntadeandalucia.es\/colegiorafaelaldehuela\/2025\/12\/07\/gymkana-de-efemerides-en-el-cepr-rafael-aldehuela\/\" class=\"_blank\" target=\"_blank\" >Gymkana de Efem\u00e9rides en el CEPR Rafael Aldehuela<\/a><\/h4>\n<div class=\"pt-cv-content\">Los pasados martes 2 y mi\u00e9rcoles 3 de diciembre, el CEPR Rafael Aldehuela celebr\u00f3 una enriquecedora gymkana de juegos con ...<\/div>\n<div class=\"pt-cv-rmwrap\"><a href=\"https:\/\/blogsaverroes.juntadeandalucia.es\/colegiorafaelaldehuela\/2025\/12\/07\/gymkana-de-efemerides-en-el-cepr-rafael-aldehuela\/\" class=\"_blank pt-cv-readmore btn btn-success\" target=\"_blank\" >Leer M\u00e1s<\/a><\/div>\n<div class=\"pt-cv-meta-fields\"><span class=\"entry-date\"> <time datetime=\"2025-12-07T21:01:26+01:00\">7 de diciembre de 2025<\/time><\/span><span> \/ <\/span><span class=\"author\"> <a href=\"https:\/\/blogsaverroes.juntadeandalucia.es\/colegiorafaelaldehuela\/author\/23005530edu\/\" rel=\"author\">23005530edu<\/a><\/span><\/div><\/div>\n<div class=\" pt-cv-content-item pt-cv-1-col\" ><div class=\"pt-cv-thumb-wrapper  \"><a href=\"https:\/\/blogsaverroes.juntadeandalucia.es\/colegiorafaelaldehuela\/2025\/12\/07\/talleres-de-habitos-de-vida-saludable-en-el-cepr-rafael-aldehuela\/\" class=\"_blank pt-cv-href-thumbnail pt-cv-thumb-default\" target=\"_blank\" ><img loading=\"lazy\" decoding=\"async\" width=\"474\" height=\"267\" src=\"https:\/\/blogsaverroes.juntadeandalucia.es\/colegiorafaelaldehuela\/files\/2025\/12\/Higiene.jpg\" class=\"pt-cv-thumbnail\" alt=\"\" \/><\/a><\/div>\n<div class=\"pt-cv-taxoterm above_title\"><a href='https:\/\/blogsaverroes.juntadeandalucia.es\/colegiorafaelaldehuela\/category\/actividades-complementarias\/' title='Actividades complementarias' class='pt-cv-tax-actividades-complementarias'>Actividades complementarias<\/a><a href='https:\/\/blogsaverroes.juntadeandalucia.es\/colegiorafaelaldehuela\/category\/ciclos\/e-p-1o-ciclo-noticias\/' title='E.P. 1\u00ba ciclo. Noticias' class='pt-cv-tax-e-p-1o-ciclo-noticias'>E.P. 1\u00ba ciclo. Noticias<\/a><a href='https:\/\/blogsaverroes.juntadeandalucia.es\/colegiorafaelaldehuela\/category\/novedades\/' title='Novedades' class='pt-cv-tax-novedades'>Novedades<\/a><\/div>\n<h4 class=\"pt-cv-title\"><a href=\"https:\/\/blogsaverroes.juntadeandalucia.es\/colegiorafaelaldehuela\/2025\/12\/07\/talleres-de-habitos-de-vida-saludable-en-el-cepr-rafael-aldehuela\/\" class=\"_blank\" target=\"_blank\" >Talleres de H\u00e1bitos de Vida Saludable en el CEPR Rafael Aldehuela<\/a><\/h4>\n<div class=\"pt-cv-content\">El pasado martes 2 de diciembre, nuestro colegio CEPR Rafael Aldehuela volvi\u00f3 a impulsar la educaci\u00f3n para la salud con ...<\/div>\n<div class=\"pt-cv-rmwrap\"><a href=\"https:\/\/blogsaverroes.juntadeandalucia.es\/colegiorafaelaldehuela\/2025\/12\/07\/talleres-de-habitos-de-vida-saludable-en-el-cepr-rafael-aldehuela\/\" class=\"_blank pt-cv-readmore btn btn-success\" target=\"_blank\" >Leer M\u00e1s<\/a><\/div>\n<div class=\"pt-cv-meta-fields\"><span class=\"entry-date\"> <time datetime=\"2025-12-07T20:45:48+01:00\">7 de diciembre de 2025<\/time><\/span><span> \/ <\/span><span class=\"author\"> <a href=\"https:\/\/blogsaverroes.juntadeandalucia.es\/colegiorafaelaldehuela\/author\/23005530edu\/\" rel=\"author\">23005530edu<\/a><\/span><\/div><\/div>\n<div class=\" pt-cv-content-item pt-cv-1-col\" ><div class=\"pt-cv-thumb-wrapper  \"><a href=\"https:\/\/blogsaverroes.juntadeandalucia.es\/colegiorafaelaldehuela\/2025\/06\/23\/listado-de-materiales-y-libros-curso-2025-2026\/\" class=\"_blank pt-cv-href-thumbnail pt-cv-thumb-default\" target=\"_blank\" ><img decoding=\"async\" src=\"https:\/\/blogsaverroes.juntadeandalucia.es\/colegiorafaelaldehuela\/wp-content\/plugins\/content-views-query-and-display-post-page\/public\/assets\/images\/default_image.png\" class=\"pt-cv-thumbnail cv-default-img\" alt=\"Listado de materiales y libros - Curso 2025\/2026\" title=\"\" \/><\/a><\/div>\n<div class=\"pt-cv-taxoterm above_title\"><a href='https:\/\/blogsaverroes.juntadeandalucia.es\/colegiorafaelaldehuela\/category\/ano-escolar\/' title='A\u00f1o escolar' class='pt-cv-tax-ano-escolar'>A\u00f1o escolar<\/a><a href='https:\/\/blogsaverroes.juntadeandalucia.es\/colegiorafaelaldehuela\/category\/sin-categoria\/' title='Sin categor\u00eda' class='pt-cv-tax-sin-categoria'>Sin categor\u00eda<\/a><\/div>\n<h4 class=\"pt-cv-title\"><a href=\"https:\/\/blogsaverroes.juntadeandalucia.es\/colegiorafaelaldehuela\/2025\/06\/23\/listado-de-materiales-y-libros-curso-2025-2026\/\" class=\"_blank\" target=\"_blank\" >Listado de materiales y libros &#8211; Curso 2025\/2026<\/a><\/h4>\n<div class=\"pt-cv-content\">Adjuntas se remiten las listas de libros y materiales necesarios para el curso 2025\/2026. LISTA MATERIAL 1\u00ba LISTA MATERIAL 2\u00ba ...<\/div>\n<div class=\"pt-cv-rmwrap\"><a href=\"https:\/\/blogsaverroes.juntadeandalucia.es\/colegiorafaelaldehuela\/2025\/06\/23\/listado-de-materiales-y-libros-curso-2025-2026\/\" class=\"_blank pt-cv-readmore btn btn-success\" target=\"_blank\" >Leer M\u00e1s<\/a><\/div>\n<div class=\"pt-cv-meta-fields\"><span class=\"entry-date\"> <time datetime=\"2025-06-23T18:19:05+01:00\">23 de junio de 2025<\/time><\/span><span> \/ <\/span><span class=\"author\"> <a href=\"https:\/\/blogsaverroes.juntadeandalucia.es\/colegiorafaelaldehuela\/author\/23005530edu\/\" rel=\"author\">23005530edu<\/a><\/span><\/div><\/div>\n<div class=\" pt-cv-content-item pt-cv-1-col\" ><div class=\"pt-cv-thumb-wrapper  \"><a href=\"https:\/\/blogsaverroes.juntadeandalucia.es\/colegiorafaelaldehuela\/2025\/06\/23\/fiesta-del-agua-2025\/\" class=\"_blank pt-cv-href-thumbnail pt-cv-thumb-default\" target=\"_blank\" ><img loading=\"lazy\" decoding=\"async\" width=\"201\" height=\"251\" src=\"https:\/\/blogsaverroes.juntadeandalucia.es\/colegiorafaelaldehuela\/files\/2025\/06\/Fin-de-curso.jpg\" class=\"pt-cv-thumbnail\" alt=\"\" \/><\/a><\/div>\n<div class=\"pt-cv-taxoterm above_title\"><a href='https:\/\/blogsaverroes.juntadeandalucia.es\/colegiorafaelaldehuela\/category\/sin-categoria\/' title='Sin categor\u00eda' class='pt-cv-tax-sin-categoria'>Sin categor\u00eda<\/a><\/div>\n<h4 class=\"pt-cv-title\"><a href=\"https:\/\/blogsaverroes.juntadeandalucia.es\/colegiorafaelaldehuela\/2025\/06\/23\/fiesta-del-agua-2025\/\" class=\"_blank\" target=\"_blank\" >Fiesta del Agua 2025<\/a><\/h4>\n<div class=\"pt-cv-content\">Hoy hemos celebrado en el CEPr Rafael Aldehuela una de las jornadas m\u00e1s esperadas del curso: \u00a1nuestra tradicional Fiesta del ...<\/div>\n<div class=\"pt-cv-rmwrap\"><a href=\"https:\/\/blogsaverroes.juntadeandalucia.es\/colegiorafaelaldehuela\/2025\/06\/23\/fiesta-del-agua-2025\/\" class=\"_blank pt-cv-readmore btn btn-success\" target=\"_blank\" >Leer M\u00e1s<\/a><\/div>\n<div class=\"pt-cv-meta-fields\"><span class=\"entry-date\"> <time datetime=\"2025-06-23T18:16:25+01:00\">23 de junio de 2025<\/time><\/span><span> \/ <\/span><span class=\"author\"> <a href=\"https:\/\/blogsaverroes.juntadeandalucia.es\/colegiorafaelaldehuela\/author\/23005530edu\/\" rel=\"author\">23005530edu<\/a><\/span><\/div><\/div>\n<div class=\" pt-cv-content-item pt-cv-1-col\" ><div class=\"pt-cv-thumb-wrapper  \"><a href=\"https:\/\/blogsaverroes.juntadeandalucia.es\/colegiorafaelaldehuela\/2025\/06\/20\/concurso-el-hospital-un-lugar-de-esperanza\/\" class=\"_blank pt-cv-href-thumbnail pt-cv-thumb-default\" target=\"_blank\" ><img loading=\"lazy\" decoding=\"async\" width=\"474\" height=\"267\" src=\"https:\/\/blogsaverroes.juntadeandalucia.es\/colegiorafaelaldehuela\/files\/2025\/06\/hospitales-arte_contemporaneo-arte_233988636_40920937_1024x576.jpg\" class=\"pt-cv-thumbnail\" alt=\"\" \/><\/a><\/div>\n<div class=\"pt-cv-taxoterm above_title\"><a href='https:\/\/blogsaverroes.juntadeandalucia.es\/colegiorafaelaldehuela\/category\/sin-categoria\/' title='Sin categor\u00eda' class='pt-cv-tax-sin-categoria'>Sin categor\u00eda<\/a><\/div>\n<h4 class=\"pt-cv-title\"><a href=\"https:\/\/blogsaverroes.juntadeandalucia.es\/colegiorafaelaldehuela\/2025\/06\/20\/concurso-el-hospital-un-lugar-de-esperanza\/\" class=\"_blank\" target=\"_blank\" >Concurso \u00abEl Hospital: Un lugar de esperanza\u00bb<\/a><\/h4>\n<div class=\"pt-cv-content\">El alumnado del centro ha participado en el concurso organizado por el Centro de Salud de Alcaudete con la intenci\u00f3n ...<\/div>\n<div class=\"pt-cv-rmwrap\"><a href=\"https:\/\/blogsaverroes.juntadeandalucia.es\/colegiorafaelaldehuela\/2025\/06\/20\/concurso-el-hospital-un-lugar-de-esperanza\/\" class=\"_blank pt-cv-readmore btn btn-success\" target=\"_blank\" >Leer M\u00e1s<\/a><\/div>\n<div class=\"pt-cv-meta-fields\"><span class=\"entry-date\"> <time datetime=\"2025-06-20T13:44:18+01:00\">20 de junio de 2025<\/time><\/span><span> \/ <\/span><span class=\"author\"> <a href=\"https:\/\/blogsaverroes.juntadeandalucia.es\/colegiorafaelaldehuela\/author\/23005530edu\/\" rel=\"author\">23005530edu<\/a><\/span><\/div><\/div>\n<div class=\" pt-cv-content-item pt-cv-1-col\" ><div class=\"pt-cv-thumb-wrapper  \"><a href=\"https:\/\/blogsaverroes.juntadeandalucia.es\/colegiorafaelaldehuela\/2025\/06\/19\/graduacion-promocion-2019-2025\/\" class=\"_blank pt-cv-href-thumbnail pt-cv-thumb-default\" target=\"_blank\" ><img loading=\"lazy\" decoding=\"async\" width=\"255\" height=\"197\" src=\"https:\/\/blogsaverroes.juntadeandalucia.es\/colegiorafaelaldehuela\/files\/2025\/06\/Graduacion.jpg\" class=\"pt-cv-thumbnail\" alt=\"\" \/><\/a><\/div>\n<div class=\"pt-cv-taxoterm above_title\"><a href='https:\/\/blogsaverroes.juntadeandalucia.es\/colegiorafaelaldehuela\/category\/sin-categoria\/' title='Sin categor\u00eda' class='pt-cv-tax-sin-categoria'>Sin categor\u00eda<\/a><\/div>\n<h4 class=\"pt-cv-title\"><a href=\"https:\/\/blogsaverroes.juntadeandalucia.es\/colegiorafaelaldehuela\/2025\/06\/19\/graduacion-promocion-2019-2025\/\" class=\"_blank\" target=\"_blank\" >Graduaci\u00f3n Promoci\u00f3n 2019\/2025<\/a><\/h4>\n<div class=\"pt-cv-content\">Se ha celebrado en la tarde de hoy la graduaci\u00f3n del alumnado de sexto curso que termina su etapa escolar ...<\/div>\n<div class=\"pt-cv-rmwrap\"><a href=\"https:\/\/blogsaverroes.juntadeandalucia.es\/colegiorafaelaldehuela\/2025\/06\/19\/graduacion-promocion-2019-2025\/\" class=\"_blank pt-cv-readmore btn btn-success\" target=\"_blank\" >Leer M\u00e1s<\/a><\/div>\n<div class=\"pt-cv-meta-fields\"><span class=\"entry-date\"> <time datetime=\"2025-06-19T23:27:58+01:00\">19 de junio de 2025<\/time><\/span><span> \/ <\/span><span class=\"author\"> <a href=\"https:\/\/blogsaverroes.juntadeandalucia.es\/colegiorafaelaldehuela\/author\/23005530edu\/\" rel=\"author\">23005530edu<\/a><\/span><\/div><\/div>\n<div class=\" pt-cv-content-item pt-cv-1-col\" ><div class=\"pt-cv-thumb-wrapper  \"><a href=\"https:\/\/blogsaverroes.juntadeandalucia.es\/colegiorafaelaldehuela\/2025\/06\/12\/viaje-de-fin-de-curso-6o-de-primaria\/\" class=\"_blank pt-cv-href-thumbnail pt-cv-thumb-default\" target=\"_blank\" ><img loading=\"lazy\" decoding=\"async\" width=\"474\" height=\"356\" src=\"https:\/\/blogsaverroes.juntadeandalucia.es\/colegiorafaelaldehuela\/files\/2025\/06\/IMG-20250611-WA0042-1024x768.jpg\" class=\"pt-cv-thumbnail\" alt=\"\" \/><\/a><\/div>\n<div class=\"pt-cv-taxoterm above_title\"><a href='https:\/\/blogsaverroes.juntadeandalucia.es\/colegiorafaelaldehuela\/category\/sin-categoria\/' title='Sin categor\u00eda' class='pt-cv-tax-sin-categoria'>Sin categor\u00eda<\/a><\/div>\n<h4 class=\"pt-cv-title\"><a href=\"https:\/\/blogsaverroes.juntadeandalucia.es\/colegiorafaelaldehuela\/2025\/06\/12\/viaje-de-fin-de-curso-6o-de-primaria\/\" class=\"_blank\" target=\"_blank\" >Viaje de fin de curso &#8211; 6\u00ba de Primaria<\/a><\/h4>\n<div class=\"pt-cv-content\">Desde el 9 hasta el 11 de junio, el alumnado de sexto ha asistido al viaje de fin de curso ...<\/div>\n<div class=\"pt-cv-rmwrap\"><a href=\"https:\/\/blogsaverroes.juntadeandalucia.es\/colegiorafaelaldehuela\/2025\/06\/12\/viaje-de-fin-de-curso-6o-de-primaria\/\" class=\"_blank pt-cv-readmore btn btn-success\" target=\"_blank\" >Leer M\u00e1s<\/a><\/div>\n<div class=\"pt-cv-meta-fields\"><span class=\"entry-date\"> <time datetime=\"2025-06-12T11:38:19+01:00\">12 de junio de 2025<\/time><\/span><span> \/ <\/span><span class=\"author\"> <a href=\"https:\/\/blogsaverroes.juntadeandalucia.es\/colegiorafaelaldehuela\/author\/23005530edu\/\" rel=\"author\">23005530edu<\/a><\/span><\/div><\/div><\/div><\/div>\n<div class=\" pt-cv-pagination-wrapper\"><ul class=\"pt-cv-pagination pt-cv-ajax pagination\" data-totalpages=\"17\" data-currentpage=\"1\" data-sid=\"1ac02f3\" data-unid=\"\" data-iselementor=\"1ac02f3\" data-postid=\"0\"><li class=\"active\"><a href=\"#\">1<\/a><\/li>\n\t<li ><a class=\"\" href=\"https:\/\/blogsaverroes.juntadeandalucia.es\/colegiorafaelaldehuela\/wp-json\/wp\/v2\/pages\/1113\/?_page=2\">2<\/a><\/li>\n\t<li ><a class=\"\" href=\"https:\/\/blogsaverroes.juntadeandalucia.es\/colegiorafaelaldehuela\/wp-json\/wp\/v2\/pages\/1113\/?_page=3\">3<\/a><\/li>\n\t<li ><a href=\"#\">&hellip;<\/a><\/li>\n\t<li ><a class=\"\" href=\"https:\/\/blogsaverroes.juntadeandalucia.es\/colegiorafaelaldehuela\/wp-json\/wp\/v2\/pages\/1113\/?_page=17\">17<\/a><\/li>\n\t<li ><a class=\" \" href=\"https:\/\/blogsaverroes.juntadeandalucia.es\/colegiorafaelaldehuela\/wp-json\/wp\/v2\/pages\/1113\/?_page=2\">&rsaquo;<\/a><\/li>\n\t<\/ul><img loading=\"lazy\" decoding=\"async\" width=\"15\" height=\"15\" class=\"pt-cv-spinner\" alt=\"Cargando...\" src=\"data:image\/gif;base64,R0lGODlhDwAPALMPAMrKygwMDJOTkz09PZWVla+vr3p6euTk5M7OzuXl5TMzMwAAAJmZmWZmZszMzP\/\/\/yH\/C05FVFNDQVBFMi4wAwEAAAAh+QQFCgAPACwAAAAADwAPAAAEQvDJaZaZOIcV8iQK8VRX4iTYoAwZ4iCYoAjZ4RxejhVNoT+mRGP4cyF4Pp0N98sBGIBMEMOotl6YZ3S61Bmbkm4mAgAh+QQFCgAPACwAAAAADQANAAAENPDJSRSZeA418itN8QiK8BiLITVsFiyBBIoYqnoewAD4xPw9iY4XLGYSjkQR4UAUD45DLwIAIfkEBQoADwAsAAAAAA8ACQAABC\/wyVlamTi3nSdgwFNdhEJgTJoNyoB9ISYoQmdjiZPcj7EYCAeCF1gEDo4Dz2eIAAAh+QQFCgAPACwCAAAADQANAAAEM\/DJBxiYeLKdX3IJZT1FU0iIg2RNKx3OkZVnZ98ToRD4MyiDnkAh6BkNC0MvsAj0kMpHBAAh+QQFCgAPACwGAAAACQAPAAAEMDC59KpFDll73HkAA2wVY5KgiK5b0RRoI6MuzG6EQqCDMlSGheEhUAgqgUUAFRySIgAh+QQFCgAPACwCAAIADQANAAAEM\/DJKZNLND\/kkKaHc3xk+QAMYDKsiaqmZCxGVjSFFCxB1vwy2oOgIDxuucxAMTAJFAJNBAAh+QQFCgAPACwAAAYADwAJAAAEMNAs86q1yaWwwv2Ig0jUZx3OYa4XoRAfwADXoAwfo1+CIjyFRuEho60aSNYlOPxEAAAh+QQFCgAPACwAAAIADQANAAAENPA9s4y8+IUVcqaWJ4qEQozSoAzoIyhCK2NFU2SJk0hNnyEOhKR2AzAAj4Pj4GE4W0bkJQIAOw==\" \/><div class=\"clear pt-cv-clear-pagination\"><\/div><\/div> <\/div> \t\t\t\t<\/div>\n\t\t\t\t<\/div>\n\t\t\t\t\t<\/div>\n\t\t<\/div>\n\t\t\t\t\t<\/div>\n\t\t<\/section>\n\t\t\t\t<\/div>\n\t\t","protected":false},"excerpt":{"rendered":"<p>Bienvenidos a nuestro blog El plan de centro es el documento principal que rige la vida en el centro. Pod\u00e9is consultarlo en el lateral de la web El centro dispone de aula TIC para que el alumnado desarrolle competencias digitales y curriculares, trabaje los contenidos y adquiera habilidades sociales a la hora de realizar proyectos &hellip; <a href=\"https:\/\/blogsaverroes.juntadeandalucia.es\/colegiorafaelaldehuela\/2025\/06\/12\/viaje-de-fin-de-curso-6o-de-primaria\/\" class=\"more-link\">Seguir leyendo <span class=\"screen-reader-text\">Viaje de fin de curso &#8211; 6\u00ba de Primaria<\/span> <span class=\"meta-nav\">&rarr;<\/span><\/a><\/p>\n","protected":false},"author":1,"featured_media":0,"parent":0,"menu_order":0,"comment_status":"closed","ping_status":"open","template":"","meta":{"ngg_post_thumbnail":0,"footnotes":"","_mc_calendar":[]},"aioseo_notices":[],"_links":{"self":[{"href":"https:\/\/blogsaverroes.juntadeandalucia.es\/colegiorafaelaldehuela\/wp-json\/wp\/v2\/pages\/1113"}],"collection":[{"href":"https:\/\/blogsaverroes.juntadeandalucia.es\/colegiorafaelaldehuela\/wp-json\/wp\/v2\/pages"}],"about":[{"href":"https:\/\/blogsaverroes.juntadeandalucia.es\/colegiorafaelaldehuela\/wp-json\/wp\/v2\/types\/page"}],"author":[{"embeddable":true,"href":"https:\/\/blogsaverroes.juntadeandalucia.es\/colegiorafaelaldehuela\/wp-json\/wp\/v2\/users\/1"}],"replies":[{"embeddable":true,"href":"https:\/\/blogsaverroes.juntadeandalucia.es\/colegiorafaelaldehuela\/wp-json\/wp\/v2\/comments?post=1113"}],"version-history":[{"count":125,"href":"https:\/\/blogsaverroes.juntadeandalucia.es\/colegiorafaelaldehuela\/wp-json\/wp\/v2\/pages\/1113\/revisions"}],"predecessor-version":[{"id":5962,"href":"https:\/\/blogsaverroes.juntadeandalucia.es\/colegiorafaelaldehuela\/wp-json\/wp\/v2\/pages\/1113\/revisions\/5962"}],"wp:attachment":[{"href":"https:\/\/blogsaverroes.juntadeandalucia.es\/colegiorafaelaldehuela\/wp-json\/wp\/v2\/media?parent=1113"}],"curies":[{"name":"wp","href":"https:\/\/api.w.org\/{rel}","templated":true}]}}