{"id":2176,"date":"2016-02-02T20:39:12","date_gmt":"2016-02-02T20:39:12","guid":{"rendered":"http:\/\/blogsaverroes.juntadeandalucia.es\/colegiorafaelaldehuela\/?page_id=2176"},"modified":"2020-11-24T18:45:28","modified_gmt":"2020-11-24T18:45:28","slug":"profesorado","status":"publish","type":"page","link":"https:\/\/blogsaverroes.juntadeandalucia.es\/colegiorafaelaldehuela\/profesorado\/","title":{"rendered":"Profesorado"},"content":{"rendered":"<p style=\"text-align: justify\"><strong>EQUIPO DIRECTIVO<\/strong><\/p>\n<p style=\"text-align: justify\">Directora. D\u00f1a. Mar\u00eda de los \u00c1ngeles Funes Vill\u00e9n<\/p>\n<p style=\"text-align: justify\">Jefa de Estudios. D\u00f1a. Cristobalina Guti\u00e9rrez Gonz\u00e1lez.<\/p>\n<p style=\"text-align: justify\">Secretario. D. Manuel Tapiador Carillo<\/p>\n<p style=\"text-align: justify\">&nbsp;<\/p>\n<p style=\"text-align: justify\"><strong>Equipo t\u00e9cnico de coordinaci\u00f3n e innovaci\u00f3n pedag\u00f3gica<\/strong><\/p>\n<p style=\"text-align: justify\">Directora. D\u00f1a. Mar\u00eda de los \u00c1ngeles Funes Vill\u00e9n&nbsp;<\/p>\n<p style=\"text-align: justify\">Jefa de Estudios. D\u00f1a. Cristobalina Guti\u00e9rrez Gonz\u00e1lez.<\/p>\n<p style=\"text-align: justify\">Coordinadora primer ciclo de Ed. Primaria. D\u00f1a. Clara Bonilla Cu\u00e9llar.<\/p>\n<p style=\"text-align: justify\">Coordinadora segundo ciclo de Ed. Primaria. D\u00f1a. Beatriz Navajas Cordob\u00e9s<\/p>\n<p style=\"text-align: justify\">Coordinador tercer ciclo de Ed. Primaria. D\u00f1a. Raquel Pe\u00f1a \u00c1lvarez<\/p>\n<p style=\"text-align: justify\">Coordinadora equipo orientaci\u00f3n y apoyo. D\u00f1a. Natividad Berbel Olmo<\/p>\n<p style=\"text-align: justify\">Orientadora del E.O.E. D\u00f1a. Jennifer Castro Rosa<\/p>\n<p style=\"text-align: justify\">&nbsp;<\/p>\n<p style=\"text-align: justify\"><strong>TUTORES\/AS<\/strong><\/p>\n<p>1\u00ba A. D\u00f1a. Ana Bel\u00e9n Olmo Cano<\/p>\n<p style=\"text-align: justify\">2\u00ba A. D\u00f1a. Clara Bonilla Cu\u00e9llar<\/p>\n<p style=\"text-align: justify\">3\u00ba A. D\u00f1a. Beatriz Navajas Cordob\u00e9s<\/p>\n<p style=\"text-align: justify\">3\u00ba B. D\u00f1a. Julia Mercedes Luque Carrillo<\/p>\n<p style=\"text-align: justify\">4\u00ba A. D\u00f1a. Cristobalina Guti\u00e9rrez Gonz\u00e1lez<\/p>\n<p style=\"text-align: justify\">5\u00ba A. D\u00f1a. Raquel Pe\u00f1a \u00c1lvarez<\/p>\n<p style=\"text-align: justify\">6\u00ba A. D. Manuel Tapiador Carrillo<\/p>\n<p style=\"text-align: justify\">&nbsp;<\/p>\n<p style=\"text-align: justify\">&nbsp;<\/p>\n<p style=\"text-align: justify\"><strong>PROFESORADO ESPECIALISTA<\/strong><\/p>\n<p style=\"text-align: justify\">Ingl\u00e9s. D\u00f1a. Cristobalina Guti\u00e9rrez Gonz\u00e1lez\/ D. Mario Contreras Bueno<\/p>\n<p style=\"text-align: justify\">Ingl\u00e9s biling\u00fce: D\u00f1a. Julia Mercedes Luque Carrillo\/ D\u00f1a. Ana Bel\u00e9n Olmo Cano<\/p>\n<p style=\"text-align: justify\">M\u00fasica Primaria. D\u00f1a. Beatriz Navajas Cordob\u00e9s<\/p>\n<p style=\"text-align: justify\">Educaci\u00f3n F\u00edsica. D. Manuel Granados Betancourt<\/p>\n<p style=\"text-align: justify\">Educaci\u00f3n Especial. D. Francisco Javier Jim\u00e9nez Mata<\/p>\n<p style=\"text-align: justify\">Audici\u00f3n y Lenguaje. D\u00f1a. Natividad Berbel Olmo<\/p>\n<p style=\"text-align: justify\">Franc\u00e9s. D\u00f1a. Clara Bonilla Cu\u00e9llar<\/p>\n<p style=\"text-align: justify\">Pedagog\u00eda Terap\u00e9utica: D\u00f1a. Mar\u00eda del Carmen Burgos Ruiz<\/p>\n<p style=\"text-align: justify\">Religi\u00f3n. D\u00f1a. Manoli Molina Mochales<\/p>\n<p style=\"text-align: justify\">Profesorado de Apoyo. D\u00f1a. Ana Bel\u00e9n Moreno Navas&nbsp;<\/p>\n<p style=\"text-align: justify\">&nbsp;<\/p>\n<p style=\"text-align: justify\">Educadora E.E. D\u00f1a. Josefa Montoya L\u00f3pez<\/p>\n<p>&nbsp;<\/p>\n","protected":false},"excerpt":{"rendered":"<p>EQUIPO DIRECTIVO Directora. D\u00f1a. Mar\u00eda de los \u00c1ngeles Funes Vill\u00e9n Jefa de Estudios. D\u00f1a. Cristobalina Guti\u00e9rrez Gonz\u00e1lez. Secretario. D. Manuel Tapiador Carillo &nbsp; Equipo t\u00e9cnico de coordinaci\u00f3n e innovaci\u00f3n pedag\u00f3gica Directora. D\u00f1a. Mar\u00eda de los \u00c1ngeles Funes Vill\u00e9n&nbsp; Jefa de Estudios. D\u00f1a. Cristobalina Guti\u00e9rrez Gonz\u00e1lez. Coordinadora primer ciclo de Ed. Primaria. D\u00f1a. Clara Bonilla Cu\u00e9llar. &hellip; <a href=\"https:\/\/blogsaverroes.juntadeandalucia.es\/colegiorafaelaldehuela\/profesorado\/\" class=\"more-link\">Seguir leyendo <span class=\"screen-reader-text\">Profesorado<\/span> <span class=\"meta-nav\">&rarr;<\/span><\/a><\/p>\n","protected":false},"author":2742,"featured_media":0,"parent":0,"menu_order":0,"comment_status":"open","ping_status":"open","template":"","meta":{"ngg_post_thumbnail":0,"footnotes":"","_mc_calendar":[]},"aioseo_notices":[],"_links":{"self":[{"href":"https:\/\/blogsaverroes.juntadeandalucia.es\/colegiorafaelaldehuela\/wp-json\/wp\/v2\/pages\/2176"}],"collection":[{"href":"https:\/\/blogsaverroes.juntadeandalucia.es\/colegiorafaelaldehuela\/wp-json\/wp\/v2\/pages"}],"about":[{"href":"https:\/\/blogsaverroes.juntadeandalucia.es\/colegiorafaelaldehuela\/wp-json\/wp\/v2\/types\/page"}],"author":[{"embeddable":true,"href":"https:\/\/blogsaverroes.juntadeandalucia.es\/colegiorafaelaldehuela\/wp-json\/wp\/v2\/users\/2742"}],"replies":[{"embeddable":true,"href":"https:\/\/blogsaverroes.juntadeandalucia.es\/colegiorafaelaldehuela\/wp-json\/wp\/v2\/comments?post=2176"}],"version-history":[{"count":17,"href":"https:\/\/blogsaverroes.juntadeandalucia.es\/colegiorafaelaldehuela\/wp-json\/wp\/v2\/pages\/2176\/revisions"}],"predecessor-version":[{"id":2587,"href":"https:\/\/blogsaverroes.juntadeandalucia.es\/colegiorafaelaldehuela\/wp-json\/wp\/v2\/pages\/2176\/revisions\/2587"}],"wp:attachment":[{"href":"https:\/\/blogsaverroes.juntadeandalucia.es\/colegiorafaelaldehuela\/wp-json\/wp\/v2\/media?parent=2176"}],"curies":[{"name":"wp","href":"https:\/\/api.w.org\/{rel}","templated":true}]}}