{"id":44,"date":"2015-03-13T08:42:15","date_gmt":"2015-03-13T08:42:15","guid":{"rendered":"http:\/\/blogsaverroes.juntadeandalucia.es\/pre\/ceip\/?page_id=44"},"modified":"2020-12-21T16:50:44","modified_gmt":"2020-12-21T16:50:44","slug":"planes-y-proyectos","status":"publish","type":"page","link":"https:\/\/blogsaverroes.juntadeandalucia.es\/colegiorafaelaldehuela\/planes-y-proyectos\/","title":{"rendered":"Planes y Programas"},"content":{"rendered":"<p><img decoding=\"async\" class=\"alignnone size-medium wp-image-1667\" src=\"http:\/\/blogsaverroes.juntadeandalucia.es\/colegiorafaelaldehuela\/files\/2015\/03\/planes-300x150.png\" alt=\"planes\" width=\"300\" height=\"150\" srcset=\"https:\/\/blogsaverroes.juntadeandalucia.es\/colegiorafaelaldehuela\/files\/2015\/03\/planes-300x150.png 300w, https:\/\/blogsaverroes.juntadeandalucia.es\/colegiorafaelaldehuela\/files\/2015\/03\/planes.png 640w\" sizes=\"(max-width: 300px) 100vw, 300px\" \/><\/p>\n<p style=\"text-align: justify\">A lo largo del presente curso escolar, nuestro Centro viene desarrollando diversos&nbsp; <strong>Planes y Programas<\/strong> promovidos desde la Consejer\u00eda de Educaci\u00f3n, Cultura y Deporte.<\/p>\n<p style=\"text-align: justify\">A continuaci\u00f3n se relacionan aquellos que se vienen desarrollando en la actualidad, y sus respectivos coordinadores\/as:<\/p>\n<ul>\n<li><strong>Plan de igualdad entre hombres y mujeres en la educaci\u00f3n <\/strong>(D\u00aa Natividad Berbel Olmo)<strong>.<br \/>\n<\/strong><\/li>\n<li><strong>Proyecto ling\u00fc\u00edstico de centro <\/strong>(D\u00aa Cristobalina Guti\u00e9rrez Gonz\u00e1lez)<strong>.<\/strong><\/li>\n<li><strong>ALDEA<\/strong><\/li>\n<li><strong>Escuelas deportivas <\/strong>(D\u00aa Mar\u00eda \u00c1ngeles Funes Vill\u00e9n)<strong>.<\/strong><\/li>\n<li><strong>Red andaluza \u00abEscuela espacio de paz\u00bb <\/strong><strong>.<\/strong><\/li>\n<li><strong>Creciendo en salud <\/strong>(D. Mario )<strong>.<\/strong><\/li>\n<li><strong>Proyecto Centro TIC, Escuela TIC 2.0<\/strong> (D\u00aa Clara Bonilla Cu\u00e9llar)<strong>.<\/strong><\/li>\n<li><strong>Plan de Salud Laboral y P.R.L. <\/strong><strong>.<\/strong><\/li>\n<li><strong>Practicum, grado maestro <\/strong>(D\u00aa Cristobalina Guti\u00e9rrez Gonz\u00e1lez) <strong>.<\/strong><\/li>\n<\/ul>\n<p>&nbsp;<\/p>\n<h2 style=\"text-align: center\">Entregas del plan de frutas y verduras.<\/h2>\n<figure id=\"attachment_2198\" aria-describedby=\"caption-attachment-2198\" style=\"width: 210px\" class=\"wp-caption aligncenter\"><a href=\"http:\/\/blogsaverroes.juntadeandalucia.es\/colegiorafaelaldehuela\/files\/2015\/03\/cartel-fruta.jpg\"><img fetchpriority=\"high\" decoding=\"async\" class=\"wp-image-2198 size-medium\" src=\"http:\/\/blogsaverroes.juntadeandalucia.es\/colegiorafaelaldehuela\/files\/2015\/03\/cartel-fruta-210x300.jpg\" alt=\"Cartel oficial del programa\" width=\"210\" height=\"300\" srcset=\"https:\/\/blogsaverroes.juntadeandalucia.es\/colegiorafaelaldehuela\/files\/2015\/03\/cartel-fruta-210x300.jpg 210w, https:\/\/blogsaverroes.juntadeandalucia.es\/colegiorafaelaldehuela\/files\/2015\/03\/cartel-fruta-718x1024.jpg 718w, https:\/\/blogsaverroes.juntadeandalucia.es\/colegiorafaelaldehuela\/files\/2015\/03\/cartel-fruta.jpg 1122w\" sizes=\"(max-width: 210px) 100vw, 210px\" \/><\/a><figcaption id=\"caption-attachment-2198\" class=\"wp-caption-text\">Cartel oficial del programa<\/figcaption><\/figure>\n<p><em><span style=\"color: #008000\"><strong>Curso 2020-2021<\/strong><\/span><\/em><\/p>\n<p style=\"text-align: center\"><span style=\"color: #ff0000\"><strong>H\u00c1BITOS SALUDABLES-CRECIENDO EN SALUD<\/strong><\/span><\/p>\n<p style=\"text-align: justify\">Desde el plan de <strong>H\u00e1bitos Saludables- Creciendo en salud<\/strong> del centro, en los \u00faltimos d\u00edas se han repartido los productos que quedaron pendientes del curso pasado y que no se pudieron repartir debido al confinamiento.&nbsp;As\u00ed, a lo largo de cinco d\u00edas, se han repartido distintos productos.&nbsp;<\/p>\n<p style=\"text-align: justify\">En primer lugar se distribuyeron <span style=\"color: #000080\"><strong><em>bricks de leche sin lactosa<\/em><\/strong><\/span> que el alumnado llev\u00f3 a casa.&nbsp;<\/p>\n<figure id=\"attachment_2474\" aria-describedby=\"caption-attachment-2474\" style=\"width: 263px\" class=\"wp-caption aligncenter\"><a href=\"https:\/\/blogsaverroes.juntadeandalucia.es\/colegiorafaelaldehuela\/files\/2020\/10\/cc499f31-9b6c-4ae6-aea7-931b4e750799.jpg\"><img decoding=\"async\" class=\"wp-image-2474 size-medium\" src=\"https:\/\/blogsaverroes.juntadeandalucia.es\/colegiorafaelaldehuela\/files\/2020\/10\/cc499f31-9b6c-4ae6-aea7-931b4e750799-e1602530832543-263x300.jpg\" alt=\"\" width=\"263\" height=\"300\" srcset=\"https:\/\/blogsaverroes.juntadeandalucia.es\/colegiorafaelaldehuela\/files\/2020\/10\/cc499f31-9b6c-4ae6-aea7-931b4e750799-e1602530832543-263x300.jpg 263w, https:\/\/blogsaverroes.juntadeandalucia.es\/colegiorafaelaldehuela\/files\/2020\/10\/cc499f31-9b6c-4ae6-aea7-931b4e750799-e1602530832543-897x1024.jpg 897w, https:\/\/blogsaverroes.juntadeandalucia.es\/colegiorafaelaldehuela\/files\/2020\/10\/cc499f31-9b6c-4ae6-aea7-931b4e750799-e1602530832543-768x877.jpg 768w, https:\/\/blogsaverroes.juntadeandalucia.es\/colegiorafaelaldehuela\/files\/2020\/10\/cc499f31-9b6c-4ae6-aea7-931b4e750799-e1602530832543-21x24.jpg 21w, https:\/\/blogsaverroes.juntadeandalucia.es\/colegiorafaelaldehuela\/files\/2020\/10\/cc499f31-9b6c-4ae6-aea7-931b4e750799-e1602530832543-32x36.jpg 32w, https:\/\/blogsaverroes.juntadeandalucia.es\/colegiorafaelaldehuela\/files\/2020\/10\/cc499f31-9b6c-4ae6-aea7-931b4e750799-e1602530832543-42x48.jpg 42w, https:\/\/blogsaverroes.juntadeandalucia.es\/colegiorafaelaldehuela\/files\/2020\/10\/cc499f31-9b6c-4ae6-aea7-931b4e750799-e1602530832543.jpg 1128w\" sizes=\"(max-width: 263px) 100vw, 263px\" \/><\/a><figcaption id=\"caption-attachment-2474\" class=\"wp-caption-text\">Leche sin lactosa<\/figcaption><\/figure>\n<p style=\"text-align: justify\">M\u00e1s tarde, y a partir del jueves 2 de octubre y en d\u00edas consecutivos, se ofreci\u00f3 <strong><span style=\"color: #000080\"><em>gazpacho ecol\u00f3gico<\/em><\/span><\/strong> fabricado con productos naturales; <span style=\"color: #000080\"><em><strong>manzana ecol\u00f3gica<\/strong><\/em><\/span> cortada y preparada en paquetes individuales; <em><strong><span style=\"color: #000080\">tomates cherry<\/span><\/strong><\/em> ecol\u00f3gicos y <span style=\"color: #000080\"><em><strong>mandarinas de piel verde.&nbsp;<\/strong><\/em><\/span><\/p>\n<figure id=\"attachment_2473\" aria-describedby=\"caption-attachment-2473\" style=\"width: 300px\" class=\"wp-caption aligncenter\"><a href=\"https:\/\/blogsaverroes.juntadeandalucia.es\/colegiorafaelaldehuela\/files\/2020\/10\/507030aa-24e6-4534-b319-fd61377f4e2f.jpg\"><img loading=\"lazy\" decoding=\"async\" class=\"wp-image-2473 size-medium\" src=\"https:\/\/blogsaverroes.juntadeandalucia.es\/colegiorafaelaldehuela\/files\/2020\/10\/507030aa-24e6-4534-b319-fd61377f4e2f-300x169.jpg\" alt=\"\" width=\"300\" height=\"169\" srcset=\"https:\/\/blogsaverroes.juntadeandalucia.es\/colegiorafaelaldehuela\/files\/2020\/10\/507030aa-24e6-4534-b319-fd61377f4e2f-300x169.jpg 300w, https:\/\/blogsaverroes.juntadeandalucia.es\/colegiorafaelaldehuela\/files\/2020\/10\/507030aa-24e6-4534-b319-fd61377f4e2f-1024x576.jpg 1024w, https:\/\/blogsaverroes.juntadeandalucia.es\/colegiorafaelaldehuela\/files\/2020\/10\/507030aa-24e6-4534-b319-fd61377f4e2f-768x432.jpg 768w, https:\/\/blogsaverroes.juntadeandalucia.es\/colegiorafaelaldehuela\/files\/2020\/10\/507030aa-24e6-4534-b319-fd61377f4e2f-1536x864.jpg 1536w, https:\/\/blogsaverroes.juntadeandalucia.es\/colegiorafaelaldehuela\/files\/2020\/10\/507030aa-24e6-4534-b319-fd61377f4e2f-24x14.jpg 24w, https:\/\/blogsaverroes.juntadeandalucia.es\/colegiorafaelaldehuela\/files\/2020\/10\/507030aa-24e6-4534-b319-fd61377f4e2f-36x20.jpg 36w, https:\/\/blogsaverroes.juntadeandalucia.es\/colegiorafaelaldehuela\/files\/2020\/10\/507030aa-24e6-4534-b319-fd61377f4e2f-48x27.jpg 48w, https:\/\/blogsaverroes.juntadeandalucia.es\/colegiorafaelaldehuela\/files\/2020\/10\/507030aa-24e6-4534-b319-fd61377f4e2f.jpg 1600w\" sizes=\"(max-width: 300px) 100vw, 300px\" \/><\/a><figcaption id=\"caption-attachment-2473\" class=\"wp-caption-text\">Tomates cherry<\/figcaption><\/figure>\n<p style=\"text-align: justify\">No todos quer\u00edan probarlo todo, pero todos los productos tuvieron una gran acogida por parte del alumnado.&nbsp;<\/p>\n<p style=\"text-align: justify\">Adem\u00e1s, el pasado viernes se repartieron los llamados <span style=\"color: #800000\"><strong>\u00abFrut\u00f3metros\u00bb<\/strong><\/span>. Se trata de unos p\u00f3sters donde se refleja diariamente el alumnado que trae comida saludable (frutas, hortalizas, zumos hechos en casa, bocadillos con ingredientes sanos&#8230;) para que se procure evitar el consumo de alimentos y bebidas con alto contenido en az\u00facar (zumos y alimentos ultra procesados con alta concentraci\u00f3n de aditivos, a menudo con etiqueta \u00absin az\u00facares a\u00f1adidos\u00bb).&nbsp;<\/p>\n<p><a href=\"https:\/\/blogsaverroes.juntadeandalucia.es\/colegiorafaelaldehuela\/files\/2020\/10\/IMG_0977-scaled.jpg\"><img loading=\"lazy\" decoding=\"async\" class=\"size-medium wp-image-2481 aligncenter\" src=\"https:\/\/blogsaverroes.juntadeandalucia.es\/colegiorafaelaldehuela\/files\/2020\/10\/IMG_0977-300x225.jpg\" alt=\"\" width=\"300\" height=\"225\" srcset=\"https:\/\/blogsaverroes.juntadeandalucia.es\/colegiorafaelaldehuela\/files\/2020\/10\/IMG_0977-300x225.jpg 300w, https:\/\/blogsaverroes.juntadeandalucia.es\/colegiorafaelaldehuela\/files\/2020\/10\/IMG_0977-1024x768.jpg 1024w, https:\/\/blogsaverroes.juntadeandalucia.es\/colegiorafaelaldehuela\/files\/2020\/10\/IMG_0977-768x576.jpg 768w, https:\/\/blogsaverroes.juntadeandalucia.es\/colegiorafaelaldehuela\/files\/2020\/10\/IMG_0977-1536x1152.jpg 1536w, https:\/\/blogsaverroes.juntadeandalucia.es\/colegiorafaelaldehuela\/files\/2020\/10\/IMG_0977-2048x1536.jpg 2048w, https:\/\/blogsaverroes.juntadeandalucia.es\/colegiorafaelaldehuela\/files\/2020\/10\/IMG_0977-24x18.jpg 24w, https:\/\/blogsaverroes.juntadeandalucia.es\/colegiorafaelaldehuela\/files\/2020\/10\/IMG_0977-36x27.jpg 36w, https:\/\/blogsaverroes.juntadeandalucia.es\/colegiorafaelaldehuela\/files\/2020\/10\/IMG_0977-48x36.jpg 48w, https:\/\/blogsaverroes.juntadeandalucia.es\/colegiorafaelaldehuela\/files\/2020\/10\/IMG_0977-scaled.jpg 1600w\" sizes=\"(max-width: 300px) 100vw, 300px\" \/><\/a><\/p>\n<p style=\"text-align: justify\">Desde el colegio, animamos a las familias y a nuestro alumnado a consumir diferentes piezas de fruta y verdura diariamente, as\u00ed como alimentos saludables, no solo para ver c\u00f3mo crece su puntuaci\u00f3n en el \u00abfrut\u00f3metro\u00bb, sino para inculcar h\u00e1bitos nutricionales que no tienen ning\u00fan aspecto negativo, sino todo lo contrario.&nbsp;<\/p>\n<p>&nbsp;<\/p>\n<p>______________________________________________________________________________________________________________________________________________<\/p>\n<p style=\"text-align: center\"><span style=\"color: #ff0000\"><strong>ALDEA<\/strong><\/span><\/p>\n<p>Desde el plan <strong>ALDEA<\/strong>, sobre educaci\u00f3n ambiental, estamos orgullosos y agradecidos de poder compartir la puesta en marcha de nuestro <span style=\"color: #008000\"><em><strong>Huerto escolar.<\/strong><\/em><\/span><\/p>\n<p>Con esta iniciativa no solo trabajamos y acercamos la naturaleza a nuestro alumnado, sino que tambi\u00e9n trabajamos conceptos matem\u00e1ticos (orientaci\u00f3n espacial, mediciones, etc.). Trabajamos en equipo con un mismo objetivo. Esto no ha hecho m\u00e1s que comenzar.&nbsp;<\/p>\n<div id='gallery-1' class='gallery galleryid-44 gallery-columns-3 gallery-size-thumbnail'><figure class='gallery-item'>\n\t\t\t<div class='gallery-icon landscape'>\n\t\t\t\t<a href='https:\/\/blogsaverroes.juntadeandalucia.es\/colegiorafaelaldehuela\/planes-y-proyectos\/1d6c33bd-f510-40c6-84e1-1b1cccca572b\/'><img loading=\"lazy\" decoding=\"async\" width=\"150\" height=\"150\" src=\"https:\/\/blogsaverroes.juntadeandalucia.es\/colegiorafaelaldehuela\/files\/2020\/12\/1d6c33bd-f510-40c6-84e1-1b1cccca572b-150x150.jpg\" class=\"attachment-thumbnail size-thumbnail\" alt=\"\" aria-describedby=\"gallery-1-2642\" srcset=\"https:\/\/blogsaverroes.juntadeandalucia.es\/colegiorafaelaldehuela\/files\/2020\/12\/1d6c33bd-f510-40c6-84e1-1b1cccca572b-150x150.jpg 150w, https:\/\/blogsaverroes.juntadeandalucia.es\/colegiorafaelaldehuela\/files\/2020\/12\/1d6c33bd-f510-40c6-84e1-1b1cccca572b-100x100.jpg 100w, https:\/\/blogsaverroes.juntadeandalucia.es\/colegiorafaelaldehuela\/files\/2020\/12\/1d6c33bd-f510-40c6-84e1-1b1cccca572b-80x80.jpg 80w, https:\/\/blogsaverroes.juntadeandalucia.es\/colegiorafaelaldehuela\/files\/2020\/12\/1d6c33bd-f510-40c6-84e1-1b1cccca572b-320x320.jpg 320w\" sizes=\"(max-width: 150px) 100vw, 150px\" \/><\/a>\n\t\t\t<\/div>\n\t\t\t\t<figcaption class='wp-caption-text gallery-caption' id='gallery-1-2642'>\n\t\t\t\tMontaje de la carretilla\n\t\t\t\t<\/figcaption><\/figure><figure class='gallery-item'>\n\t\t\t<div class='gallery-icon portrait'>\n\t\t\t\t<a href='https:\/\/blogsaverroes.juntadeandalucia.es\/colegiorafaelaldehuela\/planes-y-proyectos\/1f1f1ce8-9f0a-4d6e-b2c0-492b01a3ac94\/'><img loading=\"lazy\" decoding=\"async\" width=\"150\" height=\"150\" src=\"https:\/\/blogsaverroes.juntadeandalucia.es\/colegiorafaelaldehuela\/files\/2020\/12\/1f1f1ce8-9f0a-4d6e-b2c0-492b01a3ac94-150x150.jpg\" class=\"attachment-thumbnail size-thumbnail\" alt=\"\" srcset=\"https:\/\/blogsaverroes.juntadeandalucia.es\/colegiorafaelaldehuela\/files\/2020\/12\/1f1f1ce8-9f0a-4d6e-b2c0-492b01a3ac94-150x150.jpg 150w, https:\/\/blogsaverroes.juntadeandalucia.es\/colegiorafaelaldehuela\/files\/2020\/12\/1f1f1ce8-9f0a-4d6e-b2c0-492b01a3ac94-100x100.jpg 100w, https:\/\/blogsaverroes.juntadeandalucia.es\/colegiorafaelaldehuela\/files\/2020\/12\/1f1f1ce8-9f0a-4d6e-b2c0-492b01a3ac94-80x80.jpg 80w, https:\/\/blogsaverroes.juntadeandalucia.es\/colegiorafaelaldehuela\/files\/2020\/12\/1f1f1ce8-9f0a-4d6e-b2c0-492b01a3ac94-320x320.jpg 320w\" sizes=\"(max-width: 150px) 100vw, 150px\" \/><\/a>\n\t\t\t<\/div><\/figure><figure class='gallery-item'>\n\t\t\t<div class='gallery-icon portrait'>\n\t\t\t\t<a href='https:\/\/blogsaverroes.juntadeandalucia.es\/colegiorafaelaldehuela\/planes-y-proyectos\/6fdf114e-967c-4233-bd83-cdc9f3efa480\/'><img loading=\"lazy\" decoding=\"async\" width=\"150\" height=\"150\" src=\"https:\/\/blogsaverroes.juntadeandalucia.es\/colegiorafaelaldehuela\/files\/2020\/12\/6fdf114e-967c-4233-bd83-cdc9f3efa480-150x150.jpg\" class=\"attachment-thumbnail size-thumbnail\" alt=\"\" srcset=\"https:\/\/blogsaverroes.juntadeandalucia.es\/colegiorafaelaldehuela\/files\/2020\/12\/6fdf114e-967c-4233-bd83-cdc9f3efa480-150x150.jpg 150w, https:\/\/blogsaverroes.juntadeandalucia.es\/colegiorafaelaldehuela\/files\/2020\/12\/6fdf114e-967c-4233-bd83-cdc9f3efa480-100x100.jpg 100w, https:\/\/blogsaverroes.juntadeandalucia.es\/colegiorafaelaldehuela\/files\/2020\/12\/6fdf114e-967c-4233-bd83-cdc9f3efa480-80x80.jpg 80w, https:\/\/blogsaverroes.juntadeandalucia.es\/colegiorafaelaldehuela\/files\/2020\/12\/6fdf114e-967c-4233-bd83-cdc9f3efa480-320x320.jpg 320w\" sizes=\"(max-width: 150px) 100vw, 150px\" \/><\/a>\n\t\t\t<\/div><\/figure><figure class='gallery-item'>\n\t\t\t<div class='gallery-icon portrait'>\n\t\t\t\t<a href='https:\/\/blogsaverroes.juntadeandalucia.es\/colegiorafaelaldehuela\/planes-y-proyectos\/9d1c63e5-4098-453e-a664-561c753e4010\/'><img loading=\"lazy\" decoding=\"async\" width=\"150\" height=\"150\" src=\"https:\/\/blogsaverroes.juntadeandalucia.es\/colegiorafaelaldehuela\/files\/2020\/12\/9d1c63e5-4098-453e-a664-561c753e4010-150x150.jpg\" class=\"attachment-thumbnail size-thumbnail\" alt=\"\" srcset=\"https:\/\/blogsaverroes.juntadeandalucia.es\/colegiorafaelaldehuela\/files\/2020\/12\/9d1c63e5-4098-453e-a664-561c753e4010-150x150.jpg 150w, https:\/\/blogsaverroes.juntadeandalucia.es\/colegiorafaelaldehuela\/files\/2020\/12\/9d1c63e5-4098-453e-a664-561c753e4010-100x100.jpg 100w, https:\/\/blogsaverroes.juntadeandalucia.es\/colegiorafaelaldehuela\/files\/2020\/12\/9d1c63e5-4098-453e-a664-561c753e4010-80x80.jpg 80w, https:\/\/blogsaverroes.juntadeandalucia.es\/colegiorafaelaldehuela\/files\/2020\/12\/9d1c63e5-4098-453e-a664-561c753e4010-320x320.jpg 320w\" sizes=\"(max-width: 150px) 100vw, 150px\" \/><\/a>\n\t\t\t<\/div><\/figure><figure class='gallery-item'>\n\t\t\t<div class='gallery-icon portrait'>\n\t\t\t\t<a href='https:\/\/blogsaverroes.juntadeandalucia.es\/colegiorafaelaldehuela\/planes-y-proyectos\/9eedefd7-329e-4eea-b4ff-aa70830ed6f6\/'><img loading=\"lazy\" decoding=\"async\" width=\"150\" height=\"150\" src=\"https:\/\/blogsaverroes.juntadeandalucia.es\/colegiorafaelaldehuela\/files\/2020\/12\/9eedefd7-329e-4eea-b4ff-aa70830ed6f6-150x150.jpg\" class=\"attachment-thumbnail size-thumbnail\" alt=\"\" srcset=\"https:\/\/blogsaverroes.juntadeandalucia.es\/colegiorafaelaldehuela\/files\/2020\/12\/9eedefd7-329e-4eea-b4ff-aa70830ed6f6-150x150.jpg 150w, https:\/\/blogsaverroes.juntadeandalucia.es\/colegiorafaelaldehuela\/files\/2020\/12\/9eedefd7-329e-4eea-b4ff-aa70830ed6f6-100x100.jpg 100w, https:\/\/blogsaverroes.juntadeandalucia.es\/colegiorafaelaldehuela\/files\/2020\/12\/9eedefd7-329e-4eea-b4ff-aa70830ed6f6-80x80.jpg 80w, https:\/\/blogsaverroes.juntadeandalucia.es\/colegiorafaelaldehuela\/files\/2020\/12\/9eedefd7-329e-4eea-b4ff-aa70830ed6f6-320x320.jpg 320w\" sizes=\"(max-width: 150px) 100vw, 150px\" \/><\/a>\n\t\t\t<\/div><\/figure><figure class='gallery-item'>\n\t\t\t<div class='gallery-icon portrait'>\n\t\t\t\t<a href='https:\/\/blogsaverroes.juntadeandalucia.es\/colegiorafaelaldehuela\/planes-y-proyectos\/34ea4521-c7f4-4b71-a68d-4846d70199be\/'><img loading=\"lazy\" decoding=\"async\" width=\"150\" height=\"150\" src=\"https:\/\/blogsaverroes.juntadeandalucia.es\/colegiorafaelaldehuela\/files\/2020\/12\/34ea4521-c7f4-4b71-a68d-4846d70199be-150x150.jpg\" class=\"attachment-thumbnail size-thumbnail\" alt=\"\" aria-describedby=\"gallery-1-2647\" srcset=\"https:\/\/blogsaverroes.juntadeandalucia.es\/colegiorafaelaldehuela\/files\/2020\/12\/34ea4521-c7f4-4b71-a68d-4846d70199be-150x150.jpg 150w, https:\/\/blogsaverroes.juntadeandalucia.es\/colegiorafaelaldehuela\/files\/2020\/12\/34ea4521-c7f4-4b71-a68d-4846d70199be-100x100.jpg 100w, https:\/\/blogsaverroes.juntadeandalucia.es\/colegiorafaelaldehuela\/files\/2020\/12\/34ea4521-c7f4-4b71-a68d-4846d70199be-80x80.jpg 80w, https:\/\/blogsaverroes.juntadeandalucia.es\/colegiorafaelaldehuela\/files\/2020\/12\/34ea4521-c7f4-4b71-a68d-4846d70199be-320x320.jpg 320w\" sizes=\"(max-width: 150px) 100vw, 150px\" \/><\/a>\n\t\t\t<\/div>\n\t\t\t\t<figcaption class='wp-caption-text gallery-caption' id='gallery-1-2647'>\n\t\t\t\tAlumnado de 4\u00ba y EE\n\t\t\t\t<\/figcaption><\/figure><figure class='gallery-item'>\n\t\t\t<div class='gallery-icon portrait'>\n\t\t\t\t<a href='https:\/\/blogsaverroes.juntadeandalucia.es\/colegiorafaelaldehuela\/planes-y-proyectos\/44c91bff-dd3a-4ed5-9654-6dd308c34bcf\/'><img loading=\"lazy\" decoding=\"async\" width=\"150\" height=\"150\" src=\"https:\/\/blogsaverroes.juntadeandalucia.es\/colegiorafaelaldehuela\/files\/2020\/12\/44c91bff-dd3a-4ed5-9654-6dd308c34bcf-150x150.jpg\" class=\"attachment-thumbnail size-thumbnail\" alt=\"\" srcset=\"https:\/\/blogsaverroes.juntadeandalucia.es\/colegiorafaelaldehuela\/files\/2020\/12\/44c91bff-dd3a-4ed5-9654-6dd308c34bcf-150x150.jpg 150w, https:\/\/blogsaverroes.juntadeandalucia.es\/colegiorafaelaldehuela\/files\/2020\/12\/44c91bff-dd3a-4ed5-9654-6dd308c34bcf-100x100.jpg 100w, https:\/\/blogsaverroes.juntadeandalucia.es\/colegiorafaelaldehuela\/files\/2020\/12\/44c91bff-dd3a-4ed5-9654-6dd308c34bcf-80x80.jpg 80w, https:\/\/blogsaverroes.juntadeandalucia.es\/colegiorafaelaldehuela\/files\/2020\/12\/44c91bff-dd3a-4ed5-9654-6dd308c34bcf-320x320.jpg 320w\" sizes=\"(max-width: 150px) 100vw, 150px\" \/><\/a>\n\t\t\t<\/div><\/figure><figure class='gallery-item'>\n\t\t\t<div class='gallery-icon portrait'>\n\t\t\t\t<a href='https:\/\/blogsaverroes.juntadeandalucia.es\/colegiorafaelaldehuela\/planes-y-proyectos\/79a67d6f-b46c-4953-af66-0a5cc2a0bb9e\/'><img loading=\"lazy\" decoding=\"async\" width=\"150\" height=\"150\" src=\"https:\/\/blogsaverroes.juntadeandalucia.es\/colegiorafaelaldehuela\/files\/2020\/12\/79a67d6f-b46c-4953-af66-0a5cc2a0bb9e-150x150.jpg\" class=\"attachment-thumbnail size-thumbnail\" alt=\"\" srcset=\"https:\/\/blogsaverroes.juntadeandalucia.es\/colegiorafaelaldehuela\/files\/2020\/12\/79a67d6f-b46c-4953-af66-0a5cc2a0bb9e-150x150.jpg 150w, https:\/\/blogsaverroes.juntadeandalucia.es\/colegiorafaelaldehuela\/files\/2020\/12\/79a67d6f-b46c-4953-af66-0a5cc2a0bb9e-100x100.jpg 100w, https:\/\/blogsaverroes.juntadeandalucia.es\/colegiorafaelaldehuela\/files\/2020\/12\/79a67d6f-b46c-4953-af66-0a5cc2a0bb9e-80x80.jpg 80w, https:\/\/blogsaverroes.juntadeandalucia.es\/colegiorafaelaldehuela\/files\/2020\/12\/79a67d6f-b46c-4953-af66-0a5cc2a0bb9e-320x320.jpg 320w\" sizes=\"(max-width: 150px) 100vw, 150px\" \/><\/a>\n\t\t\t<\/div><\/figure><figure class='gallery-item'>\n\t\t\t<div class='gallery-icon portrait'>\n\t\t\t\t<a href='https:\/\/blogsaverroes.juntadeandalucia.es\/colegiorafaelaldehuela\/planes-y-proyectos\/93abae07-3a4b-45ca-8816-6248c9f35840\/'><img loading=\"lazy\" decoding=\"async\" width=\"150\" height=\"150\" src=\"https:\/\/blogsaverroes.juntadeandalucia.es\/colegiorafaelaldehuela\/files\/2020\/12\/93abae07-3a4b-45ca-8816-6248c9f35840-150x150.jpg\" class=\"attachment-thumbnail size-thumbnail\" alt=\"\" srcset=\"https:\/\/blogsaverroes.juntadeandalucia.es\/colegiorafaelaldehuela\/files\/2020\/12\/93abae07-3a4b-45ca-8816-6248c9f35840-150x150.jpg 150w, https:\/\/blogsaverroes.juntadeandalucia.es\/colegiorafaelaldehuela\/files\/2020\/12\/93abae07-3a4b-45ca-8816-6248c9f35840-100x100.jpg 100w, https:\/\/blogsaverroes.juntadeandalucia.es\/colegiorafaelaldehuela\/files\/2020\/12\/93abae07-3a4b-45ca-8816-6248c9f35840-80x80.jpg 80w, https:\/\/blogsaverroes.juntadeandalucia.es\/colegiorafaelaldehuela\/files\/2020\/12\/93abae07-3a4b-45ca-8816-6248c9f35840-320x320.jpg 320w\" sizes=\"(max-width: 150px) 100vw, 150px\" \/><\/a>\n\t\t\t<\/div><\/figure><figure class='gallery-item'>\n\t\t\t<div class='gallery-icon portrait'>\n\t\t\t\t<a href='https:\/\/blogsaverroes.juntadeandalucia.es\/colegiorafaelaldehuela\/planes-y-proyectos\/520eb5fb-8027-433c-b824-41181ab2080f\/'><img loading=\"lazy\" decoding=\"async\" width=\"150\" height=\"150\" src=\"https:\/\/blogsaverroes.juntadeandalucia.es\/colegiorafaelaldehuela\/files\/2020\/12\/520eb5fb-8027-433c-b824-41181ab2080f-150x150.jpg\" class=\"attachment-thumbnail size-thumbnail\" alt=\"\" srcset=\"https:\/\/blogsaverroes.juntadeandalucia.es\/colegiorafaelaldehuela\/files\/2020\/12\/520eb5fb-8027-433c-b824-41181ab2080f-150x150.jpg 150w, https:\/\/blogsaverroes.juntadeandalucia.es\/colegiorafaelaldehuela\/files\/2020\/12\/520eb5fb-8027-433c-b824-41181ab2080f-100x100.jpg 100w, https:\/\/blogsaverroes.juntadeandalucia.es\/colegiorafaelaldehuela\/files\/2020\/12\/520eb5fb-8027-433c-b824-41181ab2080f-80x80.jpg 80w, https:\/\/blogsaverroes.juntadeandalucia.es\/colegiorafaelaldehuela\/files\/2020\/12\/520eb5fb-8027-433c-b824-41181ab2080f-320x320.jpg 320w\" sizes=\"(max-width: 150px) 100vw, 150px\" \/><\/a>\n\t\t\t<\/div><\/figure><figure class='gallery-item'>\n\t\t\t<div class='gallery-icon portrait'>\n\t\t\t\t<a href='https:\/\/blogsaverroes.juntadeandalucia.es\/colegiorafaelaldehuela\/planes-y-proyectos\/3708dbe9-0475-45ea-b61d-d3645ecd6bb2\/'><img loading=\"lazy\" decoding=\"async\" width=\"150\" height=\"150\" src=\"https:\/\/blogsaverroes.juntadeandalucia.es\/colegiorafaelaldehuela\/files\/2020\/12\/3708dbe9-0475-45ea-b61d-d3645ecd6bb2-150x150.jpg\" class=\"attachment-thumbnail size-thumbnail\" alt=\"\" srcset=\"https:\/\/blogsaverroes.juntadeandalucia.es\/colegiorafaelaldehuela\/files\/2020\/12\/3708dbe9-0475-45ea-b61d-d3645ecd6bb2-150x150.jpg 150w, https:\/\/blogsaverroes.juntadeandalucia.es\/colegiorafaelaldehuela\/files\/2020\/12\/3708dbe9-0475-45ea-b61d-d3645ecd6bb2-100x100.jpg 100w, https:\/\/blogsaverroes.juntadeandalucia.es\/colegiorafaelaldehuela\/files\/2020\/12\/3708dbe9-0475-45ea-b61d-d3645ecd6bb2-80x80.jpg 80w, https:\/\/blogsaverroes.juntadeandalucia.es\/colegiorafaelaldehuela\/files\/2020\/12\/3708dbe9-0475-45ea-b61d-d3645ecd6bb2-320x320.jpg 320w\" sizes=\"(max-width: 150px) 100vw, 150px\" \/><\/a>\n\t\t\t<\/div><\/figure><figure class='gallery-item'>\n\t\t\t<div class='gallery-icon landscape'>\n\t\t\t\t<a href='https:\/\/blogsaverroes.juntadeandalucia.es\/colegiorafaelaldehuela\/planes-y-proyectos\/3743c036-7c43-4cad-b44e-8cd86dfe845d\/'><img loading=\"lazy\" decoding=\"async\" width=\"150\" height=\"150\" src=\"https:\/\/blogsaverroes.juntadeandalucia.es\/colegiorafaelaldehuela\/files\/2020\/12\/3743c036-7c43-4cad-b44e-8cd86dfe845d-150x150.jpg\" class=\"attachment-thumbnail size-thumbnail\" alt=\"\" srcset=\"https:\/\/blogsaverroes.juntadeandalucia.es\/colegiorafaelaldehuela\/files\/2020\/12\/3743c036-7c43-4cad-b44e-8cd86dfe845d-150x150.jpg 150w, https:\/\/blogsaverroes.juntadeandalucia.es\/colegiorafaelaldehuela\/files\/2020\/12\/3743c036-7c43-4cad-b44e-8cd86dfe845d-100x100.jpg 100w, https:\/\/blogsaverroes.juntadeandalucia.es\/colegiorafaelaldehuela\/files\/2020\/12\/3743c036-7c43-4cad-b44e-8cd86dfe845d-80x80.jpg 80w, https:\/\/blogsaverroes.juntadeandalucia.es\/colegiorafaelaldehuela\/files\/2020\/12\/3743c036-7c43-4cad-b44e-8cd86dfe845d-320x320.jpg 320w\" sizes=\"(max-width: 150px) 100vw, 150px\" \/><\/a>\n\t\t\t<\/div><\/figure><figure class='gallery-item'>\n\t\t\t<div class='gallery-icon portrait'>\n\t\t\t\t<a href='https:\/\/blogsaverroes.juntadeandalucia.es\/colegiorafaelaldehuela\/planes-y-proyectos\/2397697c-65bf-4e07-9035-fe60abdfdbf6\/'><img loading=\"lazy\" decoding=\"async\" width=\"150\" height=\"150\" src=\"https:\/\/blogsaverroes.juntadeandalucia.es\/colegiorafaelaldehuela\/files\/2020\/12\/2397697c-65bf-4e07-9035-fe60abdfdbf6-150x150.jpg\" class=\"attachment-thumbnail size-thumbnail\" alt=\"\" srcset=\"https:\/\/blogsaverroes.juntadeandalucia.es\/colegiorafaelaldehuela\/files\/2020\/12\/2397697c-65bf-4e07-9035-fe60abdfdbf6-150x150.jpg 150w, https:\/\/blogsaverroes.juntadeandalucia.es\/colegiorafaelaldehuela\/files\/2020\/12\/2397697c-65bf-4e07-9035-fe60abdfdbf6-100x100.jpg 100w, https:\/\/blogsaverroes.juntadeandalucia.es\/colegiorafaelaldehuela\/files\/2020\/12\/2397697c-65bf-4e07-9035-fe60abdfdbf6-80x80.jpg 80w, https:\/\/blogsaverroes.juntadeandalucia.es\/colegiorafaelaldehuela\/files\/2020\/12\/2397697c-65bf-4e07-9035-fe60abdfdbf6-320x320.jpg 320w\" sizes=\"(max-width: 150px) 100vw, 150px\" \/><\/a>\n\t\t\t<\/div><\/figure><figure class='gallery-item'>\n\t\t\t<div class='gallery-icon portrait'>\n\t\t\t\t<a href='https:\/\/blogsaverroes.juntadeandalucia.es\/colegiorafaelaldehuela\/planes-y-proyectos\/a99c27d1-d066-473e-ad5e-ba842a310d0c\/'><img loading=\"lazy\" decoding=\"async\" width=\"150\" height=\"150\" src=\"https:\/\/blogsaverroes.juntadeandalucia.es\/colegiorafaelaldehuela\/files\/2020\/12\/a99c27d1-d066-473e-ad5e-ba842a310d0c-150x150.jpg\" class=\"attachment-thumbnail size-thumbnail\" alt=\"\" aria-describedby=\"gallery-1-2656\" srcset=\"https:\/\/blogsaverroes.juntadeandalucia.es\/colegiorafaelaldehuela\/files\/2020\/12\/a99c27d1-d066-473e-ad5e-ba842a310d0c-150x150.jpg 150w, https:\/\/blogsaverroes.juntadeandalucia.es\/colegiorafaelaldehuela\/files\/2020\/12\/a99c27d1-d066-473e-ad5e-ba842a310d0c-100x100.jpg 100w, https:\/\/blogsaverroes.juntadeandalucia.es\/colegiorafaelaldehuela\/files\/2020\/12\/a99c27d1-d066-473e-ad5e-ba842a310d0c-80x80.jpg 80w, https:\/\/blogsaverroes.juntadeandalucia.es\/colegiorafaelaldehuela\/files\/2020\/12\/a99c27d1-d066-473e-ad5e-ba842a310d0c-320x320.jpg 320w\" sizes=\"(max-width: 150px) 100vw, 150px\" \/><\/a>\n\t\t\t<\/div>\n\t\t\t\t<figcaption class='wp-caption-text gallery-caption' id='gallery-1-2656'>\n\t\t\t\tAlumnado de 5\u00ba sobre el terreno\n\t\t\t\t<\/figcaption><\/figure><figure class='gallery-item'>\n\t\t\t<div class='gallery-icon portrait'>\n\t\t\t\t<a href='https:\/\/blogsaverroes.juntadeandalucia.es\/colegiorafaelaldehuela\/planes-y-proyectos\/aaa93451-9c9b-4eb7-877b-f5d04c72b38e\/'><img loading=\"lazy\" decoding=\"async\" width=\"150\" height=\"150\" src=\"https:\/\/blogsaverroes.juntadeandalucia.es\/colegiorafaelaldehuela\/files\/2020\/12\/aaa93451-9c9b-4eb7-877b-f5d04c72b38e-150x150.jpg\" class=\"attachment-thumbnail size-thumbnail\" alt=\"\" srcset=\"https:\/\/blogsaverroes.juntadeandalucia.es\/colegiorafaelaldehuela\/files\/2020\/12\/aaa93451-9c9b-4eb7-877b-f5d04c72b38e-150x150.jpg 150w, https:\/\/blogsaverroes.juntadeandalucia.es\/colegiorafaelaldehuela\/files\/2020\/12\/aaa93451-9c9b-4eb7-877b-f5d04c72b38e-100x100.jpg 100w, https:\/\/blogsaverroes.juntadeandalucia.es\/colegiorafaelaldehuela\/files\/2020\/12\/aaa93451-9c9b-4eb7-877b-f5d04c72b38e-80x80.jpg 80w, https:\/\/blogsaverroes.juntadeandalucia.es\/colegiorafaelaldehuela\/files\/2020\/12\/aaa93451-9c9b-4eb7-877b-f5d04c72b38e-320x320.jpg 320w\" sizes=\"(max-width: 150px) 100vw, 150px\" \/><\/a>\n\t\t\t<\/div><\/figure>\n\t\t<\/div>\n\n","protected":false},"excerpt":{"rendered":"<p>A lo largo del presente curso escolar, nuestro Centro viene desarrollando diversos&nbsp; Planes y Programas promovidos desde la Consejer\u00eda de Educaci\u00f3n, Cultura y Deporte. A continuaci\u00f3n se relacionan aquellos que se vienen desarrollando en la actualidad, y sus respectivos coordinadores\/as: Plan de igualdad entre hombres y mujeres en la educaci\u00f3n (D\u00aa Natividad Berbel Olmo). Proyecto &hellip; <a href=\"https:\/\/blogsaverroes.juntadeandalucia.es\/colegiorafaelaldehuela\/planes-y-proyectos\/\" class=\"more-link\">Seguir leyendo <span class=\"screen-reader-text\">Planes y Programas<\/span> <span class=\"meta-nav\">&rarr;<\/span><\/a><\/p>\n","protected":false},"author":1,"featured_media":0,"parent":0,"menu_order":0,"comment_status":"open","ping_status":"closed","template":"page-templates\/child-menu.php","meta":{"ngg_post_thumbnail":0,"footnotes":"","_mc_calendar":[]},"aioseo_notices":[],"_links":{"self":[{"href":"https:\/\/blogsaverroes.juntadeandalucia.es\/colegiorafaelaldehuela\/wp-json\/wp\/v2\/pages\/44"}],"collection":[{"href":"https:\/\/blogsaverroes.juntadeandalucia.es\/colegiorafaelaldehuela\/wp-json\/wp\/v2\/pages"}],"about":[{"href":"https:\/\/blogsaverroes.juntadeandalucia.es\/colegiorafaelaldehuela\/wp-json\/wp\/v2\/types\/page"}],"author":[{"embeddable":true,"href":"https:\/\/blogsaverroes.juntadeandalucia.es\/colegiorafaelaldehuela\/wp-json\/wp\/v2\/users\/1"}],"replies":[{"embeddable":true,"href":"https:\/\/blogsaverroes.juntadeandalucia.es\/colegiorafaelaldehuela\/wp-json\/wp\/v2\/comments?post=44"}],"version-history":[{"count":16,"href":"https:\/\/blogsaverroes.juntadeandalucia.es\/colegiorafaelaldehuela\/wp-json\/wp\/v2\/pages\/44\/revisions"}],"predecessor-version":[{"id":2658,"href":"https:\/\/blogsaverroes.juntadeandalucia.es\/colegiorafaelaldehuela\/wp-json\/wp\/v2\/pages\/44\/revisions\/2658"}],"wp:attachment":[{"href":"https:\/\/blogsaverroes.juntadeandalucia.es\/colegiorafaelaldehuela\/wp-json\/wp\/v2\/media?parent=44"}],"curies":[{"name":"wp","href":"https:\/\/api.w.org\/{rel}","templated":true}]}}