{"id":59,"date":"2019-11-25T22:15:58","date_gmt":"2019-11-25T21:15:58","guid":{"rendered":"https:\/\/blogsaverroes.juntadeandalucia.es\/colegioramongarcia\/?page_id=59"},"modified":"2024-01-19T20:17:51","modified_gmt":"2024-01-19T19:17:51","slug":"calendario-escolar","status":"publish","type":"page","link":"https:\/\/blogsaverroes.juntadeandalucia.es\/colegioramongarcia\/calendario-escolar\/","title":{"rendered":"Calendario escolar"},"content":{"rendered":"<p style=\"text-align: center\">&nbsp;<\/p>\n<h3 style=\"text-align: center\"><strong>LOCALIDADES CON FIESTAS LOCALES DENTRO DEL PERIODO LECTIVO:<\/strong><\/h3>\n<p style=\"text-align: left\">Tendr\u00e1n la consideraci\u00f3n de d\u00edas no lectivos los coincidentes con las fiestas locales de los municipios de esta provincia establecidas por la Consejer\u00eda competente en materia laboral hasta un m\u00e1ximo de dos d\u00edas.<\/p>\n<p>&nbsp;<\/p>\n","protected":false},"excerpt":{"rendered":"<p>&nbsp; LOCALIDADES CON FIESTAS LOCALES DENTRO DEL PERIODO LECTIVO: Tendr\u00e1n la consideraci\u00f3n de d\u00edas no lectivos los coincidentes con las fiestas locales de los municipios de esta provincia establecidas por la Consejer\u00eda competente en&#46;&#46;&#46;<\/p>\n","protected":false},"author":4815,"featured_media":0,"parent":0,"menu_order":0,"comment_status":"closed","ping_status":"closed","template":"","meta":{"ngg_post_thumbnail":0,"footnotes":"","_mc_calendar":[]},"aioseo_notices":[],"_links":{"self":[{"href":"https:\/\/blogsaverroes.juntadeandalucia.es\/colegioramongarcia\/wp-json\/wp\/v2\/pages\/59"}],"collection":[{"href":"https:\/\/blogsaverroes.juntadeandalucia.es\/colegioramongarcia\/wp-json\/wp\/v2\/pages"}],"about":[{"href":"https:\/\/blogsaverroes.juntadeandalucia.es\/colegioramongarcia\/wp-json\/wp\/v2\/types\/page"}],"author":[{"embeddable":true,"href":"https:\/\/blogsaverroes.juntadeandalucia.es\/colegioramongarcia\/wp-json\/wp\/v2\/users\/4815"}],"replies":[{"embeddable":true,"href":"https:\/\/blogsaverroes.juntadeandalucia.es\/colegioramongarcia\/wp-json\/wp\/v2\/comments?post=59"}],"version-history":[{"count":15,"href":"https:\/\/blogsaverroes.juntadeandalucia.es\/colegioramongarcia\/wp-json\/wp\/v2\/pages\/59\/revisions"}],"predecessor-version":[{"id":1526,"href":"https:\/\/blogsaverroes.juntadeandalucia.es\/colegioramongarcia\/wp-json\/wp\/v2\/pages\/59\/revisions\/1526"}],"wp:attachment":[{"href":"https:\/\/blogsaverroes.juntadeandalucia.es\/colegioramongarcia\/wp-json\/wp\/v2\/media?parent=59"}],"curies":[{"name":"wp","href":"https:\/\/api.w.org\/{rel}","templated":true}]}}