{"id":49,"date":"2015-03-13T08:47:05","date_gmt":"2015-03-13T08:47:05","guid":{"rendered":"http:\/\/blogsaverroes.juntadeandalucia.es\/pre\/ceip\/?page_id=49"},"modified":"2025-11-16T11:23:20","modified_gmt":"2025-11-16T11:23:20","slug":"plan-de-centro","status":"publish","type":"page","link":"https:\/\/blogsaverroes.juntadeandalucia.es\/colegiosantateresa\/plan-de-centro\/","title":{"rendered":"PLAN DE CENTRO"},"content":{"rendered":"<p><span style=\"font-size: 14pt;color: #ff0000\"><strong><img loading=\"lazy\" decoding=\"async\" class=\"size-medium wp-image-5360 aligncenter\" src=\"https:\/\/blogsaverroes.juntadeandalucia.es\/colegiosantateresa\/files\/2021\/11\/screenshot_299-252x300.jpg\" alt=\"\" width=\"252\" height=\"300\" srcset=\"https:\/\/blogsaverroes.juntadeandalucia.es\/colegiosantateresa\/files\/2021\/11\/screenshot_299-252x300.jpg 252w, https:\/\/blogsaverroes.juntadeandalucia.es\/colegiosantateresa\/files\/2021\/11\/screenshot_299.jpg 641w\" sizes=\"(max-width: 252px) 100vw, 252px\" \/>PLAN DE CENTRO 2025-26<\/strong><\/span><\/p>\n<p style=\"text-align: justify\">El PLAN DE CENTRO lo conforman los siguientes documentos:<\/p>\n<ul>\n<li style=\"text-align: justify\"><strong>Proyecto Educativo<\/strong><\/li>\n<li style=\"text-align: justify\"><strong>Proyecto de Gesti\u00f3n<\/strong><\/li>\n<li style=\"text-align: justify\"><strong>R.O.F. (reglamento de organizaci\u00f3n y funcionamiento)<\/strong>.<\/li>\n<\/ul>\n<p style=\"text-align: justify\">El Plan de Centro ser\u00e1 elaborado por el Euipo Directivo y aprobado por el Consejo Escolar, sin perjuicio de las competencias atribuidas al Claustro de Profesorado.<\/p>\n<p style=\"text-align: justify\">En su elaboraci\u00f3n el Equipo Directivo requerir\u00e1 la colaboraci\u00f3n e implicaci\u00f3n del Equipo T\u00e9cnico de Coordinaci\u00f3n Pedag\u00f3gica (E.T.C.P.)&nbsp; y de otros \u00f3rganos de coordinaci\u00f3n docente.<\/p>\n<p style=\"text-align: justify\">El Claustro de Profesorado formular\u00e1 propuestas al Equipo Directivo para la elaboraci\u00f3n del Plan de Centro, fijar\u00e1 criterios referentes a la orientaci\u00f3n y tutor\u00eda del alumnado, informar\u00e1 el reglamento de organizaci\u00f3n y funcionamiento y aprobar\u00e1 y evaluar\u00e1 los aspectos educativos del Plan de Centro a que se refieren las letras b), c), d), e), f), g), k), n) y \u00f1) del art\u00edculo 21.3 del Decreto 328\/2010.<\/p>\n<p style=\"text-align: justify\">El Plan de Centro tendr\u00e1 un car\u00e1cter plurianual, obligar\u00e1 a todo el personal del centro y vincular\u00e1 a la comunidad educativa del mismo.<\/p>\n<p>&nbsp;<\/p>\n<p><span style=\"color: #ff0000\"><strong><span style=\"font-size: 14pt\">PROYECTO EDUCATIVO<\/span><\/strong><\/span><\/p>\n<p style=\"text-align: justify\">Un centro se define en gran medida por su <strong>Proyecto Educativo<\/strong>. En \u00e9l se plasma el modelo educativo y la concreci\u00f3n de la normativa que un centro realiza respecto a las ense\u00f1anzas que imparte. Aspectos tales como las finalidades educativas, objetivos, atenci\u00f3n a la diversidad, etc.<\/p>\n<p style=\"padding-left: 40px\"><strong><a href=\"https:\/\/drive.google.com\/file\/d\/1zyCFzppNf0LLKo_fl9Hc1kKE35CCkjxx\/view?usp=sharing\" target=\"_blank\" rel=\"noopener noreferrer\"><img loading=\"lazy\" decoding=\"async\" class=\"aligncenter wp-image-3757\" src=\"https:\/\/blogsaverroes.juntadeandalucia.es\/colegiosantateresa\/files\/2020\/11\/2020-11-18_20h57_45-214x300.png\" alt=\"\" width=\"173\" height=\"243\" srcset=\"https:\/\/blogsaverroes.juntadeandalucia.es\/colegiosantateresa\/files\/2020\/11\/2020-11-18_20h57_45-214x300.png 214w, https:\/\/blogsaverroes.juntadeandalucia.es\/colegiosantateresa\/files\/2020\/11\/2020-11-18_20h57_45-17x24.png 17w, https:\/\/blogsaverroes.juntadeandalucia.es\/colegiosantateresa\/files\/2020\/11\/2020-11-18_20h57_45-26x36.png 26w, https:\/\/blogsaverroes.juntadeandalucia.es\/colegiosantateresa\/files\/2020\/11\/2020-11-18_20h57_45-34x48.png 34w, https:\/\/blogsaverroes.juntadeandalucia.es\/colegiosantateresa\/files\/2020\/11\/2020-11-18_20h57_45.png 590w\" sizes=\"(max-width: 173px) 100vw, 173px\" \/><\/a><\/strong><\/p>\n<p>Enlace para descargr el proyecto educativo 2025-2026:&nbsp;<a href=\"https:\/\/www.dropbox.com\/scl\/fi\/md9xtu61eo4hn8s4l9s4h\/1-PROYECTO-EDUCATIVO-2025-26.pdf?rlkey=25h800r46abmmxz152qvua238&amp;dl=0\">https:\/\/www.dropbox.com\/scl\/fi\/md9xtu61eo4hn8s4l9s4h\/1-PROYECTO-EDUCATIVO-2025-26.pdf?rlkey=25h800r46abmmxz152qvua238&amp;dl=0<\/a>&nbsp;<\/p>\n<p><span style=\"font-size: 14pt;color: #ff0000\"><strong>PROYECTO DE GESTI\u00d3N<\/strong><\/span><\/p>\n<p style=\"text-align: justify\">El&nbsp; <strong>Proyecto de gesti\u00f3n<\/strong> se define como el&nbsp; documento marco que desarrolla las l\u00edneas de gesti\u00f3n de forma que, desde la autonom\u00eda que el centro tiene para definir nuestro Proyecto Educativo, asignemos las dotaciones econ\u00f3micas y materiales precisas para desarrollar&nbsp; los&nbsp; objetivos del P.E.C. cada curso escolar.<\/p>\n<p style=\"padding-left: 40px\"><strong><a href=\"https:\/\/drive.google.com\/file\/d\/1Yt5gtQPzuTqq2lFdTgNcE6Bz1WofI2tk\/view?usp=sharing\" target=\"_blank\" rel=\"noopener noreferrer\"><img loading=\"lazy\" decoding=\"async\" class=\"aligncenter wp-image-3759 size-medium\" src=\"https:\/\/blogsaverroes.juntadeandalucia.es\/colegiosantateresa\/files\/2020\/11\/2020-11-18_21h00_18-228x300.png\" alt=\"\" width=\"228\" height=\"300\" srcset=\"https:\/\/blogsaverroes.juntadeandalucia.es\/colegiosantateresa\/files\/2020\/11\/2020-11-18_21h00_18-228x300.png 228w, https:\/\/blogsaverroes.juntadeandalucia.es\/colegiosantateresa\/files\/2020\/11\/2020-11-18_21h00_18-18x24.png 18w, https:\/\/blogsaverroes.juntadeandalucia.es\/colegiosantateresa\/files\/2020\/11\/2020-11-18_21h00_18-27x36.png 27w, https:\/\/blogsaverroes.juntadeandalucia.es\/colegiosantateresa\/files\/2020\/11\/2020-11-18_21h00_18-37x48.png 37w, https:\/\/blogsaverroes.juntadeandalucia.es\/colegiosantateresa\/files\/2020\/11\/2020-11-18_21h00_18.png 596w\" sizes=\"(max-width: 228px) 100vw, 228px\" \/><\/a><\/strong><\/p>\n<p>Enlace para descargar el proyecto de gesti\u00f3n 2025-2026:&nbsp;<a href=\"https:\/\/www.dropbox.com\/scl\/fi\/mf3stdmabsx79fcz087mz\/2-PROYECTO-DE-GESTION-25-26.pdf?rlkey=1apnnpnqc26c3sdrd16cl7wcw&amp;dl=0\">https:\/\/www.dropbox.com\/scl\/fi\/mf3stdmabsx79fcz087mz\/2-PROYECTO-DE-GESTION-25-26.pdf?rlkey=1apnnpnqc26c3sdrd16cl7wcw&amp;dl=0<\/a><\/p>\n<p><span style=\"font-size: 14pt;color: #ff0000\"><strong>REGLAMENTO DE ORGANIZACI\u00d3N Y FUNCIONAMIENTO (R.O.F.)<\/strong><\/span><\/p>\n<p>Aqu\u00ed se recogen los aspectos de <strong>organizaci\u00f3n y funcionamiento del centro<\/strong> (R.O.F.).<\/p>\n<p><a href=\"https:\/\/drive.google.com\/file\/d\/12g3Y3-tEVSg2jipYr4Z9m1Yutivs2rix\/view?usp=sharing\" target=\"_blank\" rel=\"noopener noreferrer\"><img loading=\"lazy\" decoding=\"async\" class=\"aligncenter wp-image-5361 size-medium\" src=\"https:\/\/blogsaverroes.juntadeandalucia.es\/colegiosantateresa\/files\/2021\/11\/screenshot_297-228x300.jpg\" alt=\"\" width=\"228\" height=\"300\" srcset=\"https:\/\/blogsaverroes.juntadeandalucia.es\/colegiosantateresa\/files\/2021\/11\/screenshot_297-228x300.jpg 228w, https:\/\/blogsaverroes.juntadeandalucia.es\/colegiosantateresa\/files\/2021\/11\/screenshot_297.jpg 389w\" sizes=\"(max-width: 228px) 100vw, 228px\" \/><\/a><\/p>\n<p>Enlace para descargar el ROF 2025-2026:&nbsp;<a href=\"https:\/\/www.dropbox.com\/scl\/fi\/mok3eqdhkkqqiycmd04zh\/3-R.O.F.-25-26.pdf?rlkey=h4imni0vt7iyd15m0pbt1ns0u&amp;dl=0\">https:\/\/www.dropbox.com\/scl\/fi\/mok3eqdhkkqqiycmd04zh\/3-R.O.F.-25-26.pdf?rlkey=h4imni0vt7iyd15m0pbt1ns0u&amp;dl=0<\/a><\/p>\n<p><span style=\"color: #ff0000\"><strong><span style=\"font-size: 14pt\">ANEXO<\/span><\/strong><\/span><\/p>\n<p style=\"padding-left: 40px\"><strong><a href=\"https:\/\/drive.google.com\/file\/d\/1_aJi8O2T3deN0BmxzH0Rwu-11xY7_VIr\/view?usp=share_link\" target=\"_blank\" rel=\"noopener noreferrer\">Extracto: CRITERIOS DE ASIGNACI\u00d3N DEL ALUMNADO<\/a><\/strong><\/p>\n<p><img loading=\"lazy\" decoding=\"async\" class=\"size-medium wp-image-3740 aligncenter\" src=\"https:\/\/blogsaverroes.juntadeandalucia.es\/colegiosantateresa\/files\/2020\/11\/IMG_0605-300x232.jpg\" alt=\"\" width=\"300\" height=\"232\" srcset=\"https:\/\/blogsaverroes.juntadeandalucia.es\/colegiosantateresa\/files\/2020\/11\/IMG_0605-300x232.jpg 300w, https:\/\/blogsaverroes.juntadeandalucia.es\/colegiosantateresa\/files\/2020\/11\/IMG_0605-1024x790.jpg 1024w, https:\/\/blogsaverroes.juntadeandalucia.es\/colegiosantateresa\/files\/2020\/11\/IMG_0605-768x593.jpg 768w, https:\/\/blogsaverroes.juntadeandalucia.es\/colegiosantateresa\/files\/2020\/11\/IMG_0605-1536x1186.jpg 1536w, https:\/\/blogsaverroes.juntadeandalucia.es\/colegiosantateresa\/files\/2020\/11\/IMG_0605-2048x1581.jpg 2048w, https:\/\/blogsaverroes.juntadeandalucia.es\/colegiosantateresa\/files\/2020\/11\/IMG_0605-24x19.jpg 24w, https:\/\/blogsaverroes.juntadeandalucia.es\/colegiosantateresa\/files\/2020\/11\/IMG_0605-36x28.jpg 36w, https:\/\/blogsaverroes.juntadeandalucia.es\/colegiosantateresa\/files\/2020\/11\/IMG_0605-48x37.jpg 48w, https:\/\/blogsaverroes.juntadeandalucia.es\/colegiosantateresa\/files\/2020\/11\/IMG_0605-scaled.jpg 1600w\" sizes=\"(max-width: 300px) 100vw, 300px\" \/><\/p>\n","protected":false},"excerpt":{"rendered":"<p>PLAN DE CENTRO 2025-26 El PLAN DE CENTRO lo conforman los siguientes documentos: Proyecto Educativo Proyecto de Gesti\u00f3n R.O.F. (reglamento de organizaci\u00f3n y funcionamiento). El Plan de Centro ser\u00e1 elaborado por el Euipo Directivo&#46;&#46;&#46;<\/p>\n","protected":false},"author":1,"featured_media":0,"parent":0,"menu_order":0,"comment_status":"closed","ping_status":"open","template":"","meta":{"ngg_post_thumbnail":0,"footnotes":"","_mc_calendar":[]},"aioseo_notices":[],"_links":{"self":[{"href":"https:\/\/blogsaverroes.juntadeandalucia.es\/colegiosantateresa\/wp-json\/wp\/v2\/pages\/49"}],"collection":[{"href":"https:\/\/blogsaverroes.juntadeandalucia.es\/colegiosantateresa\/wp-json\/wp\/v2\/pages"}],"about":[{"href":"https:\/\/blogsaverroes.juntadeandalucia.es\/colegiosantateresa\/wp-json\/wp\/v2\/types\/page"}],"author":[{"embeddable":true,"href":"https:\/\/blogsaverroes.juntadeandalucia.es\/colegiosantateresa\/wp-json\/wp\/v2\/users\/1"}],"replies":[{"embeddable":true,"href":"https:\/\/blogsaverroes.juntadeandalucia.es\/colegiosantateresa\/wp-json\/wp\/v2\/comments?post=49"}],"version-history":[{"count":76,"href":"https:\/\/blogsaverroes.juntadeandalucia.es\/colegiosantateresa\/wp-json\/wp\/v2\/pages\/49\/revisions"}],"predecessor-version":[{"id":12532,"href":"https:\/\/blogsaverroes.juntadeandalucia.es\/colegiosantateresa\/wp-json\/wp\/v2\/pages\/49\/revisions\/12532"}],"wp:attachment":[{"href":"https:\/\/blogsaverroes.juntadeandalucia.es\/colegiosantateresa\/wp-json\/wp\/v2\/media?parent=49"}],"curies":[{"name":"wp","href":"https:\/\/api.w.org\/{rel}","templated":true}]}}