{"id":853,"date":"2020-12-18T08:50:47","date_gmt":"2020-12-18T07:50:47","guid":{"rendered":"https:\/\/blogsaverroes.juntadeandalucia.es\/pre\/plantilla-pencil\/?page_id=853"},"modified":"2022-11-04T11:19:43","modified_gmt":"2022-11-04T10:19:43","slug":"nuestra-historia","status":"publish","type":"page","link":"https:\/\/blogsaverroes.juntadeandalucia.es\/colegiosantuario\/nuestra-historia\/","title":{"rendered":"Nuestra Historia"},"content":{"rendered":"<p>[et_pb_section fb_built=&#8221;1&#8243; _builder_version=&#8221;4.14.5&#8243; global_colors_info=&#8221;{}&#8221;][et_pb_row _builder_version=&#8221;3.25&#8243; background_size=&#8221;initial&#8221; background_position=&#8221;top_left&#8221; background_repeat=&#8221;repeat&#8221; collapsed=&#8221;off&#8221; global_colors_info=&#8221;{}&#8221;][et_pb_column type=&#8221;4_4&#8243; _builder_version=&#8221;3.25&#8243; custom_padding=&#8221;|||&#8221; global_colors_info=&#8221;{}&#8221; custom_padding__hover=&#8221;|||&#8221;][et_pb_image src=&#8221;https:\/\/blogsaverroes.juntadeandalucia.es\/colegiosantuario\/files\/2020\/02\/elcentro.png&#8221; title_text=&#8221;elcentro&#8221; admin_label=&#8221;Imagen de la portada&#8221; _builder_version=&#8221;4.5.0&#8243; z_index_tablet=&#8221;500&#8243; box_shadow_horizontal_tablet=&#8221;0px&#8221; box_shadow_vertical_tablet=&#8221;0px&#8221; box_shadow_blur_tablet=&#8221;40px&#8221; box_shadow_spread_tablet=&#8221;0px&#8221; global_colors_info=&#8221;{}&#8221;][\/et_pb_image][et_pb_text admin_label=&#8221;Texto descriptivo&#8221; _builder_version=&#8221;4.14.5&#8243; z_index_tablet=&#8221;500&#8243; text_text_shadow_horizontal_length_tablet=&#8221;0px&#8221; text_text_shadow_vertical_length_tablet=&#8221;0px&#8221; text_text_shadow_blur_strength_tablet=&#8221;1px&#8221; link_text_shadow_horizontal_length_tablet=&#8221;0px&#8221; link_text_shadow_vertical_length_tablet=&#8221;0px&#8221; link_text_shadow_blur_strength_tablet=&#8221;1px&#8221; ul_text_shadow_horizontal_length_tablet=&#8221;0px&#8221; ul_text_shadow_vertical_length_tablet=&#8221;0px&#8221; ul_text_shadow_blur_strength_tablet=&#8221;1px&#8221; ol_text_shadow_horizontal_length_tablet=&#8221;0px&#8221; ol_text_shadow_vertical_length_tablet=&#8221;0px&#8221; ol_text_shadow_blur_strength_tablet=&#8221;1px&#8221; quote_text_shadow_horizontal_length_tablet=&#8221;0px&#8221; quote_text_shadow_vertical_length_tablet=&#8221;0px&#8221; quote_text_shadow_blur_strength_tablet=&#8221;1px&#8221; header_text_shadow_horizontal_length_tablet=&#8221;0px&#8221; header_text_shadow_vertical_length_tablet=&#8221;0px&#8221; header_text_shadow_blur_strength_tablet=&#8221;1px&#8221; header_2_text_shadow_horizontal_length_tablet=&#8221;0px&#8221; header_2_text_shadow_vertical_length_tablet=&#8221;0px&#8221; header_2_text_shadow_blur_strength_tablet=&#8221;1px&#8221; header_3_text_shadow_horizontal_length_tablet=&#8221;0px&#8221; header_3_text_shadow_vertical_length_tablet=&#8221;0px&#8221; header_3_text_shadow_blur_strength_tablet=&#8221;1px&#8221; header_4_text_shadow_horizontal_length_tablet=&#8221;0px&#8221; header_4_text_shadow_vertical_length_tablet=&#8221;0px&#8221; header_4_text_shadow_blur_strength_tablet=&#8221;1px&#8221; header_5_text_shadow_horizontal_length_tablet=&#8221;0px&#8221; header_5_text_shadow_vertical_length_tablet=&#8221;0px&#8221; header_5_text_shadow_blur_strength_tablet=&#8221;1px&#8221; header_6_text_shadow_horizontal_length_tablet=&#8221;0px&#8221; header_6_text_shadow_vertical_length_tablet=&#8221;0px&#8221; header_6_text_shadow_blur_strength_tablet=&#8221;1px&#8221; box_shadow_horizontal_tablet=&#8221;0px&#8221; box_shadow_vertical_tablet=&#8221;0px&#8221; box_shadow_blur_tablet=&#8221;40px&#8221; box_shadow_spread_tablet=&#8221;0px&#8221; global_colors_info=&#8221;{}&#8221;]<\/p>\n<h2>Nuestra Historia<\/h2>\n<p>Nuestro centro es un colegio de los denominados PUA (Plan de urgencia de Andaluc\u00eda) , construido en los a\u00f1os 70, situado en la avenida Calder\u00f3n de la Barca, esquina con calle Periodista Luis de C\u00f3rdoba, en el barrio del Santuario.<br \/>En Noviembre de 2023, se cumplir\u00e1n CINCUENTA a\u00f1os de su inauguraci\u00f3n. Se mantiene en buen estado. Consta de un edificio de Administraci\u00f3n; otro donde se imparten los cursos de Educaci\u00f3n Infantil de tres a\u00f1os y un tercero donde se ubican el resto de clases de Infantil, Educaci\u00f3n Primaria, comedor con la cocina y espacios auxiliares. Finalmente la antigua casa del portero, que sirve de almac\u00e9n general, Sala de taller de Medio Ambiente, sal\u00f3n de actividades m\u00faltiples m\u00e1s las dependencias del servicio de limpieza de SADECO.<\/p>\n<p>En el edificio de Administraci\u00f3n, contamos con una sala destinada a sede del A.M.P.A., sala de profesores, Secretar\u00eda, Jefatura de Estudios y Direcci\u00f3n, servicios, sal\u00f3n de Conserjer\u00eda, sala de visitas y sala de recepci\u00f3n.<\/p>\n<p>En el edificio docente, est\u00e1n situadas todas las dem\u00e1s aulas incluida la de Apoyo a la Integraci\u00f3n, biblioteca, comedor, cocina, un sal\u00f3n de usos m\u00faltiples, sala de audiovisuales, laboratorio y taller de pl\u00e1stica.<\/p>\n<p>Cuenta adem\u00e1s el Centro con gimnasio, pistas polideportivas, zonas ajardinadas, huerto y bosque Mediterr\u00e1neo que completan en el exterior lo que son unas buenas instalaciones para un Centro educativo que debemos cuidar y renovar. Cambios a realizar que ya se han comentado y que m\u00e1s adelante se detallar\u00e1n.<\/p>\n<p>Tiene, por tanto, edificios y distribuci\u00f3n suficientes para un Centro de Infantil y Primaria de dos l\u00edneas completas.<\/p>\n<p>[\/et_pb_text][\/et_pb_column][\/et_pb_row][et_pb_row column_structure=&#8221;1_3,1_3,1_3&#8243; _builder_version=&#8221;3.25&#8243; background_size=&#8221;initial&#8221; background_position=&#8221;top_left&#8221; background_repeat=&#8221;repeat&#8221; global_colors_info=&#8221;{}&#8221;][et_pb_column type=&#8221;1_3&#8243; _builder_version=&#8221;3.25&#8243; custom_padding=&#8221;|||&#8221; global_colors_info=&#8221;{}&#8221; custom_padding__hover=&#8221;|||&#8221;][et_pb_blurb title=&#8221;Innovaci\u00f3n&#8221; use_icon=&#8221;on&#8221; font_icon=&#8221;&#xe01c;||divi||400&#8243; image_icon_background_color=&#8221;#5d58ef&#8221; image_icon_width=&#8221;48px&#8221; admin_label=&#8221;Informaci\u00f3n innovaci\u00f3n (icono, titulo y texto)&#8221; _builder_version=&#8221;4.13.0&#8243; image_icon_custom_padding=&#8221;25px|25px|25px|25px|false|false&#8221; text_orientation=&#8221;center&#8221; z_index_tablet=&#8221;500&#8243; header_text_shadow_horizontal_length_tablet=&#8221;0px&#8221; header_text_shadow_vertical_length_tablet=&#8221;0px&#8221; header_text_shadow_blur_strength_tablet=&#8221;1px&#8221; body_text_shadow_horizontal_length_tablet=&#8221;0px&#8221; body_text_shadow_vertical_length_tablet=&#8221;0px&#8221; body_text_shadow_blur_strength_tablet=&#8221;1px&#8221; body_link_text_shadow_horizontal_length_tablet=&#8221;0px&#8221; body_link_text_shadow_vertical_length_tablet=&#8221;0px&#8221; body_link_text_shadow_blur_strength_tablet=&#8221;1px&#8221; body_ul_text_shadow_horizontal_length_tablet=&#8221;0px&#8221; body_ul_text_shadow_vertical_length_tablet=&#8221;0px&#8221; body_ul_text_shadow_blur_strength_tablet=&#8221;1px&#8221; body_ol_text_shadow_horizontal_length_tablet=&#8221;0px&#8221; body_ol_text_shadow_vertical_length_tablet=&#8221;0px&#8221; body_ol_text_shadow_blur_strength_tablet=&#8221;1px&#8221; body_quote_text_shadow_horizontal_length_tablet=&#8221;0px&#8221; body_quote_text_shadow_vertical_length_tablet=&#8221;0px&#8221; body_quote_text_shadow_blur_strength_tablet=&#8221;1px&#8221; border_radii_image=&#8221;on|100%|100%|100%|100%&#8221; box_shadow_horizontal_tablet=&#8221;0px&#8221; box_shadow_vertical_tablet=&#8221;0px&#8221; box_shadow_blur_tablet=&#8221;40px&#8221; box_shadow_spread_tablet=&#8221;0px&#8221; box_shadow_horizontal_image_tablet=&#8221;0px&#8221; box_shadow_vertical_image_tablet=&#8221;0px&#8221; box_shadow_blur_image_tablet=&#8221;40px&#8221; box_shadow_spread_image_tablet=&#8221;0px&#8221; text_shadow_horizontal_length_tablet=&#8221;0px&#8221; text_shadow_vertical_length_tablet=&#8221;0px&#8221; text_shadow_blur_strength_tablet=&#8221;1px&#8221; use_circle=&#8221;on&#8221; circle_color=&#8221;#5d58ef&#8221; global_colors_info=&#8221;{}&#8221; image_icon_background_color__sticky_enabled=&#8221;#241f59&#8243; image_icon_background_color__sticky=&#8221;#241f59&#8243;]<\/p>\n<p>Nuevas tecnolog\u00edas en el centro<\/p>\n<p>[\/et_pb_blurb][\/et_pb_column][et_pb_column type=&#8221;1_3&#8243; _builder_version=&#8221;3.25&#8243; custom_padding=&#8221;|||&#8221; global_colors_info=&#8221;{}&#8221; custom_padding__hover=&#8221;|||&#8221;][et_pb_blurb title=&#8221;Centro No biling\u00fce&#8221; use_icon=&#8221;on&#8221; font_icon=&#8221;&#xe0de;||divi||400&#8243; image_icon_background_color=&#8221;#ff236c&#8221; image_icon_width=&#8221;48px&#8221; admin_label=&#8221;Informaci\u00f3n centro biling\u00fce (icono, titulo y texto)&#8221; _builder_version=&#8221;4.14.5&#8243; image_icon_custom_padding=&#8221;25px|25px|25px|25px|false|false&#8221; text_orientation=&#8221;center&#8221; z_index_tablet=&#8221;500&#8243; header_text_shadow_horizontal_length_tablet=&#8221;0px&#8221; header_text_shadow_vertical_length_tablet=&#8221;0px&#8221; header_text_shadow_blur_strength_tablet=&#8221;1px&#8221; body_text_shadow_horizontal_length_tablet=&#8221;0px&#8221; body_text_shadow_vertical_length_tablet=&#8221;0px&#8221; body_text_shadow_blur_strength_tablet=&#8221;1px&#8221; body_link_text_shadow_horizontal_length_tablet=&#8221;0px&#8221; body_link_text_shadow_vertical_length_tablet=&#8221;0px&#8221; body_link_text_shadow_blur_strength_tablet=&#8221;1px&#8221; body_ul_text_shadow_horizontal_length_tablet=&#8221;0px&#8221; body_ul_text_shadow_vertical_length_tablet=&#8221;0px&#8221; body_ul_text_shadow_blur_strength_tablet=&#8221;1px&#8221; body_ol_text_shadow_horizontal_length_tablet=&#8221;0px&#8221; body_ol_text_shadow_vertical_length_tablet=&#8221;0px&#8221; body_ol_text_shadow_blur_strength_tablet=&#8221;1px&#8221; body_quote_text_shadow_horizontal_length_tablet=&#8221;0px&#8221; body_quote_text_shadow_vertical_length_tablet=&#8221;0px&#8221; body_quote_text_shadow_blur_strength_tablet=&#8221;1px&#8221; border_radii_image=&#8221;on|100%|100%|100%|100%&#8221; box_shadow_horizontal_tablet=&#8221;0px&#8221; box_shadow_vertical_tablet=&#8221;0px&#8221; box_shadow_blur_tablet=&#8221;40px&#8221; box_shadow_spread_tablet=&#8221;0px&#8221; box_shadow_horizontal_image_tablet=&#8221;0px&#8221; box_shadow_vertical_image_tablet=&#8221;0px&#8221; box_shadow_blur_image_tablet=&#8221;40px&#8221; box_shadow_spread_image_tablet=&#8221;0px&#8221; text_shadow_horizontal_length_tablet=&#8221;0px&#8221; text_shadow_vertical_length_tablet=&#8221;0px&#8221; text_shadow_blur_strength_tablet=&#8221;1px&#8221; use_circle=&#8221;on&#8221; circle_color=&#8221;#ff236c&#8221; global_colors_info=&#8221;{}&#8221; image_icon_background_color__sticky_enabled=&#8221;#241f59&#8243; image_icon_background_color__sticky=&#8221;#241f59&#8243;]<\/p>\n<p>Impartimos las materias en Castellano<\/p>\n<p>[\/et_pb_blurb][\/et_pb_column][et_pb_column type=&#8221;1_3&#8243; _builder_version=&#8221;3.25&#8243; custom_padding=&#8221;|||&#8221; global_colors_info=&#8221;{}&#8221; custom_padding__hover=&#8221;|||&#8221;][et_pb_blurb title=&#8221;Contacta&#8221; use_icon=&#8221;on&#8221; font_icon=&#8221;&#xe010;||divi||400&#8243; image_icon_background_color=&#8221;#ffc259&#8243; image_icon_width=&#8221;48px&#8221; admin_label=&#8221;Informaci\u00f3n de contacto (icono, titulo y texto)&#8221; _builder_version=&#8221;4.14.5&#8243; image_icon_custom_padding=&#8221;25px|25px|25px|25px|false|false&#8221; text_orientation=&#8221;center&#8221; hover_enabled=&#8221;0&#8243; z_index_tablet=&#8221;500&#8243; header_text_shadow_horizontal_length_tablet=&#8221;0px&#8221; header_text_shadow_vertical_length_tablet=&#8221;0px&#8221; header_text_shadow_blur_strength_tablet=&#8221;1px&#8221; body_text_shadow_horizontal_length_tablet=&#8221;0px&#8221; body_text_shadow_vertical_length_tablet=&#8221;0px&#8221; body_text_shadow_blur_strength_tablet=&#8221;1px&#8221; body_link_text_shadow_horizontal_length_tablet=&#8221;0px&#8221; body_link_text_shadow_vertical_length_tablet=&#8221;0px&#8221; body_link_text_shadow_blur_strength_tablet=&#8221;1px&#8221; body_ul_text_shadow_horizontal_length_tablet=&#8221;0px&#8221; body_ul_text_shadow_vertical_length_tablet=&#8221;0px&#8221; body_ul_text_shadow_blur_strength_tablet=&#8221;1px&#8221; body_ol_text_shadow_horizontal_length_tablet=&#8221;0px&#8221; body_ol_text_shadow_vertical_length_tablet=&#8221;0px&#8221; body_ol_text_shadow_blur_strength_tablet=&#8221;1px&#8221; body_quote_text_shadow_horizontal_length_tablet=&#8221;0px&#8221; body_quote_text_shadow_vertical_length_tablet=&#8221;0px&#8221; body_quote_text_shadow_blur_strength_tablet=&#8221;1px&#8221; border_radii_image=&#8221;on|100%|100%|100%|100%&#8221; box_shadow_horizontal_tablet=&#8221;0px&#8221; box_shadow_vertical_tablet=&#8221;0px&#8221; box_shadow_blur_tablet=&#8221;40px&#8221; box_shadow_spread_tablet=&#8221;0px&#8221; box_shadow_horizontal_image_tablet=&#8221;0px&#8221; box_shadow_vertical_image_tablet=&#8221;0px&#8221; box_shadow_blur_image_tablet=&#8221;40px&#8221; box_shadow_spread_image_tablet=&#8221;0px&#8221; text_shadow_horizontal_length_tablet=&#8221;0px&#8221; text_shadow_vertical_length_tablet=&#8221;0px&#8221; text_shadow_blur_strength_tablet=&#8221;1px&#8221; use_circle=&#8221;on&#8221; circle_color=&#8221;#ffc259&#8243; global_colors_info=&#8221;{}&#8221; image_icon_background_color__sticky_enabled=&#8221;#241f59&#8243; image_icon_background_color__sticky=&#8221;#241f59&#8243; sticky_enabled=&#8221;0&#8243;]<\/p>\n<p>Tenemos abierto nuestro buz\u00f3n de sugerencias<\/p>\n<p>&nbsp; &nbsp; 14001669.edu@juntadeandalucia.es<\/p>\n<p>[\/et_pb_blurb][\/et_pb_column][\/et_pb_row][\/et_pb_section]<\/p>\n","protected":false},"excerpt":{"rendered":"<p>Nuestro centro es un colegio de los denominados PUA (Plan de urgencia de Andaluc\u00eda) , construido en los a\u00f1os 70, situado en la avenida Calder\u00f3n de la Barca, esquina con calle Periodista Luis de C\u00f3rdoba, en el barrio del Santuario.<br \/>\nEn Noviembre de 2022, se van a cumplir CINCUENTA a\u00f1os de su inauguraci\u00f3n. Se mantiene en buen estado. Consta de un edificio de Administraci\u00f3n; otro donde se imparten dos cursos de Educaci\u00f3n Infantil de tres a\u00f1os y un tercero donde se ubican el resto de clases de Infantil, Educaci\u00f3n Primaria, comedor con la cocina y espacios auxiliares. Finalmente la antigua casa del portero, que sirve de almac\u00e9n general, Sala de taller de Medio Ambiente, sal\u00f3n de actividades m\u00faltiples m\u00e1s las dependencias del servicio de limpieza de SADECO.<\/p>\n<p>\tEn el edificio de Administraci\u00f3n, contamos con una sala destinada a sede del A.M.P.A., sala de profesores, Secretar\u00eda, Jefatura de Estudios y Direcci\u00f3n, servicios, sal\u00f3n de Conserjer\u00eda, sala de visitas y sala de recepci\u00f3n.<\/p>\n<p>\tEn el edificio docente, est\u00e1n situadas todas las dem\u00e1s aulas incluida la de Apoyo a la Integraci\u00f3n, biblioteca, comedor, cocina, un sal\u00f3n de usos m\u00faltiples, sala de audiovisuales, laboratorio y taller de pl\u00e1stica.<\/p>\n<p>\tCuenta adem\u00e1s el Centro con gimnasio, pistas polideportivas, zonas ajardinadas, huerto y bosque Mediterr\u00e1neo que completan en el exterior lo que son unas buenas instalaciones para un Centro educativo que debemos cuidar y renovar. Cambios a realizar que ya se han comentado y que m\u00e1s adelante se detallar\u00e1n.<\/p>\n<p>\tTiene, por tanto, edificios y distribuci\u00f3n suficientes para un Centro de Infantil y Primaria de dos l\u00edneas completas.<\/p>\n","protected":false},"author":15496,"featured_media":0,"parent":0,"menu_order":0,"comment_status":"closed","ping_status":"closed","template":"","meta":{"_et_pb_use_builder":"on","_et_pb_old_content":"","_et_gb_content_width":"","ngg_post_thumbnail":0,"footnotes":""},"aioseo_notices":[],"_links":{"self":[{"href":"https:\/\/blogsaverroes.juntadeandalucia.es\/colegiosantuario\/wp-json\/wp\/v2\/pages\/853"}],"collection":[{"href":"https:\/\/blogsaverroes.juntadeandalucia.es\/colegiosantuario\/wp-json\/wp\/v2\/pages"}],"about":[{"href":"https:\/\/blogsaverroes.juntadeandalucia.es\/colegiosantuario\/wp-json\/wp\/v2\/types\/page"}],"author":[{"embeddable":true,"href":"https:\/\/blogsaverroes.juntadeandalucia.es\/colegiosantuario\/wp-json\/wp\/v2\/users\/15496"}],"replies":[{"embeddable":true,"href":"https:\/\/blogsaverroes.juntadeandalucia.es\/colegiosantuario\/wp-json\/wp\/v2\/comments?post=853"}],"version-history":[{"count":10,"href":"https:\/\/blogsaverroes.juntadeandalucia.es\/colegiosantuario\/wp-json\/wp\/v2\/pages\/853\/revisions"}],"predecessor-version":[{"id":1135,"href":"https:\/\/blogsaverroes.juntadeandalucia.es\/colegiosantuario\/wp-json\/wp\/v2\/pages\/853\/revisions\/1135"}],"wp:attachment":[{"href":"https:\/\/blogsaverroes.juntadeandalucia.es\/colegiosantuario\/wp-json\/wp\/v2\/media?parent=853"}],"curies":[{"name":"wp","href":"https:\/\/api.w.org\/{rel}","templated":true}]}}