{"id":1080,"date":"2024-05-23T08:11:28","date_gmt":"2024-05-23T07:11:28","guid":{"rendered":"https:\/\/blogsaverroes.juntadeandalucia.es\/colegiovelazquez\/?page_id=1080"},"modified":"2026-02-06T19:47:16","modified_gmt":"2026-02-06T18:47:16","slug":"proa","status":"publish","type":"page","link":"https:\/\/blogsaverroes.juntadeandalucia.es\/colegiovelazquez\/proa\/","title":{"rendered":"PROA"},"content":{"rendered":"<p>[et_pb_section fb_built=&#8221;1&#8243; next_background_color=&#8221;#ffffff&#8221; admin_label=&#8221;Header&#8221; _builder_version=&#8221;4.24.2&#8243; _module_preset=&#8221;default&#8221; background_color=&#8221;#cce7ff&#8221; background_enable_pattern_style=&#8221;on&#8221; background_pattern_style=&#8221;scallops&#8221; background_pattern_blend_mode=&#8221;overlay&#8221; custom_margin=&#8221;||-6px|||&#8221; bottom_divider_style=&#8221;waves2&#8243; locked=&#8221;off&#8221; global_colors_info=&#8221;{}&#8221;][et_pb_row _builder_version=&#8221;4.16&#8243; _module_preset=&#8221;default&#8221; global_colors_info=&#8221;{}&#8221;][et_pb_column type=&#8221;4_4&#8243; _builder_version=&#8221;4.16&#8243; _module_preset=&#8221;default&#8221; global_colors_info=&#8221;{}&#8221;][et_pb_text _builder_version=&#8221;4.24.2&#8243; _module_preset=&#8221;d5dbb5d4-7ec7-4306-b6c5-1435f277faf4&#8243; header_font=&#8221;Candal||||||||&#8221; header_text_color=&#8221;#000000&#8243; header_font_size=&#8221;60px&#8221; header_line_height=&#8221;1.2em&#8221; custom_margin=&#8221;||16px||false|false&#8221; header_font_size_tablet=&#8221;36px&#8221; header_font_size_phone=&#8221;24px&#8221; header_font_size_last_edited=&#8221;on|phone&#8221; global_colors_info=&#8221;{}&#8221;]<\/p>\n<h1 style=\"text-align: center\" data-sider-select-id=\"e5306292-eb53-4a81-86b4-d24bc448c5b9\"><span style=\"color: #020269\" data-sider-select-id=\"976599c2-257f-41b4-885b-b0900e94b492\">PROA<\/span><\/h1>\n<p>[\/et_pb_text][\/et_pb_column][\/et_pb_row][et_pb_row _builder_version=&#8221;4.24.2&#8243; _module_preset=&#8221;default&#8221; global_colors_info=&#8221;{}&#8221;][et_pb_column type=&#8221;4_4&#8243; _builder_version=&#8221;4.24.2&#8243; _module_preset=&#8221;default&#8221; global_colors_info=&#8221;{}&#8221;][et_pb_divider show_divider=&#8221;off&#8221; _builder_version=&#8221;4.24.2&#8243; _module_preset=&#8221;default&#8221; global_colors_info=&#8221;{}&#8221;][\/et_pb_divider][\/et_pb_column][\/et_pb_row][\/et_pb_section][et_pb_section fb_built=&#8221;1&#8243; _builder_version=&#8221;4.24.2&#8243; _module_preset=&#8221;default&#8221; global_colors_info=&#8221;{}&#8221;][et_pb_row _builder_version=&#8221;4.24.2&#8243; _module_preset=&#8221;default&#8221; global_colors_info=&#8221;{}&#8221;][et_pb_column type=&#8221;4_4&#8243; _builder_version=&#8221;4.24.2&#8243; _module_preset=&#8221;default&#8221; global_colors_info=&#8221;{}&#8221;][et_pb_text _builder_version=&#8221;4.24.2&#8243; _module_preset=&#8221;37ecd0c5-bb26-4380-8165-01e95e02d8be&#8221; header_3_font=&#8221;Candal||||||||&#8221; header_3_text_color=&#8221;#000000&#8243; header_3_line_height=&#8221;1.2em&#8221; custom_margin=&#8221;||10px||false|false&#8221; animation_style=&#8221;bounce&#8221; animation_direction=&#8221;bottom&#8221; header_3_font_size_tablet=&#8221;20px&#8221; header_3_font_size_phone=&#8221;16px&#8221; header_3_font_size_last_edited=&#8221;on|desktop&#8221; header_3_line_height_tablet=&#8221;&#8221; header_3_line_height_phone=&#8221;1.4em&#8221; header_3_line_height_last_edited=&#8221;on|phone&#8221; global_colors_info=&#8221;{}&#8221;]<\/p>\n<h3 style=\"text-align: center\"><span style=\"color: #ff0000;font-size: 24pt\" data-sider-select-id=\"3e7bac92-8793-4518-9681-b14639c7b88b\">\u00a1Bienvenidos al PROA!<\/span><\/h3>\n<p>[\/et_pb_text][\/et_pb_column][\/et_pb_row][\/et_pb_section][et_pb_section fb_built=&#8221;1&#8243; admin_label=&#8221;Secci\u00f3n&#8221; _builder_version=&#8221;4.24.2&#8243; _module_preset=&#8221;default&#8221; use_background_color_gradient=&#8221;on&#8221; background_color_gradient_stops=&#8221;rgba(0,0,0,0.5) 0%|rgba(0,0,0,0.5) 100%&#8221; background_color_gradient_overlays_image=&#8221;on&#8221; background_image=&#8221;https:\/\/blogsaverroes.juntadeandalucia.es\/colegiovelazquez\/files\/2024\/05\/1716475128919-scaled.jpg&#8221; parallax=&#8221;on&#8221; custom_padding=&#8221;6vw||||false|false&#8221; collapsed=&#8221;off&#8221; global_colors_info=&#8221;{}&#8221;][et_pb_row _builder_version=&#8221;4.24.2&#8243; _module_preset=&#8221;default&#8221; max_width=&#8221;none&#8221; global_colors_info=&#8221;{}&#8221;][et_pb_column type=&#8221;4_4&#8243; _builder_version=&#8221;4.24.1&#8243; _module_preset=&#8221;default&#8221; global_colors_info=&#8221;{}&#8221;][et_pb_text _builder_version=&#8221;4.24.2&#8243; _module_preset=&#8221;8f84e2d0-c5c7-459e-8977-3bbe8bbab72f&#8221; header_text_color=&#8221;#FFFFFF&#8221; header_font_size=&#8221;52px&#8221; text_orientation=&#8221;center&#8221; custom_margin=&#8221;||10px||false|false&#8221; animation_style=&#8221;zoom&#8221; global_colors_info=&#8221;{}&#8221;]<\/p>\n<h1>PROA<\/h1>\n<p>[\/et_pb_text][et_pb_text quote_border_color=&#8221;#FFFFFF&#8221; _builder_version=&#8221;4.24.2&#8243; _module_preset=&#8221;0cc714ea-d3c2-46f3-a9ec-cea466db9897&#8243; text_font=&#8221;Arial|||on|||||&#8221; text_text_color=&#8221;#FFFFFF&#8221; text_font_size=&#8221;16px&#8221; link_text_color=&#8221;#FFFFFF&#8221; quote_text_color=&#8221;#FFFFFF&#8221; text_orientation=&#8221;center&#8221; max_width=&#8221;900px&#8221; module_alignment=&#8221;center&#8221; animation_style=&#8221;flip&#8221; global_colors_info=&#8221;{}&#8221;]<\/p>\n<p>ACOMPA\u00d1AMIENTO ESCOLAR<\/p>\n<p>[\/et_pb_text][\/et_pb_column][\/et_pb_row][\/et_pb_section][et_pb_section fb_built=&#8221;1&#8243; admin_label=&#8221;Secci\u00f3n&#8221; _builder_version=&#8221;4.24.2&#8243; _module_preset=&#8221;default&#8221; custom_margin=&#8221;||||false|false&#8221; custom_padding=&#8221;||||true|false&#8221; collapsed=&#8221;off&#8221; global_colors_info=&#8221;{}&#8221;][et_pb_row _builder_version=&#8221;4.24.1&#8243; _module_preset=&#8221;default&#8221; global_colors_info=&#8221;{}&#8221;][et_pb_column type=&#8221;4_4&#8243; _builder_version=&#8221;4.24.1&#8243; _module_preset=&#8221;default&#8221; global_colors_info=&#8221;{}&#8221;][et_pb_text _builder_version=&#8221;4.24.2&#8243; _module_preset=&#8221;9420037a-94e2-4cdc-a2d7-d1d60b224480&#8243; header_4_font=&#8221;Shippori Mincho|700||on|||||&#8221; header_4_font_size=&#8221;21px&#8221; animation_style=&#8221;fade&#8221; global_colors_info=&#8221;{}&#8221;]<\/p>\n<h4>ACOMPA\u00d1AMIENTO ESCOLAR<\/h4>\n<p>[\/et_pb_text][et_pb_text _builder_version=&#8221;4.24.2&#8243; _module_preset=&#8221;6462c854-b69f-4458-9e6f-89c77fbf2f87&#8243; animation_style=&#8221;fold&#8221; global_colors_info=&#8221;{}&#8221;]<\/p>\n<p>El Acompa\u00f1amiento Escolar es una actuaci\u00f3n dirigida a mejorar la adquisici\u00f3n de las competencias clave, especialmente en comunicaci\u00f3n ling\u00fc\u00edstica y razonamiento matem\u00e1tico, del alumnado con necesidades espec\u00edficas de apoyo educativa que precisa acciones de car\u00e1cter compensatorio.<\/p>\n<p>Por tanto, se concibe como una medida motivadora, a la vez que favorecedora del \u00e9xito escolar, as\u00ed como una importante v\u00eda para la prevenci\u00f3n del absentismo y abandono escolar temprano.<\/p>\n<p>[\/et_pb_text][et_pb_divider show_divider=&#8221;off&#8221; _builder_version=&#8221;4.24.2&#8243; _module_preset=&#8221;default&#8221; global_colors_info=&#8221;{}&#8221;][\/et_pb_divider][\/et_pb_column][\/et_pb_row][\/et_pb_section][et_pb_section fb_built=&#8221;1&#8243; admin_label=&#8221;Secci\u00f3n&#8221; _builder_version=&#8221;4.24.2&#8243; _module_preset=&#8221;default&#8221; background_color=&#8221;#000000&#8243; use_background_color_gradient=&#8221;on&#8221; background_color_gradient_stops=&#8221;#000000 0%|rgba(255,255,255,0) 100%&#8221; background_color_gradient_overlays_image=&#8221;on&#8221; background_image=&#8221;https:\/\/blogsaverroes.juntadeandalucia.es\/colegiovelazquez\/files\/2024\/05\/17164752512-scaled.jpg&#8221; parallax=&#8221;on&#8221; custom_margin=&#8221;||||false|false&#8221; collapsed=&#8221;off&#8221; global_colors_info=&#8221;{}&#8221;][et_pb_row column_structure=&#8221;1_2,1_2&#8243; _builder_version=&#8221;4.24.2&#8243; _module_preset=&#8221;default&#8221; width=&#8221;100%&#8221; max_width=&#8221;2000px&#8221; custom_margin=&#8221;|8px||8px|false|false&#8221; locked=&#8221;off&#8221; global_colors_info=&#8221;{}&#8221;][et_pb_column type=&#8221;1_2&#8243; _builder_version=&#8221;4.24.1&#8243; _module_preset=&#8221;default&#8221; global_colors_info=&#8221;{}&#8221;][et_pb_image src=&#8221;https:\/\/blogsaverroes.juntadeandalucia.es\/colegiovelazquez\/files\/2025\/04\/1743539705734.jpg&#8221; title_text=&#8221;1743539705734&#8243; _builder_version=&#8221;4.24.2&#8243; _module_preset=&#8221;default&#8221; animation_style=&#8221;fade&#8221; scroll_vertical_motion_enable=&#8221;on&#8221; scroll_vertical_motion=&#8221;0|50|50|100|1|0|-1&#8243; global_colors_info=&#8221;{}&#8221;][\/et_pb_image][\/et_pb_column][et_pb_column type=&#8221;1_2&#8243; _builder_version=&#8221;4.24.1&#8243; _module_preset=&#8221;default&#8221; global_colors_info=&#8221;{}&#8221;][et_pb_text _builder_version=&#8221;4.24.2&#8243; _module_preset=&#8221;6462c854-b69f-4458-9e6f-89c77fbf2f87&#8243; header_3_font=&#8221;Bungee||||||||&#8221; header_3_text_color=&#8221;#FFFFFF&#8221; header_3_font_size=&#8221;28px&#8221; header_3_letter_spacing=&#8221;6px&#8221; text_orientation=&#8221;center&#8221; custom_margin=&#8221;||10px||false|false&#8221; animation_style=&#8221;slide&#8221; animation_direction=&#8221;right&#8221; locked=&#8221;off&#8221; global_colors_info=&#8221;{}&#8221;]<\/p>\n<h3>OBJETIVOS<\/h3>\n<p>[\/et_pb_text][et_pb_text _builder_version=&#8221;4.24.2&#8243; _module_preset=&#8221;e4b06e01-220e-4ffa-b9b5-f82a0d7acf58&#8243; text_font=&#8221;||||||||&#8221; text_text_color=&#8221;#FFFFFF&#8221; text_orientation=&#8221;justified&#8221; custom_margin=&#8221;|30px|||false|false&#8221; animation_style=&#8221;slide&#8221; animation_direction=&#8221;bottom&#8221; locked=&#8221;off&#8221; global_colors_info=&#8221;{}&#8221;]<\/p>\n<ul>\n<li>Favorecer la inclusi\u00f3n educativa y social del alumnado que requiera de esta medida, facilit\u00e1ndoles t\u00e9cnicas y herramientas necesarias para un desenvolvimiento aut\u00f3nomo.<\/li>\n<li>Contribuir a la consecuci\u00f3n de los objetivos establecidos en el curr\u00edculo de la etapa de Educaci\u00f3n Primaria dentro del Proyecto Educativo del centro.<\/li>\n<li>Apoyar la transformaci\u00f3n social y cultural del centro escolar y de la comunidad educativa.<\/li>\n<li>Establecer cauces de coordinaci\u00f3n, cooperaci\u00f3n y colaboraci\u00f3n entre todos los agentes implicados en el sistema educativo, docentes y no docentes, para prestar una respuesta integral al alumnado desde una visi\u00f3n inclusiva de la educaci\u00f3n.<\/li>\n<\/ul>\n<p>[\/et_pb_text][\/et_pb_column][\/et_pb_row][\/et_pb_section][et_pb_section fb_built=&#8221;1&#8243; _builder_version=&#8221;4.24.2&#8243; _module_preset=&#8221;default&#8221; global_colors_info=&#8221;{}&#8221;][et_pb_row _builder_version=&#8221;4.24.2&#8243; _module_preset=&#8221;default&#8221; global_colors_info=&#8221;{}&#8221;][et_pb_column type=&#8221;4_4&#8243; _builder_version=&#8221;4.24.2&#8243; _module_preset=&#8221;default&#8221; global_colors_info=&#8221;{}&#8221;][et_pb_divider show_divider=&#8221;off&#8221; _builder_version=&#8221;4.24.2&#8243; _module_preset=&#8221;default&#8221; global_colors_info=&#8221;{}&#8221;][\/et_pb_divider][\/et_pb_column][\/et_pb_row][\/et_pb_section][et_pb_section fb_built=&#8221;1&#8243; prev_background_color=&#8221;#ffffff&#8221; next_background_color=&#8221;#ffffff&#8221; _builder_version=&#8221;4.24.2&#8243; _module_preset=&#8221;default&#8221; background_color=&#8221;#cce7ff&#8221; top_divider_style=&#8221;mountains&#8221; bottom_divider_style=&#8221;none&#8221; global_colors_info=&#8221;{}&#8221;][et_pb_row _builder_version=&#8221;4.24.2&#8243; _module_preset=&#8221;default&#8221; global_colors_info=&#8221;{}&#8221;][et_pb_column type=&#8221;4_4&#8243; _builder_version=&#8221;4.24.2&#8243; _module_preset=&#8221;default&#8221; global_colors_info=&#8221;{}&#8221;][\/et_pb_column][\/et_pb_row][\/et_pb_section]<\/p>\n","protected":false},"excerpt":{"rendered":"<p>PROA\u00a1Bienvenidos al PROA!PROAACOMPA\u00d1AMIENTO ESCOLARACOMPA\u00d1AMIENTO ESCOLAREl Acompa\u00f1amiento Escolar es una actuaci\u00f3n dirigida a mejorar la adquisici\u00f3n de las competencias clave, especialmente en comunicaci\u00f3n ling\u00fc\u00edstica y razonamiento matem\u00e1tico, del alumnado con necesidades espec\u00edficas de apoyo educativa que precisa acciones de car\u00e1cter compensatorio. Por tanto, se concibe como una medida motivadora, a la vez que favorecedora del \u00e9xito [&hellip;]<\/p>\n","protected":false},"author":13364,"featured_media":0,"parent":0,"menu_order":0,"comment_status":"closed","ping_status":"closed","template":"","meta":{"_et_pb_use_builder":"on","_et_pb_old_content":"","_et_gb_content_width":"","ngg_post_thumbnail":0,"footnotes":""},"aioseo_notices":[],"_links":{"self":[{"href":"https:\/\/blogsaverroes.juntadeandalucia.es\/colegiovelazquez\/wp-json\/wp\/v2\/pages\/1080"}],"collection":[{"href":"https:\/\/blogsaverroes.juntadeandalucia.es\/colegiovelazquez\/wp-json\/wp\/v2\/pages"}],"about":[{"href":"https:\/\/blogsaverroes.juntadeandalucia.es\/colegiovelazquez\/wp-json\/wp\/v2\/types\/page"}],"author":[{"embeddable":true,"href":"https:\/\/blogsaverroes.juntadeandalucia.es\/colegiovelazquez\/wp-json\/wp\/v2\/users\/13364"}],"replies":[{"embeddable":true,"href":"https:\/\/blogsaverroes.juntadeandalucia.es\/colegiovelazquez\/wp-json\/wp\/v2\/comments?post=1080"}],"version-history":[{"count":53,"href":"https:\/\/blogsaverroes.juntadeandalucia.es\/colegiovelazquez\/wp-json\/wp\/v2\/pages\/1080\/revisions"}],"predecessor-version":[{"id":3482,"href":"https:\/\/blogsaverroes.juntadeandalucia.es\/colegiovelazquez\/wp-json\/wp\/v2\/pages\/1080\/revisions\/3482"}],"wp:attachment":[{"href":"https:\/\/blogsaverroes.juntadeandalucia.es\/colegiovelazquez\/wp-json\/wp\/v2\/media?parent=1080"}],"curies":[{"name":"wp","href":"https:\/\/api.w.org\/{rel}","templated":true}]}}