{"id":2409,"date":"2025-03-23T11:32:48","date_gmt":"2025-03-23T10:32:48","guid":{"rendered":"https:\/\/blogsaverroes.juntadeandalucia.es\/colegiovelazquez\/?page_id=2409"},"modified":"2026-01-11T13:33:55","modified_gmt":"2026-01-11T12:33:55","slug":"otras-coordinaciones","status":"publish","type":"page","link":"https:\/\/blogsaverroes.juntadeandalucia.es\/colegiovelazquez\/otras-coordinaciones\/","title":{"rendered":"Otras coordinaciones"},"content":{"rendered":"<p>[et_pb_section fb_built=&#8221;1&#8243; next_background_color=&#8221;#ffffff&#8221; admin_label=&#8221;Header&#8221; _builder_version=&#8221;4.24.2&#8243; _module_preset=&#8221;default&#8221; background_color=&#8221;#cce7ff&#8221; background_enable_pattern_style=&#8221;on&#8221; background_pattern_style=&#8221;scallops&#8221; background_pattern_blend_mode=&#8221;overlay&#8221; custom_margin=&#8221;||-6px|||&#8221; bottom_divider_style=&#8221;waves2&#8243; locked=&#8221;off&#8221; global_colors_info=&#8221;{}&#8221;][et_pb_row _builder_version=&#8221;4.16&#8243; _module_preset=&#8221;default&#8221; global_colors_info=&#8221;{}&#8221;][et_pb_column type=&#8221;4_4&#8243; _builder_version=&#8221;4.16&#8243; _module_preset=&#8221;default&#8221; global_colors_info=&#8221;{}&#8221;][et_pb_text _builder_version=&#8221;4.24.2&#8243; _module_preset=&#8221;d5dbb5d4-7ec7-4306-b6c5-1435f277faf4&#8243; header_font=&#8221;Candal||||||||&#8221; header_text_color=&#8221;#000000&#8243; header_font_size=&#8221;60px&#8221; header_line_height=&#8221;1.2em&#8221; custom_margin=&#8221;||16px||false|false&#8221; header_font_size_tablet=&#8221;36px&#8221; header_font_size_phone=&#8221;24px&#8221; header_font_size_last_edited=&#8221;on|phone&#8221; global_colors_info=&#8221;{}&#8221;]<\/p>\n<h1 style=\"text-align: center\" data-sider-select-id=\"e5306292-eb53-4a81-86b4-d24bc448c5b9\"><span style=\"color: #020269\" data-sider-select-id=\"976599c2-257f-41b4-885b-b0900e94b492\">Otras coordinaciones<\/span><\/h1>\n<p>[\/et_pb_text][\/et_pb_column][\/et_pb_row][et_pb_row _builder_version=&#8221;4.24.2&#8243; _module_preset=&#8221;default&#8221; global_colors_info=&#8221;{}&#8221;][et_pb_column type=&#8221;4_4&#8243; _builder_version=&#8221;4.24.2&#8243; _module_preset=&#8221;default&#8221; global_colors_info=&#8221;{}&#8221;][et_pb_divider show_divider=&#8221;off&#8221; _builder_version=&#8221;4.24.2&#8243; _module_preset=&#8221;default&#8221; global_colors_info=&#8221;{}&#8221;][\/et_pb_divider][\/et_pb_column][\/et_pb_row][\/et_pb_section][et_pb_section fb_built=&#8221;1&#8243; next_background_color=&#8221;#cce7ff&#8221; admin_label=&#8221;Orientaci\u00f3n&#8221; _builder_version=&#8221;4.24.2&#8243; _module_preset=&#8221;default&#8221; background_enable_image=&#8221;off&#8221; parallax=&#8221;on&#8221; bottom_divider_style=&#8221;none&#8221; global_colors_info=&#8221;{}&#8221;][et_pb_row admin_label=&#8221;Fila&#8221; _builder_version=&#8221;4.24.2&#8243; _module_preset=&#8221;default&#8221; global_colors_info=&#8221;{}&#8221;][et_pb_column type=&#8221;4_4&#8243; _builder_version=&#8221;4.24.2&#8243; _module_preset=&#8221;default&#8221; background_enable_color=&#8221;off&#8221; global_colors_info=&#8221;{}&#8221;][et_pb_text _builder_version=&#8221;4.24.2&#8243; _module_preset=&#8221;37ecd0c5-bb26-4380-8165-01e95e02d8be&#8221; header_3_font=&#8221;Candal||||||||&#8221; header_3_text_color=&#8221;#000000&#8243; header_3_line_height=&#8221;1.2em&#8221; custom_margin=&#8221;||10px||false|false&#8221; animation_style=&#8221;bounce&#8221; animation_direction=&#8221;bottom&#8221; header_3_font_size_tablet=&#8221;20px&#8221; header_3_font_size_phone=&#8221;16px&#8221; header_3_font_size_last_edited=&#8221;on|desktop&#8221; header_3_line_height_tablet=&#8221;&#8221; header_3_line_height_phone=&#8221;1.4em&#8221; header_3_line_height_last_edited=&#8221;on|phone&#8221; global_colors_info=&#8221;{}&#8221;]<\/p>\n<h3 style=\"text-align: center\"><span style=\"color: #ff0000;font-size: 24pt\" data-sider-select-id=\"3e7bac92-8793-4518-9681-b14639c7b88b\">\u00a1Bienvenidos a nuestro equipo!<\/span><\/h3>\n<p>[\/et_pb_text][\/et_pb_column][\/et_pb_row][et_pb_row _builder_version=&#8221;4.24.2&#8243; _module_preset=&#8221;default&#8221; global_colors_info=&#8221;{}&#8221;][et_pb_column type=&#8221;4_4&#8243; _builder_version=&#8221;4.24.2&#8243; _module_preset=&#8221;default&#8221; global_colors_info=&#8221;{}&#8221;][et_pb_heading title=&#8221;\u00bfQui\u00e9nes somos?&#8221; _builder_version=&#8221;4.24.2&#8243; _module_preset=&#8221;default&#8221; title_font=&#8221;|600|||||||&#8221; title_text_align=&#8221;center&#8221; animation_style=&#8221;fold&#8221; global_colors_info=&#8221;{}&#8221;][\/et_pb_heading][et_pb_image src=&#8221;https:\/\/blogsaverroes.juntadeandalucia.es\/colegiovelazquez\/files\/2025\/03\/Manos-abrazadas.png&#8221; title_text=&#8221;Manos abrazadas&#8221; align=&#8221;center&#8221; _builder_version=&#8221;4.24.2&#8243; _module_preset=&#8221;default&#8221; width=&#8221;40%&#8221; max_width=&#8221;40%&#8221; animation_style=&#8221;bounce&#8221; global_colors_info=&#8221;{}&#8221;][\/et_pb_image][\/et_pb_column][\/et_pb_row][et_pb_row column_structure=&#8221;1_3,1_3,1_3&#8243; admin_label=&#8221;Fila&#8221; _builder_version=&#8221;4.24.2&#8243; _module_preset=&#8221;default&#8221; custom_margin=&#8221;||||false|false&#8221; global_colors_info=&#8221;{}&#8221;][et_pb_column type=&#8221;1_3&#8243; _builder_version=&#8221;4.16&#8243; _module_preset=&#8221;default&#8221; global_colors_info=&#8221;{}&#8221;][et_pb_blurb title=&#8221;TDE&#8221; use_icon=&#8221;on&#8221; font_icon=&#8221;&#xe108;||divi||400&#8243; icon_color=&#8221;#0C71C3&#8243; image_icon_width=&#8221;69px&#8221; _builder_version=&#8221;4.24.2&#8243; _module_preset=&#8221;default&#8221; header_level=&#8221;h3&#8243; header_font=&#8221;|700|||||||&#8221; header_text_align=&#8221;center&#8221; header_text_color=&#8221;#333399&#8243; custom_padding=&#8221;10px|10px|10px|10px|false|false&#8221; animation_style=&#8221;slide&#8221; border_radii=&#8221;on|15px|15px|15px|15px&#8221; border_color_all=&#8221;#0b0ebf&#8221; box_shadow_style=&#8221;preset2&#8243; global_colors_info=&#8221;{}&#8221;]<\/p>\n<hr>\n<p>&nbsp;<\/p>\n<p style=\"text-align: center\">Domingo Moya Hidalgo<\/p>\n<p>&nbsp;<\/p>\n<p>[\/et_pb_blurb][\/et_pb_column][et_pb_column type=&#8221;1_3&#8243; _builder_version=&#8221;4.16&#8243; _module_preset=&#8221;default&#8221; global_colors_info=&#8221;{}&#8221;][et_pb_blurb title=&#8221;Biling\u00fcismo&#8221; use_icon=&#8221;on&#8221; font_icon=&#8221;&#xe108;||divi||400&#8243; icon_color=&#8221;#8300E9&#8243; image_icon_width=&#8221;69px&#8221; _builder_version=&#8221;4.24.2&#8243; _module_preset=&#8221;default&#8221; header_level=&#8221;h3&#8243; header_font=&#8221;|700|||||||&#8221; header_text_align=&#8221;center&#8221; header_text_color=&#8221;#333399&#8243; custom_padding=&#8221;10px|10px|10px|10px|false|false&#8221; animation_style=&#8221;slide&#8221; hover_enabled=&#8221;0&#8243; border_radii=&#8221;on|15px|15px|15px|15px&#8221; border_color_all=&#8221;#0b0ebf&#8221; box_shadow_style=&#8221;preset2&#8243; global_colors_info=&#8221;{}&#8221; sticky_enabled=&#8221;0&#8243;]<\/p>\n<hr>\n<p>&nbsp;<\/p>\n<p style=\"text-align: center\">Francisca Navarro Moreno<\/p>\n<p>&nbsp;<\/p>\n<p>[\/et_pb_blurb][\/et_pb_column][et_pb_column type=&#8221;1_3&#8243; _builder_version=&#8221;4.16&#8243; _module_preset=&#8221;default&#8221; global_colors_info=&#8221;{}&#8221;][et_pb_blurb title=&#8221;Biblioteca&#8221; use_icon=&#8221;on&#8221; font_icon=&#8221;&#xe108;||divi||400&#8243; icon_color=&#8221;#7CDA24&#8243; image_icon_width=&#8221;69px&#8221; _builder_version=&#8221;4.24.2&#8243; _module_preset=&#8221;default&#8221; header_level=&#8221;h3&#8243; header_font=&#8221;|700|||||||&#8221; header_text_align=&#8221;center&#8221; header_text_color=&#8221;#333399&#8243; custom_padding=&#8221;10px|10px|10px|10px|false|false&#8221; animation_style=&#8221;slide&#8221; border_radii=&#8221;on|15px|15px|15px|15px&#8221; border_color_all=&#8221;#0b0ebf&#8221; box_shadow_style=&#8221;preset2&#8243; global_colors_info=&#8221;{}&#8221;]<\/p>\n<hr>\n<p>&nbsp;<\/p>\n<p style=\"text-align: center\">Patricia Cuenca Arce<\/p>\n<p>&nbsp;<\/p>\n<p>[\/et_pb_blurb][\/et_pb_column][\/et_pb_row][et_pb_row column_structure=&#8221;1_3,1_3,1_3&#8243; admin_label=&#8221;Fila&#8221; _builder_version=&#8221;4.24.2&#8243; _module_preset=&#8221;default&#8221; custom_margin=&#8221;||||false|false&#8221; global_colors_info=&#8221;{}&#8221;][et_pb_column type=&#8221;1_3&#8243; _builder_version=&#8221;4.16&#8243; _module_preset=&#8221;default&#8221; global_colors_info=&#8221;{}&#8221;][et_pb_blurb title=&#8221;Igualdad&#8221; use_icon=&#8221;on&#8221; font_icon=&#8221;&#xe108;||divi||400&#8243; icon_color=&#8221;#d11d71&#8243; image_icon_width=&#8221;69px&#8221; _builder_version=&#8221;4.24.2&#8243; _module_preset=&#8221;default&#8221; header_level=&#8221;h3&#8243; header_font=&#8221;|700|||||||&#8221; header_text_align=&#8221;center&#8221; header_text_color=&#8221;#333399&#8243; custom_padding=&#8221;10px|10px|10px|10px|false|false&#8221; animation_style=&#8221;slide&#8221; border_radii=&#8221;on|15px|15px|15px|15px&#8221; border_color_all=&#8221;#0b0ebf&#8221; box_shadow_style=&#8221;preset2&#8243; global_colors_info=&#8221;{}&#8221;]<\/p>\n<hr>\n<p>&nbsp;<\/p>\n<p style=\"text-align: center\">M\u00aa Carmen Mazo Armentero<\/p>\n<p>&nbsp;<\/p>\n<p>[\/et_pb_blurb][\/et_pb_column][et_pb_column type=&#8221;1_3&#8243; _builder_version=&#8221;4.16&#8243; _module_preset=&#8221;default&#8221; global_colors_info=&#8221;{}&#8221;][et_pb_blurb title=&#8221;M\u00e1s Equidad&#8221; use_icon=&#8221;on&#8221; font_icon=&#8221;&#xe108;||divi||400&#8243; icon_color=&#8221;#08a57e&#8221; image_icon_width=&#8221;69px&#8221; _builder_version=&#8221;4.24.2&#8243; _module_preset=&#8221;default&#8221; header_level=&#8221;h3&#8243; header_font=&#8221;|700|||||||&#8221; header_text_align=&#8221;center&#8221; header_text_color=&#8221;#333399&#8243; custom_padding=&#8221;10px|10px|10px|10px|false|false&#8221; animation_style=&#8221;slide&#8221; border_radii=&#8221;on|15px|15px|15px|15px&#8221; border_color_all=&#8221;#0b0ebf&#8221; box_shadow_style=&#8221;preset2&#8243; global_colors_info=&#8221;{}&#8221;]<\/p>\n<hr>\n<p>&nbsp;<\/p>\n<p style=\"text-align: center\">F\u00ba Javier Fern\u00e1ndez Dom\u00ednguez<\/p>\n<p>&nbsp;<\/p>\n<p>[\/et_pb_blurb][\/et_pb_column][et_pb_column type=&#8221;1_3&#8243; _builder_version=&#8221;4.16&#8243; _module_preset=&#8221;default&#8221; global_colors_info=&#8221;{}&#8221;][et_pb_blurb title=&#8221;Bienestar&#8221; use_icon=&#8221;on&#8221; font_icon=&#8221;&#xe108;||divi||400&#8243; icon_color=&#8221;#079907&#8243; image_icon_width=&#8221;69px&#8221; _builder_version=&#8221;4.24.2&#8243; _module_preset=&#8221;default&#8221; header_level=&#8221;h3&#8243; header_font=&#8221;|700|||||||&#8221; header_text_align=&#8221;center&#8221; header_text_color=&#8221;#333399&#8243; custom_padding=&#8221;10px|10px|10px|10px|false|false&#8221; animation_style=&#8221;slide&#8221; border_radii=&#8221;on|15px|15px|15px|15px&#8221; border_color_all=&#8221;#0b0ebf&#8221; box_shadow_style=&#8221;preset2&#8243; global_colors_info=&#8221;{}&#8221;]<\/p>\n<hr>\n<p>&nbsp;<\/p>\n<p style=\"text-align: center\">Magdalena P\u00e9rez Garc\u00eda<\/p>\n<p>&nbsp;<\/p>\n<p>[\/et_pb_blurb][\/et_pb_column][\/et_pb_row][et_pb_row column_structure=&#8221;1_3,1_3,1_3&#8243; admin_label=&#8221;Fila&#8221; _builder_version=&#8221;4.24.2&#8243; _module_preset=&#8221;default&#8221; custom_margin=&#8221;||||false|false&#8221; global_colors_info=&#8221;{}&#8221;][et_pb_column type=&#8221;1_3&#8243; _builder_version=&#8221;4.16&#8243; _module_preset=&#8221;default&#8221; global_colors_info=&#8221;{}&#8221;][et_pb_blurb title=&#8221;AulaDjaque&#8221; use_icon=&#8221;on&#8221; font_icon=&#8221;&#xe108;||divi||400&#8243; icon_color=&#8221;#02007c&#8221; image_icon_width=&#8221;69px&#8221; _builder_version=&#8221;4.24.2&#8243; _module_preset=&#8221;default&#8221; header_level=&#8221;h3&#8243; header_font=&#8221;|700|||||||&#8221; header_text_align=&#8221;center&#8221; header_text_color=&#8221;#333399&#8243; custom_padding=&#8221;10px|10px|10px|10px|false|false&#8221; animation_style=&#8221;slide&#8221; border_radii=&#8221;on|15px|15px|15px|15px&#8221; border_color_all=&#8221;#0b0ebf&#8221; box_shadow_style=&#8221;preset2&#8243; global_colors_info=&#8221;{}&#8221;]<\/p>\n<hr>\n<p>&nbsp;<\/p>\n<p style=\"text-align: center\">Miguel Navarro Maldonado<\/p>\n<p>&nbsp;<\/p>\n<p>[\/et_pb_blurb][\/et_pb_column][et_pb_column type=&#8221;1_3&#8243; _builder_version=&#8221;4.16&#8243; _module_preset=&#8221;default&#8221; global_colors_info=&#8221;{}&#8221;][et_pb_blurb title=&#8221;M\u00e1s Deporte&#8221; use_icon=&#8221;on&#8221; font_icon=&#8221;&#xe108;||divi||400&#8243; icon_color=&#8221;#E02B20&#8243; image_icon_width=&#8221;69px&#8221; _builder_version=&#8221;4.24.2&#8243; _module_preset=&#8221;default&#8221; header_level=&#8221;h3&#8243; header_font=&#8221;|700|||||||&#8221; header_text_align=&#8221;center&#8221; header_text_color=&#8221;#333399&#8243; custom_padding=&#8221;10px|10px|10px|10px|false|false&#8221; animation_style=&#8221;slide&#8221; border_radii=&#8221;on|15px|15px|15px|15px&#8221; border_color_all=&#8221;#0b0ebf&#8221; box_shadow_style=&#8221;preset2&#8243; global_colors_info=&#8221;{}&#8221;]<\/p>\n<hr>\n<p>&nbsp;<\/p>\n<p style=\"text-align: center\">Teodoro Rizos Fern\u00e1ndez<\/p>\n<p>&nbsp;<\/p>\n<p>[\/et_pb_blurb][\/et_pb_column][et_pb_column type=&#8221;1_3&#8243; _builder_version=&#8221;4.16&#8243; _module_preset=&#8221;default&#8221; global_colors_info=&#8221;{}&#8221;][et_pb_blurb title=&#8221;Autoprotecci\u00f3n&#8221; use_icon=&#8221;on&#8221; font_icon=&#8221;&#xe108;||divi||400&#8243; icon_color=&#8221;#E09900&#8243; image_icon_width=&#8221;69px&#8221; _builder_version=&#8221;4.24.2&#8243; _module_preset=&#8221;default&#8221; header_level=&#8221;h3&#8243; header_font=&#8221;|700|||||||&#8221; header_text_align=&#8221;center&#8221; header_text_color=&#8221;#333399&#8243; custom_padding=&#8221;10px|10px|10px|10px|false|false&#8221; animation_style=&#8221;slide&#8221; border_radii=&#8221;on|15px|15px|15px|15px&#8221; border_color_all=&#8221;#0b0ebf&#8221; box_shadow_style=&#8221;preset2&#8243; global_colors_info=&#8221;{}&#8221;]<\/p>\n<hr>\n<p>&nbsp;<\/p>\n<p style=\"text-align: center\">Inmaculada Mart\u00ednez del \u00c1guila<\/p>\n<p>&nbsp;<\/p>\n<p>[\/et_pb_blurb][\/et_pb_column][\/et_pb_row][et_pb_row column_structure=&#8221;1_3,1_3,1_3&#8243; admin_label=&#8221;Fila&#8221; _builder_version=&#8221;4.24.2&#8243; _module_preset=&#8221;default&#8221; custom_margin=&#8221;||||false|false&#8221; global_colors_info=&#8221;{}&#8221;][et_pb_column type=&#8221;1_3&#8243; _builder_version=&#8221;4.16&#8243; _module_preset=&#8221;default&#8221; global_colors_info=&#8221;{}&#8221;][et_pb_blurb title=&#8221;PROA&#8221; use_icon=&#8221;on&#8221; font_icon=&#8221;&#xe108;||divi||400&#8243; icon_color=&#8221;#870087&#8243; image_icon_width=&#8221;69px&#8221; _builder_version=&#8221;4.24.2&#8243; _module_preset=&#8221;default&#8221; header_level=&#8221;h3&#8243; header_font=&#8221;|700|||||||&#8221; header_text_align=&#8221;center&#8221; header_text_color=&#8221;#333399&#8243; custom_padding=&#8221;10px|10px|10px|10px|false|false&#8221; animation_style=&#8221;slide&#8221; border_radii=&#8221;on|15px|15px|15px|15px&#8221; border_color_all=&#8221;#0b0ebf&#8221; box_shadow_style=&#8221;preset2&#8243; global_colors_info=&#8221;{}&#8221;]<\/p>\n<hr>\n<p>&nbsp;<\/p>\n<p style=\"text-align: center\">Patricia Cuenca Arce<\/p>\n<p>&nbsp;<\/p>\n<p>[\/et_pb_blurb][\/et_pb_column][et_pb_column type=&#8221;1_3&#8243; _builder_version=&#8221;4.16&#8243; _module_preset=&#8221;default&#8221; global_colors_info=&#8221;{}&#8221;][et_pb_blurb title=&#8221;Apertura de centros&#8221; use_icon=&#8221;on&#8221; font_icon=&#8221;&#xe108;||divi||400&#8243; icon_color=&#8221;#00440c&#8221; image_icon_width=&#8221;69px&#8221; _builder_version=&#8221;4.24.2&#8243; _module_preset=&#8221;default&#8221; header_level=&#8221;h3&#8243; header_font=&#8221;|700|||||||&#8221; header_text_align=&#8221;center&#8221; header_text_color=&#8221;#333399&#8243; custom_padding=&#8221;10px|10px|10px|10px|false|false&#8221; animation_style=&#8221;slide&#8221; border_radii=&#8221;on|15px|15px|15px|15px&#8221; border_color_all=&#8221;#0b0ebf&#8221; box_shadow_style=&#8221;preset2&#8243; global_colors_info=&#8221;{}&#8221;]<\/p>\n<hr \/>\n<p>&nbsp;<\/p>\n<p style=\"text-align: center\">Inmaculada Mart\u00ednez del \u00c1guila<\/p>\n<p>&nbsp;<\/p>\n<p>[\/et_pb_blurb][\/et_pb_column][et_pb_column type=&#8221;1_3&#8243; _builder_version=&#8221;4.16&#8243; _module_preset=&#8221;default&#8221; global_colors_info=&#8221;{}&#8221;][et_pb_blurb title=&#8221;Comedor&#8221; use_icon=&#8221;on&#8221; font_icon=&#8221;&#xe108;||divi||400&#8243; icon_color=&#8221;#00cdd1&#8243; image_icon_width=&#8221;69px&#8221; _builder_version=&#8221;4.24.2&#8243; _module_preset=&#8221;default&#8221; header_level=&#8221;h3&#8243; header_font=&#8221;|700|||||||&#8221; header_text_align=&#8221;center&#8221; header_text_color=&#8221;#333399&#8243; custom_padding=&#8221;10px|10px|10px|10px|false|false&#8221; animation_style=&#8221;slide&#8221; border_radii=&#8221;on|15px|15px|15px|15px&#8221; border_color_all=&#8221;#0b0ebf&#8221; box_shadow_style=&#8221;preset2&#8243; global_colors_info=&#8221;{}&#8221;]<\/p>\n<hr>\n<p>&nbsp;<\/p>\n<p style=\"text-align: center\">Teodoro Rizos Fern\u00e1ndez<\/p>\n<p>&nbsp;<\/p>\n<p>[\/et_pb_blurb][\/et_pb_column][\/et_pb_row][et_pb_row column_structure=&#8221;1_3,1_3,1_3&#8243; admin_label=&#8221;Fila&#8221; _builder_version=&#8221;4.24.2&#8243; _module_preset=&#8221;default&#8221; custom_margin=&#8221;||||false|false&#8221; global_colors_info=&#8221;{}&#8221;][et_pb_column type=&#8221;1_3&#8243; _builder_version=&#8221;4.16&#8243; _module_preset=&#8221;default&#8221; global_colors_info=&#8221;{}&#8221;][et_pb_blurb title=&#8221;Comedor&#8221; use_icon=&#8221;on&#8221; font_icon=&#8221;&#xe108;||divi||400&#8243; icon_color=&#8221;#00cdd1&#8243; image_icon_width=&#8221;69px&#8221; _builder_version=&#8221;4.24.2&#8243; _module_preset=&#8221;default&#8221; header_level=&#8221;h3&#8243; header_font=&#8221;|700|||||||&#8221; header_text_align=&#8221;center&#8221; header_text_color=&#8221;#333399&#8243; custom_padding=&#8221;10px|10px|10px|10px|false|false&#8221; animation_style=&#8221;slide&#8221; border_radii=&#8221;on|15px|15px|15px|15px&#8221; border_color_all=&#8221;#0b0ebf&#8221; box_shadow_style=&#8221;preset2&#8243; global_colors_info=&#8221;{}&#8221;]<\/p>\n<hr \/>\n<p>&nbsp;<\/p>\n<p style=\"text-align: center\">Inmaculada Mart\u00ednez del \u00c1guila<\/p>\n<p>&nbsp;<\/p>\n<p>[\/et_pb_blurb][\/et_pb_column][et_pb_column type=&#8221;1_3&#8243; _builder_version=&#8221;4.16&#8243; _module_preset=&#8221;default&#8221; global_colors_info=&#8221;{}&#8221;][et_pb_blurb title=&#8221;PRACTICUM&#8221; use_icon=&#8221;on&#8221; font_icon=&#8221;&#xe108;||divi||400&#8243; icon_color=&#8221;#2d003a&#8221; image_icon_width=&#8221;69px&#8221; _builder_version=&#8221;4.24.2&#8243; _module_preset=&#8221;default&#8221; header_level=&#8221;h3&#8243; header_font=&#8221;|700|||||||&#8221; header_text_align=&#8221;center&#8221; header_text_color=&#8221;#333399&#8243; custom_padding=&#8221;10px|10px|10px|10px|false|false&#8221; animation_style=&#8221;slide&#8221; border_radii=&#8221;on|15px|15px|15px|15px&#8221; border_color_all=&#8221;#0b0ebf&#8221; box_shadow_style=&#8221;preset2&#8243; global_colors_info=&#8221;{}&#8221;]<\/p>\n<hr>\n<p>&nbsp;<\/p>\n<p style=\"text-align: center\">Patricia Cuenca Arce<\/p>\n<p>&nbsp;<\/p>\n<p>[\/et_pb_blurb][\/et_pb_column][et_pb_column type=&#8221;1_3&#8243; _builder_version=&#8221;4.16&#8243; _module_preset=&#8221;default&#8221; global_colors_info=&#8221;{}&#8221;][et_pb_blurb title=&#8221;HHVS&#8221; use_icon=&#8221;on&#8221; font_icon=&#8221;&#xe108;||divi||400&#8243; icon_color=&#8221;#f2cd00&#8243; image_icon_width=&#8221;69px&#8221; _builder_version=&#8221;4.24.2&#8243; _module_preset=&#8221;default&#8221; header_level=&#8221;h3&#8243; header_font=&#8221;|700|||||||&#8221; header_text_align=&#8221;center&#8221; header_text_color=&#8221;#333399&#8243; custom_padding=&#8221;10px|10px|10px|10px|false|false&#8221; animation_style=&#8221;slide&#8221; border_radii=&#8221;on|15px|15px|15px|15px&#8221; border_color_all=&#8221;#0b0ebf&#8221; box_shadow_style=&#8221;preset2&#8243; global_colors_info=&#8221;{}&#8221;]<\/p>\n<hr>\n<p>&nbsp;<\/p>\n<p style=\"text-align: center\">Mar\u00eda del Mar S\u00e1nchez Pardo<\/p>\n<p>&nbsp;<\/p>\n<p>[\/et_pb_blurb][\/et_pb_column][\/et_pb_row][\/et_pb_section][et_pb_section fb_built=&#8221;1&#8243; prev_background_color=&#8221;#ffffff&#8221; next_background_color=&#8221;#ffffff&#8221; _builder_version=&#8221;4.24.2&#8243; _module_preset=&#8221;default&#8221; background_color=&#8221;#cce7ff&#8221; top_divider_style=&#8221;mountains&#8221; bottom_divider_style=&#8221;none&#8221; global_colors_info=&#8221;{}&#8221;][\/et_pb_section]<\/p>\n","protected":false},"excerpt":{"rendered":"<p>Otras coordinaciones\u00a1Bienvenidos a nuestro equipo! &nbsp; Domingo Moya Hidalgo &nbsp; &nbsp; Francisca Navarro Moreno &nbsp; &nbsp; Patricia Cuenca Arce &nbsp; &nbsp; M\u00aa Carmen Mazo Armentero &nbsp; &nbsp; F\u00ba Javier Fern\u00e1ndez Dom\u00ednguez &nbsp; &nbsp; Magdalena P\u00e9rez Garc\u00eda &nbsp; &nbsp; Miguel Navarro Maldonado &nbsp; &nbsp; Teodoro Rizos Fern\u00e1ndez &nbsp; &nbsp; Inmaculada Mart\u00ednez del \u00c1guila &nbsp; &nbsp; Patricia [&hellip;]<\/p>\n","protected":false},"author":13364,"featured_media":0,"parent":0,"menu_order":0,"comment_status":"closed","ping_status":"closed","template":"","meta":{"_et_pb_use_builder":"on","_et_pb_old_content":"","_et_gb_content_width":"","ngg_post_thumbnail":0,"footnotes":""},"aioseo_notices":[],"_links":{"self":[{"href":"https:\/\/blogsaverroes.juntadeandalucia.es\/colegiovelazquez\/wp-json\/wp\/v2\/pages\/2409"}],"collection":[{"href":"https:\/\/blogsaverroes.juntadeandalucia.es\/colegiovelazquez\/wp-json\/wp\/v2\/pages"}],"about":[{"href":"https:\/\/blogsaverroes.juntadeandalucia.es\/colegiovelazquez\/wp-json\/wp\/v2\/types\/page"}],"author":[{"embeddable":true,"href":"https:\/\/blogsaverroes.juntadeandalucia.es\/colegiovelazquez\/wp-json\/wp\/v2\/users\/13364"}],"replies":[{"embeddable":true,"href":"https:\/\/blogsaverroes.juntadeandalucia.es\/colegiovelazquez\/wp-json\/wp\/v2\/comments?post=2409"}],"version-history":[{"count":15,"href":"https:\/\/blogsaverroes.juntadeandalucia.es\/colegiovelazquez\/wp-json\/wp\/v2\/pages\/2409\/revisions"}],"predecessor-version":[{"id":2936,"href":"https:\/\/blogsaverroes.juntadeandalucia.es\/colegiovelazquez\/wp-json\/wp\/v2\/pages\/2409\/revisions\/2936"}],"wp:attachment":[{"href":"https:\/\/blogsaverroes.juntadeandalucia.es\/colegiovelazquez\/wp-json\/wp\/v2\/media?parent=2409"}],"curies":[{"name":"wp","href":"https:\/\/api.w.org\/{rel}","templated":true}]}}