{"id":33,"date":"2020-01-09T12:42:06","date_gmt":"2020-01-09T11:42:06","guid":{"rendered":"http:\/\/blogsaverroes.juntadeandalucia.es\/pre\/nuevoceip2v2\/?page_id=33"},"modified":"2026-02-06T20:11:36","modified_gmt":"2026-02-06T19:11:36","slug":"aula-matinal-y-comedor-escolar","status":"publish","type":"page","link":"https:\/\/blogsaverroes.juntadeandalucia.es\/colegiovelazquez\/aula-matinal-y-comedor-escolar\/","title":{"rendered":"Aula matinal y comedor escolar"},"content":{"rendered":"<p>[et_pb_section fb_built=&#8221;1&#8243; next_background_color=&#8221;#ffffff&#8221; admin_label=&#8221;Header&#8221; _builder_version=&#8221;4.24.2&#8243; _module_preset=&#8221;default&#8221; background_color=&#8221;#cce7ff&#8221; background_enable_pattern_style=&#8221;on&#8221; background_pattern_style=&#8221;scallops&#8221; background_pattern_blend_mode=&#8221;overlay&#8221; custom_margin=&#8221;||-6px|||&#8221; bottom_divider_style=&#8221;waves2&#8243; locked=&#8221;off&#8221; global_colors_info=&#8221;{}&#8221;][et_pb_row _builder_version=&#8221;4.16&#8243; _module_preset=&#8221;default&#8221; global_colors_info=&#8221;{}&#8221;][et_pb_column type=&#8221;4_4&#8243; _builder_version=&#8221;4.16&#8243; _module_preset=&#8221;default&#8221; global_colors_info=&#8221;{}&#8221;][et_pb_text _builder_version=&#8221;4.24.2&#8243; _module_preset=&#8221;d5dbb5d4-7ec7-4306-b6c5-1435f277faf4&#8243; header_font=&#8221;Candal||||||||&#8221; header_text_color=&#8221;#000000&#8243; header_font_size=&#8221;60px&#8221; header_line_height=&#8221;1.2em&#8221; custom_margin=&#8221;||16px||false|false&#8221; header_font_size_tablet=&#8221;36px&#8221; header_font_size_phone=&#8221;24px&#8221; header_font_size_last_edited=&#8221;on|phone&#8221; global_colors_info=&#8221;{}&#8221;]<\/p>\n<h1 style=\"text-align: center\" data-sider-select-id=\"e5306292-eb53-4a81-86b4-d24bc448c5b9\"><span style=\"color: #020269\" data-sider-select-id=\"976599c2-257f-41b4-885b-b0900e94b492\">Aula matinal y comedor<\/span><\/h1>\n<p>[\/et_pb_text][\/et_pb_column][\/et_pb_row][et_pb_row _builder_version=&#8221;4.24.2&#8243; _module_preset=&#8221;default&#8221; global_colors_info=&#8221;{}&#8221;][et_pb_column type=&#8221;4_4&#8243; _builder_version=&#8221;4.24.2&#8243; _module_preset=&#8221;default&#8221; global_colors_info=&#8221;{}&#8221;][et_pb_divider show_divider=&#8221;off&#8221; _builder_version=&#8221;4.24.2&#8243; _module_preset=&#8221;default&#8221; global_colors_info=&#8221;{}&#8221;][\/et_pb_divider][\/et_pb_column][\/et_pb_row][\/et_pb_section][et_pb_section fb_built=&#8221;1&#8243; _builder_version=&#8221;4.24.2&#8243; _module_preset=&#8221;default&#8221; global_colors_info=&#8221;{}&#8221;][et_pb_row _builder_version=&#8221;4.24.2&#8243; _module_preset=&#8221;default&#8221; global_colors_info=&#8221;{}&#8221;][et_pb_column type=&#8221;4_4&#8243; _builder_version=&#8221;4.24.2&#8243; _module_preset=&#8221;default&#8221; global_colors_info=&#8221;{}&#8221;][et_pb_text _builder_version=&#8221;4.24.2&#8243; _module_preset=&#8221;37ecd0c5-bb26-4380-8165-01e95e02d8be&#8221; header_3_font=&#8221;Candal||||||||&#8221; header_3_text_color=&#8221;#000000&#8243; header_3_line_height=&#8221;1.2em&#8221; custom_margin=&#8221;||10px||false|false&#8221; animation_style=&#8221;bounce&#8221; animation_direction=&#8221;bottom&#8221; header_3_font_size_tablet=&#8221;20px&#8221; header_3_font_size_phone=&#8221;16px&#8221; header_3_font_size_last_edited=&#8221;on|desktop&#8221; header_3_line_height_tablet=&#8221;&#8221; header_3_line_height_phone=&#8221;1.4em&#8221; header_3_line_height_last_edited=&#8221;on|phone&#8221; global_colors_info=&#8221;{}&#8221;]<\/p>\n<h3 style=\"text-align: center\"><span style=\"color: #ff0000;font-size: 24pt\" data-sider-select-id=\"3e7bac92-8793-4518-9681-b14639c7b88b\">\u00a1Bienvenidos al aula matinal y comedor!<\/span><\/h3>\n<p>[\/et_pb_text][\/et_pb_column][\/et_pb_row][\/et_pb_section][et_pb_section fb_built=&#8221;1&#8243; admin_label=&#8221;Secci\u00f3n&#8221; _builder_version=&#8221;4.25.1&#8243; _module_preset=&#8221;default&#8221; locked=&#8221;off&#8221; global_colors_info=&#8221;{}&#8221;][et_pb_row column_structure=&#8221;1_2,1_2&#8243; _builder_version=&#8221;4.25.1&#8243; _module_preset=&#8221;default&#8221; global_colors_info=&#8221;{}&#8221;][et_pb_column type=&#8221;1_2&#8243; _builder_version=&#8221;4.25.1&#8243; _module_preset=&#8221;default&#8221; custom_padding=&#8221;10%||||false|false&#8221; custom_padding_tablet=&#8221;0%||||false|false&#8221; custom_padding_phone=&#8221;&#8221; custom_padding_last_edited=&#8221;on|desktop&#8221; global_colors_info=&#8221;{}&#8221;][et_pb_heading title=&#8221;Aula matinal&#8221; _builder_version=&#8221;4.24.2&#8243; _module_preset=&#8221;3172a676-7c74-43ab-9bbf-b78a23a27329&#8243; title_font_size=&#8221;50px&#8221; custom_margin=&#8221;||10px||false|false&#8221; animation_style=&#8221;zoom&#8221; locked=&#8221;off&#8221; global_colors_info=&#8221;{}&#8221;][\/et_pb_heading][et_pb_text _builder_version=&#8221;4.24.2&#8243; _module_preset=&#8221;c6d49353-64fa-4f40-8220-02a7c1e511ea&#8221; text_font=&#8221;||||||||&#8221; background_image=&#8221;https:\/\/blogsaverroes.juntadeandalucia.es\/colegiovelazquez\/files\/2026\/02\/art-therapist-illustration-01-1.png&#8221; background_size=&#8221;contain&#8221; animation_style=&#8221;fade&#8221; animation_direction=&#8221;left&#8221; hover_enabled=&#8221;0&#8243; global_colors_info=&#8221;{}&#8221; sticky_enabled=&#8221;0&#8243;]<\/p>\n<p data-sider-select-id=\"d08a99ef-03b5-40bf-a1ed-6a436768935e\">Es una actividad promovida por la Junta de Andaluc\u00eda para dar respuesta a la creciente demanda originada por las exigencias laborales de los padres y madres andaluzas, quienes se ven en la necesidad de delegar el cuidado de sus hijos e hijas durante el horario de&nbsp;<strong>7:30 a 9:00 h.<\/strong>, momento en el que da comienzo la actividad escolar. Durante este per\u00edodo de tiempo, los ni\u00f1os y ni\u00f1as realizan diversas actividades de car\u00e1cter l\u00fadico y educativo adecuadas a su edad y desarrollo madurativo. Entre otras muchas, se realizan actividades pl\u00e1sticas, dibujo, lectura, psicomotricidad, juegos populares, etc.<\/p>\n<p>La atenci\u00f3n al alumnado de aula matinal se realiza por personal cualificado, entre cuyas funciones est\u00e1n las medidas de vigilancia y atenci\u00f3n educativa que precisen los menores en funci\u00f3n de su edad y necesidades.<\/p>\n<p>[\/et_pb_text][\/et_pb_column][et_pb_column type=&#8221;1_2&#8243; _builder_version=&#8221;4.25.1&#8243; _module_preset=&#8221;default&#8221; custom_padding=&#8221;||||false|false&#8221; global_colors_info=&#8221;{}&#8221;][et_pb_image src=&#8221;https:\/\/blogsaverroes.juntadeandalucia.es\/colegiovelazquez\/files\/2026\/02\/chinese-restaurant-20.png&#8221; title_text=&#8221;chinese-restaurant-20&#8243; _builder_version=&#8221;4.25.1&#8243; _module_preset=&#8221;default&#8221; positioning=&#8221;absolute&#8221; position_origin_a=&#8221;center_left&#8221; custom_margin=&#8221;|-30vw|||false|false&#8221; mix_blend_mode=&#8221;luminosity&#8221; global_colors_info=&#8221;{}&#8221;][\/et_pb_image][et_pb_image src=&#8221;https:\/\/blogsaverroes.juntadeandalucia.es\/colegiovelazquez\/files\/2025\/03\/f5832547-3ea3-46d0-93c8-7faeef29aa05.jpg&#8221; title_text=&#8221;f5832547-3ea3-46d0-93c8-7faeef29aa05&#8243; _builder_version=&#8221;4.24.2&#8243; _module_preset=&#8221;default&#8221; custom_margin=&#8221;|-13vw||18%|false|false&#8221; custom_margin_tablet=&#8221;|0vw||0%|false|false&#8221; custom_margin_phone=&#8221;&#8221; custom_margin_last_edited=&#8221;on|phone&#8221; animation_style=&#8221;roll&#8221; box_shadow_style=&#8221;preset3&#8243; box_shadow_vertical=&#8221;30px&#8221; box_shadow_blur=&#8221;100px&#8221; box_shadow_spread=&#8221;-30px&#8221; global_colors_info=&#8221;{}&#8221;][\/et_pb_image][\/et_pb_column][\/et_pb_row][et_pb_row column_structure=&#8221;1_2,1_2&#8243; _builder_version=&#8221;4.25.1&#8243; _module_preset=&#8221;default&#8221; global_colors_info=&#8221;{}&#8221;][et_pb_column type=&#8221;1_2&#8243; _builder_version=&#8221;4.25.1&#8243; _module_preset=&#8221;default&#8221; custom_padding=&#8221;10%||||false|false&#8221; custom_padding_tablet=&#8221;0%||||false|false&#8221; custom_padding_phone=&#8221;&#8221; custom_padding_last_edited=&#8221;on|desktop&#8221; global_colors_info=&#8221;{}&#8221;][et_pb_image src=&#8221;https:\/\/blogsaverroes.juntadeandalucia.es\/colegiovelazquez\/files\/2026\/02\/chinese-restaurant-20.png&#8221; title_text=&#8221;chinese-restaurant-20&#8243; _builder_version=&#8221;4.24.2&#8243; _module_preset=&#8221;default&#8221; transform_translate_linked=&#8221;off&#8221; transform_rotate=&#8221;0deg|0deg|192deg&#8221; positioning=&#8221;absolute&#8221; position_origin_a=&#8221;center_left&#8221; custom_margin=&#8221;229px|||32px|false|false&#8221; mix_blend_mode=&#8221;luminosity&#8221; global_colors_info=&#8221;{}&#8221;][\/et_pb_image][et_pb_image src=&#8221;https:\/\/blogsaverroes.juntadeandalucia.es\/colegiovelazquez\/files\/2024\/05\/1716988375669-scaled.jpg&#8221; title_text=&#8221;1716988375669&#8243; _builder_version=&#8221;4.24.2&#8243; _module_preset=&#8221;default&#8221; transform_translate_linked=&#8221;off&#8221; custom_margin=&#8221;|||-123px|false|false&#8221; custom_margin_tablet=&#8221;|0vw||0%|false|false&#8221; custom_margin_phone=&#8221;&#8221; custom_margin_last_edited=&#8221;on|phone&#8221; animation_style=&#8221;roll&#8221; box_shadow_style=&#8221;preset3&#8243; box_shadow_vertical=&#8221;30px&#8221; box_shadow_blur=&#8221;100px&#8221; box_shadow_spread=&#8221;-30px&#8221; global_colors_info=&#8221;{}&#8221;][\/et_pb_image][\/et_pb_column][et_pb_column type=&#8221;1_2&#8243; _builder_version=&#8221;4.25.1&#8243; _module_preset=&#8221;default&#8221; custom_padding=&#8221;||||false|false&#8221; global_colors_info=&#8221;{}&#8221;][et_pb_heading title=&#8221;Comedor escolar&#8221; _builder_version=&#8221;4.24.2&#8243; _module_preset=&#8221;3172a676-7c74-43ab-9bbf-b78a23a27329&#8243; title_font_size=&#8221;50px&#8221; custom_margin=&#8221;||10px||false|false&#8221; animation_style=&#8221;zoom&#8221; locked=&#8221;off&#8221; global_colors_info=&#8221;{}&#8221;][\/et_pb_heading][et_pb_text _builder_version=&#8221;4.24.2&#8243; _module_preset=&#8221;c6d49353-64fa-4f40-8220-02a7c1e511ea&#8221; text_font=&#8221;||||||||&#8221; background_image=&#8221;https:\/\/blogsaverroes.juntadeandalucia.es\/colegiovelazquez\/files\/2026\/02\/art-therapist-illustration-16-1.png&#8221; background_size=&#8221;initial&#8221; animation_style=&#8221;fade&#8221; animation_direction=&#8221;right&#8221; hover_enabled=&#8221;0&#8243; global_colors_info=&#8221;{}&#8221; sticky_enabled=&#8221;0&#8243;]<\/p>\n<p data-sider-select-id=\"39e5302d-2155-4639-acd6-f60b3f325eab\">El centro presta el servicio de comedor escolar para el alumnado del segundo ciclo de educaci\u00f3n infantil, de educaci\u00f3n primaria y de educaci\u00f3n especial durante un tiempo m\u00e1ximo de dos horas a partir de la finalizaci\u00f3n de la jornada lectiva de ma\u00f1ana, de&nbsp;<strong>14.00 a 16:00 horas<\/strong>. El horario de este servicio proporciona a los padres y a las madres un apoyo que les permite compatibilizar sus obligaciones familiares y profesionales, por tanto, el comedor escolar constituye un servicio complementario de gran utilidad para conciliar la vida laboral y familiar. Es, adem\u00e1s, una pieza importante en todas las medidas dirigidas a mejorar los h\u00e1bitos alimenticios de los ni\u00f1os y ni\u00f1as y prevenir problemas de salud como la obesidad.<\/p>\n<p data-sider-select-id=\"39e5302d-2155-4639-acd6-f60b3f325eab\">El servicio de comedor escolar se solicita en el mes de junio en la matriculaci\u00f3n del alumnado y la solicitud de bonificaciones al precio p\u00fablico de dicho servicio se realiza a principios del mes de septiembre para posibilitar que los ingresos de referencia para el c\u00e1lculo de la bonificaci\u00f3n sea el del a\u00f1o inmediatamente anterior, y adecuarse en lo posible a la capacidad econ\u00f3mica real de las familias.<\/p>\n<p>Los men\u00fas que se sirven en el comedor escolar siguen las recomendaciones de los organismos responsables en materia de sanidad en cuanto a alimentaci\u00f3n saludable.<\/p>\n<p>[\/et_pb_text][\/et_pb_column][\/et_pb_row][\/et_pb_section][et_pb_section fb_built=&#8221;1&#8243; admin_label=&#8221;Secci\u00f3n&#8221; _builder_version=&#8221;4.25.1&#8243; _module_preset=&#8221;default&#8221; saved_tabs=&#8221;all&#8221; collapsed=&#8221;off&#8221; global_colors_info=&#8221;{}&#8221;][et_pb_row column_structure=&#8221;1_2,1_2&#8243; _builder_version=&#8221;4.24.2&#8243; _module_preset=&#8221;default&#8221; global_colors_info=&#8221;{}&#8221;][et_pb_column type=&#8221;1_2&#8243; _builder_version=&#8221;4.25.1&#8243; _module_preset=&#8221;default&#8221; global_colors_info=&#8221;{}&#8221;][et_pb_heading title=&#8221;Cont\u00e1ctanos&#8221; _builder_version=&#8221;4.24.2&#8243; _module_preset=&#8221;924d6ba1-cb14-4c10-8ff7-7b9ce1a428ab&#8221; animation_style=&#8221;slide&#8221; locked=&#8221;off&#8221; global_colors_info=&#8221;{}&#8221;][\/et_pb_heading][et_pb_blurb use_icon=&#8221;on&#8221; font_icon=&#8221;&#xe081;||divi||400&#8243; icon_placement=&#8221;left&#8221; image_icon_width=&#8221;24px&#8221; _builder_version=&#8221;4.24.2&#8243; _module_preset=&#8221;default&#8221; animation_style=&#8221;slide&#8221; global_colors_info=&#8221;{}&#8221;]<\/p>\n<p><span style=\"color: #000000\"><a style=\"color: #000000\" href=\"https:\/\/www.google.com\/maps\/place\/CEIP+Vel%C3%A1zquez\/@37.3921153,-2.1438069,17z\/data=!4m6!3m5!1s0xd653626ed0dc389:0x1f666ceb61cf1e90!8m2!3d37.3921153!4d-2.141232!16s%2Fg%2F11b6v3n3dp\" target=\"_blank\" rel=\"noopener noreferrer\">C\/ Buenavista, s\/n, 04800 Albox, Almer\u00eda<\/a><\/span><\/p>\n<p>[\/et_pb_blurb][et_pb_blurb use_icon=&#8221;on&#8221; font_icon=&#8221;&#xe090;||divi||400&#8243; icon_placement=&#8221;left&#8221; image_icon_width=&#8221;25px&#8221; _builder_version=&#8221;4.24.2&#8243; _module_preset=&#8221;default&#8221; animation_style=&#8221;slide&#8221; global_colors_info=&#8221;{}&#8221;]<\/p>\n<p><span style=\"color: #000000\"><a style=\"color: #000000\" href=\"tel:+34950639913\"><span aria-label=\"Llamar al n\u00famero de tel\u00e9fono 950 63 95 48\">950 63 99 13<\/span><\/a><\/span><\/p>\n<p>[\/et_pb_blurb][\/et_pb_column][et_pb_column type=&#8221;1_2&#8243; _builder_version=&#8221;4.25.1&#8243; _module_preset=&#8221;default&#8221; global_colors_info=&#8221;{}&#8221;][et_pb_heading title=&#8221;Horario&#8221; _builder_version=&#8221;4.24.2&#8243; _module_preset=&#8221;924d6ba1-cb14-4c10-8ff7-7b9ce1a428ab&#8221; animation_style=&#8221;flip&#8221; locked=&#8221;off&#8221; global_colors_info=&#8221;{}&#8221;][\/et_pb_heading][et_pb_heading title=&#8221;Aula matinal&#8221; _builder_version=&#8221;4.24.2&#8243; _module_preset=&#8221;924d6ba1-cb14-4c10-8ff7-7b9ce1a428ab&#8221; title_font=&#8221;Andika||||||||&#8221; title_text_color=&#8221;#0C71C3&#8243; title_font_size=&#8221;22px&#8221; animation_style=&#8221;flip&#8221; locked=&#8221;off&#8221; global_colors_info=&#8221;{}&#8221;][\/et_pb_heading][et_pb_text _builder_version=&#8221;4.24.2&#8243; _module_preset=&#8221;c6d49353-64fa-4f40-8220-02a7c1e511ea&#8221; text_font=&#8221;||||||||&#8221; custom_margin=&#8221;||10px||false|false&#8221; animation_style=&#8221;fold&#8221; animation_direction=&#8221;bottom&#8221; global_colors_info=&#8221;{}&#8221;]<\/p>\n<p>Lunes a viernes: 7:30 \u2013 9:00<\/p>\n<p>[\/et_pb_text][et_pb_divider show_divider=&#8221;off&#8221; _builder_version=&#8221;4.24.2&#8243; _module_preset=&#8221;default&#8221; global_colors_info=&#8221;{}&#8221;][\/et_pb_divider][et_pb_heading title=&#8221;Comedor&#8221; _builder_version=&#8221;4.24.2&#8243; _module_preset=&#8221;924d6ba1-cb14-4c10-8ff7-7b9ce1a428ab&#8221; title_font=&#8221;Andika||||||||&#8221; title_text_color=&#8221;#0C71C3&#8243; title_font_size=&#8221;22px&#8221; animation_style=&#8221;flip&#8221; locked=&#8221;off&#8221; global_colors_info=&#8221;{}&#8221;][\/et_pb_heading][et_pb_text _builder_version=&#8221;4.24.2&#8243; _module_preset=&#8221;c6d49353-64fa-4f40-8220-02a7c1e511ea&#8221; text_font=&#8221;||||||||&#8221; custom_margin=&#8221;||10px||false|false&#8221; animation_style=&#8221;fold&#8221; animation_direction=&#8221;bottom&#8221; global_colors_info=&#8221;{}&#8221;]<\/p>\n<p>Lunes a viernes: 14:00 \u2013 16:00<\/p>\n<p>[\/et_pb_text][\/et_pb_column][\/et_pb_row][\/et_pb_section][et_pb_section fb_built=&#8221;1&#8243; prev_background_color=&#8221;#ffffff&#8221; next_background_color=&#8221;#ffffff&#8221; _builder_version=&#8221;4.24.2&#8243; _module_preset=&#8221;default&#8221; background_color=&#8221;#cce7ff&#8221; top_divider_style=&#8221;mountains&#8221; bottom_divider_style=&#8221;none&#8221; global_colors_info=&#8221;{}&#8221;][et_pb_row _builder_version=&#8221;4.24.2&#8243; _module_preset=&#8221;default&#8221; global_colors_info=&#8221;{}&#8221;][et_pb_column type=&#8221;4_4&#8243; _builder_version=&#8221;4.24.2&#8243; _module_preset=&#8221;default&#8221; global_colors_info=&#8221;{}&#8221;][\/et_pb_column][\/et_pb_row][\/et_pb_section]<\/p>\n","protected":false},"excerpt":{"rendered":"<p>Aula matinal y comedor\u00a1Bienvenidos al aula matinal y comedor!Es una actividad promovida por la Junta de Andaluc\u00eda para dar respuesta a la creciente demanda originada por las exigencias laborales de los padres y madres andaluzas, quienes se ven en la necesidad de delegar el cuidado de sus hijos e hijas durante el horario de&nbsp;7:30 a [&hellip;]<\/p>\n","protected":false},"author":7051,"featured_media":0,"parent":0,"menu_order":0,"comment_status":"closed","ping_status":"closed","template":"","meta":{"_et_pb_use_builder":"on","_et_pb_old_content":"","_et_gb_content_width":"","ngg_post_thumbnail":0,"footnotes":""},"aioseo_notices":[],"_links":{"self":[{"href":"https:\/\/blogsaverroes.juntadeandalucia.es\/colegiovelazquez\/wp-json\/wp\/v2\/pages\/33"}],"collection":[{"href":"https:\/\/blogsaverroes.juntadeandalucia.es\/colegiovelazquez\/wp-json\/wp\/v2\/pages"}],"about":[{"href":"https:\/\/blogsaverroes.juntadeandalucia.es\/colegiovelazquez\/wp-json\/wp\/v2\/types\/page"}],"author":[{"embeddable":true,"href":"https:\/\/blogsaverroes.juntadeandalucia.es\/colegiovelazquez\/wp-json\/wp\/v2\/users\/7051"}],"replies":[{"embeddable":true,"href":"https:\/\/blogsaverroes.juntadeandalucia.es\/colegiovelazquez\/wp-json\/wp\/v2\/comments?post=33"}],"version-history":[{"count":61,"href":"https:\/\/blogsaverroes.juntadeandalucia.es\/colegiovelazquez\/wp-json\/wp\/v2\/pages\/33\/revisions"}],"predecessor-version":[{"id":3489,"href":"https:\/\/blogsaverroes.juntadeandalucia.es\/colegiovelazquez\/wp-json\/wp\/v2\/pages\/33\/revisions\/3489"}],"wp:attachment":[{"href":"https:\/\/blogsaverroes.juntadeandalucia.es\/colegiovelazquez\/wp-json\/wp\/v2\/media?parent=33"}],"curies":[{"name":"wp","href":"https:\/\/api.w.org\/{rel}","templated":true}]}}