{"id":3491,"date":"2026-02-06T23:51:37","date_gmt":"2026-02-06T22:51:37","guid":{"rendered":"https:\/\/blogsaverroes.juntadeandalucia.es\/colegiovelazquez\/?page_id=3491"},"modified":"2026-02-10T16:18:25","modified_gmt":"2026-02-10T15:18:25","slug":"bienestar-emocional","status":"publish","type":"page","link":"https:\/\/blogsaverroes.juntadeandalucia.es\/colegiovelazquez\/bienestar-emocional\/","title":{"rendered":"Bienestar emocional"},"content":{"rendered":"<p>[et_pb_section fb_built=&#8221;1&#8243; next_background_color=&#8221;#ffffff&#8221; admin_label=&#8221;Header&#8221; _builder_version=&#8221;4.24.2&#8243; _module_preset=&#8221;default&#8221; background_color=&#8221;#cce7ff&#8221; background_enable_pattern_style=&#8221;on&#8221; background_pattern_style=&#8221;scallops&#8221; background_pattern_blend_mode=&#8221;overlay&#8221; custom_margin=&#8221;||-6px|||&#8221; bottom_divider_style=&#8221;waves2&#8243; locked=&#8221;off&#8221; collapsed=&#8221;off&#8221; global_colors_info=&#8221;{}&#8221;][et_pb_row _builder_version=&#8221;4.16&#8243; _module_preset=&#8221;default&#8221; global_colors_info=&#8221;{}&#8221;][et_pb_column type=&#8221;4_4&#8243; _builder_version=&#8221;4.16&#8243; _module_preset=&#8221;default&#8221; global_colors_info=&#8221;{}&#8221;][et_pb_text _builder_version=&#8221;4.24.2&#8243; _module_preset=&#8221;d5dbb5d4-7ec7-4306-b6c5-1435f277faf4&#8243; header_font=&#8221;Candal||||||||&#8221; header_text_color=&#8221;#000000&#8243; header_font_size=&#8221;60px&#8221; header_line_height=&#8221;1.2em&#8221; custom_margin=&#8221;||16px||false|false&#8221; header_font_size_tablet=&#8221;36px&#8221; header_font_size_phone=&#8221;24px&#8221; header_font_size_last_edited=&#8221;on|phone&#8221; global_colors_info=&#8221;{}&#8221;]<\/p>\n<h1 style=\"text-align: center\" data-sider-select-id=\"e5306292-eb53-4a81-86b4-d24bc448c5b9\"><span style=\"color: #020269\" data-sider-select-id=\"976599c2-257f-41b4-885b-b0900e94b492\">Bienestar emocional<\/span><\/h1>\n<p>[\/et_pb_text][\/et_pb_column][\/et_pb_row][et_pb_row _builder_version=&#8221;4.24.2&#8243; _module_preset=&#8221;default&#8221; global_colors_info=&#8221;{}&#8221;][et_pb_column type=&#8221;4_4&#8243; _builder_version=&#8221;4.24.2&#8243; _module_preset=&#8221;default&#8221; global_colors_info=&#8221;{}&#8221;][et_pb_divider show_divider=&#8221;off&#8221; _builder_version=&#8221;4.24.2&#8243; _module_preset=&#8221;default&#8221; global_colors_info=&#8221;{}&#8221;][\/et_pb_divider][\/et_pb_column][\/et_pb_row][\/et_pb_section][et_pb_section fb_built=&#8221;1&#8243; _builder_version=&#8221;4.24.2&#8243; _module_preset=&#8221;default&#8221; global_colors_info=&#8221;{}&#8221;][et_pb_row _builder_version=&#8221;4.24.2&#8243; _module_preset=&#8221;default&#8221; global_colors_info=&#8221;{}&#8221;][et_pb_column type=&#8221;4_4&#8243; _builder_version=&#8221;4.24.2&#8243; _module_preset=&#8221;default&#8221; global_colors_info=&#8221;{}&#8221;][et_pb_text _builder_version=&#8221;4.24.2&#8243; _module_preset=&#8221;37ecd0c5-bb26-4380-8165-01e95e02d8be&#8221; header_3_font=&#8221;Candal||||||||&#8221; header_3_text_color=&#8221;#000000&#8243; header_3_line_height=&#8221;1.2em&#8221; custom_margin=&#8221;||10px||false|false&#8221; animation_style=&#8221;bounce&#8221; animation_direction=&#8221;bottom&#8221; header_3_font_size_tablet=&#8221;20px&#8221; header_3_font_size_phone=&#8221;16px&#8221; header_3_font_size_last_edited=&#8221;on|desktop&#8221; header_3_line_height_tablet=&#8221;&#8221; header_3_line_height_phone=&#8221;1.4em&#8221; header_3_line_height_last_edited=&#8221;on|phone&#8221; global_colors_info=&#8221;{}&#8221;]<\/p>\n<h3 style=\"text-align: center\"><span style=\"color: #ff0000;font-size: 24pt\" data-sider-select-id=\"3e7bac92-8793-4518-9681-b14639c7b88b\">\u00a1Bienvenidos a Bienestar emocional!<\/span><\/h3>\n<p>[\/et_pb_text][\/et_pb_column][\/et_pb_row][\/et_pb_section][et_pb_section fb_built=&#8221;1&#8243; admin_label=&#8221;Secci\u00f3n&#8221; _builder_version=&#8221;4.24.2&#8243; _module_preset=&#8221;default&#8221; background_color=&#8221;gcid-c22116c1-81a4-4cbf-84dc-c3f928405165&#8243; use_background_color_gradient=&#8221;on&#8221; background_color_gradient_stops=&#8221;rgba(0,0,0,0.4) 0%|rgba(0,0,0,0.72) 100%&#8221; background_color_gradient_overlays_image=&#8221;on&#8221; background_image=&#8221;https:\/\/blogsaverroes.juntadeandalucia.es\/colegiovelazquez\/files\/2026\/02\/1770736538740.jpg&#8221; custom_padding=&#8221;10vw||0px||false|false&#8221; hover_enabled=&#8221;0&#8243; collapsed=&#8221;on&#8221; global_colors_info=&#8221;{%22gcid-c22116c1-81a4-4cbf-84dc-c3f928405165%22:%91%22background_color%22%93}&#8221; title_text=&#8221;1770736538740&#8243; sticky_enabled=&#8221;0&#8243;][et_pb_row custom_padding_last_edited=&#8221;on|phone&#8221; _builder_version=&#8221;4.24.2&#8243; _module_preset=&#8221;default&#8221; background_color=&#8221;gcid-ad629ad7-29bc-4d34-a428-476c380868ee&#8221; module_alignment=&#8221;center&#8221; overflow-x=&#8221;visible&#8221; overflow-y=&#8221;visible&#8221; custom_margin=&#8221;||||false|false&#8221; custom_padding=&#8221;40px|30px|60px||false|false&#8221; custom_padding_tablet=&#8221;30px|30px|30px|30px|true|true&#8221; custom_padding_phone=&#8221;20px|20px|20px|20px|true|true&#8221; animation_style=&#8221;slide&#8221; animation_direction=&#8221;left&#8221; module_alignment_tablet=&#8221;center&#8221; module_alignment_phone=&#8221;center&#8221; module_alignment_last_edited=&#8221;off|desktop&#8221; border_radii=&#8221;on|10px|10px|10px|10px&#8221; box_shadow_style=&#8221;preset4&#8243; box_shadow_horizontal=&#8221;-30vw&#8221; box_shadow_vertical=&#8221;0px&#8221; box_shadow_color=&#8221;gcid-ad629ad7-29bc-4d34-a428-476c380868ee&#8221; global_colors_info=&#8221;{%22gcid-ad629ad7-29bc-4d34-a428-476c380868ee%22:%91%22background_color%22,%22box_shadow_color%22%93}&#8221;][et_pb_column type=&#8221;4_4&#8243; _builder_version=&#8221;4.20.0&#8243; _module_preset=&#8221;default&#8221; global_colors_info=&#8221;{}&#8221;][et_pb_text _builder_version=&#8221;4.24.2&#8243; _module_preset=&#8221;974b781c-fcf3-4a68-8ce7-a0adebf5d554&#8243; text_text_color=&#8221;#FFFFFF&#8221; text_letter_spacing=&#8221;9px&#8221; global_colors_info=&#8221;{}&#8221;]<\/p>\n<p>Programa<\/p>\n<p>[\/et_pb_text][et_pb_text _builder_version=&#8221;4.24.2&#8243; _module_preset=&#8221;9ac84e78-8123-4f4c-a93b-7b6c12f2b3ac&#8221; header_text_color=&#8221;#FFFFFF&#8221; custom_margin=&#8221;||0px||false|false&#8221; global_colors_info=&#8221;{}&#8221;]<\/p>\n<h1>Bienestar emocional<\/h1>\n<p>[\/et_pb_text][\/et_pb_column][\/et_pb_row][\/et_pb_section][et_pb_section fb_built=&#8221;1&#8243; admin_label=&#8221;Secci\u00f3n&#8221; _builder_version=&#8221;4.20.0&#8243; _module_preset=&#8221;default&#8221; background_color=&#8221;gcid-c22116c1-81a4-4cbf-84dc-c3f928405165&#8243; saved_tabs=&#8221;all&#8221; collapsed=&#8221;off&#8221; global_colors_info=&#8221;{%22gcid-c22116c1-81a4-4cbf-84dc-c3f928405165%22:%91%22background_color%22%93}&#8221;][et_pb_row _builder_version=&#8221;4.24.2&#8243; _module_preset=&#8221;default&#8221; global_colors_info=&#8221;{}&#8221;][et_pb_column type=&#8221;4_4&#8243; _builder_version=&#8221;4.24.2&#8243; _module_preset=&#8221;default&#8221; global_colors_info=&#8221;{}&#8221;][et_pb_slider use_bg_overlay=&#8221;off&#8221; use_text_overlay=&#8221;on&#8221; text_overlay_color=&#8221;rgba(75,3,170,0.78)&#8221; arrows_custom_color=&#8221;#FFFFFF&#8221; dot_nav_custom_color=&#8221;#FFFFFF&#8221; _builder_version=&#8221;4.24.2&#8243; _module_preset=&#8221;default&#8221; background_image=&#8221;https:\/\/blogsaverroes.juntadeandalucia.es\/colegiovelazquez\/files\/2026\/02\/502715046_4118594538421098_2485456122295322875_n.png&#8221; auto=&#8221;on&#8221; scroll_vertical_motion_enable=&#8221;off&#8221; global_colors_info=&#8221;{}&#8221;][et_pb_slide heading=&#8221;OBJETIVOS&#8221; _builder_version=&#8221;4.24.2&#8243; _module_preset=&#8221;default&#8221; header_font=&#8221;Autour One||||||||&#8221; background_enable_color=&#8221;off&#8221; global_colors_info=&#8221;{}&#8221; sticky_transition=&#8221;on&#8221;]<\/p>\n<p>&nbsp;<\/p>\n<p>Aumentar y\/o reforzar los recursos humanos para la intervenci\u00f3n en el campo de la promoci\u00f3n del bienestar emocional y de la salud integral del alumnado, a trav\u00e9s de la incorporaci\u00f3n de profesionales espec\u00edficos.<\/p>\n<p>[\/et_pb_slide][et_pb_slide heading=&#8221;OBJETIVOS&#8221; _builder_version=&#8221;4.24.2&#8243; _module_preset=&#8221;default&#8221; header_font=&#8221;Autour One||||||||&#8221; background_enable_color=&#8221;off&#8221; global_colors_info=&#8221;{}&#8221; sticky_transition=&#8221;on&#8221;]<\/p>\n<p>&nbsp;<\/p>\n<p>Potenciar entre el profesorado, equipos directivos, equipos de orientaci\u00f3n e inspecci\u00f3n educativa la formaci\u00f3n espec\u00edfica en alfabetizaci\u00f3n e indicadores en bienestar emocional y en salud mental que contribuya a la detecci\u00f3n temprana de casos y a crear un ambiente escolar positivo y seguro, con especial atenci\u00f3n a la figura del coordinador del bienestar y protecci\u00f3n de la infancia y la adolescencia en los centros docentes.&nbsp;<\/p>\n<p>[\/et_pb_slide][et_pb_slide heading=&#8221;OBJETIVOS&#8221; _builder_version=&#8221;4.24.2&#8243; _module_preset=&#8221;default&#8221; header_font=&#8221;Autour One||||||||&#8221; background_enable_color=&#8221;off&#8221; global_colors_info=&#8221;{}&#8221; sticky_transition=&#8221;on&#8221;]<\/p>\n<p>&nbsp;<\/p>\n<p>Impulsar la formaci\u00f3n que contribuya a una intervenci\u00f3n basada en el buen trato en la infancia y la adolescencia, y el respeto de los derechos fundamentales de ni\u00f1as, ni\u00f1os y adolescentes.<\/p>\n<p>[\/et_pb_slide][et_pb_slide heading=&#8221;OBJETIVOS&#8221; _builder_version=&#8221;4.24.2&#8243; _module_preset=&#8221;default&#8221; header_font=&#8221;Autour One||||||||&#8221; background_enable_color=&#8221;off&#8221; global_colors_info=&#8221;{}&#8221; sticky_transition=&#8221;on&#8221;]<\/p>\n<p>&nbsp;<\/p>\n<p>Facilitar el conocimiento del profesorado, equipos directivos, equipos de orientaci\u00f3n e inspecci\u00f3n educativa de los protocolos activos de derivaci\u00f3n del alumnado en situaci\u00f3n de riesgo a los servicios de atenci\u00f3n primaria de salud mental.<\/p>\n<p>[\/et_pb_slide][et_pb_slide heading=&#8221;OBJETIVOS&#8221; _builder_version=&#8221;4.24.2&#8243; _module_preset=&#8221;default&#8221; header_font=&#8221;Autour One||||||||&#8221; background_enable_color=&#8221;off&#8221; global_colors_info=&#8221;{}&#8221; sticky_transition=&#8221;on&#8221;]<\/p>\n<p>&nbsp;<\/p>\n<p>Promover la divulgaci\u00f3n de buenas pr\u00e1cticas que sirvan para promocionar el bienestar emocional del alumnado y para realizar el seguimiento de casos de salud mental en el \u00e1mbito educativo.<\/p>\n<p>[\/et_pb_slide][et_pb_slide heading=&#8221;OBJETIVOS&#8221; _builder_version=&#8221;4.24.2&#8243; _module_preset=&#8221;default&#8221; header_font=&#8221;Autour One||||||||&#8221; background_enable_color=&#8221;off&#8221; global_colors_info=&#8221;{}&#8221; sticky_transition=&#8221;on&#8221;]<\/p>\n<p>&nbsp;<\/p>\n<p>Difundir actuaciones para sensibilizar y prevenir sobre el abuso y el mal uso de las TIC en la infancia y adolescencia y las conductas adictivas con y sin sustancias.<\/p>\n<p>[\/et_pb_slide][et_pb_slide heading=&#8221;OBJETIVOS&#8221; _builder_version=&#8221;4.24.2&#8243; _module_preset=&#8221;default&#8221; header_font=&#8221;Autour One||||||||&#8221; background_enable_color=&#8221;off&#8221; global_colors_info=&#8221;{}&#8221; sticky_transition=&#8221;on&#8221;]<\/p>\n<p>&nbsp;<\/p>\n<p>Elaborar y difundir materiales e instrumentos que contribuyan a la formaci\u00f3n e informaci\u00f3n de la comunidad educativa sobre bienestar emocional y salud mental.<\/p>\n<p>[\/et_pb_slide][et_pb_slide heading=&#8221;OBJETIVOS&#8221; _builder_version=&#8221;4.24.2&#8243; _module_preset=&#8221;default&#8221; header_font=&#8221;Autour One||||||||&#8221; background_enable_color=&#8221;off&#8221; global_colors_info=&#8221;{}&#8221; sticky_transition=&#8221;on&#8221;]<\/p>\n<p>&nbsp;<\/p>\n<p>Impulsar acciones dirigidas a fomentar y facilitar la colaboraci\u00f3n de las familias en la vida del centro y desarrollar sentimiento de pertenencia.<\/p>\n<p>[\/et_pb_slide][\/et_pb_slider][\/et_pb_column][\/et_pb_row][et_pb_row _builder_version=&#8221;4.24.2&#8243; _module_preset=&#8221;default&#8221; global_colors_info=&#8221;{}&#8221;][et_pb_column type=&#8221;4_4&#8243; _builder_version=&#8221;4.24.2&#8243; _module_preset=&#8221;default&#8221; global_colors_info=&#8221;{}&#8221;][et_pb_divider show_divider=&#8221;off&#8221; _builder_version=&#8221;4.24.2&#8243; _module_preset=&#8221;default&#8221; global_colors_info=&#8221;{}&#8221;][\/et_pb_divider][\/et_pb_column][\/et_pb_row][\/et_pb_section][et_pb_section fb_built=&#8221;1&#8243; admin_label=&#8221;Secci\u00f3n&#8221; _builder_version=&#8221;4.24.2&#8243; _module_preset=&#8221;default&#8221; background_enable_color=&#8221;off&#8221; custom_padding=&#8221;0px||0px||true|false&#8221; collapsed=&#8221;off&#8221; global_colors_info=&#8221;{%22gcid-ad629ad7-29bc-4d34-a428-476c380868ee%22:%91%22background_color%22%93}&#8221;][et_pb_row column_structure=&#8221;1_2,1_2&#8243; use_custom_gutter=&#8221;on&#8221; gutter_width=&#8221;1&#8243; make_equal=&#8221;on&#8221; _builder_version=&#8221;4.24.2&#8243; _module_preset=&#8221;default&#8221; width=&#8221;100%&#8221; max_width=&#8221;none&#8221; custom_padding=&#8221;0px||0px||true|false&#8221; global_colors_info=&#8221;{}&#8221;][et_pb_column type=&#8221;1_2&#8243; _builder_version=&#8221;4.24.2&#8243; _module_preset=&#8221;default&#8221; use_background_color_gradient=&#8221;on&#8221; background_color_gradient_stops=&#8221;rgba(0,0,0,0) 0%|#000000 100%&#8221; background_color_gradient_overlays_image=&#8221;on&#8221; background_image=&#8221;https:\/\/blogsaverroes.juntadeandalucia.es\/colegiovelazquez\/files\/2026\/02\/1770416880903-1-scaled.jpg&#8221; custom_padding=&#8221;20vw|10vw|70px|10vw|false|true&#8221; custom_padding_tablet=&#8221;|70px|70px|70px|false|true&#8221; custom_padding_phone=&#8221;|40px|40px|40px|false|true&#8221; custom_padding_last_edited=&#8221;on|tablet&#8221; global_colors_info=&#8221;{}&#8221;][et_pb_text _builder_version=&#8221;4.24.2&#8243; _module_preset=&#8221;d73407ab-5dbd-44d0-abe8-d0d9df7b7ff3&#8243; header_2_font=&#8221;Autour One||||||||&#8221; header_2_text_color=&#8221;#FFFFFF&#8221; header_2_font_size=&#8221;3vw&#8221; custom_margin=&#8221;-40px||||false|false&#8221; animation_style=&#8221;zoom&#8221; global_colors_info=&#8221;{}&#8221;]<\/p>\n<h2>Actuaciones<\/h2>\n<p>[\/et_pb_text][et_pb_text _builder_version=&#8221;4.24.2&#8243; _module_preset=&#8221;9d7312d0-77b2-45f7-bc4e-39b97b08884d&#8221; header_3_font=&#8221;Amarante||||||||&#8221; header_3_text_color=&#8221;#FFFFFF&#8221; custom_margin=&#8221;31px||||false|false&#8221; custom_margin_tablet=&#8221;|||0%|false|false&#8221; custom_margin_phone=&#8221;|||0%|false|false&#8221; custom_margin_last_edited=&#8221;off|desktop&#8221; animation_style=&#8221;flip&#8221; locked=&#8221;off&#8221; global_colors_info=&#8221;{}&#8221;]<\/p>\n<h3>Bienestar emocional<\/h3>\n<p>[\/et_pb_text][\/et_pb_column][et_pb_column type=&#8221;1_2&#8243; _builder_version=&#8221;4.24.2&#8243; _module_preset=&#8221;default&#8221; background_color=&#8221;#dd9e00&#8243; background_image=&#8221;https:\/\/blogsaverroes.juntadeandalucia.es\/colegiovelazquez\/files\/2026\/02\/eatery-14.jpg&#8221; background_blend=&#8221;multiply&#8221; custom_padding=&#8221;8%|4vw|8%|4vw|true|true&#8221; global_colors_info=&#8221;{}&#8221;][et_pb_slider _builder_version=&#8221;4.24.2&#8243; _module_preset=&#8221;default&#8221; header_font=&#8221;Cormorant|700|||||||&#8221; header_font_size=&#8221;20px&#8221; header_line_height=&#8221;1.2em&#8221; body_font_size=&#8221;16px&#8221; body_line_height=&#8221;1.8em&#8221; background_color=&#8221;RGBA(255,255,255,0)&#8221; custom_button=&#8221;on&#8221; button_text_size=&#8221;14px&#8221; button_text_color=&#8221;gcid-dfca0e9b-c2d5-4a0d-bd54-692f77707a05&#8243; button_bg_color=&#8221;#FFFFFF&#8221; button_border_width=&#8221;0px&#8221; button_border_radius=&#8221;50px&#8221; button_letter_spacing=&#8221;0.16em&#8221; button_font=&#8221;|700||on|||||&#8221; button_custom_padding=&#8221;17px|40px|17px|40px|true|true&#8221; custom_padding=&#8221;30px||||false|false&#8221; animation_style=&#8221;slide&#8221; animation_direction=&#8221;right&#8221; header_font_size_tablet=&#8221;20px&#8221; header_font_size_phone=&#8221;16px&#8221; header_font_size_last_edited=&#8221;on|desktop&#8221; body_font_size_tablet=&#8221;15px&#8221; body_font_size_phone=&#8221;14px&#8221; body_font_size_last_edited=&#8221;on|desktop&#8221; text_shadow_style=&#8221;preset1&#8243; text_shadow_color=&#8221;RGBA(255,255,255,0)&#8221; locked=&#8221;off&#8221; global_colors_info=&#8221;{%22gcid-dfca0e9b-c2d5-4a0d-bd54-692f77707a05%22:%91%22text_text_color%22,%22header_3_text_color%22,%22button_text_color%22%93}&#8221;][et_pb_slide heading=&#8221;Formaci\u00f3n espec\u00edfica dirigida a todos los docentes, y especialmente al profesorado que asume las funciones de coordinaci\u00f3n de bienestar y protecci\u00f3n de la infancia y la adolescencia, equipos directivos y profesionales de la orientaci\u00f3n educativa.&#8221; _builder_version=&#8221;4.24.2&#8243; _module_preset=&#8221;default&#8221; locked=&#8221;off&#8221; global_colors_info=&#8221;{}&#8221; sticky_transition=&#8221;on&#8221;][\/et_pb_slide][et_pb_slide heading=&#8221;Desarrollo y seguimiento del Programa ADA (Alumnado Ayudante Digital Andaluc\u00eda) para incentivar la figura del alumnado ayudante en sus distintas facetas.&#8221; _builder_version=&#8221;4.24.2&#8243; _module_preset=&#8221;default&#8221; locked=&#8221;off&#8221; global_colors_info=&#8221;{}&#8221; sticky_transition=&#8221;on&#8221;][\/et_pb_slide][et_pb_slide heading=&#8221;Formaci\u00f3n asociada a la Gu\u00eda de acompa\u00f1amiento educativo en situaciones de duelo para Educaci\u00f3n Infantil, Educaci\u00f3n Primaria y Educaci\u00f3n Secundaria Obligatoria.&#8221; _builder_version=&#8221;4.24.2&#8243; _module_preset=&#8221;default&#8221; locked=&#8221;off&#8221; global_colors_info=&#8221;{}&#8221; sticky_transition=&#8221;on&#8221;][\/et_pb_slide][et_pb_slide heading=&#8221;Difusi\u00f3n de actuaciones asociadas a la prevenci\u00f3n del suicidio y conductas autol\u00edticas en el \u00e1mbito educativo, incluyendo la del Protocolo de actuaci\u00f3n ante dichos casos, as\u00ed como la formaci\u00f3n necesaria para su implementaci\u00f3n.&#8221; _builder_version=&#8221;4.24.2&#8243; _module_preset=&#8221;default&#8221; locked=&#8221;off&#8221; global_colors_info=&#8221;{}&#8221; sticky_transition=&#8221;on&#8221;][\/et_pb_slide][et_pb_slide heading=&#8221;Formaci\u00f3n espec\u00edfica dirigida a las familias, centrada en la prevenci\u00f3n de conductas suicidas y promoci\u00f3n de la salud mental en el \u00e1mbito familiar. &#8221; _builder_version=&#8221;4.24.2&#8243; _module_preset=&#8221;default&#8221; locked=&#8221;off&#8221; global_colors_info=&#8221;{}&#8221; sticky_transition=&#8221;on&#8221;][\/et_pb_slide][et_pb_slide heading=&#8221;Realizaci\u00f3n de encuentros a nivel provincial y regional de buenas pr\u00e1cticas de salud mental en el \u00e1mbito educativo.&#8221; _builder_version=&#8221;4.24.2&#8243; _module_preset=&#8221;default&#8221; locked=&#8221;off&#8221; global_colors_info=&#8221;{}&#8221; sticky_transition=&#8221;on&#8221;][\/et_pb_slide][et_pb_slide heading=&#8221;Realizaci\u00f3n de campa\u00f1as publicitarias e informativas destinadas a la comunidad educativa, al alumnado y a la poblaci\u00f3n en general, para la sensibilizaci\u00f3n sobre los problemas derivados de la salud mental en los menores.&#8221; _builder_version=&#8221;4.24.2&#8243; _module_preset=&#8221;default&#8221; locked=&#8221;off&#8221; global_colors_info=&#8221;{}&#8221; sticky_transition=&#8221;on&#8221;][\/et_pb_slide][et_pb_slide heading=&#8221;Difusi\u00f3n de actuaciones dirigidas al alumnado para la sensibilizaci\u00f3n y prevenci\u00f3n de las conductas adictivas, con y sin sustancias.&#8221; _builder_version=&#8221;4.24.2&#8243; _module_preset=&#8221;default&#8221; locked=&#8221;off&#8221; global_colors_info=&#8221;{}&#8221; sticky_transition=&#8221;on&#8221;][\/et_pb_slide][et_pb_slide heading=&#8221;Participaci\u00f3n de profesionales, organizaciones y colectivos del sector, con el perfil adecuado y especializado en el campo de la salud mental y el bienestar emocional, destinado a la formaci\u00f3n de docentes, atenci\u00f3n y formaci\u00f3n dirigida a las familias e intervenci\u00f3n en los centros docentes que demanden el servicio.&#8221; _builder_version=&#8221;4.24.2&#8243; _module_preset=&#8221;default&#8221; locked=&#8221;off&#8221; global_colors_info=&#8221;{}&#8221; sticky_transition=&#8221;on&#8221;][\/et_pb_slide][et_pb_slide heading=&#8221;Formaci\u00f3n dirigida al profesorado sobre autocuidado emocional y bienestar docente.&#8221; _builder_version=&#8221;4.24.2&#8243; _module_preset=&#8221;default&#8221; locked=&#8221;off&#8221; global_colors_info=&#8221;{}&#8221; sticky_transition=&#8221;on&#8221;][\/et_pb_slide][et_pb_slide heading=&#8221;Formaci\u00f3n en educaci\u00f3n emocional dirigida a alumnado en la etapa de Educaci\u00f3n Infantil.&#8221; _builder_version=&#8221;4.24.2&#8243; _module_preset=&#8221;default&#8221; locked=&#8221;off&#8221; global_colors_info=&#8221;{}&#8221; sticky_transition=&#8221;on&#8221;][\/et_pb_slide][\/et_pb_slider][\/et_pb_column][\/et_pb_row][\/et_pb_section][et_pb_section fb_built=&#8221;1&#8243; admin_label=&#8221;Secci\u00f3n&#8221; _builder_version=&#8221;4.20.0&#8243; _module_preset=&#8221;default&#8221; background_color=&#8221;gcid-c22116c1-81a4-4cbf-84dc-c3f928405165&#8243; custom_padding=&#8221;||0px||false|false&#8221; collapsed=&#8221;on&#8221; global_colors_info=&#8221;{%22gcid-c22116c1-81a4-4cbf-84dc-c3f928405165%22:%91%22background_color%22%93}&#8221;][et_pb_row column_structure=&#8221;3_4,1_4&#8243; _builder_version=&#8221;4.24.2&#8243; _module_preset=&#8221;default&#8221; use_background_color_gradient=&#8221;on&#8221; background_color_gradient_direction=&#8221;90deg&#8221; background_color_gradient_stops=&#8221;rgba(255,255,255,0) 0%|#2c2e34 100%&#8221; background_color_gradient_overlays_image=&#8221;on&#8221; background_image=&#8221;https:\/\/blogsaverroes.juntadeandalucia.es\/colegiovelazquez\/files\/2026\/02\/1770417005998-rotated.jpg&#8221; overflow-x=&#8221;visible&#8221; overflow-y=&#8221;visible&#8221; custom_margin=&#8221;10vw||||false|false&#8221; custom_padding=&#8221;||10vw||false|false&#8221; module_alignment_tablet=&#8221;center&#8221; module_alignment_phone=&#8221;center&#8221; module_alignment_last_edited=&#8221;off|desktop&#8221; border_radii=&#8221;on|10px|10px|10px|10px&#8221; box_shadow_style=&#8221;preset4&#8243; box_shadow_horizontal=&#8221;30vw&#8221; box_shadow_vertical=&#8221;0px&#8221; box_shadow_color=&#8221;#2C2E34&#8243; global_colors_info=&#8221;{}&#8221;][et_pb_column type=&#8221;3_4&#8243; _builder_version=&#8221;4.20.0&#8243; _module_preset=&#8221;default&#8221; background_color=&#8221;#FAF6F5&#8243; background_enable_image=&#8221;off&#8221; transform_translate=&#8221;0px|-10vw&#8221; transform_translate_linked=&#8221;off&#8221; custom_padding=&#8221;|40px|40px||false|false&#8221; border_radii=&#8221;off|||10px|&#8221; global_colors_info=&#8221;{}&#8221;][et_pb_text _builder_version=&#8221;4.24.2&#8243; _module_preset=&#8221;d73407ab-5dbd-44d0-abe8-d0d9df7b7ff3&#8243; animation_style=&#8221;bounce&#8221; global_colors_info=&#8221;{}&#8221;]<\/p>\n<h2>La escuela, un espacio que cuida y acompa\u00f1a<\/h2>\n<p>[\/et_pb_text][et_pb_text _builder_version=&#8221;4.24.2&#8243; _module_preset=&#8221;974b781c-fcf3-4a68-8ce7-a0adebf5d554&#8243; background_color=&#8221;gcid-c22116c1-81a4-4cbf-84dc-c3f928405165&#8243; custom_padding_tablet=&#8221;|30px|30px||false|false&#8221; custom_padding_phone=&#8221;|20px|20px||false|false&#8221; custom_padding_last_edited=&#8221;off|desktop&#8221; animation_style=&#8221;slide&#8221; animation_direction=&#8221;bottom&#8221; global_colors_info=&#8221;{%22gcid-dfca0e9b-c2d5-4a0d-bd54-692f77707a05%22:%91%22text_text_color%22%93,%22gcid-c22116c1-81a4-4cbf-84dc-c3f928405165%22:%91%22background_color%22%93}&#8221;]<\/p>\n<p>El centro docente desempe\u00f1an un papel fundamental en la promoci\u00f3n del bienestar emocional, ya que constituyen el entorno donde ni\u00f1as, ni\u00f1os pasan una parte significativa de su tiempo durante a\u00f1os cruciales para su desarrollo.<\/p>\n<p>[\/et_pb_text][\/et_pb_column][et_pb_column type=&#8221;1_4&#8243; _builder_version=&#8221;4.20.0&#8243; _module_preset=&#8221;default&#8221; background_enable_image=&#8221;off&#8221; border_radii=&#8221;on|10px|10px|10px|10px&#8221; global_colors_info=&#8221;{}&#8221;][\/et_pb_column][\/et_pb_row][\/et_pb_section][et_pb_section fb_built=&#8221;1&#8243; admin_label=&#8221;Secci\u00f3n&#8221; _builder_version=&#8221;4.20.0&#8243; _module_preset=&#8221;default&#8221; background_color=&#8221;gcid-c22116c1-81a4-4cbf-84dc-c3f928405165&#8243; custom_padding=&#8221;0px||||false|false&#8221; collapsed=&#8221;off&#8221; global_colors_info=&#8221;{%22gcid-c22116c1-81a4-4cbf-84dc-c3f928405165%22:%91%22background_color%22%93}&#8221;][et_pb_row custom_padding_last_edited=&#8221;on|tablet&#8221; _builder_version=&#8221;4.24.2&#8243; _module_preset=&#8221;default&#8221; background_image=&#8221;https:\/\/blogsaverroes.juntadeandalucia.es\/colegiovelazquez\/files\/2026\/02\/art-therapist-illustration-02-1.png&#8221; background_size=&#8221;initial&#8221; custom_padding=&#8221;90px|||10%|false|false&#8221; custom_padding_tablet=&#8221;30px||||false|false&#8221; custom_padding_phone=&#8221;20px||||false|false&#8221; module_alignment_tablet=&#8221;center&#8221; module_alignment_phone=&#8221;center&#8221; module_alignment_last_edited=&#8221;off|desktop&#8221; box_shadow_style=&#8221;preset4&#8243; box_shadow_horizontal=&#8221;-30vw&#8221; box_shadow_vertical=&#8221;0px&#8221; box_shadow_color=&#8221;gcid-8d5e1208-6f7f-4920-8a25-a563d46795d8&#8243; global_colors_info=&#8221;{%22gcid-8d5e1208-6f7f-4920-8a25-a563d46795d8%22:%91%22box_shadow_color%22%93}&#8221;][et_pb_column type=&#8221;4_4&#8243; _builder_version=&#8221;4.20.0&#8243; _module_preset=&#8221;default&#8221; custom_padding=&#8221;|30px||30px|false|true&#8221; custom_padding_tablet=&#8221;|30px||30px|false|true&#8221; custom_padding_phone=&#8221;|20px||20px|false|true&#8221; custom_padding_last_edited=&#8221;on|tablet&#8221; global_colors_info=&#8221;{}&#8221;][et_pb_text _builder_version=&#8221;4.24.2&#8243; _module_preset=&#8221;d73407ab-5dbd-44d0-abe8-d0d9df7b7ff3&#8243; text_orientation=&#8221;center&#8221; animation_style=&#8221;roll&#8221; global_colors_info=&#8221;{}&#8221;]<\/p>\n<h2>Salud emocional y clima escolar positivo<\/h2>\n<p>[\/et_pb_text][et_pb_text _builder_version=&#8221;4.24.2&#8243; _module_preset=&#8221;974b781c-fcf3-4a68-8ce7-a0adebf5d554&#8243; text_orientation=&#8221;center&#8221; animation_style=&#8221;fold&#8221; locked=&#8221;off&#8221; global_colors_info=&#8221;{}&#8221;]<\/p>\n<p>La escuela debe ser un entorno seguro, positivo y enriquecedor. Promover el bienestar emocional en el \u00e1mbito escolar implica fomentar tanto la salud f\u00edsica como mental, fortalecer las competencias sociales y emocionales, y construir un clima escolar que estimule las relaciones positivas, la resoluci\u00f3n pac\u00edfica de conflictos, la colaboraci\u00f3n, el aprendizaje y el desarrollo integral del alumnado.<\/p>\n<p>[\/et_pb_text][\/et_pb_column][\/et_pb_row][\/et_pb_section][et_pb_section fb_built=&#8221;1&#8243; prev_background_color=&#8221;gcid-c22116c1-81a4-4cbf-84dc-c3f928405165&#8243; next_background_color=&#8221;#ffffff&#8221; _builder_version=&#8221;4.24.2&#8243; _module_preset=&#8221;default&#8221; background_color=&#8221;#cce7ff&#8221; top_divider_style=&#8221;mountains&#8221; bottom_divider_style=&#8221;none&#8221; global_colors_info=&#8221;{}&#8221;][et_pb_row _builder_version=&#8221;4.24.2&#8243; _module_preset=&#8221;default&#8221; global_colors_info=&#8221;{}&#8221;][et_pb_column type=&#8221;4_4&#8243; _builder_version=&#8221;4.24.2&#8243; _module_preset=&#8221;default&#8221; global_colors_info=&#8221;{}&#8221;][\/et_pb_column][\/et_pb_row][\/et_pb_section]<\/p>\n","protected":false},"excerpt":{"rendered":"<p>Bienestar emocional\u00a1Bienvenidos a Bienestar emocional!ProgramaBienestar emocional&nbsp; Aumentar y\/o reforzar los recursos humanos para la intervenci\u00f3n en el campo de la promoci\u00f3n del bienestar emocional y de la salud integral del alumnado, a trav\u00e9s de la incorporaci\u00f3n de profesionales espec\u00edficos.&nbsp; Potenciar entre el profesorado, equipos directivos, equipos de orientaci\u00f3n e inspecci\u00f3n educativa la formaci\u00f3n espec\u00edfica en [&hellip;]<\/p>\n","protected":false},"author":13364,"featured_media":0,"parent":0,"menu_order":0,"comment_status":"closed","ping_status":"closed","template":"","meta":{"_et_pb_use_builder":"on","_et_pb_old_content":"","_et_gb_content_width":"","ngg_post_thumbnail":0,"footnotes":""},"aioseo_notices":[],"_links":{"self":[{"href":"https:\/\/blogsaverroes.juntadeandalucia.es\/colegiovelazquez\/wp-json\/wp\/v2\/pages\/3491"}],"collection":[{"href":"https:\/\/blogsaverroes.juntadeandalucia.es\/colegiovelazquez\/wp-json\/wp\/v2\/pages"}],"about":[{"href":"https:\/\/blogsaverroes.juntadeandalucia.es\/colegiovelazquez\/wp-json\/wp\/v2\/types\/page"}],"author":[{"embeddable":true,"href":"https:\/\/blogsaverroes.juntadeandalucia.es\/colegiovelazquez\/wp-json\/wp\/v2\/users\/13364"}],"replies":[{"embeddable":true,"href":"https:\/\/blogsaverroes.juntadeandalucia.es\/colegiovelazquez\/wp-json\/wp\/v2\/comments?post=3491"}],"version-history":[{"count":22,"href":"https:\/\/blogsaverroes.juntadeandalucia.es\/colegiovelazquez\/wp-json\/wp\/v2\/pages\/3491\/revisions"}],"predecessor-version":[{"id":3553,"href":"https:\/\/blogsaverroes.juntadeandalucia.es\/colegiovelazquez\/wp-json\/wp\/v2\/pages\/3491\/revisions\/3553"}],"wp:attachment":[{"href":"https:\/\/blogsaverroes.juntadeandalucia.es\/colegiovelazquez\/wp-json\/wp\/v2\/media?parent=3491"}],"curies":[{"name":"wp","href":"https:\/\/api.w.org\/{rel}","templated":true}]}}