{"id":10911,"date":"2014-04-10T20:50:19","date_gmt":"2014-04-10T20:50:19","guid":{"rendered":"http:\/\/www.colemediterraneo.es\/?page_id=10911"},"modified":"2014-04-10T20:50:19","modified_gmt":"2014-04-10T20:50:19","slug":"visita-al-museo-julio-romero-de-torres","status":"publish","type":"page","link":"https:\/\/blogsaverroes.juntadeandalucia.es\/colemediterraneo\/cursos-anteriores\/curso-2013-2014\/tercer-ciclo-3\/visita-al-museo-julio-romero-de-torres\/","title":{"rendered":"Visita al Museo Julio Romero de Torres"},"content":{"rendered":"<p style=\"text-align: justify\">\u00a0 <em>\u00abEl d\u00eda\u00a026 de marzo\u00a0fuimos la clase de 5\u00baB con la de 6\u00baC al museo de Julio Romero de Torres.\u00a0 Vimos cuadros que reflejan alegr\u00eda, tristeza, amor, etc.\u00a0 Hab\u00eda ocho salas donde se encontraban retratos y bustos.\u00a0Nuestra monitora nos lo ha explicado todo muy bien.<\/em><\/p>\n<p style=\"text-align: justify\"><em>\u00a0 Cuando hemos acabado nos hemos tomado unos bocadillos en la Plaza del Potro.\u00a0 M\u00e1s tarde hemos entrado a la Posada del Potro en la cual hab\u00eda una exposici\u00f3n sobre el flamenco\u00bb.<\/em><\/p>\n<p style=\"text-align: justify\"><em>Lo hemos pasado \u00a1fenomenal!<\/em><\/p>\n<p style=\"text-align: justify\">Ra\u00fal Huertas Porras, Carmen C\u00e1rdenas Garc\u00eda, Javier Miranda Rojas y \u00c1ngela Flores Romero, alumnos de 5\u00ba B.<\/p>\n<p style=\"text-align: justify\"><a href=\"http:\/\/www.colemediterraneo.es\/wp-content\/uploads\/2014\/04\/IMG-20140328-WA0014.jpg\"><img loading=\"lazy\" decoding=\"async\" class=\"alignleft size-full wp-image-11074\" title=\"IMG-20140328-WA0014\" src=\"http:\/\/www.colemediterraneo.es\/wp-content\/uploads\/2014\/04\/IMG-20140328-WA0014.jpg\" alt=\"\" width=\"800\" height=\"600\" \/><\/a><\/p>\n<p style=\"text-align: justify\"><a href=\"http:\/\/www.colemediterraneo.es\/wp-content\/uploads\/2014\/04\/IMG-20140328-WA0013.jpg\"><img loading=\"lazy\" decoding=\"async\" class=\"alignleft size-full wp-image-11073\" title=\"IMG-20140328-WA0013\" src=\"http:\/\/www.colemediterraneo.es\/wp-content\/uploads\/2014\/04\/IMG-20140328-WA0013.jpg\" alt=\"\" width=\"800\" height=\"600\" \/><\/a><\/p>\n<p style=\"text-align: justify\"><a href=\"http:\/\/www.colemediterraneo.es\/wp-content\/uploads\/2014\/04\/IMG-20140326-WA0061.jpg\"><img loading=\"lazy\" decoding=\"async\" class=\"alignleft size-full wp-image-11042\" title=\"IMG-20140326-WA0061\" src=\"http:\/\/www.colemediterraneo.es\/wp-content\/uploads\/2014\/04\/IMG-20140326-WA0061.jpg\" alt=\"\" width=\"800\" height=\"600\" \/><\/a><\/p>\n","protected":false},"excerpt":{"rendered":"<p>\u00a0 \u00abEl d\u00eda\u00a026 de marzo\u00a0fuimos la clase de 5\u00baB con la de 6\u00baC al museo de Julio Romero de Torres.\u00a0 Vimos cuadros que reflejan alegr\u00eda, tristeza, amor, etc.\u00a0 Hab\u00eda ocho salas donde se encontraban retratos y bustos.\u00a0Nuestra monitora nos lo ha explicado todo muy bien. \u00a0 Cuando hemos acabado nos hemos tomado unos bocadillos en &hellip; <\/p>\n<p><a class=\"more-link btn\" href=\"https:\/\/blogsaverroes.juntadeandalucia.es\/colemediterraneo\/cursos-anteriores\/curso-2013-2014\/tercer-ciclo-3\/visita-al-museo-julio-romero-de-torres\/\">Seguir leyendo<\/a><\/p>\n","protected":false},"author":5888,"featured_media":0,"parent":8279,"menu_order":0,"comment_status":"open","ping_status":"open","template":"","meta":{"ngg_post_thumbnail":0,"footnotes":"","_mc_calendar":[]},"aioseo_notices":[],"post_mailing_queue_ids":[],"_links":{"self":[{"href":"https:\/\/blogsaverroes.juntadeandalucia.es\/colemediterraneo\/wp-json\/wp\/v2\/pages\/10911"}],"collection":[{"href":"https:\/\/blogsaverroes.juntadeandalucia.es\/colemediterraneo\/wp-json\/wp\/v2\/pages"}],"about":[{"href":"https:\/\/blogsaverroes.juntadeandalucia.es\/colemediterraneo\/wp-json\/wp\/v2\/types\/page"}],"author":[{"embeddable":true,"href":"https:\/\/blogsaverroes.juntadeandalucia.es\/colemediterraneo\/wp-json\/wp\/v2\/users\/5888"}],"replies":[{"embeddable":true,"href":"https:\/\/blogsaverroes.juntadeandalucia.es\/colemediterraneo\/wp-json\/wp\/v2\/comments?post=10911"}],"version-history":[{"count":0,"href":"https:\/\/blogsaverroes.juntadeandalucia.es\/colemediterraneo\/wp-json\/wp\/v2\/pages\/10911\/revisions"}],"up":[{"embeddable":true,"href":"https:\/\/blogsaverroes.juntadeandalucia.es\/colemediterraneo\/wp-json\/wp\/v2\/pages\/8279"}],"wp:attachment":[{"href":"https:\/\/blogsaverroes.juntadeandalucia.es\/colemediterraneo\/wp-json\/wp\/v2\/media?parent=10911"}],"curies":[{"name":"wp","href":"https:\/\/api.w.org\/{rel}","templated":true}]}}