{"id":12241,"date":"2014-05-21T07:23:35","date_gmt":"2014-05-21T07:23:35","guid":{"rendered":"http:\/\/www.colemediterraneo.es\/?page_id=12241"},"modified":"2020-03-10T16:27:51","modified_gmt":"2020-03-10T16:27:51","slug":"biblioteca","status":"publish","type":"page","link":"https:\/\/blogsaverroes.juntadeandalucia.es\/colemediterraneo\/proyectos-2\/biblioteca\/","title":{"rendered":"BIBLIOTECA"},"content":{"rendered":"<p style=\"text-align: justify\">&nbsp;&nbsp; El pasado 23 de Abril, D\u00eda internacional del libro, se hizo entrega del carnet de usuario de la biblioteca al alumnado de Educaci\u00f3n Primaria para comenzar el pr\u00e9stamo de libros a dicho alumnado, y con ello contribuir a <span style=\"text-decoration: underline\">uno de los objetivos fundamentales <\/span>que persigue la Educaci\u00f3n en este tramo escolar, <strong>el fomento de la lectura<\/strong>.<\/p>\n<p style=\"text-align: justify\">&nbsp;&nbsp;&nbsp; Tras la realizaci\u00f3n de la <strong><em>catalogaci\u00f3n del grueso de libros de literatura infantil y juvenil<\/em><\/strong> y despu\u00e9s de la realizaci\u00f3n del <strong><em>traslado de la biblioteca<\/em><\/strong> del centro, a un espacio mucho m\u00e1s amplio y con mejores caracter\u00edsticas para realizar las actividades propias de la biblioteca, hemos ampliado el espectro de las mismas, que la biblioteca del colegio ven\u00eda desarrollando en los \u00faltimos a\u00f1os. Tal es el caso, y a modo de ejemplo, la realizaci\u00f3n de: <em><span style=\"text-decoration: underline\">\u201d La Lectura llevada a las aulas\u201d<\/span><\/em> con sus&nbsp; <strong><em>\u201d carpetas itinerantes de lectura\u201d<\/em><\/strong>, el acceso al <strong><em>trabajo individualizado en la web<\/em><\/strong> para el profesorado y puntualmente el alumnado (de algunas clases y \u00e1reas), las actividades de colaboraci\u00f3n con el desarrollo de<strong><em> efem\u00e9rides<\/em><\/strong>( <strong><em>\u201cD\u00eda del libro\u201d<\/em><\/strong> ) y otros proyectos educativos del centro <strong><em>(\u201cCampa\u00f1a Libros Libres\u201d<\/em><\/strong> y Educaci\u00f3n para la paz), exposiciones <strong><em>(\u201cHistoria de la educaci\u00f3n\u201d<\/em><\/strong>),&nbsp; <strong><em>Semanas culturales<\/em><\/strong> y&nbsp; conmemorativas de escritores y escritoras relevantes, y una larga lista de actividades\u2026<\/p>\n<p style=\"text-align: justify\">&nbsp;&nbsp; Se retoma as\u00ed una actividad que ya funcionaba hace bastantes a\u00f1os, mediante un sistema de gesti\u00f3n m\u00e1s manual y no por eso, menos eficaz. Pero, como los tiempos avanzan al ritmo que lo hacen las nuevas tecnolog\u00edas, la Biblioteca tambi\u00e9n se impregna de tales vientos y pasa a gestionarse a trav\u00e9s del <strong><em>sistema de gesti\u00f3n y organizaci\u00f3n de fondos denominado ABIES 2.0.<\/em><\/strong><\/p>\n<p style=\"text-align: justify\"><em>&nbsp; Desde hace varios a\u00f1os en que nos acogimos al<strong> Plan LyB (Plan de lecturas y bibliotecas), <\/strong>la biblioteca viene organiz\u00e1ndose, \u201cpoco a poco\u201d, mediante este sistema de gesti\u00f3n. Hasta ahora no se hab\u00eda podido afrontar la actividad del pr\u00e9stamo individual al escolar, mediante este sistema de gesti\u00f3n. En este curso ha comenzado de manera experimental, para en el curso pr\u00f3ximo, comenzar con una organizaci\u00f3n de la Biblioteca escolar encaminada a convertirse, en un futuro pr\u00f3ximo, en&nbsp; un centro de recursos y aprendizaje para todo el colegio <strong>(una BECREA).<\/strong><\/em><\/p>\n<p style=\"text-align: justify\"><strong><em>&nbsp; Si quieres contactar con el responsable de la Biblioteca puedes hacerlo aqu\u00ed:<\/em><\/strong><\/p>\n<p><strong><em><a href=\"mailto:biesmediterraneo@outlook.com\">biesmediterraneo@outlook.com<\/a> <\/em><\/strong><\/p>\n<p><em>&nbsp; o dirigirse al CEIP \u201cMediterr\u00e1neo\u201d, de C\u00f3rdoba. Responsable de Biblioteca. <\/em><\/p>\n<p><em>C\/ Crucero Baleares s\/n . CP 14011. <\/em><\/p>\n<p><em>TLF: 657379 500 (Jefatura de estudios) <\/em><\/p>\n","protected":false},"excerpt":{"rendered":"<p>&nbsp;&nbsp; El pasado 23 de Abril, D\u00eda internacional del libro, se hizo entrega del carnet de usuario de la biblioteca al alumnado de Educaci\u00f3n Primaria para comenzar el pr\u00e9stamo de libros a dicho alumnado, y con ello contribuir a uno de los objetivos fundamentales que persigue la Educaci\u00f3n en este tramo escolar, el fomento de &hellip; <\/p>\n<p><a class=\"more-link btn\" href=\"https:\/\/blogsaverroes.juntadeandalucia.es\/colemediterraneo\/proyectos-2\/biblioteca\/\">Seguir leyendo<\/a><\/p>\n","protected":false},"author":5888,"featured_media":0,"parent":143,"menu_order":12,"comment_status":"open","ping_status":"open","template":"","meta":{"ngg_post_thumbnail":0,"footnotes":"","_mc_calendar":[]},"aioseo_notices":[],"post_mailing_queue_ids":[],"_links":{"self":[{"href":"https:\/\/blogsaverroes.juntadeandalucia.es\/colemediterraneo\/wp-json\/wp\/v2\/pages\/12241"}],"collection":[{"href":"https:\/\/blogsaverroes.juntadeandalucia.es\/colemediterraneo\/wp-json\/wp\/v2\/pages"}],"about":[{"href":"https:\/\/blogsaverroes.juntadeandalucia.es\/colemediterraneo\/wp-json\/wp\/v2\/types\/page"}],"author":[{"embeddable":true,"href":"https:\/\/blogsaverroes.juntadeandalucia.es\/colemediterraneo\/wp-json\/wp\/v2\/users\/5888"}],"replies":[{"embeddable":true,"href":"https:\/\/blogsaverroes.juntadeandalucia.es\/colemediterraneo\/wp-json\/wp\/v2\/comments?post=12241"}],"version-history":[{"count":1,"href":"https:\/\/blogsaverroes.juntadeandalucia.es\/colemediterraneo\/wp-json\/wp\/v2\/pages\/12241\/revisions"}],"predecessor-version":[{"id":27286,"href":"https:\/\/blogsaverroes.juntadeandalucia.es\/colemediterraneo\/wp-json\/wp\/v2\/pages\/12241\/revisions\/27286"}],"up":[{"embeddable":true,"href":"https:\/\/blogsaverroes.juntadeandalucia.es\/colemediterraneo\/wp-json\/wp\/v2\/pages\/143"}],"wp:attachment":[{"href":"https:\/\/blogsaverroes.juntadeandalucia.es\/colemediterraneo\/wp-json\/wp\/v2\/media?parent=12241"}],"curies":[{"name":"wp","href":"https:\/\/api.w.org\/{rel}","templated":true}]}}