{"id":12743,"date":"2014-07-05T09:15:16","date_gmt":"2014-07-05T09:15:16","guid":{"rendered":"http:\/\/www.colemediterraneo.es\/?page_id=12743"},"modified":"2014-07-05T09:15:16","modified_gmt":"2014-07-05T09:15:16","slug":"despedimos-a-nuestra-companera-dna-elena-calero","status":"publish","type":"page","link":"https:\/\/blogsaverroes.juntadeandalucia.es\/colemediterraneo\/cursos-anteriores\/curso-2013-2014\/a-nivel-de-centro-3\/despedimos-a-nuestra-companera-dna-elena-calero\/","title":{"rendered":"Despedimos a nuestra compa\u00f1era D\u00f1a. Elena Calero"},"content":{"rendered":"<p style=\"text-align: justify\">\u00a0 \u00a0<a href=\"http:\/\/www.colemediterraneo.es\/wp-content\/uploads\/2014\/07\/20140612_133857.jpg\"><img loading=\"lazy\" decoding=\"async\" class=\"alignleft size-full wp-image-12748\" title=\"20140612_133857\" src=\"http:\/\/www.colemediterraneo.es\/wp-content\/uploads\/2014\/07\/20140612_133857.jpg\" alt=\"\" width=\"600\" height=\"450\" \/><\/a><\/p>\n<p style=\"text-align: justify\">\u00a0 Con la llegada del fin de curso 2013\/ 2014, ha llegado tambi\u00e9n el momento de despedir a nuestra querida compa\u00f1era,\u00a0 la maestra D\u00f1a. Elena Calero que ha comenzado una nueva etapa en su vida.\u00a0 \u00a0\u00a0\u00a0Tras muchos a\u00f1os en nuestro centro va a poder disfrutar de su jubilaci\u00f3n.\u00a0 \u00a0 Siempre ha desempe\u00f1ando una labor fruct\u00edfera que ha repercutido en muchos aspectos de la vida del colegio y ahora ha llegado el momento de decir \u00abhasta luego\u00bb a todos\/as los que pertenecemos a esta Comunidad Escolar.\u00a0 Llega su merecido descanso depu\u00e9s de una dilatada vida profesional.Son muchos los que la echar\u00e1n de menos y desde aqu\u00ed le deseamos lo mejor en esta nueva etapa de su vida.\u00a0 Un abrazo.<\/p>\n<p style=\"text-align: justify\"><a href=\"http:\/\/www.colemediterraneo.es\/wp-content\/uploads\/2014\/07\/20140612_133843.jpg\"><img loading=\"lazy\" decoding=\"async\" class=\"alignleft size-full wp-image-12746\" title=\"20140612_133843\" src=\"http:\/\/www.colemediterraneo.es\/wp-content\/uploads\/2014\/07\/20140612_133843.jpg\" alt=\"\" width=\"600\" height=\"450\" \/><\/a><\/p>\n<p style=\"text-align: justify\"><a href=\"http:\/\/www.colemediterraneo.es\/wp-content\/uploads\/2014\/07\/20140612_133850.jpg\"><img loading=\"lazy\" decoding=\"async\" class=\"alignleft size-full wp-image-12747\" title=\"20140612_133850\" src=\"http:\/\/www.colemediterraneo.es\/wp-content\/uploads\/2014\/07\/20140612_133850.jpg\" alt=\"\" width=\"600\" height=\"450\" \/><\/a><\/p>\n<p style=\"text-align: justify\">\n","protected":false},"excerpt":{"rendered":"<p>\u00a0 \u00a0 \u00a0 Con la llegada del fin de curso 2013\/ 2014, ha llegado tambi\u00e9n el momento de despedir a nuestra querida compa\u00f1era,\u00a0 la maestra D\u00f1a. Elena Calero que ha comenzado una nueva etapa en su vida.\u00a0 \u00a0\u00a0\u00a0Tras muchos a\u00f1os en nuestro centro va a poder disfrutar de su jubilaci\u00f3n.\u00a0 \u00a0 Siempre ha desempe\u00f1ando una &hellip; <\/p>\n<p><a class=\"more-link btn\" href=\"https:\/\/blogsaverroes.juntadeandalucia.es\/colemediterraneo\/cursos-anteriores\/curso-2013-2014\/a-nivel-de-centro-3\/despedimos-a-nuestra-companera-dna-elena-calero\/\">Seguir leyendo<\/a><\/p>\n","protected":false},"author":5888,"featured_media":0,"parent":8297,"menu_order":0,"comment_status":"open","ping_status":"open","template":"","meta":{"ngg_post_thumbnail":0,"footnotes":"","_mc_calendar":[]},"aioseo_notices":[],"post_mailing_queue_ids":[],"_links":{"self":[{"href":"https:\/\/blogsaverroes.juntadeandalucia.es\/colemediterraneo\/wp-json\/wp\/v2\/pages\/12743"}],"collection":[{"href":"https:\/\/blogsaverroes.juntadeandalucia.es\/colemediterraneo\/wp-json\/wp\/v2\/pages"}],"about":[{"href":"https:\/\/blogsaverroes.juntadeandalucia.es\/colemediterraneo\/wp-json\/wp\/v2\/types\/page"}],"author":[{"embeddable":true,"href":"https:\/\/blogsaverroes.juntadeandalucia.es\/colemediterraneo\/wp-json\/wp\/v2\/users\/5888"}],"replies":[{"embeddable":true,"href":"https:\/\/blogsaverroes.juntadeandalucia.es\/colemediterraneo\/wp-json\/wp\/v2\/comments?post=12743"}],"version-history":[{"count":0,"href":"https:\/\/blogsaverroes.juntadeandalucia.es\/colemediterraneo\/wp-json\/wp\/v2\/pages\/12743\/revisions"}],"up":[{"embeddable":true,"href":"https:\/\/blogsaverroes.juntadeandalucia.es\/colemediterraneo\/wp-json\/wp\/v2\/pages\/8297"}],"wp:attachment":[{"href":"https:\/\/blogsaverroes.juntadeandalucia.es\/colemediterraneo\/wp-json\/wp\/v2\/media?parent=12743"}],"curies":[{"name":"wp","href":"https:\/\/api.w.org\/{rel}","templated":true}]}}