{"id":2043,"date":"2012-03-12T14:21:59","date_gmt":"2012-03-12T14:21:59","guid":{"rendered":"http:\/\/www.colemediterraneo.es\/?page_id=2043"},"modified":"2012-03-12T14:21:59","modified_gmt":"2012-03-12T14:21:59","slug":"8-de-marzo-dia-de-la-mujer","status":"publish","type":"page","link":"https:\/\/blogsaverroes.juntadeandalucia.es\/colemediterraneo\/cursos-anteriores\/a-nivel-de-centro\/8-de-marzo-dia-de-la-mujer\/","title":{"rendered":"8 de Marzo: D\u00eda de la Mujer"},"content":{"rendered":"<p style=\"text-align: justify\">El pasado d\u00eda 8 de marzo,\u00a0 celebramos en nuestro Centro el D\u00eda de la Mujer.\u00a0 Muchas actividades relacionadas con el tema se han llevado a cabo a lo largo de los d\u00edas previos en todos los niveles, desde infantil hasta el tercer ciclo.<\/p>\n<p><strong>Educaci\u00f3n Infantil.<\/strong><\/p>\n<p>D\u00edptico: Mujer \u201cMi mam\u00e1\u201d<\/p>\n<p><strong>Primer ciclo.<\/strong><\/p>\n<p>A trav\u00e9s del texto \u201cFiesta del pijama\u201d de la autora Alejandra Varessa, trabajamos el concepto de mujer y los sentimientos. La \u00faltima frase del texto la elaborar\u00e1n los alumnos.<\/p>\n<p>Trabajamos ese d\u00eda el texto \u201cEscribir\u00e9 quinientas veces el nombre de mi madre\u201d de Elena Medel.<\/p>\n<p>Decoraci\u00f3n de puertas decoradas\/biling\u00fce.<\/p>\n<p>Comida de convivencia en el patio del 1er. Ciclo.<\/p>\n<p><strong>2\u00ba ciclo.<\/strong><\/p>\n<p><strong>\u00a0<\/strong>Puertas decoradas:<\/p>\n<p>3\u00ba A: Mariana Pineda.<\/p>\n<p>3\u00ba B: Juana Castro.<\/p>\n<p>3\u00ba C: Rostros de Mujeres.<\/p>\n<p>4\u00ba A. Zenobia Comprubi.<\/p>\n<p>4\u00ba B. Wal\u00e4da (La Omeya). Mujeres \u00e1rabes hoy.<\/p>\n<p>4\u00ba C. Mujeres de la Mitolog\u00eda. Dafne \u2013 Aracne \u2013 Pen\u00e9lope.<\/p>\n<p>Desayuno de convivencia.<\/p>\n<p><strong>3er. Ciclo.<\/strong><\/p>\n<p>Biograf\u00edas sobre personajes andaluces. (en ordenador).<\/p>\n<p>Componer un mural para las puertas con un logotipo sobre la igualdad y algunas biograf\u00edas.<\/p>\n<p>Encuadernar los trabajos con el t\u00edtulo \u201cAndaluces en igualdad\u201d<\/p>\n<p>El d\u00eda 8 recordar el significado de este d\u00eda.<\/p>\n<p><strong>E. O. Aula espec\u00edfica<\/strong>.<\/p>\n<p>Bailaoras y cantaoras andaluzas.<\/p>\n<p><strong>P.T. y A. L. <\/strong><\/p>\n<p><strong>\u00a0<\/strong> Igualdad ante la discapacidad.<\/p>\n<p>Dentro de las actividades trabajadas han destacado mucho las \u00abPuertas Decoradas\u00bb, una forma de mostrar hacia afuera todo lo trabajado en el grupo-clase. Algunas clases nos han sorprendido muy gratamente con sus elaboraci\u00f3n.\u00a0 Aqu\u00ed pod\u00e9is ver un resumen en im\u00e1genes&#8230;<\/p>\n\n<p>&nbsp;<\/p>\n<p>&nbsp;<\/p>\n","protected":false},"excerpt":{"rendered":"<p>El pasado d\u00eda 8 de marzo,\u00a0 celebramos en nuestro Centro el D\u00eda de la Mujer.\u00a0 Muchas actividades relacionadas con el tema se han llevado a cabo a lo largo de los d\u00edas previos en todos los niveles, desde infantil hasta el tercer ciclo. Educaci\u00f3n Infantil. D\u00edptico: Mujer \u201cMi mam\u00e1\u201d Primer ciclo. A trav\u00e9s del texto &hellip; <\/p>\n<p><a class=\"more-link btn\" href=\"https:\/\/blogsaverroes.juntadeandalucia.es\/colemediterraneo\/cursos-anteriores\/a-nivel-de-centro\/8-de-marzo-dia-de-la-mujer\/\">Seguir leyendo<\/a><\/p>\n","protected":false},"author":5888,"featured_media":0,"parent":160,"menu_order":0,"comment_status":"open","ping_status":"open","template":"","meta":{"ngg_post_thumbnail":0,"footnotes":"","_mc_calendar":[]},"aioseo_notices":[],"post_mailing_queue_ids":[],"_links":{"self":[{"href":"https:\/\/blogsaverroes.juntadeandalucia.es\/colemediterraneo\/wp-json\/wp\/v2\/pages\/2043"}],"collection":[{"href":"https:\/\/blogsaverroes.juntadeandalucia.es\/colemediterraneo\/wp-json\/wp\/v2\/pages"}],"about":[{"href":"https:\/\/blogsaverroes.juntadeandalucia.es\/colemediterraneo\/wp-json\/wp\/v2\/types\/page"}],"author":[{"embeddable":true,"href":"https:\/\/blogsaverroes.juntadeandalucia.es\/colemediterraneo\/wp-json\/wp\/v2\/users\/5888"}],"replies":[{"embeddable":true,"href":"https:\/\/blogsaverroes.juntadeandalucia.es\/colemediterraneo\/wp-json\/wp\/v2\/comments?post=2043"}],"version-history":[{"count":0,"href":"https:\/\/blogsaverroes.juntadeandalucia.es\/colemediterraneo\/wp-json\/wp\/v2\/pages\/2043\/revisions"}],"up":[{"embeddable":true,"href":"https:\/\/blogsaverroes.juntadeandalucia.es\/colemediterraneo\/wp-json\/wp\/v2\/pages\/160"}],"wp:attachment":[{"href":"https:\/\/blogsaverroes.juntadeandalucia.es\/colemediterraneo\/wp-json\/wp\/v2\/media?parent=2043"}],"curies":[{"name":"wp","href":"https:\/\/api.w.org\/{rel}","templated":true}]}}