{"id":30107,"date":"2021-11-26T14:48:01","date_gmt":"2021-11-26T14:48:01","guid":{"rendered":"https:\/\/blogsaverroes.juntadeandalucia.es\/colemediterraneo\/?page_id=30107"},"modified":"2022-01-28T15:47:22","modified_gmt":"2022-01-28T15:47:22","slug":"25-de-noviembre-dia-internacional-contra-la-violencia-hacia-las-mujeres","status":"publish","type":"page","link":"https:\/\/blogsaverroes.juntadeandalucia.es\/colemediterraneo\/cursos-anteriores\/curso-2021-2022\/a-nivel-de-centro-2\/primer-trimestre\/25-de-noviembre-dia-internacional-contra-la-violencia-hacia-las-mujeres\/","title":{"rendered":"25 de noviembre. D\u00eda Internacional contra la violencia hacia las mujeres"},"content":{"rendered":"<p>&nbsp; Como todos los a\u00f1os, nuestro centro realiza diversas actividades en relaci\u00f3n a esta fecha.&nbsp; El objetivo principal es concienciar a nuestro alumnado de la importancia de un trato igualitario que permita erradicar la violencia.<\/p>\n<p>&nbsp; Algunas de las actividades que se han llevado a cabo han sido, entre otras:<\/p>\n<p>-Realizaci\u00f3n de lazos morados, como s\u00edmbolo de esta fecha.<\/p>\n<p>-Visionado de v\u00eddeos alusivos (Cuento de Arturo y Clementina).&nbsp; Fichas resumen sobre el mismo.<\/p>\n<p>-Campa\u00f1a de juguetes No sexistas.<\/p>\n<p>-Fichas alusiva con t\u00edtulo:&nbsp; \u00abManos con mensajes positivos\u00bb y esl\u00f3ganes.<\/p>\n<p>-Audici\u00f3n de canciones con mensajes sobre el tema.<\/p>\n<p>-Lectura del manifiesto por parte de la directora (por la Megafon\u00eda Central)<\/p>\n<p>-Lectura de mensajes por parte de representantes de cada nivel (por la Megafon\u00eda Central).<\/p>\n<p>-Exposici\u00f3n en Puertas y Pasillos de trabajos realizados por el alumnado.<\/p>\n<p>Aqu\u00ed os mostramos algunas im\u00e1genes de todo esto:<\/p>\n<p style=\"text-align: center\"><a href=\"https:\/\/blogsaverroes.juntadeandalucia.es\/colemediterraneo\/a-nivel-de-centro-2\/25-de-noviembre-dia-internacional-contra-la-violencia-hacia-las-mujeres\/20211125_111908\/\" rel=\"attachment wp-att-30110\"><img loading=\"lazy\" decoding=\"async\" class=\"alignnone size-large wp-image-30110\" src=\"https:\/\/blogsaverroes.juntadeandalucia.es\/colemediterraneo\/files\/2021\/11\/20211125_111908-1024x498.jpg\" alt=\"\" width=\"782\" height=\"380\" srcset=\"https:\/\/blogsaverroes.juntadeandalucia.es\/colemediterraneo\/files\/2021\/11\/20211125_111908-1024x498.jpg 1024w, https:\/\/blogsaverroes.juntadeandalucia.es\/colemediterraneo\/files\/2021\/11\/20211125_111908-300x146.jpg 300w, https:\/\/blogsaverroes.juntadeandalucia.es\/colemediterraneo\/files\/2021\/11\/20211125_111908-768x373.jpg 768w, https:\/\/blogsaverroes.juntadeandalucia.es\/colemediterraneo\/files\/2021\/11\/20211125_111908-1536x747.jpg 1536w, https:\/\/blogsaverroes.juntadeandalucia.es\/colemediterraneo\/files\/2021\/11\/20211125_111908-2048x996.jpg 2048w, https:\/\/blogsaverroes.juntadeandalucia.es\/colemediterraneo\/files\/2021\/11\/20211125_111908-scaled.jpg 1600w\" sizes=\"(max-width: 782px) 100vw, 782px\" \/><\/a> <a href=\"https:\/\/blogsaverroes.juntadeandalucia.es\/colemediterraneo\/a-nivel-de-centro-2\/25-de-noviembre-dia-internacional-contra-la-violencia-hacia-las-mujeres\/20211125_111933\/\" rel=\"attachment wp-att-30111\"><img loading=\"lazy\" decoding=\"async\" class=\"alignnone size-large wp-image-30111\" src=\"https:\/\/blogsaverroes.juntadeandalucia.es\/colemediterraneo\/files\/2021\/11\/20211125_111933-498x1024.jpg\" alt=\"\" width=\"498\" height=\"1024\" srcset=\"https:\/\/blogsaverroes.juntadeandalucia.es\/colemediterraneo\/files\/2021\/11\/20211125_111933-498x1024.jpg 498w, https:\/\/blogsaverroes.juntadeandalucia.es\/colemediterraneo\/files\/2021\/11\/20211125_111933-146x300.jpg 146w, https:\/\/blogsaverroes.juntadeandalucia.es\/colemediterraneo\/files\/2021\/11\/20211125_111933-768x1580.jpg 768w, https:\/\/blogsaverroes.juntadeandalucia.es\/colemediterraneo\/files\/2021\/11\/20211125_111933-747x1536.jpg 747w, https:\/\/blogsaverroes.juntadeandalucia.es\/colemediterraneo\/files\/2021\/11\/20211125_111933-996x2048.jpg 996w, https:\/\/blogsaverroes.juntadeandalucia.es\/colemediterraneo\/files\/2021\/11\/20211125_111933-scaled.jpg 778w\" sizes=\"(max-width: 498px) 100vw, 498px\" \/><\/a> <a href=\"https:\/\/blogsaverroes.juntadeandalucia.es\/colemediterraneo\/a-nivel-de-centro-2\/25-de-noviembre-dia-internacional-contra-la-violencia-hacia-las-mujeres\/20211125_125037\/\" rel=\"attachment wp-att-30112\"><img loading=\"lazy\" decoding=\"async\" class=\"alignnone size-large wp-image-30112\" src=\"https:\/\/blogsaverroes.juntadeandalucia.es\/colemediterraneo\/files\/2021\/11\/20211125_125037-1024x498.jpg\" alt=\"\" width=\"782\" height=\"380\" srcset=\"https:\/\/blogsaverroes.juntadeandalucia.es\/colemediterraneo\/files\/2021\/11\/20211125_125037-1024x498.jpg 1024w, https:\/\/blogsaverroes.juntadeandalucia.es\/colemediterraneo\/files\/2021\/11\/20211125_125037-300x146.jpg 300w, https:\/\/blogsaverroes.juntadeandalucia.es\/colemediterraneo\/files\/2021\/11\/20211125_125037-768x373.jpg 768w, https:\/\/blogsaverroes.juntadeandalucia.es\/colemediterraneo\/files\/2021\/11\/20211125_125037-1536x747.jpg 1536w, https:\/\/blogsaverroes.juntadeandalucia.es\/colemediterraneo\/files\/2021\/11\/20211125_125037-2048x996.jpg 2048w, https:\/\/blogsaverroes.juntadeandalucia.es\/colemediterraneo\/files\/2021\/11\/20211125_125037-scaled.jpg 1600w\" sizes=\"(max-width: 782px) 100vw, 782px\" \/><\/a> <a href=\"https:\/\/blogsaverroes.juntadeandalucia.es\/colemediterraneo\/a-nivel-de-centro-2\/25-de-noviembre-dia-internacional-contra-la-violencia-hacia-las-mujeres\/20211125_132040\/\" rel=\"attachment wp-att-30113\"><img loading=\"lazy\" decoding=\"async\" class=\"alignnone size-large wp-image-30113\" src=\"https:\/\/blogsaverroes.juntadeandalucia.es\/colemediterraneo\/files\/2021\/11\/20211125_132040-1024x498.jpg\" alt=\"\" width=\"782\" height=\"380\" srcset=\"https:\/\/blogsaverroes.juntadeandalucia.es\/colemediterraneo\/files\/2021\/11\/20211125_132040-1024x498.jpg 1024w, https:\/\/blogsaverroes.juntadeandalucia.es\/colemediterraneo\/files\/2021\/11\/20211125_132040-300x146.jpg 300w, https:\/\/blogsaverroes.juntadeandalucia.es\/colemediterraneo\/files\/2021\/11\/20211125_132040-768x373.jpg 768w, https:\/\/blogsaverroes.juntadeandalucia.es\/colemediterraneo\/files\/2021\/11\/20211125_132040-1536x747.jpg 1536w, https:\/\/blogsaverroes.juntadeandalucia.es\/colemediterraneo\/files\/2021\/11\/20211125_132040-2048x996.jpg 2048w, https:\/\/blogsaverroes.juntadeandalucia.es\/colemediterraneo\/files\/2021\/11\/20211125_132040-scaled.jpg 1600w\" sizes=\"(max-width: 782px) 100vw, 782px\" \/><\/a> <a href=\"https:\/\/blogsaverroes.juntadeandalucia.es\/colemediterraneo\/a-nivel-de-centro-2\/25-de-noviembre-dia-internacional-contra-la-violencia-hacia-las-mujeres\/20211125_132044\/\" rel=\"attachment wp-att-30114\"><img loading=\"lazy\" decoding=\"async\" class=\"alignnone size-large wp-image-30114\" src=\"https:\/\/blogsaverroes.juntadeandalucia.es\/colemediterraneo\/files\/2021\/11\/20211125_132044-1024x498.jpg\" alt=\"\" width=\"782\" height=\"380\" srcset=\"https:\/\/blogsaverroes.juntadeandalucia.es\/colemediterraneo\/files\/2021\/11\/20211125_132044-1024x498.jpg 1024w, https:\/\/blogsaverroes.juntadeandalucia.es\/colemediterraneo\/files\/2021\/11\/20211125_132044-300x146.jpg 300w, https:\/\/blogsaverroes.juntadeandalucia.es\/colemediterraneo\/files\/2021\/11\/20211125_132044-768x373.jpg 768w, https:\/\/blogsaverroes.juntadeandalucia.es\/colemediterraneo\/files\/2021\/11\/20211125_132044-1536x747.jpg 1536w, https:\/\/blogsaverroes.juntadeandalucia.es\/colemediterraneo\/files\/2021\/11\/20211125_132044-2048x996.jpg 2048w, https:\/\/blogsaverroes.juntadeandalucia.es\/colemediterraneo\/files\/2021\/11\/20211125_132044-scaled.jpg 1600w\" sizes=\"(max-width: 782px) 100vw, 782px\" \/><\/a> <a href=\"https:\/\/blogsaverroes.juntadeandalucia.es\/colemediterraneo\/a-nivel-de-centro-2\/25-de-noviembre-dia-internacional-contra-la-violencia-hacia-las-mujeres\/20211125_134239\/\" rel=\"attachment wp-att-30115\"><img loading=\"lazy\" decoding=\"async\" class=\"alignnone size-large wp-image-30115\" src=\"https:\/\/blogsaverroes.juntadeandalucia.es\/colemediterraneo\/files\/2021\/11\/20211125_134239-1024x498.jpg\" alt=\"\" width=\"782\" height=\"380\" srcset=\"https:\/\/blogsaverroes.juntadeandalucia.es\/colemediterraneo\/files\/2021\/11\/20211125_134239-1024x498.jpg 1024w, https:\/\/blogsaverroes.juntadeandalucia.es\/colemediterraneo\/files\/2021\/11\/20211125_134239-300x146.jpg 300w, https:\/\/blogsaverroes.juntadeandalucia.es\/colemediterraneo\/files\/2021\/11\/20211125_134239-768x373.jpg 768w, https:\/\/blogsaverroes.juntadeandalucia.es\/colemediterraneo\/files\/2021\/11\/20211125_134239-1536x747.jpg 1536w, https:\/\/blogsaverroes.juntadeandalucia.es\/colemediterraneo\/files\/2021\/11\/20211125_134239-2048x996.jpg 2048w, https:\/\/blogsaverroes.juntadeandalucia.es\/colemediterraneo\/files\/2021\/11\/20211125_134239-scaled.jpg 1600w\" sizes=\"(max-width: 782px) 100vw, 782px\" \/><\/a> <a href=\"https:\/\/blogsaverroes.juntadeandalucia.es\/colemediterraneo\/a-nivel-de-centro-2\/25-de-noviembre-dia-internacional-contra-la-violencia-hacia-las-mujeres\/20211125_134251\/\" rel=\"attachment wp-att-30116\"><img loading=\"lazy\" decoding=\"async\" class=\"alignnone size-large wp-image-30116\" src=\"https:\/\/blogsaverroes.juntadeandalucia.es\/colemediterraneo\/files\/2021\/11\/20211125_134251-1024x498.jpg\" alt=\"\" width=\"782\" height=\"380\" srcset=\"https:\/\/blogsaverroes.juntadeandalucia.es\/colemediterraneo\/files\/2021\/11\/20211125_134251-1024x498.jpg 1024w, https:\/\/blogsaverroes.juntadeandalucia.es\/colemediterraneo\/files\/2021\/11\/20211125_134251-300x146.jpg 300w, https:\/\/blogsaverroes.juntadeandalucia.es\/colemediterraneo\/files\/2021\/11\/20211125_134251-768x373.jpg 768w, https:\/\/blogsaverroes.juntadeandalucia.es\/colemediterraneo\/files\/2021\/11\/20211125_134251-1536x747.jpg 1536w, https:\/\/blogsaverroes.juntadeandalucia.es\/colemediterraneo\/files\/2021\/11\/20211125_134251-2048x996.jpg 2048w, https:\/\/blogsaverroes.juntadeandalucia.es\/colemediterraneo\/files\/2021\/11\/20211125_134251-scaled.jpg 1600w\" sizes=\"(max-width: 782px) 100vw, 782px\" \/><\/a> <a href=\"https:\/\/blogsaverroes.juntadeandalucia.es\/colemediterraneo\/a-nivel-de-centro-2\/25-de-noviembre-dia-internacional-contra-la-violencia-hacia-las-mujeres\/20211125_134331\/\" rel=\"attachment wp-att-30117\"><img loading=\"lazy\" decoding=\"async\" class=\"alignnone size-large wp-image-30117\" src=\"https:\/\/blogsaverroes.juntadeandalucia.es\/colemediterraneo\/files\/2021\/11\/20211125_134331-1024x498.jpg\" alt=\"\" width=\"782\" height=\"380\" srcset=\"https:\/\/blogsaverroes.juntadeandalucia.es\/colemediterraneo\/files\/2021\/11\/20211125_134331-1024x498.jpg 1024w, https:\/\/blogsaverroes.juntadeandalucia.es\/colemediterraneo\/files\/2021\/11\/20211125_134331-300x146.jpg 300w, https:\/\/blogsaverroes.juntadeandalucia.es\/colemediterraneo\/files\/2021\/11\/20211125_134331-768x373.jpg 768w, https:\/\/blogsaverroes.juntadeandalucia.es\/colemediterraneo\/files\/2021\/11\/20211125_134331-1536x747.jpg 1536w, https:\/\/blogsaverroes.juntadeandalucia.es\/colemediterraneo\/files\/2021\/11\/20211125_134331-2048x996.jpg 2048w, https:\/\/blogsaverroes.juntadeandalucia.es\/colemediterraneo\/files\/2021\/11\/20211125_134331-scaled.jpg 1600w\" sizes=\"(max-width: 782px) 100vw, 782px\" \/><\/a> <a href=\"https:\/\/blogsaverroes.juntadeandalucia.es\/colemediterraneo\/a-nivel-de-centro-2\/25-de-noviembre-dia-internacional-contra-la-violencia-hacia-las-mujeres\/20211126_085434\/\" rel=\"attachment wp-att-30118\"><img loading=\"lazy\" decoding=\"async\" class=\"alignnone size-large wp-image-30118\" src=\"https:\/\/blogsaverroes.juntadeandalucia.es\/colemediterraneo\/files\/2021\/11\/20211126_085434-1024x498.jpg\" alt=\"\" width=\"782\" height=\"380\" srcset=\"https:\/\/blogsaverroes.juntadeandalucia.es\/colemediterraneo\/files\/2021\/11\/20211126_085434-1024x498.jpg 1024w, https:\/\/blogsaverroes.juntadeandalucia.es\/colemediterraneo\/files\/2021\/11\/20211126_085434-300x146.jpg 300w, https:\/\/blogsaverroes.juntadeandalucia.es\/colemediterraneo\/files\/2021\/11\/20211126_085434-768x373.jpg 768w, https:\/\/blogsaverroes.juntadeandalucia.es\/colemediterraneo\/files\/2021\/11\/20211126_085434-1536x747.jpg 1536w, https:\/\/blogsaverroes.juntadeandalucia.es\/colemediterraneo\/files\/2021\/11\/20211126_085434-2048x996.jpg 2048w, https:\/\/blogsaverroes.juntadeandalucia.es\/colemediterraneo\/files\/2021\/11\/20211126_085434-scaled.jpg 1600w\" sizes=\"(max-width: 782px) 100vw, 782px\" \/><\/a> <a href=\"https:\/\/blogsaverroes.juntadeandalucia.es\/colemediterraneo\/a-nivel-de-centro-2\/25-de-noviembre-dia-internacional-contra-la-violencia-hacia-las-mujeres\/20211126_085447\/\" rel=\"attachment wp-att-30119\"><img loading=\"lazy\" decoding=\"async\" class=\"alignnone size-large wp-image-30119\" src=\"https:\/\/blogsaverroes.juntadeandalucia.es\/colemediterraneo\/files\/2021\/11\/20211126_085447-1024x498.jpg\" alt=\"\" width=\"782\" height=\"380\" srcset=\"https:\/\/blogsaverroes.juntadeandalucia.es\/colemediterraneo\/files\/2021\/11\/20211126_085447-1024x498.jpg 1024w, https:\/\/blogsaverroes.juntadeandalucia.es\/colemediterraneo\/files\/2021\/11\/20211126_085447-300x146.jpg 300w, https:\/\/blogsaverroes.juntadeandalucia.es\/colemediterraneo\/files\/2021\/11\/20211126_085447-768x373.jpg 768w, https:\/\/blogsaverroes.juntadeandalucia.es\/colemediterraneo\/files\/2021\/11\/20211126_085447-1536x747.jpg 1536w, https:\/\/blogsaverroes.juntadeandalucia.es\/colemediterraneo\/files\/2021\/11\/20211126_085447-2048x996.jpg 2048w, https:\/\/blogsaverroes.juntadeandalucia.es\/colemediterraneo\/files\/2021\/11\/20211126_085447-scaled.jpg 1600w\" sizes=\"(max-width: 782px) 100vw, 782px\" \/><\/a> <a href=\"https:\/\/blogsaverroes.juntadeandalucia.es\/colemediterraneo\/a-nivel-de-centro-2\/25-de-noviembre-dia-internacional-contra-la-violencia-hacia-las-mujeres\/20211126_085454\/\" rel=\"attachment wp-att-30120\"><img loading=\"lazy\" decoding=\"async\" class=\"alignnone size-large wp-image-30120\" src=\"https:\/\/blogsaverroes.juntadeandalucia.es\/colemediterraneo\/files\/2021\/11\/20211126_085454-1024x498.jpg\" alt=\"\" width=\"782\" height=\"380\" srcset=\"https:\/\/blogsaverroes.juntadeandalucia.es\/colemediterraneo\/files\/2021\/11\/20211126_085454-1024x498.jpg 1024w, https:\/\/blogsaverroes.juntadeandalucia.es\/colemediterraneo\/files\/2021\/11\/20211126_085454-300x146.jpg 300w, https:\/\/blogsaverroes.juntadeandalucia.es\/colemediterraneo\/files\/2021\/11\/20211126_085454-768x373.jpg 768w, https:\/\/blogsaverroes.juntadeandalucia.es\/colemediterraneo\/files\/2021\/11\/20211126_085454-1536x747.jpg 1536w, https:\/\/blogsaverroes.juntadeandalucia.es\/colemediterraneo\/files\/2021\/11\/20211126_085454-2048x996.jpg 2048w, https:\/\/blogsaverroes.juntadeandalucia.es\/colemediterraneo\/files\/2021\/11\/20211126_085454-scaled.jpg 1600w\" sizes=\"(max-width: 782px) 100vw, 782px\" \/><\/a> <a href=\"https:\/\/blogsaverroes.juntadeandalucia.es\/colemediterraneo\/a-nivel-de-centro-2\/25-de-noviembre-dia-internacional-contra-la-violencia-hacia-las-mujeres\/img-20211124-wa0003\/\" rel=\"attachment wp-att-30122\"><img loading=\"lazy\" decoding=\"async\" class=\"alignnone size-large wp-image-30122\" src=\"https:\/\/blogsaverroes.juntadeandalucia.es\/colemediterraneo\/files\/2021\/11\/IMG-20211124-WA0003-1024x404.jpg\" alt=\"\" width=\"782\" height=\"309\" srcset=\"https:\/\/blogsaverroes.juntadeandalucia.es\/colemediterraneo\/files\/2021\/11\/IMG-20211124-WA0003-1024x404.jpg 1024w, https:\/\/blogsaverroes.juntadeandalucia.es\/colemediterraneo\/files\/2021\/11\/IMG-20211124-WA0003-300x118.jpg 300w, https:\/\/blogsaverroes.juntadeandalucia.es\/colemediterraneo\/files\/2021\/11\/IMG-20211124-WA0003-768x303.jpg 768w, https:\/\/blogsaverroes.juntadeandalucia.es\/colemediterraneo\/files\/2021\/11\/IMG-20211124-WA0003-1536x606.jpg 1536w, https:\/\/blogsaverroes.juntadeandalucia.es\/colemediterraneo\/files\/2021\/11\/IMG-20211124-WA0003.jpg 1600w\" sizes=\"(max-width: 782px) 100vw, 782px\" \/><\/a><a href=\"https:\/\/blogsaverroes.juntadeandalucia.es\/colemediterraneo\/a-nivel-de-centro-2\/25-de-noviembre-dia-internacional-contra-la-violencia-hacia-las-mujeres\/img-20211125-wa0007\/\" rel=\"attachment wp-att-30123\"><img loading=\"lazy\" decoding=\"async\" class=\"alignnone size-large wp-image-30123\" src=\"https:\/\/blogsaverroes.juntadeandalucia.es\/colemediterraneo\/files\/2021\/11\/IMG-20211125-WA0007-461x1024.jpg\" alt=\"\" width=\"461\" height=\"1024\" srcset=\"https:\/\/blogsaverroes.juntadeandalucia.es\/colemediterraneo\/files\/2021\/11\/IMG-20211125-WA0007-461x1024.jpg 461w, https:\/\/blogsaverroes.juntadeandalucia.es\/colemediterraneo\/files\/2021\/11\/IMG-20211125-WA0007-135x300.jpg 135w, https:\/\/blogsaverroes.juntadeandalucia.es\/colemediterraneo\/files\/2021\/11\/IMG-20211125-WA0007-691x1536.jpg 691w, https:\/\/blogsaverroes.juntadeandalucia.es\/colemediterraneo\/files\/2021\/11\/IMG-20211125-WA0007.jpg 720w\" sizes=\"(max-width: 461px) 100vw, 461px\" \/><\/a> <a href=\"https:\/\/blogsaverroes.juntadeandalucia.es\/colemediterraneo\/a-nivel-de-centro-2\/25-de-noviembre-dia-internacional-contra-la-violencia-hacia-las-mujeres\/img-20211125-wa0008\/\" rel=\"attachment wp-att-30124\"><img loading=\"lazy\" decoding=\"async\" class=\"alignnone size-large wp-image-30124\" src=\"https:\/\/blogsaverroes.juntadeandalucia.es\/colemediterraneo\/files\/2021\/11\/IMG-20211125-WA0008-1024x576.jpg\" alt=\"\" width=\"782\" height=\"440\" srcset=\"https:\/\/blogsaverroes.juntadeandalucia.es\/colemediterraneo\/files\/2021\/11\/IMG-20211125-WA0008-1024x576.jpg 1024w, https:\/\/blogsaverroes.juntadeandalucia.es\/colemediterraneo\/files\/2021\/11\/IMG-20211125-WA0008-300x169.jpg 300w, https:\/\/blogsaverroes.juntadeandalucia.es\/colemediterraneo\/files\/2021\/11\/IMG-20211125-WA0008-768x432.jpg 768w, https:\/\/blogsaverroes.juntadeandalucia.es\/colemediterraneo\/files\/2021\/11\/IMG-20211125-WA0008-1536x864.jpg 1536w, https:\/\/blogsaverroes.juntadeandalucia.es\/colemediterraneo\/files\/2021\/11\/IMG-20211125-WA0008.jpg 1600w\" sizes=\"(max-width: 782px) 100vw, 782px\" \/><\/a> <a href=\"https:\/\/blogsaverroes.juntadeandalucia.es\/colemediterraneo\/a-nivel-de-centro-2\/25-de-noviembre-dia-internacional-contra-la-violencia-hacia-las-mujeres\/img-20211125-wa0009\/\" rel=\"attachment wp-att-30125\"><img loading=\"lazy\" decoding=\"async\" class=\"alignnone size-large wp-image-30125\" src=\"https:\/\/blogsaverroes.juntadeandalucia.es\/colemediterraneo\/files\/2021\/11\/IMG-20211125-WA0009-1024x576.jpg\" alt=\"\" width=\"782\" height=\"440\" srcset=\"https:\/\/blogsaverroes.juntadeandalucia.es\/colemediterraneo\/files\/2021\/11\/IMG-20211125-WA0009-1024x576.jpg 1024w, https:\/\/blogsaverroes.juntadeandalucia.es\/colemediterraneo\/files\/2021\/11\/IMG-20211125-WA0009-300x169.jpg 300w, https:\/\/blogsaverroes.juntadeandalucia.es\/colemediterraneo\/files\/2021\/11\/IMG-20211125-WA0009-768x432.jpg 768w, https:\/\/blogsaverroes.juntadeandalucia.es\/colemediterraneo\/files\/2021\/11\/IMG-20211125-WA0009-1536x864.jpg 1536w, https:\/\/blogsaverroes.juntadeandalucia.es\/colemediterraneo\/files\/2021\/11\/IMG-20211125-WA0009.jpg 1600w\" sizes=\"(max-width: 782px) 100vw, 782px\" \/><\/a> <a href=\"https:\/\/blogsaverroes.juntadeandalucia.es\/colemediterraneo\/a-nivel-de-centro-2\/25-de-noviembre-dia-internacional-contra-la-violencia-hacia-las-mujeres\/img-20211125-wa0010\/\" rel=\"attachment wp-att-30126\"><img loading=\"lazy\" decoding=\"async\" class=\"alignnone size-large wp-image-30126\" src=\"https:\/\/blogsaverroes.juntadeandalucia.es\/colemediterraneo\/files\/2021\/11\/IMG-20211125-WA0010-1024x576.jpg\" alt=\"\" width=\"782\" height=\"440\" srcset=\"https:\/\/blogsaverroes.juntadeandalucia.es\/colemediterraneo\/files\/2021\/11\/IMG-20211125-WA0010-1024x576.jpg 1024w, https:\/\/blogsaverroes.juntadeandalucia.es\/colemediterraneo\/files\/2021\/11\/IMG-20211125-WA0010-300x169.jpg 300w, https:\/\/blogsaverroes.juntadeandalucia.es\/colemediterraneo\/files\/2021\/11\/IMG-20211125-WA0010-768x432.jpg 768w, https:\/\/blogsaverroes.juntadeandalucia.es\/colemediterraneo\/files\/2021\/11\/IMG-20211125-WA0010-1536x864.jpg 1536w, https:\/\/blogsaverroes.juntadeandalucia.es\/colemediterraneo\/files\/2021\/11\/IMG-20211125-WA0010.jpg 1600w\" sizes=\"(max-width: 782px) 100vw, 782px\" \/><\/a> <a href=\"https:\/\/blogsaverroes.juntadeandalucia.es\/colemediterraneo\/a-nivel-de-centro-2\/25-de-noviembre-dia-internacional-contra-la-violencia-hacia-las-mujeres\/img-20211125-wa0011\/\" rel=\"attachment wp-att-30127\"><img loading=\"lazy\" decoding=\"async\" class=\"alignnone size-large wp-image-30127\" src=\"https:\/\/blogsaverroes.juntadeandalucia.es\/colemediterraneo\/files\/2021\/11\/IMG-20211125-WA0011-1024x576.jpg\" alt=\"\" width=\"782\" height=\"440\" srcset=\"https:\/\/blogsaverroes.juntadeandalucia.es\/colemediterraneo\/files\/2021\/11\/IMG-20211125-WA0011-1024x576.jpg 1024w, https:\/\/blogsaverroes.juntadeandalucia.es\/colemediterraneo\/files\/2021\/11\/IMG-20211125-WA0011-300x169.jpg 300w, https:\/\/blogsaverroes.juntadeandalucia.es\/colemediterraneo\/files\/2021\/11\/IMG-20211125-WA0011-768x432.jpg 768w, https:\/\/blogsaverroes.juntadeandalucia.es\/colemediterraneo\/files\/2021\/11\/IMG-20211125-WA0011-1536x864.jpg 1536w, https:\/\/blogsaverroes.juntadeandalucia.es\/colemediterraneo\/files\/2021\/11\/IMG-20211125-WA0011.jpg 1600w\" sizes=\"(max-width: 782px) 100vw, 782px\" \/><\/a> <a href=\"https:\/\/blogsaverroes.juntadeandalucia.es\/colemediterraneo\/a-nivel-de-centro-2\/25-de-noviembre-dia-internacional-contra-la-violencia-hacia-las-mujeres\/img-20211125-wa0012\/\" rel=\"attachment wp-att-30128\"><img loading=\"lazy\" decoding=\"async\" class=\"alignnone size-large wp-image-30128\" src=\"https:\/\/blogsaverroes.juntadeandalucia.es\/colemediterraneo\/files\/2021\/11\/IMG-20211125-WA0012-461x1024.jpg\" alt=\"\" width=\"461\" height=\"1024\" srcset=\"https:\/\/blogsaverroes.juntadeandalucia.es\/colemediterraneo\/files\/2021\/11\/IMG-20211125-WA0012-461x1024.jpg 461w, https:\/\/blogsaverroes.juntadeandalucia.es\/colemediterraneo\/files\/2021\/11\/IMG-20211125-WA0012-135x300.jpg 135w, https:\/\/blogsaverroes.juntadeandalucia.es\/colemediterraneo\/files\/2021\/11\/IMG-20211125-WA0012-691x1536.jpg 691w, https:\/\/blogsaverroes.juntadeandalucia.es\/colemediterraneo\/files\/2021\/11\/IMG-20211125-WA0012.jpg 720w\" sizes=\"(max-width: 461px) 100vw, 461px\" \/><\/a> <a href=\"https:\/\/blogsaverroes.juntadeandalucia.es\/colemediterraneo\/a-nivel-de-centro-2\/25-de-noviembre-dia-internacional-contra-la-violencia-hacia-las-mujeres\/img-20211125-wa0013\/\" rel=\"attachment wp-att-30129\"><img loading=\"lazy\" decoding=\"async\" class=\"alignnone size-large wp-image-30129\" src=\"https:\/\/blogsaverroes.juntadeandalucia.es\/colemediterraneo\/files\/2021\/11\/IMG-20211125-WA0013-1024x576.jpg\" alt=\"\" width=\"782\" height=\"440\" srcset=\"https:\/\/blogsaverroes.juntadeandalucia.es\/colemediterraneo\/files\/2021\/11\/IMG-20211125-WA0013-1024x576.jpg 1024w, https:\/\/blogsaverroes.juntadeandalucia.es\/colemediterraneo\/files\/2021\/11\/IMG-20211125-WA0013-300x169.jpg 300w, https:\/\/blogsaverroes.juntadeandalucia.es\/colemediterraneo\/files\/2021\/11\/IMG-20211125-WA0013-768x432.jpg 768w, https:\/\/blogsaverroes.juntadeandalucia.es\/colemediterraneo\/files\/2021\/11\/IMG-20211125-WA0013-1536x864.jpg 1536w, https:\/\/blogsaverroes.juntadeandalucia.es\/colemediterraneo\/files\/2021\/11\/IMG-20211125-WA0013.jpg 1600w\" sizes=\"(max-width: 782px) 100vw, 782px\" \/><\/a> <a href=\"https:\/\/blogsaverroes.juntadeandalucia.es\/colemediterraneo\/a-nivel-de-centro-2\/25-de-noviembre-dia-internacional-contra-la-violencia-hacia-las-mujeres\/img-20211125-wa0014\/\" rel=\"attachment wp-att-30130\"><img loading=\"lazy\" decoding=\"async\" class=\"alignnone size-large wp-image-30130\" src=\"https:\/\/blogsaverroes.juntadeandalucia.es\/colemediterraneo\/files\/2021\/11\/IMG-20211125-WA0014-576x1024.jpg\" alt=\"\" width=\"576\" height=\"1024\" srcset=\"https:\/\/blogsaverroes.juntadeandalucia.es\/colemediterraneo\/files\/2021\/11\/IMG-20211125-WA0014-576x1024.jpg 576w, https:\/\/blogsaverroes.juntadeandalucia.es\/colemediterraneo\/files\/2021\/11\/IMG-20211125-WA0014-169x300.jpg 169w, https:\/\/blogsaverroes.juntadeandalucia.es\/colemediterraneo\/files\/2021\/11\/IMG-20211125-WA0014-768x1365.jpg 768w, https:\/\/blogsaverroes.juntadeandalucia.es\/colemediterraneo\/files\/2021\/11\/IMG-20211125-WA0014-864x1536.jpg 864w, https:\/\/blogsaverroes.juntadeandalucia.es\/colemediterraneo\/files\/2021\/11\/IMG-20211125-WA0014.jpg 900w\" sizes=\"(max-width: 576px) 100vw, 576px\" \/><\/a> <a href=\"https:\/\/blogsaverroes.juntadeandalucia.es\/colemediterraneo\/a-nivel-de-centro-2\/25-de-noviembre-dia-internacional-contra-la-violencia-hacia-las-mujeres\/img-20211125-wa0015\/\" rel=\"attachment wp-att-30131\"><img loading=\"lazy\" decoding=\"async\" class=\"alignnone size-large wp-image-30131\" src=\"https:\/\/blogsaverroes.juntadeandalucia.es\/colemediterraneo\/files\/2021\/11\/IMG-20211125-WA0015-576x1024.jpg\" alt=\"\" width=\"576\" height=\"1024\" srcset=\"https:\/\/blogsaverroes.juntadeandalucia.es\/colemediterraneo\/files\/2021\/11\/IMG-20211125-WA0015-576x1024.jpg 576w, https:\/\/blogsaverroes.juntadeandalucia.es\/colemediterraneo\/files\/2021\/11\/IMG-20211125-WA0015-169x300.jpg 169w, https:\/\/blogsaverroes.juntadeandalucia.es\/colemediterraneo\/files\/2021\/11\/IMG-20211125-WA0015-768x1365.jpg 768w, https:\/\/blogsaverroes.juntadeandalucia.es\/colemediterraneo\/files\/2021\/11\/IMG-20211125-WA0015-864x1536.jpg 864w, https:\/\/blogsaverroes.juntadeandalucia.es\/colemediterraneo\/files\/2021\/11\/IMG-20211125-WA0015.jpg 900w\" sizes=\"(max-width: 576px) 100vw, 576px\" \/><\/a> <a href=\"https:\/\/blogsaverroes.juntadeandalucia.es\/colemediterraneo\/a-nivel-de-centro-2\/25-de-noviembre-dia-internacional-contra-la-violencia-hacia-las-mujeres\/img-20211125-wa0016\/\" rel=\"attachment wp-att-30132\"><img loading=\"lazy\" decoding=\"async\" class=\"alignnone size-large wp-image-30132\" src=\"https:\/\/blogsaverroes.juntadeandalucia.es\/colemediterraneo\/files\/2021\/11\/IMG-20211125-WA0016-576x1024.jpg\" alt=\"\" width=\"576\" height=\"1024\" srcset=\"https:\/\/blogsaverroes.juntadeandalucia.es\/colemediterraneo\/files\/2021\/11\/IMG-20211125-WA0016-576x1024.jpg 576w, https:\/\/blogsaverroes.juntadeandalucia.es\/colemediterraneo\/files\/2021\/11\/IMG-20211125-WA0016-169x300.jpg 169w, https:\/\/blogsaverroes.juntadeandalucia.es\/colemediterraneo\/files\/2021\/11\/IMG-20211125-WA0016-768x1365.jpg 768w, https:\/\/blogsaverroes.juntadeandalucia.es\/colemediterraneo\/files\/2021\/11\/IMG-20211125-WA0016-864x1536.jpg 864w, https:\/\/blogsaverroes.juntadeandalucia.es\/colemediterraneo\/files\/2021\/11\/IMG-20211125-WA0016.jpg 900w\" sizes=\"(max-width: 576px) 100vw, 576px\" \/><\/a> <a href=\"https:\/\/blogsaverroes.juntadeandalucia.es\/colemediterraneo\/a-nivel-de-centro-2\/25-de-noviembre-dia-internacional-contra-la-violencia-hacia-las-mujeres\/img-20211125-wa0017\/\" rel=\"attachment wp-att-30133\"><img loading=\"lazy\" decoding=\"async\" class=\"alignnone size-large wp-image-30133\" src=\"https:\/\/blogsaverroes.juntadeandalucia.es\/colemediterraneo\/files\/2021\/11\/IMG-20211125-WA0017-576x1024.jpg\" alt=\"\" width=\"576\" height=\"1024\" srcset=\"https:\/\/blogsaverroes.juntadeandalucia.es\/colemediterraneo\/files\/2021\/11\/IMG-20211125-WA0017-576x1024.jpg 576w, https:\/\/blogsaverroes.juntadeandalucia.es\/colemediterraneo\/files\/2021\/11\/IMG-20211125-WA0017-169x300.jpg 169w, https:\/\/blogsaverroes.juntadeandalucia.es\/colemediterraneo\/files\/2021\/11\/IMG-20211125-WA0017-768x1365.jpg 768w, https:\/\/blogsaverroes.juntadeandalucia.es\/colemediterraneo\/files\/2021\/11\/IMG-20211125-WA0017-864x1536.jpg 864w, https:\/\/blogsaverroes.juntadeandalucia.es\/colemediterraneo\/files\/2021\/11\/IMG-20211125-WA0017.jpg 900w\" sizes=\"(max-width: 576px) 100vw, 576px\" \/><\/a> <a href=\"https:\/\/blogsaverroes.juntadeandalucia.es\/colemediterraneo\/a-nivel-de-centro-2\/25-de-noviembre-dia-internacional-contra-la-violencia-hacia-las-mujeres\/img-20211125-wa0018\/\" rel=\"attachment wp-att-30134\"><img loading=\"lazy\" decoding=\"async\" class=\"alignnone size-large wp-image-30134\" src=\"https:\/\/blogsaverroes.juntadeandalucia.es\/colemediterraneo\/files\/2021\/11\/IMG-20211125-WA0018-576x1024.jpg\" alt=\"\" width=\"576\" height=\"1024\" srcset=\"https:\/\/blogsaverroes.juntadeandalucia.es\/colemediterraneo\/files\/2021\/11\/IMG-20211125-WA0018-576x1024.jpg 576w, https:\/\/blogsaverroes.juntadeandalucia.es\/colemediterraneo\/files\/2021\/11\/IMG-20211125-WA0018-169x300.jpg 169w, https:\/\/blogsaverroes.juntadeandalucia.es\/colemediterraneo\/files\/2021\/11\/IMG-20211125-WA0018-768x1365.jpg 768w, https:\/\/blogsaverroes.juntadeandalucia.es\/colemediterraneo\/files\/2021\/11\/IMG-20211125-WA0018-864x1536.jpg 864w, https:\/\/blogsaverroes.juntadeandalucia.es\/colemediterraneo\/files\/2021\/11\/IMG-20211125-WA0018.jpg 900w\" sizes=\"(max-width: 576px) 100vw, 576px\" \/><\/a> <a href=\"https:\/\/blogsaverroes.juntadeandalucia.es\/colemediterraneo\/a-nivel-de-centro-2\/25-de-noviembre-dia-internacional-contra-la-violencia-hacia-las-mujeres\/img-20211125-wa0019\/\" rel=\"attachment wp-att-30135\"><img loading=\"lazy\" decoding=\"async\" class=\"alignnone size-large wp-image-30135\" src=\"https:\/\/blogsaverroes.juntadeandalucia.es\/colemediterraneo\/files\/2021\/11\/IMG-20211125-WA0019-576x1024.jpg\" alt=\"\" width=\"576\" height=\"1024\" srcset=\"https:\/\/blogsaverroes.juntadeandalucia.es\/colemediterraneo\/files\/2021\/11\/IMG-20211125-WA0019-576x1024.jpg 576w, https:\/\/blogsaverroes.juntadeandalucia.es\/colemediterraneo\/files\/2021\/11\/IMG-20211125-WA0019-169x300.jpg 169w, https:\/\/blogsaverroes.juntadeandalucia.es\/colemediterraneo\/files\/2021\/11\/IMG-20211125-WA0019-768x1365.jpg 768w, https:\/\/blogsaverroes.juntadeandalucia.es\/colemediterraneo\/files\/2021\/11\/IMG-20211125-WA0019-864x1536.jpg 864w, https:\/\/blogsaverroes.juntadeandalucia.es\/colemediterraneo\/files\/2021\/11\/IMG-20211125-WA0019.jpg 900w\" sizes=\"(max-width: 576px) 100vw, 576px\" \/><\/a> <a href=\"https:\/\/blogsaverroes.juntadeandalucia.es\/colemediterraneo\/a-nivel-de-centro-2\/25-de-noviembre-dia-internacional-contra-la-violencia-hacia-las-mujeres\/img-20211125-wa0020\/\" rel=\"attachment wp-att-30136\"><img loading=\"lazy\" decoding=\"async\" class=\"alignnone size-large wp-image-30136\" src=\"https:\/\/blogsaverroes.juntadeandalucia.es\/colemediterraneo\/files\/2021\/11\/IMG-20211125-WA0020-576x1024.jpg\" alt=\"\" width=\"576\" height=\"1024\" srcset=\"https:\/\/blogsaverroes.juntadeandalucia.es\/colemediterraneo\/files\/2021\/11\/IMG-20211125-WA0020-576x1024.jpg 576w, https:\/\/blogsaverroes.juntadeandalucia.es\/colemediterraneo\/files\/2021\/11\/IMG-20211125-WA0020-169x300.jpg 169w, https:\/\/blogsaverroes.juntadeandalucia.es\/colemediterraneo\/files\/2021\/11\/IMG-20211125-WA0020-768x1365.jpg 768w, https:\/\/blogsaverroes.juntadeandalucia.es\/colemediterraneo\/files\/2021\/11\/IMG-20211125-WA0020-864x1536.jpg 864w, https:\/\/blogsaverroes.juntadeandalucia.es\/colemediterraneo\/files\/2021\/11\/IMG-20211125-WA0020.jpg 900w\" sizes=\"(max-width: 576px) 100vw, 576px\" \/><\/a> <a href=\"https:\/\/blogsaverroes.juntadeandalucia.es\/colemediterraneo\/a-nivel-de-centro-2\/25-de-noviembre-dia-internacional-contra-la-violencia-hacia-las-mujeres\/img-20211125-wa0021\/\" rel=\"attachment wp-att-30137\"><img loading=\"lazy\" decoding=\"async\" class=\"alignnone size-large wp-image-30137\" src=\"https:\/\/blogsaverroes.juntadeandalucia.es\/colemediterraneo\/files\/2021\/11\/IMG-20211125-WA0021-1024x576.jpg\" alt=\"\" width=\"782\" height=\"440\" srcset=\"https:\/\/blogsaverroes.juntadeandalucia.es\/colemediterraneo\/files\/2021\/11\/IMG-20211125-WA0021-1024x576.jpg 1024w, https:\/\/blogsaverroes.juntadeandalucia.es\/colemediterraneo\/files\/2021\/11\/IMG-20211125-WA0021-300x169.jpg 300w, https:\/\/blogsaverroes.juntadeandalucia.es\/colemediterraneo\/files\/2021\/11\/IMG-20211125-WA0021-768x432.jpg 768w, https:\/\/blogsaverroes.juntadeandalucia.es\/colemediterraneo\/files\/2021\/11\/IMG-20211125-WA0021-1536x864.jpg 1536w, https:\/\/blogsaverroes.juntadeandalucia.es\/colemediterraneo\/files\/2021\/11\/IMG-20211125-WA0021.jpg 1599w\" sizes=\"(max-width: 782px) 100vw, 782px\" \/><\/a> <a href=\"https:\/\/blogsaverroes.juntadeandalucia.es\/colemediterraneo\/a-nivel-de-centro-2\/25-de-noviembre-dia-internacional-contra-la-violencia-hacia-las-mujeres\/img-20211125-wa0022\/\" rel=\"attachment wp-att-30138\"><img loading=\"lazy\" decoding=\"async\" class=\"alignnone size-large wp-image-30138\" src=\"https:\/\/blogsaverroes.juntadeandalucia.es\/colemediterraneo\/files\/2021\/11\/IMG-20211125-WA0022-1024x576.jpg\" alt=\"\" width=\"782\" height=\"440\" srcset=\"https:\/\/blogsaverroes.juntadeandalucia.es\/colemediterraneo\/files\/2021\/11\/IMG-20211125-WA0022-1024x576.jpg 1024w, https:\/\/blogsaverroes.juntadeandalucia.es\/colemediterraneo\/files\/2021\/11\/IMG-20211125-WA0022-300x169.jpg 300w, https:\/\/blogsaverroes.juntadeandalucia.es\/colemediterraneo\/files\/2021\/11\/IMG-20211125-WA0022-768x432.jpg 768w, https:\/\/blogsaverroes.juntadeandalucia.es\/colemediterraneo\/files\/2021\/11\/IMG-20211125-WA0022-1536x864.jpg 1536w, https:\/\/blogsaverroes.juntadeandalucia.es\/colemediterraneo\/files\/2021\/11\/IMG-20211125-WA0022.jpg 1599w\" sizes=\"(max-width: 782px) 100vw, 782px\" \/><\/a> <a href=\"https:\/\/blogsaverroes.juntadeandalucia.es\/colemediterraneo\/a-nivel-de-centro-2\/25-de-noviembre-dia-internacional-contra-la-violencia-hacia-las-mujeres\/img-20211125-wa0023\/\" rel=\"attachment wp-att-30139\"><img loading=\"lazy\" decoding=\"async\" class=\"alignnone size-large wp-image-30139\" src=\"https:\/\/blogsaverroes.juntadeandalucia.es\/colemediterraneo\/files\/2021\/11\/IMG-20211125-WA0023-1024x576.jpg\" alt=\"\" width=\"782\" height=\"440\" srcset=\"https:\/\/blogsaverroes.juntadeandalucia.es\/colemediterraneo\/files\/2021\/11\/IMG-20211125-WA0023-1024x576.jpg 1024w, https:\/\/blogsaverroes.juntadeandalucia.es\/colemediterraneo\/files\/2021\/11\/IMG-20211125-WA0023-300x169.jpg 300w, https:\/\/blogsaverroes.juntadeandalucia.es\/colemediterraneo\/files\/2021\/11\/IMG-20211125-WA0023-768x432.jpg 768w, https:\/\/blogsaverroes.juntadeandalucia.es\/colemediterraneo\/files\/2021\/11\/IMG-20211125-WA0023-1536x864.jpg 1536w, https:\/\/blogsaverroes.juntadeandalucia.es\/colemediterraneo\/files\/2021\/11\/IMG-20211125-WA0023.jpg 1599w\" sizes=\"(max-width: 782px) 100vw, 782px\" \/><\/a> <a href=\"https:\/\/blogsaverroes.juntadeandalucia.es\/colemediterraneo\/a-nivel-de-centro-2\/25-de-noviembre-dia-internacional-contra-la-violencia-hacia-las-mujeres\/img-20211125-wa0024\/\" rel=\"attachment wp-att-30140\"><img loading=\"lazy\" decoding=\"async\" class=\"alignnone size-large wp-image-30140\" src=\"https:\/\/blogsaverroes.juntadeandalucia.es\/colemediterraneo\/files\/2021\/11\/IMG-20211125-WA0024-1024x576.jpg\" alt=\"\" width=\"782\" height=\"440\" srcset=\"https:\/\/blogsaverroes.juntadeandalucia.es\/colemediterraneo\/files\/2021\/11\/IMG-20211125-WA0024-1024x576.jpg 1024w, https:\/\/blogsaverroes.juntadeandalucia.es\/colemediterraneo\/files\/2021\/11\/IMG-20211125-WA0024-300x169.jpg 300w, https:\/\/blogsaverroes.juntadeandalucia.es\/colemediterraneo\/files\/2021\/11\/IMG-20211125-WA0024-768x432.jpg 768w, https:\/\/blogsaverroes.juntadeandalucia.es\/colemediterraneo\/files\/2021\/11\/IMG-20211125-WA0024-1536x864.jpg 1536w, https:\/\/blogsaverroes.juntadeandalucia.es\/colemediterraneo\/files\/2021\/11\/IMG-20211125-WA0024.jpg 1599w\" sizes=\"(max-width: 782px) 100vw, 782px\" \/><\/a> <a href=\"https:\/\/blogsaverroes.juntadeandalucia.es\/colemediterraneo\/a-nivel-de-centro-2\/25-de-noviembre-dia-internacional-contra-la-violencia-hacia-las-mujeres\/img-20211125-wa0025\/\" rel=\"attachment wp-att-30141\"><img loading=\"lazy\" decoding=\"async\" class=\"alignnone size-large wp-image-30141\" src=\"https:\/\/blogsaverroes.juntadeandalucia.es\/colemediterraneo\/files\/2021\/11\/IMG-20211125-WA0025-766x1024.jpg\" alt=\"\" width=\"766\" height=\"1024\" srcset=\"https:\/\/blogsaverroes.juntadeandalucia.es\/colemediterraneo\/files\/2021\/11\/IMG-20211125-WA0025-766x1024.jpg 766w, https:\/\/blogsaverroes.juntadeandalucia.es\/colemediterraneo\/files\/2021\/11\/IMG-20211125-WA0025-224x300.jpg 224w, https:\/\/blogsaverroes.juntadeandalucia.es\/colemediterraneo\/files\/2021\/11\/IMG-20211125-WA0025-768x1027.jpg 768w, https:\/\/blogsaverroes.juntadeandalucia.es\/colemediterraneo\/files\/2021\/11\/IMG-20211125-WA0025-1149x1536.jpg 1149w, https:\/\/blogsaverroes.juntadeandalucia.es\/colemediterraneo\/files\/2021\/11\/IMG-20211125-WA0025.jpg 1197w\" sizes=\"(max-width: 766px) 100vw, 766px\" \/><\/a> <a href=\"https:\/\/blogsaverroes.juntadeandalucia.es\/colemediterraneo\/a-nivel-de-centro-2\/25-de-noviembre-dia-internacional-contra-la-violencia-hacia-las-mujeres\/img-20211125-wa0026\/\" rel=\"attachment wp-att-30142\"><img loading=\"lazy\" decoding=\"async\" class=\"alignnone size-large wp-image-30142\" src=\"https:\/\/blogsaverroes.juntadeandalucia.es\/colemediterraneo\/files\/2021\/11\/IMG-20211125-WA0026-766x1024.jpg\" alt=\"\" width=\"766\" height=\"1024\" srcset=\"https:\/\/blogsaverroes.juntadeandalucia.es\/colemediterraneo\/files\/2021\/11\/IMG-20211125-WA0026-766x1024.jpg 766w, https:\/\/blogsaverroes.juntadeandalucia.es\/colemediterraneo\/files\/2021\/11\/IMG-20211125-WA0026-224x300.jpg 224w, https:\/\/blogsaverroes.juntadeandalucia.es\/colemediterraneo\/files\/2021\/11\/IMG-20211125-WA0026-768x1027.jpg 768w, https:\/\/blogsaverroes.juntadeandalucia.es\/colemediterraneo\/files\/2021\/11\/IMG-20211125-WA0026-1149x1536.jpg 1149w, https:\/\/blogsaverroes.juntadeandalucia.es\/colemediterraneo\/files\/2021\/11\/IMG-20211125-WA0026.jpg 1197w\" sizes=\"(max-width: 766px) 100vw, 766px\" \/><\/a> <a href=\"https:\/\/blogsaverroes.juntadeandalucia.es\/colemediterraneo\/a-nivel-de-centro-2\/25-de-noviembre-dia-internacional-contra-la-violencia-hacia-las-mujeres\/img-20211125-wa0027\/\" rel=\"attachment wp-att-30143\"><img loading=\"lazy\" decoding=\"async\" class=\"alignnone size-large wp-image-30143\" src=\"https:\/\/blogsaverroes.juntadeandalucia.es\/colemediterraneo\/files\/2021\/11\/IMG-20211125-WA0027-766x1024.jpg\" alt=\"\" width=\"766\" height=\"1024\" srcset=\"https:\/\/blogsaverroes.juntadeandalucia.es\/colemediterraneo\/files\/2021\/11\/IMG-20211125-WA0027-766x1024.jpg 766w, https:\/\/blogsaverroes.juntadeandalucia.es\/colemediterraneo\/files\/2021\/11\/IMG-20211125-WA0027-224x300.jpg 224w, https:\/\/blogsaverroes.juntadeandalucia.es\/colemediterraneo\/files\/2021\/11\/IMG-20211125-WA0027-768x1027.jpg 768w, https:\/\/blogsaverroes.juntadeandalucia.es\/colemediterraneo\/files\/2021\/11\/IMG-20211125-WA0027-1149x1536.jpg 1149w, https:\/\/blogsaverroes.juntadeandalucia.es\/colemediterraneo\/files\/2021\/11\/IMG-20211125-WA0027.jpg 1197w\" sizes=\"(max-width: 766px) 100vw, 766px\" \/><\/a> <a href=\"https:\/\/blogsaverroes.juntadeandalucia.es\/colemediterraneo\/a-nivel-de-centro-2\/25-de-noviembre-dia-internacional-contra-la-violencia-hacia-las-mujeres\/img-20211125-wa0028\/\" rel=\"attachment wp-att-30144\"><img loading=\"lazy\" decoding=\"async\" class=\"alignnone size-large wp-image-30144\" src=\"https:\/\/blogsaverroes.juntadeandalucia.es\/colemediterraneo\/files\/2021\/11\/IMG-20211125-WA0028-766x1024.jpg\" alt=\"\" width=\"766\" height=\"1024\" srcset=\"https:\/\/blogsaverroes.juntadeandalucia.es\/colemediterraneo\/files\/2021\/11\/IMG-20211125-WA0028-766x1024.jpg 766w, https:\/\/blogsaverroes.juntadeandalucia.es\/colemediterraneo\/files\/2021\/11\/IMG-20211125-WA0028-224x300.jpg 224w, https:\/\/blogsaverroes.juntadeandalucia.es\/colemediterraneo\/files\/2021\/11\/IMG-20211125-WA0028-768x1027.jpg 768w, https:\/\/blogsaverroes.juntadeandalucia.es\/colemediterraneo\/files\/2021\/11\/IMG-20211125-WA0028-1149x1536.jpg 1149w, https:\/\/blogsaverroes.juntadeandalucia.es\/colemediterraneo\/files\/2021\/11\/IMG-20211125-WA0028.jpg 1197w\" sizes=\"(max-width: 766px) 100vw, 766px\" \/><\/a> <a href=\"https:\/\/blogsaverroes.juntadeandalucia.es\/colemediterraneo\/a-nivel-de-centro-2\/25-de-noviembre-dia-internacional-contra-la-violencia-hacia-las-mujeres\/img-20211125-wa0029\/\" rel=\"attachment wp-att-30145\"><img loading=\"lazy\" decoding=\"async\" class=\"alignnone size-large wp-image-30145\" src=\"https:\/\/blogsaverroes.juntadeandalucia.es\/colemediterraneo\/files\/2021\/11\/IMG-20211125-WA0029-1024x766.jpg\" alt=\"\" width=\"782\" height=\"585\" srcset=\"https:\/\/blogsaverroes.juntadeandalucia.es\/colemediterraneo\/files\/2021\/11\/IMG-20211125-WA0029-1024x766.jpg 1024w, https:\/\/blogsaverroes.juntadeandalucia.es\/colemediterraneo\/files\/2021\/11\/IMG-20211125-WA0029-300x224.jpg 300w, https:\/\/blogsaverroes.juntadeandalucia.es\/colemediterraneo\/files\/2021\/11\/IMG-20211125-WA0029-768x575.jpg 768w, https:\/\/blogsaverroes.juntadeandalucia.es\/colemediterraneo\/files\/2021\/11\/IMG-20211125-WA0029-1536x1149.jpg 1536w, https:\/\/blogsaverroes.juntadeandalucia.es\/colemediterraneo\/files\/2021\/11\/IMG-20211125-WA0029.jpg 1600w\" sizes=\"(max-width: 782px) 100vw, 782px\" \/><\/a> <a href=\"https:\/\/blogsaverroes.juntadeandalucia.es\/colemediterraneo\/a-nivel-de-centro-2\/25-de-noviembre-dia-internacional-contra-la-violencia-hacia-las-mujeres\/img-20211125-wa0030\/\" rel=\"attachment wp-att-30146\"><img loading=\"lazy\" decoding=\"async\" class=\"alignnone size-large wp-image-30146\" src=\"https:\/\/blogsaverroes.juntadeandalucia.es\/colemediterraneo\/files\/2021\/11\/IMG-20211125-WA0030-766x1024.jpg\" alt=\"\" width=\"766\" height=\"1024\" srcset=\"https:\/\/blogsaverroes.juntadeandalucia.es\/colemediterraneo\/files\/2021\/11\/IMG-20211125-WA0030-766x1024.jpg 766w, https:\/\/blogsaverroes.juntadeandalucia.es\/colemediterraneo\/files\/2021\/11\/IMG-20211125-WA0030-224x300.jpg 224w, https:\/\/blogsaverroes.juntadeandalucia.es\/colemediterraneo\/files\/2021\/11\/IMG-20211125-WA0030-768x1027.jpg 768w, https:\/\/blogsaverroes.juntadeandalucia.es\/colemediterraneo\/files\/2021\/11\/IMG-20211125-WA0030-1149x1536.jpg 1149w, https:\/\/blogsaverroes.juntadeandalucia.es\/colemediterraneo\/files\/2021\/11\/IMG-20211125-WA0030.jpg 1197w\" sizes=\"(max-width: 766px) 100vw, 766px\" \/><\/a> <a href=\"https:\/\/blogsaverroes.juntadeandalucia.es\/colemediterraneo\/a-nivel-de-centro-2\/25-de-noviembre-dia-internacional-contra-la-violencia-hacia-las-mujeres\/img-20211125-wa0031\/\" rel=\"attachment wp-att-30147\"><img loading=\"lazy\" decoding=\"async\" class=\"alignnone size-large wp-image-30147\" src=\"https:\/\/blogsaverroes.juntadeandalucia.es\/colemediterraneo\/files\/2021\/11\/IMG-20211125-WA0031-766x1024.jpg\" alt=\"\" width=\"766\" height=\"1024\" srcset=\"https:\/\/blogsaverroes.juntadeandalucia.es\/colemediterraneo\/files\/2021\/11\/IMG-20211125-WA0031-766x1024.jpg 766w, https:\/\/blogsaverroes.juntadeandalucia.es\/colemediterraneo\/files\/2021\/11\/IMG-20211125-WA0031-224x300.jpg 224w, https:\/\/blogsaverroes.juntadeandalucia.es\/colemediterraneo\/files\/2021\/11\/IMG-20211125-WA0031-768x1027.jpg 768w, https:\/\/blogsaverroes.juntadeandalucia.es\/colemediterraneo\/files\/2021\/11\/IMG-20211125-WA0031-1149x1536.jpg 1149w, https:\/\/blogsaverroes.juntadeandalucia.es\/colemediterraneo\/files\/2021\/11\/IMG-20211125-WA0031.jpg 1197w\" sizes=\"(max-width: 766px) 100vw, 766px\" \/><\/a> <a href=\"https:\/\/blogsaverroes.juntadeandalucia.es\/colemediterraneo\/a-nivel-de-centro-2\/25-de-noviembre-dia-internacional-contra-la-violencia-hacia-las-mujeres\/img-20211125-wa0032\/\" rel=\"attachment wp-att-30148\"><img loading=\"lazy\" decoding=\"async\" class=\"alignnone size-large wp-image-30148\" src=\"https:\/\/blogsaverroes.juntadeandalucia.es\/colemediterraneo\/files\/2021\/11\/IMG-20211125-WA0032-766x1024.jpg\" alt=\"\" width=\"766\" height=\"1024\" srcset=\"https:\/\/blogsaverroes.juntadeandalucia.es\/colemediterraneo\/files\/2021\/11\/IMG-20211125-WA0032-766x1024.jpg 766w, https:\/\/blogsaverroes.juntadeandalucia.es\/colemediterraneo\/files\/2021\/11\/IMG-20211125-WA0032-224x300.jpg 224w, https:\/\/blogsaverroes.juntadeandalucia.es\/colemediterraneo\/files\/2021\/11\/IMG-20211125-WA0032-768x1027.jpg 768w, https:\/\/blogsaverroes.juntadeandalucia.es\/colemediterraneo\/files\/2021\/11\/IMG-20211125-WA0032-1149x1536.jpg 1149w, https:\/\/blogsaverroes.juntadeandalucia.es\/colemediterraneo\/files\/2021\/11\/IMG-20211125-WA0032.jpg 1197w\" sizes=\"(max-width: 766px) 100vw, 766px\" \/><\/a> <a href=\"https:\/\/blogsaverroes.juntadeandalucia.es\/colemediterraneo\/a-nivel-de-centro-2\/25-de-noviembre-dia-internacional-contra-la-violencia-hacia-las-mujeres\/img-20211125-wa0033\/\" rel=\"attachment wp-att-30149\"><img loading=\"lazy\" decoding=\"async\" class=\"alignnone size-large wp-image-30149\" src=\"https:\/\/blogsaverroes.juntadeandalucia.es\/colemediterraneo\/files\/2021\/11\/IMG-20211125-WA0033-766x1024.jpg\" alt=\"\" width=\"766\" height=\"1024\" srcset=\"https:\/\/blogsaverroes.juntadeandalucia.es\/colemediterraneo\/files\/2021\/11\/IMG-20211125-WA0033-766x1024.jpg 766w, https:\/\/blogsaverroes.juntadeandalucia.es\/colemediterraneo\/files\/2021\/11\/IMG-20211125-WA0033-224x300.jpg 224w, https:\/\/blogsaverroes.juntadeandalucia.es\/colemediterraneo\/files\/2021\/11\/IMG-20211125-WA0033-768x1027.jpg 768w, https:\/\/blogsaverroes.juntadeandalucia.es\/colemediterraneo\/files\/2021\/11\/IMG-20211125-WA0033-1149x1536.jpg 1149w, https:\/\/blogsaverroes.juntadeandalucia.es\/colemediterraneo\/files\/2021\/11\/IMG-20211125-WA0033.jpg 1197w\" sizes=\"(max-width: 766px) 100vw, 766px\" \/><\/a> <a href=\"https:\/\/blogsaverroes.juntadeandalucia.es\/colemediterraneo\/a-nivel-de-centro-2\/25-de-noviembre-dia-internacional-contra-la-violencia-hacia-las-mujeres\/img-20211125-wa0034\/\" rel=\"attachment wp-att-30150\"><img loading=\"lazy\" decoding=\"async\" class=\"alignnone size-large wp-image-30150\" src=\"https:\/\/blogsaverroes.juntadeandalucia.es\/colemediterraneo\/files\/2021\/11\/IMG-20211125-WA0034-766x1024.jpg\" alt=\"\" width=\"766\" height=\"1024\" srcset=\"https:\/\/blogsaverroes.juntadeandalucia.es\/colemediterraneo\/files\/2021\/11\/IMG-20211125-WA0034-766x1024.jpg 766w, https:\/\/blogsaverroes.juntadeandalucia.es\/colemediterraneo\/files\/2021\/11\/IMG-20211125-WA0034-224x300.jpg 224w, https:\/\/blogsaverroes.juntadeandalucia.es\/colemediterraneo\/files\/2021\/11\/IMG-20211125-WA0034-768x1027.jpg 768w, https:\/\/blogsaverroes.juntadeandalucia.es\/colemediterraneo\/files\/2021\/11\/IMG-20211125-WA0034-1149x1536.jpg 1149w, https:\/\/blogsaverroes.juntadeandalucia.es\/colemediterraneo\/files\/2021\/11\/IMG-20211125-WA0034.jpg 1197w\" sizes=\"(max-width: 766px) 100vw, 766px\" \/><\/a> <a href=\"https:\/\/blogsaverroes.juntadeandalucia.es\/colemediterraneo\/a-nivel-de-centro-2\/25-de-noviembre-dia-internacional-contra-la-violencia-hacia-las-mujeres\/img-20211125-wa0035\/\" rel=\"attachment wp-att-30151\"><img loading=\"lazy\" decoding=\"async\" class=\"alignnone size-large wp-image-30151\" src=\"https:\/\/blogsaverroes.juntadeandalucia.es\/colemediterraneo\/files\/2021\/11\/IMG-20211125-WA0035-766x1024.jpg\" alt=\"\" width=\"766\" height=\"1024\" srcset=\"https:\/\/blogsaverroes.juntadeandalucia.es\/colemediterraneo\/files\/2021\/11\/IMG-20211125-WA0035-766x1024.jpg 766w, https:\/\/blogsaverroes.juntadeandalucia.es\/colemediterraneo\/files\/2021\/11\/IMG-20211125-WA0035-224x300.jpg 224w, https:\/\/blogsaverroes.juntadeandalucia.es\/colemediterraneo\/files\/2021\/11\/IMG-20211125-WA0035-768x1027.jpg 768w, https:\/\/blogsaverroes.juntadeandalucia.es\/colemediterraneo\/files\/2021\/11\/IMG-20211125-WA0035-1149x1536.jpg 1149w, https:\/\/blogsaverroes.juntadeandalucia.es\/colemediterraneo\/files\/2021\/11\/IMG-20211125-WA0035.jpg 1197w\" sizes=\"(max-width: 766px) 100vw, 766px\" \/><\/a> <a href=\"https:\/\/blogsaverroes.juntadeandalucia.es\/colemediterraneo\/a-nivel-de-centro-2\/25-de-noviembre-dia-internacional-contra-la-violencia-hacia-las-mujeres\/img-20211125-wa0036\/\" rel=\"attachment wp-att-30152\"><img loading=\"lazy\" decoding=\"async\" class=\"alignnone size-large wp-image-30152\" src=\"https:\/\/blogsaverroes.juntadeandalucia.es\/colemediterraneo\/files\/2021\/11\/IMG-20211125-WA0036-1024x766.jpg\" alt=\"\" width=\"782\" height=\"585\" srcset=\"https:\/\/blogsaverroes.juntadeandalucia.es\/colemediterraneo\/files\/2021\/11\/IMG-20211125-WA0036-1024x766.jpg 1024w, https:\/\/blogsaverroes.juntadeandalucia.es\/colemediterraneo\/files\/2021\/11\/IMG-20211125-WA0036-300x224.jpg 300w, https:\/\/blogsaverroes.juntadeandalucia.es\/colemediterraneo\/files\/2021\/11\/IMG-20211125-WA0036-768x575.jpg 768w, https:\/\/blogsaverroes.juntadeandalucia.es\/colemediterraneo\/files\/2021\/11\/IMG-20211125-WA0036-1536x1149.jpg 1536w, https:\/\/blogsaverroes.juntadeandalucia.es\/colemediterraneo\/files\/2021\/11\/IMG-20211125-WA0036.jpg 1600w\" sizes=\"(max-width: 782px) 100vw, 782px\" \/><\/a> <a href=\"https:\/\/blogsaverroes.juntadeandalucia.es\/colemediterraneo\/a-nivel-de-centro-2\/25-de-noviembre-dia-internacional-contra-la-violencia-hacia-las-mujeres\/img-20211125-wa0037\/\" rel=\"attachment wp-att-30153\"><img loading=\"lazy\" decoding=\"async\" class=\"alignnone size-large wp-image-30153\" src=\"https:\/\/blogsaverroes.juntadeandalucia.es\/colemediterraneo\/files\/2021\/11\/IMG-20211125-WA0037-766x1024.jpg\" alt=\"\" width=\"766\" height=\"1024\" srcset=\"https:\/\/blogsaverroes.juntadeandalucia.es\/colemediterraneo\/files\/2021\/11\/IMG-20211125-WA0037-766x1024.jpg 766w, https:\/\/blogsaverroes.juntadeandalucia.es\/colemediterraneo\/files\/2021\/11\/IMG-20211125-WA0037-224x300.jpg 224w, https:\/\/blogsaverroes.juntadeandalucia.es\/colemediterraneo\/files\/2021\/11\/IMG-20211125-WA0037-768x1027.jpg 768w, https:\/\/blogsaverroes.juntadeandalucia.es\/colemediterraneo\/files\/2021\/11\/IMG-20211125-WA0037-1149x1536.jpg 1149w, https:\/\/blogsaverroes.juntadeandalucia.es\/colemediterraneo\/files\/2021\/11\/IMG-20211125-WA0037.jpg 1197w\" sizes=\"(max-width: 766px) 100vw, 766px\" \/><\/a> <a href=\"https:\/\/blogsaverroes.juntadeandalucia.es\/colemediterraneo\/a-nivel-de-centro-2\/25-de-noviembre-dia-internacional-contra-la-violencia-hacia-las-mujeres\/img-20211125-wa0038\/\" rel=\"attachment wp-att-30154\"><img loading=\"lazy\" decoding=\"async\" class=\"alignnone size-large wp-image-30154\" src=\"https:\/\/blogsaverroes.juntadeandalucia.es\/colemediterraneo\/files\/2021\/11\/IMG-20211125-WA0038-1024x576.jpg\" alt=\"\" width=\"782\" height=\"440\" srcset=\"https:\/\/blogsaverroes.juntadeandalucia.es\/colemediterraneo\/files\/2021\/11\/IMG-20211125-WA0038-1024x576.jpg 1024w, https:\/\/blogsaverroes.juntadeandalucia.es\/colemediterraneo\/files\/2021\/11\/IMG-20211125-WA0038-300x169.jpg 300w, https:\/\/blogsaverroes.juntadeandalucia.es\/colemediterraneo\/files\/2021\/11\/IMG-20211125-WA0038-768x432.jpg 768w, https:\/\/blogsaverroes.juntadeandalucia.es\/colemediterraneo\/files\/2021\/11\/IMG-20211125-WA0038-1536x864.jpg 1536w, https:\/\/blogsaverroes.juntadeandalucia.es\/colemediterraneo\/files\/2021\/11\/IMG-20211125-WA0038.jpg 1600w\" sizes=\"(max-width: 782px) 100vw, 782px\" \/><\/a> <a href=\"https:\/\/blogsaverroes.juntadeandalucia.es\/colemediterraneo\/a-nivel-de-centro-2\/25-de-noviembre-dia-internacional-contra-la-violencia-hacia-las-mujeres\/img-20211125-wa0039\/\" rel=\"attachment wp-att-30155\"><img loading=\"lazy\" decoding=\"async\" class=\"alignnone size-large wp-image-30155\" src=\"https:\/\/blogsaverroes.juntadeandalucia.es\/colemediterraneo\/files\/2021\/11\/IMG-20211125-WA0039-1024x576.jpg\" alt=\"\" width=\"782\" height=\"440\" srcset=\"https:\/\/blogsaverroes.juntadeandalucia.es\/colemediterraneo\/files\/2021\/11\/IMG-20211125-WA0039-1024x576.jpg 1024w, https:\/\/blogsaverroes.juntadeandalucia.es\/colemediterraneo\/files\/2021\/11\/IMG-20211125-WA0039-300x169.jpg 300w, https:\/\/blogsaverroes.juntadeandalucia.es\/colemediterraneo\/files\/2021\/11\/IMG-20211125-WA0039-768x432.jpg 768w, https:\/\/blogsaverroes.juntadeandalucia.es\/colemediterraneo\/files\/2021\/11\/IMG-20211125-WA0039-1536x864.jpg 1536w, https:\/\/blogsaverroes.juntadeandalucia.es\/colemediterraneo\/files\/2021\/11\/IMG-20211125-WA0039.jpg 1600w\" sizes=\"(max-width: 782px) 100vw, 782px\" \/><\/a> <a href=\"https:\/\/blogsaverroes.juntadeandalucia.es\/colemediterraneo\/a-nivel-de-centro-2\/25-de-noviembre-dia-internacional-contra-la-violencia-hacia-las-mujeres\/img-20211125-wa0040\/\" rel=\"attachment wp-att-30156\"><img loading=\"lazy\" decoding=\"async\" class=\"alignnone size-large wp-image-30156\" src=\"https:\/\/blogsaverroes.juntadeandalucia.es\/colemediterraneo\/files\/2021\/11\/IMG-20211125-WA0040-1024x576.jpg\" alt=\"\" width=\"782\" height=\"440\" srcset=\"https:\/\/blogsaverroes.juntadeandalucia.es\/colemediterraneo\/files\/2021\/11\/IMG-20211125-WA0040-1024x576.jpg 1024w, https:\/\/blogsaverroes.juntadeandalucia.es\/colemediterraneo\/files\/2021\/11\/IMG-20211125-WA0040-300x169.jpg 300w, https:\/\/blogsaverroes.juntadeandalucia.es\/colemediterraneo\/files\/2021\/11\/IMG-20211125-WA0040-768x432.jpg 768w, https:\/\/blogsaverroes.juntadeandalucia.es\/colemediterraneo\/files\/2021\/11\/IMG-20211125-WA0040-1536x864.jpg 1536w, https:\/\/blogsaverroes.juntadeandalucia.es\/colemediterraneo\/files\/2021\/11\/IMG-20211125-WA0040.jpg 1600w\" sizes=\"(max-width: 782px) 100vw, 782px\" \/><\/a> <a href=\"https:\/\/blogsaverroes.juntadeandalucia.es\/colemediterraneo\/a-nivel-de-centro-2\/25-de-noviembre-dia-internacional-contra-la-violencia-hacia-las-mujeres\/img-20211125-wa0041\/\" rel=\"attachment wp-att-30157\"><img loading=\"lazy\" decoding=\"async\" class=\"alignnone size-large wp-image-30157\" src=\"https:\/\/blogsaverroes.juntadeandalucia.es\/colemediterraneo\/files\/2021\/11\/IMG-20211125-WA0041-1024x576.jpg\" alt=\"\" width=\"782\" height=\"440\" srcset=\"https:\/\/blogsaverroes.juntadeandalucia.es\/colemediterraneo\/files\/2021\/11\/IMG-20211125-WA0041-1024x576.jpg 1024w, https:\/\/blogsaverroes.juntadeandalucia.es\/colemediterraneo\/files\/2021\/11\/IMG-20211125-WA0041-300x169.jpg 300w, https:\/\/blogsaverroes.juntadeandalucia.es\/colemediterraneo\/files\/2021\/11\/IMG-20211125-WA0041-768x432.jpg 768w, https:\/\/blogsaverroes.juntadeandalucia.es\/colemediterraneo\/files\/2021\/11\/IMG-20211125-WA0041-1536x864.jpg 1536w, https:\/\/blogsaverroes.juntadeandalucia.es\/colemediterraneo\/files\/2021\/11\/IMG-20211125-WA0041.jpg 1600w\" sizes=\"(max-width: 782px) 100vw, 782px\" \/><\/a> <a href=\"https:\/\/blogsaverroes.juntadeandalucia.es\/colemediterraneo\/a-nivel-de-centro-2\/25-de-noviembre-dia-internacional-contra-la-violencia-hacia-las-mujeres\/img-20211125-wa0042\/\" rel=\"attachment wp-att-30158\"><img loading=\"lazy\" decoding=\"async\" class=\"alignnone size-large wp-image-30158\" src=\"https:\/\/blogsaverroes.juntadeandalucia.es\/colemediterraneo\/files\/2021\/11\/IMG-20211125-WA0042-1024x576.jpg\" alt=\"\" width=\"782\" height=\"440\" srcset=\"https:\/\/blogsaverroes.juntadeandalucia.es\/colemediterraneo\/files\/2021\/11\/IMG-20211125-WA0042-1024x576.jpg 1024w, https:\/\/blogsaverroes.juntadeandalucia.es\/colemediterraneo\/files\/2021\/11\/IMG-20211125-WA0042-300x169.jpg 300w, https:\/\/blogsaverroes.juntadeandalucia.es\/colemediterraneo\/files\/2021\/11\/IMG-20211125-WA0042-768x432.jpg 768w, https:\/\/blogsaverroes.juntadeandalucia.es\/colemediterraneo\/files\/2021\/11\/IMG-20211125-WA0042-1536x864.jpg 1536w, https:\/\/blogsaverroes.juntadeandalucia.es\/colemediterraneo\/files\/2021\/11\/IMG-20211125-WA0042.jpg 1600w\" sizes=\"(max-width: 782px) 100vw, 782px\" \/><\/a> <a href=\"https:\/\/blogsaverroes.juntadeandalucia.es\/colemediterraneo\/a-nivel-de-centro-2\/25-de-noviembre-dia-internacional-contra-la-violencia-hacia-las-mujeres\/img-20211125-wa0043\/\" rel=\"attachment wp-att-30159\"><img loading=\"lazy\" decoding=\"async\" class=\"alignnone size-large wp-image-30159\" src=\"https:\/\/blogsaverroes.juntadeandalucia.es\/colemediterraneo\/files\/2021\/11\/IMG-20211125-WA0043-1024x576.jpg\" alt=\"\" width=\"782\" height=\"440\" srcset=\"https:\/\/blogsaverroes.juntadeandalucia.es\/colemediterraneo\/files\/2021\/11\/IMG-20211125-WA0043-1024x576.jpg 1024w, https:\/\/blogsaverroes.juntadeandalucia.es\/colemediterraneo\/files\/2021\/11\/IMG-20211125-WA0043-300x169.jpg 300w, https:\/\/blogsaverroes.juntadeandalucia.es\/colemediterraneo\/files\/2021\/11\/IMG-20211125-WA0043-768x432.jpg 768w, https:\/\/blogsaverroes.juntadeandalucia.es\/colemediterraneo\/files\/2021\/11\/IMG-20211125-WA0043-1536x864.jpg 1536w, https:\/\/blogsaverroes.juntadeandalucia.es\/colemediterraneo\/files\/2021\/11\/IMG-20211125-WA0043.jpg 1600w\" sizes=\"(max-width: 782px) 100vw, 782px\" \/><\/a> <a href=\"https:\/\/blogsaverroes.juntadeandalucia.es\/colemediterraneo\/a-nivel-de-centro-2\/25-de-noviembre-dia-internacional-contra-la-violencia-hacia-las-mujeres\/img-20211125-wa0044\/\" rel=\"attachment wp-att-30160\"><img loading=\"lazy\" decoding=\"async\" class=\"alignnone size-large wp-image-30160\" src=\"https:\/\/blogsaverroes.juntadeandalucia.es\/colemediterraneo\/files\/2021\/11\/IMG-20211125-WA0044-1024x576.jpg\" alt=\"\" width=\"782\" height=\"440\" srcset=\"https:\/\/blogsaverroes.juntadeandalucia.es\/colemediterraneo\/files\/2021\/11\/IMG-20211125-WA0044-1024x576.jpg 1024w, https:\/\/blogsaverroes.juntadeandalucia.es\/colemediterraneo\/files\/2021\/11\/IMG-20211125-WA0044-300x169.jpg 300w, https:\/\/blogsaverroes.juntadeandalucia.es\/colemediterraneo\/files\/2021\/11\/IMG-20211125-WA0044-768x432.jpg 768w, https:\/\/blogsaverroes.juntadeandalucia.es\/colemediterraneo\/files\/2021\/11\/IMG-20211125-WA0044-1536x864.jpg 1536w, https:\/\/blogsaverroes.juntadeandalucia.es\/colemediterraneo\/files\/2021\/11\/IMG-20211125-WA0044.jpg 1600w\" sizes=\"(max-width: 782px) 100vw, 782px\" \/><\/a> <a href=\"https:\/\/blogsaverroes.juntadeandalucia.es\/colemediterraneo\/a-nivel-de-centro-2\/25-de-noviembre-dia-internacional-contra-la-violencia-hacia-las-mujeres\/img-20211125-wa0045\/\" rel=\"attachment wp-att-30161\"><img loading=\"lazy\" decoding=\"async\" class=\"alignnone size-large wp-image-30161\" src=\"https:\/\/blogsaverroes.juntadeandalucia.es\/colemediterraneo\/files\/2021\/11\/IMG-20211125-WA0045-1024x576.jpg\" alt=\"\" width=\"782\" height=\"440\" srcset=\"https:\/\/blogsaverroes.juntadeandalucia.es\/colemediterraneo\/files\/2021\/11\/IMG-20211125-WA0045-1024x576.jpg 1024w, https:\/\/blogsaverroes.juntadeandalucia.es\/colemediterraneo\/files\/2021\/11\/IMG-20211125-WA0045-300x169.jpg 300w, https:\/\/blogsaverroes.juntadeandalucia.es\/colemediterraneo\/files\/2021\/11\/IMG-20211125-WA0045-768x432.jpg 768w, https:\/\/blogsaverroes.juntadeandalucia.es\/colemediterraneo\/files\/2021\/11\/IMG-20211125-WA0045-1536x864.jpg 1536w, https:\/\/blogsaverroes.juntadeandalucia.es\/colemediterraneo\/files\/2021\/11\/IMG-20211125-WA0045.jpg 1600w\" sizes=\"(max-width: 782px) 100vw, 782px\" \/><\/a> <a href=\"https:\/\/blogsaverroes.juntadeandalucia.es\/colemediterraneo\/a-nivel-de-centro-2\/25-de-noviembre-dia-internacional-contra-la-violencia-hacia-las-mujeres\/img-20211125-wa0046\/\" rel=\"attachment wp-att-30162\"><img loading=\"lazy\" decoding=\"async\" class=\"alignnone size-large wp-image-30162\" src=\"https:\/\/blogsaverroes.juntadeandalucia.es\/colemediterraneo\/files\/2021\/11\/IMG-20211125-WA0046-1024x576.jpg\" alt=\"\" width=\"782\" height=\"440\" srcset=\"https:\/\/blogsaverroes.juntadeandalucia.es\/colemediterraneo\/files\/2021\/11\/IMG-20211125-WA0046-1024x576.jpg 1024w, https:\/\/blogsaverroes.juntadeandalucia.es\/colemediterraneo\/files\/2021\/11\/IMG-20211125-WA0046-300x169.jpg 300w, https:\/\/blogsaverroes.juntadeandalucia.es\/colemediterraneo\/files\/2021\/11\/IMG-20211125-WA0046-768x432.jpg 768w, https:\/\/blogsaverroes.juntadeandalucia.es\/colemediterraneo\/files\/2021\/11\/IMG-20211125-WA0046-1536x864.jpg 1536w, https:\/\/blogsaverroes.juntadeandalucia.es\/colemediterraneo\/files\/2021\/11\/IMG-20211125-WA0046.jpg 1600w\" sizes=\"(max-width: 782px) 100vw, 782px\" \/><\/a> <a href=\"https:\/\/blogsaverroes.juntadeandalucia.es\/colemediterraneo\/a-nivel-de-centro-2\/25-de-noviembre-dia-internacional-contra-la-violencia-hacia-las-mujeres\/img-20211125-wa0047\/\" rel=\"attachment wp-att-30163\"><img loading=\"lazy\" decoding=\"async\" class=\"alignnone size-large wp-image-30163\" src=\"https:\/\/blogsaverroes.juntadeandalucia.es\/colemediterraneo\/files\/2021\/11\/IMG-20211125-WA0047-1024x576.jpg\" alt=\"\" width=\"782\" height=\"440\" srcset=\"https:\/\/blogsaverroes.juntadeandalucia.es\/colemediterraneo\/files\/2021\/11\/IMG-20211125-WA0047-1024x576.jpg 1024w, https:\/\/blogsaverroes.juntadeandalucia.es\/colemediterraneo\/files\/2021\/11\/IMG-20211125-WA0047-300x169.jpg 300w, https:\/\/blogsaverroes.juntadeandalucia.es\/colemediterraneo\/files\/2021\/11\/IMG-20211125-WA0047-768x432.jpg 768w, https:\/\/blogsaverroes.juntadeandalucia.es\/colemediterraneo\/files\/2021\/11\/IMG-20211125-WA0047-1536x864.jpg 1536w, https:\/\/blogsaverroes.juntadeandalucia.es\/colemediterraneo\/files\/2021\/11\/IMG-20211125-WA0047.jpg 1600w\" sizes=\"(max-width: 782px) 100vw, 782px\" \/><\/a> <a href=\"https:\/\/blogsaverroes.juntadeandalucia.es\/colemediterraneo\/a-nivel-de-centro-2\/25-de-noviembre-dia-internacional-contra-la-violencia-hacia-las-mujeres\/img-20211125-wa0048\/\" rel=\"attachment wp-att-30164\"><img loading=\"lazy\" decoding=\"async\" class=\"alignnone size-large wp-image-30164\" src=\"https:\/\/blogsaverroes.juntadeandalucia.es\/colemediterraneo\/files\/2021\/11\/IMG-20211125-WA0048-1024x576.jpg\" alt=\"\" width=\"782\" height=\"440\" srcset=\"https:\/\/blogsaverroes.juntadeandalucia.es\/colemediterraneo\/files\/2021\/11\/IMG-20211125-WA0048-1024x576.jpg 1024w, https:\/\/blogsaverroes.juntadeandalucia.es\/colemediterraneo\/files\/2021\/11\/IMG-20211125-WA0048-300x169.jpg 300w, https:\/\/blogsaverroes.juntadeandalucia.es\/colemediterraneo\/files\/2021\/11\/IMG-20211125-WA0048-768x432.jpg 768w, https:\/\/blogsaverroes.juntadeandalucia.es\/colemediterraneo\/files\/2021\/11\/IMG-20211125-WA0048-1536x864.jpg 1536w, https:\/\/blogsaverroes.juntadeandalucia.es\/colemediterraneo\/files\/2021\/11\/IMG-20211125-WA0048.jpg 1600w\" sizes=\"(max-width: 782px) 100vw, 782px\" \/><\/a> <a href=\"https:\/\/blogsaverroes.juntadeandalucia.es\/colemediterraneo\/a-nivel-de-centro-2\/25-de-noviembre-dia-internacional-contra-la-violencia-hacia-las-mujeres\/img-20211125-wa0049\/\" rel=\"attachment wp-att-30165\"><img loading=\"lazy\" decoding=\"async\" class=\"alignnone size-large wp-image-30165\" src=\"https:\/\/blogsaverroes.juntadeandalucia.es\/colemediterraneo\/files\/2021\/11\/IMG-20211125-WA0049-1024x576.jpg\" alt=\"\" width=\"782\" height=\"440\" srcset=\"https:\/\/blogsaverroes.juntadeandalucia.es\/colemediterraneo\/files\/2021\/11\/IMG-20211125-WA0049-1024x576.jpg 1024w, https:\/\/blogsaverroes.juntadeandalucia.es\/colemediterraneo\/files\/2021\/11\/IMG-20211125-WA0049-300x169.jpg 300w, https:\/\/blogsaverroes.juntadeandalucia.es\/colemediterraneo\/files\/2021\/11\/IMG-20211125-WA0049-768x432.jpg 768w, https:\/\/blogsaverroes.juntadeandalucia.es\/colemediterraneo\/files\/2021\/11\/IMG-20211125-WA0049-1536x864.jpg 1536w, https:\/\/blogsaverroes.juntadeandalucia.es\/colemediterraneo\/files\/2021\/11\/IMG-20211125-WA0049.jpg 1600w\" sizes=\"(max-width: 782px) 100vw, 782px\" \/><\/a> <a href=\"https:\/\/blogsaverroes.juntadeandalucia.es\/colemediterraneo\/a-nivel-de-centro-2\/25-de-noviembre-dia-internacional-contra-la-violencia-hacia-las-mujeres\/img-20211125-wa0050\/\" rel=\"attachment wp-att-30166\"><img loading=\"lazy\" decoding=\"async\" class=\"alignnone size-large wp-image-30166\" src=\"https:\/\/blogsaverroes.juntadeandalucia.es\/colemediterraneo\/files\/2021\/11\/IMG-20211125-WA0050-1024x576.jpg\" alt=\"\" width=\"782\" height=\"440\" srcset=\"https:\/\/blogsaverroes.juntadeandalucia.es\/colemediterraneo\/files\/2021\/11\/IMG-20211125-WA0050-1024x576.jpg 1024w, https:\/\/blogsaverroes.juntadeandalucia.es\/colemediterraneo\/files\/2021\/11\/IMG-20211125-WA0050-300x169.jpg 300w, https:\/\/blogsaverroes.juntadeandalucia.es\/colemediterraneo\/files\/2021\/11\/IMG-20211125-WA0050-768x432.jpg 768w, https:\/\/blogsaverroes.juntadeandalucia.es\/colemediterraneo\/files\/2021\/11\/IMG-20211125-WA0050-1536x864.jpg 1536w, https:\/\/blogsaverroes.juntadeandalucia.es\/colemediterraneo\/files\/2021\/11\/IMG-20211125-WA0050.jpg 1600w\" sizes=\"(max-width: 782px) 100vw, 782px\" \/><\/a> <a href=\"https:\/\/blogsaverroes.juntadeandalucia.es\/colemediterraneo\/a-nivel-de-centro-2\/25-de-noviembre-dia-internacional-contra-la-violencia-hacia-las-mujeres\/img-20211125-wa0051\/\" rel=\"attachment wp-att-30167\"><img loading=\"lazy\" decoding=\"async\" class=\"alignnone size-large wp-image-30167\" src=\"https:\/\/blogsaverroes.juntadeandalucia.es\/colemediterraneo\/files\/2021\/11\/IMG-20211125-WA0051-1024x576.jpg\" alt=\"\" width=\"782\" height=\"440\" srcset=\"https:\/\/blogsaverroes.juntadeandalucia.es\/colemediterraneo\/files\/2021\/11\/IMG-20211125-WA0051-1024x576.jpg 1024w, https:\/\/blogsaverroes.juntadeandalucia.es\/colemediterraneo\/files\/2021\/11\/IMG-20211125-WA0051-300x169.jpg 300w, https:\/\/blogsaverroes.juntadeandalucia.es\/colemediterraneo\/files\/2021\/11\/IMG-20211125-WA0051-768x432.jpg 768w, https:\/\/blogsaverroes.juntadeandalucia.es\/colemediterraneo\/files\/2021\/11\/IMG-20211125-WA0051-1536x864.jpg 1536w, https:\/\/blogsaverroes.juntadeandalucia.es\/colemediterraneo\/files\/2021\/11\/IMG-20211125-WA0051.jpg 1600w\" sizes=\"(max-width: 782px) 100vw, 782px\" \/><\/a> <a href=\"https:\/\/blogsaverroes.juntadeandalucia.es\/colemediterraneo\/a-nivel-de-centro-2\/25-de-noviembre-dia-internacional-contra-la-violencia-hacia-las-mujeres\/img-20211125-wa0052\/\" rel=\"attachment wp-att-30168\"><img loading=\"lazy\" decoding=\"async\" class=\"alignnone size-large wp-image-30168\" src=\"https:\/\/blogsaverroes.juntadeandalucia.es\/colemediterraneo\/files\/2021\/11\/IMG-20211125-WA0052-1024x472.jpg\" alt=\"\" width=\"782\" height=\"360\" srcset=\"https:\/\/blogsaverroes.juntadeandalucia.es\/colemediterraneo\/files\/2021\/11\/IMG-20211125-WA0052-1024x472.jpg 1024w, https:\/\/blogsaverroes.juntadeandalucia.es\/colemediterraneo\/files\/2021\/11\/IMG-20211125-WA0052-300x138.jpg 300w, https:\/\/blogsaverroes.juntadeandalucia.es\/colemediterraneo\/files\/2021\/11\/IMG-20211125-WA0052-768x354.jpg 768w, https:\/\/blogsaverroes.juntadeandalucia.es\/colemediterraneo\/files\/2021\/11\/IMG-20211125-WA0052-1536x708.jpg 1536w, https:\/\/blogsaverroes.juntadeandalucia.es\/colemediterraneo\/files\/2021\/11\/IMG-20211125-WA0052.jpg 1600w\" sizes=\"(max-width: 782px) 100vw, 782px\" \/><\/a> <a href=\"https:\/\/blogsaverroes.juntadeandalucia.es\/colemediterraneo\/a-nivel-de-centro-2\/25-de-noviembre-dia-internacional-contra-la-violencia-hacia-las-mujeres\/img-20211125-wa0056\/\" rel=\"attachment wp-att-30169\"><img loading=\"lazy\" decoding=\"async\" class=\"alignnone size-large wp-image-30169\" src=\"https:\/\/blogsaverroes.juntadeandalucia.es\/colemediterraneo\/files\/2021\/11\/IMG-20211125-WA0056-1024x768.jpg\" alt=\"\" width=\"782\" height=\"587\" srcset=\"https:\/\/blogsaverroes.juntadeandalucia.es\/colemediterraneo\/files\/2021\/11\/IMG-20211125-WA0056-1024x768.jpg 1024w, https:\/\/blogsaverroes.juntadeandalucia.es\/colemediterraneo\/files\/2021\/11\/IMG-20211125-WA0056-300x225.jpg 300w, https:\/\/blogsaverroes.juntadeandalucia.es\/colemediterraneo\/files\/2021\/11\/IMG-20211125-WA0056-768x576.jpg 768w, https:\/\/blogsaverroes.juntadeandalucia.es\/colemediterraneo\/files\/2021\/11\/IMG-20211125-WA0056-1536x1152.jpg 1536w, https:\/\/blogsaverroes.juntadeandalucia.es\/colemediterraneo\/files\/2021\/11\/IMG-20211125-WA0056.jpg 1600w\" sizes=\"(max-width: 782px) 100vw, 782px\" \/><\/a> <a href=\"https:\/\/blogsaverroes.juntadeandalucia.es\/colemediterraneo\/a-nivel-de-centro-2\/25-de-noviembre-dia-internacional-contra-la-violencia-hacia-las-mujeres\/img-20211125-wa0057\/\" rel=\"attachment wp-att-30170\"><img loading=\"lazy\" decoding=\"async\" class=\"alignnone size-large wp-image-30170\" src=\"https:\/\/blogsaverroes.juntadeandalucia.es\/colemediterraneo\/files\/2021\/11\/IMG-20211125-WA0057-1024x768.jpg\" alt=\"\" width=\"782\" height=\"587\" srcset=\"https:\/\/blogsaverroes.juntadeandalucia.es\/colemediterraneo\/files\/2021\/11\/IMG-20211125-WA0057-1024x768.jpg 1024w, https:\/\/blogsaverroes.juntadeandalucia.es\/colemediterraneo\/files\/2021\/11\/IMG-20211125-WA0057-300x225.jpg 300w, https:\/\/blogsaverroes.juntadeandalucia.es\/colemediterraneo\/files\/2021\/11\/IMG-20211125-WA0057-768x576.jpg 768w, https:\/\/blogsaverroes.juntadeandalucia.es\/colemediterraneo\/files\/2021\/11\/IMG-20211125-WA0057-1536x1152.jpg 1536w, https:\/\/blogsaverroes.juntadeandalucia.es\/colemediterraneo\/files\/2021\/11\/IMG-20211125-WA0057.jpg 1600w\" sizes=\"(max-width: 782px) 100vw, 782px\" \/><\/a> <a href=\"https:\/\/blogsaverroes.juntadeandalucia.es\/colemediterraneo\/a-nivel-de-centro-2\/25-de-noviembre-dia-internacional-contra-la-violencia-hacia-las-mujeres\/img-20211125-wa0058\/\" rel=\"attachment wp-att-30171\"><img loading=\"lazy\" decoding=\"async\" class=\"alignnone size-large wp-image-30171\" src=\"https:\/\/blogsaverroes.juntadeandalucia.es\/colemediterraneo\/files\/2021\/11\/IMG-20211125-WA0058-1024x768.jpg\" alt=\"\" width=\"782\" height=\"587\" srcset=\"https:\/\/blogsaverroes.juntadeandalucia.es\/colemediterraneo\/files\/2021\/11\/IMG-20211125-WA0058-1024x768.jpg 1024w, https:\/\/blogsaverroes.juntadeandalucia.es\/colemediterraneo\/files\/2021\/11\/IMG-20211125-WA0058-300x225.jpg 300w, https:\/\/blogsaverroes.juntadeandalucia.es\/colemediterraneo\/files\/2021\/11\/IMG-20211125-WA0058-768x576.jpg 768w, https:\/\/blogsaverroes.juntadeandalucia.es\/colemediterraneo\/files\/2021\/11\/IMG-20211125-WA0058-1536x1152.jpg 1536w, https:\/\/blogsaverroes.juntadeandalucia.es\/colemediterraneo\/files\/2021\/11\/IMG-20211125-WA0058.jpg 1600w\" sizes=\"(max-width: 782px) 100vw, 782px\" \/><\/a> <a href=\"https:\/\/blogsaverroes.juntadeandalucia.es\/colemediterraneo\/a-nivel-de-centro-2\/25-de-noviembre-dia-internacional-contra-la-violencia-hacia-las-mujeres\/img-20211125-wa0059\/\" rel=\"attachment wp-att-30172\"><img loading=\"lazy\" decoding=\"async\" class=\"alignnone size-large wp-image-30172\" src=\"https:\/\/blogsaverroes.juntadeandalucia.es\/colemediterraneo\/files\/2021\/11\/IMG-20211125-WA0059-768x1024.jpg\" alt=\"\" width=\"768\" height=\"1024\" srcset=\"https:\/\/blogsaverroes.juntadeandalucia.es\/colemediterraneo\/files\/2021\/11\/IMG-20211125-WA0059-768x1024.jpg 768w, https:\/\/blogsaverroes.juntadeandalucia.es\/colemediterraneo\/files\/2021\/11\/IMG-20211125-WA0059-225x300.jpg 225w, https:\/\/blogsaverroes.juntadeandalucia.es\/colemediterraneo\/files\/2021\/11\/IMG-20211125-WA0059-1152x1536.jpg 1152w, https:\/\/blogsaverroes.juntadeandalucia.es\/colemediterraneo\/files\/2021\/11\/IMG-20211125-WA0059.jpg 1200w\" sizes=\"(max-width: 768px) 100vw, 768px\" \/><\/a> <a href=\"https:\/\/blogsaverroes.juntadeandalucia.es\/colemediterraneo\/a-nivel-de-centro-2\/25-de-noviembre-dia-internacional-contra-la-violencia-hacia-las-mujeres\/img-20211125-wa0124\/\" rel=\"attachment wp-att-30173\"><img loading=\"lazy\" decoding=\"async\" class=\"alignnone size-large wp-image-30173\" src=\"https:\/\/blogsaverroes.juntadeandalucia.es\/colemediterraneo\/files\/2021\/11\/IMG-20211125-WA0124-1024x768.jpg\" alt=\"\" width=\"782\" height=\"587\" srcset=\"https:\/\/blogsaverroes.juntadeandalucia.es\/colemediterraneo\/files\/2021\/11\/IMG-20211125-WA0124-1024x768.jpg 1024w, https:\/\/blogsaverroes.juntadeandalucia.es\/colemediterraneo\/files\/2021\/11\/IMG-20211125-WA0124-300x225.jpg 300w, https:\/\/blogsaverroes.juntadeandalucia.es\/colemediterraneo\/files\/2021\/11\/IMG-20211125-WA0124-768x576.jpg 768w, https:\/\/blogsaverroes.juntadeandalucia.es\/colemediterraneo\/files\/2021\/11\/IMG-20211125-WA0124-1536x1152.jpg 1536w, https:\/\/blogsaverroes.juntadeandalucia.es\/colemediterraneo\/files\/2021\/11\/IMG-20211125-WA0124.jpg 1600w\" sizes=\"(max-width: 782px) 100vw, 782px\" \/><\/a> <a href=\"https:\/\/blogsaverroes.juntadeandalucia.es\/colemediterraneo\/a-nivel-de-centro-2\/25-de-noviembre-dia-internacional-contra-la-violencia-hacia-las-mujeres\/img-20211125-wa0125\/\" rel=\"attachment wp-att-30174\"><img loading=\"lazy\" decoding=\"async\" class=\"alignnone size-large wp-image-30174\" src=\"https:\/\/blogsaverroes.juntadeandalucia.es\/colemediterraneo\/files\/2021\/11\/IMG-20211125-WA0125-1024x768.jpg\" alt=\"\" width=\"782\" height=\"587\" srcset=\"https:\/\/blogsaverroes.juntadeandalucia.es\/colemediterraneo\/files\/2021\/11\/IMG-20211125-WA0125-1024x768.jpg 1024w, https:\/\/blogsaverroes.juntadeandalucia.es\/colemediterraneo\/files\/2021\/11\/IMG-20211125-WA0125-300x225.jpg 300w, https:\/\/blogsaverroes.juntadeandalucia.es\/colemediterraneo\/files\/2021\/11\/IMG-20211125-WA0125-768x576.jpg 768w, https:\/\/blogsaverroes.juntadeandalucia.es\/colemediterraneo\/files\/2021\/11\/IMG-20211125-WA0125-1536x1152.jpg 1536w, https:\/\/blogsaverroes.juntadeandalucia.es\/colemediterraneo\/files\/2021\/11\/IMG-20211125-WA0125.jpg 1600w\" sizes=\"(max-width: 782px) 100vw, 782px\" \/><\/a> <a href=\"https:\/\/blogsaverroes.juntadeandalucia.es\/colemediterraneo\/a-nivel-de-centro-2\/25-de-noviembre-dia-internacional-contra-la-violencia-hacia-las-mujeres\/img-20211125-wa0126\/\" rel=\"attachment wp-att-30175\"><img loading=\"lazy\" decoding=\"async\" class=\"alignnone size-large wp-image-30175\" src=\"https:\/\/blogsaverroes.juntadeandalucia.es\/colemediterraneo\/files\/2021\/11\/IMG-20211125-WA0126-1024x768.jpg\" alt=\"\" width=\"782\" height=\"587\" srcset=\"https:\/\/blogsaverroes.juntadeandalucia.es\/colemediterraneo\/files\/2021\/11\/IMG-20211125-WA0126-1024x768.jpg 1024w, https:\/\/blogsaverroes.juntadeandalucia.es\/colemediterraneo\/files\/2021\/11\/IMG-20211125-WA0126-300x225.jpg 300w, https:\/\/blogsaverroes.juntadeandalucia.es\/colemediterraneo\/files\/2021\/11\/IMG-20211125-WA0126-768x576.jpg 768w, https:\/\/blogsaverroes.juntadeandalucia.es\/colemediterraneo\/files\/2021\/11\/IMG-20211125-WA0126-1536x1152.jpg 1536w, https:\/\/blogsaverroes.juntadeandalucia.es\/colemediterraneo\/files\/2021\/11\/IMG-20211125-WA0126.jpg 1600w\" sizes=\"(max-width: 782px) 100vw, 782px\" \/><\/a> <a href=\"https:\/\/blogsaverroes.juntadeandalucia.es\/colemediterraneo\/a-nivel-de-centro-2\/25-de-noviembre-dia-internacional-contra-la-violencia-hacia-las-mujeres\/img-20211125-wa0127\/\" rel=\"attachment wp-att-30176\"><img loading=\"lazy\" decoding=\"async\" class=\"alignnone size-large wp-image-30176\" src=\"https:\/\/blogsaverroes.juntadeandalucia.es\/colemediterraneo\/files\/2021\/11\/IMG-20211125-WA0127-1024x768.jpg\" alt=\"\" width=\"782\" height=\"587\" srcset=\"https:\/\/blogsaverroes.juntadeandalucia.es\/colemediterraneo\/files\/2021\/11\/IMG-20211125-WA0127-1024x768.jpg 1024w, https:\/\/blogsaverroes.juntadeandalucia.es\/colemediterraneo\/files\/2021\/11\/IMG-20211125-WA0127-300x225.jpg 300w, https:\/\/blogsaverroes.juntadeandalucia.es\/colemediterraneo\/files\/2021\/11\/IMG-20211125-WA0127-768x576.jpg 768w, https:\/\/blogsaverroes.juntadeandalucia.es\/colemediterraneo\/files\/2021\/11\/IMG-20211125-WA0127-1536x1152.jpg 1536w, https:\/\/blogsaverroes.juntadeandalucia.es\/colemediterraneo\/files\/2021\/11\/IMG-20211125-WA0127.jpg 1600w\" sizes=\"(max-width: 782px) 100vw, 782px\" \/><\/a> <a href=\"https:\/\/blogsaverroes.juntadeandalucia.es\/colemediterraneo\/a-nivel-de-centro-2\/25-de-noviembre-dia-internacional-contra-la-violencia-hacia-las-mujeres\/img-20211125-wa0128\/\" rel=\"attachment wp-att-30177\"><img loading=\"lazy\" decoding=\"async\" class=\"alignnone size-large wp-image-30177\" src=\"https:\/\/blogsaverroes.juntadeandalucia.es\/colemediterraneo\/files\/2021\/11\/IMG-20211125-WA0128-1024x768.jpg\" alt=\"\" width=\"782\" height=\"587\" srcset=\"https:\/\/blogsaverroes.juntadeandalucia.es\/colemediterraneo\/files\/2021\/11\/IMG-20211125-WA0128-1024x768.jpg 1024w, https:\/\/blogsaverroes.juntadeandalucia.es\/colemediterraneo\/files\/2021\/11\/IMG-20211125-WA0128-300x225.jpg 300w, https:\/\/blogsaverroes.juntadeandalucia.es\/colemediterraneo\/files\/2021\/11\/IMG-20211125-WA0128-768x576.jpg 768w, https:\/\/blogsaverroes.juntadeandalucia.es\/colemediterraneo\/files\/2021\/11\/IMG-20211125-WA0128-1536x1152.jpg 1536w, https:\/\/blogsaverroes.juntadeandalucia.es\/colemediterraneo\/files\/2021\/11\/IMG-20211125-WA0128.jpg 1600w\" sizes=\"(max-width: 782px) 100vw, 782px\" \/><\/a> <a href=\"https:\/\/blogsaverroes.juntadeandalucia.es\/colemediterraneo\/a-nivel-de-centro-2\/25-de-noviembre-dia-internacional-contra-la-violencia-hacia-las-mujeres\/img-20211125-wa0129\/\" rel=\"attachment wp-att-30178\"><img loading=\"lazy\" decoding=\"async\" class=\"alignnone size-large wp-image-30178\" src=\"https:\/\/blogsaverroes.juntadeandalucia.es\/colemediterraneo\/files\/2021\/11\/IMG-20211125-WA0129-1024x768.jpg\" alt=\"\" width=\"782\" height=\"587\" srcset=\"https:\/\/blogsaverroes.juntadeandalucia.es\/colemediterraneo\/files\/2021\/11\/IMG-20211125-WA0129-1024x768.jpg 1024w, https:\/\/blogsaverroes.juntadeandalucia.es\/colemediterraneo\/files\/2021\/11\/IMG-20211125-WA0129-300x225.jpg 300w, https:\/\/blogsaverroes.juntadeandalucia.es\/colemediterraneo\/files\/2021\/11\/IMG-20211125-WA0129-768x576.jpg 768w, https:\/\/blogsaverroes.juntadeandalucia.es\/colemediterraneo\/files\/2021\/11\/IMG-20211125-WA0129-1536x1152.jpg 1536w, https:\/\/blogsaverroes.juntadeandalucia.es\/colemediterraneo\/files\/2021\/11\/IMG-20211125-WA0129.jpg 1600w\" sizes=\"(max-width: 782px) 100vw, 782px\" \/><\/a> <a href=\"https:\/\/blogsaverroes.juntadeandalucia.es\/colemediterraneo\/a-nivel-de-centro-2\/25-de-noviembre-dia-internacional-contra-la-violencia-hacia-las-mujeres\/img-20211125-wa0130\/\" rel=\"attachment wp-att-30179\"><img loading=\"lazy\" decoding=\"async\" class=\"alignnone size-large wp-image-30179\" src=\"https:\/\/blogsaverroes.juntadeandalucia.es\/colemediterraneo\/files\/2021\/11\/IMG-20211125-WA0130-1024x768.jpg\" alt=\"\" width=\"782\" height=\"587\" srcset=\"https:\/\/blogsaverroes.juntadeandalucia.es\/colemediterraneo\/files\/2021\/11\/IMG-20211125-WA0130-1024x768.jpg 1024w, https:\/\/blogsaverroes.juntadeandalucia.es\/colemediterraneo\/files\/2021\/11\/IMG-20211125-WA0130-300x225.jpg 300w, https:\/\/blogsaverroes.juntadeandalucia.es\/colemediterraneo\/files\/2021\/11\/IMG-20211125-WA0130-768x576.jpg 768w, https:\/\/blogsaverroes.juntadeandalucia.es\/colemediterraneo\/files\/2021\/11\/IMG-20211125-WA0130-1536x1152.jpg 1536w, https:\/\/blogsaverroes.juntadeandalucia.es\/colemediterraneo\/files\/2021\/11\/IMG-20211125-WA0130.jpg 1600w\" sizes=\"(max-width: 782px) 100vw, 782px\" \/><\/a> <a href=\"https:\/\/blogsaverroes.juntadeandalucia.es\/colemediterraneo\/a-nivel-de-centro-2\/25-de-noviembre-dia-internacional-contra-la-violencia-hacia-las-mujeres\/img-20211125-wa0131\/\" rel=\"attachment wp-att-30180\"><img loading=\"lazy\" decoding=\"async\" class=\"alignnone size-large wp-image-30180\" src=\"https:\/\/blogsaverroes.juntadeandalucia.es\/colemediterraneo\/files\/2021\/11\/IMG-20211125-WA0131-768x1024.jpg\" alt=\"\" width=\"768\" height=\"1024\" srcset=\"https:\/\/blogsaverroes.juntadeandalucia.es\/colemediterraneo\/files\/2021\/11\/IMG-20211125-WA0131-768x1024.jpg 768w, https:\/\/blogsaverroes.juntadeandalucia.es\/colemediterraneo\/files\/2021\/11\/IMG-20211125-WA0131-225x300.jpg 225w, https:\/\/blogsaverroes.juntadeandalucia.es\/colemediterraneo\/files\/2021\/11\/IMG-20211125-WA0131-1152x1536.jpg 1152w, https:\/\/blogsaverroes.juntadeandalucia.es\/colemediterraneo\/files\/2021\/11\/IMG-20211125-WA0131.jpg 1200w\" sizes=\"(max-width: 768px) 100vw, 768px\" \/><\/a> <a href=\"https:\/\/blogsaverroes.juntadeandalucia.es\/colemediterraneo\/a-nivel-de-centro-2\/25-de-noviembre-dia-internacional-contra-la-violencia-hacia-las-mujeres\/img-20211125-wa0132\/\" rel=\"attachment wp-att-30181\"><img loading=\"lazy\" decoding=\"async\" class=\"alignnone size-large wp-image-30181\" src=\"https:\/\/blogsaverroes.juntadeandalucia.es\/colemediterraneo\/files\/2021\/11\/IMG-20211125-WA0132-768x1024.jpg\" alt=\"\" width=\"768\" height=\"1024\" srcset=\"https:\/\/blogsaverroes.juntadeandalucia.es\/colemediterraneo\/files\/2021\/11\/IMG-20211125-WA0132-768x1024.jpg 768w, https:\/\/blogsaverroes.juntadeandalucia.es\/colemediterraneo\/files\/2021\/11\/IMG-20211125-WA0132-225x300.jpg 225w, https:\/\/blogsaverroes.juntadeandalucia.es\/colemediterraneo\/files\/2021\/11\/IMG-20211125-WA0132-1152x1536.jpg 1152w, https:\/\/blogsaverroes.juntadeandalucia.es\/colemediterraneo\/files\/2021\/11\/IMG-20211125-WA0132.jpg 1200w\" sizes=\"(max-width: 768px) 100vw, 768px\" \/><\/a> <a href=\"https:\/\/blogsaverroes.juntadeandalucia.es\/colemediterraneo\/a-nivel-de-centro-2\/25-de-noviembre-dia-internacional-contra-la-violencia-hacia-las-mujeres\/img-20211125-wa0133\/\" rel=\"attachment wp-att-30182\"><img loading=\"lazy\" decoding=\"async\" class=\"alignnone size-large wp-image-30182\" src=\"https:\/\/blogsaverroes.juntadeandalucia.es\/colemediterraneo\/files\/2021\/11\/IMG-20211125-WA0133-768x1024.jpg\" alt=\"\" width=\"768\" height=\"1024\" srcset=\"https:\/\/blogsaverroes.juntadeandalucia.es\/colemediterraneo\/files\/2021\/11\/IMG-20211125-WA0133-768x1024.jpg 768w, https:\/\/blogsaverroes.juntadeandalucia.es\/colemediterraneo\/files\/2021\/11\/IMG-20211125-WA0133-225x300.jpg 225w, https:\/\/blogsaverroes.juntadeandalucia.es\/colemediterraneo\/files\/2021\/11\/IMG-20211125-WA0133-1152x1536.jpg 1152w, https:\/\/blogsaverroes.juntadeandalucia.es\/colemediterraneo\/files\/2021\/11\/IMG-20211125-WA0133.jpg 1200w\" sizes=\"(max-width: 768px) 100vw, 768px\" \/><\/a> <a href=\"https:\/\/blogsaverroes.juntadeandalucia.es\/colemediterraneo\/a-nivel-de-centro-2\/25-de-noviembre-dia-internacional-contra-la-violencia-hacia-las-mujeres\/img-20211125-wa0134\/\" rel=\"attachment wp-att-30183\"><img loading=\"lazy\" decoding=\"async\" class=\"alignnone size-large wp-image-30183\" src=\"https:\/\/blogsaverroes.juntadeandalucia.es\/colemediterraneo\/files\/2021\/11\/IMG-20211125-WA0134-768x1024.jpg\" alt=\"\" width=\"768\" height=\"1024\" srcset=\"https:\/\/blogsaverroes.juntadeandalucia.es\/colemediterraneo\/files\/2021\/11\/IMG-20211125-WA0134-768x1024.jpg 768w, https:\/\/blogsaverroes.juntadeandalucia.es\/colemediterraneo\/files\/2021\/11\/IMG-20211125-WA0134-225x300.jpg 225w, https:\/\/blogsaverroes.juntadeandalucia.es\/colemediterraneo\/files\/2021\/11\/IMG-20211125-WA0134-1152x1536.jpg 1152w, https:\/\/blogsaverroes.juntadeandalucia.es\/colemediterraneo\/files\/2021\/11\/IMG-20211125-WA0134.jpg 1200w\" sizes=\"(max-width: 768px) 100vw, 768px\" \/><\/a> <a href=\"https:\/\/blogsaverroes.juntadeandalucia.es\/colemediterraneo\/a-nivel-de-centro-2\/25-de-noviembre-dia-internacional-contra-la-violencia-hacia-las-mujeres\/img-20211125-wa0135\/\" rel=\"attachment wp-att-30184\"><img loading=\"lazy\" decoding=\"async\" class=\"alignnone size-large wp-image-30184\" src=\"https:\/\/blogsaverroes.juntadeandalucia.es\/colemediterraneo\/files\/2021\/11\/IMG-20211125-WA0135-768x1024.jpg\" alt=\"\" width=\"768\" height=\"1024\" srcset=\"https:\/\/blogsaverroes.juntadeandalucia.es\/colemediterraneo\/files\/2021\/11\/IMG-20211125-WA0135-768x1024.jpg 768w, https:\/\/blogsaverroes.juntadeandalucia.es\/colemediterraneo\/files\/2021\/11\/IMG-20211125-WA0135-225x300.jpg 225w, https:\/\/blogsaverroes.juntadeandalucia.es\/colemediterraneo\/files\/2021\/11\/IMG-20211125-WA0135-1152x1536.jpg 1152w, https:\/\/blogsaverroes.juntadeandalucia.es\/colemediterraneo\/files\/2021\/11\/IMG-20211125-WA0135.jpg 1200w\" sizes=\"(max-width: 768px) 100vw, 768px\" \/><\/a> <a href=\"https:\/\/blogsaverroes.juntadeandalucia.es\/colemediterraneo\/a-nivel-de-centro-2\/25-de-noviembre-dia-internacional-contra-la-violencia-hacia-las-mujeres\/img-20211126-wa0011\/\" rel=\"attachment wp-att-30185\"><img loading=\"lazy\" decoding=\"async\" class=\"alignnone size-large wp-image-30185\" src=\"https:\/\/blogsaverroes.juntadeandalucia.es\/colemediterraneo\/files\/2021\/11\/IMG-20211126-WA0011-1024x768.jpg\" alt=\"\" width=\"782\" height=\"587\" srcset=\"https:\/\/blogsaverroes.juntadeandalucia.es\/colemediterraneo\/files\/2021\/11\/IMG-20211126-WA0011-1024x768.jpg 1024w, https:\/\/blogsaverroes.juntadeandalucia.es\/colemediterraneo\/files\/2021\/11\/IMG-20211126-WA0011-300x225.jpg 300w, https:\/\/blogsaverroes.juntadeandalucia.es\/colemediterraneo\/files\/2021\/11\/IMG-20211126-WA0011-768x576.jpg 768w, https:\/\/blogsaverroes.juntadeandalucia.es\/colemediterraneo\/files\/2021\/11\/IMG-20211126-WA0011-1536x1152.jpg 1536w, https:\/\/blogsaverroes.juntadeandalucia.es\/colemediterraneo\/files\/2021\/11\/IMG-20211126-WA0011.jpg 1600w\" sizes=\"(max-width: 782px) 100vw, 782px\" \/><\/a> <a href=\"https:\/\/blogsaverroes.juntadeandalucia.es\/colemediterraneo\/a-nivel-de-centro-2\/25-de-noviembre-dia-internacional-contra-la-violencia-hacia-las-mujeres\/img-20211126-wa0012\/\" rel=\"attachment wp-att-30186\"><img loading=\"lazy\" decoding=\"async\" class=\"alignnone size-large wp-image-30186\" src=\"https:\/\/blogsaverroes.juntadeandalucia.es\/colemediterraneo\/files\/2021\/11\/IMG-20211126-WA0012-1024x768.jpg\" alt=\"\" width=\"782\" height=\"587\" srcset=\"https:\/\/blogsaverroes.juntadeandalucia.es\/colemediterraneo\/files\/2021\/11\/IMG-20211126-WA0012-1024x768.jpg 1024w, https:\/\/blogsaverroes.juntadeandalucia.es\/colemediterraneo\/files\/2021\/11\/IMG-20211126-WA0012-300x225.jpg 300w, https:\/\/blogsaverroes.juntadeandalucia.es\/colemediterraneo\/files\/2021\/11\/IMG-20211126-WA0012-768x576.jpg 768w, https:\/\/blogsaverroes.juntadeandalucia.es\/colemediterraneo\/files\/2021\/11\/IMG-20211126-WA0012-1536x1152.jpg 1536w, https:\/\/blogsaverroes.juntadeandalucia.es\/colemediterraneo\/files\/2021\/11\/IMG-20211126-WA0012.jpg 1600w\" sizes=\"(max-width: 782px) 100vw, 782px\" \/><\/a> <a href=\"https:\/\/blogsaverroes.juntadeandalucia.es\/colemediterraneo\/a-nivel-de-centro-2\/25-de-noviembre-dia-internacional-contra-la-violencia-hacia-las-mujeres\/img-20211126-wa0013\/\" rel=\"attachment wp-att-30187\"><img loading=\"lazy\" decoding=\"async\" class=\"alignnone size-large wp-image-30187\" src=\"https:\/\/blogsaverroes.juntadeandalucia.es\/colemediterraneo\/files\/2021\/11\/IMG-20211126-WA0013-1024x768.jpg\" alt=\"\" width=\"782\" height=\"587\" srcset=\"https:\/\/blogsaverroes.juntadeandalucia.es\/colemediterraneo\/files\/2021\/11\/IMG-20211126-WA0013-1024x768.jpg 1024w, https:\/\/blogsaverroes.juntadeandalucia.es\/colemediterraneo\/files\/2021\/11\/IMG-20211126-WA0013-300x225.jpg 300w, https:\/\/blogsaverroes.juntadeandalucia.es\/colemediterraneo\/files\/2021\/11\/IMG-20211126-WA0013-768x576.jpg 768w, https:\/\/blogsaverroes.juntadeandalucia.es\/colemediterraneo\/files\/2021\/11\/IMG-20211126-WA0013-1536x1152.jpg 1536w, https:\/\/blogsaverroes.juntadeandalucia.es\/colemediterraneo\/files\/2021\/11\/IMG-20211126-WA0013.jpg 1600w\" sizes=\"(max-width: 782px) 100vw, 782px\" \/><\/a><\/p>\n<p>&nbsp;<\/p>\n<p>&nbsp;<\/p>\n","protected":false},"excerpt":{"rendered":"<p>&nbsp; Como todos los a\u00f1os, nuestro centro realiza diversas actividades en relaci\u00f3n a esta fecha.&nbsp; El objetivo principal es concienciar a nuestro alumnado de la importancia de un trato igualitario que permita erradicar la violencia. &nbsp; Algunas de las actividades que se han llevado a cabo han sido, entre otras: -Realizaci\u00f3n de lazos morados, como &hellip; <\/p>\n<p><a class=\"more-link btn\" href=\"https:\/\/blogsaverroes.juntadeandalucia.es\/colemediterraneo\/cursos-anteriores\/curso-2021-2022\/a-nivel-de-centro-2\/primer-trimestre\/25-de-noviembre-dia-internacional-contra-la-violencia-hacia-las-mujeres\/\">Seguir leyendo<\/a><\/p>\n","protected":false},"author":5888,"featured_media":0,"parent":30611,"menu_order":0,"comment_status":"closed","ping_status":"closed","template":"","meta":{"ngg_post_thumbnail":0,"footnotes":"","_mc_calendar":[]},"aioseo_notices":[],"post_mailing_queue_ids":[],"_links":{"self":[{"href":"https:\/\/blogsaverroes.juntadeandalucia.es\/colemediterraneo\/wp-json\/wp\/v2\/pages\/30107"}],"collection":[{"href":"https:\/\/blogsaverroes.juntadeandalucia.es\/colemediterraneo\/wp-json\/wp\/v2\/pages"}],"about":[{"href":"https:\/\/blogsaverroes.juntadeandalucia.es\/colemediterraneo\/wp-json\/wp\/v2\/types\/page"}],"author":[{"embeddable":true,"href":"https:\/\/blogsaverroes.juntadeandalucia.es\/colemediterraneo\/wp-json\/wp\/v2\/users\/5888"}],"replies":[{"embeddable":true,"href":"https:\/\/blogsaverroes.juntadeandalucia.es\/colemediterraneo\/wp-json\/wp\/v2\/comments?post=30107"}],"version-history":[{"count":6,"href":"https:\/\/blogsaverroes.juntadeandalucia.es\/colemediterraneo\/wp-json\/wp\/v2\/pages\/30107\/revisions"}],"predecessor-version":[{"id":30191,"href":"https:\/\/blogsaverroes.juntadeandalucia.es\/colemediterraneo\/wp-json\/wp\/v2\/pages\/30107\/revisions\/30191"}],"up":[{"embeddable":true,"href":"https:\/\/blogsaverroes.juntadeandalucia.es\/colemediterraneo\/wp-json\/wp\/v2\/pages\/30611"}],"wp:attachment":[{"href":"https:\/\/blogsaverroes.juntadeandalucia.es\/colemediterraneo\/wp-json\/wp\/v2\/media?parent=30107"}],"curies":[{"name":"wp","href":"https:\/\/api.w.org\/{rel}","templated":true}]}}