{"id":30743,"date":"2022-02-16T11:25:40","date_gmt":"2022-02-16T11:25:40","guid":{"rendered":"https:\/\/blogsaverroes.juntadeandalucia.es\/colemediterraneo\/?page_id=30743"},"modified":"2022-04-22T09:47:34","modified_gmt":"2022-04-22T09:47:34","slug":"campana-contra-el-uso-de-plasticos","status":"publish","type":"page","link":"https:\/\/blogsaverroes.juntadeandalucia.es\/colemediterraneo\/cursos-anteriores\/curso-2021-2022\/a-nivel-de-centro-2\/segundo-trimestre\/campana-contra-el-uso-de-plasticos\/","title":{"rendered":"Campa\u00f1a contra el uso de Pl\u00e1sticos"},"content":{"rendered":"<p>&nbsp; &nbsp;En nuestro centro somos muy conscientes de la necesidad cada vez mayor de cuidar nuestro planeta. Hay peque\u00f1os gestos que podemos poner en marcha para colaborar en este objetivo.&nbsp; Nuestras estupendas alumnas Claudia y Sof\u00eda de 6\u00ba B nos han propuesto el gran reto de aportar nuestro granito de arena a trav\u00e9s de una f\u00e1cil propuesta, que es: eliminar los pl\u00e1sticos de nuestros recreos para producir el m\u00ednimo posible de residuos durante los mi\u00e9rcoles desde hoy (15 de febrero) hasta final de curso.&nbsp; As\u00ed nos lo contaron a trav\u00e9s de megafon\u00eda a todo el centro.&nbsp; Desde aqu\u00ed queremos felicitarlas por la iniciativa y animar a todo el mundo a colaborar con esta iniciativa.&nbsp;&nbsp;<\/p>\n<p style=\"text-align: center\"><a href=\"https:\/\/blogsaverroes.juntadeandalucia.es\/colemediterraneo\/a-nivel-de-centro-2\/campana-contra-el-uso-de-plasticos\/img-20220215-wa0004\/\" rel=\"attachment wp-att-30745\"><img loading=\"lazy\" decoding=\"async\" class=\"alignnone size-full wp-image-30745\" src=\"https:\/\/blogsaverroes.juntadeandalucia.es\/colemediterraneo\/files\/2022\/02\/IMG-20220215-WA0004.jpg\" alt=\"\" width=\"524\" height=\"700\" srcset=\"https:\/\/blogsaverroes.juntadeandalucia.es\/colemediterraneo\/files\/2022\/02\/IMG-20220215-WA0004.jpg 524w, https:\/\/blogsaverroes.juntadeandalucia.es\/colemediterraneo\/files\/2022\/02\/IMG-20220215-WA0004-225x300.jpg 225w\" sizes=\"(max-width: 524px) 100vw, 524px\" \/><\/a> <a href=\"https:\/\/blogsaverroes.juntadeandalucia.es\/colemediterraneo\/a-nivel-de-centro-2\/campana-contra-el-uso-de-plasticos\/img-20220216-wa0011\/\" rel=\"attachment wp-att-30746\"><img loading=\"lazy\" decoding=\"async\" class=\"alignnone size-large wp-image-30746\" src=\"https:\/\/blogsaverroes.juntadeandalucia.es\/colemediterraneo\/files\/2022\/02\/IMG-20220216-WA0011.jpg\" alt=\"\" width=\"524\" height=\"700\" srcset=\"https:\/\/blogsaverroes.juntadeandalucia.es\/colemediterraneo\/files\/2022\/02\/IMG-20220216-WA0011.jpg 524w, https:\/\/blogsaverroes.juntadeandalucia.es\/colemediterraneo\/files\/2022\/02\/IMG-20220216-WA0011-225x300.jpg 225w\" sizes=\"(max-width: 524px) 100vw, 524px\" \/><\/a> <a href=\"https:\/\/blogsaverroes.juntadeandalucia.es\/colemediterraneo\/a-nivel-de-centro-2\/campana-contra-el-uso-de-plasticos\/img-20220216-wa0012\/\" rel=\"attachment wp-att-30747\"><img loading=\"lazy\" decoding=\"async\" class=\"alignnone size-large wp-image-30747\" src=\"https:\/\/blogsaverroes.juntadeandalucia.es\/colemediterraneo\/files\/2022\/02\/IMG-20220216-WA0012.jpg\" alt=\"\" width=\"524\" height=\"700\" srcset=\"https:\/\/blogsaverroes.juntadeandalucia.es\/colemediterraneo\/files\/2022\/02\/IMG-20220216-WA0012.jpg 524w, https:\/\/blogsaverroes.juntadeandalucia.es\/colemediterraneo\/files\/2022\/02\/IMG-20220216-WA0012-225x300.jpg 225w\" sizes=\"(max-width: 524px) 100vw, 524px\" \/><\/a><\/p>\n","protected":false},"excerpt":{"rendered":"<p>&nbsp; &nbsp;En nuestro centro somos muy conscientes de la necesidad cada vez mayor de cuidar nuestro planeta. Hay peque\u00f1os gestos que podemos poner en marcha para colaborar en este objetivo.&nbsp; Nuestras estupendas alumnas Claudia y Sof\u00eda de 6\u00ba B nos han propuesto el gran reto de aportar nuestro granito de arena a trav\u00e9s de una &hellip; <\/p>\n<p><a class=\"more-link btn\" href=\"https:\/\/blogsaverroes.juntadeandalucia.es\/colemediterraneo\/cursos-anteriores\/curso-2021-2022\/a-nivel-de-centro-2\/segundo-trimestre\/campana-contra-el-uso-de-plasticos\/\">Seguir leyendo<\/a><\/p>\n","protected":false},"author":5888,"featured_media":0,"parent":31355,"menu_order":0,"comment_status":"closed","ping_status":"closed","template":"","meta":{"ngg_post_thumbnail":0,"footnotes":"","_mc_calendar":[]},"aioseo_notices":[],"post_mailing_queue_ids":[],"_links":{"self":[{"href":"https:\/\/blogsaverroes.juntadeandalucia.es\/colemediterraneo\/wp-json\/wp\/v2\/pages\/30743"}],"collection":[{"href":"https:\/\/blogsaverroes.juntadeandalucia.es\/colemediterraneo\/wp-json\/wp\/v2\/pages"}],"about":[{"href":"https:\/\/blogsaverroes.juntadeandalucia.es\/colemediterraneo\/wp-json\/wp\/v2\/types\/page"}],"author":[{"embeddable":true,"href":"https:\/\/blogsaverroes.juntadeandalucia.es\/colemediterraneo\/wp-json\/wp\/v2\/users\/5888"}],"replies":[{"embeddable":true,"href":"https:\/\/blogsaverroes.juntadeandalucia.es\/colemediterraneo\/wp-json\/wp\/v2\/comments?post=30743"}],"version-history":[{"count":5,"href":"https:\/\/blogsaverroes.juntadeandalucia.es\/colemediterraneo\/wp-json\/wp\/v2\/pages\/30743\/revisions"}],"predecessor-version":[{"id":30751,"href":"https:\/\/blogsaverroes.juntadeandalucia.es\/colemediterraneo\/wp-json\/wp\/v2\/pages\/30743\/revisions\/30751"}],"up":[{"embeddable":true,"href":"https:\/\/blogsaverroes.juntadeandalucia.es\/colemediterraneo\/wp-json\/wp\/v2\/pages\/31355"}],"wp:attachment":[{"href":"https:\/\/blogsaverroes.juntadeandalucia.es\/colemediterraneo\/wp-json\/wp\/v2\/media?parent=30743"}],"curies":[{"name":"wp","href":"https:\/\/api.w.org\/{rel}","templated":true}]}}