{"id":30941,"date":"2022-03-09T12:00:14","date_gmt":"2022-03-09T12:00:14","guid":{"rendered":"https:\/\/blogsaverroes.juntadeandalucia.es\/colemediterraneo\/?page_id=30941"},"modified":"2022-04-22T09:41:37","modified_gmt":"2022-04-22T09:41:37","slug":"8-de-marzo-dia-i-de-la-mujer","status":"publish","type":"page","link":"https:\/\/blogsaverroes.juntadeandalucia.es\/colemediterraneo\/cursos-anteriores\/curso-2021-2022\/a-nivel-de-centro-2\/segundo-trimestre\/8-de-marzo-dia-i-de-la-mujer\/","title":{"rendered":"8 de marzo. D\u00eda I de la mujer"},"content":{"rendered":"<p>Un a\u00f1o m\u00e1s conmemoramos el D\u00eda Internacional de la Mujer.&nbsp; Continuando con el estudio comenzado el 11 de febrero (D\u00eda internacional de la mujer y la ni\u00f1a en la ciencia), seguimos con el tema de mujeres inventoras que han dedicado su carrera a salvar vidas.<\/p>\n<p>Estas son las actividades llevadas cabo:<\/p>\n<p>Realizamos distintas actividades para acercarnos m\u00e1s a la trayectoria de las mujeres elegidas para su estudio: videos, lectura de textos, im\u00e1genes para colorear, Adem\u00e1s de banderines decorativos para conmemorar el d\u00eda en cuesti\u00f3n.<br \/>\nCada d\u00eda de la semana ha correspondido &nbsp;a cada una de ellas:<br \/>\n\u2022 Lunes: Florence Nightingale.<br \/>\n\u2022 Martes: Hedy Lamarr.<br \/>\n\u2022 Mi\u00e9rcoles: Stephanie Kwolek.<br \/>\n\u2022 Jueves: Letitia Mumford Geer.<br \/>\n\u2022 Viernes: Anna Connely.<br \/>\n&nbsp;<\/p>\n<p>EN INFANTIL Y PRIMER CICLO<\/p>\n<p>En cada clase se ha le\u00eddo&nbsp; el texto de cada inventora, adaptando en cada caso el texto al nivel de comprensi\u00f3n del alumnado. Despu\u00e9s se realiz\u00f3 el visionado del v\u00eddeo o v\u00eddeos sobre la inventora del d\u00eda, seg\u00fan consideren oportuno. Una vez finalizada la exposici\u00f3n de este material, cada nivel ha realizado una ficha alusiva , por ejemplo coloreando a la inventora que se haya trabajado.<br \/>\nSEGUNDO Y TERCER CICLO<br \/>\nEl alumnado ha le\u00eddo el texto de cada inventora. Despu\u00e9s han &nbsp;el visionado el v\u00eddeo o&nbsp; v\u00eddeos sobre la inventora del d\u00eda.&nbsp; Una vez finalizado han coloreado a la inventora que se haya trabajado en ese d\u00eda en concreto.<br \/>\nEn el&nbsp; Tercer Ciclo han realizado adem\u00e1s de estas, otras actividades a trav\u00e9s de la pizarra digital y han usado un<br \/>\nmayor formato para representarlas.<\/p>\n<p>&nbsp; Adem\u00e1s hemos tenido la visita de la notaria para los sextos: Inmaculada Fern\u00e1ndez-Martos<br \/>\nGay\u00e1 dentro del programa \u201cInspiring Girls\u201d.&nbsp;&nbsp;<br \/>\n&nbsp;Aqu\u00ed os mostramos algunas im\u00e1genes relacionadas con estas actividades:<\/p>\n<p style=\"text-align: center\"><a href=\"https:\/\/blogsaverroes.juntadeandalucia.es\/colemediterraneo\/a-nivel-de-centro-2\/8-de-marzo-dia-i-de-la-mujer\/20220308_111722\/\" rel=\"attachment wp-att-30944\"><img loading=\"lazy\" decoding=\"async\" class=\"alignnone size-full wp-image-30944\" src=\"https:\/\/blogsaverroes.juntadeandalucia.es\/colemediterraneo\/files\/2022\/03\/20220308_111722.jpg\" alt=\"\" width=\"700\" height=\"341\" srcset=\"https:\/\/blogsaverroes.juntadeandalucia.es\/colemediterraneo\/files\/2022\/03\/20220308_111722.jpg 700w, https:\/\/blogsaverroes.juntadeandalucia.es\/colemediterraneo\/files\/2022\/03\/20220308_111722-300x146.jpg 300w\" sizes=\"(max-width: 700px) 100vw, 700px\" \/><\/a> <a href=\"https:\/\/blogsaverroes.juntadeandalucia.es\/colemediterraneo\/a-nivel-de-centro-2\/8-de-marzo-dia-i-de-la-mujer\/20220308_111730\/\" rel=\"attachment wp-att-30945\"><img loading=\"lazy\" decoding=\"async\" class=\"alignnone size-large wp-image-30945\" src=\"https:\/\/blogsaverroes.juntadeandalucia.es\/colemediterraneo\/files\/2022\/03\/20220308_111730.jpg\" alt=\"\" width=\"700\" height=\"341\" srcset=\"https:\/\/blogsaverroes.juntadeandalucia.es\/colemediterraneo\/files\/2022\/03\/20220308_111730.jpg 700w, https:\/\/blogsaverroes.juntadeandalucia.es\/colemediterraneo\/files\/2022\/03\/20220308_111730-300x146.jpg 300w\" sizes=\"(max-width: 700px) 100vw, 700px\" \/><\/a> <a href=\"https:\/\/blogsaverroes.juntadeandalucia.es\/colemediterraneo\/a-nivel-de-centro-2\/8-de-marzo-dia-i-de-la-mujer\/20220308_112204\/\" rel=\"attachment wp-att-30946\"><img loading=\"lazy\" decoding=\"async\" class=\"alignnone size-large wp-image-30946\" src=\"https:\/\/blogsaverroes.juntadeandalucia.es\/colemediterraneo\/files\/2022\/03\/20220308_112204.jpg\" alt=\"\" width=\"341\" height=\"700\" srcset=\"https:\/\/blogsaverroes.juntadeandalucia.es\/colemediterraneo\/files\/2022\/03\/20220308_112204.jpg 341w, https:\/\/blogsaverroes.juntadeandalucia.es\/colemediterraneo\/files\/2022\/03\/20220308_112204-146x300.jpg 146w\" sizes=\"(max-width: 341px) 100vw, 341px\" \/><\/a> <a href=\"https:\/\/blogsaverroes.juntadeandalucia.es\/colemediterraneo\/a-nivel-de-centro-2\/8-de-marzo-dia-i-de-la-mujer\/20220308_112408\/\" rel=\"attachment wp-att-30947\"><img loading=\"lazy\" decoding=\"async\" class=\"alignnone size-large wp-image-30947\" src=\"https:\/\/blogsaverroes.juntadeandalucia.es\/colemediterraneo\/files\/2022\/03\/20220308_112408.jpg\" alt=\"\" width=\"341\" height=\"700\" srcset=\"https:\/\/blogsaverroes.juntadeandalucia.es\/colemediterraneo\/files\/2022\/03\/20220308_112408.jpg 341w, https:\/\/blogsaverroes.juntadeandalucia.es\/colemediterraneo\/files\/2022\/03\/20220308_112408-146x300.jpg 146w\" sizes=\"(max-width: 341px) 100vw, 341px\" \/><\/a> <a href=\"https:\/\/blogsaverroes.juntadeandalucia.es\/colemediterraneo\/a-nivel-de-centro-2\/8-de-marzo-dia-i-de-la-mujer\/20220308_124042\/\" rel=\"attachment wp-att-30948\"><img loading=\"lazy\" decoding=\"async\" class=\"alignnone size-large wp-image-30948\" src=\"https:\/\/blogsaverroes.juntadeandalucia.es\/colemediterraneo\/files\/2022\/03\/20220308_124042.jpg\" alt=\"\" width=\"700\" height=\"341\" srcset=\"https:\/\/blogsaverroes.juntadeandalucia.es\/colemediterraneo\/files\/2022\/03\/20220308_124042.jpg 700w, https:\/\/blogsaverroes.juntadeandalucia.es\/colemediterraneo\/files\/2022\/03\/20220308_124042-300x146.jpg 300w\" sizes=\"(max-width: 700px) 100vw, 700px\" \/><\/a> <a href=\"https:\/\/blogsaverroes.juntadeandalucia.es\/colemediterraneo\/a-nivel-de-centro-2\/8-de-marzo-dia-i-de-la-mujer\/img-20220308-wa0010\/\" rel=\"attachment wp-att-30949\"><img loading=\"lazy\" decoding=\"async\" class=\"alignnone size-large wp-image-30949\" src=\"https:\/\/blogsaverroes.juntadeandalucia.es\/colemediterraneo\/files\/2022\/03\/IMG-20220308-WA0010.jpg\" alt=\"\" width=\"700\" height=\"394\" srcset=\"https:\/\/blogsaverroes.juntadeandalucia.es\/colemediterraneo\/files\/2022\/03\/IMG-20220308-WA0010.jpg 700w, https:\/\/blogsaverroes.juntadeandalucia.es\/colemediterraneo\/files\/2022\/03\/IMG-20220308-WA0010-300x169.jpg 300w\" sizes=\"(max-width: 700px) 100vw, 700px\" \/><\/a> <a href=\"https:\/\/blogsaverroes.juntadeandalucia.es\/colemediterraneo\/a-nivel-de-centro-2\/8-de-marzo-dia-i-de-la-mujer\/img-20220308-wa0011\/\" rel=\"attachment wp-att-30950\"><img loading=\"lazy\" decoding=\"async\" class=\"alignnone size-large wp-image-30950\" src=\"https:\/\/blogsaverroes.juntadeandalucia.es\/colemediterraneo\/files\/2022\/03\/IMG-20220308-WA0011.jpg\" alt=\"\" width=\"394\" height=\"700\" srcset=\"https:\/\/blogsaverroes.juntadeandalucia.es\/colemediterraneo\/files\/2022\/03\/IMG-20220308-WA0011.jpg 394w, https:\/\/blogsaverroes.juntadeandalucia.es\/colemediterraneo\/files\/2022\/03\/IMG-20220308-WA0011-169x300.jpg 169w\" sizes=\"(max-width: 394px) 100vw, 394px\" \/><\/a> <a href=\"https:\/\/blogsaverroes.juntadeandalucia.es\/colemediterraneo\/a-nivel-de-centro-2\/8-de-marzo-dia-i-de-la-mujer\/img-20220308-wa0014\/\" rel=\"attachment wp-att-30951\"><img loading=\"lazy\" decoding=\"async\" class=\"alignnone size-large wp-image-30951\" src=\"https:\/\/blogsaverroes.juntadeandalucia.es\/colemediterraneo\/files\/2022\/03\/IMG-20220308-WA0014.jpg\" alt=\"\" width=\"700\" height=\"394\" srcset=\"https:\/\/blogsaverroes.juntadeandalucia.es\/colemediterraneo\/files\/2022\/03\/IMG-20220308-WA0014.jpg 700w, https:\/\/blogsaverroes.juntadeandalucia.es\/colemediterraneo\/files\/2022\/03\/IMG-20220308-WA0014-300x169.jpg 300w\" sizes=\"(max-width: 700px) 100vw, 700px\" \/><\/a> <a href=\"https:\/\/blogsaverroes.juntadeandalucia.es\/colemediterraneo\/a-nivel-de-centro-2\/8-de-marzo-dia-i-de-la-mujer\/img-20220308-wa0015\/\" rel=\"attachment wp-att-30952\"><img loading=\"lazy\" decoding=\"async\" class=\"alignnone size-large wp-image-30952\" src=\"https:\/\/blogsaverroes.juntadeandalucia.es\/colemediterraneo\/files\/2022\/03\/IMG-20220308-WA0015.jpg\" alt=\"\" width=\"700\" height=\"394\" srcset=\"https:\/\/blogsaverroes.juntadeandalucia.es\/colemediterraneo\/files\/2022\/03\/IMG-20220308-WA0015.jpg 700w, https:\/\/blogsaverroes.juntadeandalucia.es\/colemediterraneo\/files\/2022\/03\/IMG-20220308-WA0015-300x169.jpg 300w\" sizes=\"(max-width: 700px) 100vw, 700px\" \/><\/a> <a href=\"https:\/\/blogsaverroes.juntadeandalucia.es\/colemediterraneo\/a-nivel-de-centro-2\/8-de-marzo-dia-i-de-la-mujer\/img-20220308-wa0016\/\" rel=\"attachment wp-att-30953\"><img loading=\"lazy\" decoding=\"async\" class=\"alignnone size-large wp-image-30953\" src=\"https:\/\/blogsaverroes.juntadeandalucia.es\/colemediterraneo\/files\/2022\/03\/IMG-20220308-WA0016.jpg\" alt=\"\" width=\"700\" height=\"394\" srcset=\"https:\/\/blogsaverroes.juntadeandalucia.es\/colemediterraneo\/files\/2022\/03\/IMG-20220308-WA0016.jpg 700w, https:\/\/blogsaverroes.juntadeandalucia.es\/colemediterraneo\/files\/2022\/03\/IMG-20220308-WA0016-300x169.jpg 300w\" sizes=\"(max-width: 700px) 100vw, 700px\" \/><\/a> <a href=\"https:\/\/blogsaverroes.juntadeandalucia.es\/colemediterraneo\/a-nivel-de-centro-2\/8-de-marzo-dia-i-de-la-mujer\/img-20220308-wa0017\/\" rel=\"attachment wp-att-30954\"><img loading=\"lazy\" decoding=\"async\" class=\"alignnone size-large wp-image-30954\" src=\"https:\/\/blogsaverroes.juntadeandalucia.es\/colemediterraneo\/files\/2022\/03\/IMG-20220308-WA0017.jpg\" alt=\"\" width=\"700\" height=\"394\" srcset=\"https:\/\/blogsaverroes.juntadeandalucia.es\/colemediterraneo\/files\/2022\/03\/IMG-20220308-WA0017.jpg 700w, https:\/\/blogsaverroes.juntadeandalucia.es\/colemediterraneo\/files\/2022\/03\/IMG-20220308-WA0017-300x169.jpg 300w\" sizes=\"(max-width: 700px) 100vw, 700px\" \/><\/a> <a href=\"https:\/\/blogsaverroes.juntadeandalucia.es\/colemediterraneo\/a-nivel-de-centro-2\/8-de-marzo-dia-i-de-la-mujer\/img-20220308-wa0019\/\" rel=\"attachment wp-att-30955\"><img loading=\"lazy\" decoding=\"async\" class=\"alignnone size-large wp-image-30955\" src=\"https:\/\/blogsaverroes.juntadeandalucia.es\/colemediterraneo\/files\/2022\/03\/IMG-20220308-WA0019.jpg\" alt=\"\" width=\"700\" height=\"316\" srcset=\"https:\/\/blogsaverroes.juntadeandalucia.es\/colemediterraneo\/files\/2022\/03\/IMG-20220308-WA0019.jpg 700w, https:\/\/blogsaverroes.juntadeandalucia.es\/colemediterraneo\/files\/2022\/03\/IMG-20220308-WA0019-300x135.jpg 300w\" sizes=\"(max-width: 700px) 100vw, 700px\" \/><\/a> <a href=\"https:\/\/blogsaverroes.juntadeandalucia.es\/colemediterraneo\/a-nivel-de-centro-2\/8-de-marzo-dia-i-de-la-mujer\/img-20220308-wa0020\/\" rel=\"attachment wp-att-30956\"><img loading=\"lazy\" decoding=\"async\" class=\"alignnone size-large wp-image-30956\" src=\"https:\/\/blogsaverroes.juntadeandalucia.es\/colemediterraneo\/files\/2022\/03\/IMG-20220308-WA0020.jpg\" alt=\"\" width=\"700\" height=\"525\" srcset=\"https:\/\/blogsaverroes.juntadeandalucia.es\/colemediterraneo\/files\/2022\/03\/IMG-20220308-WA0020.jpg 700w, https:\/\/blogsaverroes.juntadeandalucia.es\/colemediterraneo\/files\/2022\/03\/IMG-20220308-WA0020-300x225.jpg 300w\" sizes=\"(max-width: 700px) 100vw, 700px\" \/><\/a> <a href=\"https:\/\/blogsaverroes.juntadeandalucia.es\/colemediterraneo\/a-nivel-de-centro-2\/8-de-marzo-dia-i-de-la-mujer\/img-20220308-wa0021\/\" rel=\"attachment wp-att-30957\"><img loading=\"lazy\" decoding=\"async\" class=\"alignnone size-large wp-image-30957\" src=\"https:\/\/blogsaverroes.juntadeandalucia.es\/colemediterraneo\/files\/2022\/03\/IMG-20220308-WA0021.jpg\" alt=\"\" width=\"700\" height=\"525\" srcset=\"https:\/\/blogsaverroes.juntadeandalucia.es\/colemediterraneo\/files\/2022\/03\/IMG-20220308-WA0021.jpg 700w, https:\/\/blogsaverroes.juntadeandalucia.es\/colemediterraneo\/files\/2022\/03\/IMG-20220308-WA0021-300x225.jpg 300w\" sizes=\"(max-width: 700px) 100vw, 700px\" \/><\/a> <a href=\"https:\/\/blogsaverroes.juntadeandalucia.es\/colemediterraneo\/a-nivel-de-centro-2\/8-de-marzo-dia-i-de-la-mujer\/img-20220308-wa0022\/\" rel=\"attachment wp-att-30958\"><img loading=\"lazy\" decoding=\"async\" class=\"alignnone size-large wp-image-30958\" src=\"https:\/\/blogsaverroes.juntadeandalucia.es\/colemediterraneo\/files\/2022\/03\/IMG-20220308-WA0022.jpg\" alt=\"\" width=\"700\" height=\"525\" srcset=\"https:\/\/blogsaverroes.juntadeandalucia.es\/colemediterraneo\/files\/2022\/03\/IMG-20220308-WA0022.jpg 700w, https:\/\/blogsaverroes.juntadeandalucia.es\/colemediterraneo\/files\/2022\/03\/IMG-20220308-WA0022-300x225.jpg 300w\" sizes=\"(max-width: 700px) 100vw, 700px\" \/><\/a> <a href=\"https:\/\/blogsaverroes.juntadeandalucia.es\/colemediterraneo\/a-nivel-de-centro-2\/8-de-marzo-dia-i-de-la-mujer\/img-20220308-wa0023\/\" rel=\"attachment wp-att-30959\"><img loading=\"lazy\" decoding=\"async\" class=\"alignnone size-large wp-image-30959\" src=\"https:\/\/blogsaverroes.juntadeandalucia.es\/colemediterraneo\/files\/2022\/03\/IMG-20220308-WA0023.jpg\" alt=\"\" width=\"525\" height=\"700\" srcset=\"https:\/\/blogsaverroes.juntadeandalucia.es\/colemediterraneo\/files\/2022\/03\/IMG-20220308-WA0023.jpg 525w, https:\/\/blogsaverroes.juntadeandalucia.es\/colemediterraneo\/files\/2022\/03\/IMG-20220308-WA0023-225x300.jpg 225w\" sizes=\"(max-width: 525px) 100vw, 525px\" \/><\/a> <a href=\"https:\/\/blogsaverroes.juntadeandalucia.es\/colemediterraneo\/a-nivel-de-centro-2\/8-de-marzo-dia-i-de-la-mujer\/img-20220308-wa0024\/\" rel=\"attachment wp-att-30960\"><img loading=\"lazy\" decoding=\"async\" class=\"alignnone size-large wp-image-30960\" src=\"https:\/\/blogsaverroes.juntadeandalucia.es\/colemediterraneo\/files\/2022\/03\/IMG-20220308-WA0024.jpg\" alt=\"\" width=\"525\" height=\"700\" srcset=\"https:\/\/blogsaverroes.juntadeandalucia.es\/colemediterraneo\/files\/2022\/03\/IMG-20220308-WA0024.jpg 525w, https:\/\/blogsaverroes.juntadeandalucia.es\/colemediterraneo\/files\/2022\/03\/IMG-20220308-WA0024-225x300.jpg 225w\" sizes=\"(max-width: 525px) 100vw, 525px\" \/><\/a> <a href=\"https:\/\/blogsaverroes.juntadeandalucia.es\/colemediterraneo\/a-nivel-de-centro-2\/8-de-marzo-dia-i-de-la-mujer\/img-20220308-wa0025\/\" rel=\"attachment wp-att-30961\"><img loading=\"lazy\" decoding=\"async\" class=\"alignnone size-large wp-image-30961\" src=\"https:\/\/blogsaverroes.juntadeandalucia.es\/colemediterraneo\/files\/2022\/03\/IMG-20220308-WA0025.jpg\" alt=\"\" width=\"525\" height=\"700\" srcset=\"https:\/\/blogsaverroes.juntadeandalucia.es\/colemediterraneo\/files\/2022\/03\/IMG-20220308-WA0025.jpg 525w, https:\/\/blogsaverroes.juntadeandalucia.es\/colemediterraneo\/files\/2022\/03\/IMG-20220308-WA0025-225x300.jpg 225w\" sizes=\"(max-width: 525px) 100vw, 525px\" \/><\/a> <a href=\"https:\/\/blogsaverroes.juntadeandalucia.es\/colemediterraneo\/a-nivel-de-centro-2\/8-de-marzo-dia-i-de-la-mujer\/img-20220308-wa0026\/\" rel=\"attachment wp-att-30962\"><img loading=\"lazy\" decoding=\"async\" class=\"alignnone size-large wp-image-30962\" src=\"https:\/\/blogsaverroes.juntadeandalucia.es\/colemediterraneo\/files\/2022\/03\/IMG-20220308-WA0026.jpg\" alt=\"\" width=\"525\" height=\"700\" srcset=\"https:\/\/blogsaverroes.juntadeandalucia.es\/colemediterraneo\/files\/2022\/03\/IMG-20220308-WA0026.jpg 525w, https:\/\/blogsaverroes.juntadeandalucia.es\/colemediterraneo\/files\/2022\/03\/IMG-20220308-WA0026-225x300.jpg 225w\" sizes=\"(max-width: 525px) 100vw, 525px\" \/><\/a> <a href=\"https:\/\/blogsaverroes.juntadeandalucia.es\/colemediterraneo\/a-nivel-de-centro-2\/8-de-marzo-dia-i-de-la-mujer\/img-20220308-wa0027\/\" rel=\"attachment wp-att-30963\"><img loading=\"lazy\" decoding=\"async\" class=\"alignnone size-large wp-image-30963\" src=\"https:\/\/blogsaverroes.juntadeandalucia.es\/colemediterraneo\/files\/2022\/03\/IMG-20220308-WA0027.jpg\" alt=\"\" width=\"525\" height=\"700\" srcset=\"https:\/\/blogsaverroes.juntadeandalucia.es\/colemediterraneo\/files\/2022\/03\/IMG-20220308-WA0027.jpg 525w, https:\/\/blogsaverroes.juntadeandalucia.es\/colemediterraneo\/files\/2022\/03\/IMG-20220308-WA0027-225x300.jpg 225w\" sizes=\"(max-width: 525px) 100vw, 525px\" \/><\/a> <a href=\"https:\/\/blogsaverroes.juntadeandalucia.es\/colemediterraneo\/a-nivel-de-centro-2\/8-de-marzo-dia-i-de-la-mujer\/img-20220308-wa0028\/\" rel=\"attachment wp-att-30964\"><img loading=\"lazy\" decoding=\"async\" class=\"alignnone size-large wp-image-30964\" src=\"https:\/\/blogsaverroes.juntadeandalucia.es\/colemediterraneo\/files\/2022\/03\/IMG-20220308-WA0028.jpg\" alt=\"\" width=\"525\" height=\"700\" srcset=\"https:\/\/blogsaverroes.juntadeandalucia.es\/colemediterraneo\/files\/2022\/03\/IMG-20220308-WA0028.jpg 525w, https:\/\/blogsaverroes.juntadeandalucia.es\/colemediterraneo\/files\/2022\/03\/IMG-20220308-WA0028-225x300.jpg 225w\" sizes=\"(max-width: 525px) 100vw, 525px\" \/><\/a> <a href=\"https:\/\/blogsaverroes.juntadeandalucia.es\/colemediterraneo\/a-nivel-de-centro-2\/8-de-marzo-dia-i-de-la-mujer\/img-20220308-wa0029\/\" rel=\"attachment wp-att-30965\"><img loading=\"lazy\" decoding=\"async\" class=\"alignnone size-large wp-image-30965\" src=\"https:\/\/blogsaverroes.juntadeandalucia.es\/colemediterraneo\/files\/2022\/03\/IMG-20220308-WA0029.jpg\" alt=\"\" width=\"525\" height=\"700\" srcset=\"https:\/\/blogsaverroes.juntadeandalucia.es\/colemediterraneo\/files\/2022\/03\/IMG-20220308-WA0029.jpg 525w, https:\/\/blogsaverroes.juntadeandalucia.es\/colemediterraneo\/files\/2022\/03\/IMG-20220308-WA0029-225x300.jpg 225w\" sizes=\"(max-width: 525px) 100vw, 525px\" \/><\/a> <a href=\"https:\/\/blogsaverroes.juntadeandalucia.es\/colemediterraneo\/a-nivel-de-centro-2\/8-de-marzo-dia-i-de-la-mujer\/img-20220308-wa0032\/\" rel=\"attachment wp-att-30966\"><img loading=\"lazy\" decoding=\"async\" class=\"alignnone size-large wp-image-30966\" src=\"https:\/\/blogsaverroes.juntadeandalucia.es\/colemediterraneo\/files\/2022\/03\/IMG-20220308-WA0032.jpg\" alt=\"\" width=\"700\" height=\"323\" srcset=\"https:\/\/blogsaverroes.juntadeandalucia.es\/colemediterraneo\/files\/2022\/03\/IMG-20220308-WA0032.jpg 700w, https:\/\/blogsaverroes.juntadeandalucia.es\/colemediterraneo\/files\/2022\/03\/IMG-20220308-WA0032-300x138.jpg 300w\" sizes=\"(max-width: 700px) 100vw, 700px\" \/><\/a> <a href=\"https:\/\/blogsaverroes.juntadeandalucia.es\/colemediterraneo\/a-nivel-de-centro-2\/8-de-marzo-dia-i-de-la-mujer\/img-20220308-wa0033\/\" rel=\"attachment wp-att-30967\"><img loading=\"lazy\" decoding=\"async\" class=\"alignnone size-large wp-image-30967\" src=\"https:\/\/blogsaverroes.juntadeandalucia.es\/colemediterraneo\/files\/2022\/03\/IMG-20220308-WA0033.jpg\" alt=\"\" width=\"525\" height=\"700\" srcset=\"https:\/\/blogsaverroes.juntadeandalucia.es\/colemediterraneo\/files\/2022\/03\/IMG-20220308-WA0033.jpg 525w, https:\/\/blogsaverroes.juntadeandalucia.es\/colemediterraneo\/files\/2022\/03\/IMG-20220308-WA0033-225x300.jpg 225w\" sizes=\"(max-width: 525px) 100vw, 525px\" \/><\/a> <a href=\"https:\/\/blogsaverroes.juntadeandalucia.es\/colemediterraneo\/a-nivel-de-centro-2\/8-de-marzo-dia-i-de-la-mujer\/img-20220308-wa0034\/\" rel=\"attachment wp-att-30968\"><img loading=\"lazy\" decoding=\"async\" class=\"alignnone size-large wp-image-30968\" src=\"https:\/\/blogsaverroes.juntadeandalucia.es\/colemediterraneo\/files\/2022\/03\/IMG-20220308-WA0034.jpg\" alt=\"\" width=\"525\" height=\"700\" srcset=\"https:\/\/blogsaverroes.juntadeandalucia.es\/colemediterraneo\/files\/2022\/03\/IMG-20220308-WA0034.jpg 525w, https:\/\/blogsaverroes.juntadeandalucia.es\/colemediterraneo\/files\/2022\/03\/IMG-20220308-WA0034-225x300.jpg 225w\" sizes=\"(max-width: 525px) 100vw, 525px\" \/><\/a> <a href=\"https:\/\/blogsaverroes.juntadeandalucia.es\/colemediterraneo\/a-nivel-de-centro-2\/8-de-marzo-dia-i-de-la-mujer\/img-20220308-wa0035\/\" rel=\"attachment wp-att-30969\"><img loading=\"lazy\" decoding=\"async\" class=\"alignnone size-large wp-image-30969\" src=\"https:\/\/blogsaverroes.juntadeandalucia.es\/colemediterraneo\/files\/2022\/03\/IMG-20220308-WA0035.jpg\" alt=\"\" width=\"700\" height=\"525\" srcset=\"https:\/\/blogsaverroes.juntadeandalucia.es\/colemediterraneo\/files\/2022\/03\/IMG-20220308-WA0035.jpg 700w, https:\/\/blogsaverroes.juntadeandalucia.es\/colemediterraneo\/files\/2022\/03\/IMG-20220308-WA0035-300x225.jpg 300w\" sizes=\"(max-width: 700px) 100vw, 700px\" \/><\/a> <a href=\"https:\/\/blogsaverroes.juntadeandalucia.es\/colemediterraneo\/a-nivel-de-centro-2\/8-de-marzo-dia-i-de-la-mujer\/img-20220308-wa0045\/\" rel=\"attachment wp-att-30970\"><img loading=\"lazy\" decoding=\"async\" class=\"alignnone size-large wp-image-30970\" src=\"https:\/\/blogsaverroes.juntadeandalucia.es\/colemediterraneo\/files\/2022\/03\/IMG-20220308-WA0045.jpg\" alt=\"\" width=\"700\" height=\"316\" srcset=\"https:\/\/blogsaverroes.juntadeandalucia.es\/colemediterraneo\/files\/2022\/03\/IMG-20220308-WA0045.jpg 700w, https:\/\/blogsaverroes.juntadeandalucia.es\/colemediterraneo\/files\/2022\/03\/IMG-20220308-WA0045-300x135.jpg 300w\" sizes=\"(max-width: 700px) 100vw, 700px\" \/><\/a> <a href=\"https:\/\/blogsaverroes.juntadeandalucia.es\/colemediterraneo\/a-nivel-de-centro-2\/8-de-marzo-dia-i-de-la-mujer\/img-20220308-wa0046\/\" rel=\"attachment wp-att-30971\"><img loading=\"lazy\" decoding=\"async\" class=\"alignnone size-large wp-image-30971\" src=\"https:\/\/blogsaverroes.juntadeandalucia.es\/colemediterraneo\/files\/2022\/03\/IMG-20220308-WA0046.jpg\" alt=\"\" width=\"700\" height=\"525\" srcset=\"https:\/\/blogsaverroes.juntadeandalucia.es\/colemediterraneo\/files\/2022\/03\/IMG-20220308-WA0046.jpg 700w, https:\/\/blogsaverroes.juntadeandalucia.es\/colemediterraneo\/files\/2022\/03\/IMG-20220308-WA0046-300x225.jpg 300w\" sizes=\"(max-width: 700px) 100vw, 700px\" \/><\/a> <a href=\"https:\/\/blogsaverroes.juntadeandalucia.es\/colemediterraneo\/a-nivel-de-centro-2\/8-de-marzo-dia-i-de-la-mujer\/img-20220308-wa0047\/\" rel=\"attachment wp-att-30972\"><img loading=\"lazy\" decoding=\"async\" class=\"alignnone size-large wp-image-30972\" src=\"https:\/\/blogsaverroes.juntadeandalucia.es\/colemediterraneo\/files\/2022\/03\/IMG-20220308-WA0047.jpg\" alt=\"\" width=\"700\" height=\"379\" srcset=\"https:\/\/blogsaverroes.juntadeandalucia.es\/colemediterraneo\/files\/2022\/03\/IMG-20220308-WA0047.jpg 700w, https:\/\/blogsaverroes.juntadeandalucia.es\/colemediterraneo\/files\/2022\/03\/IMG-20220308-WA0047-300x162.jpg 300w\" sizes=\"(max-width: 700px) 100vw, 700px\" \/><\/a> <a href=\"https:\/\/blogsaverroes.juntadeandalucia.es\/colemediterraneo\/a-nivel-de-centro-2\/8-de-marzo-dia-i-de-la-mujer\/img-20220308-wa0051\/\" rel=\"attachment wp-att-30973\"><img loading=\"lazy\" decoding=\"async\" class=\"alignnone size-large wp-image-30973\" src=\"https:\/\/blogsaverroes.juntadeandalucia.es\/colemediterraneo\/files\/2022\/03\/IMG-20220308-WA0051.jpg\" alt=\"\" width=\"700\" height=\"524\" srcset=\"https:\/\/blogsaverroes.juntadeandalucia.es\/colemediterraneo\/files\/2022\/03\/IMG-20220308-WA0051.jpg 700w, https:\/\/blogsaverroes.juntadeandalucia.es\/colemediterraneo\/files\/2022\/03\/IMG-20220308-WA0051-300x225.jpg 300w\" sizes=\"(max-width: 700px) 100vw, 700px\" \/><\/a> <a href=\"https:\/\/blogsaverroes.juntadeandalucia.es\/colemediterraneo\/a-nivel-de-centro-2\/8-de-marzo-dia-i-de-la-mujer\/img-20220308-wa0052\/\" rel=\"attachment wp-att-30974\"><img loading=\"lazy\" decoding=\"async\" class=\"alignnone size-large wp-image-30974\" src=\"https:\/\/blogsaverroes.juntadeandalucia.es\/colemediterraneo\/files\/2022\/03\/IMG-20220308-WA0052.jpg\" alt=\"\" width=\"524\" height=\"700\" srcset=\"https:\/\/blogsaverroes.juntadeandalucia.es\/colemediterraneo\/files\/2022\/03\/IMG-20220308-WA0052.jpg 524w, https:\/\/blogsaverroes.juntadeandalucia.es\/colemediterraneo\/files\/2022\/03\/IMG-20220308-WA0052-225x300.jpg 225w\" sizes=\"(max-width: 524px) 100vw, 524px\" \/><\/a> <a href=\"https:\/\/blogsaverroes.juntadeandalucia.es\/colemediterraneo\/a-nivel-de-centro-2\/8-de-marzo-dia-i-de-la-mujer\/img-20220308-wa0053\/\" rel=\"attachment wp-att-30975\"><img loading=\"lazy\" decoding=\"async\" class=\"alignnone size-large wp-image-30975\" src=\"https:\/\/blogsaverroes.juntadeandalucia.es\/colemediterraneo\/files\/2022\/03\/IMG-20220308-WA0053.jpg\" alt=\"\" width=\"524\" height=\"700\" srcset=\"https:\/\/blogsaverroes.juntadeandalucia.es\/colemediterraneo\/files\/2022\/03\/IMG-20220308-WA0053.jpg 524w, https:\/\/blogsaverroes.juntadeandalucia.es\/colemediterraneo\/files\/2022\/03\/IMG-20220308-WA0053-225x300.jpg 225w\" sizes=\"(max-width: 524px) 100vw, 524px\" \/><\/a><\/p>\n<p>&nbsp;<\/p>\n","protected":false},"excerpt":{"rendered":"<p>Un a\u00f1o m\u00e1s conmemoramos el D\u00eda Internacional de la Mujer.&nbsp; Continuando con el estudio comenzado el 11 de febrero (D\u00eda internacional de la mujer y la ni\u00f1a en la ciencia), seguimos con el tema de mujeres inventoras que han dedicado su carrera a salvar vidas. Estas son las actividades llevadas cabo: Realizamos distintas actividades para &hellip; <\/p>\n<p><a class=\"more-link btn\" href=\"https:\/\/blogsaverroes.juntadeandalucia.es\/colemediterraneo\/cursos-anteriores\/curso-2021-2022\/a-nivel-de-centro-2\/segundo-trimestre\/8-de-marzo-dia-i-de-la-mujer\/\">Seguir leyendo<\/a><\/p>\n","protected":false},"author":5888,"featured_media":0,"parent":31355,"menu_order":0,"comment_status":"closed","ping_status":"closed","template":"","meta":{"ngg_post_thumbnail":0,"footnotes":"","_mc_calendar":[]},"aioseo_notices":[],"post_mailing_queue_ids":[],"_links":{"self":[{"href":"https:\/\/blogsaverroes.juntadeandalucia.es\/colemediterraneo\/wp-json\/wp\/v2\/pages\/30941"}],"collection":[{"href":"https:\/\/blogsaverroes.juntadeandalucia.es\/colemediterraneo\/wp-json\/wp\/v2\/pages"}],"about":[{"href":"https:\/\/blogsaverroes.juntadeandalucia.es\/colemediterraneo\/wp-json\/wp\/v2\/types\/page"}],"author":[{"embeddable":true,"href":"https:\/\/blogsaverroes.juntadeandalucia.es\/colemediterraneo\/wp-json\/wp\/v2\/users\/5888"}],"replies":[{"embeddable":true,"href":"https:\/\/blogsaverroes.juntadeandalucia.es\/colemediterraneo\/wp-json\/wp\/v2\/comments?post=30941"}],"version-history":[{"count":4,"href":"https:\/\/blogsaverroes.juntadeandalucia.es\/colemediterraneo\/wp-json\/wp\/v2\/pages\/30941\/revisions"}],"predecessor-version":[{"id":30977,"href":"https:\/\/blogsaverroes.juntadeandalucia.es\/colemediterraneo\/wp-json\/wp\/v2\/pages\/30941\/revisions\/30977"}],"up":[{"embeddable":true,"href":"https:\/\/blogsaverroes.juntadeandalucia.es\/colemediterraneo\/wp-json\/wp\/v2\/pages\/31355"}],"wp:attachment":[{"href":"https:\/\/blogsaverroes.juntadeandalucia.es\/colemediterraneo\/wp-json\/wp\/v2\/media?parent=30941"}],"curies":[{"name":"wp","href":"https:\/\/api.w.org\/{rel}","templated":true}]}}