{"id":34393,"date":"2023-04-14T09:15:24","date_gmt":"2023-04-14T09:15:24","guid":{"rendered":"https:\/\/blogsaverroes.juntadeandalucia.es\/colemediterraneo\/?page_id=34393"},"modified":"2023-04-14T09:15:24","modified_gmt":"2023-04-14T09:15:24","slug":"carrera-por-la-paz","status":"publish","type":"page","link":"https:\/\/blogsaverroes.juntadeandalucia.es\/colemediterraneo\/cursos-anteriores\/curso-2023-2024\/a-nivel-de-centro\/carrera-por-la-paz\/","title":{"rendered":"Carrera por la paz"},"content":{"rendered":"<p>Ha sido una estupenda jornada en favor de la paz y la buena convivencia para mostrar nuestra repulsa ante la violencia y el acoso escolar.&nbsp; Adem\u00e1s practicando algo tan saludable como es el deporte en una carrera popular.&nbsp; Ha sido principalmente una jornada reivindicativa, divertida, de uni\u00f3n entre los distintos centros de la capital y en la que ha habido desde teatro, animaci\u00f3n, zumba, DJ. batucada y mucho disfrute compartido.&nbsp; Nuestra directora, Pepa Matas, la coordinadora del Plan Escuela espacio de paz y el profesorado titular y de pr\u00e1cticas del tercer Ciclo han disfrutado junto al alumnado de este gran d\u00eda en el que Jos\u00e9 Carlos Fuentes y Celia P\u00e9rez han clausurado la ceremonia con la lectura de sendos manifiestos a favor de la paz y en contra del Bulling.&nbsp; Los medios de comunicaci\u00f3n y prensa local se han hecho eco de este importante evento.&nbsp; El acto ha sido impulsado por los centro educativos participantes, el IMDECO, el Ayto. de C\u00f3rdoba, SADECO y la Fundaci\u00f3n Unicaja. Aqu\u00ed os mostramos un resumen en im\u00e1genes:<\/p>\n<p><a href=\"https:\/\/blogsaverroes.juntadeandalucia.es\/colemediterraneo\/a-nivel-de-centro\/carrera-por-la-paz\/img-20230412-wa0068\/\" rel=\"attachment wp-att-34435\"><img loading=\"lazy\" decoding=\"async\" class=\"alignnone size-large wp-image-34435\" src=\"https:\/\/blogsaverroes.juntadeandalucia.es\/colemediterraneo\/files\/2023\/04\/IMG-20230412-WA0068-1024x576.jpg\" alt=\"\" width=\"782\" height=\"440\" srcset=\"https:\/\/blogsaverroes.juntadeandalucia.es\/colemediterraneo\/files\/2023\/04\/IMG-20230412-WA0068-1024x576.jpg 1024w, https:\/\/blogsaverroes.juntadeandalucia.es\/colemediterraneo\/files\/2023\/04\/IMG-20230412-WA0068-300x169.jpg 300w, https:\/\/blogsaverroes.juntadeandalucia.es\/colemediterraneo\/files\/2023\/04\/IMG-20230412-WA0068-768x432.jpg 768w, https:\/\/blogsaverroes.juntadeandalucia.es\/colemediterraneo\/files\/2023\/04\/IMG-20230412-WA0068-1536x864.jpg 1536w, https:\/\/blogsaverroes.juntadeandalucia.es\/colemediterraneo\/files\/2023\/04\/IMG-20230412-WA0068.jpg 1600w\" sizes=\"(max-width: 782px) 100vw, 782px\" \/><\/a> <a href=\"https:\/\/blogsaverroes.juntadeandalucia.es\/colemediterraneo\/a-nivel-de-centro\/carrera-por-la-paz\/img-20230412-wa0067\/\" rel=\"attachment wp-att-34434\"><img loading=\"lazy\" decoding=\"async\" class=\"alignnone size-large wp-image-34434\" src=\"https:\/\/blogsaverroes.juntadeandalucia.es\/colemediterraneo\/files\/2023\/04\/IMG-20230412-WA0067-1024x576.jpg\" alt=\"\" width=\"782\" height=\"440\" srcset=\"https:\/\/blogsaverroes.juntadeandalucia.es\/colemediterraneo\/files\/2023\/04\/IMG-20230412-WA0067-1024x576.jpg 1024w, https:\/\/blogsaverroes.juntadeandalucia.es\/colemediterraneo\/files\/2023\/04\/IMG-20230412-WA0067-300x169.jpg 300w, https:\/\/blogsaverroes.juntadeandalucia.es\/colemediterraneo\/files\/2023\/04\/IMG-20230412-WA0067-768x432.jpg 768w, https:\/\/blogsaverroes.juntadeandalucia.es\/colemediterraneo\/files\/2023\/04\/IMG-20230412-WA0067-1536x864.jpg 1536w, https:\/\/blogsaverroes.juntadeandalucia.es\/colemediterraneo\/files\/2023\/04\/IMG-20230412-WA0067.jpg 1600w\" sizes=\"(max-width: 782px) 100vw, 782px\" \/><\/a> <a href=\"https:\/\/blogsaverroes.juntadeandalucia.es\/colemediterraneo\/a-nivel-de-centro\/carrera-por-la-paz\/img-20230412-wa0066\/\" rel=\"attachment wp-att-34433\"><img loading=\"lazy\" decoding=\"async\" class=\"alignnone size-large wp-image-34433\" src=\"https:\/\/blogsaverroes.juntadeandalucia.es\/colemediterraneo\/files\/2023\/04\/IMG-20230412-WA0066-1024x576.jpg\" alt=\"\" width=\"782\" height=\"440\" srcset=\"https:\/\/blogsaverroes.juntadeandalucia.es\/colemediterraneo\/files\/2023\/04\/IMG-20230412-WA0066-1024x576.jpg 1024w, https:\/\/blogsaverroes.juntadeandalucia.es\/colemediterraneo\/files\/2023\/04\/IMG-20230412-WA0066-300x169.jpg 300w, https:\/\/blogsaverroes.juntadeandalucia.es\/colemediterraneo\/files\/2023\/04\/IMG-20230412-WA0066-768x432.jpg 768w, https:\/\/blogsaverroes.juntadeandalucia.es\/colemediterraneo\/files\/2023\/04\/IMG-20230412-WA0066-1536x864.jpg 1536w, https:\/\/blogsaverroes.juntadeandalucia.es\/colemediterraneo\/files\/2023\/04\/IMG-20230412-WA0066.jpg 1600w\" sizes=\"(max-width: 782px) 100vw, 782px\" \/><\/a> <a href=\"https:\/\/blogsaverroes.juntadeandalucia.es\/colemediterraneo\/a-nivel-de-centro\/carrera-por-la-paz\/img-20230412-wa0065\/\" rel=\"attachment wp-att-34432\"><img loading=\"lazy\" decoding=\"async\" class=\"alignnone size-large wp-image-34432\" src=\"https:\/\/blogsaverroes.juntadeandalucia.es\/colemediterraneo\/files\/2023\/04\/IMG-20230412-WA0065-1024x576.jpg\" alt=\"\" width=\"782\" height=\"440\" srcset=\"https:\/\/blogsaverroes.juntadeandalucia.es\/colemediterraneo\/files\/2023\/04\/IMG-20230412-WA0065-1024x576.jpg 1024w, https:\/\/blogsaverroes.juntadeandalucia.es\/colemediterraneo\/files\/2023\/04\/IMG-20230412-WA0065-300x169.jpg 300w, https:\/\/blogsaverroes.juntadeandalucia.es\/colemediterraneo\/files\/2023\/04\/IMG-20230412-WA0065-768x432.jpg 768w, https:\/\/blogsaverroes.juntadeandalucia.es\/colemediterraneo\/files\/2023\/04\/IMG-20230412-WA0065-1536x864.jpg 1536w, https:\/\/blogsaverroes.juntadeandalucia.es\/colemediterraneo\/files\/2023\/04\/IMG-20230412-WA0065.jpg 1600w\" sizes=\"(max-width: 782px) 100vw, 782px\" \/><\/a> <a href=\"https:\/\/blogsaverroes.juntadeandalucia.es\/colemediterraneo\/a-nivel-de-centro\/carrera-por-la-paz\/img-20230412-wa0064\/\" rel=\"attachment wp-att-34431\"><img loading=\"lazy\" decoding=\"async\" class=\"alignnone size-large wp-image-34431\" src=\"https:\/\/blogsaverroes.juntadeandalucia.es\/colemediterraneo\/files\/2023\/04\/IMG-20230412-WA0064-1024x576.jpg\" alt=\"\" width=\"782\" height=\"440\" srcset=\"https:\/\/blogsaverroes.juntadeandalucia.es\/colemediterraneo\/files\/2023\/04\/IMG-20230412-WA0064-1024x576.jpg 1024w, https:\/\/blogsaverroes.juntadeandalucia.es\/colemediterraneo\/files\/2023\/04\/IMG-20230412-WA0064-300x169.jpg 300w, https:\/\/blogsaverroes.juntadeandalucia.es\/colemediterraneo\/files\/2023\/04\/IMG-20230412-WA0064-768x432.jpg 768w, https:\/\/blogsaverroes.juntadeandalucia.es\/colemediterraneo\/files\/2023\/04\/IMG-20230412-WA0064-1536x864.jpg 1536w, https:\/\/blogsaverroes.juntadeandalucia.es\/colemediterraneo\/files\/2023\/04\/IMG-20230412-WA0064.jpg 1600w\" sizes=\"(max-width: 782px) 100vw, 782px\" \/><\/a> <a href=\"https:\/\/blogsaverroes.juntadeandalucia.es\/colemediterraneo\/a-nivel-de-centro\/carrera-por-la-paz\/img-20230412-wa0063\/\" rel=\"attachment wp-att-34430\"><img loading=\"lazy\" decoding=\"async\" class=\"alignnone size-large wp-image-34430\" src=\"https:\/\/blogsaverroes.juntadeandalucia.es\/colemediterraneo\/files\/2023\/04\/IMG-20230412-WA0063-1024x576.jpg\" alt=\"\" width=\"782\" height=\"440\" srcset=\"https:\/\/blogsaverroes.juntadeandalucia.es\/colemediterraneo\/files\/2023\/04\/IMG-20230412-WA0063-1024x576.jpg 1024w, https:\/\/blogsaverroes.juntadeandalucia.es\/colemediterraneo\/files\/2023\/04\/IMG-20230412-WA0063-300x169.jpg 300w, https:\/\/blogsaverroes.juntadeandalucia.es\/colemediterraneo\/files\/2023\/04\/IMG-20230412-WA0063-768x432.jpg 768w, https:\/\/blogsaverroes.juntadeandalucia.es\/colemediterraneo\/files\/2023\/04\/IMG-20230412-WA0063-1536x864.jpg 1536w, https:\/\/blogsaverroes.juntadeandalucia.es\/colemediterraneo\/files\/2023\/04\/IMG-20230412-WA0063.jpg 1600w\" sizes=\"(max-width: 782px) 100vw, 782px\" \/><\/a> <a href=\"https:\/\/blogsaverroes.juntadeandalucia.es\/colemediterraneo\/a-nivel-de-centro\/carrera-por-la-paz\/img-20230412-wa0062\/\" rel=\"attachment wp-att-34429\"><img loading=\"lazy\" decoding=\"async\" class=\"alignnone size-large wp-image-34429\" src=\"https:\/\/blogsaverroes.juntadeandalucia.es\/colemediterraneo\/files\/2023\/04\/IMG-20230412-WA0062-1024x576.jpg\" alt=\"\" width=\"782\" height=\"440\" srcset=\"https:\/\/blogsaverroes.juntadeandalucia.es\/colemediterraneo\/files\/2023\/04\/IMG-20230412-WA0062-1024x576.jpg 1024w, https:\/\/blogsaverroes.juntadeandalucia.es\/colemediterraneo\/files\/2023\/04\/IMG-20230412-WA0062-300x169.jpg 300w, https:\/\/blogsaverroes.juntadeandalucia.es\/colemediterraneo\/files\/2023\/04\/IMG-20230412-WA0062-768x432.jpg 768w, https:\/\/blogsaverroes.juntadeandalucia.es\/colemediterraneo\/files\/2023\/04\/IMG-20230412-WA0062-1536x864.jpg 1536w, https:\/\/blogsaverroes.juntadeandalucia.es\/colemediterraneo\/files\/2023\/04\/IMG-20230412-WA0062.jpg 1600w\" sizes=\"(max-width: 782px) 100vw, 782px\" \/><\/a> <a href=\"https:\/\/blogsaverroes.juntadeandalucia.es\/colemediterraneo\/a-nivel-de-centro\/carrera-por-la-paz\/img-20230412-wa0061\/\" rel=\"attachment wp-att-34428\"><img loading=\"lazy\" decoding=\"async\" class=\"alignnone size-large wp-image-34428\" src=\"https:\/\/blogsaverroes.juntadeandalucia.es\/colemediterraneo\/files\/2023\/04\/IMG-20230412-WA0061-1024x576.jpg\" alt=\"\" width=\"782\" height=\"440\" srcset=\"https:\/\/blogsaverroes.juntadeandalucia.es\/colemediterraneo\/files\/2023\/04\/IMG-20230412-WA0061-1024x576.jpg 1024w, https:\/\/blogsaverroes.juntadeandalucia.es\/colemediterraneo\/files\/2023\/04\/IMG-20230412-WA0061-300x169.jpg 300w, https:\/\/blogsaverroes.juntadeandalucia.es\/colemediterraneo\/files\/2023\/04\/IMG-20230412-WA0061-768x432.jpg 768w, https:\/\/blogsaverroes.juntadeandalucia.es\/colemediterraneo\/files\/2023\/04\/IMG-20230412-WA0061-1536x864.jpg 1536w, https:\/\/blogsaverroes.juntadeandalucia.es\/colemediterraneo\/files\/2023\/04\/IMG-20230412-WA0061.jpg 1600w\" sizes=\"(max-width: 782px) 100vw, 782px\" \/><\/a> <a href=\"https:\/\/blogsaverroes.juntadeandalucia.es\/colemediterraneo\/a-nivel-de-centro\/carrera-por-la-paz\/img-20230412-wa0054\/\" rel=\"attachment wp-att-34427\"><img loading=\"lazy\" decoding=\"async\" class=\"alignnone size-large wp-image-34427\" src=\"https:\/\/blogsaverroes.juntadeandalucia.es\/colemediterraneo\/files\/2023\/04\/IMG-20230412-WA0054-576x1024.jpg\" alt=\"\" width=\"576\" height=\"1024\" srcset=\"https:\/\/blogsaverroes.juntadeandalucia.es\/colemediterraneo\/files\/2023\/04\/IMG-20230412-WA0054-576x1024.jpg 576w, https:\/\/blogsaverroes.juntadeandalucia.es\/colemediterraneo\/files\/2023\/04\/IMG-20230412-WA0054-169x300.jpg 169w, https:\/\/blogsaverroes.juntadeandalucia.es\/colemediterraneo\/files\/2023\/04\/IMG-20230412-WA0054-768x1365.jpg 768w, https:\/\/blogsaverroes.juntadeandalucia.es\/colemediterraneo\/files\/2023\/04\/IMG-20230412-WA0054-864x1536.jpg 864w, https:\/\/blogsaverroes.juntadeandalucia.es\/colemediterraneo\/files\/2023\/04\/IMG-20230412-WA0054.jpg 900w\" sizes=\"(max-width: 576px) 100vw, 576px\" \/><\/a> <a href=\"https:\/\/blogsaverroes.juntadeandalucia.es\/colemediterraneo\/a-nivel-de-centro\/carrera-por-la-paz\/img-20230412-wa0053\/\" rel=\"attachment wp-att-34426\"><img loading=\"lazy\" decoding=\"async\" class=\"alignnone size-large wp-image-34426\" src=\"https:\/\/blogsaverroes.juntadeandalucia.es\/colemediterraneo\/files\/2023\/04\/IMG-20230412-WA0053-576x1024.jpg\" alt=\"\" width=\"576\" height=\"1024\" srcset=\"https:\/\/blogsaverroes.juntadeandalucia.es\/colemediterraneo\/files\/2023\/04\/IMG-20230412-WA0053-576x1024.jpg 576w, https:\/\/blogsaverroes.juntadeandalucia.es\/colemediterraneo\/files\/2023\/04\/IMG-20230412-WA0053-169x300.jpg 169w, https:\/\/blogsaverroes.juntadeandalucia.es\/colemediterraneo\/files\/2023\/04\/IMG-20230412-WA0053-768x1365.jpg 768w, https:\/\/blogsaverroes.juntadeandalucia.es\/colemediterraneo\/files\/2023\/04\/IMG-20230412-WA0053-864x1536.jpg 864w, https:\/\/blogsaverroes.juntadeandalucia.es\/colemediterraneo\/files\/2023\/04\/IMG-20230412-WA0053.jpg 900w\" sizes=\"(max-width: 576px) 100vw, 576px\" \/><\/a> <a href=\"https:\/\/blogsaverroes.juntadeandalucia.es\/colemediterraneo\/a-nivel-de-centro\/carrera-por-la-paz\/img-20230412-wa0045\/\" rel=\"attachment wp-att-34425\"><img loading=\"lazy\" decoding=\"async\" class=\"alignnone size-large wp-image-34425\" src=\"https:\/\/blogsaverroes.juntadeandalucia.es\/colemediterraneo\/files\/2023\/04\/IMG-20230412-WA0045-1024x769.jpg\" alt=\"\" width=\"782\" height=\"587\" srcset=\"https:\/\/blogsaverroes.juntadeandalucia.es\/colemediterraneo\/files\/2023\/04\/IMG-20230412-WA0045-1024x769.jpg 1024w, https:\/\/blogsaverroes.juntadeandalucia.es\/colemediterraneo\/files\/2023\/04\/IMG-20230412-WA0045-300x225.jpg 300w, https:\/\/blogsaverroes.juntadeandalucia.es\/colemediterraneo\/files\/2023\/04\/IMG-20230412-WA0045-768x576.jpg 768w, https:\/\/blogsaverroes.juntadeandalucia.es\/colemediterraneo\/files\/2023\/04\/IMG-20230412-WA0045-1536x1153.jpg 1536w, https:\/\/blogsaverroes.juntadeandalucia.es\/colemediterraneo\/files\/2023\/04\/IMG-20230412-WA0045.jpg 1600w\" sizes=\"(max-width: 782px) 100vw, 782px\" \/><\/a> <a href=\"https:\/\/blogsaverroes.juntadeandalucia.es\/colemediterraneo\/a-nivel-de-centro\/carrera-por-la-paz\/img-20230412-wa0044\/\" rel=\"attachment wp-att-34424\"><img loading=\"lazy\" decoding=\"async\" class=\"alignnone size-large wp-image-34424\" src=\"https:\/\/blogsaverroes.juntadeandalucia.es\/colemediterraneo\/files\/2023\/04\/IMG-20230412-WA0044-1024x769.jpg\" alt=\"\" width=\"782\" height=\"587\" srcset=\"https:\/\/blogsaverroes.juntadeandalucia.es\/colemediterraneo\/files\/2023\/04\/IMG-20230412-WA0044-1024x769.jpg 1024w, https:\/\/blogsaverroes.juntadeandalucia.es\/colemediterraneo\/files\/2023\/04\/IMG-20230412-WA0044-300x225.jpg 300w, https:\/\/blogsaverroes.juntadeandalucia.es\/colemediterraneo\/files\/2023\/04\/IMG-20230412-WA0044-768x576.jpg 768w, https:\/\/blogsaverroes.juntadeandalucia.es\/colemediterraneo\/files\/2023\/04\/IMG-20230412-WA0044-1536x1153.jpg 1536w, https:\/\/blogsaverroes.juntadeandalucia.es\/colemediterraneo\/files\/2023\/04\/IMG-20230412-WA0044.jpg 1600w\" sizes=\"(max-width: 782px) 100vw, 782px\" \/><\/a> <a href=\"https:\/\/blogsaverroes.juntadeandalucia.es\/colemediterraneo\/a-nivel-de-centro\/carrera-por-la-paz\/img-20230412-wa0038\/\" rel=\"attachment wp-att-34423\"><img loading=\"lazy\" decoding=\"async\" class=\"alignnone size-large wp-image-34423\" src=\"https:\/\/blogsaverroes.juntadeandalucia.es\/colemediterraneo\/files\/2023\/04\/IMG-20230412-WA0038-1024x769.jpg\" alt=\"\" width=\"782\" height=\"587\" srcset=\"https:\/\/blogsaverroes.juntadeandalucia.es\/colemediterraneo\/files\/2023\/04\/IMG-20230412-WA0038-1024x769.jpg 1024w, https:\/\/blogsaverroes.juntadeandalucia.es\/colemediterraneo\/files\/2023\/04\/IMG-20230412-WA0038-300x225.jpg 300w, https:\/\/blogsaverroes.juntadeandalucia.es\/colemediterraneo\/files\/2023\/04\/IMG-20230412-WA0038-768x576.jpg 768w, https:\/\/blogsaverroes.juntadeandalucia.es\/colemediterraneo\/files\/2023\/04\/IMG-20230412-WA0038-1536x1153.jpg 1536w, https:\/\/blogsaverroes.juntadeandalucia.es\/colemediterraneo\/files\/2023\/04\/IMG-20230412-WA0038.jpg 1600w\" sizes=\"(max-width: 782px) 100vw, 782px\" \/><\/a> <a href=\"https:\/\/blogsaverroes.juntadeandalucia.es\/colemediterraneo\/a-nivel-de-centro\/carrera-por-la-paz\/img-20230412-wa0037\/\" rel=\"attachment wp-att-34422\"><img loading=\"lazy\" decoding=\"async\" class=\"alignnone size-large wp-image-34422\" src=\"https:\/\/blogsaverroes.juntadeandalucia.es\/colemediterraneo\/files\/2023\/04\/IMG-20230412-WA0037-1024x769.jpg\" alt=\"\" width=\"782\" height=\"587\" srcset=\"https:\/\/blogsaverroes.juntadeandalucia.es\/colemediterraneo\/files\/2023\/04\/IMG-20230412-WA0037-1024x769.jpg 1024w, https:\/\/blogsaverroes.juntadeandalucia.es\/colemediterraneo\/files\/2023\/04\/IMG-20230412-WA0037-300x225.jpg 300w, https:\/\/blogsaverroes.juntadeandalucia.es\/colemediterraneo\/files\/2023\/04\/IMG-20230412-WA0037-768x576.jpg 768w, https:\/\/blogsaverroes.juntadeandalucia.es\/colemediterraneo\/files\/2023\/04\/IMG-20230412-WA0037-1536x1153.jpg 1536w, https:\/\/blogsaverroes.juntadeandalucia.es\/colemediterraneo\/files\/2023\/04\/IMG-20230412-WA0037.jpg 1600w\" sizes=\"(max-width: 782px) 100vw, 782px\" \/><\/a> <a href=\"https:\/\/blogsaverroes.juntadeandalucia.es\/colemediterraneo\/a-nivel-de-centro\/carrera-por-la-paz\/img-20230412-wa0036\/\" rel=\"attachment wp-att-34421\"><img loading=\"lazy\" decoding=\"async\" class=\"alignnone size-large wp-image-34421\" src=\"https:\/\/blogsaverroes.juntadeandalucia.es\/colemediterraneo\/files\/2023\/04\/IMG-20230412-WA0036-1024x769.jpg\" alt=\"\" width=\"782\" height=\"587\" srcset=\"https:\/\/blogsaverroes.juntadeandalucia.es\/colemediterraneo\/files\/2023\/04\/IMG-20230412-WA0036-1024x769.jpg 1024w, https:\/\/blogsaverroes.juntadeandalucia.es\/colemediterraneo\/files\/2023\/04\/IMG-20230412-WA0036-300x225.jpg 300w, https:\/\/blogsaverroes.juntadeandalucia.es\/colemediterraneo\/files\/2023\/04\/IMG-20230412-WA0036-768x576.jpg 768w, https:\/\/blogsaverroes.juntadeandalucia.es\/colemediterraneo\/files\/2023\/04\/IMG-20230412-WA0036-1536x1153.jpg 1536w, https:\/\/blogsaverroes.juntadeandalucia.es\/colemediterraneo\/files\/2023\/04\/IMG-20230412-WA0036.jpg 1600w\" sizes=\"(max-width: 782px) 100vw, 782px\" \/><\/a> <a href=\"https:\/\/blogsaverroes.juntadeandalucia.es\/colemediterraneo\/a-nivel-de-centro\/carrera-por-la-paz\/img-20230412-wa0035\/\" rel=\"attachment wp-att-34420\"><img loading=\"lazy\" decoding=\"async\" class=\"alignnone size-large wp-image-34420\" src=\"https:\/\/blogsaverroes.juntadeandalucia.es\/colemediterraneo\/files\/2023\/04\/IMG-20230412-WA0035-1024x769.jpg\" alt=\"\" width=\"782\" height=\"587\" srcset=\"https:\/\/blogsaverroes.juntadeandalucia.es\/colemediterraneo\/files\/2023\/04\/IMG-20230412-WA0035-1024x769.jpg 1024w, https:\/\/blogsaverroes.juntadeandalucia.es\/colemediterraneo\/files\/2023\/04\/IMG-20230412-WA0035-300x225.jpg 300w, https:\/\/blogsaverroes.juntadeandalucia.es\/colemediterraneo\/files\/2023\/04\/IMG-20230412-WA0035-768x576.jpg 768w, https:\/\/blogsaverroes.juntadeandalucia.es\/colemediterraneo\/files\/2023\/04\/IMG-20230412-WA0035-1536x1153.jpg 1536w, https:\/\/blogsaverroes.juntadeandalucia.es\/colemediterraneo\/files\/2023\/04\/IMG-20230412-WA0035.jpg 1600w\" sizes=\"(max-width: 782px) 100vw, 782px\" \/><\/a> <a href=\"https:\/\/blogsaverroes.juntadeandalucia.es\/colemediterraneo\/a-nivel-de-centro\/carrera-por-la-paz\/img-20230412-wa0034\/\" rel=\"attachment wp-att-34419\"><img loading=\"lazy\" decoding=\"async\" class=\"alignnone size-large wp-image-34419\" src=\"https:\/\/blogsaverroes.juntadeandalucia.es\/colemediterraneo\/files\/2023\/04\/IMG-20230412-WA0034-1024x769.jpg\" alt=\"\" width=\"782\" height=\"587\" srcset=\"https:\/\/blogsaverroes.juntadeandalucia.es\/colemediterraneo\/files\/2023\/04\/IMG-20230412-WA0034-1024x769.jpg 1024w, https:\/\/blogsaverroes.juntadeandalucia.es\/colemediterraneo\/files\/2023\/04\/IMG-20230412-WA0034-300x225.jpg 300w, https:\/\/blogsaverroes.juntadeandalucia.es\/colemediterraneo\/files\/2023\/04\/IMG-20230412-WA0034-768x576.jpg 768w, https:\/\/blogsaverroes.juntadeandalucia.es\/colemediterraneo\/files\/2023\/04\/IMG-20230412-WA0034-1536x1153.jpg 1536w, https:\/\/blogsaverroes.juntadeandalucia.es\/colemediterraneo\/files\/2023\/04\/IMG-20230412-WA0034.jpg 1600w\" sizes=\"(max-width: 782px) 100vw, 782px\" \/><\/a> <a href=\"https:\/\/blogsaverroes.juntadeandalucia.es\/colemediterraneo\/a-nivel-de-centro\/carrera-por-la-paz\/img-20230412-wa0033\/\" rel=\"attachment wp-att-34418\"><img loading=\"lazy\" decoding=\"async\" class=\"alignnone size-large wp-image-34418\" src=\"https:\/\/blogsaverroes.juntadeandalucia.es\/colemediterraneo\/files\/2023\/04\/IMG-20230412-WA0033-1024x769.jpg\" alt=\"\" width=\"782\" height=\"587\" srcset=\"https:\/\/blogsaverroes.juntadeandalucia.es\/colemediterraneo\/files\/2023\/04\/IMG-20230412-WA0033-1024x769.jpg 1024w, https:\/\/blogsaverroes.juntadeandalucia.es\/colemediterraneo\/files\/2023\/04\/IMG-20230412-WA0033-300x225.jpg 300w, https:\/\/blogsaverroes.juntadeandalucia.es\/colemediterraneo\/files\/2023\/04\/IMG-20230412-WA0033-768x576.jpg 768w, https:\/\/blogsaverroes.juntadeandalucia.es\/colemediterraneo\/files\/2023\/04\/IMG-20230412-WA0033-1536x1153.jpg 1536w, https:\/\/blogsaverroes.juntadeandalucia.es\/colemediterraneo\/files\/2023\/04\/IMG-20230412-WA0033.jpg 1600w\" sizes=\"(max-width: 782px) 100vw, 782px\" \/><\/a> <a href=\"https:\/\/blogsaverroes.juntadeandalucia.es\/colemediterraneo\/a-nivel-de-centro\/carrera-por-la-paz\/img-20230412-wa0032\/\" rel=\"attachment wp-att-34417\"><img loading=\"lazy\" decoding=\"async\" class=\"alignnone size-large wp-image-34417\" src=\"https:\/\/blogsaverroes.juntadeandalucia.es\/colemediterraneo\/files\/2023\/04\/IMG-20230412-WA0032-1024x769.jpg\" alt=\"\" width=\"782\" height=\"587\" srcset=\"https:\/\/blogsaverroes.juntadeandalucia.es\/colemediterraneo\/files\/2023\/04\/IMG-20230412-WA0032-1024x769.jpg 1024w, https:\/\/blogsaverroes.juntadeandalucia.es\/colemediterraneo\/files\/2023\/04\/IMG-20230412-WA0032-300x225.jpg 300w, https:\/\/blogsaverroes.juntadeandalucia.es\/colemediterraneo\/files\/2023\/04\/IMG-20230412-WA0032-768x576.jpg 768w, https:\/\/blogsaverroes.juntadeandalucia.es\/colemediterraneo\/files\/2023\/04\/IMG-20230412-WA0032-1536x1153.jpg 1536w, https:\/\/blogsaverroes.juntadeandalucia.es\/colemediterraneo\/files\/2023\/04\/IMG-20230412-WA0032.jpg 1600w\" sizes=\"(max-width: 782px) 100vw, 782px\" \/><\/a> <a href=\"https:\/\/blogsaverroes.juntadeandalucia.es\/colemediterraneo\/a-nivel-de-centro\/carrera-por-la-paz\/img-20230412-wa0031\/\" rel=\"attachment wp-att-34416\"><img loading=\"lazy\" decoding=\"async\" class=\"alignnone size-large wp-image-34416\" src=\"https:\/\/blogsaverroes.juntadeandalucia.es\/colemediterraneo\/files\/2023\/04\/IMG-20230412-WA0031-1024x769.jpg\" alt=\"\" width=\"782\" height=\"587\" srcset=\"https:\/\/blogsaverroes.juntadeandalucia.es\/colemediterraneo\/files\/2023\/04\/IMG-20230412-WA0031-1024x769.jpg 1024w, https:\/\/blogsaverroes.juntadeandalucia.es\/colemediterraneo\/files\/2023\/04\/IMG-20230412-WA0031-300x225.jpg 300w, https:\/\/blogsaverroes.juntadeandalucia.es\/colemediterraneo\/files\/2023\/04\/IMG-20230412-WA0031-768x576.jpg 768w, https:\/\/blogsaverroes.juntadeandalucia.es\/colemediterraneo\/files\/2023\/04\/IMG-20230412-WA0031-1536x1153.jpg 1536w, https:\/\/blogsaverroes.juntadeandalucia.es\/colemediterraneo\/files\/2023\/04\/IMG-20230412-WA0031.jpg 1600w\" sizes=\"(max-width: 782px) 100vw, 782px\" \/><\/a> <a href=\"https:\/\/blogsaverroes.juntadeandalucia.es\/colemediterraneo\/a-nivel-de-centro\/carrera-por-la-paz\/img-20230412-wa0025\/\" rel=\"attachment wp-att-34415\"><img loading=\"lazy\" decoding=\"async\" class=\"alignnone size-large wp-image-34415\" src=\"https:\/\/blogsaverroes.juntadeandalucia.es\/colemediterraneo\/files\/2023\/04\/IMG-20230412-WA0025-1024x766.jpg\" alt=\"\" width=\"782\" height=\"585\" srcset=\"https:\/\/blogsaverroes.juntadeandalucia.es\/colemediterraneo\/files\/2023\/04\/IMG-20230412-WA0025-1024x766.jpg 1024w, https:\/\/blogsaverroes.juntadeandalucia.es\/colemediterraneo\/files\/2023\/04\/IMG-20230412-WA0025-300x224.jpg 300w, https:\/\/blogsaverroes.juntadeandalucia.es\/colemediterraneo\/files\/2023\/04\/IMG-20230412-WA0025-768x575.jpg 768w, https:\/\/blogsaverroes.juntadeandalucia.es\/colemediterraneo\/files\/2023\/04\/IMG-20230412-WA0025-1536x1149.jpg 1536w, https:\/\/blogsaverroes.juntadeandalucia.es\/colemediterraneo\/files\/2023\/04\/IMG-20230412-WA0025.jpg 1600w\" sizes=\"(max-width: 782px) 100vw, 782px\" \/><\/a> <a href=\"https:\/\/blogsaverroes.juntadeandalucia.es\/colemediterraneo\/a-nivel-de-centro\/carrera-por-la-paz\/img-20230412-wa0019\/\" rel=\"attachment wp-att-34414\"><img loading=\"lazy\" decoding=\"async\" class=\"alignnone size-large wp-image-34414\" src=\"https:\/\/blogsaverroes.juntadeandalucia.es\/colemediterraneo\/files\/2023\/04\/IMG-20230412-WA0019-576x1024.jpg\" alt=\"\" width=\"576\" height=\"1024\" srcset=\"https:\/\/blogsaverroes.juntadeandalucia.es\/colemediterraneo\/files\/2023\/04\/IMG-20230412-WA0019-576x1024.jpg 576w, https:\/\/blogsaverroes.juntadeandalucia.es\/colemediterraneo\/files\/2023\/04\/IMG-20230412-WA0019-169x300.jpg 169w, https:\/\/blogsaverroes.juntadeandalucia.es\/colemediterraneo\/files\/2023\/04\/IMG-20230412-WA0019-768x1366.jpg 768w, https:\/\/blogsaverroes.juntadeandalucia.es\/colemediterraneo\/files\/2023\/04\/IMG-20230412-WA0019-864x1536.jpg 864w, https:\/\/blogsaverroes.juntadeandalucia.es\/colemediterraneo\/files\/2023\/04\/IMG-20230412-WA0019.jpg 899w\" sizes=\"(max-width: 576px) 100vw, 576px\" \/><\/a> <a href=\"https:\/\/blogsaverroes.juntadeandalucia.es\/colemediterraneo\/a-nivel-de-centro\/carrera-por-la-paz\/img-20230412-wa0018\/\" rel=\"attachment wp-att-34413\"><img loading=\"lazy\" decoding=\"async\" class=\"alignnone size-large wp-image-34413\" src=\"https:\/\/blogsaverroes.juntadeandalucia.es\/colemediterraneo\/files\/2023\/04\/IMG-20230412-WA0018-576x1024.jpg\" alt=\"\" width=\"576\" height=\"1024\" srcset=\"https:\/\/blogsaverroes.juntadeandalucia.es\/colemediterraneo\/files\/2023\/04\/IMG-20230412-WA0018-576x1024.jpg 576w, https:\/\/blogsaverroes.juntadeandalucia.es\/colemediterraneo\/files\/2023\/04\/IMG-20230412-WA0018-169x300.jpg 169w, https:\/\/blogsaverroes.juntadeandalucia.es\/colemediterraneo\/files\/2023\/04\/IMG-20230412-WA0018-768x1366.jpg 768w, https:\/\/blogsaverroes.juntadeandalucia.es\/colemediterraneo\/files\/2023\/04\/IMG-20230412-WA0018-864x1536.jpg 864w, https:\/\/blogsaverroes.juntadeandalucia.es\/colemediterraneo\/files\/2023\/04\/IMG-20230412-WA0018.jpg 899w\" sizes=\"(max-width: 576px) 100vw, 576px\" \/><\/a> <a href=\"https:\/\/blogsaverroes.juntadeandalucia.es\/colemediterraneo\/a-nivel-de-centro\/carrera-por-la-paz\/img-20230412-wa0017\/\" rel=\"attachment wp-att-34412\"><img loading=\"lazy\" decoding=\"async\" class=\"alignnone size-large wp-image-34412\" src=\"https:\/\/blogsaverroes.juntadeandalucia.es\/colemediterraneo\/files\/2023\/04\/IMG-20230412-WA0017-1024x461.jpg\" alt=\"\" width=\"782\" height=\"352\" srcset=\"https:\/\/blogsaverroes.juntadeandalucia.es\/colemediterraneo\/files\/2023\/04\/IMG-20230412-WA0017-1024x461.jpg 1024w, https:\/\/blogsaverroes.juntadeandalucia.es\/colemediterraneo\/files\/2023\/04\/IMG-20230412-WA0017-300x135.jpg 300w, https:\/\/blogsaverroes.juntadeandalucia.es\/colemediterraneo\/files\/2023\/04\/IMG-20230412-WA0017-768x346.jpg 768w, https:\/\/blogsaverroes.juntadeandalucia.es\/colemediterraneo\/files\/2023\/04\/IMG-20230412-WA0017-1536x691.jpg 1536w, https:\/\/blogsaverroes.juntadeandalucia.es\/colemediterraneo\/files\/2023\/04\/IMG-20230412-WA0017.jpg 1600w\" sizes=\"(max-width: 782px) 100vw, 782px\" \/><\/a> <a href=\"https:\/\/blogsaverroes.juntadeandalucia.es\/colemediterraneo\/a-nivel-de-centro\/carrera-por-la-paz\/img-20230412-wa0016\/\" rel=\"attachment wp-att-34411\"><img loading=\"lazy\" decoding=\"async\" class=\"alignnone size-large wp-image-34411\" src=\"https:\/\/blogsaverroes.juntadeandalucia.es\/colemediterraneo\/files\/2023\/04\/IMG-20230412-WA0016-1024x461.jpg\" alt=\"\" width=\"782\" height=\"352\" srcset=\"https:\/\/blogsaverroes.juntadeandalucia.es\/colemediterraneo\/files\/2023\/04\/IMG-20230412-WA0016-1024x461.jpg 1024w, https:\/\/blogsaverroes.juntadeandalucia.es\/colemediterraneo\/files\/2023\/04\/IMG-20230412-WA0016-300x135.jpg 300w, https:\/\/blogsaverroes.juntadeandalucia.es\/colemediterraneo\/files\/2023\/04\/IMG-20230412-WA0016-768x346.jpg 768w, https:\/\/blogsaverroes.juntadeandalucia.es\/colemediterraneo\/files\/2023\/04\/IMG-20230412-WA0016-1536x691.jpg 1536w, https:\/\/blogsaverroes.juntadeandalucia.es\/colemediterraneo\/files\/2023\/04\/IMG-20230412-WA0016.jpg 1600w\" sizes=\"(max-width: 782px) 100vw, 782px\" \/><\/a> <a href=\"https:\/\/blogsaverroes.juntadeandalucia.es\/colemediterraneo\/a-nivel-de-centro\/carrera-por-la-paz\/img-20230412-wa0015\/\" rel=\"attachment wp-att-34410\"><img loading=\"lazy\" decoding=\"async\" class=\"alignnone size-large wp-image-34410\" src=\"https:\/\/blogsaverroes.juntadeandalucia.es\/colemediterraneo\/files\/2023\/04\/IMG-20230412-WA0015-1024x461.jpg\" alt=\"\" width=\"782\" height=\"352\" srcset=\"https:\/\/blogsaverroes.juntadeandalucia.es\/colemediterraneo\/files\/2023\/04\/IMG-20230412-WA0015-1024x461.jpg 1024w, https:\/\/blogsaverroes.juntadeandalucia.es\/colemediterraneo\/files\/2023\/04\/IMG-20230412-WA0015-300x135.jpg 300w, https:\/\/blogsaverroes.juntadeandalucia.es\/colemediterraneo\/files\/2023\/04\/IMG-20230412-WA0015-768x346.jpg 768w, https:\/\/blogsaverroes.juntadeandalucia.es\/colemediterraneo\/files\/2023\/04\/IMG-20230412-WA0015-1536x691.jpg 1536w, https:\/\/blogsaverroes.juntadeandalucia.es\/colemediterraneo\/files\/2023\/04\/IMG-20230412-WA0015.jpg 1600w\" sizes=\"(max-width: 782px) 100vw, 782px\" \/><\/a> <a href=\"https:\/\/blogsaverroes.juntadeandalucia.es\/colemediterraneo\/a-nivel-de-centro\/carrera-por-la-paz\/img-20230412-wa0014\/\" rel=\"attachment wp-att-34409\"><img loading=\"lazy\" decoding=\"async\" class=\"alignnone size-large wp-image-34409\" src=\"https:\/\/blogsaverroes.juntadeandalucia.es\/colemediterraneo\/files\/2023\/04\/IMG-20230412-WA0014-1024x576.jpg\" alt=\"\" width=\"782\" height=\"440\" srcset=\"https:\/\/blogsaverroes.juntadeandalucia.es\/colemediterraneo\/files\/2023\/04\/IMG-20230412-WA0014-1024x576.jpg 1024w, https:\/\/blogsaverroes.juntadeandalucia.es\/colemediterraneo\/files\/2023\/04\/IMG-20230412-WA0014-300x169.jpg 300w, https:\/\/blogsaverroes.juntadeandalucia.es\/colemediterraneo\/files\/2023\/04\/IMG-20230412-WA0014-768x432.jpg 768w, https:\/\/blogsaverroes.juntadeandalucia.es\/colemediterraneo\/files\/2023\/04\/IMG-20230412-WA0014-1536x864.jpg 1536w, https:\/\/blogsaverroes.juntadeandalucia.es\/colemediterraneo\/files\/2023\/04\/IMG-20230412-WA0014.jpg 1600w\" sizes=\"(max-width: 782px) 100vw, 782px\" \/><\/a> <a href=\"https:\/\/blogsaverroes.juntadeandalucia.es\/colemediterraneo\/a-nivel-de-centro\/carrera-por-la-paz\/img-20230412-wa0013\/\" rel=\"attachment wp-att-34408\"><img loading=\"lazy\" decoding=\"async\" class=\"alignnone size-large wp-image-34408\" src=\"https:\/\/blogsaverroes.juntadeandalucia.es\/colemediterraneo\/files\/2023\/04\/IMG-20230412-WA0013-1024x576.jpg\" alt=\"\" width=\"782\" height=\"440\" srcset=\"https:\/\/blogsaverroes.juntadeandalucia.es\/colemediterraneo\/files\/2023\/04\/IMG-20230412-WA0013-1024x576.jpg 1024w, https:\/\/blogsaverroes.juntadeandalucia.es\/colemediterraneo\/files\/2023\/04\/IMG-20230412-WA0013-300x169.jpg 300w, https:\/\/blogsaverroes.juntadeandalucia.es\/colemediterraneo\/files\/2023\/04\/IMG-20230412-WA0013-768x432.jpg 768w, https:\/\/blogsaverroes.juntadeandalucia.es\/colemediterraneo\/files\/2023\/04\/IMG-20230412-WA0013-1536x864.jpg 1536w, https:\/\/blogsaverroes.juntadeandalucia.es\/colemediterraneo\/files\/2023\/04\/IMG-20230412-WA0013.jpg 1600w\" sizes=\"(max-width: 782px) 100vw, 782px\" \/><\/a> <a href=\"https:\/\/blogsaverroes.juntadeandalucia.es\/colemediterraneo\/a-nivel-de-centro\/carrera-por-la-paz\/img-20230412-wa0012\/\" rel=\"attachment wp-att-34407\"><img loading=\"lazy\" decoding=\"async\" class=\"alignnone size-large wp-image-34407\" src=\"https:\/\/blogsaverroes.juntadeandalucia.es\/colemediterraneo\/files\/2023\/04\/IMG-20230412-WA0012-1024x576.jpg\" alt=\"\" width=\"782\" height=\"440\" srcset=\"https:\/\/blogsaverroes.juntadeandalucia.es\/colemediterraneo\/files\/2023\/04\/IMG-20230412-WA0012-1024x576.jpg 1024w, https:\/\/blogsaverroes.juntadeandalucia.es\/colemediterraneo\/files\/2023\/04\/IMG-20230412-WA0012-300x169.jpg 300w, https:\/\/blogsaverroes.juntadeandalucia.es\/colemediterraneo\/files\/2023\/04\/IMG-20230412-WA0012-768x432.jpg 768w, https:\/\/blogsaverroes.juntadeandalucia.es\/colemediterraneo\/files\/2023\/04\/IMG-20230412-WA0012-1536x864.jpg 1536w, https:\/\/blogsaverroes.juntadeandalucia.es\/colemediterraneo\/files\/2023\/04\/IMG-20230412-WA0012.jpg 1600w\" sizes=\"(max-width: 782px) 100vw, 782px\" \/><\/a> <a href=\"https:\/\/blogsaverroes.juntadeandalucia.es\/colemediterraneo\/a-nivel-de-centro\/carrera-por-la-paz\/img-20230412-wa0011\/\" rel=\"attachment wp-att-34406\"><img loading=\"lazy\" decoding=\"async\" class=\"alignnone size-large wp-image-34406\" src=\"https:\/\/blogsaverroes.juntadeandalucia.es\/colemediterraneo\/files\/2023\/04\/IMG-20230412-WA0011-576x1024.jpg\" alt=\"\" width=\"576\" height=\"1024\" srcset=\"https:\/\/blogsaverroes.juntadeandalucia.es\/colemediterraneo\/files\/2023\/04\/IMG-20230412-WA0011-576x1024.jpg 576w, https:\/\/blogsaverroes.juntadeandalucia.es\/colemediterraneo\/files\/2023\/04\/IMG-20230412-WA0011-169x300.jpg 169w, https:\/\/blogsaverroes.juntadeandalucia.es\/colemediterraneo\/files\/2023\/04\/IMG-20230412-WA0011-768x1365.jpg 768w, https:\/\/blogsaverroes.juntadeandalucia.es\/colemediterraneo\/files\/2023\/04\/IMG-20230412-WA0011-864x1536.jpg 864w, https:\/\/blogsaverroes.juntadeandalucia.es\/colemediterraneo\/files\/2023\/04\/IMG-20230412-WA0011.jpg 900w\" sizes=\"(max-width: 576px) 100vw, 576px\" \/><\/a> <a href=\"https:\/\/blogsaverroes.juntadeandalucia.es\/colemediterraneo\/a-nivel-de-centro\/carrera-por-la-paz\/img-20230412-wa0010\/\" rel=\"attachment wp-att-34405\"><img loading=\"lazy\" decoding=\"async\" class=\"alignnone size-large wp-image-34405\" src=\"https:\/\/blogsaverroes.juntadeandalucia.es\/colemediterraneo\/files\/2023\/04\/IMG-20230412-WA0010-1024x576.jpg\" alt=\"\" width=\"782\" height=\"440\" srcset=\"https:\/\/blogsaverroes.juntadeandalucia.es\/colemediterraneo\/files\/2023\/04\/IMG-20230412-WA0010-1024x576.jpg 1024w, https:\/\/blogsaverroes.juntadeandalucia.es\/colemediterraneo\/files\/2023\/04\/IMG-20230412-WA0010-300x169.jpg 300w, https:\/\/blogsaverroes.juntadeandalucia.es\/colemediterraneo\/files\/2023\/04\/IMG-20230412-WA0010-768x432.jpg 768w, https:\/\/blogsaverroes.juntadeandalucia.es\/colemediterraneo\/files\/2023\/04\/IMG-20230412-WA0010-1536x864.jpg 1536w, https:\/\/blogsaverroes.juntadeandalucia.es\/colemediterraneo\/files\/2023\/04\/IMG-20230412-WA0010.jpg 1600w\" sizes=\"(max-width: 782px) 100vw, 782px\" \/><\/a> <a href=\"https:\/\/blogsaverroes.juntadeandalucia.es\/colemediterraneo\/a-nivel-de-centro\/carrera-por-la-paz\/img-20230412-wa0009\/\" rel=\"attachment wp-att-34404\"><img loading=\"lazy\" decoding=\"async\" class=\"alignnone size-large wp-image-34404\" src=\"https:\/\/blogsaverroes.juntadeandalucia.es\/colemediterraneo\/files\/2023\/04\/IMG-20230412-WA0009-1024x576.jpg\" alt=\"\" width=\"782\" height=\"440\" srcset=\"https:\/\/blogsaverroes.juntadeandalucia.es\/colemediterraneo\/files\/2023\/04\/IMG-20230412-WA0009-1024x576.jpg 1024w, https:\/\/blogsaverroes.juntadeandalucia.es\/colemediterraneo\/files\/2023\/04\/IMG-20230412-WA0009-300x169.jpg 300w, https:\/\/blogsaverroes.juntadeandalucia.es\/colemediterraneo\/files\/2023\/04\/IMG-20230412-WA0009-768x432.jpg 768w, https:\/\/blogsaverroes.juntadeandalucia.es\/colemediterraneo\/files\/2023\/04\/IMG-20230412-WA0009-1536x864.jpg 1536w, https:\/\/blogsaverroes.juntadeandalucia.es\/colemediterraneo\/files\/2023\/04\/IMG-20230412-WA0009.jpg 1600w\" sizes=\"(max-width: 782px) 100vw, 782px\" \/><\/a> <a href=\"https:\/\/blogsaverroes.juntadeandalucia.es\/colemediterraneo\/a-nivel-de-centro\/carrera-por-la-paz\/img-20230412-wa0008\/\" rel=\"attachment wp-att-34403\"><img loading=\"lazy\" decoding=\"async\" class=\"alignnone size-large wp-image-34403\" src=\"https:\/\/blogsaverroes.juntadeandalucia.es\/colemediterraneo\/files\/2023\/04\/IMG-20230412-WA0008-576x1024.jpg\" alt=\"\" width=\"576\" height=\"1024\" srcset=\"https:\/\/blogsaverroes.juntadeandalucia.es\/colemediterraneo\/files\/2023\/04\/IMG-20230412-WA0008-576x1024.jpg 576w, https:\/\/blogsaverroes.juntadeandalucia.es\/colemediterraneo\/files\/2023\/04\/IMG-20230412-WA0008-169x300.jpg 169w, https:\/\/blogsaverroes.juntadeandalucia.es\/colemediterraneo\/files\/2023\/04\/IMG-20230412-WA0008-768x1365.jpg 768w, https:\/\/blogsaverroes.juntadeandalucia.es\/colemediterraneo\/files\/2023\/04\/IMG-20230412-WA0008-864x1536.jpg 864w, https:\/\/blogsaverroes.juntadeandalucia.es\/colemediterraneo\/files\/2023\/04\/IMG-20230412-WA0008.jpg 900w\" sizes=\"(max-width: 576px) 100vw, 576px\" \/><\/a> <a href=\"https:\/\/blogsaverroes.juntadeandalucia.es\/colemediterraneo\/a-nivel-de-centro\/carrera-por-la-paz\/img-20230412-wa0007\/\" rel=\"attachment wp-att-34402\"><img loading=\"lazy\" decoding=\"async\" class=\"alignnone size-large wp-image-34402\" src=\"https:\/\/blogsaverroes.juntadeandalucia.es\/colemediterraneo\/files\/2023\/04\/IMG-20230412-WA0007-1024x576.jpg\" alt=\"\" width=\"782\" height=\"440\" srcset=\"https:\/\/blogsaverroes.juntadeandalucia.es\/colemediterraneo\/files\/2023\/04\/IMG-20230412-WA0007-1024x576.jpg 1024w, https:\/\/blogsaverroes.juntadeandalucia.es\/colemediterraneo\/files\/2023\/04\/IMG-20230412-WA0007-300x169.jpg 300w, https:\/\/blogsaverroes.juntadeandalucia.es\/colemediterraneo\/files\/2023\/04\/IMG-20230412-WA0007-768x432.jpg 768w, https:\/\/blogsaverroes.juntadeandalucia.es\/colemediterraneo\/files\/2023\/04\/IMG-20230412-WA0007-1536x864.jpg 1536w, https:\/\/blogsaverroes.juntadeandalucia.es\/colemediterraneo\/files\/2023\/04\/IMG-20230412-WA0007.jpg 1600w\" sizes=\"(max-width: 782px) 100vw, 782px\" \/><\/a> <a href=\"https:\/\/blogsaverroes.juntadeandalucia.es\/colemediterraneo\/a-nivel-de-centro\/carrera-por-la-paz\/img-20230412-wa0006\/\" rel=\"attachment wp-att-34401\"><img loading=\"lazy\" decoding=\"async\" class=\"alignnone size-large wp-image-34401\" src=\"https:\/\/blogsaverroes.juntadeandalucia.es\/colemediterraneo\/files\/2023\/04\/IMG-20230412-WA0006-766x1024.jpg\" alt=\"\" width=\"766\" height=\"1024\" srcset=\"https:\/\/blogsaverroes.juntadeandalucia.es\/colemediterraneo\/files\/2023\/04\/IMG-20230412-WA0006-766x1024.jpg 766w, https:\/\/blogsaverroes.juntadeandalucia.es\/colemediterraneo\/files\/2023\/04\/IMG-20230412-WA0006-224x300.jpg 224w, https:\/\/blogsaverroes.juntadeandalucia.es\/colemediterraneo\/files\/2023\/04\/IMG-20230412-WA0006-768x1027.jpg 768w, https:\/\/blogsaverroes.juntadeandalucia.es\/colemediterraneo\/files\/2023\/04\/IMG-20230412-WA0006-1149x1536.jpg 1149w, https:\/\/blogsaverroes.juntadeandalucia.es\/colemediterraneo\/files\/2023\/04\/IMG-20230412-WA0006.jpg 1197w\" sizes=\"(max-width: 766px) 100vw, 766px\" \/><\/a> <a href=\"https:\/\/blogsaverroes.juntadeandalucia.es\/colemediterraneo\/a-nivel-de-centro\/carrera-por-la-paz\/img-20230412-wa0004\/\" rel=\"attachment wp-att-34400\"><img loading=\"lazy\" decoding=\"async\" class=\"alignnone size-large wp-image-34400\" src=\"https:\/\/blogsaverroes.juntadeandalucia.es\/colemediterraneo\/files\/2023\/04\/IMG-20230412-WA0004-1024x768.jpg\" alt=\"\" width=\"782\" height=\"587\" srcset=\"https:\/\/blogsaverroes.juntadeandalucia.es\/colemediterraneo\/files\/2023\/04\/IMG-20230412-WA0004-1024x768.jpg 1024w, https:\/\/blogsaverroes.juntadeandalucia.es\/colemediterraneo\/files\/2023\/04\/IMG-20230412-WA0004-300x225.jpg 300w, https:\/\/blogsaverroes.juntadeandalucia.es\/colemediterraneo\/files\/2023\/04\/IMG-20230412-WA0004-768x576.jpg 768w, https:\/\/blogsaverroes.juntadeandalucia.es\/colemediterraneo\/files\/2023\/04\/IMG-20230412-WA0004-1536x1152.jpg 1536w, https:\/\/blogsaverroes.juntadeandalucia.es\/colemediterraneo\/files\/2023\/04\/IMG-20230412-WA0004.jpg 1600w\" sizes=\"(max-width: 782px) 100vw, 782px\" \/><\/a> <a href=\"https:\/\/blogsaverroes.juntadeandalucia.es\/colemediterraneo\/a-nivel-de-centro\/carrera-por-la-paz\/img-20230410-wa0003\/\" rel=\"attachment wp-att-34399\"><img loading=\"lazy\" decoding=\"async\" class=\"alignnone size-large wp-image-34399\" src=\"https:\/\/blogsaverroes.juntadeandalucia.es\/colemediterraneo\/files\/2023\/04\/IMG-20230410-WA0003-1024x769.jpg\" alt=\"\" width=\"782\" height=\"587\" srcset=\"https:\/\/blogsaverroes.juntadeandalucia.es\/colemediterraneo\/files\/2023\/04\/IMG-20230410-WA0003-1024x769.jpg 1024w, https:\/\/blogsaverroes.juntadeandalucia.es\/colemediterraneo\/files\/2023\/04\/IMG-20230410-WA0003-300x225.jpg 300w, https:\/\/blogsaverroes.juntadeandalucia.es\/colemediterraneo\/files\/2023\/04\/IMG-20230410-WA0003-768x576.jpg 768w, https:\/\/blogsaverroes.juntadeandalucia.es\/colemediterraneo\/files\/2023\/04\/IMG-20230410-WA0003-1536x1153.jpg 1536w, https:\/\/blogsaverroes.juntadeandalucia.es\/colemediterraneo\/files\/2023\/04\/IMG-20230410-WA0003.jpg 1600w\" sizes=\"(max-width: 782px) 100vw, 782px\" \/><\/a><\/p>\n<p>&nbsp;<\/p>\n<p>&nbsp;<\/p>\n","protected":false},"excerpt":{"rendered":"<p>Ha sido una estupenda jornada en favor de la paz y la buena convivencia para mostrar nuestra repulsa ante la violencia y el acoso escolar.&nbsp; Adem\u00e1s practicando algo tan saludable como es el deporte en una carrera popular.&nbsp; Ha sido principalmente una jornada reivindicativa, divertida, de uni\u00f3n entre los distintos centros de la capital y &hellip; <\/p>\n<p><a class=\"more-link btn\" href=\"https:\/\/blogsaverroes.juntadeandalucia.es\/colemediterraneo\/cursos-anteriores\/curso-2023-2024\/a-nivel-de-centro\/carrera-por-la-paz\/\">Seguir leyendo<\/a><\/p>\n","protected":false},"author":5888,"featured_media":0,"parent":32166,"menu_order":0,"comment_status":"closed","ping_status":"closed","template":"","meta":{"ngg_post_thumbnail":0,"footnotes":"","_mc_calendar":[]},"aioseo_notices":[],"post_mailing_queue_ids":[],"_links":{"self":[{"href":"https:\/\/blogsaverroes.juntadeandalucia.es\/colemediterraneo\/wp-json\/wp\/v2\/pages\/34393"}],"collection":[{"href":"https:\/\/blogsaverroes.juntadeandalucia.es\/colemediterraneo\/wp-json\/wp\/v2\/pages"}],"about":[{"href":"https:\/\/blogsaverroes.juntadeandalucia.es\/colemediterraneo\/wp-json\/wp\/v2\/types\/page"}],"author":[{"embeddable":true,"href":"https:\/\/blogsaverroes.juntadeandalucia.es\/colemediterraneo\/wp-json\/wp\/v2\/users\/5888"}],"replies":[{"embeddable":true,"href":"https:\/\/blogsaverroes.juntadeandalucia.es\/colemediterraneo\/wp-json\/wp\/v2\/comments?post=34393"}],"version-history":[{"count":5,"href":"https:\/\/blogsaverroes.juntadeandalucia.es\/colemediterraneo\/wp-json\/wp\/v2\/pages\/34393\/revisions"}],"predecessor-version":[{"id":34438,"href":"https:\/\/blogsaverroes.juntadeandalucia.es\/colemediterraneo\/wp-json\/wp\/v2\/pages\/34393\/revisions\/34438"}],"up":[{"embeddable":true,"href":"https:\/\/blogsaverroes.juntadeandalucia.es\/colemediterraneo\/wp-json\/wp\/v2\/pages\/32166"}],"wp:attachment":[{"href":"https:\/\/blogsaverroes.juntadeandalucia.es\/colemediterraneo\/wp-json\/wp\/v2\/media?parent=34393"}],"curies":[{"name":"wp","href":"https:\/\/api.w.org\/{rel}","templated":true}]}}