{"id":4093,"date":"2012-04-21T07:59:44","date_gmt":"2012-04-21T07:59:44","guid":{"rendered":"http:\/\/www.colemediterraneo.es\/?page_id=4093"},"modified":"2012-04-21T07:59:44","modified_gmt":"2012-04-21T07:59:44","slug":"actividades-programadas-en-la-feria-del-libro","status":"publish","type":"page","link":"https:\/\/blogsaverroes.juntadeandalucia.es\/colemediterraneo\/cursos-anteriores\/a-nivel-de-centro\/feria-del-libro\/actividades-programadas-en-la-feria-del-libro\/","title":{"rendered":"Actividades programadas en la Feria del Libro"},"content":{"rendered":"<p><strong><span style=\"text-decoration: underline\">Para el <\/span><\/strong><strong><span style=\"text-decoration: underline\">Ciclo de E. Infantil\u00a0 completo:<\/span> <\/strong><\/p>\n<p><strong>&#8211;\u00a0\u00a0\u00a0\u00a0\u00a0\u00a0\u00a0\u00a0 <\/strong>Visualizaci\u00f3n del Corto de animaci\u00f3n: \u201cFlying books\u201d.<\/p>\n<p><strong><span style=\"text-decoration: underline\">3 a\u00f1os:<\/span><\/strong><\/p>\n<p><strong><\/strong>&#8211;\u00a0\u00a0\u00a0\u00a0\u00a0\u00a0\u00a0\u00a0\u00a0 Visita a la Feria del Libro: Lectura de un cuento.<\/p>\n<p>&#8211;\u00a0\u00a0\u00a0\u00a0\u00a0\u00a0\u00a0\u00a0\u00a0 Elaboraci\u00f3n de un marcap\u00e1ginas.<\/p>\n<p><strong><span style=\"text-decoration: underline\">4 a\u00f1os:<\/span><\/strong><\/p>\n<p style=\"text-align: justify\">&#8211;\u00a0\u00a0\u00a0\u00a0\u00a0\u00a0\u00a0\u00a0\u00a0 Visita a la Feria del Libro. Aprenderemos una poes\u00eda. Ficha relacionada con la poes\u00eda.<\/p>\n<p>&#8211;\u00a0\u00a0\u00a0\u00a0\u00a0\u00a0\u00a0\u00a0\u00a0 Distribuci\u00f3n de un cuento sobre Valores, para su lectura durante esta semana en las familias.<\/p>\n<p style=\"text-align: justify\">&#8211;\u00a0\u00a0\u00a0\u00a0\u00a0\u00a0\u00a0\u00a0\u00a0 Cada ni\u00f1o\/a realizar\u00e1 su \u201cEstrella de los Valores\u201d, relacionada con el Valor que ha trabajado. Puesta en com\u00fan en clase.<\/p>\n<p style=\"text-align: justify\">&#8211;\u00a0\u00a0\u00a0\u00a0\u00a0\u00a0\u00a0\u00a0\u00a0 Cuentacuentos en el sal\u00f3n de Usos M\u00faltiples (mi\u00e9rcoles y jueves). Posterior visita a la Biblioteca, donde se realizar\u00e1 una ficha relacionada con el cuento.<\/p>\n<p>&#8211;\u00a0\u00a0\u00a0\u00a0\u00a0\u00a0\u00a0\u00a0\u00a0 Ficha de pl\u00e1stica \u201cLibro\u201d.<\/p>\n<p><strong><span style=\"text-decoration: underline\">5 a\u00f1os: <\/span><\/strong><\/p>\n<p>&#8211;\u00a0\u00a0\u00a0\u00a0\u00a0\u00a0\u00a0\u00a0\u00a0 Visita a la Feria del Libro: Aprendizaje de una poes\u00eda. Ficha relacionada con esta poes\u00eda.<\/p>\n<p>&#8211;\u00a0\u00a0\u00a0\u00a0\u00a0\u00a0\u00a0\u00a0\u00a0 Viernes: Cuentacuentos en el Sal\u00f3n de Usos M\u00faltiples.<\/p>\n<p><strong><span style=\"text-decoration: underline\">1er Ciclo:<\/span><\/strong><\/p>\n<p style=\"text-align: justify\">&#8211;\u00a0\u00a0\u00a0\u00a0\u00a0\u00a0\u00a0\u00a0\u00a0 Trabajamos poes\u00edas de Federico Garc\u00eda Lorca en aula durante toda la semana.<\/p>\n<p style=\"text-align: justify\">&#8211;\u00a0\u00a0\u00a0\u00a0\u00a0\u00a0\u00a0\u00a0\u00a0 Cada d\u00eda de esa semana vamos a presentar al alumnado un libro.<\/p>\n<p style=\"text-align: justify\">&#8211;\u00a0\u00a0\u00a0\u00a0\u00a0\u00a0\u00a0\u00a0\u00a0 Desde el Proyecto Biling\u00fce: Vamos a llamar a padres\/madres para que cuenten cuentos en ingl\u00e9s al alumnado.<\/p>\n<p style=\"text-align: justify\">&#8211;\u00a0\u00a0\u00a0\u00a0\u00a0\u00a0\u00a0\u00a0\u00a0 Los alumnos\/as van a escribir e ilustrar una historia en formato minicuento.<\/p>\n<p>&nbsp;<\/p>\n<p><strong><span style=\"text-decoration: underline\">2\u00ba Ciclo<\/span><\/strong><\/p>\n<p>&#8211;\u00a0\u00a0\u00a0\u00a0\u00a0\u00a0\u00a0\u00a0\u00a0 Proyecci\u00f3n \u201cAnimaci\u00f3n a la lectura\u201d.\u00a0 Ganador de Oscar 2012.<\/p>\n<p>&#8211;\u00a0\u00a0\u00a0\u00a0\u00a0\u00a0\u00a0\u00a0\u00a0 Trabajar los Poemas Garc\u00eda Lorca.<\/p>\n<p><strong><span style=\"text-decoration: underline\">3er Ciclo:<\/span><\/strong><\/p>\n<p>&#8211;\u00a0\u00a0\u00a0\u00a0\u00a0\u00a0\u00a0\u00a0\u00a0 Composiciones escritas y orales \u201cHistorias del ayer\u201d.<\/p>\n<p><strong><span style=\"text-decoration: underline\">Desde el equipo de Orientaci\u00f3n: <\/span><\/strong><\/p>\n<p>&#8211;\u00a0\u00a0\u00a0\u00a0\u00a0\u00a0\u00a0\u00a0\u00a0 Confecci\u00f3n de libritos con pictograma.<\/p>\n<p style=\"text-align: justify\">&#8211;\u00a0\u00a0\u00a0\u00a0\u00a0\u00a0\u00a0\u00a0\u00a0 Los\/as alumnos\/as traer\u00e1n de casa durante esta semana sus libros preferidos que deber\u00e1n presentar en clase y leer a sus compa\u00f1eros.<\/p>\n<p style=\"text-align: justify\">&#8211;\u00a0\u00a0\u00a0\u00a0\u00a0\u00a0\u00a0\u00a0\u00a0 Exposici\u00f3n de libros con formatos raros o diferentes.\u00a0 Libros curiosos.<\/p>\n","protected":false},"excerpt":{"rendered":"<p>Para el Ciclo de E. Infantil\u00a0 completo: &#8211;\u00a0\u00a0\u00a0\u00a0\u00a0\u00a0\u00a0\u00a0 Visualizaci\u00f3n del Corto de animaci\u00f3n: \u201cFlying books\u201d. 3 a\u00f1os: &#8211;\u00a0\u00a0\u00a0\u00a0\u00a0\u00a0\u00a0\u00a0\u00a0 Visita a la Feria del Libro: Lectura de un cuento. &#8211;\u00a0\u00a0\u00a0\u00a0\u00a0\u00a0\u00a0\u00a0\u00a0 Elaboraci\u00f3n de un marcap\u00e1ginas. 4 a\u00f1os: &#8211;\u00a0\u00a0\u00a0\u00a0\u00a0\u00a0\u00a0\u00a0\u00a0 Visita a la Feria del Libro. Aprenderemos una poes\u00eda. Ficha relacionada con la poes\u00eda. &#8211;\u00a0\u00a0\u00a0\u00a0\u00a0\u00a0\u00a0\u00a0\u00a0 Distribuci\u00f3n de un cuento &hellip; <\/p>\n<p><a class=\"more-link btn\" href=\"https:\/\/blogsaverroes.juntadeandalucia.es\/colemediterraneo\/cursos-anteriores\/a-nivel-de-centro\/feria-del-libro\/actividades-programadas-en-la-feria-del-libro\/\">Seguir leyendo<\/a><\/p>\n","protected":false},"author":5888,"featured_media":0,"parent":4131,"menu_order":0,"comment_status":"open","ping_status":"open","template":"","meta":{"ngg_post_thumbnail":0,"footnotes":"","_mc_calendar":[]},"aioseo_notices":[],"post_mailing_queue_ids":[],"_links":{"self":[{"href":"https:\/\/blogsaverroes.juntadeandalucia.es\/colemediterraneo\/wp-json\/wp\/v2\/pages\/4093"}],"collection":[{"href":"https:\/\/blogsaverroes.juntadeandalucia.es\/colemediterraneo\/wp-json\/wp\/v2\/pages"}],"about":[{"href":"https:\/\/blogsaverroes.juntadeandalucia.es\/colemediterraneo\/wp-json\/wp\/v2\/types\/page"}],"author":[{"embeddable":true,"href":"https:\/\/blogsaverroes.juntadeandalucia.es\/colemediterraneo\/wp-json\/wp\/v2\/users\/5888"}],"replies":[{"embeddable":true,"href":"https:\/\/blogsaverroes.juntadeandalucia.es\/colemediterraneo\/wp-json\/wp\/v2\/comments?post=4093"}],"version-history":[{"count":0,"href":"https:\/\/blogsaverroes.juntadeandalucia.es\/colemediterraneo\/wp-json\/wp\/v2\/pages\/4093\/revisions"}],"up":[{"embeddable":true,"href":"https:\/\/blogsaverroes.juntadeandalucia.es\/colemediterraneo\/wp-json\/wp\/v2\/pages\/4131"}],"wp:attachment":[{"href":"https:\/\/blogsaverroes.juntadeandalucia.es\/colemediterraneo\/wp-json\/wp\/v2\/media?parent=4093"}],"curies":[{"name":"wp","href":"https:\/\/api.w.org\/{rel}","templated":true}]}}