{"id":5456,"date":"2012-12-05T10:20:31","date_gmt":"2012-12-05T10:20:31","guid":{"rendered":"http:\/\/www.colemediterraneo.es\/?page_id=5456"},"modified":"2012-12-05T10:20:31","modified_gmt":"2012-12-05T10:20:31","slug":"reflexion-y-visionado-de-un-video-sobre-la-educacion-en-otros-paises","status":"publish","type":"page","link":"https:\/\/blogsaverroes.juntadeandalucia.es\/colemediterraneo\/cursos-anteriores\/curso-2012-2013\/a-nivel-de-centro-2\/actividades-en-torno-a-la-celebracion-de-nuestra-constitucion\/reflexion-y-visionado-de-un-video-sobre-la-educacion-en-otros-paises\/","title":{"rendered":"Reflexi\u00f3n y visionado de un v\u00eddeo sobre la Educaci\u00f3n en otros pa\u00edses"},"content":{"rendered":"<p style=\"text-align: justify\">\u00a0\u00a0 El alumnado de Tercer Ciclo ha participado en una sesi\u00f3n de reflexi\u00f3n a partir de la presentaci\u00f3n de la experiencia vivida por nuestra compa\u00f1era y maestra Avelina Lafuente en distintos colegios de Ecuador.<\/p>\n<p style=\"text-align: justify\">\u00a0\u00a0 Ella ha explicado en primera persona las condiciones en las que miles de ni\u00f1os y ni\u00f1as intentar continuar su educaci\u00f3n sufriendo las condiciones m\u00e1s dif\u00edciles.\u00a0\u00a0 Con esta actividad se ha tratado de concienciar de la suerte que tienen nuestros alumnos\/as de poder recibir una educaci\u00f3n de calidad y que por tanto deben aprovecharla al m\u00e1ximo.<\/p>\n\n<p style=\"text-align: justify\">\n","protected":false},"excerpt":{"rendered":"<p>\u00a0\u00a0 El alumnado de Tercer Ciclo ha participado en una sesi\u00f3n de reflexi\u00f3n a partir de la presentaci\u00f3n de la experiencia vivida por nuestra compa\u00f1era y maestra Avelina Lafuente en distintos colegios de Ecuador. \u00a0\u00a0 Ella ha explicado en primera persona las condiciones en las que miles de ni\u00f1os y ni\u00f1as intentar continuar su educaci\u00f3n &hellip; <\/p>\n<p><a class=\"more-link btn\" href=\"https:\/\/blogsaverroes.juntadeandalucia.es\/colemediterraneo\/cursos-anteriores\/curso-2012-2013\/a-nivel-de-centro-2\/actividades-en-torno-a-la-celebracion-de-nuestra-constitucion\/reflexion-y-visionado-de-un-video-sobre-la-educacion-en-otros-paises\/\">Seguir leyendo<\/a><\/p>\n","protected":false},"author":5888,"featured_media":0,"parent":5449,"menu_order":0,"comment_status":"open","ping_status":"open","template":"","meta":{"ngg_post_thumbnail":0,"footnotes":"","_mc_calendar":[]},"aioseo_notices":[],"post_mailing_queue_ids":[],"_links":{"self":[{"href":"https:\/\/blogsaverroes.juntadeandalucia.es\/colemediterraneo\/wp-json\/wp\/v2\/pages\/5456"}],"collection":[{"href":"https:\/\/blogsaverroes.juntadeandalucia.es\/colemediterraneo\/wp-json\/wp\/v2\/pages"}],"about":[{"href":"https:\/\/blogsaverroes.juntadeandalucia.es\/colemediterraneo\/wp-json\/wp\/v2\/types\/page"}],"author":[{"embeddable":true,"href":"https:\/\/blogsaverroes.juntadeandalucia.es\/colemediterraneo\/wp-json\/wp\/v2\/users\/5888"}],"replies":[{"embeddable":true,"href":"https:\/\/blogsaverroes.juntadeandalucia.es\/colemediterraneo\/wp-json\/wp\/v2\/comments?post=5456"}],"version-history":[{"count":0,"href":"https:\/\/blogsaverroes.juntadeandalucia.es\/colemediterraneo\/wp-json\/wp\/v2\/pages\/5456\/revisions"}],"up":[{"embeddable":true,"href":"https:\/\/blogsaverroes.juntadeandalucia.es\/colemediterraneo\/wp-json\/wp\/v2\/pages\/5449"}],"wp:attachment":[{"href":"https:\/\/blogsaverroes.juntadeandalucia.es\/colemediterraneo\/wp-json\/wp\/v2\/media?parent=5456"}],"curies":[{"name":"wp","href":"https:\/\/api.w.org\/{rel}","templated":true}]}}