{"id":192,"date":"2021-05-16T16:44:41","date_gmt":"2021-05-16T16:44:41","guid":{"rendered":"https:\/\/blogsaverroes.juntadeandalucia.es\/colepadrejesus\/?page_id=192"},"modified":"2026-03-23T11:26:34","modified_gmt":"2026-03-23T11:26:34","slug":"igualdad","status":"publish","type":"page","link":"https:\/\/blogsaverroes.juntadeandalucia.es\/colepadrejesus\/igualdad\/","title":{"rendered":"Igualdad"},"content":{"rendered":"\t\t<div data-elementor-type=\"wp-page\" data-elementor-id=\"192\" class=\"elementor elementor-192\">\n\t\t\t\t\t\t<section class=\"elementor-section elementor-top-section elementor-element elementor-element-4754803 elementor-section-boxed elementor-section-height-default elementor-section-height-default\" data-id=\"4754803\" data-element_type=\"section\">\n\t\t\t\t\t\t<div class=\"elementor-container elementor-column-gap-default\">\n\t\t\t\t\t<div class=\"elementor-column elementor-col-50 elementor-top-column elementor-element elementor-element-fac8015\" data-id=\"fac8015\" data-element_type=\"column\">\n\t\t\t<div class=\"elementor-widget-wrap elementor-element-populated\">\n\t\t\t\t\t\t<div class=\"elementor-element elementor-element-eb1c5b8 elementor-widget elementor-widget-heading\" data-id=\"eb1c5b8\" data-element_type=\"widget\" data-widget_type=\"heading.default\">\n\t\t\t\t<div class=\"elementor-widget-container\">\n\t\t\t\t\t<h2 class=\"elementor-heading-title elementor-size-default\"><font style=\"vertical-align: inherit\"><font style=\"vertical-align: inherit\"><font style=\"vertical-align: inherit\"><font style=\"vertical-align: inherit\">Plan de Igualdad.<\/font><\/font><\/font><\/font><font style=\"vertical-align: inherit\"><font style=\"vertical-align: inherit\"><\/font><\/font><\/h2>\t\t\t\t<\/div>\n\t\t\t\t<\/div>\n\t\t\t\t<div class=\"elementor-element elementor-element-6950d97 elementor-widget elementor-widget-text-editor\" data-id=\"6950d97\" data-element_type=\"widget\" data-widget_type=\"text-editor.default\">\n\t\t\t\t<div class=\"elementor-widget-container\">\n\t\t\t\t\t\t\t\t\t<p align=\"justify\"><span style=\"font-family: Escolar2, serif;font-size: 18pt\">En el C.E.I.P. Padre Jes\u00fas, tratamos de fomentar en nuestro alumnado, una educaci\u00f3n basada en la igualdad entre hombres y mujeres.<\/span><\/p><p align=\"justify\"><span style=\"font-family: Escolar2, serif;font-size: 18pt\">La educaci\u00f3n para la igualdad s\u00f3lo es posible cuando se asienta en una metodolog\u00eda abierta, creativa y flexible que d\u00e9 cabida a una educaci\u00f3n emocional que nos permita proyectar una verdadera escuela de iguales.<\/span><\/p><p align=\"justify\"><span style=\"font-family: Escolar2, serif;font-size: 18pt\">Una educaci\u00f3n para la igualdad debe estar centrada en el fomento del trabajo en grupo, el di\u00e1logo, las relaciones afectivas, la resoluci\u00f3n de conflictos, el respeto y la cooperaci\u00f3n, incidiendo en la toma de conciencia de que todos y todas tenemos derechos a las mismas oportunidades.<\/span><\/p><p align=\"justify\"><span style=\"font-family: Escolar2, serif;font-size: 18pt\">No obstante, hay que ser conscientes de que toda acci\u00f3n educativa llevada a cabo desde la escuela debe ser reforzada desde el \u00e1mbito familiar para darle la coherencia y la consistencia necesarias. M\u00e1s a\u00fan cuando se trata de incidir en aspectos relacionados con la construcci\u00f3n de la identidad de nuestros\/as escolares.<\/span><\/p>\t\t\t\t\t\t\t\t<\/div>\n\t\t\t\t<\/div>\n\t\t\t\t\t<\/div>\n\t\t<\/div>\n\t\t\t\t<div class=\"elementor-column elementor-col-50 elementor-top-column elementor-element elementor-element-f9e8688\" data-id=\"f9e8688\" data-element_type=\"column\">\n\t\t\t<div class=\"elementor-widget-wrap elementor-element-populated\">\n\t\t\t\t\t\t<div class=\"elementor-element elementor-element-2a52985 elementor-widget elementor-widget-image\" data-id=\"2a52985\" data-element_type=\"widget\" data-widget_type=\"image.default\">\n\t\t\t\t<div class=\"elementor-widget-container\">\n\t\t\t\t\t\t\t\t\t\t\t\t\t\t\t<img fetchpriority=\"high\" decoding=\"async\" width=\"472\" height=\"1024\" src=\"https:\/\/blogsaverroes.juntadeandalucia.es\/colepadrejesus\/files\/2021\/05\/WhatsApp-Image-2021-05-09-at-12.44.04-10-472x1024.jpeg\" class=\"attachment-large size-large wp-image-303\" alt=\"\" srcset=\"https:\/\/blogsaverroes.juntadeandalucia.es\/colepadrejesus\/files\/2021\/05\/WhatsApp-Image-2021-05-09-at-12.44.04-10-472x1024.jpeg 472w, https:\/\/blogsaverroes.juntadeandalucia.es\/colepadrejesus\/files\/2021\/05\/WhatsApp-Image-2021-05-09-at-12.44.04-10-138x300.jpeg 138w, https:\/\/blogsaverroes.juntadeandalucia.es\/colepadrejesus\/files\/2021\/05\/WhatsApp-Image-2021-05-09-at-12.44.04-10-708x1536.jpeg 708w, https:\/\/blogsaverroes.juntadeandalucia.es\/colepadrejesus\/files\/2021\/05\/WhatsApp-Image-2021-05-09-at-12.44.04-10-11x24.jpeg 11w, https:\/\/blogsaverroes.juntadeandalucia.es\/colepadrejesus\/files\/2021\/05\/WhatsApp-Image-2021-05-09-at-12.44.04-10-17x36.jpeg 17w, https:\/\/blogsaverroes.juntadeandalucia.es\/colepadrejesus\/files\/2021\/05\/WhatsApp-Image-2021-05-09-at-12.44.04-10-22x48.jpeg 22w, https:\/\/blogsaverroes.juntadeandalucia.es\/colepadrejesus\/files\/2021\/05\/WhatsApp-Image-2021-05-09-at-12.44.04-10.jpeg 738w\" sizes=\"(max-width: 472px) 100vw, 472px\" \/>\t\t\t\t\t\t\t\t\t\t\t\t\t\t\t<\/div>\n\t\t\t\t<\/div>\n\t\t\t\t\t<\/div>\n\t\t<\/div>\n\t\t\t\t\t<\/div>\n\t\t<\/section>\n\t\t\t\t<section class=\"elementor-section elementor-top-section elementor-element elementor-element-29866844 elementor-section-height-full elementor-section-content-middle elementor-section-boxed elementor-section-height-default elementor-section-items-middle\" data-id=\"29866844\" data-element_type=\"section\" data-settings=\"{&quot;background_background&quot;:&quot;classic&quot;}\">\n\t\t\t\t\t\t<div class=\"elementor-container elementor-column-gap-default\">\n\t\t\t\t\t<div class=\"elementor-column elementor-col-100 elementor-top-column elementor-element elementor-element-70170b13\" data-id=\"70170b13\" data-element_type=\"column\">\n\t\t\t<div class=\"elementor-widget-wrap elementor-element-populated\">\n\t\t\t\t\t\t<div class=\"elementor-element elementor-element-2b26a0ce elementor-widget elementor-widget-image\" data-id=\"2b26a0ce\" data-element_type=\"widget\" data-widget_type=\"image.default\">\n\t\t\t\t<div class=\"elementor-widget-container\">\n\t\t\t\t\t\t\t\t\t\t\t\t\t\t\t<img decoding=\"async\" width=\"75\" height=\"72\" src=\"https:\/\/blogsaverroes.juntadeandalucia.es\/colepadrejesus\/files\/2021\/05\/flower3.png\" class=\"attachment-full size-full wp-image-287\" alt=\"\" srcset=\"https:\/\/blogsaverroes.juntadeandalucia.es\/colepadrejesus\/files\/2021\/05\/flower3.png 75w, https:\/\/blogsaverroes.juntadeandalucia.es\/colepadrejesus\/files\/2021\/05\/flower3-24x24.png 24w, https:\/\/blogsaverroes.juntadeandalucia.es\/colepadrejesus\/files\/2021\/05\/flower3-36x36.png 36w, https:\/\/blogsaverroes.juntadeandalucia.es\/colepadrejesus\/files\/2021\/05\/flower3-48x46.png 48w\" sizes=\"(max-width: 75px) 100vw, 75px\" \/>\t\t\t\t\t\t\t\t\t\t\t\t\t\t\t<\/div>\n\t\t\t\t<\/div>\n\t\t\t\t<div class=\"elementor-element elementor-element-30e9629d elementor-align-center elementor-widget elementor-widget-button\" data-id=\"30e9629d\" data-element_type=\"widget\" data-widget_type=\"button.default\">\n\t\t\t\t<div class=\"elementor-widget-container\">\n\t\t\t\t\t\t\t\t\t<div class=\"elementor-button-wrapper\">\n\t\t\t\t\t<a class=\"elementor-button elementor-button-link elementor-size-lg\" href=\"#\">\n\t\t\t\t\t\t<span class=\"elementor-button-content-wrapper\">\n\t\t\t\t\t\t\t\t\t<span class=\"elementor-button-text\">Plan de Igualdad<\/span>\n\t\t\t\t\t<\/span>\n\t\t\t\t\t<\/a>\n\t\t\t\t<\/div>\n\t\t\t\t\t\t\t\t<\/div>\n\t\t\t\t<\/div>\n\t\t\t\t\t<\/div>\n\t\t<\/div>\n\t\t\t\t\t<\/div>\n\t\t<\/section>\n\t\t\t\t<\/div>\n\t\t","protected":false},"excerpt":{"rendered":"<p>Plan de Igualdad. En el C.E.I.P. Padre Jes\u00fas, tratamos de fomentar en nuestro alumnado, una educaci\u00f3n basada en la igualdad entre hombres y mujeres. La educaci\u00f3n para la igualdad s\u00f3lo es posible cuando se asienta en una metodolog\u00eda abierta, creativa y flexible que d\u00e9 cabida a una educaci\u00f3n emocional que nos permita proyectar una verdadera [&hellip;]<\/p>\n","protected":false},"author":11554,"featured_media":0,"parent":0,"menu_order":0,"comment_status":"closed","ping_status":"closed","template":"","meta":{"ngg_post_thumbnail":0,"footnotes":""},"aioseo_notices":[],"_links":{"self":[{"href":"https:\/\/blogsaverroes.juntadeandalucia.es\/colepadrejesus\/wp-json\/wp\/v2\/pages\/192"}],"collection":[{"href":"https:\/\/blogsaverroes.juntadeandalucia.es\/colepadrejesus\/wp-json\/wp\/v2\/pages"}],"about":[{"href":"https:\/\/blogsaverroes.juntadeandalucia.es\/colepadrejesus\/wp-json\/wp\/v2\/types\/page"}],"author":[{"embeddable":true,"href":"https:\/\/blogsaverroes.juntadeandalucia.es\/colepadrejesus\/wp-json\/wp\/v2\/users\/11554"}],"replies":[{"embeddable":true,"href":"https:\/\/blogsaverroes.juntadeandalucia.es\/colepadrejesus\/wp-json\/wp\/v2\/comments?post=192"}],"version-history":[{"count":9,"href":"https:\/\/blogsaverroes.juntadeandalucia.es\/colepadrejesus\/wp-json\/wp\/v2\/pages\/192\/revisions"}],"predecessor-version":[{"id":967,"href":"https:\/\/blogsaverroes.juntadeandalucia.es\/colepadrejesus\/wp-json\/wp\/v2\/pages\/192\/revisions\/967"}],"wp:attachment":[{"href":"https:\/\/blogsaverroes.juntadeandalucia.es\/colepadrejesus\/wp-json\/wp\/v2\/media?parent=192"}],"curies":[{"name":"wp","href":"https:\/\/api.w.org\/{rel}","templated":true}]}}