{"id":83,"date":"2021-05-12T17:31:51","date_gmt":"2021-05-12T17:31:51","guid":{"rendered":"https:\/\/blogsaverroes.juntadeandalucia.es\/colepadrejesus\/?page_id=83"},"modified":"2026-03-22T15:18:01","modified_gmt":"2026-03-22T15:18:01","slug":"secretaria","status":"publish","type":"page","link":"https:\/\/blogsaverroes.juntadeandalucia.es\/colepadrejesus\/secretaria\/","title":{"rendered":"Secretaria"},"content":{"rendered":"\t\t<div data-elementor-type=\"wp-page\" data-elementor-id=\"83\" class=\"elementor elementor-83\">\n\t\t\t\t\t\t<section class=\"elementor-section elementor-top-section elementor-element elementor-element-677fbfe1 elementor-section-height-min-height elementor-section-boxed elementor-section-height-default elementor-section-items-middle\" data-id=\"677fbfe1\" data-element_type=\"section\" data-settings=\"{&quot;background_background&quot;:&quot;classic&quot;,&quot;shape_divider_bottom&quot;:&quot;arrow&quot;,&quot;shape_divider_bottom_negative&quot;:&quot;yes&quot;}\">\n\t\t\t\t\t\t\t<div class=\"elementor-background-overlay\"><\/div>\n\t\t\t\t\t\t<div class=\"elementor-shape elementor-shape-bottom\" data-negative=\"true\">\n\t\t\t<svg xmlns=\"http:\/\/www.w3.org\/2000\/svg\" viewBox=\"0 0 700 10\" preserveAspectRatio=\"none\">\n\t<path class=\"elementor-shape-fill\" d=\"M360 0L350 9.9 340 0 0 0 0 10 700 10 700 0\"\/>\n<\/svg>\t\t<\/div>\n\t\t\t\t\t<div class=\"elementor-container elementor-column-gap-default\">\n\t\t\t\t\t<div class=\"elementor-column elementor-col-100 elementor-top-column elementor-element elementor-element-a0f5a1d\" data-id=\"a0f5a1d\" data-element_type=\"column\">\n\t\t\t<div class=\"elementor-widget-wrap\">\n\t\t\t\t\t\t\t<\/div>\n\t\t<\/div>\n\t\t\t\t\t<\/div>\n\t\t<\/section>\n\t\t\t\t<section class=\"elementor-section elementor-top-section elementor-element elementor-element-1dc199f6 elementor-section-content-middle elementor-reverse-mobile elementor-section-boxed elementor-section-height-default elementor-section-height-default\" data-id=\"1dc199f6\" data-element_type=\"section\">\n\t\t\t\t\t\t<div class=\"elementor-container elementor-column-gap-default\">\n\t\t\t\t\t<div class=\"elementor-column elementor-col-50 elementor-top-column elementor-element elementor-element-1d2d4f4e\" data-id=\"1d2d4f4e\" data-element_type=\"column\">\n\t\t\t<div class=\"elementor-widget-wrap elementor-element-populated\">\n\t\t\t\t\t\t<div class=\"elementor-element elementor-element-161acc73 elementor-widget elementor-widget-heading\" data-id=\"161acc73\" data-element_type=\"widget\" data-widget_type=\"heading.default\">\n\t\t\t\t<div class=\"elementor-widget-container\">\n\t\t\t\t\t<h3 class=\"elementor-heading-title elementor-size-default\"><font style=\"vertical-align: inherit\"><font style=\"vertical-align: inherit\">SECRETAR\u00cdA<\/font><\/font><font style=\"vertical-align: inherit\"><\/font><\/h3>\t\t\t\t<\/div>\n\t\t\t\t<\/div>\n\t\t\t\t<div class=\"elementor-element elementor-element-1248c744 elementor-widget elementor-widget-text-editor\" data-id=\"1248c744\" data-element_type=\"widget\" data-widget_type=\"text-editor.default\">\n\t\t\t\t<div class=\"elementor-widget-container\">\n\t\t\t\t\t\t\t\t\t<p><span style=\"color: #333333\"><span style=\"font-family: Arial, Helvetica, sans-serif\"><span style=\"font-size: small\">La\u00a0<\/span><\/span><\/span><span style=\"color: #333333\"><span style=\"font-family: Arial, Helvetica, sans-serif\"><span style=\"font-size: small\"><strong>Secretar\u00eda<\/strong><\/span><\/span><\/span><span style=\"color: #333333\">\u00a0<\/span><span style=\"color: #333333\"><span style=\"font-family: Arial, Helvetica, sans-serif\"><span style=\"font-size: small\">desarrolla muchas funciones importantes en la vida de un centro, especialmente en la relaci\u00f3n que mantiene con las familias en los diferentes tr\u00e1mites administrativos a lo largo de la escolarizaci\u00f3n: admisi\u00f3n, matr\u00edcula, comedor escolar, becas, etc.<\/span><\/span><\/span><\/p>\t\t\t\t\t\t\t\t<\/div>\n\t\t\t\t<\/div>\n\t\t\t\t<div class=\"elementor-element elementor-element-4690ddb0 elementor-align-left elementor-mobile-align-center elementor-widget elementor-widget-button\" data-id=\"4690ddb0\" data-element_type=\"widget\" data-widget_type=\"button.default\">\n\t\t\t\t<div class=\"elementor-widget-container\">\n\t\t\t\t\t\t\t\t\t<div class=\"elementor-button-wrapper\">\n\t\t\t\t\t<a class=\"elementor-button elementor-button-link elementor-size-md\" href=\"#\">\n\t\t\t\t\t\t<span class=\"elementor-button-content-wrapper\">\n\t\t\t\t\t\t<span class=\"elementor-button-icon\">\n\t\t\t\t<i aria-hidden=\"true\" class=\"fas fa-angle-double-right\"><\/i>\t\t\t<\/span>\n\t\t\t\t\t\t\t\t\t<span class=\"elementor-button-text\">Read More<\/span>\n\t\t\t\t\t<\/span>\n\t\t\t\t\t<\/a>\n\t\t\t\t<\/div>\n\t\t\t\t\t\t\t\t<\/div>\n\t\t\t\t<\/div>\n\t\t\t\t\t<\/div>\n\t\t<\/div>\n\t\t\t\t<div class=\"elementor-column elementor-col-50 elementor-top-column elementor-element elementor-element-2e2c7b21\" data-id=\"2e2c7b21\" data-element_type=\"column\">\n\t\t\t<div class=\"elementor-widget-wrap elementor-element-populated\">\n\t\t\t\t\t\t<div class=\"elementor-element elementor-element-6c5ade42 elementor-widget elementor-widget-image\" data-id=\"6c5ade42\" data-element_type=\"widget\" data-widget_type=\"image.default\">\n\t\t\t\t<div class=\"elementor-widget-container\">\n\t\t\t\t\t\t\t\t\t\t\t\t\t\t\t<img fetchpriority=\"high\" decoding=\"async\" width=\"1920\" height=\"1280\" src=\"https:\/\/blogsaverroes.juntadeandalucia.es\/colepadrejesus\/files\/2021\/05\/office-2761159_1920.png\" class=\"attachment-full size-full wp-image-184\" alt=\"\" srcset=\"https:\/\/blogsaverroes.juntadeandalucia.es\/colepadrejesus\/files\/2021\/05\/office-2761159_1920.png 1920w, https:\/\/blogsaverroes.juntadeandalucia.es\/colepadrejesus\/files\/2021\/05\/office-2761159_1920-300x200.png 300w, https:\/\/blogsaverroes.juntadeandalucia.es\/colepadrejesus\/files\/2021\/05\/office-2761159_1920-1024x683.png 1024w, https:\/\/blogsaverroes.juntadeandalucia.es\/colepadrejesus\/files\/2021\/05\/office-2761159_1920-768x512.png 768w, https:\/\/blogsaverroes.juntadeandalucia.es\/colepadrejesus\/files\/2021\/05\/office-2761159_1920-1536x1024.png 1536w\" sizes=\"(max-width: 1920px) 100vw, 1920px\" \/>\t\t\t\t\t\t\t\t\t\t\t\t\t\t\t<\/div>\n\t\t\t\t<\/div>\n\t\t\t\t\t<\/div>\n\t\t<\/div>\n\t\t\t\t\t<\/div>\n\t\t<\/section>\n\t\t\t\t<section class=\"elementor-section elementor-top-section elementor-element elementor-element-c04f44e elementor-section-content-middle elementor-section-boxed elementor-section-height-default elementor-section-height-default\" data-id=\"c04f44e\" data-element_type=\"section\">\n\t\t\t\t\t\t<div class=\"elementor-container elementor-column-gap-default\">\n\t\t\t\t\t<div class=\"elementor-column elementor-col-50 elementor-top-column elementor-element elementor-element-61ceb1d5\" data-id=\"61ceb1d5\" data-element_type=\"column\">\n\t\t\t<div class=\"elementor-widget-wrap elementor-element-populated\">\n\t\t\t\t\t\t<div class=\"elementor-element elementor-element-6cbaeab8 elementor-widget elementor-widget-image\" data-id=\"6cbaeab8\" data-element_type=\"widget\" data-widget_type=\"image.default\">\n\t\t\t\t<div class=\"elementor-widget-container\">\n\t\t\t\t\t\t\t\t\t\t\t\t\t\t\t<img decoding=\"async\" width=\"2560\" height=\"1920\" src=\"https:\/\/blogsaverroes.juntadeandalucia.es\/colepadrejesus\/files\/2021\/05\/IMG_20210513_140256-1-scaled.jpg\" class=\"attachment-full size-full wp-image-178\" alt=\"\" srcset=\"https:\/\/blogsaverroes.juntadeandalucia.es\/colepadrejesus\/files\/2021\/05\/IMG_20210513_140256-1-scaled.jpg 2560w, https:\/\/blogsaverroes.juntadeandalucia.es\/colepadrejesus\/files\/2021\/05\/IMG_20210513_140256-1-300x225.jpg 300w, https:\/\/blogsaverroes.juntadeandalucia.es\/colepadrejesus\/files\/2021\/05\/IMG_20210513_140256-1-1024x768.jpg 1024w, https:\/\/blogsaverroes.juntadeandalucia.es\/colepadrejesus\/files\/2021\/05\/IMG_20210513_140256-1-768x576.jpg 768w, https:\/\/blogsaverroes.juntadeandalucia.es\/colepadrejesus\/files\/2021\/05\/IMG_20210513_140256-1-1536x1152.jpg 1536w, https:\/\/blogsaverroes.juntadeandalucia.es\/colepadrejesus\/files\/2021\/05\/IMG_20210513_140256-1-2048x1536.jpg 2048w\" sizes=\"(max-width: 2560px) 100vw, 2560px\" \/>\t\t\t\t\t\t\t\t\t\t\t\t\t\t\t<\/div>\n\t\t\t\t<\/div>\n\t\t\t\t\t<\/div>\n\t\t<\/div>\n\t\t\t\t<div class=\"elementor-column elementor-col-50 elementor-top-column elementor-element elementor-element-dd96a15\" data-id=\"dd96a15\" data-element_type=\"column\">\n\t\t\t<div class=\"elementor-widget-wrap elementor-element-populated\">\n\t\t\t\t\t\t<div class=\"elementor-element elementor-element-7d850479 elementor-widget elementor-widget-heading\" data-id=\"7d850479\" data-element_type=\"widget\" data-widget_type=\"heading.default\">\n\t\t\t\t<div class=\"elementor-widget-container\">\n\t\t\t\t\t<h3 class=\"elementor-heading-title elementor-size-default\"><font style=\"vertical-align: inherit\"><font style=\"vertical-align: inherit\">Atenci\u00f3n al P\u00fablico.<\/font><\/font><\/h3>\t\t\t\t<\/div>\n\t\t\t\t<\/div>\n\t\t\t\t<div class=\"elementor-element elementor-element-26c93155 elementor-widget elementor-widget-text-editor\" data-id=\"26c93155\" data-element_type=\"widget\" data-widget_type=\"text-editor.default\">\n\t\t\t\t<div class=\"elementor-widget-container\">\n\t\t\t\t\t\t\t\t\t<p><span style=\"color: #000000\"><span style=\"font-size: small\">Para solicitar una reuni\u00f3n con cualquier miembro del Equipo Directivo pida cita previamente en Administraci\u00f3n<\/span><\/span><\/p><p><span style=\"color: #000000\">telf.<\/span> <span style=\"color: #000000\"><span style=\"font-size: small\">\u00a0<span style=\"font-size: 12pt\">959 349901 \/ 649782302<\/span> <\/span><\/span><\/p><p><span style=\"color: #000000\"><span style=\"font-size: small\">o a trav<\/span><\/span><span style=\"color: #000000\"><span style=\"font-family: Lato, sans-serif\"><span style=\"font-size: small\">\u00e9s de<\/span><\/span><\/span><\/p><p><span style=\"font-family: Lato, sans-serif;color: #0000ff\"><span style=\"font-size: small\"><span style=\"font-size: 12pt\">21000474.edu@juntadeandalucia.es<\/span><\/span><\/span>\u00a0<\/p><p><span style=\"color: #000000\"><span style=\"font-family: Lato, sans-serif\"><span style=\"font-size: small\">indicando nombre y apellidos, curso del alumno\/a, el miembro del equipo con el que desea contactar, un tel\u00e9fono de contacto y motivo.<\/span><\/span><\/span><\/p>\t\t\t\t\t\t\t\t<\/div>\n\t\t\t\t<\/div>\n\t\t\t\t<div class=\"elementor-element elementor-element-20edc710 elementor-align-left elementor-mobile-align-center elementor-widget elementor-widget-button\" data-id=\"20edc710\" data-element_type=\"widget\" data-widget_type=\"button.default\">\n\t\t\t\t<div class=\"elementor-widget-container\">\n\t\t\t\t\t\t\t\t\t<div class=\"elementor-button-wrapper\">\n\t\t\t\t\t<a class=\"elementor-button elementor-button-link elementor-size-md\" href=\"#\">\n\t\t\t\t\t\t<span class=\"elementor-button-content-wrapper\">\n\t\t\t\t\t\t<span class=\"elementor-button-icon\">\n\t\t\t\t\t\t\t\t\t<i class=\"fa fa-angle-double-right\" aria-hidden=\"true\"><\/i>\n\t\t\t\t\t\t\t<\/span>\n\t\t\t\t\t\t\t\t\t<span class=\"elementor-button-text\">Read More<\/span>\n\t\t\t\t\t<\/span>\n\t\t\t\t\t<\/a>\n\t\t\t\t<\/div>\n\t\t\t\t\t\t\t\t<\/div>\n\t\t\t\t<\/div>\n\t\t\t\t\t<\/div>\n\t\t<\/div>\n\t\t\t\t\t<\/div>\n\t\t<\/section>\n\t\t\t\t<section class=\"elementor-section elementor-top-section elementor-element elementor-element-e3ce2fd elementor-section-boxed elementor-section-height-default elementor-section-height-default\" data-id=\"e3ce2fd\" data-element_type=\"section\">\n\t\t\t\t\t\t<div class=\"elementor-container elementor-column-gap-default\">\n\t\t\t\t\t<div class=\"elementor-column elementor-col-33 elementor-top-column elementor-element elementor-element-18bc1a8\" data-id=\"18bc1a8\" data-element_type=\"column\">\n\t\t\t<div class=\"elementor-widget-wrap elementor-element-populated\">\n\t\t\t\t\t\t<div class=\"elementor-element elementor-element-9e180b9 elementor-widget elementor-widget-image\" data-id=\"9e180b9\" data-element_type=\"widget\" data-widget_type=\"image.default\">\n\t\t\t\t<div class=\"elementor-widget-container\">\n\t\t\t\t\t\t\t\t\t\t\t\t\t\t\t<img decoding=\"async\" width=\"1024\" height=\"683\" src=\"https:\/\/blogsaverroes.juntadeandalucia.es\/colepadrejesus\/files\/2021\/05\/back-to-school-2629361_1920-1024x683.jpg\" class=\"attachment-large size-large wp-image-181\" alt=\"\" srcset=\"https:\/\/blogsaverroes.juntadeandalucia.es\/colepadrejesus\/files\/2021\/05\/back-to-school-2629361_1920-1024x683.jpg 1024w, https:\/\/blogsaverroes.juntadeandalucia.es\/colepadrejesus\/files\/2021\/05\/back-to-school-2629361_1920-300x200.jpg 300w, https:\/\/blogsaverroes.juntadeandalucia.es\/colepadrejesus\/files\/2021\/05\/back-to-school-2629361_1920-768x512.jpg 768w, https:\/\/blogsaverroes.juntadeandalucia.es\/colepadrejesus\/files\/2021\/05\/back-to-school-2629361_1920-1536x1024.jpg 1536w, https:\/\/blogsaverroes.juntadeandalucia.es\/colepadrejesus\/files\/2021\/05\/back-to-school-2629361_1920.jpg 1920w\" sizes=\"(max-width: 1024px) 100vw, 1024px\" \/>\t\t\t\t\t\t\t\t\t\t\t\t\t\t\t<\/div>\n\t\t\t\t<\/div>\n\t\t\t\t<div class=\"elementor-element elementor-element-463df69 elementor-widget elementor-widget-heading\" data-id=\"463df69\" data-element_type=\"widget\" data-widget_type=\"heading.default\">\n\t\t\t\t<div class=\"elementor-widget-container\">\n\t\t\t\t\t<h2 class=\"elementor-heading-title elementor-size-default\">Escolarizaci\u00f3n.<\/h2>\t\t\t\t<\/div>\n\t\t\t\t<\/div>\n\t\t\t\t\t<\/div>\n\t\t<\/div>\n\t\t\t\t<div class=\"elementor-column elementor-col-33 elementor-top-column elementor-element elementor-element-524ebd5\" data-id=\"524ebd5\" data-element_type=\"column\">\n\t\t\t<div class=\"elementor-widget-wrap elementor-element-populated\">\n\t\t\t\t\t\t<div class=\"elementor-element elementor-element-1a3299e elementor-widget elementor-widget-image\" data-id=\"1a3299e\" data-element_type=\"widget\" data-widget_type=\"image.default\">\n\t\t\t\t<div class=\"elementor-widget-container\">\n\t\t\t\t\t\t\t\t\t\t\t\t\t\t\t<img loading=\"lazy\" decoding=\"async\" width=\"1024\" height=\"662\" src=\"https:\/\/blogsaverroes.juntadeandalucia.es\/colepadrejesus\/files\/2021\/05\/school-68931_1920-1024x662.jpg\" class=\"attachment-large size-large wp-image-182\" alt=\"\" srcset=\"https:\/\/blogsaverroes.juntadeandalucia.es\/colepadrejesus\/files\/2021\/05\/school-68931_1920-1024x662.jpg 1024w, https:\/\/blogsaverroes.juntadeandalucia.es\/colepadrejesus\/files\/2021\/05\/school-68931_1920-300x194.jpg 300w, https:\/\/blogsaverroes.juntadeandalucia.es\/colepadrejesus\/files\/2021\/05\/school-68931_1920-768x496.jpg 768w, https:\/\/blogsaverroes.juntadeandalucia.es\/colepadrejesus\/files\/2021\/05\/school-68931_1920-1536x993.jpg 1536w, https:\/\/blogsaverroes.juntadeandalucia.es\/colepadrejesus\/files\/2021\/05\/school-68931_1920.jpg 1920w\" sizes=\"(max-width: 1024px) 100vw, 1024px\" \/>\t\t\t\t\t\t\t\t\t\t\t\t\t\t\t<\/div>\n\t\t\t\t<\/div>\n\t\t\t\t<div class=\"elementor-element elementor-element-aeff11b elementor-widget elementor-widget-heading\" data-id=\"aeff11b\" data-element_type=\"widget\" data-widget_type=\"heading.default\">\n\t\t\t\t<div class=\"elementor-widget-container\">\n\t\t\t\t\t<h2 class=\"elementor-heading-title elementor-size-default\"><font style=\"vertical-align: inherit\"><font style=\"vertical-align: inherit\">Matriculaci\u00f3n.<\/font><\/font><\/h2>\t\t\t\t<\/div>\n\t\t\t\t<\/div>\n\t\t\t\t\t<\/div>\n\t\t<\/div>\n\t\t\t\t<div class=\"elementor-column elementor-col-33 elementor-top-column elementor-element elementor-element-3e9b9ae\" data-id=\"3e9b9ae\" data-element_type=\"column\">\n\t\t\t<div class=\"elementor-widget-wrap elementor-element-populated\">\n\t\t\t\t\t\t<div class=\"elementor-element elementor-element-edd2e09 elementor-widget elementor-widget-image\" data-id=\"edd2e09\" data-element_type=\"widget\" data-widget_type=\"image.default\">\n\t\t\t\t<div class=\"elementor-widget-container\">\n\t\t\t\t\t\t\t\t\t\t\t\t\t\t\t<img decoding=\"async\" src=\"https:\/\/blogsaverroes.juntadeandalucia.es\/colepadrejesus\/files\/2021\/05\/documents-158461_1280-220x220.png\" title=\"documents-158461_1280\" alt=\"documents-158461_1280\" loading=\"lazy\" \/>\t\t\t\t\t\t\t\t\t\t\t\t\t\t\t<\/div>\n\t\t\t\t<\/div>\n\t\t\t\t<div class=\"elementor-element elementor-element-e49261d elementor-widget elementor-widget-heading\" data-id=\"e49261d\" data-element_type=\"widget\" data-widget_type=\"heading.default\">\n\t\t\t\t<div class=\"elementor-widget-container\">\n\t\t\t\t\t<h2 class=\"elementor-heading-title elementor-size-default\"><font style=\"vertical-align: inherit\"><font style=\"vertical-align: inherit\">Anexos.<\/font><\/font><\/h2>\t\t\t\t<\/div>\n\t\t\t\t<\/div>\n\t\t\t\t\t<\/div>\n\t\t<\/div>\n\t\t\t\t\t<\/div>\n\t\t<\/section>\n\t\t\t\t<section class=\"elementor-section elementor-top-section elementor-element elementor-element-f62b54d elementor-section-boxed elementor-section-height-default elementor-section-height-default\" data-id=\"f62b54d\" data-element_type=\"section\">\n\t\t\t\t\t\t<div class=\"elementor-container elementor-column-gap-default\">\n\t\t\t\t\t<div class=\"elementor-column elementor-col-33 elementor-top-column elementor-element elementor-element-873035f\" data-id=\"873035f\" data-element_type=\"column\">\n\t\t\t<div class=\"elementor-widget-wrap elementor-element-populated\">\n\t\t\t\t\t\t<div class=\"elementor-element elementor-element-ddf3b66 elementor-widget elementor-widget-text-editor\" data-id=\"ddf3b66\" data-element_type=\"widget\" data-widget_type=\"text-editor.default\">\n\t\t\t\t<div class=\"elementor-widget-container\">\n\t\t\t\t\t\t\t\t\t<p style=\"text-align: center\"><span style=\"vertical-align: inherit;color: #000000\"><span style=\"vertical-align: inherit\"><span style=\"vertical-align: inherit\"><span style=\"vertical-align: inherit\">Plazo del 1 al 31 de marzo.<\/span><\/span><\/span><\/span><\/p><p align=\"center\"><span style=\"color: #000000\"><span style=\"font-family: Lato, sans-serif\"><span style=\"font-size: small\"><a href=\"http:\/\/www.google.com\/url?q=http%3A%2F%2Fwww.juntadeandalucia.es%2Feducacion%2Fportals%2Fweb%2Fescolarizacion%2Finfantil-a-bachillerato%2Fcalendario&amp;sa=D&amp;sntz=1&amp;usg=AFQjCNHEviwIv8sgzFxlWFqiHv99E8vhiQ\" target=\"_blank\" rel=\"noopener\">Calendario Escolarizaci\u00f3n<\/a><\/span><\/span><\/span><\/p><p align=\"center\"><span style=\"color: #000000\"><span style=\"font-family: Lato, sans-serif\"><span style=\"font-size: small\"><a href=\"https:\/\/www.google.com\/url?q=https%3A%2F%2Fwww.juntadeandalucia.es%2Feducacion%2Fsecretariavirtual%2FaccesoTramite%2F543%2F&amp;sa=D&amp;sntz=1&amp;usg=AFQjCNHY9m9uilSlngX3CAAWK3r8ViGSRg\" target=\"_blank\" rel=\"noopener\">PRESENTACI\u00d3N TELEM\u00c1TICA SOLICITUD DE ADMISI\u00d3N<\/a><\/span><\/span><\/span><u> <\/u><\/p><p align=\"center\"><span style=\"color: #000000\"><span style=\"font-family: Lato, sans-serif\"><span style=\"font-size: small\"><a href=\"https:\/\/www.google.com\/url?q=https%3A%2F%2Fwww.juntadeandalucia.es%2Feducacion%2Fportals%2Fweb%2Fescolarizacion%2Finfantil-a-bachillerato%2Fimpresos&amp;sa=D&amp;sntz=1&amp;usg=AFQjCNFYK6XPGws9pgYuydV9wGnS6emU1Q\" target=\"_blank\" rel=\"noopener\">IMPRESOS DE ADMISI\u00d3N<\/a><\/span><\/span><\/span><u> <\/u><\/p><p align=\"center\"><span style=\"color: #000000\"><span style=\"font-family: Lato, sans-serif\"><span style=\"font-size: small\"><a href=\"https:\/\/drive.google.com\/file\/d\/1KU1NL81GA-NytvAHLWEGQ4KeqwFU11u8\/view?usp=sharing\" target=\"_blank\" rel=\"noopener\">ADSCRIPCI\u00d3N Y VACANTES OFERTADAS<\/a><\/span><\/span><\/span><u> <\/u><\/p><p align=\"center\"><span style=\"color: #000000\"><span style=\"font-family: Lato, sans-serif\"><span style=\"font-size: small\"><a href=\"https:\/\/www.juntadeandalucia.es\/educacion\/educasig\/escolarizacion\/\" target=\"_blank\" rel=\"noopener\">MAPA DE INFLUENCIA<\/a><\/span><\/span><\/span><u> <\/u><\/p><p align=\"center\"><span style=\"color: #000000\"><span style=\"font-family: Lato, sans-serif\"><span style=\"font-size: small\"><a href=\"https:\/\/www.google.com\/url?q=https%3A%2F%2Fwww.juntadeandalucia.es%2Feducacion%2Fportals%2Fweb%2Fescolarizacion%2Finfantil-a-bachillerato%2Fautobaremo&amp;sa=D&amp;sntz=1&amp;usg=AFQjCNFyvaciscDX5NljkZ78lJ6JrVk_pA\" target=\"_blank\" rel=\"noopener\">AUTOBAREMACI\u00d3N<\/a><\/span><\/span><\/span><u> <\/u><\/p>\t\t\t\t\t\t\t\t<\/div>\n\t\t\t\t<\/div>\n\t\t\t\t\t<\/div>\n\t\t<\/div>\n\t\t\t\t<div class=\"elementor-column elementor-col-33 elementor-top-column elementor-element elementor-element-1e28ced\" data-id=\"1e28ced\" data-element_type=\"column\">\n\t\t\t<div class=\"elementor-widget-wrap elementor-element-populated\">\n\t\t\t\t\t\t<div class=\"elementor-element elementor-element-a1b4633 elementor-widget elementor-widget-text-editor\" data-id=\"a1b4633\" data-element_type=\"widget\" data-widget_type=\"text-editor.default\">\n\t\t\t\t<div class=\"elementor-widget-container\">\n\t\t\t\t\t\t\t\t\t<p><span style=\"vertical-align: inherit\"><span style=\"vertical-align: inherit\">Plazo del 1 al 10 de junio.<\/span><\/span><\/p><p align=\"center\"><span style=\"color: #000000\"><span style=\"font-family: Lato, sans-serif\"><span style=\"font-size: small\"><a href=\"https:\/\/www.google.com\/url?q=https%3A%2F%2Fwww.juntadeandalucia.es%2Feducacion%2Fportals%2Fweb%2Fescolarizacion%2Finfantil-a-bachillerato%2Fimpresos&amp;sa=D&amp;sntz=1&amp;usg=AFQjCNFYK6XPGws9pgYuydV9wGnS6emU1Q\" target=\"_blank\" rel=\"noopener\">PRESENTACI\u00d3N TELEM\u00c1TICA <\/a><\/span><\/span><\/span><\/p><p align=\"center\"><span style=\"font-family: Lato, sans-serif\"><span style=\"font-size: small\"><u><span style=\"color: #000000\">&#8212;&#8212;&#8212;&#8212;<\/span><\/u><\/span><\/span><\/p><p align=\"center\"><span style=\"font-family: Lato, sans-serif\"><span style=\"font-size: small\"><u><span style=\"color: #000000\">PRESENTACI\u00d3N PRESENCIAL<\/span><\/u><\/span><\/span><\/p><p align=\"center\"><span style=\"color: #000000\"><span style=\"font-family: Lato, sans-serif\"><span style=\"font-size: small\"><a href=\"https:\/\/www.google.com\/url?q=https%3A%2F%2Fwww.juntadeandalucia.es%2Feducacion%2Fportals%2Fdelegate%2Fcontent%2Fd26442b2-4b4a-433a-9c1e-e1790a29f781%2FANEXO%2520IV&amp;sa=D&amp;sntz=1&amp;usg=AFQjCNGWOWXFDF92oOl2KDdr9frK80mDAQ\" target=\"_blank\" rel=\"noopener\">1. IMPRESO DE MATR\u00cdCULA INFANTIL<\/a><\/span><\/span><\/span><\/p><p align=\"center\"><span style=\"color: #000000\"><span style=\"font-family: Lato, sans-serif\"><span style=\"font-size: small\"><a href=\"https:\/\/www.google.com\/url?q=https%3A%2F%2Fwww.juntadeandalucia.es%2Feducacion%2Fportals%2Fdelegate%2Fcontent%2F55fad88e-7bb3-40e3-bbe4-198107487345%2FANEXO%2520V&amp;sa=D&amp;sntz=1&amp;usg=AFQjCNFyRAcmUHy5pTQMcv2v2V9JxzUFGQ\" target=\"_blank\" rel=\"noopener\">1. IMPRESO MATR\u00cdCULA PRIMARIA<\/a><\/span><\/span><\/span><u> <\/u><\/p><p align=\"center\"><span style=\"color: #000000\"><span style=\"font-family: Lato, sans-serif\"><span style=\"font-size: small\"><a href=\"https:\/\/www.google.com\/url?q=https%3A%2F%2Fwww.juntadeandalucia.es%2Feducacion%2Fportals%2Fdelegate%2Fcontent%2F12c1f402-4ea8-4a01-a921-5baa061cc442%2FANEXO%2520-%2520RELIGI%25C3%2593N&amp;sa=D&amp;sntz=1&amp;usg=AFQjCNHTYscpdOSIlcwExmqSgCXk9z_o1g\" target=\"_blank\" rel=\"noopener\">2. IMPRESO SOLICITUD RELIGI\u00d3N<\/a><\/span><\/span><\/span><u> <\/u><\/p><p align=\"center\"><span style=\"color: #2eb0b0\"><a style=\"color: #2eb0b0\" href=\"https:\/\/drive.google.com\/file\/d\/1vy0lMxxvu5HC5WwKV7B2TV8eplSJ5bw7\/view?usp=sharing\"><span style=\"font-family: Lato, sans-serif\"><span style=\"font-size: small\">3.AUTORIZACIONES<\/span><\/span><\/a><\/span><u><\/u><\/p>\t\t\t\t\t\t\t\t<\/div>\n\t\t\t\t<\/div>\n\t\t\t\t\t<\/div>\n\t\t<\/div>\n\t\t\t\t<div class=\"elementor-column elementor-col-33 elementor-top-column elementor-element elementor-element-48fa7ba\" data-id=\"48fa7ba\" data-element_type=\"column\">\n\t\t\t<div class=\"elementor-widget-wrap elementor-element-populated\">\n\t\t\t\t\t\t<div class=\"elementor-element elementor-element-39e776e elementor-widget elementor-widget-text-editor\" data-id=\"39e776e\" data-element_type=\"widget\" data-widget_type=\"text-editor.default\">\n\t\t\t\t<div class=\"elementor-widget-container\">\n\t\t\t\t\t\t\t\t\t<p><span style=\"color: #000000\"><span style=\"font-family: Lato\"><span style=\"font-size: small\"><u><b><strong>Anexo II:<\/strong><\/b><\/u><\/span><\/span><\/span><u> <\/u><span style=\"color: #000000\"><span style=\"font-family: Lato\"><span style=\"font-size: small\"><u>Inscripci\u00f3n en servicios de Aula Matinal. Comedor. Extraescolares. <\/u><\/span><\/span><\/span><span style=\"color: #000000\"><span style=\"font-family: Lato\"><span style=\"font-size: small\"><a href=\"https:\/\/drive.google.com\/file\/d\/16W6qjxt0VHrXaKNqe7fp1SNeC4VqSGPt\/view?usp=sharing\" target=\"_blank\" rel=\"noopener\">Descargar.<\/a><\/span><\/span><\/span><\/p><p align=\"justify\"><span style=\"color: #000000\"><span style=\"font-family: Lato\"><span style=\"font-size: small\"><u><b><strong>Anexo V<\/strong><\/b><\/u><\/span><\/span><\/span><span style=\"color: #000000\"><span style=\"font-family: Lato, sans-serif\"><span style=\"font-size: small\"><u>:\u00a0<\/u><\/span><\/span><\/span><span style=\"color: #000000\"><span style=\"font-family: Lato\"><span style=\"font-size: small\"><u>Solicitud de Bonificaci\u00f3n en Aula Matinal. Comedor. Extraescolares.\u00a0<\/u><\/span><\/span><\/span><span style=\"color: #000000\"><span style=\"font-family: Lato\"><span style=\"font-size: small\"><a href=\"https:\/\/drive.google.com\/file\/d\/1h26K6e3VzbvSoG_iAV86qAD_x67BdGqA\/view?usp=sharing\" target=\"_blank\" rel=\"noopener\">Descargar.<\/a><\/span><\/span><\/span><\/p><p align=\"justify\"><span style=\"color: #000000\"><span style=\"font-family: Lato\"><span style=\"font-size: small\"><u>Solicitud de Baja de Aula Matinal. Comedor. Extraescolares.\u00a0<\/u><\/span><\/span><\/span><span style=\"color: #000000\"><span style=\"font-family: Lato\"><span style=\"font-size: small\"><a href=\"https:\/\/drive.google.com\/file\/d\/161wlVBell9rmNlOvpMolAQ3hdhfgN8rT\/view?usp=sharing\" target=\"_blank\" rel=\"noopener\">Descargar<\/a><\/span><\/span><\/span><span style=\"color: #000000\"><span style=\"font-family: Lato\"><span style=\"font-size: small\"><u>.<\/u><\/span><\/span><\/span><\/p>\t\t\t\t\t\t\t\t<\/div>\n\t\t\t\t<\/div>\n\t\t\t\t\t<\/div>\n\t\t<\/div>\n\t\t\t\t\t<\/div>\n\t\t<\/section>\n\t\t\t\t<section class=\"elementor-section elementor-top-section elementor-element elementor-element-8a7d2fc elementor-section-boxed elementor-section-height-default elementor-section-height-default\" data-id=\"8a7d2fc\" data-element_type=\"section\">\n\t\t\t\t\t\t<div class=\"elementor-container elementor-column-gap-default\">\n\t\t\t\t\t<div class=\"elementor-column elementor-col-100 elementor-top-column elementor-element elementor-element-532e670\" data-id=\"532e670\" data-element_type=\"column\">\n\t\t\t<div class=\"elementor-widget-wrap elementor-element-populated\">\n\t\t\t\t\t\t<div class=\"elementor-element elementor-element-1459f99 elementor-widget elementor-widget-image\" data-id=\"1459f99\" data-element_type=\"widget\" data-widget_type=\"image.default\">\n\t\t\t\t<div class=\"elementor-widget-container\">\n\t\t\t\t\t\t\t\t\t\t\t\t\t\t\t\t<a href=\"https:\/\/view.genially.com\/62114e4b070c180018395005\/learning-experience-challenges-admisiones-20262027\">\n\t\t\t\t\t\t\t<img loading=\"lazy\" decoding=\"async\" width=\"1024\" height=\"542\" src=\"https:\/\/blogsaverroes.juntadeandalucia.es\/colepadrejesus\/files\/2026\/02\/Admision-26-27-1024x542.png\" class=\"attachment-large size-large wp-image-797\" alt=\"\" srcset=\"https:\/\/blogsaverroes.juntadeandalucia.es\/colepadrejesus\/files\/2026\/02\/Admision-26-27-1024x542.png 1024w, https:\/\/blogsaverroes.juntadeandalucia.es\/colepadrejesus\/files\/2026\/02\/Admision-26-27-300x159.png 300w, https:\/\/blogsaverroes.juntadeandalucia.es\/colepadrejesus\/files\/2026\/02\/Admision-26-27-768x407.png 768w, https:\/\/blogsaverroes.juntadeandalucia.es\/colepadrejesus\/files\/2026\/02\/Admision-26-27-1024x542-474x250.png 474w, https:\/\/blogsaverroes.juntadeandalucia.es\/colepadrejesus\/files\/2026\/02\/Admision-26-27.png 1337w\" sizes=\"(max-width: 1024px) 100vw, 1024px\" \/>\t\t\t\t\t\t\t\t<\/a>\n\t\t\t\t\t\t\t\t\t\t\t\t\t\t\t<\/div>\n\t\t\t\t<\/div>\n\t\t\t\t\t<\/div>\n\t\t<\/div>\n\t\t\t\t\t<\/div>\n\t\t<\/section>\n\t\t\t\t<section class=\"elementor-section elementor-top-section elementor-element elementor-element-bac38f9 elementor-section-boxed elementor-section-height-default elementor-section-height-default\" data-id=\"bac38f9\" data-element_type=\"section\">\n\t\t\t\t\t\t<div class=\"elementor-container elementor-column-gap-default\">\n\t\t\t\t\t<div class=\"elementor-column elementor-col-100 elementor-top-column elementor-element elementor-element-c302bbf\" data-id=\"c302bbf\" data-element_type=\"column\">\n\t\t\t<div class=\"elementor-widget-wrap elementor-element-populated\">\n\t\t\t\t\t\t<div class=\"elementor-element elementor-element-fe8e490 elementor-widget elementor-widget-image\" data-id=\"fe8e490\" data-element_type=\"widget\" data-widget_type=\"image.default\">\n\t\t\t\t<div class=\"elementor-widget-container\">\n\t\t\t\t\t\t\t\t\t\t\t\t\t\t\t\t<a href=\"https:\/\/view.genial.ly\/60ad228637174b0d92da2415\/interactive-content-matriculacion-20212022-ceip-padre-jesus\">\n\t\t\t\t\t\t\t<img loading=\"lazy\" decoding=\"async\" width=\"959\" height=\"539\" src=\"https:\/\/blogsaverroes.juntadeandalucia.es\/colepadrejesus\/files\/2022\/05\/Captura-de-pantalla-de-2022-05-26-12-31-04.png\" class=\"attachment-large size-large wp-image-587\" alt=\"\" srcset=\"https:\/\/blogsaverroes.juntadeandalucia.es\/colepadrejesus\/files\/2022\/05\/Captura-de-pantalla-de-2022-05-26-12-31-04.png 959w, https:\/\/blogsaverroes.juntadeandalucia.es\/colepadrejesus\/files\/2022\/05\/Captura-de-pantalla-de-2022-05-26-12-31-04-300x169.png 300w, https:\/\/blogsaverroes.juntadeandalucia.es\/colepadrejesus\/files\/2022\/05\/Captura-de-pantalla-de-2022-05-26-12-31-04-768x432.png 768w, https:\/\/blogsaverroes.juntadeandalucia.es\/colepadrejesus\/files\/2022\/05\/Captura-de-pantalla-de-2022-05-26-12-31-04-24x13.png 24w, https:\/\/blogsaverroes.juntadeandalucia.es\/colepadrejesus\/files\/2022\/05\/Captura-de-pantalla-de-2022-05-26-12-31-04-36x20.png 36w, https:\/\/blogsaverroes.juntadeandalucia.es\/colepadrejesus\/files\/2022\/05\/Captura-de-pantalla-de-2022-05-26-12-31-04-48x27.png 48w\" sizes=\"(max-width: 959px) 100vw, 959px\" \/>\t\t\t\t\t\t\t\t<\/a>\n\t\t\t\t\t\t\t\t\t\t\t\t\t\t\t<\/div>\n\t\t\t\t<\/div>\n\t\t\t\t\t<\/div>\n\t\t<\/div>\n\t\t\t\t\t<\/div>\n\t\t<\/section>\n\t\t\t\t<\/div>\n\t\t","protected":false},"excerpt":{"rendered":"<p>SECRETAR\u00cdA La&nbsp;Secretar\u00eda&nbsp;desarrolla muchas funciones importantes en la vida de un centro, especialmente en la relaci\u00f3n que mantiene con las familias en los diferentes tr\u00e1mites administrativos a lo largo de la escolarizaci\u00f3n: admisi\u00f3n, matr\u00edcula, comedor escolar, becas, etc. Read More Atenci\u00f3n al P\u00fablico. Para solicitar una reuni\u00f3n con cualquier miembro del Equipo Directivo pida cita previamente [&hellip;]<\/p>\n","protected":false},"author":11554,"featured_media":0,"parent":0,"menu_order":0,"comment_status":"closed","ping_status":"closed","template":"","meta":{"ngg_post_thumbnail":0,"footnotes":""},"aioseo_notices":[],"_links":{"self":[{"href":"https:\/\/blogsaverroes.juntadeandalucia.es\/colepadrejesus\/wp-json\/wp\/v2\/pages\/83"}],"collection":[{"href":"https:\/\/blogsaverroes.juntadeandalucia.es\/colepadrejesus\/wp-json\/wp\/v2\/pages"}],"about":[{"href":"https:\/\/blogsaverroes.juntadeandalucia.es\/colepadrejesus\/wp-json\/wp\/v2\/types\/page"}],"author":[{"embeddable":true,"href":"https:\/\/blogsaverroes.juntadeandalucia.es\/colepadrejesus\/wp-json\/wp\/v2\/users\/11554"}],"replies":[{"embeddable":true,"href":"https:\/\/blogsaverroes.juntadeandalucia.es\/colepadrejesus\/wp-json\/wp\/v2\/comments?post=83"}],"version-history":[{"count":35,"href":"https:\/\/blogsaverroes.juntadeandalucia.es\/colepadrejesus\/wp-json\/wp\/v2\/pages\/83\/revisions"}],"predecessor-version":[{"id":936,"href":"https:\/\/blogsaverroes.juntadeandalucia.es\/colepadrejesus\/wp-json\/wp\/v2\/pages\/83\/revisions\/936"}],"wp:attachment":[{"href":"https:\/\/blogsaverroes.juntadeandalucia.es\/colepadrejesus\/wp-json\/wp\/v2\/media?parent=83"}],"curies":[{"name":"wp","href":"https:\/\/api.w.org\/{rel}","templated":true}]}}