{"id":7851,"date":"2024-03-10T13:14:00","date_gmt":"2024-03-10T12:14:00","guid":{"rendered":"https:\/\/blogsaverroes.juntadeandalucia.es\/colesanjuandelacruz\/?page_id=7851"},"modified":"2024-03-10T13:14:00","modified_gmt":"2024-03-10T12:14:00","slug":"proyecto-educativo-2","status":"publish","type":"page","link":"https:\/\/blogsaverroes.juntadeandalucia.es\/colesanjuandelacruz\/proyecto-educativo-2\/","title":{"rendered":"PROYECTO EDUCATIVO"},"content":{"rendered":"<p>A continuaci\u00f3n compartimos el Proyecto Educativo que est\u00e1 dividido en tres partes:<\/p>\n<h2 style=\"text-align: center\">PROYECTO EDUCATIVO:<\/h2>\n<h3><a href=\"https:\/\/drive.google.com\/file\/d\/1YkZBzan42P872HPr29WoNYg_MMvCnMEI\/view?usp=drive_link\" target=\"_blank\" rel=\"noopener noreferrer\">PROYECTO EDUCATIVO (PARTE 1):<\/a><\/h3>\n<ul>\n<li>Introducci\u00f3n.<\/li>\n<li>Coordinaci\u00f3n y concreci\u00f3n de los contenidos curriculares, as\u00ed como&nbsp; el tratamiento transversal en las \u00e1reas de la educaci\u00f3n en valores y otras ense\u00f1anzas,&nbsp; integrando la igualdad de g\u00e9nero como un objetivo primordial.<\/li>\n<li>Criterios pedag\u00f3gicos para la determinaci\u00f3n del horario individual del profesorado y la dedicaci\u00f3n de las personas responsables de los \u00f3rganos de coordinaci\u00f3n docente, as\u00ed como de tutor\u00edas y agrupamientos de alumnado.<\/li>\n<li>Procedimientos y criterios de evaluaci\u00f3n y promoci\u00f3n del alumnado en Educaci\u00f3n Infantil.<\/li>\n<li>Los procedimientos de evaluaci\u00f3n y promoci\u00f3n del alumnado en Educaci\u00f3n Primaria.<\/li>\n<\/ul>\n<h3><a href=\"https:\/\/drive.google.com\/file\/d\/1fdVWyCbFrHvCdz1XmZDikuXLieWBk3mh\/view?usp=drive_link\" target=\"_blank\" rel=\"noopener noreferrer\">PROYECTO EDUCATIVO (PARTE 2):<\/a><\/h3>\n<ul>\n<li>Objetivos propios para la mejora del rendimiento escolar.<\/li>\n<\/ul>\n<h3><a href=\"https:\/\/drive.google.com\/file\/d\/1Q6KyT-MOMEiX-9Ie1VOoFQdMZdWHjSwl\/view?usp=drive_link\" target=\"_blank\" rel=\"noopener noreferrer\">PROYECTO EDUCATIVO (PARTE 3):<\/a><\/h3>\n<ul>\n<li>L\u00edneas generales de actuaci\u00f3n pedag\u00f3gica.<\/li>\n<\/ul>\n","protected":false},"excerpt":{"rendered":"<p>A continuaci\u00f3n compartimos el Proyecto Educativo que est\u00e1 dividido en tres partes: PROYECTO EDUCATIVO: PROYECTO EDUCATIVO (PARTE 1): Introducci\u00f3n. Coordinaci\u00f3n y concreci\u00f3n de los contenidos curriculares, as\u00ed como&nbsp; el tratamiento transversal en las \u00e1reas&#46;&#46;&#46;<\/p>\n","protected":false},"author":7619,"featured_media":0,"parent":0,"menu_order":0,"comment_status":"closed","ping_status":"closed","template":"","meta":{"ngg_post_thumbnail":0,"footnotes":"","_mc_calendar":[]},"aioseo_notices":[],"_links":{"self":[{"href":"https:\/\/blogsaverroes.juntadeandalucia.es\/colesanjuandelacruz\/wp-json\/wp\/v2\/pages\/7851"}],"collection":[{"href":"https:\/\/blogsaverroes.juntadeandalucia.es\/colesanjuandelacruz\/wp-json\/wp\/v2\/pages"}],"about":[{"href":"https:\/\/blogsaverroes.juntadeandalucia.es\/colesanjuandelacruz\/wp-json\/wp\/v2\/types\/page"}],"author":[{"embeddable":true,"href":"https:\/\/blogsaverroes.juntadeandalucia.es\/colesanjuandelacruz\/wp-json\/wp\/v2\/users\/7619"}],"replies":[{"embeddable":true,"href":"https:\/\/blogsaverroes.juntadeandalucia.es\/colesanjuandelacruz\/wp-json\/wp\/v2\/comments?post=7851"}],"version-history":[{"count":3,"href":"https:\/\/blogsaverroes.juntadeandalucia.es\/colesanjuandelacruz\/wp-json\/wp\/v2\/pages\/7851\/revisions"}],"predecessor-version":[{"id":7854,"href":"https:\/\/blogsaverroes.juntadeandalucia.es\/colesanjuandelacruz\/wp-json\/wp\/v2\/pages\/7851\/revisions\/7854"}],"wp:attachment":[{"href":"https:\/\/blogsaverroes.juntadeandalucia.es\/colesanjuandelacruz\/wp-json\/wp\/v2\/media?parent=7851"}],"curies":[{"name":"wp","href":"https:\/\/api.w.org\/{rel}","templated":true}]}}