{"id":1148,"date":"2025-01-17T19:45:01","date_gmt":"2025-01-17T18:45:01","guid":{"rendered":"https:\/\/blogsaverroes.juntadeandalucia.es\/condesadelasquemadas\/?page_id=1148"},"modified":"2026-02-18T16:25:28","modified_gmt":"2026-02-18T15:25:28","slug":"claustro-de-maestrs-y-personal-laboral","status":"publish","type":"page","link":"https:\/\/blogsaverroes.juntadeandalucia.es\/condesadelasquemadas\/claustro-de-maestrs-y-personal-laboral\/","title":{"rendered":"Claustro de maestr@s, personal laboral y Consejo Escolar"},"content":{"rendered":"<!--themify_builder_content-->\n<div id=\"themify_builder_content-1148\" data-postid=\"1148\" class=\"themify_builder_content themify_builder_content-1148 themify_builder tf_clear\">\n                    <div  data-lazy=\"1\" class=\"module_row themify_builder_row tb_q4cp34 tb_first tf_w\">\n                        <div class=\"row_inner col_align_top tb_col_count_1 tf_box tf_rel\">\n                        <div  data-lazy=\"1\" class=\"module_column tb-column col-full tb_bp5935 first\">\n                            <div  data-lazy=\"1\" class=\"module_subrow themify_builder_sub_row tf_w col_align_top tb_col_count_2 tb_la3l36\">\n                <div  data-lazy=\"1\" class=\"module_column sub_column tb_cq6l36 first\">\n                    <!-- module text -->\n<div  class=\"module module-text tb_8fgz37   \" data-lazy=\"1\">\n        <div  class=\"tb_text_wrap\">\n        <p>\u00a0<\/p>\n<p style=\"text-align: center\"><span style=\"color: #000000;font-size: 36pt\"><strong>CLAUSTRO<\/strong><\/span><\/p>    <\/div>\n<\/div>\n<!-- \/module text --><!-- module accordion -->\n<div  class=\"module module-accordion tb_0xp837 \" data-behavior=\"accordion\" data-lazy=\"1\">\n    \n    <ul class=\"ui module-accordion  rounded embossed red\">\n            <li>\n            <div class=\"accordion-title tf_rel\">\n                <a href=\"#acc-0xp837-0\" class=\"tb_title_accordion\" aria-controls=\"acc-0xp837-0-content\" aria-expanded=\"false\">\n                    <i class=\"accordion-icon\"><svg  class=\"tf_fa tf-ti-angle-down\" aria-hidden=\"true\"><use href=\"#tf-ti-angle-down\"><\/use><\/svg><\/i>                    <i class=\"accordion-active-icon tf_hide\"><svg  class=\"tf_fa tf-ti-angle-up\" aria-hidden=\"true\"><use href=\"#tf-ti-angle-up\"><\/use><\/svg><\/i>                    EQUIPO DIRECTIVO                <\/a>\n            <\/div><!-- .accordion-title -->\n            <div id=\"acc-0xp837-0-content\" data-id=\"acc-0xp837-0\" aria-hidden=\"true\" class=\"accordion-content tf_hide tf_clearfix\">\n                        <div  data-lazy=\"1\" class=\"module_subrow themify_builder_sub_row tf_w col_align_top tb_col_count_1 tb_ztpm106\">\n                <div  data-lazy=\"1\" class=\"module_column sub_column tb_j2cx107 first\">\n                    <!-- module text -->\n<div  class=\"module module-text tb_jjh9107   \" data-lazy=\"1\">\n        <div  class=\"tb_text_wrap\">\n        <p style=\"text-align: center\"><span style=\"font-family: georgia, palatino, serif;font-size: 12pt\"><strong>DIRECCI\u00d3N<\/strong> \u2013 Ana M\u00aa Castell\u00f3 Rodr\u00edguez<\/span><\/p>\n<p style=\"text-align: center\"><span style=\"font-family: georgia, palatino, serif;font-size: 12pt\"><strong>JEFATURA DE ESTUDIOS<\/strong> \u2013 M\u00aa \u00c1ngeles Mengual Al\u00f3s<\/span><\/p>\n<p style=\"text-align: center\"><strong style=\"font-family: georgia, palatino, serif;font-size: 12pt\">SECRETAR\u00cdA<\/strong><span style=\"font-family: georgia, palatino, serif;font-size: 12pt\"> \u2013 Luis Antonio Torres Mu\u00f1oz<\/span><\/p>    <\/div>\n<\/div>\n<!-- \/module text -->        <\/div>\n                    <\/div>\n                    <\/div><!-- .accordion-content -->\n        <\/li>\n        <\/ul>\n\n<\/div><!-- \/module accordion --><!-- module accordion -->\n<div  class=\"module module-accordion tb_psxz38 \" data-behavior=\"accordion\" data-lazy=\"1\">\n    \n    <ul class=\"ui module-accordion  rounded embossed orange\">\n            <li>\n            <div class=\"accordion-title tf_rel\">\n                <a href=\"#acc-psxz38-0\" class=\"tb_title_accordion\" aria-controls=\"acc-psxz38-0-content\" aria-expanded=\"false\">\n                    <i class=\"accordion-icon\"><svg  class=\"tf_fa tf-ti-angle-down\" aria-hidden=\"true\"><use href=\"#tf-ti-angle-down\"><\/use><\/svg><\/i>                    <i class=\"accordion-active-icon tf_hide\"><svg  class=\"tf_fa tf-ti-angle-up\" aria-hidden=\"true\"><use href=\"#tf-ti-angle-up\"><\/use><\/svg><\/i>                    TUTOR\u00cdAS INFANTIL                <\/a>\n            <\/div><!-- .accordion-title -->\n            <div id=\"acc-psxz38-0-content\" data-id=\"acc-psxz38-0\" aria-hidden=\"true\" class=\"accordion-content tf_hide tf_clearfix\">\n                        <div  data-lazy=\"1\" class=\"module_subrow themify_builder_sub_row tf_w col_align_top tb_col_count_1 tb_plmx107\">\n                <div  data-lazy=\"1\" class=\"module_column sub_column tb_ls37107 first\">\n                    <!-- module text -->\n<div  class=\"module module-text tb_axek107   \" data-lazy=\"1\">\n        <div  class=\"tb_text_wrap\">\n        <p style=\"text-align: center\"><span style=\"font-family: georgia, palatino, serif;font-size: 12pt\"><strong>I3 A\u00d1OS<\/strong> \u2013\u00a0<\/span><span style=\"font-family: georgia, palatino, serif;font-size: 1em\">M\u00aa Asunci\u00f3n Pedraza Pe\u00f1a<\/span><strong style=\"font-family: georgia, palatino, serif;font-size: 12pt\"><span style=\"color: #3366ff\">\u00a0<\/span><\/strong><\/p>\n<p style=\"text-align: center\"><span style=\"font-family: georgia, palatino, serif;font-size: 12pt\"><strong>I4 A\u00d1OS<\/strong> \u2013\u00a0<\/span><span style=\"font-size: 12pt;font-family: georgia, palatino, serif\">Isabel Serrano Serrano<\/span><strong style=\"font-size: 12pt;font-family: georgia, palatino, serif\">\u00a0<span style=\"color: #3366ff\">(Coordinadora de Infantil)<\/span><\/strong><\/p>\n<p style=\"text-align: center\"><span style=\"font-family: georgia, palatino, serif;font-size: 12pt\"><strong>I5 A\u00d1OS \u2013\u00a0<\/strong><\/span><span style=\"font-family: georgia, palatino, serif;font-size: 1em\">Alicia Villegas Romero<\/span><\/p>    <\/div>\n<\/div>\n<!-- \/module text -->        <\/div>\n                    <\/div>\n                    <\/div><!-- .accordion-content -->\n        <\/li>\n        <\/ul>\n\n<\/div><!-- \/module accordion --><!-- module accordion -->\n<div  class=\"module module-accordion tb_xqgp38 \" data-behavior=\"accordion\" data-lazy=\"1\">\n    \n    <ul class=\"ui module-accordion  rounded embossed yellow\">\n            <li>\n            <div class=\"accordion-title tf_rel\">\n                <a href=\"#acc-xqgp38-0\" class=\"tb_title_accordion\" aria-controls=\"acc-xqgp38-0-content\" aria-expanded=\"false\">\n                    <i class=\"accordion-icon\"><svg  class=\"tf_fa tf-ti-angle-down\" aria-hidden=\"true\"><use href=\"#tf-ti-angle-down\"><\/use><\/svg><\/i>                    <i class=\"accordion-active-icon tf_hide\"><svg  class=\"tf_fa tf-ti-angle-up\" aria-hidden=\"true\"><use href=\"#tf-ti-angle-up\"><\/use><\/svg><\/i>                    TUTOR\u00cdAS PRIMARIA                <\/a>\n            <\/div><!-- .accordion-title -->\n            <div id=\"acc-xqgp38-0-content\" data-id=\"acc-xqgp38-0\" aria-hidden=\"true\" class=\"accordion-content tf_hide tf_clearfix\">\n                        <div  data-lazy=\"1\" class=\"module_subrow themify_builder_sub_row tf_w col_align_top tb_col_count_1 tb_3k30108\">\n                <div  data-lazy=\"1\" class=\"module_column sub_column tb_rbcc108 first\">\n                    <!-- module text -->\n<div  class=\"module module-text tb_qxgh108   \" data-lazy=\"1\">\n        <div  class=\"tb_text_wrap\">\n        <p><strong>1\u00ba A<\/strong> &#8211; Ver\u00f3nica Abad Bustamante<\/p>\n<p><strong>2\u00ba A<\/strong> &#8211;\u00a0<span style=\"font-size: 1em;font-family: georgia, palatino, serif\">Andr\u00e9s Quesada Mata\u00a0<\/span><span style=\"font-size: 12pt;font-family: georgia, palatino, serif;color: #3366ff\">(<strong>Coordinador 1er ciclo<\/strong>)<\/span><\/p>\n<p><strong style=\"font-size: 1em\">3\u00baA &#8211;\u00a0<\/strong><span style=\"font-size: 1em\">Roc\u00edo Covadonga Moreno Jim\u00e9nez\u00a0<\/span><span style=\"font-size: 1em;font-family: georgia, palatino, serif;color: #3366ff\">(<strong>Coordinadora 2\u00ba ciclo<\/strong>)<\/span><\/p>\n<p><strong>3\u00baB &#8211; <\/strong>Mar\u00eda Gracia Grueso Ortiz<\/p>\n<p><strong>4\u00ba A<\/strong> &#8211;\u00a0<span style=\"font-size: 1em\">Manuel Jes\u00fas Guerrero Criado<\/span><\/p>\n<p><strong>4\u00ba B<\/strong> &#8211;\u00a0<span style=\"font-size: 1em\">M\u00aa \u00c1ngeles Melendo Mu\u00f1oz<\/span><\/p>\n<p><strong>5\u00baA &#8211; <\/strong>Alicia Jurado Madrid<\/p>\n<p><strong>5\u00baB <\/strong>&#8211;\u00a0<span style=\"font-family: georgia, palatino, serif;font-size: 1em\">M\u00aa Jes\u00fas Ruiz Mill\u00e1n<\/span><\/p>\n<p><strong>6\u00ba A<\/strong>&#8211;\u00a0<span style=\"font-size: 1em\">Inmaculada Garc\u00eda L\u00f3pez<\/span><\/p>\n<p><strong>6\u00ba B<\/strong>&#8211;\u00a0<span style=\"font-size: 1em\">Francisco Jos\u00e9 S\u00e1nchez Reyes<\/span><span style=\"font-size: 1em;font-family: georgia, palatino, serif\"><span style=\"color: #3366ff\">(<strong>Coordinador 3er ciclo<\/strong>)<\/span><\/span><\/p>    <\/div>\n<\/div>\n<!-- \/module text -->        <\/div>\n                    <\/div>\n                    <\/div><!-- .accordion-content -->\n        <\/li>\n        <\/ul>\n\n<\/div><!-- \/module accordion --><!-- module accordion -->\n<div  class=\"module module-accordion tb_3pt038 \" data-behavior=\"accordion\" data-lazy=\"1\">\n    \n    <ul class=\"ui module-accordion  rounded embossed green\">\n            <li>\n            <div class=\"accordion-title tf_rel\">\n                <a href=\"#acc-3pt038-0\" class=\"tb_title_accordion\" aria-controls=\"acc-3pt038-0-content\" aria-expanded=\"false\">\n                    <i class=\"accordion-icon\"><svg  class=\"tf_fa tf-ti-angle-down\" aria-hidden=\"true\"><use href=\"#tf-ti-angle-down\"><\/use><\/svg><\/i>                    <i class=\"accordion-active-icon tf_hide\"><svg  class=\"tf_fa tf-ti-angle-up\" aria-hidden=\"true\"><use href=\"#tf-ti-angle-up\"><\/use><\/svg><\/i>                    TUTOR\u00cdA AULA ESPEC\u00cdFICA                <\/a>\n            <\/div><!-- .accordion-title -->\n            <div id=\"acc-3pt038-0-content\" data-id=\"acc-3pt038-0\" aria-hidden=\"true\" class=\"accordion-content tf_hide tf_clearfix\">\n                        <div  data-lazy=\"1\" class=\"module_subrow themify_builder_sub_row tf_w col_align_top tb_col_count_1 tb_42yk108\">\n                <div  data-lazy=\"1\" class=\"module_column sub_column tb_w4sa108 first\">\n                    <!-- module text -->\n<div  class=\"module module-text tb_hzxm108   \" data-lazy=\"1\">\n        <div  class=\"tb_text_wrap\">\n        <p>M\u00aa Jes\u00fas Pizarro Berengena<\/p>    <\/div>\n<\/div>\n<!-- \/module text -->        <\/div>\n                    <\/div>\n                    <\/div><!-- .accordion-content -->\n        <\/li>\n        <\/ul>\n\n<\/div><!-- \/module accordion --><!-- module accordion -->\n<div  class=\"module module-accordion tb_38sd38 \" data-behavior=\"accordion\" data-lazy=\"1\">\n    \n    <ul class=\"ui module-accordion  rounded embossed blue\">\n            <li>\n            <div class=\"accordion-title tf_rel\">\n                <a href=\"#acc-38sd38-0\" class=\"tb_title_accordion\" aria-controls=\"acc-38sd38-0-content\" aria-expanded=\"false\">\n                    <i class=\"accordion-icon\"><svg  class=\"tf_fa tf-ti-angle-down\" aria-hidden=\"true\"><use href=\"#tf-ti-angle-down\"><\/use><\/svg><\/i>                    <i class=\"accordion-active-icon tf_hide\"><svg  class=\"tf_fa tf-ti-angle-up\" aria-hidden=\"true\"><use href=\"#tf-ti-angle-up\"><\/use><\/svg><\/i>                    ESPECIALIDADES                <\/a>\n            <\/div><!-- .accordion-title -->\n            <div id=\"acc-38sd38-0-content\" data-id=\"acc-38sd38-0\" aria-hidden=\"true\" class=\"accordion-content tf_hide tf_clearfix\">\n                        <div  data-lazy=\"1\" class=\"module_subrow themify_builder_sub_row tf_w col_align_top tb_col_count_1 tb_b9yz108\">\n                <div  data-lazy=\"1\" class=\"module_column sub_column tb_85uh109 first\">\n                    <!-- module text -->\n<div  class=\"module module-text tb_fjbq109   \" data-lazy=\"1\">\n        <div  class=\"tb_text_wrap\">\n        <p><span style=\"font-family: georgia, palatino, serif\"><strong>EDUCACI\u00d3N F\u00cdSICA<\/strong> \u2013 Manuel Jes\u00fas Guerrero Criado, Andr\u00e9s Quesada Mata<\/span><\/p>\n<hr>\n<p><span style=\"font-family: georgia, palatino, serif\"><strong>INGL\u00c9S<\/strong> \u2013 <span style=\"font-size: 12pt\">\u00a0M\u00aa del Carmen Gracia Gallego <\/span>y Mar\u00eda Gracia Grueso Ortiz<\/span><\/p>\n<hr>\n<p><span style=\"font-family: georgia, palatino, serif\"><strong>M\u00daSICA<\/strong> \u2013 Alicia Porras C\u00f3rdoba<\/span><\/p>\n<hr>\n<p><span style=\"font-family: georgia, palatino, serif\"><strong>FRANC\u00c9S &#8211;<\/strong>\u00a0<\/span><span style=\"font-size: 1em\">Inmaculada Garc\u00eda L\u00f3pez<\/span><\/p>\n<hr>\n<p><span style=\"font-family: georgia, palatino, serif\"><strong>PEDAGOG\u00cdA TERAP\u00c9UTICA<\/strong> \u2013 M\u00aa \u00c1ngeles Mengual Al\u00f3s, Roc\u00edo Cobos Ram\u00edrez <span style=\"font-size: 12pt\">(<strong>Coordinadora orientaci\u00f3n<\/strong>)<\/span>, M\u00aa Jes\u00fas Pizarro Berengena y Sandra Berrocal Navarro.<\/span><\/p>\n<hr>\n<p><span style=\"font-family: georgia, palatino, serif\"><strong>AUDICI\u00d3N Y LENGUAJE<\/strong> \u2013 Remedios Riballo Denamiel y Ana Rodr\u00edguez S\u00e1nchez<\/span><\/p>\n<hr>\n<p><span style=\"font-family: georgia, palatino, serif\"><strong>EDUCADORA <\/strong>\u2013 Nuria\u00a0<\/span><\/p>\n<hr>\n<p><span style=\"font-family: georgia, palatino, serif\"><strong>RELIGI\u00d3N CAT\u00d3LICA<\/strong>\u2013 M\u00aa del Carmen Jurado P\u00e9rez<\/span><\/p>\n<p><span style=\"font-family: georgia, palatino, serif\"><strong>RELIGI\u00d3N EVANG\u00c9LICA<\/strong>\u2013 Eva Santos Ca\u00f1ero<\/span><\/p>\n<p><span style=\"font-family: georgia, palatino, serif\"><strong>RELIGI\u00d3N ISL\u00c1MICA<\/strong>\u2013 Carlos P\u00e9rez \u00c1lvarez<\/span><\/p>    <\/div>\n<\/div>\n<!-- \/module text -->        <\/div>\n                    <\/div>\n                    <\/div><!-- .accordion-content -->\n        <\/li>\n        <\/ul>\n\n<\/div><!-- \/module accordion --><!-- module accordion -->\n<div  class=\"module module-accordion tb_y2kw38 \" data-behavior=\"accordion\" data-lazy=\"1\">\n    \n    <ul class=\"ui module-accordion  rounded embossed purple\">\n            <li>\n            <div class=\"accordion-title tf_rel\">\n                <a href=\"#acc-y2kw38-0\" class=\"tb_title_accordion\" aria-controls=\"acc-y2kw38-0-content\" aria-expanded=\"false\">\n                    <i class=\"accordion-icon\"><svg  class=\"tf_fa tf-ti-angle-down\" aria-hidden=\"true\"><use href=\"#tf-ti-angle-down\"><\/use><\/svg><\/i>                    <i class=\"accordion-active-icon tf_hide\"><svg  class=\"tf_fa tf-ti-angle-up\" aria-hidden=\"true\"><use href=\"#tf-ti-angle-up\"><\/use><\/svg><\/i>                    PERSONAL DE ADMINISTRACI\u00d3N Y SERVICIOS (PAS)                <\/a>\n            <\/div><!-- .accordion-title -->\n            <div id=\"acc-y2kw38-0-content\" data-id=\"acc-y2kw38-0\" aria-hidden=\"true\" class=\"accordion-content tf_hide tf_clearfix\">\n                        <div  data-lazy=\"1\" class=\"module_subrow themify_builder_sub_row tf_w col_align_top tb_col_count_1 tb_emdc109\">\n                <div  data-lazy=\"1\" class=\"module_column sub_column tb_cet7109 first\">\n                    <!-- module text -->\n<div  class=\"module module-text tb_17j9109   \" data-lazy=\"1\">\n        <div  class=\"tb_text_wrap\">\n        <p style=\"text-align: center\"><span style=\"font-family: georgia, palatino, serif;font-size: 12pt\"><strong>PERSONAL T\u00c9CNICO DE INTEGRACI\u00d3N SOCIAL (PTIS)<\/strong> \u2013 Milagros Rivera D\u00edaz, Mar\u00eda Eugenia Santos Delgado y\u00a0<\/span><\/p>\n<p style=\"text-align: center\"><span style=\"font-family: georgia, palatino, serif;font-size: 12pt\">Nuria del Moral Rodr\u00edguez<\/span><\/p>\n<hr>\n<p style=\"text-align: center\"><span style=\"font-family: georgia, palatino, serif;font-size: 12pt\"><strong>AUXILIAR ADMINISTRATIVA SECRETAR\u00cdA<\/strong>\u00a0<\/span><\/p>\n<p style=\"text-align: center\"><span style=\"font-family: georgia, palatino, serif;font-size: 12pt\">\u00a0Encarnaci\u00f3n del R\u00edo de Mora<\/span><\/p>\n<hr>\n<p style=\"text-align: center\"><span style=\"font-family: georgia, palatino, serif;font-size: 12pt\"><strong>ORDENANZA\u00a0<\/strong>\u00a0<\/span><\/p>\n<p style=\"text-align: center\"><span style=\"font-family: georgia, palatino, serif;font-size: 12pt\">Jos\u00e9 Luis Moreno G\u00e1miz<\/span><\/p>    <\/div>\n<\/div>\n<!-- \/module text -->        <\/div>\n                    <\/div>\n                    <\/div><!-- .accordion-content -->\n        <\/li>\n        <\/ul>\n\n<\/div><!-- \/module accordion -->        <\/div>\n                    <div  data-lazy=\"1\" class=\"module_column sub_column tb_m6l539 last\">\n                    <!-- module text -->\n<div  class=\"module module-text tb_6a6w39   \" data-lazy=\"1\">\n        <div  class=\"tb_text_wrap\">\n        <p>\u00a0<\/p>\n<p style=\"text-align: center\"><span style=\"color: #000000;font-size: 36pt\"><strong>CONSEJO ESCOLAR<\/strong><\/span><\/p>    <\/div>\n<\/div>\n<!-- \/module text --><!-- module accordion -->\n<div  class=\"module module-accordion tb_jixl39 \" data-behavior=\"accordion\" data-lazy=\"1\">\n    \n    <ul class=\"ui module-accordion  rounded embossed red\">\n            <li>\n            <div class=\"accordion-title tf_rel\">\n                <a href=\"#acc-jixl39-0\" class=\"tb_title_accordion\" aria-controls=\"acc-jixl39-0-content\" aria-expanded=\"false\">\n                    <i class=\"accordion-icon\"><svg  class=\"tf_fa tf-ti-angle-down\" aria-hidden=\"true\"><use href=\"#tf-ti-angle-down\"><\/use><\/svg><\/i>                    <i class=\"accordion-active-icon tf_hide\"><svg  class=\"tf_fa tf-ti-angle-up\" aria-hidden=\"true\"><use href=\"#tf-ti-angle-up\"><\/use><\/svg><\/i>                    EQUIPO DIRECTIVO                <\/a>\n            <\/div><!-- .accordion-title -->\n            <div id=\"acc-jixl39-0-content\" data-id=\"acc-jixl39-0\" aria-hidden=\"true\" class=\"accordion-content tf_hide tf_clearfix\">\n                        <div  data-lazy=\"1\" class=\"module_subrow themify_builder_sub_row tf_w col_align_top tb_col_count_1 tb_7p1u110\">\n                <div  data-lazy=\"1\" class=\"module_column sub_column tb_qxcn110 first\">\n                    <!-- module text -->\n<div  class=\"module module-text tb_dki3110   \" data-lazy=\"1\">\n        <div  class=\"tb_text_wrap\">\n        <p style=\"text-align: center\"><span style=\"font-family: georgia, palatino, serif;font-size: 12pt\"><strong>DIRECCI\u00d3N<\/strong> \u2013 Ana M\u00aa Castell\u00f3 Rodr\u00edguez<\/span><\/p>\n<p style=\"text-align: center\"><span style=\"font-family: georgia, palatino, serif;font-size: 12pt\"><strong>JEFATURA DE ESTUDIOS<\/strong> \u2013 M\u00aa \u00c1ngeles Mengual Al\u00f3s<\/span><\/p>\n<p style=\"text-align: center\"><span style=\"font-family: georgia, palatino, serif;font-size: 12pt\"><strong>SECRETAR\u00cdA<\/strong> \u2013 Luis Antonio Torres Mu\u00f1oz<\/span><\/p>    <\/div>\n<\/div>\n<!-- \/module text -->        <\/div>\n                    <\/div>\n                    <\/div><!-- .accordion-content -->\n        <\/li>\n        <\/ul>\n\n<\/div><!-- \/module accordion --><!-- module accordion -->\n<div  class=\"module module-accordion tb_5p7t40 \" data-behavior=\"accordion\" data-lazy=\"1\">\n    \n    <ul class=\"ui module-accordion  rounded embossed orange\">\n            <li>\n            <div class=\"accordion-title tf_rel\">\n                <a href=\"#acc-5p7t40-0\" class=\"tb_title_accordion\" aria-controls=\"acc-5p7t40-0-content\" aria-expanded=\"false\">\n                    <i class=\"accordion-icon\"><svg  class=\"tf_fa tf-ti-angle-down\" aria-hidden=\"true\"><use href=\"#tf-ti-angle-down\"><\/use><\/svg><\/i>                    <i class=\"accordion-active-icon tf_hide\"><svg  class=\"tf_fa tf-ti-angle-up\" aria-hidden=\"true\"><use href=\"#tf-ti-angle-up\"><\/use><\/svg><\/i>                    PROFESORADO                <\/a>\n            <\/div><!-- .accordion-title -->\n            <div id=\"acc-5p7t40-0-content\" data-id=\"acc-5p7t40-0\" aria-hidden=\"true\" class=\"accordion-content tf_hide tf_clearfix\">\n                        <div  data-lazy=\"1\" class=\"module_subrow themify_builder_sub_row tf_w col_align_top tb_col_count_1 tb_4qz1110\">\n                <div  data-lazy=\"1\" class=\"module_column sub_column tb_tobk110 first\">\n                    <!-- module text -->\n<div  class=\"module module-text tb_log3110   \" data-lazy=\"1\">\n        <div  class=\"tb_text_wrap\">\n        <p>M\u00aa Carmen Gracia Gallego<\/p>\n<p>M\u00aa \u00c1ngeles Melendo Mu\u00f1oz<\/p>\n<p>Roc\u00edo Covadonga Moreno Jim\u00e9nez<\/p>\n<p>M\u00aa Asunci\u00f3n Pedraza Pe\u00f1a<\/p>\n<p>Alicia Porras C\u00f3rdoba<\/p>\n<p>Andr\u00e9s Quesada Mata<\/p>\n<p>M\u00aa Remedios Riballo Denamiel<\/p>\n<p>Francisco Jos\u00e9 S\u00e1nchez Reyes<\/p>    <\/div>\n<\/div>\n<!-- \/module text -->        <\/div>\n                    <\/div>\n                    <\/div><!-- .accordion-content -->\n        <\/li>\n        <\/ul>\n\n<\/div><!-- \/module accordion --><!-- module accordion -->\n<div  class=\"module module-accordion tb_9s6d40 \" data-behavior=\"accordion\" data-lazy=\"1\">\n    \n    <ul class=\"ui module-accordion  rounded embossed yellow\">\n            <li>\n            <div class=\"accordion-title tf_rel\">\n                <a href=\"#acc-9s6d40-0\" class=\"tb_title_accordion\" aria-controls=\"acc-9s6d40-0-content\" aria-expanded=\"false\">\n                    <i class=\"accordion-icon\"><svg  class=\"tf_fa tf-ti-angle-down\" aria-hidden=\"true\"><use href=\"#tf-ti-angle-down\"><\/use><\/svg><\/i>                    <i class=\"accordion-active-icon tf_hide\"><svg  class=\"tf_fa tf-ti-angle-up\" aria-hidden=\"true\"><use href=\"#tf-ti-angle-up\"><\/use><\/svg><\/i>                    PADRES\/MADRES\/TUTORES                <\/a>\n            <\/div><!-- .accordion-title -->\n            <div id=\"acc-9s6d40-0-content\" data-id=\"acc-9s6d40-0\" aria-hidden=\"true\" class=\"accordion-content tf_hide tf_clearfix\">\n                        <div  data-lazy=\"1\" class=\"module_subrow themify_builder_sub_row tf_w col_align_top tb_col_count_1 tb_vgo9110\">\n                <div  data-lazy=\"1\" class=\"module_column sub_column tb_hpm3110 first\">\n                    <!-- module text -->\n<div  class=\"module module-text tb_fls5110   \" data-lazy=\"1\">\n        <div  class=\"tb_text_wrap\">\n        <p>David \u00c1lvarez M\u00e1rquez<\/p>\n<p>Nuria Heras Obrero<\/p>\n<p><span style=\"font-size: 1em\">C\u00e9sar Moya Moreno<\/span><\/p>\n<p>Patricia Amanda D\u00edaz L\u00f3pez<\/p>\n<p>Carmen M\u00aa Fraile Mesa<\/p>\n<p>Cristina Jim\u00e9nez Mazuelas<\/p>\n<p><span style=\"font-size: 1em\">Laura Elisabet Mu\u00f1oz Pastor<\/span><\/p>\n<p>Carmen M\u00aa Rodr\u00edguez Bellido<\/p>\n<p>Representante AMPA: Rosa M\u00aa Mar\u00edn Bellido<\/p>    <\/div>\n<\/div>\n<!-- \/module text -->        <\/div>\n                    <\/div>\n                    <\/div><!-- .accordion-content -->\n        <\/li>\n        <\/ul>\n\n<\/div><!-- \/module accordion --><!-- module accordion -->\n<div  class=\"module module-accordion tb_8vjc40 \" data-behavior=\"accordion\" data-lazy=\"1\">\n    \n    <ul class=\"ui module-accordion  rounded embossed green\">\n            <li>\n            <div class=\"accordion-title tf_rel\">\n                <a href=\"#acc-8vjc40-0\" class=\"tb_title_accordion\" aria-controls=\"acc-8vjc40-0-content\" aria-expanded=\"false\">\n                    <i class=\"accordion-icon\"><svg  class=\"tf_fa tf-ti-angle-down\" aria-hidden=\"true\"><use href=\"#tf-ti-angle-down\"><\/use><\/svg><\/i>                    <i class=\"accordion-active-icon tf_hide\"><svg  class=\"tf_fa tf-ti-angle-up\" aria-hidden=\"true\"><use href=\"#tf-ti-angle-up\"><\/use><\/svg><\/i>                    AYUNTAMIENTO                <\/a>\n            <\/div><!-- .accordion-title -->\n            <div id=\"acc-8vjc40-0-content\" data-id=\"acc-8vjc40-0\" aria-hidden=\"true\" class=\"accordion-content tf_hide tf_clearfix\">\n                        <div  data-lazy=\"1\" class=\"module_subrow themify_builder_sub_row tf_w col_align_top tb_col_count_1 tb_of3m110\">\n                <div  data-lazy=\"1\" class=\"module_column sub_column tb_ngoj110 first\">\n                    <!-- module text -->\n<div  class=\"module module-text tb_tivk111   \" data-lazy=\"1\">\n        <div  class=\"tb_text_wrap\">\n        <p>Juan Hidalgo Hern\u00e1ndez<\/p>    <\/div>\n<\/div>\n<!-- \/module text -->        <\/div>\n                    <\/div>\n                    <\/div><!-- .accordion-content -->\n        <\/li>\n        <\/ul>\n\n<\/div><!-- \/module accordion --><!-- module accordion -->\n<div  class=\"module module-accordion tb_l01y40 \" data-behavior=\"accordion\" data-lazy=\"1\">\n    \n    <ul class=\"ui module-accordion  rounded embossed blue\">\n            <li>\n            <div class=\"accordion-title tf_rel\">\n                <a href=\"#acc-l01y40-0\" class=\"tb_title_accordion\" aria-controls=\"acc-l01y40-0-content\" aria-expanded=\"false\">\n                    <i class=\"accordion-icon\"><svg  class=\"tf_fa tf-ti-angle-down\" aria-hidden=\"true\"><use href=\"#tf-ti-angle-down\"><\/use><\/svg><\/i>                    <i class=\"accordion-active-icon tf_hide\"><svg  class=\"tf_fa tf-ti-angle-up\" aria-hidden=\"true\"><use href=\"#tf-ti-angle-up\"><\/use><\/svg><\/i>                    PERSONAL DE ADMINISTRACI\u00d3N Y SERVICIOS (PAS)                <\/a>\n            <\/div><!-- .accordion-title -->\n            <div id=\"acc-l01y40-0-content\" data-id=\"acc-l01y40-0\" aria-hidden=\"true\" class=\"accordion-content tf_hide tf_clearfix\">\n                        <div  data-lazy=\"1\" class=\"module_subrow themify_builder_sub_row tf_w col_align_top tb_col_count_1 tb_tqz4111\">\n                <div  data-lazy=\"1\" class=\"module_column sub_column tb_5hcw111 first\">\n                    <!-- module text -->\n<div  class=\"module module-text tb_zhrp111   \" data-lazy=\"1\">\n        <div  class=\"tb_text_wrap\">\n        <p>Encarnaci\u00f3n del R\u00edo Mora<\/p>    <\/div>\n<\/div>\n<!-- \/module text -->        <\/div>\n                    <\/div>\n                    <\/div><!-- .accordion-content -->\n        <\/li>\n        <\/ul>\n\n<\/div><!-- \/module accordion --><!-- module accordion -->\n<div  class=\"module module-accordion tb_8nly40 \" data-behavior=\"accordion\" data-lazy=\"1\">\n    \n    <ul class=\"ui module-accordion  rounded embossed purple\">\n            <li>\n            <div class=\"accordion-title tf_rel\">\n                <a href=\"#acc-8nly40-0\" class=\"tb_title_accordion\" aria-controls=\"acc-8nly40-0-content\" aria-expanded=\"false\">\n                    <i class=\"accordion-icon\"><svg  class=\"tf_fa tf-ti-angle-down\" aria-hidden=\"true\"><use href=\"#tf-ti-angle-down\"><\/use><\/svg><\/i>                    <i class=\"accordion-active-icon tf_hide\"><svg  class=\"tf_fa tf-ti-angle-up\" aria-hidden=\"true\"><use href=\"#tf-ti-angle-up\"><\/use><\/svg><\/i>                    REPRESENTANTE DEL PLAN DE IGUALDAD                <\/a>\n            <\/div><!-- .accordion-title -->\n            <div id=\"acc-8nly40-0-content\" data-id=\"acc-8nly40-0\" aria-hidden=\"true\" class=\"accordion-content tf_hide tf_clearfix\">\n                        <div  data-lazy=\"1\" class=\"module_subrow themify_builder_sub_row tf_w col_align_top tb_col_count_1 tb_85se111\">\n                <div  data-lazy=\"1\" class=\"module_column sub_column tb_mddf111 first\">\n                    <!-- module text -->\n<div  class=\"module module-text tb_essl111   \" data-lazy=\"1\">\n        <div  class=\"tb_text_wrap\">\n        <p><span style=\"font-family: georgia, palatino, serif\">Ana Rodr\u00edguez S\u00e1nchez<\/span><\/p>    <\/div>\n<\/div>\n<!-- \/module text -->        <\/div>\n                    <\/div>\n                    <\/div><!-- .accordion-content -->\n        <\/li>\n        <\/ul>\n\n<\/div><!-- \/module accordion -->        <\/div>\n                    <\/div>\n                <\/div>\n                        <\/div>\n        <\/div>\n        <\/div>\n<!--\/themify_builder_content-->\n<p>&nbsp;<\/p>","protected":false},"excerpt":{"rendered":"<p>\u00a0 CLAUSTRO EQUIPO DIRECTIVO DIRECCI\u00d3N \u2013 Ana M\u00aa Castell\u00f3 Rodr\u00edguez JEFATURA DE ESTUDIOS \u2013 M\u00aa \u00c1ngeles Mengual Al\u00f3s SECRETAR\u00cdA \u2013 Luis Antonio Torres Mu\u00f1oz DIRECCI\u00d3N \u2013 Ana M\u00aa Castell\u00f3 Rodr\u00edguez JEFATURA DE ESTUDIOS \u2013 M\u00aa \u00c1ngeles Mengual Al\u00f3s SECRETAR\u00cdA \u2013 Luis Antonio Torres Mu\u00f1oz TUTOR\u00cdAS INFANTIL I3 A\u00d1OS \u2013\u00a0M\u00aa Asunci\u00f3n Pedraza Pe\u00f1a\u00a0 I4 A\u00d1OS \u2013\u00a0Isabel [&hellip;]<\/p>\n","protected":false},"author":15404,"featured_media":0,"parent":0,"menu_order":0,"comment_status":"closed","ping_status":"closed","template":"","meta":{"ngg_post_thumbnail":0,"footnotes":""},"aioseo_notices":[],"_links":{"self":[{"href":"https:\/\/blogsaverroes.juntadeandalucia.es\/condesadelasquemadas\/wp-json\/wp\/v2\/pages\/1148"}],"collection":[{"href":"https:\/\/blogsaverroes.juntadeandalucia.es\/condesadelasquemadas\/wp-json\/wp\/v2\/pages"}],"about":[{"href":"https:\/\/blogsaverroes.juntadeandalucia.es\/condesadelasquemadas\/wp-json\/wp\/v2\/types\/page"}],"author":[{"embeddable":true,"href":"https:\/\/blogsaverroes.juntadeandalucia.es\/condesadelasquemadas\/wp-json\/wp\/v2\/users\/15404"}],"replies":[{"embeddable":true,"href":"https:\/\/blogsaverroes.juntadeandalucia.es\/condesadelasquemadas\/wp-json\/wp\/v2\/comments?post=1148"}],"version-history":[{"count":43,"href":"https:\/\/blogsaverroes.juntadeandalucia.es\/condesadelasquemadas\/wp-json\/wp\/v2\/pages\/1148\/revisions"}],"predecessor-version":[{"id":5327,"href":"https:\/\/blogsaverroes.juntadeandalucia.es\/condesadelasquemadas\/wp-json\/wp\/v2\/pages\/1148\/revisions\/5327"}],"wp:attachment":[{"href":"https:\/\/blogsaverroes.juntadeandalucia.es\/condesadelasquemadas\/wp-json\/wp\/v2\/media?parent=1148"}],"curies":[{"name":"wp","href":"https:\/\/api.w.org\/{rel}","templated":true}]}}