{"id":2512,"date":"2020-10-25T06:29:07","date_gmt":"2020-10-25T06:29:07","guid":{"rendered":"https:\/\/blogsaverroes.juntadeandalucia.es\/cpifpalmeraya\/?page_id=2512"},"modified":"2024-11-25T12:33:11","modified_gmt":"2024-11-25T11:33:11","slug":"erasmus","status":"publish","type":"page","link":"https:\/\/blogsaverroes.juntadeandalucia.es\/cpifpalmeraya\/erasmus\/","title":{"rendered":"Erasmus"},"content":{"rendered":"<p style=\"text-align: center\"><a href=\"https:\/\/blogsaverroes.juntadeandalucia.es\/cpifpalmeraya\/files\/2021\/04\/ComisionEuropeaLogo.png\"><img loading=\"lazy\" decoding=\"async\" class=\"alignnone wp-image-3443 size-full\" src=\"https:\/\/blogsaverroes.juntadeandalucia.es\/cpifpalmeraya\/files\/2021\/04\/ComisionEuropeaLogo.png\" alt=\"\" width=\"700\" height=\"174\" srcset=\"https:\/\/blogsaverroes.juntadeandalucia.es\/cpifpalmeraya\/files\/2021\/04\/ComisionEuropeaLogo.png 700w, https:\/\/blogsaverroes.juntadeandalucia.es\/cpifpalmeraya\/files\/2021\/04\/ComisionEuropeaLogo-300x75.png 300w\" sizes=\"(max-width: 700px) 100vw, 700px\" \/><\/a><\/p>\n<h4 style=\"text-align: center\"><a href=\"https:\/\/blogsaverroes.juntadeandalucia.es\/cpifpalmeraya\/files\/2022\/10\/2020-1-ES01-KA120-VET-095418.pdf\"><span dir=\"ltr\">Acreditaci\u00f3n Erasmus<\/span><span dir=\"ltr\"> en el \u00e1mbito de la Formaci\u00f3n Profesional 2021-2027<\/span><\/a><\/h4>\n<h4 style=\"text-align: center\"><a href=\"https:\/\/blogsaverroes.juntadeandalucia.es\/cpifpalmeraya\/files\/2021\/04\/ECHE-2021-2027.pdf\">Erasmus Charter for Higher Education 2021-2027<\/a><\/h4>\n<p>&nbsp;<\/p>\n<ul>\n<li><a href=\"https:\/\/blogsaverroes.juntadeandalucia.es\/cpifpalmeraya\/erasmus\/2667-2\/\">Informaci\u00f3n<\/a><\/li>\n<li><a href=\"https:\/\/blogsaverroes.juntadeandalucia.es\/cpifpalmeraya\/erasmus\/erasmus-proyectos\/\">Proyectos<\/a><\/li>\n<li><a href=\"https:\/\/blogsaverroes.juntadeandalucia.es\/cpifpalmeraya\/category\/erasmus\/noticias_erasmus\/\">Noticias<\/a><\/li>\n<\/ul>\n<p>&nbsp;<\/p>\n<p style=\"text-align: justify\">El Programa Erasmus+ est\u00e1 cofinanciado por la Uni\u00f3n Europea. Las opiniones y puntos de vista expresados en esta p\u00e1gina web s\u00f3lo comprometen al CPIFP Almeraya y no reflejan necesariamente los de la Uni\u00f3n Europea ni los del Servicio Espa\u00f1ol para la Internacionalizaci\u00f3n de la Educaci\u00f3n (SEPIE). Ni la Uni\u00f3n Europea ni la Agencia Nacional SEPIE pueden ser considerados responsables de ellos.<\/p>\n","protected":false},"excerpt":{"rendered":"<p>Acreditaci\u00f3n Erasmus en el \u00e1mbito de la Formaci\u00f3n Profesional 2021-2027 Erasmus Charter for Higher Education 2021-2027 &nbsp; Informaci\u00f3n Proyectos Noticias &nbsp; El Programa Erasmus+ est\u00e1 cofinanciado por la Uni\u00f3n Europea. Las opiniones y puntos&#46;&#46;&#46;<\/p>\n","protected":false},"author":10810,"featured_media":0,"parent":0,"menu_order":0,"comment_status":"closed","ping_status":"closed","template":"","meta":{"ngg_post_thumbnail":0,"footnotes":"","_mc_calendar":[]},"aioseo_notices":[],"_links":{"self":[{"href":"https:\/\/blogsaverroes.juntadeandalucia.es\/cpifpalmeraya\/wp-json\/wp\/v2\/pages\/2512"}],"collection":[{"href":"https:\/\/blogsaverroes.juntadeandalucia.es\/cpifpalmeraya\/wp-json\/wp\/v2\/pages"}],"about":[{"href":"https:\/\/blogsaverroes.juntadeandalucia.es\/cpifpalmeraya\/wp-json\/wp\/v2\/types\/page"}],"author":[{"embeddable":true,"href":"https:\/\/blogsaverroes.juntadeandalucia.es\/cpifpalmeraya\/wp-json\/wp\/v2\/users\/10810"}],"replies":[{"embeddable":true,"href":"https:\/\/blogsaverroes.juntadeandalucia.es\/cpifpalmeraya\/wp-json\/wp\/v2\/comments?post=2512"}],"version-history":[{"count":19,"href":"https:\/\/blogsaverroes.juntadeandalucia.es\/cpifpalmeraya\/wp-json\/wp\/v2\/pages\/2512\/revisions"}],"predecessor-version":[{"id":7175,"href":"https:\/\/blogsaverroes.juntadeandalucia.es\/cpifpalmeraya\/wp-json\/wp\/v2\/pages\/2512\/revisions\/7175"}],"wp:attachment":[{"href":"https:\/\/blogsaverroes.juntadeandalucia.es\/cpifpalmeraya\/wp-json\/wp\/v2\/media?parent=2512"}],"curies":[{"name":"wp","href":"https:\/\/api.w.org\/{rel}","templated":true}]}}