{"id":4768,"date":"2022-09-28T20:32:41","date_gmt":"2022-09-28T18:32:41","guid":{"rendered":"https:\/\/blogsaverroes.juntadeandalucia.es\/cpifpalmeraya\/?page_id=4768"},"modified":"2023-11-16T22:32:30","modified_gmt":"2023-11-16T21:32:30","slug":"departamentos","status":"publish","type":"page","link":"https:\/\/blogsaverroes.juntadeandalucia.es\/cpifpalmeraya\/departamentos\/","title":{"rendered":"Departamento de Hosteler\u00eda y Turismo"},"content":{"rendered":"<p style=\"text-align: justify\">Los <strong>objetivos<\/strong> de la Formaci\u00f3n Profesional a los que se contribuye desde el <strong>Departamento de Hosteler\u00eda y Turismo<\/strong>, son:&nbsp;<\/p>\n<ul style=\"list-style-type: circle;text-align: justify\">\n<li>\u201cEjercer la actividad profesional definida en la competencia general del programa formativo\u201d.<\/li>\n<li>\u201cConsolidar h\u00e1bitos de disciplina, trabajo individual y en equipo, as\u00ed como capacidades de autoaprendizaje y capacidad cr\u00edtica\u201d.<\/li>\n<li>\u201cPrevenir los riesgos laborales y medioambientales y adoptar medidas para trabajar en condiciones de seguridad y salud\u201d.<\/li>\n<li>\u201cDesarrollar una identidad profesional motivadora de futuros aprendizajes y adaptaciones a la evoluci\u00f3n de los procesos productivos y al cambio social\u201d.<\/li>\n<li>\u201cUtilizar las tecnolog\u00edas de la informaci\u00f3n y la comunicaci\u00f3n, as\u00ed como las lenguas extranjeras necesarias en su actividad profesional.\u201d<\/li>\n<li>\u201cComunicarse de forma efectiva en el desarrollo de actividad profesional y personal\u201d.<\/li>\n<\/ul>\n<p style=\"text-align: justify\">Estas finalidades y objetivos se concretan en los objetivos generales de cada ciclo formativo y en los resultados de aprendizaje de cada uno de sus m\u00f3dulos profesionales. La estructura y organizaci\u00f3n de las ense\u00f1anzas profesionales, sus objetivos y contenidos, as\u00ed como los criterios de evaluaci\u00f3n, son enfocados en la formaci\u00f3n profesional del sistema educativo desde la perspectiva de la adquisici\u00f3n de la competencia profesional.<\/p>\n<p style=\"text-align: justify\">Dentro de las se\u00f1as de identidad del C.P.I.F.P Almeraya destacan las siguientes <strong>finalidades<\/strong>:<\/p>\n<p style=\"text-align: justify\">a. Convivencia: aceptaci\u00f3n de las normas y el desarrollo de actitudes que favorezcan las relaciones interpersonales.<br \/>\nb. Respeto: entender y considerar las responsabilidades y funciones de todos los miembros de la comunidad educativa:<br \/>\nc. Alumnado, profesorado, personal no docente, padres y madres, realizando las tareas encomendadas con implicaci\u00f3n y motivaci\u00f3n.<br \/>\nd. Valoraci\u00f3n de lo p\u00fablico: concienciaci\u00f3n de toda la comunidad educativa del esfuerzo que debemos realizar para ofrecer una ense\u00f1anza de calidad, adquiriendo un compromiso con el funcionamiento y la organizaci\u00f3n del centro.<br \/>\ne. Educar en valores: impregnar la actividad docente de los valores democr\u00e1ticos: participaci\u00f3n, tolerancia, respeto, libertad de expresi\u00f3n, igualdad de g\u00e9nero, cultura de paz, etc.<br \/>\nf. Autonom\u00eda personal y autoestima: fomentar que los\/las estudiantes desarrollen competencias personales con las que adquieran autonom\u00eda para desenvolverse en la sociedad; y autoestima para enfrentarse sin miedo a<br \/>\nnuevas situaciones.<br \/>\ng. Esp\u00edritu cr\u00edtico: dotar a los\/las estudiantes de esp\u00edritu cr\u00edtico para analicen, comprendan e interpreten la informaci\u00f3n y extraigan conclusiones propias.<br \/>\nh. Inclusi\u00f3n educativa y no discriminaci\u00f3n: educar en el respeto y la valoraci\u00f3n del enriquecimiento que aportan todas las personas, no permitiendo discriminaciones por raz\u00f3n de nacimiento, raza, sexo, religi\u00f3n u otras<br \/>\ncircunstancias personales.<\/p>\n","protected":false},"excerpt":{"rendered":"<p>Los objetivos de la Formaci\u00f3n Profesional a los que se contribuye desde el Departamento de Hosteler\u00eda y Turismo, son:&nbsp; \u201cEjercer la actividad profesional definida en la competencia general del programa formativo\u201d. \u201cConsolidar h\u00e1bitos de&#46;&#46;&#46;<\/p>\n","protected":false},"author":10810,"featured_media":0,"parent":0,"menu_order":0,"comment_status":"closed","ping_status":"closed","template":"","meta":{"ngg_post_thumbnail":0,"footnotes":"","_mc_calendar":[]},"aioseo_notices":[],"_links":{"self":[{"href":"https:\/\/blogsaverroes.juntadeandalucia.es\/cpifpalmeraya\/wp-json\/wp\/v2\/pages\/4768"}],"collection":[{"href":"https:\/\/blogsaverroes.juntadeandalucia.es\/cpifpalmeraya\/wp-json\/wp\/v2\/pages"}],"about":[{"href":"https:\/\/blogsaverroes.juntadeandalucia.es\/cpifpalmeraya\/wp-json\/wp\/v2\/types\/page"}],"author":[{"embeddable":true,"href":"https:\/\/blogsaverroes.juntadeandalucia.es\/cpifpalmeraya\/wp-json\/wp\/v2\/users\/10810"}],"replies":[{"embeddable":true,"href":"https:\/\/blogsaverroes.juntadeandalucia.es\/cpifpalmeraya\/wp-json\/wp\/v2\/comments?post=4768"}],"version-history":[{"count":11,"href":"https:\/\/blogsaverroes.juntadeandalucia.es\/cpifpalmeraya\/wp-json\/wp\/v2\/pages\/4768\/revisions"}],"predecessor-version":[{"id":6016,"href":"https:\/\/blogsaverroes.juntadeandalucia.es\/cpifpalmeraya\/wp-json\/wp\/v2\/pages\/4768\/revisions\/6016"}],"wp:attachment":[{"href":"https:\/\/blogsaverroes.juntadeandalucia.es\/cpifpalmeraya\/wp-json\/wp\/v2\/media?parent=4768"}],"curies":[{"name":"wp","href":"https:\/\/api.w.org\/{rel}","templated":true}]}}