{"id":2705,"date":"2020-12-12T19:44:33","date_gmt":"2020-12-12T19:44:33","guid":{"rendered":"https:\/\/blogsaverroes.juntadeandalucia.es\/cpmjavierperianes\/?page_id=2705"},"modified":"2021-09-10T17:17:54","modified_gmt":"2021-09-10T16:17:54","slug":"normativas","status":"publish","type":"page","link":"https:\/\/blogsaverroes.juntadeandalucia.es\/cpmjavierperianes\/normativas\/","title":{"rendered":"Normativas"},"content":{"rendered":"<div id=\"content\">\n<div id=\"stacks_out_1_page23\" class=\"stacks_top\">\n<div id=\"stacks_in_1_page23\" class=\"\">\n<div id=\"stacks_out_4_page23\" class=\"stacks_out\">\n<div id=\"stacks_in_4_page23\" class=\"stacks_in text_stack\"><a href=\"https:\/\/blogsaverroes.juntadeandalucia.es\/cpmjavierperianes\/files\/2021\/09\/Orden13marzo2013AdmisionMusicayDanza.pdf\">Orden de 13 de marzo de 2013<\/a>, por la que se regulan los criterios de admisi\u00f3n y los<br \/>\nprocedimientos de admisi\u00f3n y matriculaci\u00f3n del alumnado en las ense\u00f1anzas elementales b\u00e1sicas y<br \/>\nprofesionales de m\u00fasica y de danza, en los centros docentes p\u00fablicos de titularidad de la Junta de<br \/>\nAndaluc\u00eda y se establece el calendario del procedimiento de admisi\u00f3n para el curso escolar 2013\/14.<br \/>\n<a href=\"http:\/\/conservatoriodehuelva.es\/resources\" rel=\"self\">ORDEN de 19 de marzo de 2012<\/a>, por la que se regula la organizaci\u00f3n y el funcionamiento de los conservatorios elementales y de los conservatorios profesionales de m\u00fasica, as\u00ed como el horario de los centros,<br \/>\ndel alumnado y del profesorado.<br \/>\n<a href=\"https:\/\/blogsaverroes.juntadeandalucia.es\/cpmjavierperianes\/files\/2021\/09\/Decreto361-2011ReglamentoConservatoriosMusica.pdf\">DECRETO 361\/2011<\/a>, de 7 de diciembre, por el que se aprueba el Reglamento Org\u00e1nico de los Conservatorios Elementales y de los Conservatorios Profesionales de M\u00fasica.<br \/>\n<a href=\"http:\/\/conservatoriodehuelva.es\/resources\" rel=\"self\">ORDEN de 7 de julio de 2009<\/a>, por la que se regulan las pruebas de aptitud y de acceso a las ense\u00f1anzas<br \/>\nb\u00e1sicas de las ense\u00f1anzas elementales de M\u00fasica en Andaluc\u00eda.<br \/>\n<a href=\"http:\/\/www.adideandalucia.es\/normas\/ordenes\/Orden24junio2009curriculoelementalmusica.pdf\" rel=\"self\">ORDEN de 24-6-2009<\/a>, por la que se desarrolla el curr\u00edculo de las ense\u00f1anzas elementales de m\u00fasica en Andaluc\u00eda (BOJA 14-07-2009).<br \/>\n<a href=\"http:\/\/www.adideandalucia.es\/normas\/decretos\/Decreto%2017-2009%20ordenacionmusica.pdf\" rel=\"self\">DECRETO 17\/2009<\/a>, de 20 de enero, por el que se establece la Ordenaci\u00f3n y el Curr\u00edculo de las Ense\u00f1anzas Elementales de M\u00fasica en Andaluc\u00eda.<br \/>\n<a href=\"http:\/\/www.adideandalucia.es\/normas\/ordenes\/Orden%2025-10-2007%20Curriculo%20Musica.pdf\" rel=\"self\">ORDEN de 25-10-2007,<\/a>&nbsp;por la que se desarrolla el curr\u00edculo de las ense\u00f1anzas profesionales de M\u00fasica en Andaluc\u00eda. (BOJA 15-11-2007)<br \/>\n<a href=\"http:\/\/www.adideandalucia.es\/normas\/decretos\/Decreto%20241-2007%20Curriculo%20Musica.pdf\" rel=\"self\">DECRETO 241\/2007, de 4 de septiembre,<\/a>&nbsp;por el que se establece la ordenaci\u00f3n y el curr\u00edculo de las ense\u00f1anzas profesionales de m\u00fasica en Andaluc\u00eda. (BOJA 14-9-2007)<br \/>\n<a href=\"http:\/\/www.adideandalucia.es\/normas\/Leyes\/Ley%2017-2007%20LEA.pdf\" rel=\"self\">LEY 17\/2007, de 10 de diciembre,<\/a>&nbsp;de Educaci\u00f3n de Andaluc\u00eda. (BOJA 26-12-2007)<br \/>\n<a href=\"http:\/\/www.adideandalucia.es\/normas\/ordenes\/orden%2029%2011%202005%20organizacion%20conservatorios%20musica.pdf\" rel=\"self\">ORDEN de 29-11-2005,<\/a>&nbsp;por la que se regulan determinados aspectos sobre la organizaci\u00f3n y el funcionamiento de los Conservatorios Profesionales de M\u00fasica. (BOJA 23-12-2005)<br \/>\n<a href=\"http:\/\/www.adideandalucia.es\/normas\/ordenes\/Orden%2014-9-2005%20%20Acceso%20Musica.pdf\" rel=\"self\">ORDEN de 14-9-2005,<\/a>&nbsp;por la que se regulan la prueba de aptitud al grado elemental y la organizaci\u00f3n de las pruebas de acceso al grado medio de las ense\u00f1anzas de M\u00fasica. (BOJA 6-10-2005)<\/div>\n<\/div>\n<\/div>\n<\/div>\n<\/div>\n","protected":false},"excerpt":{"rendered":"<p>Orden de 13 de marzo de 2013, por la que se regulan los criterios de admisi\u00f3n y los procedimientos de admisi\u00f3n y matriculaci\u00f3n del alumnado en las ense\u00f1anzas elementales b\u00e1sicas y profesionales de m\u00fasica&#46;&#46;&#46;<\/p>\n","protected":false},"author":11793,"featured_media":0,"parent":0,"menu_order":0,"comment_status":"closed","ping_status":"closed","template":"","meta":{"ngg_post_thumbnail":0,"footnotes":"","_mc_calendar":[]},"aioseo_notices":[],"post_mailing_queue_ids":[],"_links":{"self":[{"href":"https:\/\/blogsaverroes.juntadeandalucia.es\/cpmjavierperianes\/wp-json\/wp\/v2\/pages\/2705"}],"collection":[{"href":"https:\/\/blogsaverroes.juntadeandalucia.es\/cpmjavierperianes\/wp-json\/wp\/v2\/pages"}],"about":[{"href":"https:\/\/blogsaverroes.juntadeandalucia.es\/cpmjavierperianes\/wp-json\/wp\/v2\/types\/page"}],"author":[{"embeddable":true,"href":"https:\/\/blogsaverroes.juntadeandalucia.es\/cpmjavierperianes\/wp-json\/wp\/v2\/users\/11793"}],"replies":[{"embeddable":true,"href":"https:\/\/blogsaverroes.juntadeandalucia.es\/cpmjavierperianes\/wp-json\/wp\/v2\/comments?post=2705"}],"version-history":[{"count":6,"href":"https:\/\/blogsaverroes.juntadeandalucia.es\/cpmjavierperianes\/wp-json\/wp\/v2\/pages\/2705\/revisions"}],"predecessor-version":[{"id":3993,"href":"https:\/\/blogsaverroes.juntadeandalucia.es\/cpmjavierperianes\/wp-json\/wp\/v2\/pages\/2705\/revisions\/3993"}],"wp:attachment":[{"href":"https:\/\/blogsaverroes.juntadeandalucia.es\/cpmjavierperianes\/wp-json\/wp\/v2\/media?parent=2705"}],"curies":[{"name":"wp","href":"https:\/\/api.w.org\/{rel}","templated":true}]}}