{"id":1034,"date":"2025-02-02T12:40:37","date_gmt":"2025-02-02T11:40:37","guid":{"rendered":"https:\/\/blogsaverroes.juntadeandalucia.es\/cpr-el-olivo\/?page_id=1034"},"modified":"2025-02-02T12:47:16","modified_gmt":"2025-02-02T11:47:16","slug":"ermita-nueva","status":"publish","type":"page","link":"https:\/\/blogsaverroes.juntadeandalucia.es\/cpr-el-olivo\/ermita-nueva\/","title":{"rendered":"Ermita Nueva"},"content":{"rendered":"<p>La aldea de Ermita Nueva est\u00e1 constituida por tres n\u00facleos Cequia, Las Pilillas y el Ventorrillo y cuenta con una poblaci\u00f3n de unos 600 habitantes.<\/p>\n<p><img loading=\"lazy\" decoding=\"async\" class=\"size-medium wp-image-1035 alignleft\" src=\"https:\/\/blogsaverroes.juntadeandalucia.es\/cpr-el-olivo\/files\/2025\/02\/EN_Camello-300x225.jpg\" alt=\"\" width=\"300\" height=\"225\" srcset=\"https:\/\/blogsaverroes.juntadeandalucia.es\/cpr-el-olivo\/files\/2025\/02\/EN_Camello-300x225.jpg 300w, https:\/\/blogsaverroes.juntadeandalucia.es\/cpr-el-olivo\/files\/2025\/02\/EN_Camello.jpg 320w\" sizes=\"(max-width: 300px) 100vw, 300px\" \/>Se encuentra al sur del t\u00e9rmino municipal, junto a la&nbsp;carretera&nbsp;nacional&nbsp;Badajoz-Granada, a las faldas del cerro del Camello, y lim\u00edtrofe con la provincia de Granada. En este cerro existe un fen\u00f3meno geomorfol\u00f3gico, que ha dado lugar a una formaci\u00f3n rocosa muy particular, producto de un proceso de erosi\u00f3n diferencial causada por los agentes meteorol\u00f3gicos. <img loading=\"lazy\" decoding=\"async\" class=\"size-full wp-image-1036 alignright\" src=\"https:\/\/blogsaverroes.juntadeandalucia.es\/cpr-el-olivo\/files\/2025\/02\/EN_SanIsidro.jpg\" alt=\"\" width=\"275\" height=\"183\"><\/p>\n<p>Esta formaci\u00f3n geol\u00f3gica ha sido objeto de culto en \u00e9pocas pasadas, como lo atestiguan las romer\u00edas que hac\u00edan los habitantes de la aldea hacia este lugar, as\u00ed como la denominaci\u00f3n que recibe esta roca: la Virgen&nbsp;del Camello.<\/p>\n<p>El nombre de la aldea proviene de la construcci\u00f3n de la Ermita en 1789, al abandonar la que exist\u00eda en el cortijo del Mench\u00f3n. Esta ermita fue demolida en 1974 para construir la actual, donde se venera al patr\u00f3n de la aldea: San Isidro.<\/p>\n<p><img loading=\"lazy\" decoding=\"async\" class=\" wp-image-1037 alignleft\" src=\"https:\/\/blogsaverroes.juntadeandalucia.es\/cpr-el-olivo\/files\/2025\/02\/TesorilloEN1-300x178.jpg\" alt=\"\" width=\"233\" height=\"138\" srcset=\"https:\/\/blogsaverroes.juntadeandalucia.es\/cpr-el-olivo\/files\/2025\/02\/TesorilloEN1-300x178.jpg 300w, https:\/\/blogsaverroes.juntadeandalucia.es\/cpr-el-olivo\/files\/2025\/02\/TesorilloEN1-768x455.jpg 768w, https:\/\/blogsaverroes.juntadeandalucia.es\/cpr-el-olivo\/files\/2025\/02\/TesorilloEN1.jpg 941w\" sizes=\"(max-width: 233px) 100vw, 233px\" \/><img loading=\"lazy\" decoding=\"async\" class=\" wp-image-1038 alignleft\" src=\"https:\/\/blogsaverroes.juntadeandalucia.es\/cpr-el-olivo\/files\/2025\/02\/TesorilloEN2-300x200.jpg\" alt=\"\" width=\"209\" height=\"139\" srcset=\"https:\/\/blogsaverroes.juntadeandalucia.es\/cpr-el-olivo\/files\/2025\/02\/TesorilloEN2-300x200.jpg 300w, https:\/\/blogsaverroes.juntadeandalucia.es\/cpr-el-olivo\/files\/2025\/02\/TesorilloEN2-768x512.jpg 768w, https:\/\/blogsaverroes.juntadeandalucia.es\/cpr-el-olivo\/files\/2025\/02\/TesorilloEN2.jpg 886w\" sizes=\"(max-width: 209px) 100vw, 209px\" \/>Sin embargo, sus or\u00edgenes se remontan a la \u00e9poca isl\u00e1mica. Se llamaba Al-Sikka y en sus proximidades se ha encontrado un tesorillo hispano-\u00e1rabe, hoy en el Museo Municipal. Pero tambi\u00e9n se hallan en su territorio yacimientos de las \u00e9pocas prehist\u00f3ricas, \u00edberos y romanos, en la Gineta y el Camello, especialmente.<\/p>\n<p><img loading=\"lazy\" decoding=\"async\" class=\" wp-image-1039 alignright\" src=\"https:\/\/blogsaverroes.juntadeandalucia.es\/cpr-el-olivo\/files\/2025\/02\/EN_Almazara-300x200.jpg\" alt=\"\" width=\"248\" height=\"165\" srcset=\"https:\/\/blogsaverroes.juntadeandalucia.es\/cpr-el-olivo\/files\/2025\/02\/EN_Almazara-300x200.jpg 300w, https:\/\/blogsaverroes.juntadeandalucia.es\/cpr-el-olivo\/files\/2025\/02\/EN_Almazara-768x512.jpg 768w, https:\/\/blogsaverroes.juntadeandalucia.es\/cpr-el-olivo\/files\/2025\/02\/EN_Almazara.jpg 900w\" sizes=\"(max-width: 248px) 100vw, 248px\" \/> <img loading=\"lazy\" decoding=\"async\" class=\" wp-image-1040 alignright\" src=\"https:\/\/blogsaverroes.juntadeandalucia.es\/cpr-el-olivo\/files\/2025\/02\/EN_Queseria-300x225.jpeg\" alt=\"\" width=\"220\" height=\"165\" srcset=\"https:\/\/blogsaverroes.juntadeandalucia.es\/cpr-el-olivo\/files\/2025\/02\/EN_Queseria-300x225.jpeg 300w, https:\/\/blogsaverroes.juntadeandalucia.es\/cpr-el-olivo\/files\/2025\/02\/EN_Queseria-1024x768.jpeg 1024w, https:\/\/blogsaverroes.juntadeandalucia.es\/cpr-el-olivo\/files\/2025\/02\/EN_Queseria-768x576.jpeg 768w, https:\/\/blogsaverroes.juntadeandalucia.es\/cpr-el-olivo\/files\/2025\/02\/EN_Queseria.jpeg 1366w\" sizes=\"(max-width: 220px) 100vw, 220px\" \/><\/p>\n<p>&nbsp;<\/p>\n<p>En la aldea hay una importante queser\u00eda que cuenta con muchos premios y una almazara.&nbsp;<\/p>\n<p>&nbsp;<\/p>\n","protected":false},"excerpt":{"rendered":"<p>La aldea de Ermita Nueva est\u00e1 constituida por tres n\u00facleos Cequia, Las Pilillas y el Ventorrillo y cuenta con una poblaci\u00f3n de unos 600 habitantes. Se encuentra al sur del t\u00e9rmino municipal, junto a&#46;&#46;&#46;<\/p>\n","protected":false},"author":19486,"featured_media":0,"parent":0,"menu_order":0,"comment_status":"closed","ping_status":"closed","template":"","meta":{"ngg_post_thumbnail":0,"footnotes":""},"aioseo_notices":[],"_links":{"self":[{"href":"https:\/\/blogsaverroes.juntadeandalucia.es\/cpr-el-olivo\/wp-json\/wp\/v2\/pages\/1034"}],"collection":[{"href":"https:\/\/blogsaverroes.juntadeandalucia.es\/cpr-el-olivo\/wp-json\/wp\/v2\/pages"}],"about":[{"href":"https:\/\/blogsaverroes.juntadeandalucia.es\/cpr-el-olivo\/wp-json\/wp\/v2\/types\/page"}],"author":[{"embeddable":true,"href":"https:\/\/blogsaverroes.juntadeandalucia.es\/cpr-el-olivo\/wp-json\/wp\/v2\/users\/19486"}],"replies":[{"embeddable":true,"href":"https:\/\/blogsaverroes.juntadeandalucia.es\/cpr-el-olivo\/wp-json\/wp\/v2\/comments?post=1034"}],"version-history":[{"count":5,"href":"https:\/\/blogsaverroes.juntadeandalucia.es\/cpr-el-olivo\/wp-json\/wp\/v2\/pages\/1034\/revisions"}],"predecessor-version":[{"id":1046,"href":"https:\/\/blogsaverroes.juntadeandalucia.es\/cpr-el-olivo\/wp-json\/wp\/v2\/pages\/1034\/revisions\/1046"}],"wp:attachment":[{"href":"https:\/\/blogsaverroes.juntadeandalucia.es\/cpr-el-olivo\/wp-json\/wp\/v2\/media?parent=1034"}],"curies":[{"name":"wp","href":"https:\/\/api.w.org\/{rel}","templated":true}]}}