{"id":1047,"date":"2025-02-02T21:18:48","date_gmt":"2025-02-02T20:18:48","guid":{"rendered":"https:\/\/blogsaverroes.juntadeandalucia.es\/cpr-el-olivo\/?page_id=1047"},"modified":"2025-02-02T21:26:33","modified_gmt":"2025-02-02T20:26:33","slug":"mures","status":"publish","type":"page","link":"https:\/\/blogsaverroes.juntadeandalucia.es\/cpr-el-olivo\/mures\/","title":{"rendered":"Mures"},"content":{"rendered":"<p><span style=\"font-family: 'comic sans ms', sans-serif\"><img loading=\"lazy\" decoding=\"async\" class=\"size-medium wp-image-1052 alignleft\" src=\"https:\/\/blogsaverroes.juntadeandalucia.es\/cpr-el-olivo\/files\/2025\/02\/MURES-300x200.jpg\" alt=\"\" width=\"300\" height=\"200\" srcset=\"https:\/\/blogsaverroes.juntadeandalucia.es\/cpr-el-olivo\/files\/2025\/02\/MURES-300x200.jpg 300w, https:\/\/blogsaverroes.juntadeandalucia.es\/cpr-el-olivo\/files\/2025\/02\/MURES.jpg 700w\" sizes=\"(max-width: 300px) 100vw, 300px\" \/>La aldea de Mures est\u00e1 situada al sudeste del t\u00e9rmino municipal, lindando con la provincia de Granada. Ocupa una zona de paisaje suave, siguiendo el curso del r\u00edo Mures que un poco m\u00e1s adelante se une al r\u00edo de Frailes o Velillos. Esto hace que ya en la \u00e9poca romana se establecieran en la zona villas agr\u00edcolas como la encontrada cerca del Puente de la Media Luna.<img loading=\"lazy\" decoding=\"async\" class=\" wp-image-1053 alignright\" src=\"https:\/\/blogsaverroes.juntadeandalucia.es\/cpr-el-olivo\/files\/2025\/02\/M_Cascada-300x229.jpg\" alt=\"\" width=\"249\" height=\"190\" srcset=\"https:\/\/blogsaverroes.juntadeandalucia.es\/cpr-el-olivo\/files\/2025\/02\/M_Cascada-300x229.jpg 300w, https:\/\/blogsaverroes.juntadeandalucia.es\/cpr-el-olivo\/files\/2025\/02\/M_Cascada-768x587.jpg 768w, https:\/\/blogsaverroes.juntadeandalucia.es\/cpr-el-olivo\/files\/2025\/02\/M_Cascada.jpg 850w\" sizes=\"(max-width: 249px) 100vw, 249px\" \/><\/span><\/p>\n<p><span style=\"font-family: 'comic sans ms', sans-serif\">Mures tiene unos 750 habitantes que residen, adem\u00e1s de en esta aldea, en otros n\u00facleos de poblaci\u00f3n como Casillas de Gumiel o Balazos.<\/span><\/p>\n<p><span style=\"font-family: 'comic sans ms', sans-serif\">Desde el a\u00f1o 2001 es Entidad Local Aut\u00f3noma.<\/span><\/p>\n<p><span style=\"font-family: 'comic sans ms', sans-serif\"><img loading=\"lazy\" decoding=\"async\" class=\"size-medium wp-image-1051 alignleft\" src=\"https:\/\/blogsaverroes.juntadeandalucia.es\/cpr-el-olivo\/files\/2025\/02\/M_SanRoque-300x225.jpg\" alt=\"\" width=\"300\" height=\"225\" srcset=\"https:\/\/blogsaverroes.juntadeandalucia.es\/cpr-el-olivo\/files\/2025\/02\/M_SanRoque-300x225.jpg 300w, https:\/\/blogsaverroes.juntadeandalucia.es\/cpr-el-olivo\/files\/2025\/02\/M_SanRoque-1024x768.jpg 1024w, https:\/\/blogsaverroes.juntadeandalucia.es\/cpr-el-olivo\/files\/2025\/02\/M_SanRoque-768x576.jpg 768w, https:\/\/blogsaverroes.juntadeandalucia.es\/cpr-el-olivo\/files\/2025\/02\/M_SanRoque-1536x1152.jpg 1536w, https:\/\/blogsaverroes.juntadeandalucia.es\/cpr-el-olivo\/files\/2025\/02\/M_SanRoque.jpg 2000w\" sizes=\"(max-width: 300px) 100vw, 300px\" \/>Sus fiestas se celebran los d\u00edas 16 y 17 de agosto en honor a San Roque.<img loading=\"lazy\" decoding=\"async\" class=\"size-full wp-image-1050 alignright\" src=\"https:\/\/blogsaverroes.juntadeandalucia.es\/cpr-el-olivo\/files\/2025\/02\/M_Fuente3.jpg\" alt=\"\" width=\"275\" height=\"184\"><\/span><\/p>\n<p><span style=\"font-family: 'comic sans ms', sans-serif\">Se puede visitar su famoso Pilar de los tres ca\u00f1os.&nbsp;<\/span><\/p>\n<p><span style=\"font-family: 'comic sans ms', sans-serif\">Desde el a\u00f1o 2001, Mures es una&nbsp;<strong>Entidad Local Aut\u00f3noma<\/strong>.<\/span><\/p>\n<p>&nbsp;<\/p>\n","protected":false},"excerpt":{"rendered":"<p>La aldea de Mures est\u00e1 situada al sudeste del t\u00e9rmino municipal, lindando con la provincia de Granada. Ocupa una zona de paisaje suave, siguiendo el curso del r\u00edo Mures que un poco m\u00e1s adelante&#46;&#46;&#46;<\/p>\n","protected":false},"author":19486,"featured_media":0,"parent":0,"menu_order":0,"comment_status":"closed","ping_status":"closed","template":"","meta":{"ngg_post_thumbnail":0,"footnotes":""},"aioseo_notices":[],"_links":{"self":[{"href":"https:\/\/blogsaverroes.juntadeandalucia.es\/cpr-el-olivo\/wp-json\/wp\/v2\/pages\/1047"}],"collection":[{"href":"https:\/\/blogsaverroes.juntadeandalucia.es\/cpr-el-olivo\/wp-json\/wp\/v2\/pages"}],"about":[{"href":"https:\/\/blogsaverroes.juntadeandalucia.es\/cpr-el-olivo\/wp-json\/wp\/v2\/types\/page"}],"author":[{"embeddable":true,"href":"https:\/\/blogsaverroes.juntadeandalucia.es\/cpr-el-olivo\/wp-json\/wp\/v2\/users\/19486"}],"replies":[{"embeddable":true,"href":"https:\/\/blogsaverroes.juntadeandalucia.es\/cpr-el-olivo\/wp-json\/wp\/v2\/comments?post=1047"}],"version-history":[{"count":3,"href":"https:\/\/blogsaverroes.juntadeandalucia.es\/cpr-el-olivo\/wp-json\/wp\/v2\/pages\/1047\/revisions"}],"predecessor-version":[{"id":1054,"href":"https:\/\/blogsaverroes.juntadeandalucia.es\/cpr-el-olivo\/wp-json\/wp\/v2\/pages\/1047\/revisions\/1054"}],"wp:attachment":[{"href":"https:\/\/blogsaverroes.juntadeandalucia.es\/cpr-el-olivo\/wp-json\/wp\/v2\/media?parent=1047"}],"curies":[{"name":"wp","href":"https:\/\/api.w.org\/{rel}","templated":true}]}}