{"id":823,"date":"2020-12-16T09:58:58","date_gmt":"2020-12-16T08:58:58","guid":{"rendered":"https:\/\/blogsaverroes.juntadeandalucia.es\/pre\/plantilla-pencil\/?page_id=733"},"modified":"2026-02-06T18:05:34","modified_gmt":"2026-02-06T17:05:34","slug":"contactar-con-el-centro","status":"publish","type":"page","link":"https:\/\/blogsaverroes.juntadeandalucia.es\/cpralmenara\/contactar-con-el-centro\/","title":{"rendered":"Contactar con el centro"},"content":{"rendered":"<p>[et_pb_section fb_built=\u00bb1&#8243; disabled_on=\u00bboff|off|off\u00bb _builder_version=\u00bb4.16&#8243; min_height=\u00bb1313px\u00bb custom_padding=\u00bb0px||0px|\u00bb z_index_tablet=\u00bb500&#8243; box_shadow_horizontal_tablet=\u00bb0px\u00bb box_shadow_vertical_tablet=\u00bb0px\u00bb box_shadow_blur_tablet=\u00bb40px\u00bb box_shadow_spread_tablet=\u00bb0px\u00bb global_colors_info=\u00bb{}\u00bb][et_pb_row _builder_version=\u00bb4.16&#8243; _module_preset=\u00bbdefault\u00bb global_colors_info=\u00bb{}\u00bb][et_pb_column type=\u00bb4_4&#8243; _builder_version=\u00bb4.16&#8243; _module_preset=\u00bbdefault\u00bb global_colors_info=\u00bb{}\u00bb][et_pb_text _builder_version=\u00bb4.16&#8243; _module_preset=\u00bbdefault\u00bb global_colors_info=\u00bb{}\u00bb]<\/p>\n<p>&nbsp;<\/p>\n<p>EQUIPO DOCENTE:<\/p>\n<div>\n<ul>\n<li><b>Direcci\u00f3n<\/b>: Leticia M.G.<\/li>\n<li><b>Jefatura de estudios<\/b>: Jose Manuel F.N.<\/li>\n<li><b>Secretar\u00eda:<\/b> Camila P.C.<\/li>\n<\/ul>\n<\/div>\n<div><i><b>\u00a0<\/b><\/i><\/div>\n<div><b><u>ZAHORA:<\/u><\/b><b style=\"font-size: 14px\"><\/b><\/div>\n<ul>\n<li><b>Infantil 3 a\u00f1os:<\/b> Auxiliadora V.S<\/li>\n<li><b>Infantil 4 a\u00f1os: <\/b>Lola B.A.<\/li>\n<li>Infantil 5 a\u00f1os: Marta C.B.<\/li>\n<li><b>1\u00ba y 2\u00ba de Ed. Primaria: <\/b>Ana I. C.<\/li>\n<li><b>3\u00ba de Ed. Primaria: <\/b>Paula A.I.<\/li>\n<li><b>4\u00ba de Ed. Primaria: <\/b>Antonio G.H.<\/li>\n<li><b>5\u00ba y 6\u00ba de Ed. Primaria: <\/b>Clara B.G.<\/li>\n<li><strong>Educaci\u00f3n F\u00edsica:<\/strong> Jose Manuel F.N.<\/li>\n<li><strong>Lengua extranjera ingl\u00e9s:<\/strong> Ver\u00f3nica M.G.<\/li>\n<\/ul>\n<p>&nbsp;<\/p>\n<p>&nbsp;<\/p>\n<div>\u00a0<\/div>\n<div><b><u>SAN AMBROSIO<\/u><\/b><\/div>\n<div>\n<ul>\n<li><b>Infantil a\u00f1os: <\/b>Susana M.G.<\/li>\n<li><b>Infantil 4 y 5 a\u00f1os: <\/b>Alberto T.M.<\/li>\n<li><b>1\u00ba <\/b><b>de Ed. Primaria: <\/b>Isabel C.S.<\/li>\n<li><b>2\u00ba\u00a0<\/b><b>de Ed. Primaria: <\/b>Mar\u00eda Jes\u00fas R.C.<\/li>\n<li><b>3\u00ba de Ed. Primaria: <\/b>Pedro O.S.<\/li>\n<li><b>4\u00ba\u00a0<\/b><b>de Ed. Primaria: <\/b>Lola M. R.<\/li>\n<li><b>5\u00ba de Ed. Primaria: <\/b>Isabel T. G.<\/li>\n<li><b>6\u00ba\u00a0<\/b><b>de Ed. Primaria:\u00a0<\/b>Alicia P.S.<\/li>\n<li><strong>Educaci\u00f3n F\u00edsica:<\/strong> Nubia G.G.<\/li>\n<\/ul>\n<\/div>\n<div>\u00a0<\/div>\n<div>\u00a0<\/div>\n<div><b><u>PROFESORADO ESPECIALISTA E ITINERANTE<\/u><\/b><\/div>\n<div>\n<ul>\n<li><b>M\u00fasica: <\/b>Camila P.C.<\/li>\n<li><b>Franc\u00e9s: <\/b>Paula A.I.\u00a0<b style=\"font-size: 14px\"><\/b><\/li>\n<li><b>Apoyo Ed. Infantil<\/b>: Leticia M.G. y Silvia P.L.<\/li>\n<li><b>Religi\u00f3n:<\/b> Mar\u00eda del Carmen M.B.<\/li>\n<li><b>Pedagog\u00eda Terap\u00e9utica:<\/b> Rosa M\u00aa D.F.<\/li>\n<li><b>Audici\u00f3n y lenguaje: <\/b>Paqui L.U.<\/li>\n<li><strong>Competencia matem\u00e1tica:<\/strong> Paqui D.F.<b><\/b><\/li>\n<li><strong>Maestra ZTS:<\/strong> Tamara C.G<\/li>\n<li><b>Orientaci\u00f3n ZTS:<\/b> Tania\u00a0<\/li>\n<\/ul>\n<\/div>\n<p>&nbsp;<\/p>\n<p>[\/et_pb_text][\/et_pb_column][\/et_pb_row][\/et_pb_section]<\/p>\n","protected":false},"excerpt":{"rendered":"<p>&nbsp; EQUIPO DOCENTE: Direcci\u00f3n: Leticia M.G. Jefatura de estudios: Jose Manuel F.N. Secretar\u00eda: Camila P.C. \u00a0 ZAHORA: Infantil 3 a\u00f1os: Auxiliadora V.S Infantil 4 a\u00f1os: Lola B.A. Infantil 5 a\u00f1os: Marta C.B. 1\u00ba y 2\u00ba de Ed. Primaria: Ana I. C. 3\u00ba de Ed. Primaria: Paula A.I. 4\u00ba de Ed. Primaria: Antonio G.H. 5\u00ba y [&hellip;]<\/p>\n","protected":false},"author":3883,"featured_media":0,"parent":0,"menu_order":0,"comment_status":"closed","ping_status":"closed","template":"","meta":{"_et_pb_use_builder":"on","_et_pb_old_content":"","_et_gb_content_width":"","ngg_post_thumbnail":0,"footnotes":""},"aioseo_notices":[],"_links":{"self":[{"href":"https:\/\/blogsaverroes.juntadeandalucia.es\/cpralmenara\/wp-json\/wp\/v2\/pages\/823"}],"collection":[{"href":"https:\/\/blogsaverroes.juntadeandalucia.es\/cpralmenara\/wp-json\/wp\/v2\/pages"}],"about":[{"href":"https:\/\/blogsaverroes.juntadeandalucia.es\/cpralmenara\/wp-json\/wp\/v2\/types\/page"}],"author":[{"embeddable":true,"href":"https:\/\/blogsaverroes.juntadeandalucia.es\/cpralmenara\/wp-json\/wp\/v2\/users\/3883"}],"replies":[{"embeddable":true,"href":"https:\/\/blogsaverroes.juntadeandalucia.es\/cpralmenara\/wp-json\/wp\/v2\/comments?post=823"}],"version-history":[{"count":6,"href":"https:\/\/blogsaverroes.juntadeandalucia.es\/cpralmenara\/wp-json\/wp\/v2\/pages\/823\/revisions"}],"predecessor-version":[{"id":2136,"href":"https:\/\/blogsaverroes.juntadeandalucia.es\/cpralmenara\/wp-json\/wp\/v2\/pages\/823\/revisions\/2136"}],"wp:attachment":[{"href":"https:\/\/blogsaverroes.juntadeandalucia.es\/cpralmenara\/wp-json\/wp\/v2\/media?parent=823"}],"curies":[{"name":"wp","href":"https:\/\/api.w.org\/{rel}","templated":true}]}}