{"id":3100,"date":"2021-01-02T11:07:15","date_gmt":"2021-01-02T10:07:15","guid":{"rendered":"https:\/\/blogsaverroes.juntadeandalucia.es\/cprcampodelrey\/?page_id=3100"},"modified":"2021-01-23T23:07:29","modified_gmt":"2021-01-23T22:07:29","slug":"erasmus-ka229-better-teaching-and-learning","status":"publish","type":"page","link":"https:\/\/blogsaverroes.juntadeandalucia.es\/cprcampodelrey\/erasmus-ka229-better-teaching-and-learning\/","title":{"rendered":"ERASMUS+ KA229: Better teaching and learning"},"content":{"rendered":"<p style=\"text-align: justify\">Gracias a BTL, intercambiaremos buenas pr\u00e1cticas en las escuelas asociadas sobre la combinaci\u00f3n de los \u00abEnfoques de E-A\u00bb favorecidos en el entorno escolar a trav\u00e9s de las actividades del proyecto que abarcan 6 \u00e1reas principales:&nbsp;<\/p>\n<ul style=\"list-style-type: square\">\n<li style=\"text-align: justify\">Esp\u00edritu empresarial<\/li>\n<li style=\"text-align: justify\">Alfabetizaci\u00f3n<\/li>\n<li style=\"text-align: justify\">STEM<\/li>\n<li style=\"text-align: justify\">Naturaleza<\/li>\n<li style=\"text-align: justify\">Estilo de vida<\/li>\n<li style=\"text-align: justify\">Asuntos personales<\/li>\n<\/ul>\n<p style=\"text-align: justify\">La idea principal de este proyecto es mejorar el nivel educativo en cada escuela, mejorando los conocimientos y la capacidad profesional de los participantes.<\/p>\n<ul style=\"list-style-type: disc\">\n<li style=\"text-align: justify\">Integrar los elementos favorecidos y necesarios en los planes de estudio y las pr\u00e1cticas escolares.<\/li>\n<li style=\"text-align: justify\">Mejorar la capacidad de ense\u00f1anza de los profesores haci\u00e9ndoles encontrar diferentes buenas pr\u00e1cticas.<\/li>\n<li style=\"text-align: justify\">Mejorar el nivel de educaci\u00f3n en las escuelas haciendo que los alumnos y el personal se re\u00fanan con diferentes aplicaciones<\/li>\n<li style=\"text-align: justify\">Ayudar a los alumnos a tener caracter\u00edsticas positivas como \u00abtener confianza en s\u00ed mismos, ser creativos, ser cooperativos, sociales, despreocupados.<\/li>\n<\/ul>\n<p style=\"text-align: justify\">Estableceremos un equipo de evaluaci\u00f3n para determinar si se han cumplido o no los objetivos del proyecto en cada pa\u00eds asociado. Los equipos de evaluaci\u00f3n medir\u00e1n el \u00e9xito de los actos de los proyectos locales y virtuales de la LTTA. Adem\u00e1s, se har\u00e1n informes sobre el desarrollo de los estudiantes y los profesores. Se implementar\u00e1n cuestionarios, encuestas, entrevistas a los participantes del proyecto para ver si se alcanzan los objetivos que se definieron claramente en nuestro proyecto.<\/p>\n<p style=\"text-align: justify\">En cada escuela, las personas de contacto coordinar\u00e1n las actividades de difusi\u00f3n. Los principales grupos destinatarios de nuestras actividades de difusi\u00f3n ser\u00e1n los profesores de los colegios asociados, otras escuelas de la zona y la comunidad local. Nuestra principal plataforma para compartir resultados y actividades ser\u00e1 el Twinspace de nuestro proyecto.&nbsp; Para compartir los resultados de nuestro proyecto utilizaremos, las plataformas virtuales y las p\u00e1ginas web de cada centro.<\/p>\n<p style=\"text-align: center\">\ud83c\uddf8\ud83c\uddee Eslovenia<\/p>\n<p style=\"text-align: center\">\ud83c\uddf9\ud83c\uddf7 Turqu\u00eda<\/p>\n<p style=\"text-align: center\">\ud83c\uddec\ud83c\uddf7 Grecia<\/p>\n<p style=\"text-align: center\">\ud83c\uddee\ud83c\uddf9 Italia<\/p>\n<p style=\"text-align: center\">\ud83c\uddf7\ud83c\uddf4 Rumania<\/p>\n<div class=\"pt-cv-wrapper\"><div class=\"pt-cv-view pt-cv-grid pt-cv-colsys\" id=\"pt-cv-view-6c9c9052cj\"><div data-id=\"pt-cv-page-1\" class=\"pt-cv-page\" data-cvc=\"2\"><div class=\"col-md-6 col-sm-6 col-xs-12 pt-cv-content-item pt-cv-1-col\" ><div class='pt-cv-ifield'><a href=\"https:\/\/blogsaverroes.juntadeandalucia.es\/cprcampodelrey\/dia-5-snfcc\/\" class=\"_self pt-cv-href-thumbnail pt-cv-thumb-default\" target=\"_self\" ><img decoding=\"async\" width=\"300\" height=\"113\" src=\"https:\/\/blogsaverroes.juntadeandalucia.es\/cprcampodelrey\/files\/2023\/02\/generic_snfcc_arch_yiorgis_yerolympos_15-300x113.jpg\" class=\"pt-cv-thumbnail\" alt=\"\" srcset=\"https:\/\/blogsaverroes.juntadeandalucia.es\/cprcampodelrey\/files\/2023\/02\/generic_snfcc_arch_yiorgis_yerolympos_15-300x113.jpg 300w, https:\/\/blogsaverroes.juntadeandalucia.es\/cprcampodelrey\/files\/2023\/02\/generic_snfcc_arch_yiorgis_yerolympos_15-1024x384.jpg 1024w, https:\/\/blogsaverroes.juntadeandalucia.es\/cprcampodelrey\/files\/2023\/02\/generic_snfcc_arch_yiorgis_yerolympos_15-768x288.jpg 768w, https:\/\/blogsaverroes.juntadeandalucia.es\/cprcampodelrey\/files\/2023\/02\/generic_snfcc_arch_yiorgis_yerolympos_15-1536x576.jpg 1536w, https:\/\/blogsaverroes.juntadeandalucia.es\/cprcampodelrey\/files\/2023\/02\/generic_snfcc_arch_yiorgis_yerolympos_15.jpg 1600w\" sizes=\"(max-width: 300px) 100vw, 300px\" \/><\/a>\n<h4 class=\"pt-cv-title\"><a href=\"https:\/\/blogsaverroes.juntadeandalucia.es\/cprcampodelrey\/dia-5-snfcc\/\" class=\"_self\" target=\"_self\" >D\u00eda 5.  SNFCC<\/a><\/h4>\n<div class=\"pt-cv-content\"> ...<br \/><div class=\"pt-cv-rmwrap\"><a href=\"https:\/\/blogsaverroes.juntadeandalucia.es\/cprcampodelrey\/dia-5-snfcc\/\" class=\"_self pt-cv-readmore btn btn-success\" target=\"_self\">Leer M\u00e1s<\/a><\/div><\/div><\/div><\/div>\n<div class=\"col-md-6 col-sm-6 col-xs-12 pt-cv-content-item pt-cv-1-col\" ><div class='pt-cv-ifield'><a href=\"https:\/\/blogsaverroes.juntadeandalucia.es\/cprcampodelrey\/dia-4-meeting-day-2\/\" class=\"_self pt-cv-href-thumbnail pt-cv-thumb-default\" target=\"_self\" ><img fetchpriority=\"high\" decoding=\"async\" width=\"300\" height=\"199\" src=\"https:\/\/blogsaverroes.juntadeandalucia.es\/cprcampodelrey\/files\/2023\/02\/musaka-pastel-de-berenjenas-300x199.jpg\" class=\"pt-cv-thumbnail\" alt=\"\" srcset=\"https:\/\/blogsaverroes.juntadeandalucia.es\/cprcampodelrey\/files\/2023\/02\/musaka-pastel-de-berenjenas-300x199.jpg 300w, https:\/\/blogsaverroes.juntadeandalucia.es\/cprcampodelrey\/files\/2023\/02\/musaka-pastel-de-berenjenas-768x508.jpg 768w, https:\/\/blogsaverroes.juntadeandalucia.es\/cprcampodelrey\/files\/2023\/02\/musaka-pastel-de-berenjenas.jpg 1000w\" sizes=\"(max-width: 300px) 100vw, 300px\" \/><\/a>\n<h4 class=\"pt-cv-title\"><a href=\"https:\/\/blogsaverroes.juntadeandalucia.es\/cprcampodelrey\/dia-4-meeting-day-2\/\" class=\"_self\" target=\"_self\" >D\u00eda 4. Meeting day<\/a><\/h4>\n<div class=\"pt-cv-content\"> ...<br \/><div class=\"pt-cv-rmwrap\"><a href=\"https:\/\/blogsaverroes.juntadeandalucia.es\/cprcampodelrey\/dia-4-meeting-day-2\/\" class=\"_self pt-cv-readmore btn btn-success\" target=\"_self\">Leer M\u00e1s<\/a><\/div><\/div><\/div><\/div>\n<div class=\"col-md-6 col-sm-6 col-xs-12 pt-cv-content-item pt-cv-1-col\" ><div class='pt-cv-ifield'><a href=\"https:\/\/blogsaverroes.juntadeandalucia.es\/cprcampodelrey\/dia-3\/\" class=\"_self pt-cv-href-thumbnail pt-cv-thumb-default\" target=\"_self\" ><img decoding=\"async\" width=\"300\" height=\"163\" src=\"https:\/\/blogsaverroes.juntadeandalucia.es\/cprcampodelrey\/files\/2023\/02\/corinto-en-el-peloponeso-en-grecia-1-300x163.jpg\" class=\"pt-cv-thumbnail\" alt=\"\" srcset=\"https:\/\/blogsaverroes.juntadeandalucia.es\/cprcampodelrey\/files\/2023\/02\/corinto-en-el-peloponeso-en-grecia-1-300x163.jpg 300w, https:\/\/blogsaverroes.juntadeandalucia.es\/cprcampodelrey\/files\/2023\/02\/corinto-en-el-peloponeso-en-grecia-1-1024x557.jpg 1024w, https:\/\/blogsaverroes.juntadeandalucia.es\/cprcampodelrey\/files\/2023\/02\/corinto-en-el-peloponeso-en-grecia-1-768x418.jpg 768w, https:\/\/blogsaverroes.juntadeandalucia.es\/cprcampodelrey\/files\/2023\/02\/corinto-en-el-peloponeso-en-grecia-1.jpg 1250w\" sizes=\"(max-width: 300px) 100vw, 300px\" \/><\/a>\n<h4 class=\"pt-cv-title\"><a href=\"https:\/\/blogsaverroes.juntadeandalucia.es\/cprcampodelrey\/dia-3\/\" class=\"_self\" target=\"_self\" >D\u00eda 3. Corinto\/Naflion<\/a><\/h4>\n<div class=\"pt-cv-content\"> ...<br \/><div class=\"pt-cv-rmwrap\"><a href=\"https:\/\/blogsaverroes.juntadeandalucia.es\/cprcampodelrey\/dia-3\/\" class=\"_self pt-cv-readmore btn btn-success\" target=\"_self\">Leer M\u00e1s<\/a><\/div><\/div><\/div><\/div>\n<div class=\"col-md-6 col-sm-6 col-xs-12 pt-cv-content-item pt-cv-1-col\" ><div class='pt-cv-ifield'><a href=\"https:\/\/blogsaverroes.juntadeandalucia.es\/cprcampodelrey\/dia-2-to-keai\/\" class=\"_self pt-cv-href-thumbnail pt-cv-thumb-default\" target=\"_self\" ><img loading=\"lazy\" decoding=\"async\" width=\"300\" height=\"200\" src=\"https:\/\/blogsaverroes.juntadeandalucia.es\/cprcampodelrey\/files\/2023\/02\/guia-para-viajar-a-grecia-scaled-1-300x200.jpg\" class=\"pt-cv-thumbnail\" alt=\"\" srcset=\"https:\/\/blogsaverroes.juntadeandalucia.es\/cprcampodelrey\/files\/2023\/02\/guia-para-viajar-a-grecia-scaled-1-300x200.jpg 300w, https:\/\/blogsaverroes.juntadeandalucia.es\/cprcampodelrey\/files\/2023\/02\/guia-para-viajar-a-grecia-scaled-1-1024x683.jpg 1024w, https:\/\/blogsaverroes.juntadeandalucia.es\/cprcampodelrey\/files\/2023\/02\/guia-para-viajar-a-grecia-scaled-1-768x512.jpg 768w, https:\/\/blogsaverroes.juntadeandalucia.es\/cprcampodelrey\/files\/2023\/02\/guia-para-viajar-a-grecia-scaled-1-1536x1024.jpg 1536w, https:\/\/blogsaverroes.juntadeandalucia.es\/cprcampodelrey\/files\/2023\/02\/guia-para-viajar-a-grecia-scaled-1-2048x1366.jpg 2048w, https:\/\/blogsaverroes.juntadeandalucia.es\/cprcampodelrey\/files\/2023\/02\/guia-para-viajar-a-grecia-scaled-1.jpg 1600w\" sizes=\"(max-width: 300px) 100vw, 300px\" \/><\/a>\n<h4 class=\"pt-cv-title\"><a href=\"https:\/\/blogsaverroes.juntadeandalucia.es\/cprcampodelrey\/dia-2-to-keai\/\" class=\"_self\" target=\"_self\" >D\u00eda 2. TO KEAI<\/a><\/h4>\n<div class=\"pt-cv-content\"> ...<br \/><div class=\"pt-cv-rmwrap\"><a href=\"https:\/\/blogsaverroes.juntadeandalucia.es\/cprcampodelrey\/dia-2-to-keai\/\" class=\"_self pt-cv-readmore btn btn-success\" target=\"_self\">Leer M\u00e1s<\/a><\/div><\/div><\/div><\/div>\n<div class=\"col-md-6 col-sm-6 col-xs-12 pt-cv-content-item pt-cv-1-col\" ><div class='pt-cv-ifield'><a href=\"https:\/\/blogsaverroes.juntadeandalucia.es\/cprcampodelrey\/dia-1-atenas\/\" class=\"_self pt-cv-href-thumbnail pt-cv-thumb-default\" target=\"_self\" ><img loading=\"lazy\" decoding=\"async\" width=\"300\" height=\"143\" src=\"https:\/\/blogsaverroes.juntadeandalucia.es\/cprcampodelrey\/files\/2023\/02\/View_of_the_Acropolis_Athens_pixinn.net_-300x143.jpg\" class=\"pt-cv-thumbnail\" alt=\"\" srcset=\"https:\/\/blogsaverroes.juntadeandalucia.es\/cprcampodelrey\/files\/2023\/02\/View_of_the_Acropolis_Athens_pixinn.net_-300x143.jpg 300w, https:\/\/blogsaverroes.juntadeandalucia.es\/cprcampodelrey\/files\/2023\/02\/View_of_the_Acropolis_Athens_pixinn.net_.jpg 500w\" sizes=\"(max-width: 300px) 100vw, 300px\" \/><\/a>\n<h4 class=\"pt-cv-title\"><a href=\"https:\/\/blogsaverroes.juntadeandalucia.es\/cprcampodelrey\/dia-1-atenas\/\" class=\"_self\" target=\"_self\" >D\u00eda 1. Atenas<\/a><\/h4>\n<div class=\"pt-cv-content\"> ...<br \/><div class=\"pt-cv-rmwrap\"><a href=\"https:\/\/blogsaverroes.juntadeandalucia.es\/cprcampodelrey\/dia-1-atenas\/\" class=\"_self pt-cv-readmore btn btn-success\" target=\"_self\">Leer M\u00e1s<\/a><\/div><\/div><\/div><\/div>\n<div class=\"col-md-6 col-sm-6 col-xs-12 pt-cv-content-item pt-cv-1-col\" ><div class='pt-cv-ifield'><a href=\"https:\/\/blogsaverroes.juntadeandalucia.es\/cprcampodelrey\/dia-5-jornada-final\/\" class=\"_self pt-cv-href-thumbnail pt-cv-thumb-default\" target=\"_self\" ><img loading=\"lazy\" decoding=\"async\" width=\"300\" height=\"169\" src=\"https:\/\/blogsaverroes.juntadeandalucia.es\/cprcampodelrey\/files\/2022\/11\/WhatsApp-Image-2022-11-09-at-13.28.34-300x169.jpeg\" class=\"pt-cv-thumbnail\" alt=\"\" srcset=\"https:\/\/blogsaverroes.juntadeandalucia.es\/cprcampodelrey\/files\/2022\/11\/WhatsApp-Image-2022-11-09-at-13.28.34-300x169.jpeg 300w, https:\/\/blogsaverroes.juntadeandalucia.es\/cprcampodelrey\/files\/2022\/11\/WhatsApp-Image-2022-11-09-at-13.28.34-1024x578.jpeg 1024w, https:\/\/blogsaverroes.juntadeandalucia.es\/cprcampodelrey\/files\/2022\/11\/WhatsApp-Image-2022-11-09-at-13.28.34-768x433.jpeg 768w, https:\/\/blogsaverroes.juntadeandalucia.es\/cprcampodelrey\/files\/2022\/11\/WhatsApp-Image-2022-11-09-at-13.28.34-1536x867.jpeg 1536w, https:\/\/blogsaverroes.juntadeandalucia.es\/cprcampodelrey\/files\/2022\/11\/WhatsApp-Image-2022-11-09-at-13.28.34.jpeg 1600w\" sizes=\"(max-width: 300px) 100vw, 300px\" \/><\/a>\n<h4 class=\"pt-cv-title\"><a href=\"https:\/\/blogsaverroes.juntadeandalucia.es\/cprcampodelrey\/dia-5-jornada-final\/\" class=\"_self\" target=\"_self\" >D\u00eda 5. Jornada final<\/a><\/h4>\n<div class=\"pt-cv-content\"> ...<br \/><div class=\"pt-cv-rmwrap\"><a href=\"https:\/\/blogsaverroes.juntadeandalucia.es\/cprcampodelrey\/dia-5-jornada-final\/\" class=\"_self pt-cv-readmore btn btn-success\" target=\"_self\">Leer M\u00e1s<\/a><\/div><\/div><\/div><\/div>\n<div class=\"col-md-6 col-sm-6 col-xs-12 pt-cv-content-item pt-cv-1-col\" ><div class='pt-cv-ifield'><a href=\"https:\/\/blogsaverroes.juntadeandalucia.es\/cprcampodelrey\/dia-4-meeting-day\/\" class=\"_self pt-cv-href-thumbnail pt-cv-thumb-default\" target=\"_self\" ><img loading=\"lazy\" decoding=\"async\" width=\"300\" height=\"169\" src=\"https:\/\/blogsaverroes.juntadeandalucia.es\/cprcampodelrey\/files\/2022\/11\/WhatsApp-Image-2022-11-09-at-13.28.34-300x169.jpeg\" class=\"pt-cv-thumbnail\" alt=\"\" srcset=\"https:\/\/blogsaverroes.juntadeandalucia.es\/cprcampodelrey\/files\/2022\/11\/WhatsApp-Image-2022-11-09-at-13.28.34-300x169.jpeg 300w, https:\/\/blogsaverroes.juntadeandalucia.es\/cprcampodelrey\/files\/2022\/11\/WhatsApp-Image-2022-11-09-at-13.28.34-1024x578.jpeg 1024w, https:\/\/blogsaverroes.juntadeandalucia.es\/cprcampodelrey\/files\/2022\/11\/WhatsApp-Image-2022-11-09-at-13.28.34-768x433.jpeg 768w, https:\/\/blogsaverroes.juntadeandalucia.es\/cprcampodelrey\/files\/2022\/11\/WhatsApp-Image-2022-11-09-at-13.28.34-1536x867.jpeg 1536w, https:\/\/blogsaverroes.juntadeandalucia.es\/cprcampodelrey\/files\/2022\/11\/WhatsApp-Image-2022-11-09-at-13.28.34.jpeg 1600w\" sizes=\"(max-width: 300px) 100vw, 300px\" \/><\/a>\n<h4 class=\"pt-cv-title\"><a href=\"https:\/\/blogsaverroes.juntadeandalucia.es\/cprcampodelrey\/dia-4-meeting-day\/\" class=\"_self\" target=\"_self\" >D\u00eda 4. Meeting day<\/a><\/h4>\n<div class=\"pt-cv-content\"> ...<br \/><div class=\"pt-cv-rmwrap\"><a href=\"https:\/\/blogsaverroes.juntadeandalucia.es\/cprcampodelrey\/dia-4-meeting-day\/\" class=\"_self pt-cv-readmore btn btn-success\" target=\"_self\">Leer M\u00e1s<\/a><\/div><\/div><\/div><\/div>\n<div class=\"col-md-6 col-sm-6 col-xs-12 pt-cv-content-item pt-cv-1-col\" ><div class='pt-cv-ifield'><a href=\"https:\/\/blogsaverroes.juntadeandalucia.es\/cprcampodelrey\/dia-3-trip-day-ravenna\/\" class=\"_self pt-cv-href-thumbnail pt-cv-thumb-default\" target=\"_self\" ><img loading=\"lazy\" decoding=\"async\" width=\"300\" height=\"169\" src=\"https:\/\/blogsaverroes.juntadeandalucia.es\/cprcampodelrey\/files\/2022\/11\/WhatsApp-Image-2022-11-09-at-13.28.34-300x169.jpeg\" class=\"pt-cv-thumbnail\" alt=\"\" srcset=\"https:\/\/blogsaverroes.juntadeandalucia.es\/cprcampodelrey\/files\/2022\/11\/WhatsApp-Image-2022-11-09-at-13.28.34-300x169.jpeg 300w, https:\/\/blogsaverroes.juntadeandalucia.es\/cprcampodelrey\/files\/2022\/11\/WhatsApp-Image-2022-11-09-at-13.28.34-1024x578.jpeg 1024w, https:\/\/blogsaverroes.juntadeandalucia.es\/cprcampodelrey\/files\/2022\/11\/WhatsApp-Image-2022-11-09-at-13.28.34-768x433.jpeg 768w, https:\/\/blogsaverroes.juntadeandalucia.es\/cprcampodelrey\/files\/2022\/11\/WhatsApp-Image-2022-11-09-at-13.28.34-1536x867.jpeg 1536w, https:\/\/blogsaverroes.juntadeandalucia.es\/cprcampodelrey\/files\/2022\/11\/WhatsApp-Image-2022-11-09-at-13.28.34.jpeg 1600w\" sizes=\"(max-width: 300px) 100vw, 300px\" \/><\/a>\n<h4 class=\"pt-cv-title\"><a href=\"https:\/\/blogsaverroes.juntadeandalucia.es\/cprcampodelrey\/dia-3-trip-day-ravenna\/\" class=\"_self\" target=\"_self\" >D\u00eda 3. Trip day. Ravenna<\/a><\/h4>\n<div class=\"pt-cv-content\"> ...<br \/><div class=\"pt-cv-rmwrap\"><a href=\"https:\/\/blogsaverroes.juntadeandalucia.es\/cprcampodelrey\/dia-3-trip-day-ravenna\/\" class=\"_self pt-cv-readmore btn btn-success\" target=\"_self\">Leer M\u00e1s<\/a><\/div><\/div><\/div><\/div>\n<div class=\"col-md-6 col-sm-6 col-xs-12 pt-cv-content-item pt-cv-1-col\" ><div class='pt-cv-ifield'><a href=\"https:\/\/blogsaverroes.juntadeandalucia.es\/cprcampodelrey\/dia-2-rottofreno-and-gragnano\/\" class=\"_self pt-cv-href-thumbnail pt-cv-thumb-default\" target=\"_self\" ><img loading=\"lazy\" decoding=\"async\" width=\"300\" height=\"169\" src=\"https:\/\/blogsaverroes.juntadeandalucia.es\/cprcampodelrey\/files\/2022\/11\/WhatsApp-Image-2022-11-09-at-13.28.34-300x169.jpeg\" class=\"pt-cv-thumbnail\" alt=\"\" srcset=\"https:\/\/blogsaverroes.juntadeandalucia.es\/cprcampodelrey\/files\/2022\/11\/WhatsApp-Image-2022-11-09-at-13.28.34-300x169.jpeg 300w, https:\/\/blogsaverroes.juntadeandalucia.es\/cprcampodelrey\/files\/2022\/11\/WhatsApp-Image-2022-11-09-at-13.28.34-1024x578.jpeg 1024w, https:\/\/blogsaverroes.juntadeandalucia.es\/cprcampodelrey\/files\/2022\/11\/WhatsApp-Image-2022-11-09-at-13.28.34-768x433.jpeg 768w, https:\/\/blogsaverroes.juntadeandalucia.es\/cprcampodelrey\/files\/2022\/11\/WhatsApp-Image-2022-11-09-at-13.28.34-1536x867.jpeg 1536w, https:\/\/blogsaverroes.juntadeandalucia.es\/cprcampodelrey\/files\/2022\/11\/WhatsApp-Image-2022-11-09-at-13.28.34.jpeg 1600w\" sizes=\"(max-width: 300px) 100vw, 300px\" \/><\/a>\n<h4 class=\"pt-cv-title\"><a href=\"https:\/\/blogsaverroes.juntadeandalucia.es\/cprcampodelrey\/dia-2-rottofreno-and-gragnano\/\" class=\"_self\" target=\"_self\" >D\u00eda 2. Rottofreno and Gragnano<\/a><\/h4>\n<div class=\"pt-cv-content\"> ...<br \/><div class=\"pt-cv-rmwrap\"><a href=\"https:\/\/blogsaverroes.juntadeandalucia.es\/cprcampodelrey\/dia-2-rottofreno-and-gragnano\/\" class=\"_self pt-cv-readmore btn btn-success\" target=\"_self\">Leer M\u00e1s<\/a><\/div><\/div><\/div><\/div>\n<div class=\"col-md-6 col-sm-6 col-xs-12 pt-cv-content-item pt-cv-1-col\" ><div class='pt-cv-ifield'><a href=\"https:\/\/blogsaverroes.juntadeandalucia.es\/cprcampodelrey\/dia-1-piasenza\/\" class=\"_self pt-cv-href-thumbnail pt-cv-thumb-default\" target=\"_self\" ><img loading=\"lazy\" decoding=\"async\" width=\"300\" height=\"169\" src=\"https:\/\/blogsaverroes.juntadeandalucia.es\/cprcampodelrey\/files\/2022\/11\/WhatsApp-Image-2022-11-09-at-13.28.34-300x169.jpeg\" class=\"pt-cv-thumbnail\" alt=\"\" srcset=\"https:\/\/blogsaverroes.juntadeandalucia.es\/cprcampodelrey\/files\/2022\/11\/WhatsApp-Image-2022-11-09-at-13.28.34-300x169.jpeg 300w, https:\/\/blogsaverroes.juntadeandalucia.es\/cprcampodelrey\/files\/2022\/11\/WhatsApp-Image-2022-11-09-at-13.28.34-1024x578.jpeg 1024w, https:\/\/blogsaverroes.juntadeandalucia.es\/cprcampodelrey\/files\/2022\/11\/WhatsApp-Image-2022-11-09-at-13.28.34-768x433.jpeg 768w, https:\/\/blogsaverroes.juntadeandalucia.es\/cprcampodelrey\/files\/2022\/11\/WhatsApp-Image-2022-11-09-at-13.28.34-1536x867.jpeg 1536w, https:\/\/blogsaverroes.juntadeandalucia.es\/cprcampodelrey\/files\/2022\/11\/WhatsApp-Image-2022-11-09-at-13.28.34.jpeg 1600w\" sizes=\"(max-width: 300px) 100vw, 300px\" \/><\/a>\n<h4 class=\"pt-cv-title\"><a href=\"https:\/\/blogsaverroes.juntadeandalucia.es\/cprcampodelrey\/dia-1-piasenza\/\" class=\"_self\" target=\"_self\" >D\u00eda 1. Piasenza<\/a><\/h4>\n<div class=\"pt-cv-content\"> ...<br \/><div class=\"pt-cv-rmwrap\"><a href=\"https:\/\/blogsaverroes.juntadeandalucia.es\/cprcampodelrey\/dia-1-piasenza\/\" class=\"_self pt-cv-readmore btn btn-success\" target=\"_self\">Leer M\u00e1s<\/a><\/div><\/div><\/div><\/div><\/div><\/div><\/div>\n","protected":false},"excerpt":{"rendered":"<p>Gracias a BTL, intercambiaremos buenas pr\u00e1cticas en las escuelas asociadas sobre la combinaci\u00f3n de los \u00abEnfoques de E-A\u00bb favorecidos en el entorno escolar a trav\u00e9s de las actividades del proyecto que abarcan 6 \u00e1reas&#46;&#46;&#46;<\/p>\n","protected":false},"author":6086,"featured_media":0,"parent":0,"menu_order":0,"comment_status":"closed","ping_status":"closed","template":"","meta":{"ngg_post_thumbnail":0,"footnotes":"","_mc_calendar":[]},"aioseo_notices":[],"_links":{"self":[{"href":"https:\/\/blogsaverroes.juntadeandalucia.es\/cprcampodelrey\/wp-json\/wp\/v2\/pages\/3100"}],"collection":[{"href":"https:\/\/blogsaverroes.juntadeandalucia.es\/cprcampodelrey\/wp-json\/wp\/v2\/pages"}],"about":[{"href":"https:\/\/blogsaverroes.juntadeandalucia.es\/cprcampodelrey\/wp-json\/wp\/v2\/types\/page"}],"author":[{"embeddable":true,"href":"https:\/\/blogsaverroes.juntadeandalucia.es\/cprcampodelrey\/wp-json\/wp\/v2\/users\/6086"}],"replies":[{"embeddable":true,"href":"https:\/\/blogsaverroes.juntadeandalucia.es\/cprcampodelrey\/wp-json\/wp\/v2\/comments?post=3100"}],"version-history":[{"count":5,"href":"https:\/\/blogsaverroes.juntadeandalucia.es\/cprcampodelrey\/wp-json\/wp\/v2\/pages\/3100\/revisions"}],"predecessor-version":[{"id":3468,"href":"https:\/\/blogsaverroes.juntadeandalucia.es\/cprcampodelrey\/wp-json\/wp\/v2\/pages\/3100\/revisions\/3468"}],"wp:attachment":[{"href":"https:\/\/blogsaverroes.juntadeandalucia.es\/cprcampodelrey\/wp-json\/wp\/v2\/media?parent=3100"}],"curies":[{"name":"wp","href":"https:\/\/api.w.org\/{rel}","templated":true}]}}