{"id":3312,"date":"2021-01-20T00:30:11","date_gmt":"2021-01-19T23:30:11","guid":{"rendered":"https:\/\/blogsaverroes.juntadeandalucia.es\/cprcampodelrey\/?page_id=3312"},"modified":"2021-01-24T14:33:07","modified_gmt":"2021-01-24T13:33:07","slug":"actividades-complementarias","status":"publish","type":"page","link":"https:\/\/blogsaverroes.juntadeandalucia.es\/cprcampodelrey\/actividades-complementarias\/","title":{"rendered":"Actividades complementarias"},"content":{"rendered":"<div class=\"page\" title=\"Page 2\">\n<div class=\"layoutArea\">\n<div class=\"column\">\n<p style=\"text-align: justify\">Las actividades complementarias que organizamos en el CPR Campo del Rey son las organizadas &nbsp;durante el horario escolar, de acuerdo con el Proyecto Curricular, y tienen un car\u00e1cter diferenciado de las propiamente lectivas por el momento, espacios o recursos que utilizan.&nbsp;<\/p>\n<\/div>\n<\/div>\n<\/div>\n<div class=\"pt-cv-wrapper\"><div class=\"pt-cv-view pt-cv-grid pt-cv-colsys\" id=\"pt-cv-view-d52b2e2j9d\"><div data-id=\"pt-cv-page-1\" class=\"pt-cv-page\" data-cvc=\"3\"><div class=\"col-md-4 col-sm-6 col-xs-12 pt-cv-content-item pt-cv-1-col\" ><div class='pt-cv-ifield'><a href=\"https:\/\/blogsaverroes.juntadeandalucia.es\/cprcampodelrey\/dia-de-la-mujer-y-la-nina-en-la-ciencia\/\" class=\"_self pt-cv-href-thumbnail pt-cv-thumb-default\" target=\"_self\" ><img fetchpriority=\"high\" decoding=\"async\" width=\"300\" height=\"171\" src=\"https:\/\/blogsaverroes.juntadeandalucia.es\/cprcampodelrey\/files\/2023\/02\/Ni\u00f1as-en-la-ciencia-2-700x400-1-300x171.png\" class=\"pt-cv-thumbnail\" alt=\"\" srcset=\"https:\/\/blogsaverroes.juntadeandalucia.es\/cprcampodelrey\/files\/2023\/02\/Ni\u00f1as-en-la-ciencia-2-700x400-1-300x171.png 300w, https:\/\/blogsaverroes.juntadeandalucia.es\/cprcampodelrey\/files\/2023\/02\/Ni\u00f1as-en-la-ciencia-2-700x400-1.png 700w\" sizes=\"(max-width: 300px) 100vw, 300px\" \/><\/a>\n<h4 class=\"pt-cv-title\"><a href=\"https:\/\/blogsaverroes.juntadeandalucia.es\/cprcampodelrey\/dia-de-la-mujer-y-la-nina-en-la-ciencia\/\" class=\"_self\" target=\"_self\" >D\u00eda de la mujer y la ni\u00f1a en la ciencia<\/a><\/h4>\n<div class=\"pt-cv-content\"> ...<br \/><div class=\"pt-cv-rmwrap\"><a href=\"https:\/\/blogsaverroes.juntadeandalucia.es\/cprcampodelrey\/dia-de-la-mujer-y-la-nina-en-la-ciencia\/\" class=\"_self pt-cv-readmore btn btn-success\" target=\"_self\">Leer M\u00e1s<\/a><\/div><\/div><\/div><\/div>\n<div class=\"col-md-4 col-sm-6 col-xs-12 pt-cv-content-item pt-cv-1-col\" ><div class='pt-cv-ifield'><a href=\"https:\/\/blogsaverroes.juntadeandalucia.es\/cprcampodelrey\/salida-a-orce\/\" class=\"_self pt-cv-href-thumbnail pt-cv-thumb-default\" target=\"_self\" ><img decoding=\"async\" width=\"300\" height=\"185\" src=\"https:\/\/blogsaverroes.juntadeandalucia.es\/cprcampodelrey\/files\/2023\/02\/orce-kS3-U160177176351y9H-624x385@Ideal-300x185.jpg\" class=\"pt-cv-thumbnail\" alt=\"\" srcset=\"https:\/\/blogsaverroes.juntadeandalucia.es\/cprcampodelrey\/files\/2023\/02\/orce-kS3-U160177176351y9H-624x385@Ideal-300x185.jpg 300w, https:\/\/blogsaverroes.juntadeandalucia.es\/cprcampodelrey\/files\/2023\/02\/orce-kS3-U160177176351y9H-624x385@Ideal.jpg 624w\" sizes=\"(max-width: 300px) 100vw, 300px\" \/><\/a>\n<h4 class=\"pt-cv-title\"><a href=\"https:\/\/blogsaverroes.juntadeandalucia.es\/cprcampodelrey\/salida-a-orce\/\" class=\"_self\" target=\"_self\" >Salida a Orce<\/a><\/h4>\n<div class=\"pt-cv-content\"> ...<br \/><div class=\"pt-cv-rmwrap\"><a href=\"https:\/\/blogsaverroes.juntadeandalucia.es\/cprcampodelrey\/salida-a-orce\/\" class=\"_self pt-cv-readmore btn btn-success\" target=\"_self\">Leer M\u00e1s<\/a><\/div><\/div><\/div><\/div>\n<div class=\"col-md-4 col-sm-6 col-xs-12 pt-cv-content-item pt-cv-1-col\" ><div class='pt-cv-ifield'><a href=\"https:\/\/blogsaverroes.juntadeandalucia.es\/cprcampodelrey\/dia-del-flamenco-2\/\" class=\"_self pt-cv-href-thumbnail pt-cv-thumb-default\" target=\"_self\" ><img decoding=\"async\" width=\"300\" height=\"169\" src=\"https:\/\/blogsaverroes.juntadeandalucia.es\/cprcampodelrey\/files\/2022\/12\/Accesorios-del-baile-flamenco-300x169.jpg\" class=\"pt-cv-thumbnail\" alt=\"\" srcset=\"https:\/\/blogsaverroes.juntadeandalucia.es\/cprcampodelrey\/files\/2022\/12\/Accesorios-del-baile-flamenco-300x169.jpg 300w, https:\/\/blogsaverroes.juntadeandalucia.es\/cprcampodelrey\/files\/2022\/12\/Accesorios-del-baile-flamenco-1024x576.jpg 1024w, https:\/\/blogsaverroes.juntadeandalucia.es\/cprcampodelrey\/files\/2022\/12\/Accesorios-del-baile-flamenco-768x432.jpg 768w, https:\/\/blogsaverroes.juntadeandalucia.es\/cprcampodelrey\/files\/2022\/12\/Accesorios-del-baile-flamenco-1536x864.jpg 1536w, https:\/\/blogsaverroes.juntadeandalucia.es\/cprcampodelrey\/files\/2022\/12\/Accesorios-del-baile-flamenco.jpg 1600w\" sizes=\"(max-width: 300px) 100vw, 300px\" \/><\/a>\n<h4 class=\"pt-cv-title\"><a href=\"https:\/\/blogsaverroes.juntadeandalucia.es\/cprcampodelrey\/dia-del-flamenco-2\/\" class=\"_self\" target=\"_self\" >D\u00eda del flamenco<\/a><\/h4>\n<div class=\"pt-cv-content\">NOTICIA DIA FLAMENCO EN PDF ...<br \/><div class=\"pt-cv-rmwrap\"><a href=\"https:\/\/blogsaverroes.juntadeandalucia.es\/cprcampodelrey\/dia-del-flamenco-2\/\" class=\"_self pt-cv-readmore btn btn-success\" target=\"_self\">Leer M\u00e1s<\/a><\/div><\/div><\/div><\/div>\n<div class=\"col-md-4 col-sm-6 col-xs-12 pt-cv-content-item pt-cv-1-col\" ><div class='pt-cv-ifield'><a href=\"https:\/\/blogsaverroes.juntadeandalucia.es\/cprcampodelrey\/convivencia-en-castril\/\" class=\"_self pt-cv-href-thumbnail pt-cv-thumb-default\" target=\"_self\" ><img loading=\"lazy\" decoding=\"async\" width=\"300\" height=\"168\" src=\"https:\/\/blogsaverroes.juntadeandalucia.es\/cprcampodelrey\/files\/2022\/11\/convivencia_escolar-colegio-tecnico-profesional-rosita-sanchez-de-maipu-800x449-1-300x168.jpg\" class=\"pt-cv-thumbnail\" alt=\"\" srcset=\"https:\/\/blogsaverroes.juntadeandalucia.es\/cprcampodelrey\/files\/2022\/11\/convivencia_escolar-colegio-tecnico-profesional-rosita-sanchez-de-maipu-800x449-1-300x168.jpg 300w, https:\/\/blogsaverroes.juntadeandalucia.es\/cprcampodelrey\/files\/2022\/11\/convivencia_escolar-colegio-tecnico-profesional-rosita-sanchez-de-maipu-800x449-1-768x431.jpg 768w, https:\/\/blogsaverroes.juntadeandalucia.es\/cprcampodelrey\/files\/2022\/11\/convivencia_escolar-colegio-tecnico-profesional-rosita-sanchez-de-maipu-800x449-1.jpg 800w\" sizes=\"(max-width: 300px) 100vw, 300px\" \/><\/a>\n<h4 class=\"pt-cv-title\"><a href=\"https:\/\/blogsaverroes.juntadeandalucia.es\/cprcampodelrey\/convivencia-en-castril\/\" class=\"_self\" target=\"_self\" >Convivencia de centros en Castril<\/a><\/h4>\n<div class=\"pt-cv-content\"> ...<br \/><div class=\"pt-cv-rmwrap\"><a href=\"https:\/\/blogsaverroes.juntadeandalucia.es\/cprcampodelrey\/convivencia-en-castril\/\" class=\"_self pt-cv-readmore btn btn-success\" target=\"_self\">Leer M\u00e1s<\/a><\/div><\/div><\/div><\/div>\n<div class=\"col-md-4 col-sm-6 col-xs-12 pt-cv-content-item pt-cv-1-col\" ><div class='pt-cv-ifield'><a href=\"https:\/\/blogsaverroes.juntadeandalucia.es\/cprcampodelrey\/14-de-junio-dia-de-la-memoria-historica\/\" class=\"_self pt-cv-href-thumbnail pt-cv-thumb-default\" target=\"_self\" ><img loading=\"lazy\" decoding=\"async\" width=\"300\" height=\"158\" src=\"https:\/\/blogsaverroes.juntadeandalucia.es\/cprcampodelrey\/files\/2022\/06\/el-resultado-final_86c80317_1200x630-300x158.jpg\" class=\"pt-cv-thumbnail\" alt=\"\" srcset=\"https:\/\/blogsaverroes.juntadeandalucia.es\/cprcampodelrey\/files\/2022\/06\/el-resultado-final_86c80317_1200x630-300x158.jpg 300w, https:\/\/blogsaverroes.juntadeandalucia.es\/cprcampodelrey\/files\/2022\/06\/el-resultado-final_86c80317_1200x630-1024x538.jpg 1024w, https:\/\/blogsaverroes.juntadeandalucia.es\/cprcampodelrey\/files\/2022\/06\/el-resultado-final_86c80317_1200x630-768x403.jpg 768w, https:\/\/blogsaverroes.juntadeandalucia.es\/cprcampodelrey\/files\/2022\/06\/el-resultado-final_86c80317_1200x630.jpg 1200w\" sizes=\"(max-width: 300px) 100vw, 300px\" \/><\/a>\n<h4 class=\"pt-cv-title\"><a href=\"https:\/\/blogsaverroes.juntadeandalucia.es\/cprcampodelrey\/14-de-junio-dia-de-la-memoria-historica\/\" class=\"_self\" target=\"_self\" >14 de junio: D\u00eda de la Memoria Hist\u00f3rica<\/a><\/h4>\n<div class=\"pt-cv-content\"> ...<br \/><div class=\"pt-cv-rmwrap\"><a href=\"https:\/\/blogsaverroes.juntadeandalucia.es\/cprcampodelrey\/14-de-junio-dia-de-la-memoria-historica\/\" class=\"_self pt-cv-readmore btn btn-success\" target=\"_self\">Leer M\u00e1s<\/a><\/div><\/div><\/div><\/div>\n<div class=\"col-md-4 col-sm-6 col-xs-12 pt-cv-content-item pt-cv-1-col\" ><div class='pt-cv-ifield'><a href=\"https:\/\/blogsaverroes.juntadeandalucia.es\/cprcampodelrey\/dia-de-las-familias\/\" class=\"_self pt-cv-href-thumbnail pt-cv-thumb-default\" target=\"_self\" ><img loading=\"lazy\" decoding=\"async\" width=\"300\" height=\"225\" src=\"https:\/\/blogsaverroes.juntadeandalucia.es\/cprcampodelrey\/files\/2022\/05\/hqdefault-300x225.jpg\" class=\"pt-cv-thumbnail\" alt=\"\" srcset=\"https:\/\/blogsaverroes.juntadeandalucia.es\/cprcampodelrey\/files\/2022\/05\/hqdefault-300x225.jpg 300w, https:\/\/blogsaverroes.juntadeandalucia.es\/cprcampodelrey\/files\/2022\/05\/hqdefault.jpg 480w\" sizes=\"(max-width: 300px) 100vw, 300px\" \/><\/a>\n<h4 class=\"pt-cv-title\"><a href=\"https:\/\/blogsaverroes.juntadeandalucia.es\/cprcampodelrey\/dia-de-las-familias\/\" class=\"_self\" target=\"_self\" >D\u00eda de Las Familias<\/a><\/h4>\n<div class=\"pt-cv-content\"> ...<br \/><div class=\"pt-cv-rmwrap\"><a href=\"https:\/\/blogsaverroes.juntadeandalucia.es\/cprcampodelrey\/dia-de-las-familias\/\" class=\"_self pt-cv-readmore btn btn-success\" target=\"_self\">Leer M\u00e1s<\/a><\/div><\/div><\/div><\/div>\n<div class=\"col-md-4 col-sm-6 col-xs-12 pt-cv-content-item pt-cv-1-col\" ><div class='pt-cv-ifield'><a href=\"https:\/\/blogsaverroes.juntadeandalucia.es\/cprcampodelrey\/dia-de-europa-%f0%9f%87%aa%f0%9f%87%ba\/\" class=\"_self pt-cv-href-thumbnail pt-cv-thumb-default\" target=\"_self\" ><img loading=\"lazy\" decoding=\"async\" width=\"300\" height=\"149\" src=\"https:\/\/blogsaverroes.juntadeandalucia.es\/cprcampodelrey\/files\/2022\/05\/europedirect-9-mayo-300x149.jpg\" class=\"pt-cv-thumbnail\" alt=\"\" srcset=\"https:\/\/blogsaverroes.juntadeandalucia.es\/cprcampodelrey\/files\/2022\/05\/europedirect-9-mayo-300x149.jpg 300w, https:\/\/blogsaverroes.juntadeandalucia.es\/cprcampodelrey\/files\/2022\/05\/europedirect-9-mayo.jpg 624w\" sizes=\"(max-width: 300px) 100vw, 300px\" \/><\/a>\n<h4 class=\"pt-cv-title\"><a href=\"https:\/\/blogsaverroes.juntadeandalucia.es\/cprcampodelrey\/dia-de-europa-%f0%9f%87%aa%f0%9f%87%ba\/\" class=\"_self\" target=\"_self\" >D\u00eda de Europa \ud83c\uddea\ud83c\uddfa<\/a><\/h4>\n<div class=\"pt-cv-content\"> ...<br \/><div class=\"pt-cv-rmwrap\"><a href=\"https:\/\/blogsaverroes.juntadeandalucia.es\/cprcampodelrey\/dia-de-europa-%f0%9f%87%aa%f0%9f%87%ba\/\" class=\"_self pt-cv-readmore btn btn-success\" target=\"_self\">Leer M\u00e1s<\/a><\/div><\/div><\/div><\/div>\n<div class=\"col-md-4 col-sm-6 col-xs-12 pt-cv-content-item pt-cv-1-col\" ><div class='pt-cv-ifield'><a href=\"https:\/\/blogsaverroes.juntadeandalucia.es\/cprcampodelrey\/salida-castril-talleres-de-rastros-y-huellas\/\" class=\"_self pt-cv-href-thumbnail pt-cv-thumb-default\" target=\"_self\" ><img loading=\"lazy\" decoding=\"async\" width=\"300\" height=\"169\" src=\"https:\/\/blogsaverroes.juntadeandalucia.es\/cprcampodelrey\/files\/2022\/05\/taller-huellas-300x169.png\" class=\"pt-cv-thumbnail\" alt=\"\" srcset=\"https:\/\/blogsaverroes.juntadeandalucia.es\/cprcampodelrey\/files\/2022\/05\/taller-huellas-300x169.png 300w, https:\/\/blogsaverroes.juntadeandalucia.es\/cprcampodelrey\/files\/2022\/05\/taller-huellas.png 715w\" sizes=\"(max-width: 300px) 100vw, 300px\" \/><\/a>\n<h4 class=\"pt-cv-title\"><a href=\"https:\/\/blogsaverroes.juntadeandalucia.es\/cprcampodelrey\/salida-castril-talleres-de-rastros-y-huellas\/\" class=\"_self\" target=\"_self\" >Salida Castril: Talleres de Rastros y Huellas<\/a><\/h4>\n<div class=\"pt-cv-content\"> ...<br \/><div class=\"pt-cv-rmwrap\"><a href=\"https:\/\/blogsaverroes.juntadeandalucia.es\/cprcampodelrey\/salida-castril-talleres-de-rastros-y-huellas\/\" class=\"_self pt-cv-readmore btn btn-success\" target=\"_self\">Leer M\u00e1s<\/a><\/div><\/div><\/div><\/div>\n<div class=\"col-md-4 col-sm-6 col-xs-12 pt-cv-content-item pt-cv-1-col\" ><div class='pt-cv-ifield'><a href=\"https:\/\/blogsaverroes.juntadeandalucia.es\/cprcampodelrey\/4272-2\/\" class=\"_self pt-cv-href-thumbnail pt-cv-thumb-default\" target=\"_self\" ><img loading=\"lazy\" decoding=\"async\" width=\"300\" height=\"157\" src=\"https:\/\/blogsaverroes.juntadeandalucia.es\/cprcampodelrey\/files\/2022\/04\/es-dia-del-libro-23-de-abril-stockvault-story-book-childhood-imagination-concept182254-300x157.png\" class=\"pt-cv-thumbnail\" alt=\"\" srcset=\"https:\/\/blogsaverroes.juntadeandalucia.es\/cprcampodelrey\/files\/2022\/04\/es-dia-del-libro-23-de-abril-stockvault-story-book-childhood-imagination-concept182254-300x157.png 300w, https:\/\/blogsaverroes.juntadeandalucia.es\/cprcampodelrey\/files\/2022\/04\/es-dia-del-libro-23-de-abril-stockvault-story-book-childhood-imagination-concept182254-1024x536.png 1024w, https:\/\/blogsaverroes.juntadeandalucia.es\/cprcampodelrey\/files\/2022\/04\/es-dia-del-libro-23-de-abril-stockvault-story-book-childhood-imagination-concept182254-768x402.png 768w, https:\/\/blogsaverroes.juntadeandalucia.es\/cprcampodelrey\/files\/2022\/04\/es-dia-del-libro-23-de-abril-stockvault-story-book-childhood-imagination-concept182254-1536x804.png 1536w, https:\/\/blogsaverroes.juntadeandalucia.es\/cprcampodelrey\/files\/2022\/04\/es-dia-del-libro-23-de-abril-stockvault-story-book-childhood-imagination-concept182254-2048x1072.png 2048w, https:\/\/blogsaverroes.juntadeandalucia.es\/cprcampodelrey\/files\/2022\/04\/es-dia-del-libro-23-de-abril-stockvault-story-book-childhood-imagination-concept182254.png 1600w\" sizes=\"(max-width: 300px) 100vw, 300px\" \/><\/a>\n<h4 class=\"pt-cv-title\"><a href=\"https:\/\/blogsaverroes.juntadeandalucia.es\/cprcampodelrey\/4272-2\/\" class=\"_self\" target=\"_self\" >D\u00eda del Libro en el CPR Campo del Rey<\/a><\/h4>\n<div class=\"pt-cv-content\">https:\/\/www.flipsnack.com\/ABB6E8BBDC9\/concurso-literario.html ...<br \/><div class=\"pt-cv-rmwrap\"><a href=\"https:\/\/blogsaverroes.juntadeandalucia.es\/cprcampodelrey\/4272-2\/\" class=\"_self pt-cv-readmore btn btn-success\" target=\"_self\">Leer M\u00e1s<\/a><\/div><\/div><\/div><\/div>\n<div class=\"col-md-4 col-sm-6 col-xs-12 pt-cv-content-item pt-cv-1-col\" ><div class='pt-cv-ifield'><a href=\"https:\/\/blogsaverroes.juntadeandalucia.es\/cprcampodelrey\/st-patricks-day-2\/\" class=\"_self pt-cv-href-thumbnail pt-cv-thumb-default\" target=\"_self\" ><img loading=\"lazy\" decoding=\"async\" width=\"300\" height=\"200\" src=\"https:\/\/blogsaverroes.juntadeandalucia.es\/cprcampodelrey\/files\/2022\/03\/st-patricks-day-300x200.jpg\" class=\"pt-cv-thumbnail\" alt=\"\" srcset=\"https:\/\/blogsaverroes.juntadeandalucia.es\/cprcampodelrey\/files\/2022\/03\/st-patricks-day-300x200.jpg 300w, https:\/\/blogsaverroes.juntadeandalucia.es\/cprcampodelrey\/files\/2022\/03\/st-patricks-day-768x511.jpg 768w, https:\/\/blogsaverroes.juntadeandalucia.es\/cprcampodelrey\/files\/2022\/03\/st-patricks-day.jpg 1000w\" sizes=\"(max-width: 300px) 100vw, 300px\" \/><\/a>\n<h4 class=\"pt-cv-title\"><a href=\"https:\/\/blogsaverroes.juntadeandalucia.es\/cprcampodelrey\/st-patricks-day-2\/\" class=\"_self\" target=\"_self\" >St. Patrick&#8217;s Day<\/a><\/h4>\n<div class=\"pt-cv-content\"> ...<br \/><div class=\"pt-cv-rmwrap\"><a href=\"https:\/\/blogsaverroes.juntadeandalucia.es\/cprcampodelrey\/st-patricks-day-2\/\" class=\"_self pt-cv-readmore btn btn-success\" target=\"_self\">Leer M\u00e1s<\/a><\/div><\/div><\/div><\/div>\n<div class=\"col-md-4 col-sm-6 col-xs-12 pt-cv-content-item pt-cv-1-col\" ><div class='pt-cv-ifield'><a href=\"https:\/\/blogsaverroes.juntadeandalucia.es\/cprcampodelrey\/somos-decididas-intrepidas-y-muy-valientes-%f0%9f%92%aa%f0%9f%92%aa\/\" class=\"_self pt-cv-href-thumbnail pt-cv-thumb-default\" target=\"_self\" ><img loading=\"lazy\" decoding=\"async\" width=\"300\" height=\"169\" src=\"https:\/\/blogsaverroes.juntadeandalucia.es\/cprcampodelrey\/files\/2022\/03\/8M-300x169.jpg\" class=\"pt-cv-thumbnail\" alt=\"\" srcset=\"https:\/\/blogsaverroes.juntadeandalucia.es\/cprcampodelrey\/files\/2022\/03\/8M-300x169.jpg 300w, https:\/\/blogsaverroes.juntadeandalucia.es\/cprcampodelrey\/files\/2022\/03\/8M-1024x576.jpg 1024w, https:\/\/blogsaverroes.juntadeandalucia.es\/cprcampodelrey\/files\/2022\/03\/8M-768x432.jpg 768w, https:\/\/blogsaverroes.juntadeandalucia.es\/cprcampodelrey\/files\/2022\/03\/8M-1536x864.jpg 1536w, https:\/\/blogsaverroes.juntadeandalucia.es\/cprcampodelrey\/files\/2022\/03\/8M.jpg 1600w\" sizes=\"(max-width: 300px) 100vw, 300px\" \/><\/a>\n<h4 class=\"pt-cv-title\"><a href=\"https:\/\/blogsaverroes.juntadeandalucia.es\/cprcampodelrey\/somos-decididas-intrepidas-y-muy-valientes-%f0%9f%92%aa%f0%9f%92%aa\/\" class=\"_self\" target=\"_self\" >\u00a1Somos decididas, intr\u00e9pidas y muy valientes! \ud83d\udcaa\ud83d\udcaa<\/a><\/h4>\n<div class=\"pt-cv-content\"> ...<br \/><div class=\"pt-cv-rmwrap\"><a href=\"https:\/\/blogsaverroes.juntadeandalucia.es\/cprcampodelrey\/somos-decididas-intrepidas-y-muy-valientes-%f0%9f%92%aa%f0%9f%92%aa\/\" class=\"_self pt-cv-readmore btn btn-success\" target=\"_self\">Leer M\u00e1s<\/a><\/div><\/div><\/div><\/div>\n<div class=\"col-md-4 col-sm-6 col-xs-12 pt-cv-content-item pt-cv-1-col\" ><div class='pt-cv-ifield'><a href=\"https:\/\/blogsaverroes.juntadeandalucia.es\/cprcampodelrey\/viva-andalucia\/\" class=\"_self pt-cv-href-thumbnail pt-cv-thumb-default\" target=\"_self\" ><img loading=\"lazy\" decoding=\"async\" width=\"300\" height=\"225\" src=\"https:\/\/blogsaverroes.juntadeandalucia.es\/cprcampodelrey\/files\/2022\/02\/e8d08fa47219d83fcca4cca3b89f7d35-300x225.jpg\" class=\"pt-cv-thumbnail\" alt=\"\" srcset=\"https:\/\/blogsaverroes.juntadeandalucia.es\/cprcampodelrey\/files\/2022\/02\/e8d08fa47219d83fcca4cca3b89f7d35-300x225.jpg 300w, https:\/\/blogsaverroes.juntadeandalucia.es\/cprcampodelrey\/files\/2022\/02\/e8d08fa47219d83fcca4cca3b89f7d35-768x576.jpg 768w, https:\/\/blogsaverroes.juntadeandalucia.es\/cprcampodelrey\/files\/2022\/02\/e8d08fa47219d83fcca4cca3b89f7d35.jpg 1024w\" sizes=\"(max-width: 300px) 100vw, 300px\" \/><\/a>\n<h4 class=\"pt-cv-title\"><a href=\"https:\/\/blogsaverroes.juntadeandalucia.es\/cprcampodelrey\/viva-andalucia\/\" class=\"_self\" target=\"_self\" >\u00a1Viva Andaluc\u00eda!<\/a><\/h4>\n<div class=\"pt-cv-content\"> ...<br \/><div class=\"pt-cv-rmwrap\"><a href=\"https:\/\/blogsaverroes.juntadeandalucia.es\/cprcampodelrey\/viva-andalucia\/\" class=\"_self pt-cv-readmore btn btn-success\" target=\"_self\">Leer M\u00e1s<\/a><\/div><\/div><\/div><\/div>\n<div class=\"col-md-4 col-sm-6 col-xs-12 pt-cv-content-item pt-cv-1-col\" ><div class='pt-cv-ifield'><a href=\"https:\/\/blogsaverroes.juntadeandalucia.es\/cprcampodelrey\/recuperando-nuestro-entorno\/\" class=\"_self pt-cv-href-thumbnail pt-cv-thumb-default\" target=\"_self\" ><img loading=\"lazy\" decoding=\"async\" width=\"300\" height=\"200\" src=\"https:\/\/blogsaverroes.juntadeandalucia.es\/cprcampodelrey\/files\/2022\/02\/naturaleza-300x200.jpg\" class=\"pt-cv-thumbnail\" alt=\"\" srcset=\"https:\/\/blogsaverroes.juntadeandalucia.es\/cprcampodelrey\/files\/2022\/02\/naturaleza-300x200.jpg 300w, https:\/\/blogsaverroes.juntadeandalucia.es\/cprcampodelrey\/files\/2022\/02\/naturaleza.jpg 730w\" sizes=\"(max-width: 300px) 100vw, 300px\" \/><\/a>\n<h4 class=\"pt-cv-title\"><a href=\"https:\/\/blogsaverroes.juntadeandalucia.es\/cprcampodelrey\/recuperando-nuestro-entorno\/\" class=\"_self\" target=\"_self\" >\u00a1Recuperando Nuestro Entorno!<\/a><\/h4>\n<div class=\"pt-cv-content\"> ...<br \/><div class=\"pt-cv-rmwrap\"><a href=\"https:\/\/blogsaverroes.juntadeandalucia.es\/cprcampodelrey\/recuperando-nuestro-entorno\/\" class=\"_self pt-cv-readmore btn btn-success\" target=\"_self\">Leer M\u00e1s<\/a><\/div><\/div><\/div><\/div>\n<div class=\"col-md-4 col-sm-6 col-xs-12 pt-cv-content-item pt-cv-1-col\" ><div class='pt-cv-ifield'><a href=\"https:\/\/blogsaverroes.juntadeandalucia.es\/cprcampodelrey\/la-mujer-y-la-nina-en-la-ciencia\/\" class=\"_self pt-cv-href-thumbnail pt-cv-thumb-default\" target=\"_self\" ><img loading=\"lazy\" decoding=\"async\" width=\"300\" height=\"143\" src=\"https:\/\/blogsaverroes.juntadeandalucia.es\/cprcampodelrey\/files\/2022\/02\/11Febrero-300x143.jpg\" class=\"pt-cv-thumbnail\" alt=\"\" srcset=\"https:\/\/blogsaverroes.juntadeandalucia.es\/cprcampodelrey\/files\/2022\/02\/11Febrero-300x143.jpg 300w, https:\/\/blogsaverroes.juntadeandalucia.es\/cprcampodelrey\/files\/2022\/02\/11Febrero.jpg 630w\" sizes=\"(max-width: 300px) 100vw, 300px\" \/><\/a>\n<h4 class=\"pt-cv-title\"><a href=\"https:\/\/blogsaverroes.juntadeandalucia.es\/cprcampodelrey\/la-mujer-y-la-nina-en-la-ciencia\/\" class=\"_self\" target=\"_self\" >La Mujer y La Ni\u00f1a en la Ciencia<\/a><\/h4>\n<div class=\"pt-cv-content\"> ...<br \/><div class=\"pt-cv-rmwrap\"><a href=\"https:\/\/blogsaverroes.juntadeandalucia.es\/cprcampodelrey\/la-mujer-y-la-nina-en-la-ciencia\/\" class=\"_self pt-cv-readmore btn btn-success\" target=\"_self\">Leer M\u00e1s<\/a><\/div><\/div><\/div><\/div>\n<div class=\"col-md-4 col-sm-6 col-xs-12 pt-cv-content-item pt-cv-1-col\" ><div class='pt-cv-ifield'><a href=\"https:\/\/blogsaverroes.juntadeandalucia.es\/cprcampodelrey\/dia-de-la-paz-y-picasso\/\" class=\"_self pt-cv-href-thumbnail pt-cv-thumb-default\" target=\"_self\" ><img loading=\"lazy\" decoding=\"async\" width=\"300\" height=\"172\" src=\"https:\/\/blogsaverroes.juntadeandalucia.es\/cprcampodelrey\/files\/2022\/01\/614a4824dc09c-300x172.jpeg\" class=\"pt-cv-thumbnail\" alt=\"\" srcset=\"https:\/\/blogsaverroes.juntadeandalucia.es\/cprcampodelrey\/files\/2022\/01\/614a4824dc09c-300x172.jpeg 300w, https:\/\/blogsaverroes.juntadeandalucia.es\/cprcampodelrey\/files\/2022\/01\/614a4824dc09c.jpeg 700w\" sizes=\"(max-width: 300px) 100vw, 300px\" \/><\/a>\n<h4 class=\"pt-cv-title\"><a href=\"https:\/\/blogsaverroes.juntadeandalucia.es\/cprcampodelrey\/dia-de-la-paz-y-picasso\/\" class=\"_self\" target=\"_self\" >D\u00eda de la Paz y Picasso<\/a><\/h4>\n<div class=\"pt-cv-content\"> ...<br \/><div class=\"pt-cv-rmwrap\"><a href=\"https:\/\/blogsaverroes.juntadeandalucia.es\/cprcampodelrey\/dia-de-la-paz-y-picasso\/\" class=\"_self pt-cv-readmore btn btn-success\" target=\"_self\">Leer M\u00e1s<\/a><\/div><\/div><\/div><\/div>\n<div class=\"col-md-4 col-sm-6 col-xs-12 pt-cv-content-item pt-cv-1-col\" ><div class='pt-cv-ifield'><a href=\"https:\/\/blogsaverroes.juntadeandalucia.es\/cprcampodelrey\/feliz-navidad\/\" class=\"_self pt-cv-href-thumbnail pt-cv-thumb-default\" target=\"_self\" ><img loading=\"lazy\" decoding=\"async\" width=\"300\" height=\"169\" src=\"https:\/\/blogsaverroes.juntadeandalucia.es\/cprcampodelrey\/files\/2021\/12\/1608737571_792192_1608737676_noticia_normal-300x169.jpg\" class=\"pt-cv-thumbnail\" alt=\"\" srcset=\"https:\/\/blogsaverroes.juntadeandalucia.es\/cprcampodelrey\/files\/2021\/12\/1608737571_792192_1608737676_noticia_normal-300x169.jpg 300w, https:\/\/blogsaverroes.juntadeandalucia.es\/cprcampodelrey\/files\/2021\/12\/1608737571_792192_1608737676_noticia_normal-1024x576.jpg 1024w, https:\/\/blogsaverroes.juntadeandalucia.es\/cprcampodelrey\/files\/2021\/12\/1608737571_792192_1608737676_noticia_normal-768x432.jpg 768w, https:\/\/blogsaverroes.juntadeandalucia.es\/cprcampodelrey\/files\/2021\/12\/1608737571_792192_1608737676_noticia_normal.jpg 1200w\" sizes=\"(max-width: 300px) 100vw, 300px\" \/><\/a>\n<h4 class=\"pt-cv-title\"><a href=\"https:\/\/blogsaverroes.juntadeandalucia.es\/cprcampodelrey\/feliz-navidad\/\" class=\"_self\" target=\"_self\" >\u00a1Feliz Navidad!<\/a><\/h4>\n<div class=\"pt-cv-content\">https:\/\/view.genial.ly\/61c4a2ee8bfbbf0ddbd3215b\/interactive-content-actuaciones-navidad ...<br \/><div class=\"pt-cv-rmwrap\"><a href=\"https:\/\/blogsaverroes.juntadeandalucia.es\/cprcampodelrey\/feliz-navidad\/\" class=\"_self pt-cv-readmore btn btn-success\" target=\"_self\">Leer M\u00e1s<\/a><\/div><\/div><\/div><\/div>\n<div class=\"col-md-4 col-sm-6 col-xs-12 pt-cv-content-item pt-cv-1-col\" ><div class='pt-cv-ifield'><a href=\"https:\/\/blogsaverroes.juntadeandalucia.es\/cprcampodelrey\/la-constitucion-en-los-cuentos\/\" class=\"_self pt-cv-href-thumbnail pt-cv-thumb-default\" target=\"_self\" ><img loading=\"lazy\" decoding=\"async\" width=\"300\" height=\"169\" src=\"https:\/\/blogsaverroes.juntadeandalucia.es\/cprcampodelrey\/files\/2021\/12\/maxresdefault-300x169.jpg\" class=\"pt-cv-thumbnail\" alt=\"\" srcset=\"https:\/\/blogsaverroes.juntadeandalucia.es\/cprcampodelrey\/files\/2021\/12\/maxresdefault-300x169.jpg 300w, https:\/\/blogsaverroes.juntadeandalucia.es\/cprcampodelrey\/files\/2021\/12\/maxresdefault-1024x576.jpg 1024w, https:\/\/blogsaverroes.juntadeandalucia.es\/cprcampodelrey\/files\/2021\/12\/maxresdefault-768x432.jpg 768w, https:\/\/blogsaverroes.juntadeandalucia.es\/cprcampodelrey\/files\/2021\/12\/maxresdefault.jpg 1280w\" sizes=\"(max-width: 300px) 100vw, 300px\" \/><\/a>\n<h4 class=\"pt-cv-title\"><a href=\"https:\/\/blogsaverroes.juntadeandalucia.es\/cprcampodelrey\/la-constitucion-en-los-cuentos\/\" class=\"_self\" target=\"_self\" >La Constituci\u00f3n en los Cuentos<\/a><\/h4>\n<div class=\"pt-cv-content\"> ...<br \/><div class=\"pt-cv-rmwrap\"><a href=\"https:\/\/blogsaverroes.juntadeandalucia.es\/cprcampodelrey\/la-constitucion-en-los-cuentos\/\" class=\"_self pt-cv-readmore btn btn-success\" target=\"_self\">Leer M\u00e1s<\/a><\/div><\/div><\/div><\/div>\n<div class=\"col-md-4 col-sm-6 col-xs-12 pt-cv-content-item pt-cv-1-col\" ><div class='pt-cv-ifield'><a href=\"https:\/\/blogsaverroes.juntadeandalucia.es\/cprcampodelrey\/25n\/\" class=\"_self pt-cv-href-thumbnail pt-cv-thumb-default\" target=\"_self\" ><img loading=\"lazy\" decoding=\"async\" width=\"300\" height=\"225\" src=\"https:\/\/blogsaverroes.juntadeandalucia.es\/cprcampodelrey\/files\/2021\/11\/4d9a798e-fa5e-478b-bf02-4c0036d415e8-300x225.jpg\" class=\"pt-cv-thumbnail\" alt=\"\" srcset=\"https:\/\/blogsaverroes.juntadeandalucia.es\/cprcampodelrey\/files\/2021\/11\/4d9a798e-fa5e-478b-bf02-4c0036d415e8-300x225.jpg 300w, https:\/\/blogsaverroes.juntadeandalucia.es\/cprcampodelrey\/files\/2021\/11\/4d9a798e-fa5e-478b-bf02-4c0036d415e8-1024x768.jpg 1024w, https:\/\/blogsaverroes.juntadeandalucia.es\/cprcampodelrey\/files\/2021\/11\/4d9a798e-fa5e-478b-bf02-4c0036d415e8-768x576.jpg 768w, https:\/\/blogsaverroes.juntadeandalucia.es\/cprcampodelrey\/files\/2021\/11\/4d9a798e-fa5e-478b-bf02-4c0036d415e8-1536x1152.jpg 1536w, https:\/\/blogsaverroes.juntadeandalucia.es\/cprcampodelrey\/files\/2021\/11\/4d9a798e-fa5e-478b-bf02-4c0036d415e8.jpg 1600w\" sizes=\"(max-width: 300px) 100vw, 300px\" \/><\/a>\n<h4 class=\"pt-cv-title\"><a href=\"https:\/\/blogsaverroes.juntadeandalucia.es\/cprcampodelrey\/25n\/\" class=\"_self\" target=\"_self\" >25N<\/a><\/h4>\n<div class=\"pt-cv-content\"> ...<br \/><div class=\"pt-cv-rmwrap\"><a href=\"https:\/\/blogsaverroes.juntadeandalucia.es\/cprcampodelrey\/25n\/\" class=\"_self pt-cv-readmore btn btn-success\" target=\"_self\">Leer M\u00e1s<\/a><\/div><\/div><\/div><\/div>\n<div class=\"col-md-4 col-sm-6 col-xs-12 pt-cv-content-item pt-cv-1-col\" ><div class='pt-cv-ifield'><a href=\"https:\/\/blogsaverroes.juntadeandalucia.es\/cprcampodelrey\/dia-del-ajedrez-educativo\/\" class=\"_self pt-cv-href-thumbnail pt-cv-thumb-default\" target=\"_self\" ><img loading=\"lazy\" decoding=\"async\" width=\"300\" height=\"154\" src=\"https:\/\/blogsaverroes.juntadeandalucia.es\/cprcampodelrey\/files\/2021\/11\/ajedrez-300x154.png\" class=\"pt-cv-thumbnail\" alt=\"\" srcset=\"https:\/\/blogsaverroes.juntadeandalucia.es\/cprcampodelrey\/files\/2021\/11\/ajedrez-300x154.png 300w, https:\/\/blogsaverroes.juntadeandalucia.es\/cprcampodelrey\/files\/2021\/11\/ajedrez.png 628w\" sizes=\"(max-width: 300px) 100vw, 300px\" \/><\/a>\n<h4 class=\"pt-cv-title\"><a href=\"https:\/\/blogsaverroes.juntadeandalucia.es\/cprcampodelrey\/dia-del-ajedrez-educativo\/\" class=\"_self\" target=\"_self\" >D\u00eda del Ajedrez Educativo<\/a><\/h4>\n<div class=\"pt-cv-content\"> ...<br \/><div class=\"pt-cv-rmwrap\"><a href=\"https:\/\/blogsaverroes.juntadeandalucia.es\/cprcampodelrey\/dia-del-ajedrez-educativo\/\" class=\"_self pt-cv-readmore btn btn-success\" target=\"_self\">Leer M\u00e1s<\/a><\/div><\/div><\/div><\/div>\n<div class=\"col-md-4 col-sm-6 col-xs-12 pt-cv-content-item pt-cv-1-col\" ><div class='pt-cv-ifield'><a href=\"https:\/\/blogsaverroes.juntadeandalucia.es\/cprcampodelrey\/a-bailar-a-bailar\/\" class=\"_self pt-cv-href-thumbnail pt-cv-thumb-default\" target=\"_self\" ><img loading=\"lazy\" decoding=\"async\" width=\"300\" height=\"189\" src=\"https:\/\/blogsaverroes.juntadeandalucia.es\/cprcampodelrey\/files\/2021\/11\/rendimiento-mujer-drama-glamour-calido_1301-3143-300x189.jpg\" class=\"pt-cv-thumbnail\" alt=\"\" srcset=\"https:\/\/blogsaverroes.juntadeandalucia.es\/cprcampodelrey\/files\/2021\/11\/rendimiento-mujer-drama-glamour-calido_1301-3143-300x189.jpg 300w, https:\/\/blogsaverroes.juntadeandalucia.es\/cprcampodelrey\/files\/2021\/11\/rendimiento-mujer-drama-glamour-calido_1301-3143.jpg 751w\" sizes=\"(max-width: 300px) 100vw, 300px\" \/><\/a>\n<h4 class=\"pt-cv-title\"><a href=\"https:\/\/blogsaverroes.juntadeandalucia.es\/cprcampodelrey\/a-bailar-a-bailar\/\" class=\"_self\" target=\"_self\" >\u00a1A BAILAR, A BAILAR!<\/a><\/h4>\n<div class=\"pt-cv-content\"> ...<br \/><div class=\"pt-cv-rmwrap\"><a href=\"https:\/\/blogsaverroes.juntadeandalucia.es\/cprcampodelrey\/a-bailar-a-bailar\/\" class=\"_self pt-cv-readmore btn btn-success\" target=\"_self\">Leer M\u00e1s<\/a><\/div><\/div><\/div><\/div>\n<div class=\"col-md-4 col-sm-6 col-xs-12 pt-cv-content-item pt-cv-1-col\" ><div class='pt-cv-ifield'><a href=\"https:\/\/blogsaverroes.juntadeandalucia.es\/cprcampodelrey\/happy-halloween\/\" class=\"_self pt-cv-href-thumbnail pt-cv-thumb-default\" target=\"_self\" ><img loading=\"lazy\" decoding=\"async\" width=\"300\" height=\"185\" src=\"https:\/\/blogsaverroes.juntadeandalucia.es\/cprcampodelrey\/files\/2021\/10\/imagen-blog-300x185.jpg\" class=\"pt-cv-thumbnail\" alt=\"\" srcset=\"https:\/\/blogsaverroes.juntadeandalucia.es\/cprcampodelrey\/files\/2021\/10\/imagen-blog-300x185.jpg 300w, https:\/\/blogsaverroes.juntadeandalucia.es\/cprcampodelrey\/files\/2021\/10\/imagen-blog.jpg 624w\" sizes=\"(max-width: 300px) 100vw, 300px\" \/><\/a>\n<h4 class=\"pt-cv-title\"><a href=\"https:\/\/blogsaverroes.juntadeandalucia.es\/cprcampodelrey\/happy-halloween\/\" class=\"_self\" target=\"_self\" >Happy Halloween!!<\/a><\/h4>\n<div class=\"pt-cv-content\">NO OS PERD\u00c1IS LAS POES\u00cdAS DE HALLOWEEN!! https:\/\/view.genial.ly\/617d87399ada4f0de2661a05\/social-horizontal-post-feliz-halloween ...<br \/><div class=\"pt-cv-rmwrap\"><a href=\"https:\/\/blogsaverroes.juntadeandalucia.es\/cprcampodelrey\/happy-halloween\/\" class=\"_self pt-cv-readmore btn btn-success\" target=\"_self\">Leer M\u00e1s<\/a><\/div><\/div><\/div><\/div>\n<div class=\"col-md-4 col-sm-6 col-xs-12 pt-cv-content-item pt-cv-1-col\" ><div class='pt-cv-ifield'><a href=\"https:\/\/blogsaverroes.juntadeandalucia.es\/cprcampodelrey\/atencion-lectores\/\" class=\"_self pt-cv-href-thumbnail pt-cv-thumb-default\" target=\"_self\" ><img loading=\"lazy\" decoding=\"async\" width=\"300\" height=\"206\" src=\"https:\/\/blogsaverroes.juntadeandalucia.es\/cprcampodelrey\/files\/2021\/10\/Dia-de-la-Biblioteca-24-de-octubre-300x206.jpg\" class=\"pt-cv-thumbnail\" alt=\"\" srcset=\"https:\/\/blogsaverroes.juntadeandalucia.es\/cprcampodelrey\/files\/2021\/10\/Dia-de-la-Biblioteca-24-de-octubre-300x206.jpg 300w, https:\/\/blogsaverroes.juntadeandalucia.es\/cprcampodelrey\/files\/2021\/10\/Dia-de-la-Biblioteca-24-de-octubre-768x528.jpg 768w, https:\/\/blogsaverroes.juntadeandalucia.es\/cprcampodelrey\/files\/2021\/10\/Dia-de-la-Biblioteca-24-de-octubre.jpg 1000w\" sizes=\"(max-width: 300px) 100vw, 300px\" \/><\/a>\n<h4 class=\"pt-cv-title\"><a href=\"https:\/\/blogsaverroes.juntadeandalucia.es\/cprcampodelrey\/atencion-lectores\/\" class=\"_self\" target=\"_self\" >\u00a1Atenci\u00f3n, lectores!<\/a><\/h4>\n<div class=\"pt-cv-content\"> ...<br \/><div class=\"pt-cv-rmwrap\"><a href=\"https:\/\/blogsaverroes.juntadeandalucia.es\/cprcampodelrey\/atencion-lectores\/\" class=\"_self pt-cv-readmore btn btn-success\" target=\"_self\">Leer M\u00e1s<\/a><\/div><\/div><\/div><\/div>\n<div class=\"col-md-4 col-sm-6 col-xs-12 pt-cv-content-item pt-cv-1-col\" ><div class='pt-cv-ifield'><a href=\"https:\/\/blogsaverroes.juntadeandalucia.es\/cprcampodelrey\/fin-de-curso-2020-2021\/\" class=\"_self pt-cv-href-thumbnail pt-cv-thumb-default\" target=\"_self\" ><img loading=\"lazy\" decoding=\"async\" width=\"300\" height=\"200\" src=\"https:\/\/blogsaverroes.juntadeandalucia.es\/cprcampodelrey\/files\/2021\/06\/istockphoto-1318110904-170667a-300x200.jpg\" class=\"pt-cv-thumbnail\" alt=\"\" srcset=\"https:\/\/blogsaverroes.juntadeandalucia.es\/cprcampodelrey\/files\/2021\/06\/istockphoto-1318110904-170667a-300x200.jpg 300w, https:\/\/blogsaverroes.juntadeandalucia.es\/cprcampodelrey\/files\/2021\/06\/istockphoto-1318110904-170667a.jpg 508w\" sizes=\"(max-width: 300px) 100vw, 300px\" \/><\/a>\n<h4 class=\"pt-cv-title\"><a href=\"https:\/\/blogsaverroes.juntadeandalucia.es\/cprcampodelrey\/fin-de-curso-2020-2021\/\" class=\"_self\" target=\"_self\" >Fin de curso 2020-2021<\/a><\/h4>\n<div class=\"pt-cv-content\"> ...<br \/><div class=\"pt-cv-rmwrap\"><a href=\"https:\/\/blogsaverroes.juntadeandalucia.es\/cprcampodelrey\/fin-de-curso-2020-2021\/\" class=\"_self pt-cv-readmore btn btn-success\" target=\"_self\">Leer M\u00e1s<\/a><\/div><\/div><\/div><\/div>\n<div class=\"col-md-4 col-sm-6 col-xs-12 pt-cv-content-item pt-cv-1-col\" ><div class='pt-cv-ifield'><a href=\"https:\/\/blogsaverroes.juntadeandalucia.es\/cprcampodelrey\/dia-de-la-memoria-historica-la-transicion-espanola\/\" class=\"_self pt-cv-href-thumbnail pt-cv-thumb-default\" target=\"_self\" ><img loading=\"lazy\" decoding=\"async\" width=\"300\" height=\"168\" src=\"https:\/\/blogsaverroes.juntadeandalucia.es\/cprcampodelrey\/files\/2021\/06\/xs.jpg\" class=\"pt-cv-thumbnail\" alt=\"\" \/><\/a>\n<h4 class=\"pt-cv-title\"><a href=\"https:\/\/blogsaverroes.juntadeandalucia.es\/cprcampodelrey\/dia-de-la-memoria-historica-la-transicion-espanola\/\" class=\"_self\" target=\"_self\" >D\u00eda de la memoria hist\u00f3rica. La Transici\u00f3n espa\u00f1ola<\/a><\/h4>\n<div class=\"pt-cv-content\">Pincha en el enlace: Actividades 14 de junio. D\u00eda de la memoria historica ...<br \/><div class=\"pt-cv-rmwrap\"><a href=\"https:\/\/blogsaverroes.juntadeandalucia.es\/cprcampodelrey\/dia-de-la-memoria-historica-la-transicion-espanola\/\" class=\"_self pt-cv-readmore btn btn-success\" target=\"_self\">Leer M\u00e1s<\/a><\/div><\/div><\/div><\/div>\n<div class=\"col-md-4 col-sm-6 col-xs-12 pt-cv-content-item pt-cv-1-col\" ><div class='pt-cv-ifield'><a href=\"https:\/\/blogsaverroes.juntadeandalucia.es\/cprcampodelrey\/dia-del-medio-ambiente-%f0%9f%8c%8f%f0%9f%8c%b2\/\" class=\"_self pt-cv-href-thumbnail pt-cv-thumb-default\" target=\"_self\" ><img loading=\"lazy\" decoding=\"async\" width=\"300\" height=\"145\" src=\"https:\/\/blogsaverroes.juntadeandalucia.es\/cprcampodelrey\/files\/2021\/06\/sdsd-300x145.jpg\" class=\"pt-cv-thumbnail\" alt=\"\" srcset=\"https:\/\/blogsaverroes.juntadeandalucia.es\/cprcampodelrey\/files\/2021\/06\/sdsd-300x145.jpg 300w, https:\/\/blogsaverroes.juntadeandalucia.es\/cprcampodelrey\/files\/2021\/06\/sdsd.jpg 322w\" sizes=\"(max-width: 300px) 100vw, 300px\" \/><\/a>\n<h4 class=\"pt-cv-title\"><a href=\"https:\/\/blogsaverroes.juntadeandalucia.es\/cprcampodelrey\/dia-del-medio-ambiente-%f0%9f%8c%8f%f0%9f%8c%b2\/\" class=\"_self\" target=\"_self\" >D\u00eda del medio ambiente \ud83c\udf0f\ud83c\udf32<\/a><\/h4>\n<div class=\"pt-cv-content\"> ...<br \/><div class=\"pt-cv-rmwrap\"><a href=\"https:\/\/blogsaverroes.juntadeandalucia.es\/cprcampodelrey\/dia-del-medio-ambiente-%f0%9f%8c%8f%f0%9f%8c%b2\/\" class=\"_self pt-cv-readmore btn btn-success\" target=\"_self\">Leer M\u00e1s<\/a><\/div><\/div><\/div><\/div>\n<div class=\"col-md-4 col-sm-6 col-xs-12 pt-cv-content-item pt-cv-1-col\" ><div class='pt-cv-ifield'><a href=\"https:\/\/blogsaverroes.juntadeandalucia.es\/cprcampodelrey\/la-educacion-fisica-en-tiempos-de-pandemia\/\" class=\"_self pt-cv-href-thumbnail pt-cv-thumb-default\" target=\"_self\" ><img loading=\"lazy\" decoding=\"async\" width=\"300\" height=\"164\" src=\"https:\/\/blogsaverroes.juntadeandalucia.es\/cprcampodelrey\/files\/2021\/05\/educaciobloc-300x164.jpg\" class=\"pt-cv-thumbnail\" alt=\"\" srcset=\"https:\/\/blogsaverroes.juntadeandalucia.es\/cprcampodelrey\/files\/2021\/05\/educaciobloc-300x164.jpg 300w, https:\/\/blogsaverroes.juntadeandalucia.es\/cprcampodelrey\/files\/2021\/05\/educaciobloc-768x420.jpg 768w, https:\/\/blogsaverroes.juntadeandalucia.es\/cprcampodelrey\/files\/2021\/05\/educaciobloc-820x450.jpg 820w, https:\/\/blogsaverroes.juntadeandalucia.es\/cprcampodelrey\/files\/2021\/05\/educaciobloc.jpg 1024w\" sizes=\"(max-width: 300px) 100vw, 300px\" \/><\/a>\n<h4 class=\"pt-cv-title\"><a href=\"https:\/\/blogsaverroes.juntadeandalucia.es\/cprcampodelrey\/la-educacion-fisica-en-tiempos-de-pandemia\/\" class=\"_self\" target=\"_self\" >La educaci\u00f3n f\u00edsica en tiempos de pandemia.<\/a><\/h4>\n<div class=\"pt-cv-content\"> ...<br \/><div class=\"pt-cv-rmwrap\"><a href=\"https:\/\/blogsaverroes.juntadeandalucia.es\/cprcampodelrey\/la-educacion-fisica-en-tiempos-de-pandemia\/\" class=\"_self pt-cv-readmore btn btn-success\" target=\"_self\">Leer M\u00e1s<\/a><\/div><\/div><\/div><\/div>\n<div class=\"col-md-4 col-sm-6 col-xs-12 pt-cv-content-item pt-cv-1-col\" ><div class='pt-cv-ifield'><a href=\"https:\/\/blogsaverroes.juntadeandalucia.es\/cprcampodelrey\/flores-para-mi-familia-15-de-mayo\/\" class=\"_self pt-cv-href-thumbnail pt-cv-thumb-default\" target=\"_self\" ><img loading=\"lazy\" decoding=\"async\" width=\"300\" height=\"225\" src=\"https:\/\/blogsaverroes.juntadeandalucia.es\/cprcampodelrey\/files\/2021\/05\/WhatsApp-Image-2021-05-14-at-10.23.22-300x225.jpeg\" class=\"pt-cv-thumbnail\" alt=\"\" srcset=\"https:\/\/blogsaverroes.juntadeandalucia.es\/cprcampodelrey\/files\/2021\/05\/WhatsApp-Image-2021-05-14-at-10.23.22-300x225.jpeg 300w, https:\/\/blogsaverroes.juntadeandalucia.es\/cprcampodelrey\/files\/2021\/05\/WhatsApp-Image-2021-05-14-at-10.23.22-1024x768.jpeg 1024w, https:\/\/blogsaverroes.juntadeandalucia.es\/cprcampodelrey\/files\/2021\/05\/WhatsApp-Image-2021-05-14-at-10.23.22-768x576.jpeg 768w, https:\/\/blogsaverroes.juntadeandalucia.es\/cprcampodelrey\/files\/2021\/05\/WhatsApp-Image-2021-05-14-at-10.23.22-1536x1152.jpeg 1536w, https:\/\/blogsaverroes.juntadeandalucia.es\/cprcampodelrey\/files\/2021\/05\/WhatsApp-Image-2021-05-14-at-10.23.22.jpeg 1600w\" sizes=\"(max-width: 300px) 100vw, 300px\" \/><\/a>\n<h4 class=\"pt-cv-title\"><a href=\"https:\/\/blogsaverroes.juntadeandalucia.es\/cprcampodelrey\/flores-para-mi-familia-15-de-mayo\/\" class=\"_self\" target=\"_self\" >\u00abFlores para mi familia\u00bb. 15 de mayo<\/a><\/h4>\n<div class=\"pt-cv-content\"> ...<br \/><div class=\"pt-cv-rmwrap\"><a href=\"https:\/\/blogsaverroes.juntadeandalucia.es\/cprcampodelrey\/flores-para-mi-familia-15-de-mayo\/\" class=\"_self pt-cv-readmore btn btn-success\" target=\"_self\">Leer M\u00e1s<\/a><\/div><\/div><\/div><\/div>\n<div class=\"col-md-4 col-sm-6 col-xs-12 pt-cv-content-item pt-cv-1-col\" ><div class='pt-cv-ifield'><a href=\"https:\/\/blogsaverroes.juntadeandalucia.es\/cprcampodelrey\/dia-del-libro-23-de-abril-cuentos-tradicionales\/\" class=\"_self pt-cv-href-thumbnail pt-cv-thumb-default\" target=\"_self\" ><img loading=\"lazy\" decoding=\"async\" width=\"300\" height=\"242\" src=\"https:\/\/blogsaverroes.juntadeandalucia.es\/cprcampodelrey\/files\/2021\/04\/WhatsApp-Image-2021-04-21-at-13.41.45-300x242.jpeg\" class=\"pt-cv-thumbnail\" alt=\"\" srcset=\"https:\/\/blogsaverroes.juntadeandalucia.es\/cprcampodelrey\/files\/2021\/04\/WhatsApp-Image-2021-04-21-at-13.41.45-300x242.jpeg 300w, https:\/\/blogsaverroes.juntadeandalucia.es\/cprcampodelrey\/files\/2021\/04\/WhatsApp-Image-2021-04-21-at-13.41.45.jpeg 507w\" sizes=\"(max-width: 300px) 100vw, 300px\" \/><\/a>\n<h4 class=\"pt-cv-title\"><a href=\"https:\/\/blogsaverroes.juntadeandalucia.es\/cprcampodelrey\/dia-del-libro-23-de-abril-cuentos-tradicionales\/\" class=\"_self\" target=\"_self\" >D\u00eda del libro. 23 de abril \u00abCuentos tradicionales\u00bb<\/a><\/h4>\n<div class=\"pt-cv-content\">Previous Next ...<br \/><div class=\"pt-cv-rmwrap\"><a href=\"https:\/\/blogsaverroes.juntadeandalucia.es\/cprcampodelrey\/dia-del-libro-23-de-abril-cuentos-tradicionales\/\" class=\"_self pt-cv-readmore btn btn-success\" target=\"_self\">Leer M\u00e1s<\/a><\/div><\/div><\/div><\/div>\n<div class=\"col-md-4 col-sm-6 col-xs-12 pt-cv-content-item pt-cv-1-col\" ><div class='pt-cv-ifield'><a href=\"https:\/\/blogsaverroes.juntadeandalucia.es\/cprcampodelrey\/video-actividades-contra-la-violencia-de-genero-2020-2021\/\" class=\"_self pt-cv-href-thumbnail pt-cv-thumb-default\" target=\"_self\" ><img loading=\"lazy\" decoding=\"async\" width=\"300\" height=\"240\" src=\"https:\/\/blogsaverroes.juntadeandalucia.es\/cprcampodelrey\/files\/2020\/01\/logo_pacto_de_estado_pq-300x240.jpg\" class=\"pt-cv-thumbnail\" alt=\"\" srcset=\"https:\/\/blogsaverroes.juntadeandalucia.es\/cprcampodelrey\/files\/2020\/01\/logo_pacto_de_estado_pq-300x240.jpg 300w, https:\/\/blogsaverroes.juntadeandalucia.es\/cprcampodelrey\/files\/2020\/01\/logo_pacto_de_estado_pq-24x19.jpg 24w, https:\/\/blogsaverroes.juntadeandalucia.es\/cprcampodelrey\/files\/2020\/01\/logo_pacto_de_estado_pq-36x29.jpg 36w, https:\/\/blogsaverroes.juntadeandalucia.es\/cprcampodelrey\/files\/2020\/01\/logo_pacto_de_estado_pq-48x38.jpg 48w, https:\/\/blogsaverroes.juntadeandalucia.es\/cprcampodelrey\/files\/2020\/01\/logo_pacto_de_estado_pq-978x780.jpg 978w, https:\/\/blogsaverroes.juntadeandalucia.es\/cprcampodelrey\/files\/2020\/01\/logo_pacto_de_estado_pq.jpg 556w\" sizes=\"(max-width: 300px) 100vw, 300px\" \/><\/a>\n<h4 class=\"pt-cv-title\"><a href=\"https:\/\/blogsaverroes.juntadeandalucia.es\/cprcampodelrey\/video-actividades-contra-la-violencia-de-genero-2020-2021\/\" class=\"_self\" target=\"_self\" >Video actividades contra la violencia de g\u00e9nero 2020-2021<\/a><\/h4>\n<div class=\"pt-cv-content\">Os dejamos el trabajo realizado por nuestra comunidad educativa contra la violencia de g\u00e9nero. No debemos olvidar que la escuela ...<br \/><div class=\"pt-cv-rmwrap\"><a href=\"https:\/\/blogsaverroes.juntadeandalucia.es\/cprcampodelrey\/video-actividades-contra-la-violencia-de-genero-2020-2021\/\" class=\"_self pt-cv-readmore btn btn-success\" target=\"_self\">Leer M\u00e1s<\/a><\/div><\/div><\/div><\/div>\n<div class=\"col-md-4 col-sm-6 col-xs-12 pt-cv-content-item pt-cv-1-col\" ><div class='pt-cv-ifield'><a href=\"https:\/\/blogsaverroes.juntadeandalucia.es\/cprcampodelrey\/dia-mundial-de-la-salud-7-de-abril\/\" class=\"_self pt-cv-href-thumbnail pt-cv-thumb-default\" target=\"_self\" ><img loading=\"lazy\" decoding=\"async\" width=\"300\" height=\"118\" src=\"https:\/\/blogsaverroes.juntadeandalucia.es\/cprcampodelrey\/files\/2021\/04\/d\u00eda-salud-300x118.jpg\" class=\"pt-cv-thumbnail\" alt=\"\" srcset=\"https:\/\/blogsaverroes.juntadeandalucia.es\/cprcampodelrey\/files\/2021\/04\/d\u00eda-salud-300x118.jpg 300w, https:\/\/blogsaverroes.juntadeandalucia.es\/cprcampodelrey\/files\/2021\/04\/d\u00eda-salud-1024x404.jpg 1024w, https:\/\/blogsaverroes.juntadeandalucia.es\/cprcampodelrey\/files\/2021\/04\/d\u00eda-salud-768x303.jpg 768w, https:\/\/blogsaverroes.juntadeandalucia.es\/cprcampodelrey\/files\/2021\/04\/d\u00eda-salud.jpg 1140w\" sizes=\"(max-width: 300px) 100vw, 300px\" \/><\/a>\n<h4 class=\"pt-cv-title\"><a href=\"https:\/\/blogsaverroes.juntadeandalucia.es\/cprcampodelrey\/dia-mundial-de-la-salud-7-de-abril\/\" class=\"_self\" target=\"_self\" >D\u00cdA MUNDIAL DE LA SALUD. 7 DE ABRIL<\/a><\/h4>\n<div class=\"pt-cv-content\"> ...<br \/><div class=\"pt-cv-rmwrap\"><a href=\"https:\/\/blogsaverroes.juntadeandalucia.es\/cprcampodelrey\/dia-mundial-de-la-salud-7-de-abril\/\" class=\"_self pt-cv-readmore btn btn-success\" target=\"_self\">Leer M\u00e1s<\/a><\/div><\/div><\/div><\/div>\n<div class=\"col-md-4 col-sm-6 col-xs-12 pt-cv-content-item pt-cv-1-col\" ><div class='pt-cv-ifield'><a href=\"https:\/\/blogsaverroes.juntadeandalucia.es\/cprcampodelrey\/acreditacion-erasmus-2021-2027\/\" class=\"_self pt-cv-href-thumbnail pt-cv-thumb-default\" target=\"_self\" ><img loading=\"lazy\" decoding=\"async\" width=\"300\" height=\"126\" src=\"https:\/\/blogsaverroes.juntadeandalucia.es\/cprcampodelrey\/files\/2021\/03\/Captura-de-pantalla-2021-03-24-a-las-22.59.13-300x126.png\" class=\"pt-cv-thumbnail\" alt=\"\" srcset=\"https:\/\/blogsaverroes.juntadeandalucia.es\/cprcampodelrey\/files\/2021\/03\/Captura-de-pantalla-2021-03-24-a-las-22.59.13-300x126.png 300w, https:\/\/blogsaverroes.juntadeandalucia.es\/cprcampodelrey\/files\/2021\/03\/Captura-de-pantalla-2021-03-24-a-las-22.59.13-1024x432.png 1024w, https:\/\/blogsaverroes.juntadeandalucia.es\/cprcampodelrey\/files\/2021\/03\/Captura-de-pantalla-2021-03-24-a-las-22.59.13-768x324.png 768w, https:\/\/blogsaverroes.juntadeandalucia.es\/cprcampodelrey\/files\/2021\/03\/Captura-de-pantalla-2021-03-24-a-las-22.59.13-1536x647.png 1536w, https:\/\/blogsaverroes.juntadeandalucia.es\/cprcampodelrey\/files\/2021\/03\/Captura-de-pantalla-2021-03-24-a-las-22.59.13-2048x863.png 2048w, https:\/\/blogsaverroes.juntadeandalucia.es\/cprcampodelrey\/files\/2021\/03\/Captura-de-pantalla-2021-03-24-a-las-22.59.13.png 1600w\" sizes=\"(max-width: 300px) 100vw, 300px\" \/><\/a>\n<h4 class=\"pt-cv-title\"><a href=\"https:\/\/blogsaverroes.juntadeandalucia.es\/cprcampodelrey\/acreditacion-erasmus-2021-2027\/\" class=\"_self\" target=\"_self\" >\u00a1Acreditaci\u00f3n Erasmus+ 2021-2027!<\/a><\/h4>\n<div class=\"pt-cv-content\">Somos una peque\u00f1a escuela p\u00fablica situada en Almontaras (Castril) y Los Laneros (Cortes de Baza) que imparte Educaci\u00f3n Infantil y ...<br \/><div class=\"pt-cv-rmwrap\"><a href=\"https:\/\/blogsaverroes.juntadeandalucia.es\/cprcampodelrey\/acreditacion-erasmus-2021-2027\/\" class=\"_self pt-cv-readmore btn btn-success\" target=\"_self\">Leer M\u00e1s<\/a><\/div><\/div><\/div><\/div>\n<div class=\"col-md-4 col-sm-6 col-xs-12 pt-cv-content-item pt-cv-1-col\" ><div class='pt-cv-ifield'><a href=\"https:\/\/blogsaverroes.juntadeandalucia.es\/cprcampodelrey\/english-culture-st-patricks-day\/\" class=\"_self pt-cv-href-thumbnail pt-cv-thumb-default\" target=\"_self\" ><img loading=\"lazy\" decoding=\"async\" width=\"181\" height=\"300\" src=\"https:\/\/blogsaverroes.juntadeandalucia.es\/cprcampodelrey\/files\/2021\/03\/1-181x300.png\" class=\"pt-cv-thumbnail\" alt=\"\" srcset=\"https:\/\/blogsaverroes.juntadeandalucia.es\/cprcampodelrey\/files\/2021\/03\/1-181x300.png 181w, https:\/\/blogsaverroes.juntadeandalucia.es\/cprcampodelrey\/files\/2021\/03\/1-618x1024.png 618w, https:\/\/blogsaverroes.juntadeandalucia.es\/cprcampodelrey\/files\/2021\/03\/1-768x1273.png 768w, https:\/\/blogsaverroes.juntadeandalucia.es\/cprcampodelrey\/files\/2021\/03\/1-926x1536.png 926w, https:\/\/blogsaverroes.juntadeandalucia.es\/cprcampodelrey\/files\/2021\/03\/1.png 965w\" sizes=\"(max-width: 181px) 100vw, 181px\" \/><\/a>\n<h4 class=\"pt-cv-title\"><a href=\"https:\/\/blogsaverroes.juntadeandalucia.es\/cprcampodelrey\/english-culture-st-patricks-day\/\" class=\"_self\" target=\"_self\" >English Culture: St. Patrick&#8217;s Day<\/a><\/h4>\n<div class=\"pt-cv-content\"> ...<br \/><div class=\"pt-cv-rmwrap\"><a href=\"https:\/\/blogsaverroes.juntadeandalucia.es\/cprcampodelrey\/english-culture-st-patricks-day\/\" class=\"_self pt-cv-readmore btn btn-success\" target=\"_self\">Leer M\u00e1s<\/a><\/div><\/div><\/div><\/div>\n<div class=\"col-md-4 col-sm-6 col-xs-12 pt-cv-content-item pt-cv-1-col\" ><div class='pt-cv-ifield'><a href=\"https:\/\/blogsaverroes.juntadeandalucia.es\/cprcampodelrey\/we-can-do-it-8m\/\" class=\"_self pt-cv-href-thumbnail pt-cv-thumb-default\" target=\"_self\" ><img loading=\"lazy\" decoding=\"async\" width=\"300\" height=\"263\" src=\"https:\/\/blogsaverroes.juntadeandalucia.es\/cprcampodelrey\/files\/2021\/03\/We_Can_Do_It-960-fragmento-300x263.jpg\" class=\"pt-cv-thumbnail\" alt=\"\" srcset=\"https:\/\/blogsaverroes.juntadeandalucia.es\/cprcampodelrey\/files\/2021\/03\/We_Can_Do_It-960-fragmento-300x263.jpg 300w, https:\/\/blogsaverroes.juntadeandalucia.es\/cprcampodelrey\/files\/2021\/03\/We_Can_Do_It-960-fragmento-768x674.jpg 768w, https:\/\/blogsaverroes.juntadeandalucia.es\/cprcampodelrey\/files\/2021\/03\/We_Can_Do_It-960-fragmento.jpg 960w\" sizes=\"(max-width: 300px) 100vw, 300px\" \/><\/a>\n<h4 class=\"pt-cv-title\"><a href=\"https:\/\/blogsaverroes.juntadeandalucia.es\/cprcampodelrey\/we-can-do-it-8m\/\" class=\"_self\" target=\"_self\" >We can do it! 8M<\/a><\/h4>\n<div class=\"pt-cv-content\">Para conmemorar el 8 de marzo, nos propusimos actividades que relacionan nuestro proyecto de igualdad con otros que tambi\u00e9n desarrollamos ...<br \/><div class=\"pt-cv-rmwrap\"><a href=\"https:\/\/blogsaverroes.juntadeandalucia.es\/cprcampodelrey\/we-can-do-it-8m\/\" class=\"_self pt-cv-readmore btn btn-success\" target=\"_self\">Leer M\u00e1s<\/a><\/div><\/div><\/div><\/div>\n<div class=\"col-md-4 col-sm-6 col-xs-12 pt-cv-content-item pt-cv-1-col\" ><div class='pt-cv-ifield'><a href=\"https:\/\/blogsaverroes.juntadeandalucia.es\/cprcampodelrey\/siente-lo-nuestro-exportalo-dia-de-andalucia\/\" class=\"_self pt-cv-href-thumbnail pt-cv-thumb-default\" target=\"_self\" ><img loading=\"lazy\" decoding=\"async\" width=\"300\" height=\"205\" src=\"https:\/\/blogsaverroes.juntadeandalucia.es\/cprcampodelrey\/files\/2021\/02\/bandera-andalucia-300x205.jpg\" class=\"pt-cv-thumbnail\" alt=\"\" srcset=\"https:\/\/blogsaverroes.juntadeandalucia.es\/cprcampodelrey\/files\/2021\/02\/bandera-andalucia-300x205.jpg 300w, https:\/\/blogsaverroes.juntadeandalucia.es\/cprcampodelrey\/files\/2021\/02\/bandera-andalucia-768x525.jpg 768w, https:\/\/blogsaverroes.juntadeandalucia.es\/cprcampodelrey\/files\/2021\/02\/bandera-andalucia.jpg 960w\" sizes=\"(max-width: 300px) 100vw, 300px\" \/><\/a>\n<h4 class=\"pt-cv-title\"><a href=\"https:\/\/blogsaverroes.juntadeandalucia.es\/cprcampodelrey\/siente-lo-nuestro-exportalo-dia-de-andalucia\/\" class=\"_self\" target=\"_self\" >Siente lo nuestro. \u00a1Exp\u00f3rtalo! D\u00eda de Andaluc\u00eda.<\/a><\/h4>\n<div class=\"pt-cv-content\"> ...<br \/><div class=\"pt-cv-rmwrap\"><a href=\"https:\/\/blogsaverroes.juntadeandalucia.es\/cprcampodelrey\/siente-lo-nuestro-exportalo-dia-de-andalucia\/\" class=\"_self pt-cv-readmore btn btn-success\" target=\"_self\">Leer M\u00e1s<\/a><\/div><\/div><\/div><\/div>\n<div class=\"col-md-4 col-sm-6 col-xs-12 pt-cv-content-item pt-cv-1-col\" ><div class='pt-cv-ifield'><a href=\"https:\/\/blogsaverroes.juntadeandalucia.es\/cprcampodelrey\/una-exposicion-en-nuestro-centro-el-cambio-climatico\/\" class=\"_self pt-cv-href-thumbnail pt-cv-thumb-default\" target=\"_self\" ><img loading=\"lazy\" decoding=\"async\" width=\"300\" height=\"225\" src=\"https:\/\/blogsaverroes.juntadeandalucia.es\/cprcampodelrey\/files\/2021\/02\/WhatsApp-Image-2021-02-03-at-13.07.29-300x225.jpeg\" class=\"pt-cv-thumbnail\" alt=\"\" srcset=\"https:\/\/blogsaverroes.juntadeandalucia.es\/cprcampodelrey\/files\/2021\/02\/WhatsApp-Image-2021-02-03-at-13.07.29-300x225.jpeg 300w, https:\/\/blogsaverroes.juntadeandalucia.es\/cprcampodelrey\/files\/2021\/02\/WhatsApp-Image-2021-02-03-at-13.07.29-1024x768.jpeg 1024w, https:\/\/blogsaverroes.juntadeandalucia.es\/cprcampodelrey\/files\/2021\/02\/WhatsApp-Image-2021-02-03-at-13.07.29-768x576.jpeg 768w, https:\/\/blogsaverroes.juntadeandalucia.es\/cprcampodelrey\/files\/2021\/02\/WhatsApp-Image-2021-02-03-at-13.07.29-1536x1152.jpeg 1536w, https:\/\/blogsaverroes.juntadeandalucia.es\/cprcampodelrey\/files\/2021\/02\/WhatsApp-Image-2021-02-03-at-13.07.29-24x18.jpeg 24w, https:\/\/blogsaverroes.juntadeandalucia.es\/cprcampodelrey\/files\/2021\/02\/WhatsApp-Image-2021-02-03-at-13.07.29-36x27.jpeg 36w, https:\/\/blogsaverroes.juntadeandalucia.es\/cprcampodelrey\/files\/2021\/02\/WhatsApp-Image-2021-02-03-at-13.07.29-48x36.jpeg 48w, https:\/\/blogsaverroes.juntadeandalucia.es\/cprcampodelrey\/files\/2021\/02\/WhatsApp-Image-2021-02-03-at-13.07.29.jpeg 1600w\" sizes=\"(max-width: 300px) 100vw, 300px\" \/><\/a>\n<h4 class=\"pt-cv-title\"><a href=\"https:\/\/blogsaverroes.juntadeandalucia.es\/cprcampodelrey\/una-exposicion-en-nuestro-centro-el-cambio-climatico\/\" class=\"_self\" target=\"_self\" >Una exposici\u00f3n en nuestro centro: El cambio clim\u00e1tico<\/a><\/h4>\n<div class=\"pt-cv-content\">Durante el mes de febrero la Junta de Andaluc\u00eda, a trav\u00e9s del Centro de Visitantes del Parque Natural de la ...<br \/><div class=\"pt-cv-rmwrap\"><a href=\"https:\/\/blogsaverroes.juntadeandalucia.es\/cprcampodelrey\/una-exposicion-en-nuestro-centro-el-cambio-climatico\/\" class=\"_self pt-cv-readmore btn btn-success\" target=\"_self\">Leer M\u00e1s<\/a><\/div><\/div><\/div><\/div>\n<div class=\"col-md-4 col-sm-6 col-xs-12 pt-cv-content-item pt-cv-1-col\" ><div class='pt-cv-ifield'><a href=\"https:\/\/blogsaverroes.juntadeandalucia.es\/cprcampodelrey\/dia-de-la-paz-%f0%9f%95%8a%ef%b8%8f\/\" class=\"_self pt-cv-href-thumbnail pt-cv-thumb-default\" target=\"_self\" ><img loading=\"lazy\" decoding=\"async\" width=\"300\" height=\"219\" src=\"https:\/\/blogsaverroes.juntadeandalucia.es\/cprcampodelrey\/files\/2021\/02\/Dia-de-la-PAZ-300x219.jpg\" class=\"pt-cv-thumbnail\" alt=\"\" srcset=\"https:\/\/blogsaverroes.juntadeandalucia.es\/cprcampodelrey\/files\/2021\/02\/Dia-de-la-PAZ-300x219.jpg 300w, https:\/\/blogsaverroes.juntadeandalucia.es\/cprcampodelrey\/files\/2021\/02\/Dia-de-la-PAZ-24x17.jpg 24w, https:\/\/blogsaverroes.juntadeandalucia.es\/cprcampodelrey\/files\/2021\/02\/Dia-de-la-PAZ-36x26.jpg 36w, https:\/\/blogsaverroes.juntadeandalucia.es\/cprcampodelrey\/files\/2021\/02\/Dia-de-la-PAZ-48x35.jpg 48w, https:\/\/blogsaverroes.juntadeandalucia.es\/cprcampodelrey\/files\/2021\/02\/Dia-de-la-PAZ.jpg 700w\" sizes=\"(max-width: 300px) 100vw, 300px\" \/><\/a>\n<h4 class=\"pt-cv-title\"><a href=\"https:\/\/blogsaverroes.juntadeandalucia.es\/cprcampodelrey\/dia-de-la-paz-%f0%9f%95%8a%ef%b8%8f\/\" class=\"_self\" target=\"_self\" >D\u00eda de la PAZ \ud83d\udd4a\ufe0f COVID19 \ud83e\udda0<\/a><\/h4>\n<div class=\"pt-cv-content\"> ...<br \/><div class=\"pt-cv-rmwrap\"><a href=\"https:\/\/blogsaverroes.juntadeandalucia.es\/cprcampodelrey\/dia-de-la-paz-%f0%9f%95%8a%ef%b8%8f\/\" class=\"_self pt-cv-readmore btn btn-success\" target=\"_self\">Leer M\u00e1s<\/a><\/div><\/div><\/div><\/div>\n<div class=\"col-md-4 col-sm-6 col-xs-12 pt-cv-content-item pt-cv-1-col\" ><div class='pt-cv-ifield'><a href=\"https:\/\/blogsaverroes.juntadeandalucia.es\/cprcampodelrey\/actuacion-de-navidad-covid-2020\/\" class=\"_self pt-cv-href-thumbnail pt-cv-thumb-default\" target=\"_self\" ><img loading=\"lazy\" decoding=\"async\" width=\"300\" height=\"139\" src=\"https:\/\/blogsaverroes.juntadeandalucia.es\/cprcampodelrey\/files\/2020\/12\/Covid-Navidad-300x139.jpg\" class=\"pt-cv-thumbnail\" alt=\"\" srcset=\"https:\/\/blogsaverroes.juntadeandalucia.es\/cprcampodelrey\/files\/2020\/12\/Covid-Navidad-300x139.jpg 300w, https:\/\/blogsaverroes.juntadeandalucia.es\/cprcampodelrey\/files\/2020\/12\/Covid-Navidad-1024x474.jpg 1024w, https:\/\/blogsaverroes.juntadeandalucia.es\/cprcampodelrey\/files\/2020\/12\/Covid-Navidad-768x355.jpg 768w, https:\/\/blogsaverroes.juntadeandalucia.es\/cprcampodelrey\/files\/2020\/12\/Covid-Navidad-24x11.jpg 24w, https:\/\/blogsaverroes.juntadeandalucia.es\/cprcampodelrey\/files\/2020\/12\/Covid-Navidad-36x17.jpg 36w, https:\/\/blogsaverroes.juntadeandalucia.es\/cprcampodelrey\/files\/2020\/12\/Covid-Navidad-48x22.jpg 48w, https:\/\/blogsaverroes.juntadeandalucia.es\/cprcampodelrey\/files\/2020\/12\/Covid-Navidad.jpg 1111w\" sizes=\"(max-width: 300px) 100vw, 300px\" \/><\/a>\n<h4 class=\"pt-cv-title\"><a href=\"https:\/\/blogsaverroes.juntadeandalucia.es\/cprcampodelrey\/actuacion-de-navidad-covid-2020\/\" class=\"_self\" target=\"_self\" >Actuaci\u00f3n de Navidad COVID 2020<\/a><\/h4>\n<div class=\"pt-cv-content\">Este a\u00f1o no podemos celebrar nuestra esperada fiesta de Navidad todos juntos como cada a\u00f1o. Por lo tanto el claustro ...<br \/><div class=\"pt-cv-rmwrap\"><a href=\"https:\/\/blogsaverroes.juntadeandalucia.es\/cprcampodelrey\/actuacion-de-navidad-covid-2020\/\" class=\"_self pt-cv-readmore btn btn-success\" target=\"_self\">Leer M\u00e1s<\/a><\/div><\/div><\/div><\/div>\n<div class=\"col-md-4 col-sm-6 col-xs-12 pt-cv-content-item pt-cv-1-col\" ><div class='pt-cv-ifield'><a href=\"https:\/\/blogsaverroes.juntadeandalucia.es\/cprcampodelrey\/navidad-covid-2020\/\" class=\"_self pt-cv-href-thumbnail pt-cv-thumb-default\" target=\"_self\" ><img loading=\"lazy\" decoding=\"async\" width=\"169\" height=\"300\" src=\"https:\/\/blogsaverroes.juntadeandalucia.es\/cprcampodelrey\/files\/2020\/12\/WhatsApp-Image-2020-12-22-at-11.18.42-169x300.jpeg\" class=\"pt-cv-thumbnail\" alt=\"\" srcset=\"https:\/\/blogsaverroes.juntadeandalucia.es\/cprcampodelrey\/files\/2020\/12\/WhatsApp-Image-2020-12-22-at-11.18.42-169x300.jpeg 169w, https:\/\/blogsaverroes.juntadeandalucia.es\/cprcampodelrey\/files\/2020\/12\/WhatsApp-Image-2020-12-22-at-11.18.42-575x1024.jpeg 575w, https:\/\/blogsaverroes.juntadeandalucia.es\/cprcampodelrey\/files\/2020\/12\/WhatsApp-Image-2020-12-22-at-11.18.42-768x1367.jpeg 768w, https:\/\/blogsaverroes.juntadeandalucia.es\/cprcampodelrey\/files\/2020\/12\/WhatsApp-Image-2020-12-22-at-11.18.42-863x1536.jpeg 863w, https:\/\/blogsaverroes.juntadeandalucia.es\/cprcampodelrey\/files\/2020\/12\/WhatsApp-Image-2020-12-22-at-11.18.42-13x24.jpeg 13w, https:\/\/blogsaverroes.juntadeandalucia.es\/cprcampodelrey\/files\/2020\/12\/WhatsApp-Image-2020-12-22-at-11.18.42-20x36.jpeg 20w, https:\/\/blogsaverroes.juntadeandalucia.es\/cprcampodelrey\/files\/2020\/12\/WhatsApp-Image-2020-12-22-at-11.18.42-27x48.jpeg 27w, https:\/\/blogsaverroes.juntadeandalucia.es\/cprcampodelrey\/files\/2020\/12\/WhatsApp-Image-2020-12-22-at-11.18.42.jpeg 899w\" sizes=\"(max-width: 169px) 100vw, 169px\" \/><\/a>\n<h4 class=\"pt-cv-title\"><a href=\"https:\/\/blogsaverroes.juntadeandalucia.es\/cprcampodelrey\/navidad-covid-2020\/\" class=\"_self\" target=\"_self\" >NAVIDAD COVID 2020<\/a><\/h4>\n<div class=\"pt-cv-content\"> ...<br \/><div class=\"pt-cv-rmwrap\"><a href=\"https:\/\/blogsaverroes.juntadeandalucia.es\/cprcampodelrey\/navidad-covid-2020\/\" class=\"_self pt-cv-readmore btn btn-success\" target=\"_self\">Leer M\u00e1s<\/a><\/div><\/div><\/div><\/div>\n<div class=\"col-md-4 col-sm-6 col-xs-12 pt-cv-content-item pt-cv-1-col\" ><div class='pt-cv-ifield'><a href=\"https:\/\/blogsaverroes.juntadeandalucia.es\/cprcampodelrey\/articulo-23-%f0%9f%97%b3%ef%b8%8f-dia-de-la-constitucion-%f0%9f%87%aa%f0%9f%87%b8\/\" class=\"_self pt-cv-href-thumbnail pt-cv-thumb-default\" target=\"_self\" ><img loading=\"lazy\" decoding=\"async\" width=\"300\" height=\"169\" src=\"https:\/\/blogsaverroes.juntadeandalucia.es\/cprcampodelrey\/files\/2020\/12\/WhatsApp-Image-2020-12-04-at-11.39.04-300x169.jpeg\" class=\"pt-cv-thumbnail\" alt=\"\" srcset=\"https:\/\/blogsaverroes.juntadeandalucia.es\/cprcampodelrey\/files\/2020\/12\/WhatsApp-Image-2020-12-04-at-11.39.04-300x169.jpeg 300w, https:\/\/blogsaverroes.juntadeandalucia.es\/cprcampodelrey\/files\/2020\/12\/WhatsApp-Image-2020-12-04-at-11.39.04-1024x576.jpeg 1024w, https:\/\/blogsaverroes.juntadeandalucia.es\/cprcampodelrey\/files\/2020\/12\/WhatsApp-Image-2020-12-04-at-11.39.04-768x432.jpeg 768w, https:\/\/blogsaverroes.juntadeandalucia.es\/cprcampodelrey\/files\/2020\/12\/WhatsApp-Image-2020-12-04-at-11.39.04-1536x864.jpeg 1536w, https:\/\/blogsaverroes.juntadeandalucia.es\/cprcampodelrey\/files\/2020\/12\/WhatsApp-Image-2020-12-04-at-11.39.04-24x14.jpeg 24w, https:\/\/blogsaverroes.juntadeandalucia.es\/cprcampodelrey\/files\/2020\/12\/WhatsApp-Image-2020-12-04-at-11.39.04-36x20.jpeg 36w, https:\/\/blogsaverroes.juntadeandalucia.es\/cprcampodelrey\/files\/2020\/12\/WhatsApp-Image-2020-12-04-at-11.39.04-48x27.jpeg 48w, https:\/\/blogsaverroes.juntadeandalucia.es\/cprcampodelrey\/files\/2020\/12\/WhatsApp-Image-2020-12-04-at-11.39.04.jpeg 1600w\" sizes=\"(max-width: 300px) 100vw, 300px\" \/><\/a>\n<h4 class=\"pt-cv-title\"><a href=\"https:\/\/blogsaverroes.juntadeandalucia.es\/cprcampodelrey\/articulo-23-%f0%9f%97%b3%ef%b8%8f-dia-de-la-constitucion-%f0%9f%87%aa%f0%9f%87%b8\/\" class=\"_self\" target=\"_self\" >Articulo 23 \ud83d\uddf3\ufe0f. D\u00eda de la Constituci\u00f3n \ud83c\uddea\ud83c\uddf8<\/a><\/h4>\n<div class=\"pt-cv-content\"> ...<br \/><div class=\"pt-cv-rmwrap\"><a href=\"https:\/\/blogsaverroes.juntadeandalucia.es\/cprcampodelrey\/articulo-23-%f0%9f%97%b3%ef%b8%8f-dia-de-la-constitucion-%f0%9f%87%aa%f0%9f%87%b8\/\" class=\"_self pt-cv-readmore btn btn-success\" target=\"_self\">Leer M\u00e1s<\/a><\/div><\/div><\/div><\/div>\n<div class=\"col-md-4 col-sm-6 col-xs-12 pt-cv-content-item pt-cv-1-col\" ><div class='pt-cv-ifield'><a href=\"https:\/\/blogsaverroes.juntadeandalucia.es\/cprcampodelrey\/25n-quenotequitenlasonrisa\/\" class=\"_self pt-cv-href-thumbnail pt-cv-thumb-default\" target=\"_self\" ><img loading=\"lazy\" decoding=\"async\" width=\"275\" height=\"183\" src=\"https:\/\/blogsaverroes.juntadeandalucia.es\/cprcampodelrey\/files\/2020\/11\/XS.jpg\" class=\"pt-cv-thumbnail\" alt=\"\" srcset=\"https:\/\/blogsaverroes.juntadeandalucia.es\/cprcampodelrey\/files\/2020\/11\/XS.jpg 275w, https:\/\/blogsaverroes.juntadeandalucia.es\/cprcampodelrey\/files\/2020\/11\/XS-24x16.jpg 24w, https:\/\/blogsaverroes.juntadeandalucia.es\/cprcampodelrey\/files\/2020\/11\/XS-36x24.jpg 36w, https:\/\/blogsaverroes.juntadeandalucia.es\/cprcampodelrey\/files\/2020\/11\/XS-48x32.jpg 48w\" sizes=\"(max-width: 275px) 100vw, 275px\" \/><\/a>\n<h4 class=\"pt-cv-title\"><a href=\"https:\/\/blogsaverroes.juntadeandalucia.es\/cprcampodelrey\/25n-quenotequitenlasonrisa\/\" class=\"_self\" target=\"_self\" >25N #QUENOTEQUITENLASONRISA<\/a><\/h4>\n<div class=\"pt-cv-content\"> ...<br \/><div class=\"pt-cv-rmwrap\"><a href=\"https:\/\/blogsaverroes.juntadeandalucia.es\/cprcampodelrey\/25n-quenotequitenlasonrisa\/\" class=\"_self pt-cv-readmore btn btn-success\" target=\"_self\">Leer M\u00e1s<\/a><\/div><\/div><\/div><\/div>\n<div class=\"col-md-4 col-sm-6 col-xs-12 pt-cv-content-item pt-cv-1-col\" ><div class='pt-cv-ifield'><a href=\"https:\/\/blogsaverroes.juntadeandalucia.es\/cprcampodelrey\/16-de-noviembre-dia-del-flamenco\/\" class=\"_self pt-cv-href-thumbnail pt-cv-thumb-default\" target=\"_self\" ><img loading=\"lazy\" decoding=\"async\" width=\"300\" height=\"168\" src=\"https:\/\/blogsaverroes.juntadeandalucia.es\/cprcampodelrey\/files\/2020\/11\/flamenco.jpg\" class=\"pt-cv-thumbnail\" alt=\"\" srcset=\"https:\/\/blogsaverroes.juntadeandalucia.es\/cprcampodelrey\/files\/2020\/11\/flamenco.jpg 300w, https:\/\/blogsaverroes.juntadeandalucia.es\/cprcampodelrey\/files\/2020\/11\/flamenco-24x13.jpg 24w, https:\/\/blogsaverroes.juntadeandalucia.es\/cprcampodelrey\/files\/2020\/11\/flamenco-36x20.jpg 36w, https:\/\/blogsaverroes.juntadeandalucia.es\/cprcampodelrey\/files\/2020\/11\/flamenco-48x27.jpg 48w\" sizes=\"(max-width: 300px) 100vw, 300px\" \/><\/a>\n<h4 class=\"pt-cv-title\"><a href=\"https:\/\/blogsaverroes.juntadeandalucia.es\/cprcampodelrey\/16-de-noviembre-dia-del-flamenco\/\" class=\"_self\" target=\"_self\" >16 de noviembre. \u00a1D\u00eda del flamenco!<\/a><\/h4>\n<div class=\"pt-cv-content\"> ...<br \/><div class=\"pt-cv-rmwrap\"><a href=\"https:\/\/blogsaverroes.juntadeandalucia.es\/cprcampodelrey\/16-de-noviembre-dia-del-flamenco\/\" class=\"_self pt-cv-readmore btn btn-success\" target=\"_self\">Leer M\u00e1s<\/a><\/div><\/div><\/div><\/div>\n<div class=\"col-md-4 col-sm-6 col-xs-12 pt-cv-content-item pt-cv-1-col\" ><div class='pt-cv-ifield'><a href=\"https:\/\/blogsaverroes.juntadeandalucia.es\/cprcampodelrey\/y-llego-halloween\/\" class=\"_self pt-cv-href-thumbnail pt-cv-thumb-default\" target=\"_self\" ><img loading=\"lazy\" decoding=\"async\" width=\"268\" height=\"188\" src=\"https:\/\/blogsaverroes.juntadeandalucia.es\/cprcampodelrey\/files\/2020\/10\/BBC.jpg\" class=\"pt-cv-thumbnail\" alt=\"\" srcset=\"https:\/\/blogsaverroes.juntadeandalucia.es\/cprcampodelrey\/files\/2020\/10\/BBC.jpg 268w, https:\/\/blogsaverroes.juntadeandalucia.es\/cprcampodelrey\/files\/2020\/10\/BBC-24x17.jpg 24w, https:\/\/blogsaverroes.juntadeandalucia.es\/cprcampodelrey\/files\/2020\/10\/BBC-36x25.jpg 36w, https:\/\/blogsaverroes.juntadeandalucia.es\/cprcampodelrey\/files\/2020\/10\/BBC-48x34.jpg 48w\" sizes=\"(max-width: 268px) 100vw, 268px\" \/><\/a>\n<h4 class=\"pt-cv-title\"><a href=\"https:\/\/blogsaverroes.juntadeandalucia.es\/cprcampodelrey\/y-llego-halloween\/\" class=\"_self\" target=\"_self\" >Y&#8230; LLEG\u00d3 HALLOWEEN!<\/a><\/h4>\n<div class=\"pt-cv-content\"> ...<br \/><div class=\"pt-cv-rmwrap\"><a href=\"https:\/\/blogsaverroes.juntadeandalucia.es\/cprcampodelrey\/y-llego-halloween\/\" class=\"_self pt-cv-readmore btn btn-success\" target=\"_self\">Leer M\u00e1s<\/a><\/div><\/div><\/div><\/div>\n<div class=\"col-md-4 col-sm-6 col-xs-12 pt-cv-content-item pt-cv-1-col\" ><div class='pt-cv-ifield'><a href=\"https:\/\/blogsaverroes.juntadeandalucia.es\/cprcampodelrey\/somos-iguales\/\" class=\"_self pt-cv-href-thumbnail pt-cv-thumb-default\" target=\"_self\" ><img loading=\"lazy\" decoding=\"async\" width=\"300\" height=\"137\" src=\"https:\/\/blogsaverroes.juntadeandalucia.es\/cprcampodelrey\/files\/2020\/07\/xcx-300x137.jpg\" class=\"pt-cv-thumbnail\" alt=\"\" srcset=\"https:\/\/blogsaverroes.juntadeandalucia.es\/cprcampodelrey\/files\/2020\/07\/xcx-300x137.jpg 300w, https:\/\/blogsaverroes.juntadeandalucia.es\/cprcampodelrey\/files\/2020\/07\/xcx-24x11.jpg 24w, https:\/\/blogsaverroes.juntadeandalucia.es\/cprcampodelrey\/files\/2020\/07\/xcx-36x16.jpg 36w, https:\/\/blogsaverroes.juntadeandalucia.es\/cprcampodelrey\/files\/2020\/07\/xcx-48x22.jpg 48w, https:\/\/blogsaverroes.juntadeandalucia.es\/cprcampodelrey\/files\/2020\/07\/xcx.jpg 332w\" sizes=\"(max-width: 300px) 100vw, 300px\" \/><\/a>\n<h4 class=\"pt-cv-title\"><a href=\"https:\/\/blogsaverroes.juntadeandalucia.es\/cprcampodelrey\/somos-iguales\/\" class=\"_self\" target=\"_self\" >\u00a1Somos iguales!<\/a><\/h4>\n<div class=\"pt-cv-content\"> ...<br \/><div class=\"pt-cv-rmwrap\"><a href=\"https:\/\/blogsaverroes.juntadeandalucia.es\/cprcampodelrey\/somos-iguales\/\" class=\"_self pt-cv-readmore btn btn-success\" target=\"_self\">Leer M\u00e1s<\/a><\/div><\/div><\/div><\/div>\n<div class=\"col-md-4 col-sm-6 col-xs-12 pt-cv-content-item pt-cv-1-col\" ><div class='pt-cv-ifield'><a href=\"https:\/\/blogsaverroes.juntadeandalucia.es\/cprcampodelrey\/feliz-verano\/\" class=\"_self pt-cv-href-thumbnail pt-cv-thumb-default\" target=\"_self\" ><img loading=\"lazy\" decoding=\"async\" width=\"276\" height=\"183\" src=\"https:\/\/blogsaverroes.juntadeandalucia.es\/cprcampodelrey\/files\/2020\/06\/hh.jpg\" class=\"pt-cv-thumbnail\" alt=\"\" srcset=\"https:\/\/blogsaverroes.juntadeandalucia.es\/cprcampodelrey\/files\/2020\/06\/hh.jpg 276w, https:\/\/blogsaverroes.juntadeandalucia.es\/cprcampodelrey\/files\/2020\/06\/hh-24x16.jpg 24w, https:\/\/blogsaverroes.juntadeandalucia.es\/cprcampodelrey\/files\/2020\/06\/hh-36x24.jpg 36w, https:\/\/blogsaverroes.juntadeandalucia.es\/cprcampodelrey\/files\/2020\/06\/hh-48x32.jpg 48w\" sizes=\"(max-width: 276px) 100vw, 276px\" \/><\/a>\n<h4 class=\"pt-cv-title\"><a href=\"https:\/\/blogsaverroes.juntadeandalucia.es\/cprcampodelrey\/feliz-verano\/\" class=\"_self\" target=\"_self\" >\u00a1Feliz Verano!<\/a><\/h4>\n<div class=\"pt-cv-content\">https:\/\/youtu.be\/ji6AUGcMmtA ...<br \/><div class=\"pt-cv-rmwrap\"><a href=\"https:\/\/blogsaverroes.juntadeandalucia.es\/cprcampodelrey\/feliz-verano\/\" class=\"_self pt-cv-readmore btn btn-success\" target=\"_self\">Leer M\u00e1s<\/a><\/div><\/div><\/div><\/div>\n<div class=\"col-md-4 col-sm-6 col-xs-12 pt-cv-content-item pt-cv-1-col\" ><div class='pt-cv-ifield'><a href=\"https:\/\/blogsaverroes.juntadeandalucia.es\/cprcampodelrey\/el-triste-final-de-nuestra-sede-fuente-vera\/\" class=\"_self pt-cv-href-thumbnail pt-cv-thumb-default\" target=\"_self\" ><img loading=\"lazy\" decoding=\"async\" width=\"259\" height=\"194\" src=\"https:\/\/blogsaverroes.juntadeandalucia.es\/cprcampodelrey\/files\/2020\/06\/nn.jpg\" class=\"pt-cv-thumbnail\" alt=\"\" srcset=\"https:\/\/blogsaverroes.juntadeandalucia.es\/cprcampodelrey\/files\/2020\/06\/nn.jpg 259w, https:\/\/blogsaverroes.juntadeandalucia.es\/cprcampodelrey\/files\/2020\/06\/nn-24x18.jpg 24w, https:\/\/blogsaverroes.juntadeandalucia.es\/cprcampodelrey\/files\/2020\/06\/nn-36x27.jpg 36w, https:\/\/blogsaverroes.juntadeandalucia.es\/cprcampodelrey\/files\/2020\/06\/nn-48x36.jpg 48w\" sizes=\"(max-width: 259px) 100vw, 259px\" \/><\/a>\n<h4 class=\"pt-cv-title\"><a href=\"https:\/\/blogsaverroes.juntadeandalucia.es\/cprcampodelrey\/el-triste-final-de-nuestra-sede-fuente-vera\/\" class=\"_self\" target=\"_self\" >El TRISTE FINAL DE NUESTRA SEDE, FUENTE VERA<\/a><\/h4>\n<div class=\"pt-cv-content\"> ...<br \/><div class=\"pt-cv-rmwrap\"><a href=\"https:\/\/blogsaverroes.juntadeandalucia.es\/cprcampodelrey\/el-triste-final-de-nuestra-sede-fuente-vera\/\" class=\"_self pt-cv-readmore btn btn-success\" target=\"_self\">Leer M\u00e1s<\/a><\/div><\/div><\/div><\/div>\n<div class=\"col-md-4 col-sm-6 col-xs-12 pt-cv-content-item pt-cv-1-col\" ><div class='pt-cv-ifield'><a href=\"https:\/\/blogsaverroes.juntadeandalucia.es\/cprcampodelrey\/celebramos-el-dia-de-la-memoria-historica-14-de-junio-de-2020\/\" class=\"_self pt-cv-href-thumbnail pt-cv-thumb-default\" target=\"_self\" ><img loading=\"lazy\" decoding=\"async\" width=\"300\" height=\"136\" src=\"https:\/\/blogsaverroes.juntadeandalucia.es\/cprcampodelrey\/files\/2020\/06\/guernica-300x136.jpg\" class=\"pt-cv-thumbnail\" alt=\"\" srcset=\"https:\/\/blogsaverroes.juntadeandalucia.es\/cprcampodelrey\/files\/2020\/06\/guernica-300x136.jpg 300w, https:\/\/blogsaverroes.juntadeandalucia.es\/cprcampodelrey\/files\/2020\/06\/guernica-24x11.jpg 24w, https:\/\/blogsaverroes.juntadeandalucia.es\/cprcampodelrey\/files\/2020\/06\/guernica-36x16.jpg 36w, https:\/\/blogsaverroes.juntadeandalucia.es\/cprcampodelrey\/files\/2020\/06\/guernica-48x22.jpg 48w, https:\/\/blogsaverroes.juntadeandalucia.es\/cprcampodelrey\/files\/2020\/06\/guernica.jpg 334w\" sizes=\"(max-width: 300px) 100vw, 300px\" \/><\/a>\n<h4 class=\"pt-cv-title\"><a href=\"https:\/\/blogsaverroes.juntadeandalucia.es\/cprcampodelrey\/celebramos-el-dia-de-la-memoria-historica-14-de-junio-de-2020\/\" class=\"_self\" target=\"_self\" >Celebramos el D\u00eda de la Memoria Hist\u00f3rica. 14 de junio de 2020<\/a><\/h4>\n<div class=\"pt-cv-content\">Museo virtual Memoria Hist\u00f3rica 2020 ...<br \/><div class=\"pt-cv-rmwrap\"><a href=\"https:\/\/blogsaverroes.juntadeandalucia.es\/cprcampodelrey\/celebramos-el-dia-de-la-memoria-historica-14-de-junio-de-2020\/\" class=\"_self pt-cv-readmore btn btn-success\" target=\"_self\">Leer M\u00e1s<\/a><\/div><\/div><\/div><\/div>\n<div class=\"col-md-4 col-sm-6 col-xs-12 pt-cv-content-item pt-cv-1-col\" ><div class='pt-cv-ifield'><a href=\"https:\/\/blogsaverroes.juntadeandalucia.es\/cprcampodelrey\/museo-virtual-memoria-historica-2020\/\" class=\"_self pt-cv-href-thumbnail pt-cv-thumb-default\" target=\"_self\" ><img loading=\"lazy\" decoding=\"async\" width=\"300\" height=\"225\" src=\"https:\/\/blogsaverroes.juntadeandalucia.es\/cprcampodelrey\/files\/2020\/06\/FInal-2_0001-300x225.jpg\" class=\"pt-cv-thumbnail\" alt=\"\" srcset=\"https:\/\/blogsaverroes.juntadeandalucia.es\/cprcampodelrey\/files\/2020\/06\/FInal-2_0001-300x225.jpg 300w, https:\/\/blogsaverroes.juntadeandalucia.es\/cprcampodelrey\/files\/2020\/06\/FInal-2_0001-768x576.jpg 768w, https:\/\/blogsaverroes.juntadeandalucia.es\/cprcampodelrey\/files\/2020\/06\/FInal-2_0001-1024x768.jpg 1024w, https:\/\/blogsaverroes.juntadeandalucia.es\/cprcampodelrey\/files\/2020\/06\/FInal-2_0001-24x18.jpg 24w, https:\/\/blogsaverroes.juntadeandalucia.es\/cprcampodelrey\/files\/2020\/06\/FInal-2_0001-36x27.jpg 36w, https:\/\/blogsaverroes.juntadeandalucia.es\/cprcampodelrey\/files\/2020\/06\/FInal-2_0001-48x36.jpg 48w, https:\/\/blogsaverroes.juntadeandalucia.es\/cprcampodelrey\/files\/2020\/06\/FInal-2_0001.jpg 1600w\" sizes=\"(max-width: 300px) 100vw, 300px\" \/><\/a>\n<h4 class=\"pt-cv-title\"><a href=\"https:\/\/blogsaverroes.juntadeandalucia.es\/cprcampodelrey\/museo-virtual-memoria-historica-2020\/\" class=\"_self\" target=\"_self\" >Museo virtual Memoria Hist\u00f3rica 2020<\/a><\/h4>\n<div class=\"pt-cv-content\"> ...<br \/><div class=\"pt-cv-rmwrap\"><a href=\"https:\/\/blogsaverroes.juntadeandalucia.es\/cprcampodelrey\/museo-virtual-memoria-historica-2020\/\" class=\"_self pt-cv-readmore btn btn-success\" target=\"_self\">Leer M\u00e1s<\/a><\/div><\/div><\/div><\/div>\n<div class=\"col-md-4 col-sm-6 col-xs-12 pt-cv-content-item pt-cv-1-col\" ><div class='pt-cv-ifield'><a href=\"https:\/\/blogsaverroes.juntadeandalucia.es\/cprcampodelrey\/dia-de-la-familia-2020\/\" class=\"_self pt-cv-href-thumbnail pt-cv-thumb-default\" target=\"_self\" ><img loading=\"lazy\" decoding=\"async\" width=\"298\" height=\"169\" src=\"https:\/\/blogsaverroes.juntadeandalucia.es\/cprcampodelrey\/files\/2020\/05\/fdf.jpg\" class=\"pt-cv-thumbnail\" alt=\"\" srcset=\"https:\/\/blogsaverroes.juntadeandalucia.es\/cprcampodelrey\/files\/2020\/05\/fdf.jpg 298w, https:\/\/blogsaverroes.juntadeandalucia.es\/cprcampodelrey\/files\/2020\/05\/fdf-24x14.jpg 24w, https:\/\/blogsaverroes.juntadeandalucia.es\/cprcampodelrey\/files\/2020\/05\/fdf-36x20.jpg 36w, https:\/\/blogsaverroes.juntadeandalucia.es\/cprcampodelrey\/files\/2020\/05\/fdf-48x27.jpg 48w\" sizes=\"(max-width: 298px) 100vw, 298px\" \/><\/a>\n<h4 class=\"pt-cv-title\"><a href=\"https:\/\/blogsaverroes.juntadeandalucia.es\/cprcampodelrey\/dia-de-la-familia-2020\/\" class=\"_self\" target=\"_self\" >D\u00eda de la familia 2020<\/a><\/h4>\n<div class=\"pt-cv-content\"> ...<br \/><div class=\"pt-cv-rmwrap\"><a href=\"https:\/\/blogsaverroes.juntadeandalucia.es\/cprcampodelrey\/dia-de-la-familia-2020\/\" class=\"_self pt-cv-readmore btn btn-success\" target=\"_self\">Leer M\u00e1s<\/a><\/div><\/div><\/div><\/div>\n<div class=\"col-md-4 col-sm-6 col-xs-12 pt-cv-content-item pt-cv-1-col\" ><div class='pt-cv-ifield'><a href=\"https:\/\/blogsaverroes.juntadeandalucia.es\/cprcampodelrey\/dia-de-europa-erasmus\/\" class=\"_self pt-cv-href-thumbnail pt-cv-thumb-default\" target=\"_self\" ><img loading=\"lazy\" decoding=\"async\" width=\"300\" height=\"169\" src=\"https:\/\/blogsaverroes.juntadeandalucia.es\/cprcampodelrey\/files\/2020\/05\/bandera-300x169.jpg\" class=\"pt-cv-thumbnail\" alt=\"\" srcset=\"https:\/\/blogsaverroes.juntadeandalucia.es\/cprcampodelrey\/files\/2020\/05\/bandera-300x169.jpg 300w, https:\/\/blogsaverroes.juntadeandalucia.es\/cprcampodelrey\/files\/2020\/05\/bandera-768x432.jpg 768w, https:\/\/blogsaverroes.juntadeandalucia.es\/cprcampodelrey\/files\/2020\/05\/bandera-24x14.jpg 24w, https:\/\/blogsaverroes.juntadeandalucia.es\/cprcampodelrey\/files\/2020\/05\/bandera-36x20.jpg 36w, https:\/\/blogsaverroes.juntadeandalucia.es\/cprcampodelrey\/files\/2020\/05\/bandera-48x27.jpg 48w, https:\/\/blogsaverroes.juntadeandalucia.es\/cprcampodelrey\/files\/2020\/05\/bandera.jpg 990w\" sizes=\"(max-width: 300px) 100vw, 300px\" \/><\/a>\n<h4 class=\"pt-cv-title\"><a href=\"https:\/\/blogsaverroes.juntadeandalucia.es\/cprcampodelrey\/dia-de-europa-erasmus\/\" class=\"_self\" target=\"_self\" >D\u00cdA DE EUROPA. ERASMUS+<\/a><\/h4>\n<div class=\"pt-cv-content\">Viajar es la forma m\u00e1s intensa de aprender ...<br \/><div class=\"pt-cv-rmwrap\"><a href=\"https:\/\/blogsaverroes.juntadeandalucia.es\/cprcampodelrey\/dia-de-europa-erasmus\/\" class=\"_self pt-cv-readmore btn btn-success\" target=\"_self\">Leer M\u00e1s<\/a><\/div><\/div><\/div><\/div>\n<div class=\"col-md-4 col-sm-6 col-xs-12 pt-cv-content-item pt-cv-1-col\" ><div class='pt-cv-ifield'><a href=\"https:\/\/blogsaverroes.juntadeandalucia.es\/cprcampodelrey\/23-de-abril-dia-del-libro\/\" class=\"_self pt-cv-href-thumbnail pt-cv-thumb-default\" target=\"_self\" ><img loading=\"lazy\" decoding=\"async\" width=\"251\" height=\"201\" src=\"https:\/\/blogsaverroes.juntadeandalucia.es\/cprcampodelrey\/files\/2020\/04\/dfd.jpg\" class=\"pt-cv-thumbnail\" alt=\"\" srcset=\"https:\/\/blogsaverroes.juntadeandalucia.es\/cprcampodelrey\/files\/2020\/04\/dfd.jpg 251w, https:\/\/blogsaverroes.juntadeandalucia.es\/cprcampodelrey\/files\/2020\/04\/dfd-24x19.jpg 24w, https:\/\/blogsaverroes.juntadeandalucia.es\/cprcampodelrey\/files\/2020\/04\/dfd-36x29.jpg 36w, https:\/\/blogsaverroes.juntadeandalucia.es\/cprcampodelrey\/files\/2020\/04\/dfd-48x38.jpg 48w\" sizes=\"(max-width: 251px) 100vw, 251px\" \/><\/a>\n<h4 class=\"pt-cv-title\"><a href=\"https:\/\/blogsaverroes.juntadeandalucia.es\/cprcampodelrey\/23-de-abril-dia-del-libro\/\" class=\"_self\" target=\"_self\" >23 de abril. D\u00eda del libro<\/a><\/h4>\n<div class=\"pt-cv-content\">Si quieres que tu hijo lea, lee un libro con \u00e9l. Si quieres que hable bien, lee un libro con ...<br \/><div class=\"pt-cv-rmwrap\"><a href=\"https:\/\/blogsaverroes.juntadeandalucia.es\/cprcampodelrey\/23-de-abril-dia-del-libro\/\" class=\"_self pt-cv-readmore btn btn-success\" target=\"_self\">Leer M\u00e1s<\/a><\/div><\/div><\/div><\/div>\n<div class=\"col-md-4 col-sm-6 col-xs-12 pt-cv-content-item pt-cv-1-col\" ><div class='pt-cv-ifield'><a href=\"https:\/\/blogsaverroes.juntadeandalucia.es\/cprcampodelrey\/quedateencasa\/\" class=\"_self pt-cv-href-thumbnail pt-cv-thumb-default\" target=\"_self\" ><img loading=\"lazy\" decoding=\"async\" width=\"300\" height=\"168\" src=\"https:\/\/blogsaverroes.juntadeandalucia.es\/cprcampodelrey\/files\/2020\/04\/dd-300x168.jpg\" class=\"pt-cv-thumbnail\" alt=\"\" srcset=\"https:\/\/blogsaverroes.juntadeandalucia.es\/cprcampodelrey\/files\/2020\/04\/dd.jpg 300w, https:\/\/blogsaverroes.juntadeandalucia.es\/cprcampodelrey\/files\/2020\/04\/dd-24x13.jpg 24w, https:\/\/blogsaverroes.juntadeandalucia.es\/cprcampodelrey\/files\/2020\/04\/dd-36x20.jpg 36w, https:\/\/blogsaverroes.juntadeandalucia.es\/cprcampodelrey\/files\/2020\/04\/dd-48x27.jpg 48w\" sizes=\"(max-width: 300px) 100vw, 300px\" \/><\/a>\n<h4 class=\"pt-cv-title\"><a href=\"https:\/\/blogsaverroes.juntadeandalucia.es\/cprcampodelrey\/quedateencasa\/\" class=\"_self\" target=\"_self\" >#QUEDATEENCASA<\/a><\/h4>\n<div class=\"pt-cv-content\">Con este video queremos sacar una sonrisa a nuestra comunidad educativa. Damos las gracias a todas y cada una de ...<br \/><div class=\"pt-cv-rmwrap\"><a href=\"https:\/\/blogsaverroes.juntadeandalucia.es\/cprcampodelrey\/quedateencasa\/\" class=\"_self pt-cv-readmore btn btn-success\" target=\"_self\">Leer M\u00e1s<\/a><\/div><\/div><\/div><\/div>\n<div class=\"col-md-4 col-sm-6 col-xs-12 pt-cv-content-item pt-cv-1-col\" ><div class='pt-cv-ifield'><a href=\"https:\/\/blogsaverroes.juntadeandalucia.es\/cprcampodelrey\/8-de-marzo-cortes-de-baza\/\" class=\"_self pt-cv-href-thumbnail pt-cv-thumb-default\" target=\"_self\" ><img loading=\"lazy\" decoding=\"async\" width=\"300\" height=\"141\" src=\"https:\/\/blogsaverroes.juntadeandalucia.es\/cprcampodelrey\/files\/2020\/03\/8-de-marzo-300x141.jpg\" class=\"pt-cv-thumbnail\" alt=\"\" srcset=\"https:\/\/blogsaverroes.juntadeandalucia.es\/cprcampodelrey\/files\/2020\/03\/8-de-marzo-300x141.jpg 300w, https:\/\/blogsaverroes.juntadeandalucia.es\/cprcampodelrey\/files\/2020\/03\/8-de-marzo-24x11.jpg 24w, https:\/\/blogsaverroes.juntadeandalucia.es\/cprcampodelrey\/files\/2020\/03\/8-de-marzo-36x17.jpg 36w, https:\/\/blogsaverroes.juntadeandalucia.es\/cprcampodelrey\/files\/2020\/03\/8-de-marzo-48x23.jpg 48w, https:\/\/blogsaverroes.juntadeandalucia.es\/cprcampodelrey\/files\/2020\/03\/8-de-marzo.jpg 327w\" sizes=\"(max-width: 300px) 100vw, 300px\" \/><\/a>\n<h4 class=\"pt-cv-title\"><a href=\"https:\/\/blogsaverroes.juntadeandalucia.es\/cprcampodelrey\/8-de-marzo-cortes-de-baza\/\" class=\"_self\" target=\"_self\" >8 DE MARZO. CORTES DE BAZA<\/a><\/h4>\n<div class=\"pt-cv-content\"> ...<br \/><div class=\"pt-cv-rmwrap\"><a href=\"https:\/\/blogsaverroes.juntadeandalucia.es\/cprcampodelrey\/8-de-marzo-cortes-de-baza\/\" class=\"_self pt-cv-readmore btn btn-success\" target=\"_self\">Leer M\u00e1s<\/a><\/div><\/div><\/div><\/div>\n<div class=\"col-md-4 col-sm-6 col-xs-12 pt-cv-content-item pt-cv-1-col\" ><div class='pt-cv-ifield'><a href=\"https:\/\/blogsaverroes.juntadeandalucia.es\/cprcampodelrey\/dia-de-andalucia-y-carnaval\/\" class=\"_self pt-cv-href-thumbnail pt-cv-thumb-default\" target=\"_self\" ><img loading=\"lazy\" decoding=\"async\" width=\"300\" height=\"168\" src=\"https:\/\/blogsaverroes.juntadeandalucia.es\/cprcampodelrey\/files\/2020\/03\/jjj-300x168.png\" class=\"pt-cv-thumbnail\" alt=\"\" srcset=\"https:\/\/blogsaverroes.juntadeandalucia.es\/cprcampodelrey\/files\/2020\/03\/jjj.png 300w, https:\/\/blogsaverroes.juntadeandalucia.es\/cprcampodelrey\/files\/2020\/03\/jjj-24x13.png 24w, https:\/\/blogsaverroes.juntadeandalucia.es\/cprcampodelrey\/files\/2020\/03\/jjj-36x20.png 36w, https:\/\/blogsaverroes.juntadeandalucia.es\/cprcampodelrey\/files\/2020\/03\/jjj-48x27.png 48w\" sizes=\"(max-width: 300px) 100vw, 300px\" \/><\/a>\n<h4 class=\"pt-cv-title\"><a href=\"https:\/\/blogsaverroes.juntadeandalucia.es\/cprcampodelrey\/dia-de-andalucia-y-carnaval\/\" class=\"_self\" target=\"_self\" >D\u00cdA DE ANDALUC\u00cdA Y CARNAVAL<\/a><\/h4>\n<div class=\"pt-cv-content\"> ...<br \/><div class=\"pt-cv-rmwrap\"><a href=\"https:\/\/blogsaverroes.juntadeandalucia.es\/cprcampodelrey\/dia-de-andalucia-y-carnaval\/\" class=\"_self pt-cv-readmore btn btn-success\" target=\"_self\">Leer M\u00e1s<\/a><\/div><\/div><\/div><\/div>\n<div class=\"col-md-4 col-sm-6 col-xs-12 pt-cv-content-item pt-cv-1-col\" ><div class='pt-cv-ifield'><a href=\"https:\/\/blogsaverroes.juntadeandalucia.es\/cprcampodelrey\/la-chandelier\/\" class=\"_self pt-cv-href-thumbnail pt-cv-thumb-default\" target=\"_self\" ><img loading=\"lazy\" decoding=\"async\" width=\"300\" height=\"139\" src=\"https:\/\/blogsaverroes.juntadeandalucia.es\/cprcampodelrey\/files\/2020\/02\/ddd-300x139.jpg\" class=\"pt-cv-thumbnail\" alt=\"\" srcset=\"https:\/\/blogsaverroes.juntadeandalucia.es\/cprcampodelrey\/files\/2020\/02\/ddd-300x139.jpg 300w, https:\/\/blogsaverroes.juntadeandalucia.es\/cprcampodelrey\/files\/2020\/02\/ddd-24x11.jpg 24w, https:\/\/blogsaverroes.juntadeandalucia.es\/cprcampodelrey\/files\/2020\/02\/ddd-36x17.jpg 36w, https:\/\/blogsaverroes.juntadeandalucia.es\/cprcampodelrey\/files\/2020\/02\/ddd-48x22.jpg 48w, https:\/\/blogsaverroes.juntadeandalucia.es\/cprcampodelrey\/files\/2020\/02\/ddd.jpg 330w\" sizes=\"(max-width: 300px) 100vw, 300px\" \/><\/a>\n<h4 class=\"pt-cv-title\"><a href=\"https:\/\/blogsaverroes.juntadeandalucia.es\/cprcampodelrey\/la-chandelier\/\" class=\"_self\" target=\"_self\" >La Chandeleur<\/a><\/h4>\n<div class=\"pt-cv-content\"> ...<br \/><div class=\"pt-cv-rmwrap\"><a href=\"https:\/\/blogsaverroes.juntadeandalucia.es\/cprcampodelrey\/la-chandelier\/\" class=\"_self pt-cv-readmore btn btn-success\" target=\"_self\">Leer M\u00e1s<\/a><\/div><\/div><\/div><\/div>\n<div class=\"col-md-4 col-sm-6 col-xs-12 pt-cv-content-item pt-cv-1-col\" ><div class='pt-cv-ifield'><a href=\"https:\/\/blogsaverroes.juntadeandalucia.es\/cprcampodelrey\/dia-de-la-paz-3\/\" class=\"_self pt-cv-href-thumbnail pt-cv-thumb-default\" target=\"_self\" ><img loading=\"lazy\" decoding=\"async\" width=\"279\" height=\"181\" src=\"https:\/\/blogsaverroes.juntadeandalucia.es\/cprcampodelrey\/files\/2020\/02\/paz.jpg\" class=\"pt-cv-thumbnail\" alt=\"\" srcset=\"https:\/\/blogsaverroes.juntadeandalucia.es\/cprcampodelrey\/files\/2020\/02\/paz.jpg 279w, https:\/\/blogsaverroes.juntadeandalucia.es\/cprcampodelrey\/files\/2020\/02\/paz-24x16.jpg 24w, https:\/\/blogsaverroes.juntadeandalucia.es\/cprcampodelrey\/files\/2020\/02\/paz-36x23.jpg 36w, https:\/\/blogsaverroes.juntadeandalucia.es\/cprcampodelrey\/files\/2020\/02\/paz-48x31.jpg 48w\" sizes=\"(max-width: 279px) 100vw, 279px\" \/><\/a>\n<h4 class=\"pt-cv-title\"><a href=\"https:\/\/blogsaverroes.juntadeandalucia.es\/cprcampodelrey\/dia-de-la-paz-3\/\" class=\"_self\" target=\"_self\" >D\u00eda de La PAZ 2020<\/a><\/h4>\n<div class=\"pt-cv-content\"> ...<br \/><div class=\"pt-cv-rmwrap\"><a href=\"https:\/\/blogsaverroes.juntadeandalucia.es\/cprcampodelrey\/dia-de-la-paz-3\/\" class=\"_self pt-cv-readmore btn btn-success\" target=\"_self\">Leer M\u00e1s<\/a><\/div><\/div><\/div><\/div>\n<div class=\"col-md-4 col-sm-6 col-xs-12 pt-cv-content-item pt-cv-1-col\" ><div class='pt-cv-ifield'><a href=\"https:\/\/blogsaverroes.juntadeandalucia.es\/cprcampodelrey\/fiesta-de-navidad-2019-2020\/\" class=\"_self pt-cv-href-thumbnail pt-cv-thumb-default\" target=\"_self\" ><img loading=\"lazy\" decoding=\"async\" width=\"225\" height=\"225\" src=\"https:\/\/blogsaverroes.juntadeandalucia.es\/cprcampodelrey\/files\/2020\/01\/navidad.jpg\" class=\"pt-cv-thumbnail\" alt=\"\" srcset=\"https:\/\/blogsaverroes.juntadeandalucia.es\/cprcampodelrey\/files\/2020\/01\/navidad.jpg 225w, https:\/\/blogsaverroes.juntadeandalucia.es\/cprcampodelrey\/files\/2020\/01\/navidad-150x150.jpg 150w, https:\/\/blogsaverroes.juntadeandalucia.es\/cprcampodelrey\/files\/2020\/01\/navidad-100x100.jpg 100w, https:\/\/blogsaverroes.juntadeandalucia.es\/cprcampodelrey\/files\/2020\/01\/navidad-24x24.jpg 24w, https:\/\/blogsaverroes.juntadeandalucia.es\/cprcampodelrey\/files\/2020\/01\/navidad-36x36.jpg 36w, https:\/\/blogsaverroes.juntadeandalucia.es\/cprcampodelrey\/files\/2020\/01\/navidad-48x48.jpg 48w\" sizes=\"(max-width: 225px) 100vw, 225px\" \/><\/a>\n<h4 class=\"pt-cv-title\"><a href=\"https:\/\/blogsaverroes.juntadeandalucia.es\/cprcampodelrey\/fiesta-de-navidad-2019-2020\/\" class=\"_self\" target=\"_self\" >FIESTA DE NAVIDAD 2019-2020<\/a><\/h4>\n<div class=\"pt-cv-content\"> ...<br \/><div class=\"pt-cv-rmwrap\"><a href=\"https:\/\/blogsaverroes.juntadeandalucia.es\/cprcampodelrey\/fiesta-de-navidad-2019-2020\/\" class=\"_self pt-cv-readmore btn btn-success\" target=\"_self\">Leer M\u00e1s<\/a><\/div><\/div><\/div><\/div>\n<div class=\"col-md-4 col-sm-6 col-xs-12 pt-cv-content-item pt-cv-1-col\" ><div class='pt-cv-ifield'><a href=\"https:\/\/blogsaverroes.juntadeandalucia.es\/cprcampodelrey\/dia-de-la-constitucion-2\/\" class=\"_self pt-cv-href-thumbnail pt-cv-thumb-default\" target=\"_self\" ><img loading=\"lazy\" decoding=\"async\" width=\"275\" height=\"183\" src=\"https:\/\/blogsaverroes.juntadeandalucia.es\/cprcampodelrey\/files\/2019\/12\/cons.jpg\" class=\"pt-cv-thumbnail\" alt=\"\" srcset=\"https:\/\/blogsaverroes.juntadeandalucia.es\/cprcampodelrey\/files\/2019\/12\/cons.jpg 275w, https:\/\/blogsaverroes.juntadeandalucia.es\/cprcampodelrey\/files\/2019\/12\/cons-24x16.jpg 24w, https:\/\/blogsaverroes.juntadeandalucia.es\/cprcampodelrey\/files\/2019\/12\/cons-36x24.jpg 36w, https:\/\/blogsaverroes.juntadeandalucia.es\/cprcampodelrey\/files\/2019\/12\/cons-48x32.jpg 48w\" sizes=\"(max-width: 275px) 100vw, 275px\" \/><\/a>\n<h4 class=\"pt-cv-title\"><a href=\"https:\/\/blogsaverroes.juntadeandalucia.es\/cprcampodelrey\/dia-de-la-constitucion-2\/\" class=\"_self\" target=\"_self\" >D\u00cdA DE LA CONSTITUCI\u00d3N<\/a><\/h4>\n<div class=\"pt-cv-content\"> ...<br \/><div class=\"pt-cv-rmwrap\"><a href=\"https:\/\/blogsaverroes.juntadeandalucia.es\/cprcampodelrey\/dia-de-la-constitucion-2\/\" class=\"_self pt-cv-readmore btn btn-success\" target=\"_self\">Leer M\u00e1s<\/a><\/div><\/div><\/div><\/div>\n<div class=\"col-md-4 col-sm-6 col-xs-12 pt-cv-content-item pt-cv-1-col\" ><div class='pt-cv-ifield'><a href=\"https:\/\/blogsaverroes.juntadeandalucia.es\/cprcampodelrey\/25-de-noviembre-ni-una-mas\/\" class=\"_self pt-cv-href-thumbnail pt-cv-thumb-default\" target=\"_self\" ><img loading=\"lazy\" decoding=\"async\" width=\"293\" height=\"172\" src=\"https:\/\/blogsaverroes.juntadeandalucia.es\/cprcampodelrey\/files\/2019\/11\/25-N.jpg\" class=\"pt-cv-thumbnail\" alt=\"\" srcset=\"https:\/\/blogsaverroes.juntadeandalucia.es\/cprcampodelrey\/files\/2019\/11\/25-N.jpg 293w, https:\/\/blogsaverroes.juntadeandalucia.es\/cprcampodelrey\/files\/2019\/11\/25-N-24x14.jpg 24w, https:\/\/blogsaverroes.juntadeandalucia.es\/cprcampodelrey\/files\/2019\/11\/25-N-36x21.jpg 36w, https:\/\/blogsaverroes.juntadeandalucia.es\/cprcampodelrey\/files\/2019\/11\/25-N-48x28.jpg 48w\" sizes=\"(max-width: 293px) 100vw, 293px\" \/><\/a>\n<h4 class=\"pt-cv-title\"><a href=\"https:\/\/blogsaverroes.juntadeandalucia.es\/cprcampodelrey\/25-de-noviembre-ni-una-mas\/\" class=\"_self\" target=\"_self\" >25 de noviembre \u00abNi una m\u00e1s\u00bb<\/a><\/h4>\n<div class=\"pt-cv-content\"> ...<br \/><div class=\"pt-cv-rmwrap\"><a href=\"https:\/\/blogsaverroes.juntadeandalucia.es\/cprcampodelrey\/25-de-noviembre-ni-una-mas\/\" class=\"_self pt-cv-readmore btn btn-success\" target=\"_self\">Leer M\u00e1s<\/a><\/div><\/div><\/div><\/div>\n<div class=\"col-md-4 col-sm-6 col-xs-12 pt-cv-content-item pt-cv-1-col\" ><div class='pt-cv-ifield'><a href=\"https:\/\/blogsaverroes.juntadeandalucia.es\/cprcampodelrey\/dia-internacional-del-flamenco\/\" class=\"_self pt-cv-href-thumbnail pt-cv-thumb-default\" target=\"_self\" ><img loading=\"lazy\" decoding=\"async\" width=\"283\" height=\"178\" src=\"https:\/\/blogsaverroes.juntadeandalucia.es\/cprcampodelrey\/files\/2019\/11\/16-flamenco.jpg\" class=\"pt-cv-thumbnail\" alt=\"\" srcset=\"https:\/\/blogsaverroes.juntadeandalucia.es\/cprcampodelrey\/files\/2019\/11\/16-flamenco.jpg 283w, https:\/\/blogsaverroes.juntadeandalucia.es\/cprcampodelrey\/files\/2019\/11\/16-flamenco-24x15.jpg 24w, https:\/\/blogsaverroes.juntadeandalucia.es\/cprcampodelrey\/files\/2019\/11\/16-flamenco-36x23.jpg 36w, https:\/\/blogsaverroes.juntadeandalucia.es\/cprcampodelrey\/files\/2019\/11\/16-flamenco-48x30.jpg 48w\" sizes=\"(max-width: 283px) 100vw, 283px\" \/><\/a>\n<h4 class=\"pt-cv-title\"><a href=\"https:\/\/blogsaverroes.juntadeandalucia.es\/cprcampodelrey\/dia-internacional-del-flamenco\/\" class=\"_self\" target=\"_self\" >D\u00cdA INTERNACIONAL DEL FLAMENCO<\/a><\/h4>\n<div class=\"pt-cv-content\"> ...<br \/><div class=\"pt-cv-rmwrap\"><a href=\"https:\/\/blogsaverroes.juntadeandalucia.es\/cprcampodelrey\/dia-internacional-del-flamenco\/\" class=\"_self pt-cv-readmore btn btn-success\" target=\"_self\">Leer M\u00e1s<\/a><\/div><\/div><\/div><\/div>\n<div class=\"col-md-4 col-sm-6 col-xs-12 pt-cv-content-item pt-cv-1-col\" ><div class='pt-cv-ifield'><a href=\"https:\/\/blogsaverroes.juntadeandalucia.es\/cprcampodelrey\/caminando-por-un-reto\/\" class=\"_self pt-cv-href-thumbnail pt-cv-thumb-default\" target=\"_self\" ><img loading=\"lazy\" decoding=\"async\" width=\"214\" height=\"300\" src=\"https:\/\/blogsaverroes.juntadeandalucia.es\/cprcampodelrey\/files\/2019\/11\/portada-214x300.jpeg\" class=\"pt-cv-thumbnail\" alt=\"\" srcset=\"https:\/\/blogsaverroes.juntadeandalucia.es\/cprcampodelrey\/files\/2019\/11\/portada-214x300.jpeg 214w, https:\/\/blogsaverroes.juntadeandalucia.es\/cprcampodelrey\/files\/2019\/11\/portada-768x1074.jpeg 768w, https:\/\/blogsaverroes.juntadeandalucia.es\/cprcampodelrey\/files\/2019\/11\/portada-732x1024.jpeg 732w, https:\/\/blogsaverroes.juntadeandalucia.es\/cprcampodelrey\/files\/2019\/11\/portada-17x24.jpeg 17w, https:\/\/blogsaverroes.juntadeandalucia.es\/cprcampodelrey\/files\/2019\/11\/portada-26x36.jpeg 26w, https:\/\/blogsaverroes.juntadeandalucia.es\/cprcampodelrey\/files\/2019\/11\/portada-34x48.jpeg 34w, https:\/\/blogsaverroes.juntadeandalucia.es\/cprcampodelrey\/files\/2019\/11\/portada.jpeg 900w\" sizes=\"(max-width: 214px) 100vw, 214px\" \/><\/a>\n<h4 class=\"pt-cv-title\"><a href=\"https:\/\/blogsaverroes.juntadeandalucia.es\/cprcampodelrey\/caminando-por-un-reto\/\" class=\"_self\" target=\"_self\" >\u00abCAMINANDO POR UN RETO\u00bb<\/a><\/h4>\n<div class=\"pt-cv-content\"> ...<br \/><div class=\"pt-cv-rmwrap\"><a href=\"https:\/\/blogsaverroes.juntadeandalucia.es\/cprcampodelrey\/caminando-por-un-reto\/\" class=\"_self pt-cv-readmore btn btn-success\" target=\"_self\">Leer M\u00e1s<\/a><\/div><\/div><\/div><\/div>\n<div class=\"col-md-4 col-sm-6 col-xs-12 pt-cv-content-item pt-cv-1-col\" ><div class='pt-cv-ifield'><a href=\"https:\/\/blogsaverroes.juntadeandalucia.es\/cprcampodelrey\/halloween-2019\/\" class=\"_self pt-cv-href-thumbnail pt-cv-thumb-default\" target=\"_self\" ><img loading=\"lazy\" decoding=\"async\" width=\"300\" height=\"225\" src=\"https:\/\/blogsaverroes.juntadeandalucia.es\/cprcampodelrey\/files\/2019\/11\/D-300x225.jpeg\" class=\"pt-cv-thumbnail\" alt=\"\" srcset=\"https:\/\/blogsaverroes.juntadeandalucia.es\/cprcampodelrey\/files\/2019\/11\/D-300x225.jpeg 300w, https:\/\/blogsaverroes.juntadeandalucia.es\/cprcampodelrey\/files\/2019\/11\/D-768x576.jpeg 768w, https:\/\/blogsaverroes.juntadeandalucia.es\/cprcampodelrey\/files\/2019\/11\/D.jpeg 1024w, https:\/\/blogsaverroes.juntadeandalucia.es\/cprcampodelrey\/files\/2019\/11\/D-24x18.jpeg 24w, https:\/\/blogsaverroes.juntadeandalucia.es\/cprcampodelrey\/files\/2019\/11\/D-36x27.jpeg 36w, https:\/\/blogsaverroes.juntadeandalucia.es\/cprcampodelrey\/files\/2019\/11\/D-48x36.jpeg 48w\" sizes=\"(max-width: 300px) 100vw, 300px\" \/><\/a>\n<h4 class=\"pt-cv-title\"><a href=\"https:\/\/blogsaverroes.juntadeandalucia.es\/cprcampodelrey\/halloween-2019\/\" class=\"_self\" target=\"_self\" >HALLOWEEN 2019<\/a><\/h4>\n<div class=\"pt-cv-content\"> ...<br \/><div class=\"pt-cv-rmwrap\"><a href=\"https:\/\/blogsaverroes.juntadeandalucia.es\/cprcampodelrey\/halloween-2019\/\" class=\"_self pt-cv-readmore btn btn-success\" target=\"_self\">Leer M\u00e1s<\/a><\/div><\/div><\/div><\/div>\n<div class=\"col-md-4 col-sm-6 col-xs-12 pt-cv-content-item pt-cv-1-col\" ><div class='pt-cv-ifield'><a href=\"https:\/\/blogsaverroes.juntadeandalucia.es\/cprcampodelrey\/dia-del-nino-a-fiestas-de-castril-2019\/\" class=\"_self pt-cv-href-thumbnail pt-cv-thumb-default\" target=\"_self\" ><img loading=\"lazy\" decoding=\"async\" width=\"300\" height=\"152\" src=\"https:\/\/blogsaverroes.juntadeandalucia.es\/cprcampodelrey\/files\/2019\/10\/toros-300x152.jpg\" class=\"pt-cv-thumbnail\" alt=\"\" srcset=\"https:\/\/blogsaverroes.juntadeandalucia.es\/cprcampodelrey\/files\/2019\/10\/toros-300x152.jpg 300w, https:\/\/blogsaverroes.juntadeandalucia.es\/cprcampodelrey\/files\/2019\/10\/toros-24x12.jpg 24w, https:\/\/blogsaverroes.juntadeandalucia.es\/cprcampodelrey\/files\/2019\/10\/toros-36x18.jpg 36w, https:\/\/blogsaverroes.juntadeandalucia.es\/cprcampodelrey\/files\/2019\/10\/toros-48x24.jpg 48w, https:\/\/blogsaverroes.juntadeandalucia.es\/cprcampodelrey\/files\/2019\/10\/toros.jpg 315w\" sizes=\"(max-width: 300px) 100vw, 300px\" \/><\/a>\n<h4 class=\"pt-cv-title\"><a href=\"https:\/\/blogsaverroes.juntadeandalucia.es\/cprcampodelrey\/dia-del-nino-a-fiestas-de-castril-2019\/\" class=\"_self\" target=\"_self\" >DIA DEL NI\u00d1O\/A FIESTAS DE CASTRIL 2019<\/a><\/h4>\n<div class=\"pt-cv-content\"> ...<br \/><div class=\"pt-cv-rmwrap\"><a href=\"https:\/\/blogsaverroes.juntadeandalucia.es\/cprcampodelrey\/dia-del-nino-a-fiestas-de-castril-2019\/\" class=\"_self pt-cv-readmore btn btn-success\" target=\"_self\">Leer M\u00e1s<\/a><\/div><\/div><\/div><\/div>\n<div class=\"col-md-4 col-sm-6 col-xs-12 pt-cv-content-item pt-cv-1-col\" ><div class='pt-cv-ifield'><a href=\"https:\/\/blogsaverroes.juntadeandalucia.es\/cprcampodelrey\/un-cole-de-pelicula\/\" class=\"_self pt-cv-href-thumbnail pt-cv-thumb-default\" target=\"_self\" ><img loading=\"lazy\" decoding=\"async\" width=\"275\" height=\"183\" src=\"https:\/\/blogsaverroes.juntadeandalucia.es\/cprcampodelrey\/files\/2019\/10\/peli.jpg\" class=\"pt-cv-thumbnail\" alt=\"\" srcset=\"https:\/\/blogsaverroes.juntadeandalucia.es\/cprcampodelrey\/files\/2019\/10\/peli.jpg 275w, https:\/\/blogsaverroes.juntadeandalucia.es\/cprcampodelrey\/files\/2019\/10\/peli-24x16.jpg 24w, https:\/\/blogsaverroes.juntadeandalucia.es\/cprcampodelrey\/files\/2019\/10\/peli-36x24.jpg 36w, https:\/\/blogsaverroes.juntadeandalucia.es\/cprcampodelrey\/files\/2019\/10\/peli-48x32.jpg 48w\" sizes=\"(max-width: 275px) 100vw, 275px\" \/><\/a>\n<h4 class=\"pt-cv-title\"><a href=\"https:\/\/blogsaverroes.juntadeandalucia.es\/cprcampodelrey\/un-cole-de-pelicula\/\" class=\"_self\" target=\"_self\" >UN COLE DE PEL\u00cdCULA<\/a><\/h4>\n<div class=\"pt-cv-content\"> ...<br \/><div class=\"pt-cv-rmwrap\"><a href=\"https:\/\/blogsaverroes.juntadeandalucia.es\/cprcampodelrey\/un-cole-de-pelicula\/\" class=\"_self pt-cv-readmore btn btn-success\" target=\"_self\">Leer M\u00e1s<\/a><\/div><\/div><\/div><\/div>\n<div class=\"col-md-4 col-sm-6 col-xs-12 pt-cv-content-item pt-cv-1-col\" ><div class='pt-cv-ifield'><a href=\"https:\/\/blogsaverroes.juntadeandalucia.es\/cprcampodelrey\/welcome-back\/\" class=\"_self pt-cv-href-thumbnail pt-cv-thumb-default\" target=\"_self\" ><img loading=\"lazy\" decoding=\"async\" width=\"254\" height=\"198\" src=\"https:\/\/blogsaverroes.juntadeandalucia.es\/cprcampodelrey\/files\/2019\/09\/DDD.jpg\" class=\"pt-cv-thumbnail\" alt=\"\" srcset=\"https:\/\/blogsaverroes.juntadeandalucia.es\/cprcampodelrey\/files\/2019\/09\/DDD.jpg 254w, https:\/\/blogsaverroes.juntadeandalucia.es\/cprcampodelrey\/files\/2019\/09\/DDD-24x19.jpg 24w, https:\/\/blogsaverroes.juntadeandalucia.es\/cprcampodelrey\/files\/2019\/09\/DDD-36x28.jpg 36w, https:\/\/blogsaverroes.juntadeandalucia.es\/cprcampodelrey\/files\/2019\/09\/DDD-48x37.jpg 48w\" sizes=\"(max-width: 254px) 100vw, 254px\" \/><\/a>\n<h4 class=\"pt-cv-title\"><a href=\"https:\/\/blogsaverroes.juntadeandalucia.es\/cprcampodelrey\/welcome-back\/\" class=\"_self\" target=\"_self\" >WELCOME BACK!<\/a><\/h4>\n<div class=\"pt-cv-content\"> ...<br \/><div class=\"pt-cv-rmwrap\"><a href=\"https:\/\/blogsaverroes.juntadeandalucia.es\/cprcampodelrey\/welcome-back\/\" class=\"_self pt-cv-readmore btn btn-success\" target=\"_self\">Leer M\u00e1s<\/a><\/div><\/div><\/div><\/div>\n<div class=\"col-md-4 col-sm-6 col-xs-12 pt-cv-content-item pt-cv-1-col\" ><div class='pt-cv-ifield'><a href=\"https:\/\/blogsaverroes.juntadeandalucia.es\/cprcampodelrey\/fin-de-curso\/\" class=\"_self pt-cv-href-thumbnail pt-cv-thumb-default\" target=\"_self\" ><img loading=\"lazy\" decoding=\"async\" width=\"300\" height=\"110\" src=\"https:\/\/blogsaverroes.juntadeandalucia.es\/cprcampodelrey\/files\/2019\/06\/fin-300x110.jpg\" class=\"pt-cv-thumbnail\" alt=\"\" srcset=\"https:\/\/blogsaverroes.juntadeandalucia.es\/cprcampodelrey\/files\/2019\/06\/fin-300x110.jpg 300w, https:\/\/blogsaverroes.juntadeandalucia.es\/cprcampodelrey\/files\/2019\/06\/fin-24x9.jpg 24w, https:\/\/blogsaverroes.juntadeandalucia.es\/cprcampodelrey\/files\/2019\/06\/fin-36x13.jpg 36w, https:\/\/blogsaverroes.juntadeandalucia.es\/cprcampodelrey\/files\/2019\/06\/fin-48x18.jpg 48w, https:\/\/blogsaverroes.juntadeandalucia.es\/cprcampodelrey\/files\/2019\/06\/fin.jpg 370w\" sizes=\"(max-width: 300px) 100vw, 300px\" \/><\/a>\n<h4 class=\"pt-cv-title\"><a href=\"https:\/\/blogsaverroes.juntadeandalucia.es\/cprcampodelrey\/fin-de-curso\/\" class=\"_self\" target=\"_self\" >FIN DE CURSO 2018\/2019<\/a><\/h4>\n<div class=\"pt-cv-content\"> ...<br \/><div class=\"pt-cv-rmwrap\"><a href=\"https:\/\/blogsaverroes.juntadeandalucia.es\/cprcampodelrey\/fin-de-curso\/\" class=\"_self pt-cv-readmore btn btn-success\" target=\"_self\">Leer M\u00e1s<\/a><\/div><\/div><\/div><\/div>\n<div class=\"col-md-4 col-sm-6 col-xs-12 pt-cv-content-item pt-cv-1-col\" ><div class='pt-cv-ifield'><a href=\"https:\/\/blogsaverroes.juntadeandalucia.es\/cprcampodelrey\/fiesta-del-agua-2\/\" class=\"_self pt-cv-href-thumbnail pt-cv-thumb-default\" target=\"_self\" ><img loading=\"lazy\" decoding=\"async\" width=\"259\" height=\"194\" src=\"https:\/\/blogsaverroes.juntadeandalucia.es\/cprcampodelrey\/files\/2019\/06\/agua.jpg\" class=\"pt-cv-thumbnail\" alt=\"\" srcset=\"https:\/\/blogsaverroes.juntadeandalucia.es\/cprcampodelrey\/files\/2019\/06\/agua.jpg 259w, https:\/\/blogsaverroes.juntadeandalucia.es\/cprcampodelrey\/files\/2019\/06\/agua-24x18.jpg 24w, https:\/\/blogsaverroes.juntadeandalucia.es\/cprcampodelrey\/files\/2019\/06\/agua-36x27.jpg 36w, https:\/\/blogsaverroes.juntadeandalucia.es\/cprcampodelrey\/files\/2019\/06\/agua-48x36.jpg 48w\" sizes=\"(max-width: 259px) 100vw, 259px\" \/><\/a>\n<h4 class=\"pt-cv-title\"><a href=\"https:\/\/blogsaverroes.juntadeandalucia.es\/cprcampodelrey\/fiesta-del-agua-2\/\" class=\"_self\" target=\"_self\" >FIESTA DEL AGUA 2019<\/a><\/h4>\n<div class=\"pt-cv-content\"> ...<br \/><div class=\"pt-cv-rmwrap\"><a href=\"https:\/\/blogsaverroes.juntadeandalucia.es\/cprcampodelrey\/fiesta-del-agua-2\/\" class=\"_self pt-cv-readmore btn btn-success\" target=\"_self\">Leer M\u00e1s<\/a><\/div><\/div><\/div><\/div>\n<div class=\"col-md-4 col-sm-6 col-xs-12 pt-cv-content-item pt-cv-1-col\" ><div class='pt-cv-ifield'><a href=\"https:\/\/blogsaverroes.juntadeandalucia.es\/cprcampodelrey\/ii-olimpiadas-interescolares-municipio-de-castril\/\" class=\"_self pt-cv-href-thumbnail pt-cv-thumb-default\" target=\"_self\" ><img loading=\"lazy\" decoding=\"async\" width=\"300\" height=\"225\" src=\"https:\/\/blogsaverroes.juntadeandalucia.es\/cprcampodelrey\/files\/2019\/06\/WE-300x225.jpeg\" class=\"pt-cv-thumbnail\" alt=\"\" srcset=\"https:\/\/blogsaverroes.juntadeandalucia.es\/cprcampodelrey\/files\/2019\/06\/WE-300x225.jpeg 300w, https:\/\/blogsaverroes.juntadeandalucia.es\/cprcampodelrey\/files\/2019\/06\/WE-768x576.jpeg 768w, https:\/\/blogsaverroes.juntadeandalucia.es\/cprcampodelrey\/files\/2019\/06\/WE.jpeg 1024w, https:\/\/blogsaverroes.juntadeandalucia.es\/cprcampodelrey\/files\/2019\/06\/WE-24x18.jpeg 24w, https:\/\/blogsaverroes.juntadeandalucia.es\/cprcampodelrey\/files\/2019\/06\/WE-36x27.jpeg 36w, https:\/\/blogsaverroes.juntadeandalucia.es\/cprcampodelrey\/files\/2019\/06\/WE-48x36.jpeg 48w\" sizes=\"(max-width: 300px) 100vw, 300px\" \/><\/a>\n<h4 class=\"pt-cv-title\"><a href=\"https:\/\/blogsaverroes.juntadeandalucia.es\/cprcampodelrey\/ii-olimpiadas-interescolares-municipio-de-castril\/\" class=\"_self\" target=\"_self\" >II OLIMPIADAS INTERESCOLARES MUNICIPIO DE CASTRIL<\/a><\/h4>\n<div class=\"pt-cv-content\"> ...<br \/><div class=\"pt-cv-rmwrap\"><a href=\"https:\/\/blogsaverroes.juntadeandalucia.es\/cprcampodelrey\/ii-olimpiadas-interescolares-municipio-de-castril\/\" class=\"_self pt-cv-readmore btn btn-success\" target=\"_self\">Leer M\u00e1s<\/a><\/div><\/div><\/div><\/div>\n<div class=\"col-md-4 col-sm-6 col-xs-12 pt-cv-content-item pt-cv-1-col\" ><div class='pt-cv-ifield'><a href=\"https:\/\/blogsaverroes.juntadeandalucia.es\/cprcampodelrey\/suelta-de-quebrantahuesos-2\/\" class=\"_self pt-cv-href-thumbnail pt-cv-thumb-default\" target=\"_self\" ><img loading=\"lazy\" decoding=\"async\" width=\"298\" height=\"169\" src=\"https:\/\/blogsaverroes.juntadeandalucia.es\/cprcampodelrey\/files\/2019\/05\/quebran.jpg\" class=\"pt-cv-thumbnail\" alt=\"\" srcset=\"https:\/\/blogsaverroes.juntadeandalucia.es\/cprcampodelrey\/files\/2019\/05\/quebran.jpg 298w, https:\/\/blogsaverroes.juntadeandalucia.es\/cprcampodelrey\/files\/2019\/05\/quebran-24x14.jpg 24w, https:\/\/blogsaverroes.juntadeandalucia.es\/cprcampodelrey\/files\/2019\/05\/quebran-36x20.jpg 36w, https:\/\/blogsaverroes.juntadeandalucia.es\/cprcampodelrey\/files\/2019\/05\/quebran-48x27.jpg 48w\" sizes=\"(max-width: 298px) 100vw, 298px\" \/><\/a>\n<h4 class=\"pt-cv-title\"><a href=\"https:\/\/blogsaverroes.juntadeandalucia.es\/cprcampodelrey\/suelta-de-quebrantahuesos-2\/\" class=\"_self\" target=\"_self\" >SUELTA DE QUEBRANTAHUESOS 2019<\/a><\/h4>\n<div class=\"pt-cv-content\"> ...<br \/><div class=\"pt-cv-rmwrap\"><a href=\"https:\/\/blogsaverroes.juntadeandalucia.es\/cprcampodelrey\/suelta-de-quebrantahuesos-2\/\" class=\"_self pt-cv-readmore btn btn-success\" target=\"_self\">Leer M\u00e1s<\/a><\/div><\/div><\/div><\/div>\n<div class=\"col-md-4 col-sm-6 col-xs-12 pt-cv-content-item pt-cv-1-col\" ><div class='pt-cv-ifield'><a href=\"https:\/\/blogsaverroes.juntadeandalucia.es\/cprcampodelrey\/plan-de-consumo-de-frutas-y-hortalizas-crece-en-salud\/\" class=\"_self pt-cv-href-thumbnail pt-cv-thumb-default\" target=\"_self\" ><img loading=\"lazy\" decoding=\"async\" width=\"300\" height=\"168\" src=\"https:\/\/blogsaverroes.juntadeandalucia.es\/cprcampodelrey\/files\/2019\/05\/fru-300x168.jpg\" class=\"pt-cv-thumbnail\" alt=\"\" srcset=\"https:\/\/blogsaverroes.juntadeandalucia.es\/cprcampodelrey\/files\/2019\/05\/fru.jpg 300w, https:\/\/blogsaverroes.juntadeandalucia.es\/cprcampodelrey\/files\/2019\/05\/fru-24x13.jpg 24w, https:\/\/blogsaverroes.juntadeandalucia.es\/cprcampodelrey\/files\/2019\/05\/fru-36x20.jpg 36w, https:\/\/blogsaverroes.juntadeandalucia.es\/cprcampodelrey\/files\/2019\/05\/fru-48x27.jpg 48w\" sizes=\"(max-width: 300px) 100vw, 300px\" \/><\/a>\n<h4 class=\"pt-cv-title\"><a href=\"https:\/\/blogsaverroes.juntadeandalucia.es\/cprcampodelrey\/plan-de-consumo-de-frutas-y-hortalizas-crece-en-salud\/\" class=\"_self\" target=\"_self\" >PLAN DE CONSUMO DE FRUTAS Y HORTALIZAS. CRECE EN SALUD<\/a><\/h4>\n<div class=\"pt-cv-content\"> ...<br \/><div class=\"pt-cv-rmwrap\"><a href=\"https:\/\/blogsaverroes.juntadeandalucia.es\/cprcampodelrey\/plan-de-consumo-de-frutas-y-hortalizas-crece-en-salud\/\" class=\"_self pt-cv-readmore btn btn-success\" target=\"_self\">Leer M\u00e1s<\/a><\/div><\/div><\/div><\/div>\n<div class=\"col-md-4 col-sm-6 col-xs-12 pt-cv-content-item pt-cv-1-col\" ><div class='pt-cv-ifield'><a href=\"https:\/\/blogsaverroes.juntadeandalucia.es\/cprcampodelrey\/dia-de-la-familia\/\" class=\"_self pt-cv-href-thumbnail pt-cv-thumb-default\" target=\"_self\" ><img loading=\"lazy\" decoding=\"async\" width=\"300\" height=\"160\" src=\"https:\/\/blogsaverroes.juntadeandalucia.es\/cprcampodelrey\/files\/2019\/05\/familia-300x160.jpg\" class=\"pt-cv-thumbnail\" alt=\"\" srcset=\"https:\/\/blogsaverroes.juntadeandalucia.es\/cprcampodelrey\/files\/2019\/05\/familia-300x160.jpg 300w, https:\/\/blogsaverroes.juntadeandalucia.es\/cprcampodelrey\/files\/2019\/05\/familia-24x13.jpg 24w, https:\/\/blogsaverroes.juntadeandalucia.es\/cprcampodelrey\/files\/2019\/05\/familia-36x19.jpg 36w, https:\/\/blogsaverroes.juntadeandalucia.es\/cprcampodelrey\/files\/2019\/05\/familia-48x26.jpg 48w, https:\/\/blogsaverroes.juntadeandalucia.es\/cprcampodelrey\/files\/2019\/05\/familia.jpg 307w\" sizes=\"(max-width: 300px) 100vw, 300px\" \/><\/a>\n<h4 class=\"pt-cv-title\"><a href=\"https:\/\/blogsaverroes.juntadeandalucia.es\/cprcampodelrey\/dia-de-la-familia\/\" class=\"_self\" target=\"_self\" >D\u00cdA DE LA FAMILIA 2019<\/a><\/h4>\n<div class=\"pt-cv-content\"> ...<br \/><div class=\"pt-cv-rmwrap\"><a href=\"https:\/\/blogsaverroes.juntadeandalucia.es\/cprcampodelrey\/dia-de-la-familia\/\" class=\"_self pt-cv-readmore btn btn-success\" target=\"_self\">Leer M\u00e1s<\/a><\/div><\/div><\/div><\/div>\n<div class=\"col-md-4 col-sm-6 col-xs-12 pt-cv-content-item pt-cv-1-col\" ><div class='pt-cv-ifield'><a href=\"https:\/\/blogsaverroes.juntadeandalucia.es\/cprcampodelrey\/dia-del-libro-2019\/\" class=\"_self pt-cv-href-thumbnail pt-cv-thumb-default\" target=\"_self\" ><img loading=\"lazy\" decoding=\"async\" width=\"205\" height=\"300\" src=\"https:\/\/blogsaverroes.juntadeandalucia.es\/cprcampodelrey\/files\/2019\/04\/LIBRO-205x300.jpeg\" class=\"pt-cv-thumbnail\" alt=\"\" srcset=\"https:\/\/blogsaverroes.juntadeandalucia.es\/cprcampodelrey\/files\/2019\/04\/LIBRO-205x300.jpeg 205w, https:\/\/blogsaverroes.juntadeandalucia.es\/cprcampodelrey\/files\/2019\/04\/LIBRO-700x1024.jpeg 700w, https:\/\/blogsaverroes.juntadeandalucia.es\/cprcampodelrey\/files\/2019\/04\/LIBRO-16x24.jpeg 16w, https:\/\/blogsaverroes.juntadeandalucia.es\/cprcampodelrey\/files\/2019\/04\/LIBRO-25x36.jpeg 25w, https:\/\/blogsaverroes.juntadeandalucia.es\/cprcampodelrey\/files\/2019\/04\/LIBRO-33x48.jpeg 33w, https:\/\/blogsaverroes.juntadeandalucia.es\/cprcampodelrey\/files\/2019\/04\/LIBRO.jpeg 1093w\" sizes=\"(max-width: 205px) 100vw, 205px\" \/><\/a>\n<h4 class=\"pt-cv-title\"><a href=\"https:\/\/blogsaverroes.juntadeandalucia.es\/cprcampodelrey\/dia-del-libro-2019\/\" class=\"_self\" target=\"_self\" >D\u00cdA DEL LIBRO 2019<\/a><\/h4>\n<div class=\"pt-cv-content\"> ...<br \/><div class=\"pt-cv-rmwrap\"><a href=\"https:\/\/blogsaverroes.juntadeandalucia.es\/cprcampodelrey\/dia-del-libro-2019\/\" class=\"_self pt-cv-readmore btn btn-success\" target=\"_self\">Leer M\u00e1s<\/a><\/div><\/div><\/div><\/div>\n<div class=\"col-md-4 col-sm-6 col-xs-12 pt-cv-content-item pt-cv-1-col\" ><div class='pt-cv-ifield'><a href=\"https:\/\/blogsaverroes.juntadeandalucia.es\/cprcampodelrey\/easter\/\" class=\"_self pt-cv-href-thumbnail pt-cv-thumb-default\" target=\"_self\" ><img loading=\"lazy\" decoding=\"async\" width=\"300\" height=\"141\" src=\"https:\/\/blogsaverroes.juntadeandalucia.es\/cprcampodelrey\/files\/2019\/04\/easter-300x141.jpg\" class=\"pt-cv-thumbnail\" alt=\"\" srcset=\"https:\/\/blogsaverroes.juntadeandalucia.es\/cprcampodelrey\/files\/2019\/04\/easter-300x141.jpg 300w, https:\/\/blogsaverroes.juntadeandalucia.es\/cprcampodelrey\/files\/2019\/04\/easter-24x11.jpg 24w, https:\/\/blogsaverroes.juntadeandalucia.es\/cprcampodelrey\/files\/2019\/04\/easter-36x17.jpg 36w, https:\/\/blogsaverroes.juntadeandalucia.es\/cprcampodelrey\/files\/2019\/04\/easter-48x23.jpg 48w, https:\/\/blogsaverroes.juntadeandalucia.es\/cprcampodelrey\/files\/2019\/04\/easter.jpg 327w\" sizes=\"(max-width: 300px) 100vw, 300px\" \/><\/a>\n<h4 class=\"pt-cv-title\"><a href=\"https:\/\/blogsaverroes.juntadeandalucia.es\/cprcampodelrey\/easter\/\" class=\"_self\" target=\"_self\" >EASTER!<\/a><\/h4>\n<div class=\"pt-cv-content\"> ...<br \/><div class=\"pt-cv-rmwrap\"><a href=\"https:\/\/blogsaverroes.juntadeandalucia.es\/cprcampodelrey\/easter\/\" class=\"_self pt-cv-readmore btn btn-success\" target=\"_self\">Leer M\u00e1s<\/a><\/div><\/div><\/div><\/div>\n<div class=\"col-md-4 col-sm-6 col-xs-12 pt-cv-content-item pt-cv-1-col\" ><div class='pt-cv-ifield'><a href=\"https:\/\/blogsaverroes.juntadeandalucia.es\/cprcampodelrey\/nous-parlons-francais\/\" class=\"_self pt-cv-href-thumbnail pt-cv-thumb-default\" target=\"_self\" ><img loading=\"lazy\" decoding=\"async\" width=\"297\" height=\"170\" src=\"https:\/\/blogsaverroes.juntadeandalucia.es\/cprcampodelrey\/files\/2019\/03\/frances.jpg\" class=\"pt-cv-thumbnail\" alt=\"\" srcset=\"https:\/\/blogsaverroes.juntadeandalucia.es\/cprcampodelrey\/files\/2019\/03\/frances.jpg 297w, https:\/\/blogsaverroes.juntadeandalucia.es\/cprcampodelrey\/files\/2019\/03\/frances-24x14.jpg 24w, https:\/\/blogsaverroes.juntadeandalucia.es\/cprcampodelrey\/files\/2019\/03\/frances-36x21.jpg 36w, https:\/\/blogsaverroes.juntadeandalucia.es\/cprcampodelrey\/files\/2019\/03\/frances-48x27.jpg 48w\" sizes=\"(max-width: 297px) 100vw, 297px\" \/><\/a>\n<h4 class=\"pt-cv-title\"><a href=\"https:\/\/blogsaverroes.juntadeandalucia.es\/cprcampodelrey\/nous-parlons-francais\/\" class=\"_self\" target=\"_self\" >NOUS PARLONS FRAN\u00c7AIS<\/a><\/h4>\n<div class=\"pt-cv-content\"> ...<br \/><div class=\"pt-cv-rmwrap\"><a href=\"https:\/\/blogsaverroes.juntadeandalucia.es\/cprcampodelrey\/nous-parlons-francais\/\" class=\"_self pt-cv-readmore btn btn-success\" target=\"_self\">Leer M\u00e1s<\/a><\/div><\/div><\/div><\/div>\n<div class=\"col-md-4 col-sm-6 col-xs-12 pt-cv-content-item pt-cv-1-col\" ><div class='pt-cv-ifield'><a href=\"https:\/\/blogsaverroes.juntadeandalucia.es\/cprcampodelrey\/cuidemos-el-agua\/\" class=\"_self pt-cv-href-thumbnail pt-cv-thumb-default\" target=\"_self\" ><img loading=\"lazy\" decoding=\"async\" width=\"275\" height=\"183\" src=\"https:\/\/blogsaverroes.juntadeandalucia.es\/cprcampodelrey\/files\/2019\/03\/agua.jpg\" class=\"pt-cv-thumbnail\" alt=\"\" srcset=\"https:\/\/blogsaverroes.juntadeandalucia.es\/cprcampodelrey\/files\/2019\/03\/agua.jpg 275w, https:\/\/blogsaverroes.juntadeandalucia.es\/cprcampodelrey\/files\/2019\/03\/agua-24x16.jpg 24w, https:\/\/blogsaverroes.juntadeandalucia.es\/cprcampodelrey\/files\/2019\/03\/agua-36x24.jpg 36w, https:\/\/blogsaverroes.juntadeandalucia.es\/cprcampodelrey\/files\/2019\/03\/agua-48x32.jpg 48w\" sizes=\"(max-width: 275px) 100vw, 275px\" \/><\/a>\n<h4 class=\"pt-cv-title\"><a href=\"https:\/\/blogsaverroes.juntadeandalucia.es\/cprcampodelrey\/cuidemos-el-agua\/\" class=\"_self\" target=\"_self\" >\u00a1CUIDEMOS EL AGUA!<\/a><\/h4>\n<div class=\"pt-cv-content\"> ...<br \/><div class=\"pt-cv-rmwrap\"><a href=\"https:\/\/blogsaverroes.juntadeandalucia.es\/cprcampodelrey\/cuidemos-el-agua\/\" class=\"_self pt-cv-readmore btn btn-success\" target=\"_self\">Leer M\u00e1s<\/a><\/div><\/div><\/div><\/div>\n<div class=\"col-md-4 col-sm-6 col-xs-12 pt-cv-content-item pt-cv-1-col\" ><div class='pt-cv-ifield'><a href=\"https:\/\/blogsaverroes.juntadeandalucia.es\/cprcampodelrey\/8-de-marzo-de-2019\/\" class=\"_self pt-cv-href-thumbnail pt-cv-thumb-default\" target=\"_self\" ><img loading=\"lazy\" decoding=\"async\" width=\"300\" height=\"147\" src=\"https:\/\/blogsaverroes.juntadeandalucia.es\/cprcampodelrey\/files\/2019\/03\/8m-300x147.jpg\" class=\"pt-cv-thumbnail\" alt=\"\" srcset=\"https:\/\/blogsaverroes.juntadeandalucia.es\/cprcampodelrey\/files\/2019\/03\/8m-300x147.jpg 300w, https:\/\/blogsaverroes.juntadeandalucia.es\/cprcampodelrey\/files\/2019\/03\/8m-24x12.jpg 24w, https:\/\/blogsaverroes.juntadeandalucia.es\/cprcampodelrey\/files\/2019\/03\/8m-36x18.jpg 36w, https:\/\/blogsaverroes.juntadeandalucia.es\/cprcampodelrey\/files\/2019\/03\/8m-48x23.jpg 48w, https:\/\/blogsaverroes.juntadeandalucia.es\/cprcampodelrey\/files\/2019\/03\/8m.jpg 321w\" sizes=\"(max-width: 300px) 100vw, 300px\" \/><\/a>\n<h4 class=\"pt-cv-title\"><a href=\"https:\/\/blogsaverroes.juntadeandalucia.es\/cprcampodelrey\/8-de-marzo-de-2019\/\" class=\"_self\" target=\"_self\" >8 DE MARZO DE 2019<\/a><\/h4>\n<div class=\"pt-cv-content\"> ...<br \/><div class=\"pt-cv-rmwrap\"><a href=\"https:\/\/blogsaverroes.juntadeandalucia.es\/cprcampodelrey\/8-de-marzo-de-2019\/\" class=\"_self pt-cv-readmore btn btn-success\" target=\"_self\">Leer M\u00e1s<\/a><\/div><\/div><\/div><\/div>\n<div class=\"col-md-4 col-sm-6 col-xs-12 pt-cv-content-item pt-cv-1-col\" ><div class='pt-cv-ifield'><a href=\"https:\/\/blogsaverroes.juntadeandalucia.es\/cprcampodelrey\/dia-de-andalucia-2019\/\" class=\"_self pt-cv-href-thumbnail pt-cv-thumb-default\" target=\"_self\" ><img loading=\"lazy\" decoding=\"async\" width=\"295\" height=\"171\" src=\"https:\/\/blogsaverroes.juntadeandalucia.es\/cprcampodelrey\/files\/2019\/03\/AND.jpg\" class=\"pt-cv-thumbnail\" alt=\"\" srcset=\"https:\/\/blogsaverroes.juntadeandalucia.es\/cprcampodelrey\/files\/2019\/03\/AND.jpg 295w, https:\/\/blogsaverroes.juntadeandalucia.es\/cprcampodelrey\/files\/2019\/03\/AND-24x14.jpg 24w, https:\/\/blogsaverroes.juntadeandalucia.es\/cprcampodelrey\/files\/2019\/03\/AND-36x21.jpg 36w, https:\/\/blogsaverroes.juntadeandalucia.es\/cprcampodelrey\/files\/2019\/03\/AND-48x28.jpg 48w\" sizes=\"(max-width: 295px) 100vw, 295px\" \/><\/a>\n<h4 class=\"pt-cv-title\"><a href=\"https:\/\/blogsaverroes.juntadeandalucia.es\/cprcampodelrey\/dia-de-andalucia-2019\/\" class=\"_self\" target=\"_self\" >D\u00cdA DE ANDALUC\u00cdA 2019<\/a><\/h4>\n<div class=\"pt-cv-content\"> ...<br \/><div class=\"pt-cv-rmwrap\"><a href=\"https:\/\/blogsaverroes.juntadeandalucia.es\/cprcampodelrey\/dia-de-andalucia-2019\/\" class=\"_self pt-cv-readmore btn btn-success\" target=\"_self\">Leer M\u00e1s<\/a><\/div><\/div><\/div><\/div>\n<div class=\"col-md-4 col-sm-6 col-xs-12 pt-cv-content-item pt-cv-1-col\" ><div class='pt-cv-ifield'><a href=\"https:\/\/blogsaverroes.juntadeandalucia.es\/cprcampodelrey\/etwinning-proyectando-con-europa\/\" class=\"_self pt-cv-href-thumbnail pt-cv-thumb-default\" target=\"_self\" ><img loading=\"lazy\" decoding=\"async\" width=\"300\" height=\"120\" src=\"https:\/\/blogsaverroes.juntadeandalucia.es\/cprcampodelrey\/files\/2019\/02\/UUTU-300x120.png\" class=\"pt-cv-thumbnail\" alt=\"\" srcset=\"https:\/\/blogsaverroes.juntadeandalucia.es\/cprcampodelrey\/files\/2019\/02\/UUTU-300x120.png 300w, https:\/\/blogsaverroes.juntadeandalucia.es\/cprcampodelrey\/files\/2019\/02\/UUTU-24x10.png 24w, https:\/\/blogsaverroes.juntadeandalucia.es\/cprcampodelrey\/files\/2019\/02\/UUTU-36x14.png 36w, https:\/\/blogsaverroes.juntadeandalucia.es\/cprcampodelrey\/files\/2019\/02\/UUTU-48x19.png 48w, https:\/\/blogsaverroes.juntadeandalucia.es\/cprcampodelrey\/files\/2019\/02\/UUTU.png 356w\" sizes=\"(max-width: 300px) 100vw, 300px\" \/><\/a>\n<h4 class=\"pt-cv-title\"><a href=\"https:\/\/blogsaverroes.juntadeandalucia.es\/cprcampodelrey\/etwinning-proyectando-con-europa\/\" class=\"_self\" target=\"_self\" >ETWINNING !!! PROYECTANDO CON EUROPA<\/a><\/h4>\n<div class=\"pt-cv-content\"> ...<br \/><div class=\"pt-cv-rmwrap\"><a href=\"https:\/\/blogsaverroes.juntadeandalucia.es\/cprcampodelrey\/etwinning-proyectando-con-europa\/\" class=\"_self pt-cv-readmore btn btn-success\" target=\"_self\">Leer M\u00e1s<\/a><\/div><\/div><\/div><\/div>\n<div class=\"col-md-4 col-sm-6 col-xs-12 pt-cv-content-item pt-cv-1-col\" ><div class='pt-cv-ifield'><a href=\"https:\/\/blogsaverroes.juntadeandalucia.es\/cprcampodelrey\/la-chandeleur\/\" class=\"_self pt-cv-href-thumbnail pt-cv-thumb-default\" target=\"_self\" ><img loading=\"lazy\" decoding=\"async\" width=\"282\" height=\"179\" src=\"https:\/\/blogsaverroes.juntadeandalucia.es\/cprcampodelrey\/files\/2019\/02\/dcf.jpg\" class=\"pt-cv-thumbnail\" alt=\"\" srcset=\"https:\/\/blogsaverroes.juntadeandalucia.es\/cprcampodelrey\/files\/2019\/02\/dcf.jpg 282w, https:\/\/blogsaverroes.juntadeandalucia.es\/cprcampodelrey\/files\/2019\/02\/dcf-280x179.jpg 280w, https:\/\/blogsaverroes.juntadeandalucia.es\/cprcampodelrey\/files\/2019\/02\/dcf-24x15.jpg 24w, https:\/\/blogsaverroes.juntadeandalucia.es\/cprcampodelrey\/files\/2019\/02\/dcf-36x23.jpg 36w, https:\/\/blogsaverroes.juntadeandalucia.es\/cprcampodelrey\/files\/2019\/02\/dcf-48x30.jpg 48w\" sizes=\"(max-width: 282px) 100vw, 282px\" \/><\/a>\n<h4 class=\"pt-cv-title\"><a href=\"https:\/\/blogsaverroes.juntadeandalucia.es\/cprcampodelrey\/la-chandeleur\/\" class=\"_self\" target=\"_self\" >LA CHANDELEUR<\/a><\/h4>\n<div class=\"pt-cv-content\"> ...<br \/><div class=\"pt-cv-rmwrap\"><a href=\"https:\/\/blogsaverroes.juntadeandalucia.es\/cprcampodelrey\/la-chandeleur\/\" class=\"_self pt-cv-readmore btn btn-success\" target=\"_self\">Leer M\u00e1s<\/a><\/div><\/div><\/div><\/div>\n<div class=\"col-md-4 col-sm-6 col-xs-12 pt-cv-content-item pt-cv-1-col\" ><div class='pt-cv-ifield'><a href=\"https:\/\/blogsaverroes.juntadeandalucia.es\/cprcampodelrey\/dia-de-la-paz-2\/\" class=\"_self pt-cv-href-thumbnail pt-cv-thumb-default\" target=\"_self\" ><img loading=\"lazy\" decoding=\"async\" width=\"243\" height=\"207\" src=\"https:\/\/blogsaverroes.juntadeandalucia.es\/cprcampodelrey\/files\/2019\/02\/dsd.jpg\" class=\"pt-cv-thumbnail\" alt=\"\" srcset=\"https:\/\/blogsaverroes.juntadeandalucia.es\/cprcampodelrey\/files\/2019\/02\/dsd.jpg 243w, https:\/\/blogsaverroes.juntadeandalucia.es\/cprcampodelrey\/files\/2019\/02\/dsd-24x20.jpg 24w, https:\/\/blogsaverroes.juntadeandalucia.es\/cprcampodelrey\/files\/2019\/02\/dsd-36x31.jpg 36w, https:\/\/blogsaverroes.juntadeandalucia.es\/cprcampodelrey\/files\/2019\/02\/dsd-48x41.jpg 48w\" sizes=\"(max-width: 243px) 100vw, 243px\" \/><\/a>\n<h4 class=\"pt-cv-title\"><a href=\"https:\/\/blogsaverroes.juntadeandalucia.es\/cprcampodelrey\/dia-de-la-paz-2\/\" class=\"_self\" target=\"_self\" >D\u00cdA DE LA PAZ 2019<\/a><\/h4>\n<div class=\"pt-cv-content\"> ...<br \/><div class=\"pt-cv-rmwrap\"><a href=\"https:\/\/blogsaverroes.juntadeandalucia.es\/cprcampodelrey\/dia-de-la-paz-2\/\" class=\"_self pt-cv-readmore btn btn-success\" target=\"_self\">Leer M\u00e1s<\/a><\/div><\/div><\/div><\/div>\n<div class=\"col-md-4 col-sm-6 col-xs-12 pt-cv-content-item pt-cv-1-col\" ><div class='pt-cv-ifield'><a href=\"https:\/\/blogsaverroes.juntadeandalucia.es\/cprcampodelrey\/fiesta-de-navidad-2018\/\" class=\"_self pt-cv-href-thumbnail pt-cv-thumb-default\" target=\"_self\" ><img loading=\"lazy\" decoding=\"async\" width=\"283\" height=\"178\" src=\"https:\/\/blogsaverroes.juntadeandalucia.es\/cprcampodelrey\/files\/2018\/12\/LKLL.jpg\" class=\"pt-cv-thumbnail\" alt=\"\" srcset=\"https:\/\/blogsaverroes.juntadeandalucia.es\/cprcampodelrey\/files\/2018\/12\/LKLL.jpg 283w, https:\/\/blogsaverroes.juntadeandalucia.es\/cprcampodelrey\/files\/2018\/12\/LKLL-24x15.jpg 24w, https:\/\/blogsaverroes.juntadeandalucia.es\/cprcampodelrey\/files\/2018\/12\/LKLL-36x23.jpg 36w, https:\/\/blogsaverroes.juntadeandalucia.es\/cprcampodelrey\/files\/2018\/12\/LKLL-48x30.jpg 48w\" sizes=\"(max-width: 283px) 100vw, 283px\" \/><\/a>\n<h4 class=\"pt-cv-title\"><a href=\"https:\/\/blogsaverroes.juntadeandalucia.es\/cprcampodelrey\/fiesta-de-navidad-2018\/\" class=\"_self\" target=\"_self\" >FIESTA DE NAVIDAD 2018<\/a><\/h4>\n<div class=\"pt-cv-content\"> ...<br \/><div class=\"pt-cv-rmwrap\"><a href=\"https:\/\/blogsaverroes.juntadeandalucia.es\/cprcampodelrey\/fiesta-de-navidad-2018\/\" class=\"_self pt-cv-readmore btn btn-success\" target=\"_self\">Leer M\u00e1s<\/a><\/div><\/div><\/div><\/div>\n<div class=\"col-md-4 col-sm-6 col-xs-12 pt-cv-content-item pt-cv-1-col\" ><div class='pt-cv-ifield'><a href=\"https:\/\/blogsaverroes.juntadeandalucia.es\/cprcampodelrey\/izando-banderas\/\" class=\"_self pt-cv-href-thumbnail pt-cv-thumb-default\" target=\"_self\" ><img loading=\"lazy\" decoding=\"async\" width=\"300\" height=\"65\" src=\"https:\/\/blogsaverroes.juntadeandalucia.es\/cprcampodelrey\/files\/2018\/12\/HSH-300x65.jpg\" class=\"pt-cv-thumbnail\" alt=\"\" srcset=\"https:\/\/blogsaverroes.juntadeandalucia.es\/cprcampodelrey\/files\/2018\/12\/HSH-300x65.jpg 300w, https:\/\/blogsaverroes.juntadeandalucia.es\/cprcampodelrey\/files\/2018\/12\/HSH-24x5.jpg 24w, https:\/\/blogsaverroes.juntadeandalucia.es\/cprcampodelrey\/files\/2018\/12\/HSH-36x8.jpg 36w, https:\/\/blogsaverroes.juntadeandalucia.es\/cprcampodelrey\/files\/2018\/12\/HSH-48x10.jpg 48w, https:\/\/blogsaverroes.juntadeandalucia.es\/cprcampodelrey\/files\/2018\/12\/HSH.jpg 482w\" sizes=\"(max-width: 300px) 100vw, 300px\" \/><\/a>\n<h4 class=\"pt-cv-title\"><a href=\"https:\/\/blogsaverroes.juntadeandalucia.es\/cprcampodelrey\/izando-banderas\/\" class=\"_self\" target=\"_self\" >IZANDO BANDERAS<\/a><\/h4>\n<div class=\"pt-cv-content\"> ...<br \/><div class=\"pt-cv-rmwrap\"><a href=\"https:\/\/blogsaverroes.juntadeandalucia.es\/cprcampodelrey\/izando-banderas\/\" class=\"_self pt-cv-readmore btn btn-success\" target=\"_self\">Leer M\u00e1s<\/a><\/div><\/div><\/div><\/div>\n<div class=\"col-md-4 col-sm-6 col-xs-12 pt-cv-content-item pt-cv-1-col\" ><div class='pt-cv-ifield'><a href=\"https:\/\/blogsaverroes.juntadeandalucia.es\/cprcampodelrey\/dia-de-la-no-violencia-y-dia-del-flamenco\/\" class=\"_self pt-cv-href-thumbnail pt-cv-thumb-default\" target=\"_self\" ><img loading=\"lazy\" decoding=\"async\" width=\"285\" height=\"177\" src=\"https:\/\/blogsaverroes.juntadeandalucia.es\/cprcampodelrey\/files\/2018\/11\/d.jpg\" class=\"pt-cv-thumbnail\" alt=\"\" srcset=\"https:\/\/blogsaverroes.juntadeandalucia.es\/cprcampodelrey\/files\/2018\/11\/d.jpg 285w, https:\/\/blogsaverroes.juntadeandalucia.es\/cprcampodelrey\/files\/2018\/11\/d-24x15.jpg 24w, https:\/\/blogsaverroes.juntadeandalucia.es\/cprcampodelrey\/files\/2018\/11\/d-36x22.jpg 36w, https:\/\/blogsaverroes.juntadeandalucia.es\/cprcampodelrey\/files\/2018\/11\/d-48x30.jpg 48w\" sizes=\"(max-width: 285px) 100vw, 285px\" \/><\/a>\n<h4 class=\"pt-cv-title\"><a href=\"https:\/\/blogsaverroes.juntadeandalucia.es\/cprcampodelrey\/dia-de-la-no-violencia-y-dia-del-flamenco\/\" class=\"_self\" target=\"_self\" >D\u00cdA DE LA NO VIOLENCIA Y D\u00cdA DEL FLAMENCO 2018<\/a><\/h4>\n<div class=\"pt-cv-content\"> ...<br \/><div class=\"pt-cv-rmwrap\"><a href=\"https:\/\/blogsaverroes.juntadeandalucia.es\/cprcampodelrey\/dia-de-la-no-violencia-y-dia-del-flamenco\/\" class=\"_self pt-cv-readmore btn btn-success\" target=\"_self\">Leer M\u00e1s<\/a><\/div><\/div><\/div><\/div>\n<div class=\"col-md-4 col-sm-6 col-xs-12 pt-cv-content-item pt-cv-1-col\" ><div class='pt-cv-ifield'><a href=\"https:\/\/blogsaverroes.juntadeandalucia.es\/cprcampodelrey\/un-halloween-de-miedo\/\" class=\"_self pt-cv-href-thumbnail pt-cv-thumb-default\" target=\"_self\" ><img loading=\"lazy\" decoding=\"async\" width=\"300\" height=\"136\" src=\"https:\/\/blogsaverroes.juntadeandalucia.es\/cprcampodelrey\/files\/2018\/11\/Hallo-300x136.jpg\" class=\"pt-cv-thumbnail\" alt=\"\" srcset=\"https:\/\/blogsaverroes.juntadeandalucia.es\/cprcampodelrey\/files\/2018\/11\/Hallo-300x136.jpg 300w, https:\/\/blogsaverroes.juntadeandalucia.es\/cprcampodelrey\/files\/2018\/11\/Hallo-24x11.jpg 24w, https:\/\/blogsaverroes.juntadeandalucia.es\/cprcampodelrey\/files\/2018\/11\/Hallo-36x16.jpg 36w, https:\/\/blogsaverroes.juntadeandalucia.es\/cprcampodelrey\/files\/2018\/11\/Hallo-48x22.jpg 48w, https:\/\/blogsaverroes.juntadeandalucia.es\/cprcampodelrey\/files\/2018\/11\/Hallo.jpg 334w\" sizes=\"(max-width: 300px) 100vw, 300px\" \/><\/a>\n<h4 class=\"pt-cv-title\"><a href=\"https:\/\/blogsaverroes.juntadeandalucia.es\/cprcampodelrey\/un-halloween-de-miedo\/\" class=\"_self\" target=\"_self\" >UN HALLOWEEN DE MIEDO<\/a><\/h4>\n<div class=\"pt-cv-content\"> ...<br \/><div class=\"pt-cv-rmwrap\"><a href=\"https:\/\/blogsaverroes.juntadeandalucia.es\/cprcampodelrey\/un-halloween-de-miedo\/\" class=\"_self pt-cv-readmore btn btn-success\" target=\"_self\">Leer M\u00e1s<\/a><\/div><\/div><\/div><\/div>\n<div class=\"col-md-4 col-sm-6 col-xs-12 pt-cv-content-item pt-cv-1-col\" ><div class='pt-cv-ifield'><a href=\"https:\/\/blogsaverroes.juntadeandalucia.es\/cprcampodelrey\/treat-or-trick\/\" class=\"_self pt-cv-href-thumbnail pt-cv-thumb-default\" target=\"_self\" ><img loading=\"lazy\" decoding=\"async\" width=\"300\" height=\"132\" src=\"https:\/\/blogsaverroes.juntadeandalucia.es\/cprcampodelrey\/files\/2018\/11\/j-300x132.jpg\" class=\"pt-cv-thumbnail\" alt=\"\" srcset=\"https:\/\/blogsaverroes.juntadeandalucia.es\/cprcampodelrey\/files\/2018\/11\/j-300x132.jpg 300w, https:\/\/blogsaverroes.juntadeandalucia.es\/cprcampodelrey\/files\/2018\/11\/j-24x11.jpg 24w, https:\/\/blogsaverroes.juntadeandalucia.es\/cprcampodelrey\/files\/2018\/11\/j-36x16.jpg 36w, https:\/\/blogsaverroes.juntadeandalucia.es\/cprcampodelrey\/files\/2018\/11\/j-48x21.jpg 48w, https:\/\/blogsaverroes.juntadeandalucia.es\/cprcampodelrey\/files\/2018\/11\/j.jpg 339w\" sizes=\"(max-width: 300px) 100vw, 300px\" \/><\/a>\n<h4 class=\"pt-cv-title\"><a href=\"https:\/\/blogsaverroes.juntadeandalucia.es\/cprcampodelrey\/treat-or-trick\/\" class=\"_self\" target=\"_self\" >TREAT OR TRICK<\/a><\/h4>\n<div class=\"pt-cv-content\"> ...<br \/><div class=\"pt-cv-rmwrap\"><a href=\"https:\/\/blogsaverroes.juntadeandalucia.es\/cprcampodelrey\/treat-or-trick\/\" class=\"_self pt-cv-readmore btn btn-success\" target=\"_self\">Leer M\u00e1s<\/a><\/div><\/div><\/div><\/div>\n<div class=\"col-md-4 col-sm-6 col-xs-12 pt-cv-content-item pt-cv-1-col\" ><div class='pt-cv-ifield'><a href=\"https:\/\/blogsaverroes.juntadeandalucia.es\/cprcampodelrey\/dia-del-ninoa-feria-de-castril\/\" class=\"_self pt-cv-href-thumbnail pt-cv-thumb-default\" target=\"_self\" ><img loading=\"lazy\" decoding=\"async\" width=\"293\" height=\"172\" src=\"https:\/\/blogsaverroes.juntadeandalucia.es\/cprcampodelrey\/files\/2018\/10\/er.jpg\" class=\"pt-cv-thumbnail\" alt=\"\" srcset=\"https:\/\/blogsaverroes.juntadeandalucia.es\/cprcampodelrey\/files\/2018\/10\/er.jpg 293w, https:\/\/blogsaverroes.juntadeandalucia.es\/cprcampodelrey\/files\/2018\/10\/er-24x14.jpg 24w, https:\/\/blogsaverroes.juntadeandalucia.es\/cprcampodelrey\/files\/2018\/10\/er-36x21.jpg 36w, https:\/\/blogsaverroes.juntadeandalucia.es\/cprcampodelrey\/files\/2018\/10\/er-48x28.jpg 48w\" sizes=\"(max-width: 293px) 100vw, 293px\" \/><\/a>\n<h4 class=\"pt-cv-title\"><a href=\"https:\/\/blogsaverroes.juntadeandalucia.es\/cprcampodelrey\/dia-del-ninoa-feria-de-castril\/\" class=\"_self\" target=\"_self\" >D\u00eda del ni\u00f1o\/a \u00abFeria de Castril\u00bb<\/a><\/h4>\n<div class=\"pt-cv-content\"> ...<br \/><div class=\"pt-cv-rmwrap\"><a href=\"https:\/\/blogsaverroes.juntadeandalucia.es\/cprcampodelrey\/dia-del-ninoa-feria-de-castril\/\" class=\"_self pt-cv-readmore btn btn-success\" target=\"_self\">Leer M\u00e1s<\/a><\/div><\/div><\/div><\/div>\n<div class=\"col-md-4 col-sm-6 col-xs-12 pt-cv-content-item pt-cv-1-col\" ><div class='pt-cv-ifield'><a href=\"https:\/\/blogsaverroes.juntadeandalucia.es\/cprcampodelrey\/setas-de-otono\/\" class=\"_self pt-cv-href-thumbnail pt-cv-thumb-default\" target=\"_self\" ><img loading=\"lazy\" decoding=\"async\" width=\"294\" height=\"171\" src=\"https:\/\/blogsaverroes.juntadeandalucia.es\/cprcampodelrey\/files\/2018\/10\/setas.jpg\" class=\"pt-cv-thumbnail\" alt=\"\" srcset=\"https:\/\/blogsaverroes.juntadeandalucia.es\/cprcampodelrey\/files\/2018\/10\/setas.jpg 294w, https:\/\/blogsaverroes.juntadeandalucia.es\/cprcampodelrey\/files\/2018\/10\/setas-24x14.jpg 24w, https:\/\/blogsaverroes.juntadeandalucia.es\/cprcampodelrey\/files\/2018\/10\/setas-36x21.jpg 36w, https:\/\/blogsaverroes.juntadeandalucia.es\/cprcampodelrey\/files\/2018\/10\/setas-48x28.jpg 48w\" sizes=\"(max-width: 294px) 100vw, 294px\" \/><\/a>\n<h4 class=\"pt-cv-title\"><a href=\"https:\/\/blogsaverroes.juntadeandalucia.es\/cprcampodelrey\/setas-de-otono\/\" class=\"_self\" target=\"_self\" >Setas de oto\u00f1o<\/a><\/h4>\n<div class=\"pt-cv-content\"> ...<br \/><div class=\"pt-cv-rmwrap\"><a href=\"https:\/\/blogsaverroes.juntadeandalucia.es\/cprcampodelrey\/setas-de-otono\/\" class=\"_self pt-cv-readmore btn btn-success\" target=\"_self\">Leer M\u00e1s<\/a><\/div><\/div><\/div><\/div>\n<div class=\"col-md-4 col-sm-6 col-xs-12 pt-cv-content-item pt-cv-1-col\" ><div class='pt-cv-ifield'><a href=\"https:\/\/blogsaverroes.juntadeandalucia.es\/cprcampodelrey\/fiesta-de-fin-de-curso-y-acto-de-graduacion\/\" class=\"_self pt-cv-href-thumbnail pt-cv-thumb-default\" target=\"_self\" ><img loading=\"lazy\" decoding=\"async\" width=\"300\" height=\"154\" src=\"https:\/\/blogsaverroes.juntadeandalucia.es\/cprcampodelrey\/files\/2018\/06\/gra-300x154.jpg\" class=\"pt-cv-thumbnail\" alt=\"\" srcset=\"https:\/\/blogsaverroes.juntadeandalucia.es\/cprcampodelrey\/files\/2018\/06\/gra-300x154.jpg 300w, https:\/\/blogsaverroes.juntadeandalucia.es\/cprcampodelrey\/files\/2018\/06\/gra-24x12.jpg 24w, https:\/\/blogsaverroes.juntadeandalucia.es\/cprcampodelrey\/files\/2018\/06\/gra-36x19.jpg 36w, https:\/\/blogsaverroes.juntadeandalucia.es\/cprcampodelrey\/files\/2018\/06\/gra-48x25.jpg 48w, https:\/\/blogsaverroes.juntadeandalucia.es\/cprcampodelrey\/files\/2018\/06\/gra.jpg 313w\" sizes=\"(max-width: 300px) 100vw, 300px\" \/><\/a>\n<h4 class=\"pt-cv-title\"><a href=\"https:\/\/blogsaverroes.juntadeandalucia.es\/cprcampodelrey\/fiesta-de-fin-de-curso-y-acto-de-graduacion\/\" class=\"_self\" target=\"_self\" >Fiesta de fin de curso y Acto de graduaci\u00f3n 2018<\/a><\/h4>\n<div class=\"pt-cv-content\"> ...<br \/><div class=\"pt-cv-rmwrap\"><a href=\"https:\/\/blogsaverroes.juntadeandalucia.es\/cprcampodelrey\/fiesta-de-fin-de-curso-y-acto-de-graduacion\/\" class=\"_self pt-cv-readmore btn btn-success\" target=\"_self\">Leer M\u00e1s<\/a><\/div><\/div><\/div><\/div>\n<div class=\"col-md-4 col-sm-6 col-xs-12 pt-cv-content-item pt-cv-1-col\" ><div class='pt-cv-ifield'><a href=\"https:\/\/blogsaverroes.juntadeandalucia.es\/cprcampodelrey\/fiesta-del-agua\/\" class=\"_self pt-cv-href-thumbnail pt-cv-thumb-default\" target=\"_self\" ><img loading=\"lazy\" decoding=\"async\" width=\"300\" height=\"140\" src=\"https:\/\/blogsaverroes.juntadeandalucia.es\/cprcampodelrey\/files\/2018\/06\/adr-300x140.jpg\" class=\"pt-cv-thumbnail\" alt=\"\" srcset=\"https:\/\/blogsaverroes.juntadeandalucia.es\/cprcampodelrey\/files\/2018\/06\/adr-300x140.jpg 300w, https:\/\/blogsaverroes.juntadeandalucia.es\/cprcampodelrey\/files\/2018\/06\/adr-24x11.jpg 24w, https:\/\/blogsaverroes.juntadeandalucia.es\/cprcampodelrey\/files\/2018\/06\/adr-36x17.jpg 36w, https:\/\/blogsaverroes.juntadeandalucia.es\/cprcampodelrey\/files\/2018\/06\/adr-48x22.jpg 48w, https:\/\/blogsaverroes.juntadeandalucia.es\/cprcampodelrey\/files\/2018\/06\/adr.jpg 329w\" sizes=\"(max-width: 300px) 100vw, 300px\" \/><\/a>\n<h4 class=\"pt-cv-title\"><a href=\"https:\/\/blogsaverroes.juntadeandalucia.es\/cprcampodelrey\/fiesta-del-agua\/\" class=\"_self\" target=\"_self\" >Fiesta del agua<\/a><\/h4>\n<div class=\"pt-cv-content\"> ...<br \/><div class=\"pt-cv-rmwrap\"><a href=\"https:\/\/blogsaverroes.juntadeandalucia.es\/cprcampodelrey\/fiesta-del-agua\/\" class=\"_self pt-cv-readmore btn btn-success\" target=\"_self\">Leer M\u00e1s<\/a><\/div><\/div><\/div><\/div>\n<div class=\"col-md-4 col-sm-6 col-xs-12 pt-cv-content-item pt-cv-1-col\" ><div class='pt-cv-ifield'><a href=\"https:\/\/blogsaverroes.juntadeandalucia.es\/cprcampodelrey\/i-olimpiadas-interescolares-municipio-de-castril-almontaras-2018\/\" class=\"_self pt-cv-href-thumbnail pt-cv-thumb-default\" target=\"_self\" ><img loading=\"lazy\" decoding=\"async\" width=\"300\" height=\"150\" src=\"https:\/\/blogsaverroes.juntadeandalucia.es\/cprcampodelrey\/files\/2018\/06\/olimpiadas-300x150.png\" class=\"pt-cv-thumbnail\" alt=\"\" srcset=\"https:\/\/blogsaverroes.juntadeandalucia.es\/cprcampodelrey\/files\/2018\/06\/olimpiadas-300x150.png 300w, https:\/\/blogsaverroes.juntadeandalucia.es\/cprcampodelrey\/files\/2018\/06\/olimpiadas-24x12.png 24w, https:\/\/blogsaverroes.juntadeandalucia.es\/cprcampodelrey\/files\/2018\/06\/olimpiadas-36x18.png 36w, https:\/\/blogsaverroes.juntadeandalucia.es\/cprcampodelrey\/files\/2018\/06\/olimpiadas-48x24.png 48w, https:\/\/blogsaverroes.juntadeandalucia.es\/cprcampodelrey\/files\/2018\/06\/olimpiadas.png 318w\" sizes=\"(max-width: 300px) 100vw, 300px\" \/><\/a>\n<h4 class=\"pt-cv-title\"><a href=\"https:\/\/blogsaverroes.juntadeandalucia.es\/cprcampodelrey\/i-olimpiadas-interescolares-municipio-de-castril-almontaras-2018\/\" class=\"_self\" target=\"_self\" >I Olimpiadas interescolares municipio de Castril. Almontaras 2018<\/a><\/h4>\n<div class=\"pt-cv-content\"> ...<br \/><div class=\"pt-cv-rmwrap\"><a href=\"https:\/\/blogsaverroes.juntadeandalucia.es\/cprcampodelrey\/i-olimpiadas-interescolares-municipio-de-castril-almontaras-2018\/\" class=\"_self pt-cv-readmore btn btn-success\" target=\"_self\">Leer M\u00e1s<\/a><\/div><\/div><\/div><\/div>\n<div class=\"col-md-4 col-sm-6 col-xs-12 pt-cv-content-item pt-cv-1-col\" ><div class='pt-cv-ifield'><a href=\"https:\/\/blogsaverroes.juntadeandalucia.es\/cprcampodelrey\/suelta-de-quebrantahuesos\/\" class=\"_self pt-cv-href-thumbnail pt-cv-thumb-default\" target=\"_self\" ><img loading=\"lazy\" decoding=\"async\" width=\"275\" height=\"183\" src=\"https:\/\/blogsaverroes.juntadeandalucia.es\/cprcampodelrey\/files\/2018\/06\/Quebrantahuesos.jpg\" class=\"pt-cv-thumbnail\" alt=\"\" srcset=\"https:\/\/blogsaverroes.juntadeandalucia.es\/cprcampodelrey\/files\/2018\/06\/Quebrantahuesos.jpg 275w, https:\/\/blogsaverroes.juntadeandalucia.es\/cprcampodelrey\/files\/2018\/06\/Quebrantahuesos-24x16.jpg 24w, https:\/\/blogsaverroes.juntadeandalucia.es\/cprcampodelrey\/files\/2018\/06\/Quebrantahuesos-36x24.jpg 36w, https:\/\/blogsaverroes.juntadeandalucia.es\/cprcampodelrey\/files\/2018\/06\/Quebrantahuesos-48x32.jpg 48w\" sizes=\"(max-width: 275px) 100vw, 275px\" \/><\/a>\n<h4 class=\"pt-cv-title\"><a href=\"https:\/\/blogsaverroes.juntadeandalucia.es\/cprcampodelrey\/suelta-de-quebrantahuesos\/\" class=\"_self\" target=\"_self\" >Suelta de Quebrantahuesos<\/a><\/h4>\n<div class=\"pt-cv-content\"> ...<br \/><div class=\"pt-cv-rmwrap\"><a href=\"https:\/\/blogsaverroes.juntadeandalucia.es\/cprcampodelrey\/suelta-de-quebrantahuesos\/\" class=\"_self pt-cv-readmore btn btn-success\" target=\"_self\">Leer M\u00e1s<\/a><\/div><\/div><\/div><\/div>\n<div class=\"col-md-4 col-sm-6 col-xs-12 pt-cv-content-item pt-cv-1-col\" ><div class='pt-cv-ifield'><a href=\"https:\/\/blogsaverroes.juntadeandalucia.es\/cprcampodelrey\/dia-del-libro\/\" class=\"_self pt-cv-href-thumbnail pt-cv-thumb-default\" target=\"_self\" ><img loading=\"lazy\" decoding=\"async\" width=\"270\" height=\"187\" src=\"https:\/\/blogsaverroes.juntadeandalucia.es\/cprcampodelrey\/files\/2018\/05\/DIA.jpg\" class=\"pt-cv-thumbnail\" alt=\"\" srcset=\"https:\/\/blogsaverroes.juntadeandalucia.es\/cprcampodelrey\/files\/2018\/05\/DIA.jpg 270w, https:\/\/blogsaverroes.juntadeandalucia.es\/cprcampodelrey\/files\/2018\/05\/DIA-24x17.jpg 24w, https:\/\/blogsaverroes.juntadeandalucia.es\/cprcampodelrey\/files\/2018\/05\/DIA-36x25.jpg 36w, https:\/\/blogsaverroes.juntadeandalucia.es\/cprcampodelrey\/files\/2018\/05\/DIA-48x33.jpg 48w\" sizes=\"(max-width: 270px) 100vw, 270px\" \/><\/a>\n<h4 class=\"pt-cv-title\"><a href=\"https:\/\/blogsaverroes.juntadeandalucia.es\/cprcampodelrey\/dia-del-libro\/\" class=\"_self\" target=\"_self\" >D\u00cdA DEL LIBRO<\/a><\/h4>\n<div class=\"pt-cv-content\"> ...<br \/><div class=\"pt-cv-rmwrap\"><a href=\"https:\/\/blogsaverroes.juntadeandalucia.es\/cprcampodelrey\/dia-del-libro\/\" class=\"_self pt-cv-readmore btn btn-success\" target=\"_self\">Leer M\u00e1s<\/a><\/div><\/div><\/div><\/div>\n<div class=\"col-md-4 col-sm-6 col-xs-12 pt-cv-content-item pt-cv-1-col\" ><div class='pt-cv-ifield'><a href=\"https:\/\/blogsaverroes.juntadeandalucia.es\/cprcampodelrey\/st-patricks-day\/\" class=\"_self pt-cv-href-thumbnail pt-cv-thumb-default\" target=\"_self\" ><img loading=\"lazy\" decoding=\"async\" width=\"300\" height=\"127\" src=\"https:\/\/blogsaverroes.juntadeandalucia.es\/cprcampodelrey\/files\/2018\/05\/SAN-300x127.png\" class=\"pt-cv-thumbnail\" alt=\"\" srcset=\"https:\/\/blogsaverroes.juntadeandalucia.es\/cprcampodelrey\/files\/2018\/05\/SAN-300x127.png 300w, https:\/\/blogsaverroes.juntadeandalucia.es\/cprcampodelrey\/files\/2018\/05\/SAN-24x10.png 24w, https:\/\/blogsaverroes.juntadeandalucia.es\/cprcampodelrey\/files\/2018\/05\/SAN-36x15.png 36w, https:\/\/blogsaverroes.juntadeandalucia.es\/cprcampodelrey\/files\/2018\/05\/SAN-48x20.png 48w, https:\/\/blogsaverroes.juntadeandalucia.es\/cprcampodelrey\/files\/2018\/05\/SAN.png 346w\" sizes=\"(max-width: 300px) 100vw, 300px\" \/><\/a>\n<h4 class=\"pt-cv-title\"><a href=\"https:\/\/blogsaverroes.juntadeandalucia.es\/cprcampodelrey\/st-patricks-day\/\" class=\"_self\" target=\"_self\" >ST. PATRICK\u2019S DAY<\/a><\/h4>\n<div class=\"pt-cv-content\"> ...<br \/><div class=\"pt-cv-rmwrap\"><a href=\"https:\/\/blogsaverroes.juntadeandalucia.es\/cprcampodelrey\/st-patricks-day\/\" class=\"_self pt-cv-readmore btn btn-success\" target=\"_self\">Leer M\u00e1s<\/a><\/div><\/div><\/div><\/div>\n<div class=\"col-md-4 col-sm-6 col-xs-12 pt-cv-content-item pt-cv-1-col\" ><div class='pt-cv-ifield'><a href=\"https:\/\/blogsaverroes.juntadeandalucia.es\/cprcampodelrey\/8-de-marzo-dia-de-la-mujer-trabajadora\/\" class=\"_self pt-cv-href-thumbnail pt-cv-thumb-default\" target=\"_self\" ><img loading=\"lazy\" decoding=\"async\" width=\"287\" height=\"176\" src=\"https:\/\/blogsaverroes.juntadeandalucia.es\/cprcampodelrey\/files\/2018\/05\/8m.jpg\" class=\"pt-cv-thumbnail\" alt=\"\" srcset=\"https:\/\/blogsaverroes.juntadeandalucia.es\/cprcampodelrey\/files\/2018\/05\/8m.jpg 287w, https:\/\/blogsaverroes.juntadeandalucia.es\/cprcampodelrey\/files\/2018\/05\/8m-24x15.jpg 24w, https:\/\/blogsaverroes.juntadeandalucia.es\/cprcampodelrey\/files\/2018\/05\/8m-36x22.jpg 36w, https:\/\/blogsaverroes.juntadeandalucia.es\/cprcampodelrey\/files\/2018\/05\/8m-48x29.jpg 48w\" sizes=\"(max-width: 287px) 100vw, 287px\" \/><\/a>\n<h4 class=\"pt-cv-title\"><a href=\"https:\/\/blogsaverroes.juntadeandalucia.es\/cprcampodelrey\/8-de-marzo-dia-de-la-mujer-trabajadora\/\" class=\"_self\" target=\"_self\" >8 DE MARZO, D\u00cdA DE LA MUJER  TRABAJADORA<\/a><\/h4>\n<div class=\"pt-cv-content\"> ...<br \/><div class=\"pt-cv-rmwrap\"><a href=\"https:\/\/blogsaverroes.juntadeandalucia.es\/cprcampodelrey\/8-de-marzo-dia-de-la-mujer-trabajadora\/\" class=\"_self pt-cv-readmore btn btn-success\" target=\"_self\">Leer M\u00e1s<\/a><\/div><\/div><\/div><\/div>\n<div class=\"col-md-4 col-sm-6 col-xs-12 pt-cv-content-item pt-cv-1-col\" ><div class='pt-cv-ifield'><a href=\"https:\/\/blogsaverroes.juntadeandalucia.es\/cprcampodelrey\/dia-de-andalucia\/\" class=\"_self pt-cv-href-thumbnail pt-cv-thumb-default\" target=\"_self\" ><img loading=\"lazy\" decoding=\"async\" width=\"299\" height=\"169\" src=\"https:\/\/blogsaverroes.juntadeandalucia.es\/cprcampodelrey\/files\/2018\/05\/AND.jpg\" class=\"pt-cv-thumbnail\" alt=\"\" srcset=\"https:\/\/blogsaverroes.juntadeandalucia.es\/cprcampodelrey\/files\/2018\/05\/AND.jpg 299w, https:\/\/blogsaverroes.juntadeandalucia.es\/cprcampodelrey\/files\/2018\/05\/AND-24x14.jpg 24w, https:\/\/blogsaverroes.juntadeandalucia.es\/cprcampodelrey\/files\/2018\/05\/AND-36x20.jpg 36w, https:\/\/blogsaverroes.juntadeandalucia.es\/cprcampodelrey\/files\/2018\/05\/AND-48x27.jpg 48w\" sizes=\"(max-width: 299px) 100vw, 299px\" \/><\/a>\n<h4 class=\"pt-cv-title\"><a href=\"https:\/\/blogsaverroes.juntadeandalucia.es\/cprcampodelrey\/dia-de-andalucia\/\" class=\"_self\" target=\"_self\" >D\u00cdA DE ANDALUC\u00cdA<\/a><\/h4>\n<div class=\"pt-cv-content\"> ...<br \/><div class=\"pt-cv-rmwrap\"><a href=\"https:\/\/blogsaverroes.juntadeandalucia.es\/cprcampodelrey\/dia-de-andalucia\/\" class=\"_self pt-cv-readmore btn btn-success\" target=\"_self\">Leer M\u00e1s<\/a><\/div><\/div><\/div><\/div>\n<div class=\"col-md-4 col-sm-6 col-xs-12 pt-cv-content-item pt-cv-1-col\" ><div class='pt-cv-ifield'><a href=\"https:\/\/blogsaverroes.juntadeandalucia.es\/cprcampodelrey\/le-jour-des-crepes\/\" class=\"_self pt-cv-href-thumbnail pt-cv-thumb-default\" target=\"_self\" ><img loading=\"lazy\" decoding=\"async\" width=\"274\" height=\"184\" src=\"https:\/\/blogsaverroes.juntadeandalucia.es\/cprcampodelrey\/files\/2018\/05\/CND.jpg\" class=\"pt-cv-thumbnail\" alt=\"\" srcset=\"https:\/\/blogsaverroes.juntadeandalucia.es\/cprcampodelrey\/files\/2018\/05\/CND.jpg 274w, https:\/\/blogsaverroes.juntadeandalucia.es\/cprcampodelrey\/files\/2018\/05\/CND-24x16.jpg 24w, https:\/\/blogsaverroes.juntadeandalucia.es\/cprcampodelrey\/files\/2018\/05\/CND-36x24.jpg 36w, https:\/\/blogsaverroes.juntadeandalucia.es\/cprcampodelrey\/files\/2018\/05\/CND-48x32.jpg 48w\" sizes=\"(max-width: 274px) 100vw, 274px\" \/><\/a>\n<h4 class=\"pt-cv-title\"><a href=\"https:\/\/blogsaverroes.juntadeandalucia.es\/cprcampodelrey\/le-jour-des-crepes\/\" class=\"_self\" target=\"_self\" >LE JOUR DES CR\u00caPES<\/a><\/h4>\n<div class=\"pt-cv-content\"> ...<br \/><div class=\"pt-cv-rmwrap\"><a href=\"https:\/\/blogsaverroes.juntadeandalucia.es\/cprcampodelrey\/le-jour-des-crepes\/\" class=\"_self pt-cv-readmore btn btn-success\" target=\"_self\">Leer M\u00e1s<\/a><\/div><\/div><\/div><\/div>\n<div class=\"col-md-4 col-sm-6 col-xs-12 pt-cv-content-item pt-cv-1-col\" ><div class='pt-cv-ifield'><a href=\"https:\/\/blogsaverroes.juntadeandalucia.es\/cprcampodelrey\/dia-de-la-paz\/\" class=\"_self pt-cv-href-thumbnail pt-cv-thumb-default\" target=\"_self\" ><img loading=\"lazy\" decoding=\"async\" width=\"260\" height=\"194\" src=\"https:\/\/blogsaverroes.juntadeandalucia.es\/cprcampodelrey\/files\/2018\/11\/paz.jpg\" class=\"pt-cv-thumbnail\" alt=\"\" srcset=\"https:\/\/blogsaverroes.juntadeandalucia.es\/cprcampodelrey\/files\/2018\/11\/paz.jpg 260w, https:\/\/blogsaverroes.juntadeandalucia.es\/cprcampodelrey\/files\/2018\/11\/paz-24x18.jpg 24w, https:\/\/blogsaverroes.juntadeandalucia.es\/cprcampodelrey\/files\/2018\/11\/paz-36x27.jpg 36w, https:\/\/blogsaverroes.juntadeandalucia.es\/cprcampodelrey\/files\/2018\/11\/paz-48x36.jpg 48w\" sizes=\"(max-width: 260px) 100vw, 260px\" \/><\/a>\n<h4 class=\"pt-cv-title\"><a href=\"https:\/\/blogsaverroes.juntadeandalucia.es\/cprcampodelrey\/dia-de-la-paz\/\" class=\"_self\" target=\"_self\" >D\u00cdA DE LA PAZ<\/a><\/h4>\n<div class=\"pt-cv-content\"> ...<br \/><div class=\"pt-cv-rmwrap\"><a href=\"https:\/\/blogsaverroes.juntadeandalucia.es\/cprcampodelrey\/dia-de-la-paz\/\" class=\"_self pt-cv-readmore btn btn-success\" target=\"_self\">Leer M\u00e1s<\/a><\/div><\/div><\/div><\/div>\n<div class=\"col-md-4 col-sm-6 col-xs-12 pt-cv-content-item pt-cv-1-col\" ><div class='pt-cv-ifield'><a href=\"https:\/\/blogsaverroes.juntadeandalucia.es\/cprcampodelrey\/fiesta-de-navidad\/\" class=\"_self pt-cv-href-thumbnail pt-cv-thumb-default\" target=\"_self\" ><img loading=\"lazy\" decoding=\"async\" width=\"295\" height=\"171\" src=\"https:\/\/blogsaverroes.juntadeandalucia.es\/cprcampodelrey\/files\/2018\/11\/navi.jpg\" class=\"pt-cv-thumbnail\" alt=\"\" srcset=\"https:\/\/blogsaverroes.juntadeandalucia.es\/cprcampodelrey\/files\/2018\/11\/navi.jpg 295w, https:\/\/blogsaverroes.juntadeandalucia.es\/cprcampodelrey\/files\/2018\/11\/navi-24x14.jpg 24w, https:\/\/blogsaverroes.juntadeandalucia.es\/cprcampodelrey\/files\/2018\/11\/navi-36x21.jpg 36w, https:\/\/blogsaverroes.juntadeandalucia.es\/cprcampodelrey\/files\/2018\/11\/navi-48x28.jpg 48w\" sizes=\"(max-width: 295px) 100vw, 295px\" \/><\/a>\n<h4 class=\"pt-cv-title\"><a href=\"https:\/\/blogsaverroes.juntadeandalucia.es\/cprcampodelrey\/fiesta-de-navidad\/\" class=\"_self\" target=\"_self\" >FIESTA DE NAVIDAD<\/a><\/h4>\n<div class=\"pt-cv-content\"> ...<br \/><div class=\"pt-cv-rmwrap\"><a href=\"https:\/\/blogsaverroes.juntadeandalucia.es\/cprcampodelrey\/fiesta-de-navidad\/\" class=\"_self pt-cv-readmore btn btn-success\" target=\"_self\">Leer M\u00e1s<\/a><\/div><\/div><\/div><\/div>\n<div class=\"col-md-4 col-sm-6 col-xs-12 pt-cv-content-item pt-cv-1-col\" ><div class='pt-cv-ifield'><a href=\"https:\/\/blogsaverroes.juntadeandalucia.es\/cprcampodelrey\/dia-de-la-constitucion\/\" class=\"_self pt-cv-href-thumbnail pt-cv-thumb-default\" target=\"_self\" ><img loading=\"lazy\" decoding=\"async\" width=\"300\" height=\"160\" src=\"https:\/\/blogsaverroes.juntadeandalucia.es\/cprcampodelrey\/files\/2017\/12\/consti-300x160.jpg\" class=\"pt-cv-thumbnail\" alt=\"\" srcset=\"https:\/\/blogsaverroes.juntadeandalucia.es\/cprcampodelrey\/files\/2017\/12\/consti-300x160.jpg 300w, https:\/\/blogsaverroes.juntadeandalucia.es\/cprcampodelrey\/files\/2017\/12\/consti-24x13.jpg 24w, https:\/\/blogsaverroes.juntadeandalucia.es\/cprcampodelrey\/files\/2017\/12\/consti-36x19.jpg 36w, https:\/\/blogsaverroes.juntadeandalucia.es\/cprcampodelrey\/files\/2017\/12\/consti-48x26.jpg 48w, https:\/\/blogsaverroes.juntadeandalucia.es\/cprcampodelrey\/files\/2017\/12\/consti.jpg 308w\" sizes=\"(max-width: 300px) 100vw, 300px\" \/><\/a>\n<h4 class=\"pt-cv-title\"><a href=\"https:\/\/blogsaverroes.juntadeandalucia.es\/cprcampodelrey\/dia-de-la-constitucion\/\" class=\"_self\" target=\"_self\" >D\u00cdA DE LA CONSTITUCI\u00d3N<\/a><\/h4>\n<div class=\"pt-cv-content\"> ...<br \/><div class=\"pt-cv-rmwrap\"><a href=\"https:\/\/blogsaverroes.juntadeandalucia.es\/cprcampodelrey\/dia-de-la-constitucion\/\" class=\"_self pt-cv-readmore btn btn-success\" target=\"_self\">Leer M\u00e1s<\/a><\/div><\/div><\/div><\/div>\n<div class=\"col-md-4 col-sm-6 col-xs-12 pt-cv-content-item pt-cv-1-col\" ><div class='pt-cv-ifield'><a href=\"https:\/\/blogsaverroes.juntadeandalucia.es\/cprcampodelrey\/dia-del-flamenco\/\" class=\"_self pt-cv-href-thumbnail pt-cv-thumb-default\" target=\"_self\" ><img loading=\"lazy\" decoding=\"async\" width=\"225\" height=\"225\" src=\"https:\/\/blogsaverroes.juntadeandalucia.es\/cprcampodelrey\/files\/2018\/05\/FLA.jpg\" class=\"pt-cv-thumbnail\" alt=\"\" srcset=\"https:\/\/blogsaverroes.juntadeandalucia.es\/cprcampodelrey\/files\/2018\/05\/FLA.jpg 225w, https:\/\/blogsaverroes.juntadeandalucia.es\/cprcampodelrey\/files\/2018\/05\/FLA-150x150.jpg 150w, https:\/\/blogsaverroes.juntadeandalucia.es\/cprcampodelrey\/files\/2018\/05\/FLA-100x100.jpg 100w, https:\/\/blogsaverroes.juntadeandalucia.es\/cprcampodelrey\/files\/2018\/05\/FLA-24x24.jpg 24w, https:\/\/blogsaverroes.juntadeandalucia.es\/cprcampodelrey\/files\/2018\/05\/FLA-36x36.jpg 36w, https:\/\/blogsaverroes.juntadeandalucia.es\/cprcampodelrey\/files\/2018\/05\/FLA-48x48.jpg 48w\" sizes=\"(max-width: 225px) 100vw, 225px\" \/><\/a>\n<h4 class=\"pt-cv-title\"><a href=\"https:\/\/blogsaverroes.juntadeandalucia.es\/cprcampodelrey\/dia-del-flamenco\/\" class=\"_self\" target=\"_self\" >D\u00cdA DEL FLAMENCO<\/a><\/h4>\n<div class=\"pt-cv-content\"> ...<br \/><div class=\"pt-cv-rmwrap\"><a href=\"https:\/\/blogsaverroes.juntadeandalucia.es\/cprcampodelrey\/dia-del-flamenco\/\" class=\"_self pt-cv-readmore btn btn-success\" target=\"_self\">Leer M\u00e1s<\/a><\/div><\/div><\/div><\/div>\n<div class=\"col-md-4 col-sm-6 col-xs-12 pt-cv-content-item pt-cv-1-col\" ><div class='pt-cv-ifield'><a href=\"https:\/\/blogsaverroes.juntadeandalucia.es\/cprcampodelrey\/25-de-noviembre-dia-contra-la-violencia-de-genero\/\" class=\"_self pt-cv-href-thumbnail pt-cv-thumb-default\" target=\"_self\" ><img loading=\"lazy\" decoding=\"async\" width=\"300\" height=\"169\" src=\"https:\/\/blogsaverroes.juntadeandalucia.es\/cprcampodelrey\/files\/2018\/05\/violencianota-25-678x381-300x169.png\" class=\"pt-cv-thumbnail\" alt=\"\" srcset=\"https:\/\/blogsaverroes.juntadeandalucia.es\/cprcampodelrey\/files\/2018\/05\/violencianota-25-678x381-300x169.png 300w, https:\/\/blogsaverroes.juntadeandalucia.es\/cprcampodelrey\/files\/2018\/05\/violencianota-25-678x381-24x13.png 24w, https:\/\/blogsaverroes.juntadeandalucia.es\/cprcampodelrey\/files\/2018\/05\/violencianota-25-678x381-36x20.png 36w, https:\/\/blogsaverroes.juntadeandalucia.es\/cprcampodelrey\/files\/2018\/05\/violencianota-25-678x381-48x27.png 48w, https:\/\/blogsaverroes.juntadeandalucia.es\/cprcampodelrey\/files\/2018\/05\/violencianota-25-678x381.png 678w\" sizes=\"(max-width: 300px) 100vw, 300px\" \/><\/a>\n<h4 class=\"pt-cv-title\"><a href=\"https:\/\/blogsaverroes.juntadeandalucia.es\/cprcampodelrey\/25-de-noviembre-dia-contra-la-violencia-de-genero\/\" class=\"_self\" target=\"_self\" >25 DE NOVIEMBRE D\u00cdA CONTRA LA VIOLENCIA DE G\u00c9NERO<\/a><\/h4>\n<div class=\"pt-cv-content\"> ...<br \/><div class=\"pt-cv-rmwrap\"><a href=\"https:\/\/blogsaverroes.juntadeandalucia.es\/cprcampodelrey\/25-de-noviembre-dia-contra-la-violencia-de-genero\/\" class=\"_self pt-cv-readmore btn btn-success\" target=\"_self\">Leer M\u00e1s<\/a><\/div><\/div><\/div><\/div>\n<div class=\"col-md-4 col-sm-6 col-xs-12 pt-cv-content-item pt-cv-1-col\" ><div class='pt-cv-ifield'><a href=\"https:\/\/blogsaverroes.juntadeandalucia.es\/cprcampodelrey\/fiesta-del-otono-y-haloween\/\" class=\"_self pt-cv-href-thumbnail pt-cv-thumb-default\" target=\"_self\" ><img loading=\"lazy\" decoding=\"async\" width=\"281\" height=\"179\" src=\"https:\/\/blogsaverroes.juntadeandalucia.es\/cprcampodelrey\/files\/2017\/10\/haloween.jpg\" class=\"pt-cv-thumbnail\" alt=\"\" srcset=\"https:\/\/blogsaverroes.juntadeandalucia.es\/cprcampodelrey\/files\/2017\/10\/haloween.jpg 281w, https:\/\/blogsaverroes.juntadeandalucia.es\/cprcampodelrey\/files\/2017\/10\/haloween-280x179.jpg 280w, https:\/\/blogsaverroes.juntadeandalucia.es\/cprcampodelrey\/files\/2017\/10\/haloween-24x15.jpg 24w, https:\/\/blogsaverroes.juntadeandalucia.es\/cprcampodelrey\/files\/2017\/10\/haloween-36x23.jpg 36w, https:\/\/blogsaverroes.juntadeandalucia.es\/cprcampodelrey\/files\/2017\/10\/haloween-48x31.jpg 48w\" sizes=\"(max-width: 281px) 100vw, 281px\" \/><\/a>\n<h4 class=\"pt-cv-title\"><a href=\"https:\/\/blogsaverroes.juntadeandalucia.es\/cprcampodelrey\/fiesta-del-otono-y-haloween\/\" class=\"_self\" target=\"_self\" >FIESTA DEL OTO\u00d1O Y HALOWEEN<\/a><\/h4>\n<div class=\"pt-cv-content\"> ...<br \/><div class=\"pt-cv-rmwrap\"><a href=\"https:\/\/blogsaverroes.juntadeandalucia.es\/cprcampodelrey\/fiesta-del-otono-y-haloween\/\" class=\"_self pt-cv-readmore btn btn-success\" target=\"_self\">Leer M\u00e1s<\/a><\/div><\/div><\/div><\/div><\/div><\/div><\/div>\n","protected":false},"excerpt":{"rendered":"<p>Las actividades complementarias que organizamos en el CPR Campo del Rey son las organizadas &nbsp;durante el horario escolar, de acuerdo con el Proyecto Curricular, y tienen un car\u00e1cter diferenciado de las propiamente lectivas por&#46;&#46;&#46;<\/p>\n","protected":false},"author":6086,"featured_media":0,"parent":0,"menu_order":0,"comment_status":"closed","ping_status":"closed","template":"","meta":{"ngg_post_thumbnail":0,"footnotes":"","_mc_calendar":[]},"aioseo_notices":[],"_links":{"self":[{"href":"https:\/\/blogsaverroes.juntadeandalucia.es\/cprcampodelrey\/wp-json\/wp\/v2\/pages\/3312"}],"collection":[{"href":"https:\/\/blogsaverroes.juntadeandalucia.es\/cprcampodelrey\/wp-json\/wp\/v2\/pages"}],"about":[{"href":"https:\/\/blogsaverroes.juntadeandalucia.es\/cprcampodelrey\/wp-json\/wp\/v2\/types\/page"}],"author":[{"embeddable":true,"href":"https:\/\/blogsaverroes.juntadeandalucia.es\/cprcampodelrey\/wp-json\/wp\/v2\/users\/6086"}],"replies":[{"embeddable":true,"href":"https:\/\/blogsaverroes.juntadeandalucia.es\/cprcampodelrey\/wp-json\/wp\/v2\/comments?post=3312"}],"version-history":[{"count":4,"href":"https:\/\/blogsaverroes.juntadeandalucia.es\/cprcampodelrey\/wp-json\/wp\/v2\/pages\/3312\/revisions"}],"predecessor-version":[{"id":3517,"href":"https:\/\/blogsaverroes.juntadeandalucia.es\/cprcampodelrey\/wp-json\/wp\/v2\/pages\/3312\/revisions\/3517"}],"wp:attachment":[{"href":"https:\/\/blogsaverroes.juntadeandalucia.es\/cprcampodelrey\/wp-json\/wp\/v2\/media?parent=3312"}],"curies":[{"name":"wp","href":"https:\/\/api.w.org\/{rel}","templated":true}]}}