{"id":42,"date":"2018-09-13T08:40:47","date_gmt":"2018-09-13T07:40:47","guid":{"rendered":"http:\/\/blogsaverroes.juntadeandalucia.es\/pre\/ceip\/?page_id=42"},"modified":"2021-03-16T09:50:30","modified_gmt":"2021-03-16T08:50:30","slug":"equipo-directivo","status":"publish","type":"page","link":"https:\/\/blogsaverroes.juntadeandalucia.es\/cprcampodelrey\/equipo-directivo\/","title":{"rendered":"Profesorado \ud83d\udc68\u200d\ud83c\udfeb\ud83d\udc69\u200d\ud83c\udfeb curso 2019-2020"},"content":{"rendered":"<p><strong>Javier Mart\u00ednez Del Estal (Director y maestro de Educaci\u00f3n Primaria)<\/strong><\/p>\n<blockquote><p><a href=\"https:\/\/blogsaverroes.juntadeandalucia.es\/cprcampodelrey\/files\/2021\/01\/IMG_5773.jpg\"><img decoding=\"async\" class=\"wp-image-3217 alignleft\" src=\"https:\/\/blogsaverroes.juntadeandalucia.es\/cprcampodelrey\/files\/2021\/01\/IMG_5773.jpg\" alt=\"\" width=\"91\" height=\"122\" srcset=\"https:\/\/blogsaverroes.juntadeandalucia.es\/cprcampodelrey\/files\/2021\/01\/IMG_5773.jpg 589w, https:\/\/blogsaverroes.juntadeandalucia.es\/cprcampodelrey\/files\/2021\/01\/IMG_5773-225x300.jpg 225w, https:\/\/blogsaverroes.juntadeandalucia.es\/cprcampodelrey\/files\/2021\/01\/IMG_5773-18x24.jpg 18w, https:\/\/blogsaverroes.juntadeandalucia.es\/cprcampodelrey\/files\/2021\/01\/IMG_5773-27x36.jpg 27w, https:\/\/blogsaverroes.juntadeandalucia.es\/cprcampodelrey\/files\/2021\/01\/IMG_5773-36x48.jpg 36w\" sizes=\"(max-width: 91px) 100vw, 91px\" \/><\/a><\/p>\n<p>&nbsp;<\/p>\n<p>\u00abLograr que cada miembro de la comunidad educativa se motive, y saque lo mejor de si mismo para contribuir al bien com\u00fan\u00bb<\/p><\/blockquote>\n<p>&nbsp;<\/p>\n<p><strong>Raquel Valverde Sp\u00ednola<\/strong> <strong>(Maestra de Educaci\u00f3n Infantil)<\/strong><\/p>\n<blockquote><p><a href=\"https:\/\/blogsaverroes.juntadeandalucia.es\/cprcampodelrey\/files\/2020\/06\/CamScanner-06-19-2020-17.24.56_page-0001.jpg\"><img decoding=\"async\" class=\"wp-image-2956 alignright\" src=\"https:\/\/blogsaverroes.juntadeandalucia.es\/cprcampodelrey\/files\/2020\/06\/CamScanner-06-19-2020-17.24.56_page-0001.jpg\" alt=\"\" width=\"112\" height=\"159\" srcset=\"https:\/\/blogsaverroes.juntadeandalucia.es\/cprcampodelrey\/files\/2020\/06\/CamScanner-06-19-2020-17.24.56_page-0001.jpg 1130w, https:\/\/blogsaverroes.juntadeandalucia.es\/cprcampodelrey\/files\/2020\/06\/CamScanner-06-19-2020-17.24.56_page-0001-212x300.jpg 212w, https:\/\/blogsaverroes.juntadeandalucia.es\/cprcampodelrey\/files\/2020\/06\/CamScanner-06-19-2020-17.24.56_page-0001-768x1087.jpg 768w, https:\/\/blogsaverroes.juntadeandalucia.es\/cprcampodelrey\/files\/2020\/06\/CamScanner-06-19-2020-17.24.56_page-0001-724x1024.jpg 724w, https:\/\/blogsaverroes.juntadeandalucia.es\/cprcampodelrey\/files\/2020\/06\/CamScanner-06-19-2020-17.24.56_page-0001-17x24.jpg 17w, https:\/\/blogsaverroes.juntadeandalucia.es\/cprcampodelrey\/files\/2020\/06\/CamScanner-06-19-2020-17.24.56_page-0001-25x36.jpg 25w, https:\/\/blogsaverroes.juntadeandalucia.es\/cprcampodelrey\/files\/2020\/06\/CamScanner-06-19-2020-17.24.56_page-0001-34x48.jpg 34w\" sizes=\"(max-width: 112px) 100vw, 112px\" \/><\/a><\/p>\n<p style=\"text-align: right\">&nbsp;<\/p>\n<p style=\"text-align: right\">\u00bb Florece all\u00ed donde te encuentres\u00bb<\/p>\n<p>&nbsp;<\/p>\n<p>&nbsp;<\/p><\/blockquote>\n<p><strong>Estefan\u00eda Ma\u00f1as Navarro<\/strong> <strong>(Maestra de lengua extranjera Ingl\u00e9s)<\/strong><\/p>\n<blockquote><p><a href=\"https:\/\/blogsaverroes.juntadeandalucia.es\/cprcampodelrey\/files\/2020\/06\/WhatsApp-Image-2020-06-12-at-11.23.14.jpeg\"><img decoding=\"async\" class=\"alignleft wp-image-2884\" src=\"https:\/\/blogsaverroes.juntadeandalucia.es\/cprcampodelrey\/files\/2020\/06\/WhatsApp-Image-2020-06-12-at-11.23.14.jpeg\" alt=\"\" width=\"147\" height=\"115\" srcset=\"https:\/\/blogsaverroes.juntadeandalucia.es\/cprcampodelrey\/files\/2020\/06\/WhatsApp-Image-2020-06-12-at-11.23.14.jpeg 588w, https:\/\/blogsaverroes.juntadeandalucia.es\/cprcampodelrey\/files\/2020\/06\/WhatsApp-Image-2020-06-12-at-11.23.14-300x235.jpeg 300w, https:\/\/blogsaverroes.juntadeandalucia.es\/cprcampodelrey\/files\/2020\/06\/WhatsApp-Image-2020-06-12-at-11.23.14-24x19.jpeg 24w, https:\/\/blogsaverroes.juntadeandalucia.es\/cprcampodelrey\/files\/2020\/06\/WhatsApp-Image-2020-06-12-at-11.23.14-36x28.jpeg 36w, https:\/\/blogsaverroes.juntadeandalucia.es\/cprcampodelrey\/files\/2020\/06\/WhatsApp-Image-2020-06-12-at-11.23.14-48x38.jpeg 48w\" sizes=\"(max-width: 147px) 100vw, 147px\" \/><\/a><\/p>\n<p>&nbsp;<\/p>\n<p>\u201cThe world is as a book, and those who do not travel, only read a page\u201d&nbsp;<em>Saint Augustine.<\/em><\/p><\/blockquote>\n<p>&nbsp;<\/p>\n<p><strong>Marta Vega Limones (Maestra de Educaci\u00f3n F\u00edsica)<\/strong><\/p>\n<blockquote><p><a href=\"https:\/\/blogsaverroes.juntadeandalucia.es\/cprcampodelrey\/files\/2020\/06\/Marta.jpeg\"><img loading=\"lazy\" decoding=\"async\" class=\"wp-image-2876 alignright\" src=\"https:\/\/blogsaverroes.juntadeandalucia.es\/cprcampodelrey\/files\/2020\/06\/Marta.jpeg\" alt=\"\" width=\"88\" height=\"129\" srcset=\"https:\/\/blogsaverroes.juntadeandalucia.es\/cprcampodelrey\/files\/2020\/06\/Marta.jpeg 824w, https:\/\/blogsaverroes.juntadeandalucia.es\/cprcampodelrey\/files\/2020\/06\/Marta-205x300.jpeg 205w, https:\/\/blogsaverroes.juntadeandalucia.es\/cprcampodelrey\/files\/2020\/06\/Marta-768x1126.jpeg 768w, https:\/\/blogsaverroes.juntadeandalucia.es\/cprcampodelrey\/files\/2020\/06\/Marta-698x1024.jpeg 698w, https:\/\/blogsaverroes.juntadeandalucia.es\/cprcampodelrey\/files\/2020\/06\/Marta-16x24.jpeg 16w, https:\/\/blogsaverroes.juntadeandalucia.es\/cprcampodelrey\/files\/2020\/06\/Marta-25x36.jpeg 25w, https:\/\/blogsaverroes.juntadeandalucia.es\/cprcampodelrey\/files\/2020\/06\/Marta-33x48.jpeg 33w\" sizes=\"(max-width: 88px) 100vw, 88px\" \/><\/a><\/p>\n<p style=\"text-align: right\">&nbsp;<\/p>\n<p style=\"text-align: right\">\u00abMientras m\u00e1s grande sea la lucha, m\u00e1s grande ser\u00e1 el triunfo\u00bb (M\u00e9ndez)<\/p>\n<\/blockquote>\n<p>&nbsp;<\/p>\n<p>&nbsp;<\/p>\n<p><strong>\u00c1ngeles Casildo Navarro<\/strong> <strong>(Maestra de&nbsp;m\u00fasica)<\/strong><\/p>\n<blockquote><p><a href=\"https:\/\/blogsaverroes.juntadeandalucia.es\/cprcampodelrey\/files\/2020\/06\/WhatsApp-Image-2020-06-15-at-15.18.29.jpeg\"><img loading=\"lazy\" decoding=\"async\" class=\"wp-image-2946 alignleft\" src=\"https:\/\/blogsaverroes.juntadeandalucia.es\/cprcampodelrey\/files\/2020\/06\/WhatsApp-Image-2020-06-15-at-15.18.29.jpeg\" alt=\"\" width=\"102\" height=\"136\" srcset=\"https:\/\/blogsaverroes.juntadeandalucia.es\/cprcampodelrey\/files\/2020\/06\/WhatsApp-Image-2020-06-15-at-15.18.29.jpeg 1200w, https:\/\/blogsaverroes.juntadeandalucia.es\/cprcampodelrey\/files\/2020\/06\/WhatsApp-Image-2020-06-15-at-15.18.29-225x300.jpeg 225w, https:\/\/blogsaverroes.juntadeandalucia.es\/cprcampodelrey\/files\/2020\/06\/WhatsApp-Image-2020-06-15-at-15.18.29-768x1024.jpeg 768w, https:\/\/blogsaverroes.juntadeandalucia.es\/cprcampodelrey\/files\/2020\/06\/WhatsApp-Image-2020-06-15-at-15.18.29-18x24.jpeg 18w, https:\/\/blogsaverroes.juntadeandalucia.es\/cprcampodelrey\/files\/2020\/06\/WhatsApp-Image-2020-06-15-at-15.18.29-27x36.jpeg 27w, https:\/\/blogsaverroes.juntadeandalucia.es\/cprcampodelrey\/files\/2020\/06\/WhatsApp-Image-2020-06-15-at-15.18.29-36x48.jpeg 36w\" sizes=\"(max-width: 102px) 100vw, 102px\" \/><\/a><\/p>\n<p style=\"text-align: left\">&nbsp;<\/p>\n<p style=\"text-align: left\">\u00abLa m\u00fasica es mi religi\u00f3n, cada uno la interpreta como quiere\u00bb<\/p>\n<\/blockquote>\n<p>&nbsp;<\/p>\n<p>&nbsp;<\/p>\n<p><strong>Mar\u00eda del Mar Navas Teruel<\/strong> <strong>(Maestra de lengua extranjera franc\u00e9s)<\/strong><\/p>\n<blockquote><p><a href=\"https:\/\/blogsaverroes.juntadeandalucia.es\/cprcampodelrey\/files\/2020\/06\/WhatsApp-Image-2020-06-19-at-13.30.18.jpeg\"><img loading=\"lazy\" decoding=\"async\" class=\"wp-image-2949 alignright\" src=\"https:\/\/blogsaverroes.juntadeandalucia.es\/cprcampodelrey\/files\/2020\/06\/WhatsApp-Image-2020-06-19-at-13.30.18.jpeg\" alt=\"\" width=\"99\" height=\"132\" srcset=\"https:\/\/blogsaverroes.juntadeandalucia.es\/cprcampodelrey\/files\/2020\/06\/WhatsApp-Image-2020-06-19-at-13.30.18.jpeg 1200w, https:\/\/blogsaverroes.juntadeandalucia.es\/cprcampodelrey\/files\/2020\/06\/WhatsApp-Image-2020-06-19-at-13.30.18-225x300.jpeg 225w, https:\/\/blogsaverroes.juntadeandalucia.es\/cprcampodelrey\/files\/2020\/06\/WhatsApp-Image-2020-06-19-at-13.30.18-768x1024.jpeg 768w, https:\/\/blogsaverroes.juntadeandalucia.es\/cprcampodelrey\/files\/2020\/06\/WhatsApp-Image-2020-06-19-at-13.30.18-18x24.jpeg 18w, https:\/\/blogsaverroes.juntadeandalucia.es\/cprcampodelrey\/files\/2020\/06\/WhatsApp-Image-2020-06-19-at-13.30.18-27x36.jpeg 27w, https:\/\/blogsaverroes.juntadeandalucia.es\/cprcampodelrey\/files\/2020\/06\/WhatsApp-Image-2020-06-19-at-13.30.18-36x48.jpeg 36w\" sizes=\"(max-width: 99px) 100vw, 99px\" \/><\/a><\/p>\n<p style=\"text-align: right\">&nbsp;<\/p>\n<p style=\"text-align: justify\">\u00abMalgr\u00e9 un destin difficile, je suis, je reste toujours optimiste. La vie m\u2019a appris qu\u2019avec le temps, le progr\u00e8s l\u2019emporte toujours. C\u2019est long, c\u2019est lent, mais en d\u00e9finitive, je fais confiance\u00bb<\/p>\n<\/blockquote>\n<p>&nbsp;<\/p>\n<p><strong>Guillermo Pablo Parra S\u00e1nchez (Maestro de Religi\u00f3n)<\/strong><\/p>\n<blockquote><p><a href=\"https:\/\/blogsaverroes.juntadeandalucia.es\/cprcampodelrey\/files\/2020\/06\/WhatsApp-Image-2020-06-22-at-17.11.23.jpeg\"><img loading=\"lazy\" decoding=\"async\" class=\"wp-image-2967 alignleft\" src=\"https:\/\/blogsaverroes.juntadeandalucia.es\/cprcampodelrey\/files\/2020\/06\/WhatsApp-Image-2020-06-22-at-17.11.23.jpeg\" alt=\"\" width=\"78\" height=\"160\" srcset=\"https:\/\/blogsaverroes.juntadeandalucia.es\/cprcampodelrey\/files\/2020\/06\/WhatsApp-Image-2020-06-22-at-17.11.23.jpeg 780w, https:\/\/blogsaverroes.juntadeandalucia.es\/cprcampodelrey\/files\/2020\/06\/WhatsApp-Image-2020-06-22-at-17.11.23-146x300.jpeg 146w, https:\/\/blogsaverroes.juntadeandalucia.es\/cprcampodelrey\/files\/2020\/06\/WhatsApp-Image-2020-06-22-at-17.11.23-768x1575.jpeg 768w, https:\/\/blogsaverroes.juntadeandalucia.es\/cprcampodelrey\/files\/2020\/06\/WhatsApp-Image-2020-06-22-at-17.11.23-499x1024.jpeg 499w, https:\/\/blogsaverroes.juntadeandalucia.es\/cprcampodelrey\/files\/2020\/06\/WhatsApp-Image-2020-06-22-at-17.11.23-12x24.jpeg 12w, https:\/\/blogsaverroes.juntadeandalucia.es\/cprcampodelrey\/files\/2020\/06\/WhatsApp-Image-2020-06-22-at-17.11.23-18x36.jpeg 18w, https:\/\/blogsaverroes.juntadeandalucia.es\/cprcampodelrey\/files\/2020\/06\/WhatsApp-Image-2020-06-22-at-17.11.23-23x48.jpeg 23w\" sizes=\"(max-width: 78px) 100vw, 78px\" \/><\/a><\/p>\n<p>&nbsp;<\/p>\n<p>\u00abPon todo tu esfuerzo en ayudar a los alumnos, sobre todo animando y motivando hac\u00eda su progreso personal a los m\u00e1s descaminados\u00bb<\/p>\n<p>San Jos\u00e9 de Calasanz<\/p><\/blockquote>\n<p>&nbsp;<\/p>\n<p><strong>Manuel Exp\u00f3sito Fern\u00e1ndez (Maestro de Educaci\u00f3n primaria)<\/strong><\/p>\n<p><a href=\"https:\/\/blogsaverroes.juntadeandalucia.es\/cprcampodelrey\/files\/2021\/01\/Imagen-9.jpg\"><img loading=\"lazy\" decoding=\"async\" class=\"wp-image-3222 alignright\" src=\"https:\/\/blogsaverroes.juntadeandalucia.es\/cprcampodelrey\/files\/2021\/01\/Imagen-9.jpg\" alt=\"\" width=\"101\" height=\"98\" srcset=\"https:\/\/blogsaverroes.juntadeandalucia.es\/cprcampodelrey\/files\/2021\/01\/Imagen-9.jpg 66w, https:\/\/blogsaverroes.juntadeandalucia.es\/cprcampodelrey\/files\/2021\/01\/Imagen-9-24x24.jpg 24w, https:\/\/blogsaverroes.juntadeandalucia.es\/cprcampodelrey\/files\/2021\/01\/Imagen-9-36x36.jpg 36w, https:\/\/blogsaverroes.juntadeandalucia.es\/cprcampodelrey\/files\/2021\/01\/Imagen-9-48x48.jpg 48w\" sizes=\"(max-width: 101px) 100vw, 101px\" \/><\/a><\/p>\n<blockquote><p>&nbsp;<\/p>\n<p>\u00abEl maestro deja una huella para la eternidad; nunca puede decir cuando se detiene su influencia\u00bb&nbsp;(Henry Adams)<\/p>\n<p>&nbsp;<\/p><\/blockquote>\n<p><strong>Isabel Falc\u00f3n Garc\u00eda-Fresca<\/strong> <strong>(Maestra de Educaci\u00f3n primaria) desde el 17\/05\/2020<\/strong><\/p>\n<blockquote><p><a href=\"https:\/\/blogsaverroes.juntadeandalucia.es\/cprcampodelrey\/files\/2020\/06\/WhatsApp-Image-2020-06-26-at-10.59.03.jpeg\"><img loading=\"lazy\" decoding=\"async\" class=\" wp-image-2966 alignleft\" src=\"https:\/\/blogsaverroes.juntadeandalucia.es\/cprcampodelrey\/files\/2020\/06\/WhatsApp-Image-2020-06-26-at-10.59.03.jpeg\" alt=\"\" width=\"97\" height=\"133\" srcset=\"https:\/\/blogsaverroes.juntadeandalucia.es\/cprcampodelrey\/files\/2020\/06\/WhatsApp-Image-2020-06-26-at-10.59.03.jpeg 1013w, https:\/\/blogsaverroes.juntadeandalucia.es\/cprcampodelrey\/files\/2020\/06\/WhatsApp-Image-2020-06-26-at-10.59.03-219x300.jpeg 219w, https:\/\/blogsaverroes.juntadeandalucia.es\/cprcampodelrey\/files\/2020\/06\/WhatsApp-Image-2020-06-26-at-10.59.03-768x1054.jpeg 768w, https:\/\/blogsaverroes.juntadeandalucia.es\/cprcampodelrey\/files\/2020\/06\/WhatsApp-Image-2020-06-26-at-10.59.03-746x1024.jpeg 746w, https:\/\/blogsaverroes.juntadeandalucia.es\/cprcampodelrey\/files\/2020\/06\/WhatsApp-Image-2020-06-26-at-10.59.03-17x24.jpeg 17w, https:\/\/blogsaverroes.juntadeandalucia.es\/cprcampodelrey\/files\/2020\/06\/WhatsApp-Image-2020-06-26-at-10.59.03-26x36.jpeg 26w, https:\/\/blogsaverroes.juntadeandalucia.es\/cprcampodelrey\/files\/2020\/06\/WhatsApp-Image-2020-06-26-at-10.59.03-35x48.jpeg 35w\" sizes=\"(max-width: 97px) 100vw, 97px\" \/><\/a><\/p>\n<p>&nbsp;<\/p>\n<p>\u00abCuantas m\u00e1s piedras encuentre en mi camino, m\u00e1s grande construir\u00e9 mi castillo\u00bb<\/p><\/blockquote>\n<p>&nbsp;<\/p>\n<p>&nbsp;<\/p>\n<p><strong>Eloy Elvira<\/strong> <strong>(Maestro de Religi\u00f3n)<\/strong><\/p>\n<blockquote><p><img loading=\"lazy\" decoding=\"async\" class=\"wp-image-2957 alignright\" src=\"https:\/\/blogsaverroes.juntadeandalucia.es\/cprcampodelrey\/files\/2020\/06\/WhatsApp-Image-2020-06-19-at-18.26.51.jpeg\" alt=\"\" width=\"108\" height=\"144\" srcset=\"https:\/\/blogsaverroes.juntadeandalucia.es\/cprcampodelrey\/files\/2020\/06\/WhatsApp-Image-2020-06-19-at-18.26.51.jpeg 1200w, https:\/\/blogsaverroes.juntadeandalucia.es\/cprcampodelrey\/files\/2020\/06\/WhatsApp-Image-2020-06-19-at-18.26.51-225x300.jpeg 225w, https:\/\/blogsaverroes.juntadeandalucia.es\/cprcampodelrey\/files\/2020\/06\/WhatsApp-Image-2020-06-19-at-18.26.51-768x1024.jpeg 768w, https:\/\/blogsaverroes.juntadeandalucia.es\/cprcampodelrey\/files\/2020\/06\/WhatsApp-Image-2020-06-19-at-18.26.51-18x24.jpeg 18w, https:\/\/blogsaverroes.juntadeandalucia.es\/cprcampodelrey\/files\/2020\/06\/WhatsApp-Image-2020-06-19-at-18.26.51-27x36.jpeg 27w, https:\/\/blogsaverroes.juntadeandalucia.es\/cprcampodelrey\/files\/2020\/06\/WhatsApp-Image-2020-06-19-at-18.26.51-36x48.jpeg 36w\" sizes=\"(max-width: 108px) 100vw, 108px\" \/><\/p>\n<p style=\"text-align: right\">&nbsp;<\/p>\n<p style=\"text-align: right\">\u00abEl amor es una fruta de temporada todo el a\u00f1o\u00bb<\/p>\n<p style=\"text-align: right\">Madre Teresa de Calcuta<\/p>\n<\/blockquote>\n<p style=\"text-align: right\">&nbsp;<\/p>\n<p><strong>Rosa Mar\u00eda Ortiz Mart\u00ednez (Maestra especialista en Pedagog\u00eda&nbsp;Terap\u00e9utica)<\/strong><\/p>\n<blockquote><p><a href=\"https:\/\/blogsaverroes.juntadeandalucia.es\/cprcampodelrey\/files\/2021\/03\/WhatsApp-Image-2021-03-16-at-09.32.21.jpeg\"><img loading=\"lazy\" decoding=\"async\" class=\"wp-image-3639 alignleft\" src=\"https:\/\/blogsaverroes.juntadeandalucia.es\/cprcampodelrey\/files\/2021\/03\/WhatsApp-Image-2021-03-16-at-09.32.21.jpeg\" alt=\"\" width=\"112\" height=\"111\" srcset=\"https:\/\/blogsaverroes.juntadeandalucia.es\/cprcampodelrey\/files\/2021\/03\/WhatsApp-Image-2021-03-16-at-09.32.21.jpeg 1157w, https:\/\/blogsaverroes.juntadeandalucia.es\/cprcampodelrey\/files\/2021\/03\/WhatsApp-Image-2021-03-16-at-09.32.21-300x300.jpeg 300w, https:\/\/blogsaverroes.juntadeandalucia.es\/cprcampodelrey\/files\/2021\/03\/WhatsApp-Image-2021-03-16-at-09.32.21-1024x1021.jpeg 1024w, https:\/\/blogsaverroes.juntadeandalucia.es\/cprcampodelrey\/files\/2021\/03\/WhatsApp-Image-2021-03-16-at-09.32.21-150x150.jpeg 150w, https:\/\/blogsaverroes.juntadeandalucia.es\/cprcampodelrey\/files\/2021\/03\/WhatsApp-Image-2021-03-16-at-09.32.21-768x766.jpeg 768w\" sizes=\"(max-width: 112px) 100vw, 112px\" \/><\/a><\/p>\n<p>&nbsp;<\/p>\n<p>\u00abEl \u00e9xito de un pa\u00eds reside en su educaci\u00f3n\u00bb<\/p><\/blockquote>\n","protected":false},"excerpt":{"rendered":"<p>Javier Mart\u00ednez Del Estal (Director y maestro de Educaci\u00f3n Primaria) &nbsp; \u00abLograr que cada miembro de la comunidad educativa se motive, y saque lo mejor de si mismo para contribuir al bien com\u00fan\u00bb &nbsp;&#46;&#46;&#46;<\/p>\n","protected":false},"author":1,"featured_media":0,"parent":0,"menu_order":0,"comment_status":"closed","ping_status":"open","template":"","meta":{"ngg_post_thumbnail":0,"footnotes":"","_mc_calendar":[]},"aioseo_notices":[],"_links":{"self":[{"href":"https:\/\/blogsaverroes.juntadeandalucia.es\/cprcampodelrey\/wp-json\/wp\/v2\/pages\/42"}],"collection":[{"href":"https:\/\/blogsaverroes.juntadeandalucia.es\/cprcampodelrey\/wp-json\/wp\/v2\/pages"}],"about":[{"href":"https:\/\/blogsaverroes.juntadeandalucia.es\/cprcampodelrey\/wp-json\/wp\/v2\/types\/page"}],"author":[{"embeddable":true,"href":"https:\/\/blogsaverroes.juntadeandalucia.es\/cprcampodelrey\/wp-json\/wp\/v2\/users\/1"}],"replies":[{"embeddable":true,"href":"https:\/\/blogsaverroes.juntadeandalucia.es\/cprcampodelrey\/wp-json\/wp\/v2\/comments?post=42"}],"version-history":[{"count":29,"href":"https:\/\/blogsaverroes.juntadeandalucia.es\/cprcampodelrey\/wp-json\/wp\/v2\/pages\/42\/revisions"}],"predecessor-version":[{"id":3642,"href":"https:\/\/blogsaverroes.juntadeandalucia.es\/cprcampodelrey\/wp-json\/wp\/v2\/pages\/42\/revisions\/3642"}],"wp:attachment":[{"href":"https:\/\/blogsaverroes.juntadeandalucia.es\/cprcampodelrey\/wp-json\/wp\/v2\/media?parent=42"}],"curies":[{"name":"wp","href":"https:\/\/api.w.org\/{rel}","templated":true}]}}