{"id":5900,"date":"2022-11-08T11:47:38","date_gmt":"2022-11-08T11:47:38","guid":{"rendered":"https:\/\/blogsaverroes.juntadeandalucia.es\/cprlosrios\/?page_id=5900"},"modified":"2022-11-08T11:58:48","modified_gmt":"2022-11-08T11:58:48","slug":"tde","status":"publish","type":"page","link":"https:\/\/blogsaverroes.juntadeandalucia.es\/cprlosrios\/tde\/","title":{"rendered":"Transformaci\u00f3n Digital Educativa"},"content":{"rendered":"<p style=\"text-align: justify\">Esta p\u00e1gina de nuestra web est\u00e1 dedicada a todos los procesos de transformaci\u00f3n digital que se est\u00e1n implantando en el centro, as\u00ed como, un lugar de encuentro donde poder estar actualizados con las nuevas tecnolog\u00edas y su uso cotidiano.<\/p>\n<h3 style=\"text-align: center\">DEC\u00c1LOGO DEL BUEN USO DE LAS TECNOLOG\u00cdAS<\/h3>\n<p><a href=\"https:\/\/blogsaverroes.juntadeandalucia.es\/cprlosrios\/files\/2022\/11\/Dec\u00e1logo-scaled.jpg\"><img loading=\"lazy\" decoding=\"async\" class=\"aligncenter  wp-image-5907\" src=\"https:\/\/blogsaverroes.juntadeandalucia.es\/cprlosrios\/files\/2022\/11\/Dec\u00e1logo-150x300.jpg\" alt=\"\" width=\"684\" height=\"1368\" srcset=\"https:\/\/blogsaverroes.juntadeandalucia.es\/cprlosrios\/files\/2022\/11\/Dec\u00e1logo-150x300.jpg 150w, https:\/\/blogsaverroes.juntadeandalucia.es\/cprlosrios\/files\/2022\/11\/Dec\u00e1logo-512x1024.jpg 512w, https:\/\/blogsaverroes.juntadeandalucia.es\/cprlosrios\/files\/2022\/11\/Dec\u00e1logo-768x1536.jpg 768w, https:\/\/blogsaverroes.juntadeandalucia.es\/cprlosrios\/files\/2022\/11\/Dec\u00e1logo-1024x2048.jpg 1024w, https:\/\/blogsaverroes.juntadeandalucia.es\/cprlosrios\/files\/2022\/11\/Dec\u00e1logo-scaled.jpg 800w\" sizes=\"(max-width: 684px) 100vw, 684px\" \/><\/a><\/p>\n<p>&nbsp;<\/p>\n","protected":false},"excerpt":{"rendered":"<p>Esta p\u00e1gina de nuestra web est\u00e1 dedicada a todos los procesos de transformaci\u00f3n digital que se est\u00e1n implantando en el centro, as\u00ed como, un lugar de encuentro donde poder estar actualizados con las nuevas&#46;&#46;&#46;<\/p>\n","protected":false},"author":5849,"featured_media":0,"parent":0,"menu_order":0,"comment_status":"closed","ping_status":"closed","template":"","meta":{"ngg_post_thumbnail":0,"footnotes":"","_mc_calendar":[]},"aioseo_notices":[],"_links":{"self":[{"href":"https:\/\/blogsaverroes.juntadeandalucia.es\/cprlosrios\/wp-json\/wp\/v2\/pages\/5900"}],"collection":[{"href":"https:\/\/blogsaverroes.juntadeandalucia.es\/cprlosrios\/wp-json\/wp\/v2\/pages"}],"about":[{"href":"https:\/\/blogsaverroes.juntadeandalucia.es\/cprlosrios\/wp-json\/wp\/v2\/types\/page"}],"author":[{"embeddable":true,"href":"https:\/\/blogsaverroes.juntadeandalucia.es\/cprlosrios\/wp-json\/wp\/v2\/users\/5849"}],"replies":[{"embeddable":true,"href":"https:\/\/blogsaverroes.juntadeandalucia.es\/cprlosrios\/wp-json\/wp\/v2\/comments?post=5900"}],"version-history":[{"count":3,"href":"https:\/\/blogsaverroes.juntadeandalucia.es\/cprlosrios\/wp-json\/wp\/v2\/pages\/5900\/revisions"}],"predecessor-version":[{"id":5908,"href":"https:\/\/blogsaverroes.juntadeandalucia.es\/cprlosrios\/wp-json\/wp\/v2\/pages\/5900\/revisions\/5908"}],"wp:attachment":[{"href":"https:\/\/blogsaverroes.juntadeandalucia.es\/cprlosrios\/wp-json\/wp\/v2\/media?parent=5900"}],"curies":[{"name":"wp","href":"https:\/\/api.w.org\/{rel}","templated":true}]}}