{"id":6208,"date":"2023-02-09T12:48:01","date_gmt":"2023-02-09T12:48:01","guid":{"rendered":"https:\/\/blogsaverroes.juntadeandalucia.es\/cprlosrios\/?page_id=6208"},"modified":"2023-02-13T15:39:42","modified_gmt":"2023-02-13T15:39:42","slug":"patios-inclusivos","status":"publish","type":"page","link":"https:\/\/blogsaverroes.juntadeandalucia.es\/cprlosrios\/patios-inclusivos\/","title":{"rendered":"PATIOS INCLUSIVOS"},"content":{"rendered":"<h3>PATIOS INCLUSIVOS<\/h3>\n<p style=\"text-align: justify\">En esta p\u00e1gina se ir\u00e1n subiendo los trabajos realizados en el centro para la construcci\u00f3n de nuestro patio inclusivo y coeducativo.<\/p>\n<p><strong>Taller creativo de cocina<\/strong><\/p>\n<p><iframe loading=\"lazy\" title=\"TALLER DE COCINA\" width=\"500\" height=\"281\" src=\"https:\/\/www.youtube.com\/embed\/nhX7jyheDaM?feature=oembed&#038;wmode=opaque\" frameborder=\"0\" allow=\"accelerometer; autoplay; clipboard-write; encrypted-media; gyroscope; picture-in-picture; web-share\" allowfullscreen><\/iframe><\/p>\n<p><strong>Taller de juegos de mesa<\/strong><\/p>\n<p><iframe loading=\"lazy\" title=\"Taller de juegos de mesa\" width=\"500\" height=\"375\" src=\"https:\/\/www.youtube.com\/embed\/9HR8IvIKZyo?feature=oembed&#038;wmode=opaque\" frameborder=\"0\" allow=\"accelerometer; autoplay; clipboard-write; encrypted-media; gyroscope; picture-in-picture; web-share\" allowfullscreen><\/iframe><\/p>\n<p><strong>Taller creativo de marcap\u00e1ginas<\/strong><\/p>\n<p><iframe loading=\"lazy\" title=\"Marcap\u00e1ginas Biblioteca Patios Inclusivos\" width=\"500\" height=\"375\" src=\"https:\/\/www.youtube.com\/embed\/ssWphUd9urE?feature=oembed&#038;wmode=opaque\" frameborder=\"0\" allow=\"accelerometer; autoplay; clipboard-write; encrypted-media; gyroscope; picture-in-picture; web-share\" allowfullscreen><\/iframe><\/p>\n<p>&nbsp;<\/p>\n<h3>D\u00eda de la Paz<\/h3>\n<p style=\"text-align: justify\">Hemos recopilado una serie de juegos del mundo, que han elaborado las diferentes clases de nuestro centro, y los hemos puesto en pr\u00e1ctica para celebrar el<a href=\"https:\/\/blogsaverroes.juntadeandalucia.es\/cprlosrios\/2023\/01\/19\/dia-de-la-paz-6\/\"> D\u00eda de la Paz<\/a>.<\/p>\n<p><iframe loading=\"lazy\" title=\"d\u00eda de la paz. J\u00e1tar 2023\" width=\"500\" height=\"281\" src=\"https:\/\/www.youtube.com\/embed\/7hjduJ8m6fM?feature=oembed&#038;wmode=opaque\" frameborder=\"0\" allow=\"accelerometer; autoplay; clipboard-write; encrypted-media; gyroscope; picture-in-picture; web-share\" allowfullscreen><\/iframe><\/p>\n<p>&nbsp;<\/p>\n<h3>D\u00eda de la Lectura en Andaluc\u00eda<\/h3>\n<p style=\"text-align: justify\">Se han realizado algunas actividades para probar el rinc\u00f3n de lectura de nuestro patio inclusivo y coeducativo para conmemorar el d\u00eda de la <a href=\"https:\/\/blogsaverroes.juntadeandalucia.es\/cprlosrios\/2022\/12\/22\/dia-de-la-lectura-en-andalucia-2\/\">Lectura en Andaluc\u00eda<\/a>.<\/p>\n<div style=\"width: 640px;\" class=\"wp-video\"><!--[if lt IE 9]><script>document.createElement('video');<\/script><![endif]-->\n<video class=\"wp-video-shortcode\" id=\"video-6208-1\" width=\"640\" height=\"288\" preload=\"metadata\" controls=\"controls\"><source type=\"video\/mp4\" src=\"https:\/\/blogsaverroes.juntadeandalucia.es\/cprlosrios\/files\/2022\/12\/WhatsApp-Video-2022-12-21-at-12.32.22.mp4?_=1\" \/><a href=\"https:\/\/blogsaverroes.juntadeandalucia.es\/cprlosrios\/files\/2022\/12\/WhatsApp-Video-2022-12-21-at-12.32.22.mp4\">https:\/\/blogsaverroes.juntadeandalucia.es\/cprlosrios\/files\/2022\/12\/WhatsApp-Video-2022-12-21-at-12.32.22.mp4<\/a><\/video><\/div>\n<h3>&nbsp;<\/h3>\n<h3>D\u00eda de la Constituci\u00f3n<\/h3>\n<p style=\"text-align: justify\">Aprovechando esta efem\u00e9ride, en el centro hemos elegido los representantes escolares que defender\u00e1n nuestro Patio Inclusivo y Coeducativo en los Ayuntamientos de Arenas del Rey y J\u00e1tar.<\/p>\n<p>\u00a1En vuestras manos est\u00e1 conseguir el apoyo para llevarlo a cabo!&nbsp; <a href=\"https:\/\/blogsaverroes.juntadeandalucia.es\/cprlosrios\/2022\/12\/07\/constitucion-22\/\">info.<\/a><\/p>\n<p><iframe loading=\"lazy\" title=\"Constituci\u00f3n 22\" width=\"500\" height=\"281\" src=\"https:\/\/www.youtube.com\/embed\/HlVcyK21VIQ?feature=oembed&#038;wmode=opaque\" frameborder=\"0\" allow=\"accelerometer; autoplay; clipboard-write; encrypted-media; gyroscope; picture-in-picture; web-share\" allowfullscreen><\/iframe><\/p>\n<p>&nbsp;<\/p>\n<h3>25 N.- D\u00eda de la eliminaci\u00f3n de la violencia contra las mujeres<\/h3>\n<p>Con respecto a nuestro proyecto, hemos analizado algunos juegos tradicionales susceptibles de no ser inclusivos y los hemos corregido con las aportaciones del alumnado. <a href=\"https:\/\/blogsaverroes.juntadeandalucia.es\/cprlosrios\/2022\/11\/30\/25-n-dia-internacional-de-la-eliminacion-de-la-violencia-contra-las-mujeres\/\">info.<\/a><\/p>\n<p><iframe loading=\"lazy\" title=\"25 N.- D\u00eda Internacional de la Eliminaci\u00f3n de la Violencia contra las Mujeres\" width=\"500\" height=\"281\" src=\"https:\/\/www.youtube.com\/embed\/xRl9II6PKvU?feature=oembed&#038;wmode=opaque\" frameborder=\"0\" allow=\"accelerometer; autoplay; clipboard-write; encrypted-media; gyroscope; picture-in-picture; web-share\" allowfullscreen><\/iframe><\/p>\n<p>&nbsp;<\/p>\n<h3>D\u00eda de los derechos del ni\u00f1o\/a<\/h3>\n<p>Se presenta a nuestro alumnado el proyecto de Patios Inclusivos y Coeducativos y se recogen aquellas ideas propuestas para confeccionar nuestro espacio, en ambas localidades.<\/p>\n","protected":false},"excerpt":{"rendered":"<p>PATIOS INCLUSIVOS En esta p\u00e1gina se ir\u00e1n subiendo los trabajos realizados en el centro para la construcci\u00f3n de nuestro patio inclusivo y coeducativo. Taller creativo de cocina Taller de juegos de mesa Taller creativo&#46;&#46;&#46;<\/p>\n","protected":false},"author":5849,"featured_media":0,"parent":0,"menu_order":0,"comment_status":"closed","ping_status":"closed","template":"","meta":{"ngg_post_thumbnail":0,"footnotes":"","_mc_calendar":[]},"aioseo_notices":[],"_links":{"self":[{"href":"https:\/\/blogsaverroes.juntadeandalucia.es\/cprlosrios\/wp-json\/wp\/v2\/pages\/6208"}],"collection":[{"href":"https:\/\/blogsaverroes.juntadeandalucia.es\/cprlosrios\/wp-json\/wp\/v2\/pages"}],"about":[{"href":"https:\/\/blogsaverroes.juntadeandalucia.es\/cprlosrios\/wp-json\/wp\/v2\/types\/page"}],"author":[{"embeddable":true,"href":"https:\/\/blogsaverroes.juntadeandalucia.es\/cprlosrios\/wp-json\/wp\/v2\/users\/5849"}],"replies":[{"embeddable":true,"href":"https:\/\/blogsaverroes.juntadeandalucia.es\/cprlosrios\/wp-json\/wp\/v2\/comments?post=6208"}],"version-history":[{"count":7,"href":"https:\/\/blogsaverroes.juntadeandalucia.es\/cprlosrios\/wp-json\/wp\/v2\/pages\/6208\/revisions"}],"predecessor-version":[{"id":6221,"href":"https:\/\/blogsaverroes.juntadeandalucia.es\/cprlosrios\/wp-json\/wp\/v2\/pages\/6208\/revisions\/6221"}],"wp:attachment":[{"href":"https:\/\/blogsaverroes.juntadeandalucia.es\/cprlosrios\/wp-json\/wp\/v2\/media?parent=6208"}],"curies":[{"name":"wp","href":"https:\/\/api.w.org\/{rel}","templated":true}]}}