{"id":1113,"date":"2020-08-27T11:00:55","date_gmt":"2020-08-27T09:00:55","guid":{"rendered":"http:\/\/blogsaverroes.juntadeandalucia.es\/pre\/ceip\/?page_id=2"},"modified":"2025-03-10T20:22:31","modified_gmt":"2025-03-10T19:22:31","slug":"pagina-ejemplo-2","status":"publish","type":"page","link":"https:\/\/blogsaverroes.juntadeandalucia.es\/cprtaxara\/","title":{"rendered":"Inicio"},"content":{"rendered":"<p style=\"text-align: center\"><span style=\"color: #000080\"><strong><span style=\"font-size: 18pt\">JORNADA DE PUERTAS ABIERTAS CURSO 24 -25<\/span><\/strong><\/span><\/p>\n<table style=\"border-collapse: collapse;width: 100%\">\n<tbody>\n<tr>\n<td style=\"width: 50%\"><img decoding=\"async\" src=\"https:\/\/blogsaverroes.juntadeandalucia.es\/cprtaxara\/files\/2025\/03\/Venta-Nueva.png\"><\/td>\n<td style=\"width: 50%\"><img decoding=\"async\" src=\"https:\/\/blogsaverroes.juntadeandalucia.es\/cprtaxara\/files\/2025\/03\/La-Fabrica.png\"><\/td>\n<\/tr>\n<\/tbody>\n<\/table>\n<div>&nbsp;<\/div>\n<div><span style=\"color: #000080\"><strong><span style=\"font-size: 18pt\">Elecciones al Consejo Escolar Curso 24\/25<\/span><\/strong><\/span><\/div>\n<div style=\"text-align: justify\"><span style=\"font-size: 14pt\">Estimado\/a miembro de esta comunidad educativa. Le comunico que a lo largo de este primer trimestre se va a proceder a la elecci\u00f3n de candidatos y candidatas&nbsp; representantes de los distintos sectores&nbsp; en nuestro Consejo Escolar.<\/span><\/div>\n<div>\n<div><span style=\"font-size: 14pt\">Comenzamos las actuaciones que se llevar\u00e1n a cabo para la renovaci\u00f3n de los representantes del Consejo Escolar con la publicaci\u00f3n de los censos electorales de los diferentes sectores: madres\/padres\/tutores legales; profesorado y personal de Administraci\u00f3n y servicios. <\/span><br \/>\n<span style=\"font-size: 14pt\">Los censos estar\u00e1n expuestos en los tablones de anuncios de los dos centros que componen el CPR TAXARA, Venta Nueva y La F\u00e1brica. Las familias que lo deseen pueden pasar a comprobar sus datos la pr\u00f3xima semana en el siguiente horario:<\/span><br \/>\n<span style=\"font-size: 14pt\">Sede de Venta Nueva: Lunes y mi\u00e9rcoles de 9:05H a 10:00H<\/span><br \/>\n<span style=\"font-size: 14pt\">Sede de La F\u00e1brica: Lunes de 16:00H y 17:00H y martes de 9:05 a 9:20.<\/span><br \/>\n<span style=\"font-size: 14pt\">\u00a1 PRES\u00c9NTATE POR TU SECTOR. LA PARTICIPACI\u00d3N DE TODOS LO SECTORES ES IMPORTANTE. LA TUYA TAMBI\u00c9N!<\/span><\/div>\n<div>&nbsp;<\/div>\n<\/div>\n<div style=\"text-align: right\">\n<p style=\"text-align: center\"><span style=\"font-size: 14pt;color: #000080\"><strong>DOCUMENTOS SOBRE EL PROCESO<\/strong><\/span><\/p>\n<\/div>\n<table style=\"width: 100%;background-color: #f8f9cd;margin-left: auto;margin-right: auto;height: 338px\" cellspacing=\"3\">\n<tbody>\n<tr style=\"height: 30px;text-align: left\">\n<td style=\"width: 6%;height: 163px\"><a href=\"https:\/\/www.juntadeandalucia.es\/educacion\/portals\/delegate\/content\/d010f98b-6a6b-4573-9fa6-855341cc6944\/Resoluci%C3%B3n%20de%206%20de%20septiembre%20de%202024,%20de%20la%20Direcci%C3%B3n%20General%20de%20Participaci%C3%B3n%20e%20Inclusi%C3%B3n%20Educativa,%20por%20la%20que%20se%20establece%20el%20calendario%20para%20el%20desarrollo%20de%20las%20elecciones%20de%20representantes%20en%20los%20Consejos%20Escolares%20de%20los%20centros%20docentes%20sostenidos%20con%20fondos%20p%C3%BAblicos%20de%20la%20Comunidad%20Aut%C3%B3noma%20de%20Andaluc%C3%ADa,%20a%20excepci%C3%B3n%20de%20los%20centros%20espec%C3%ADficos%20de%20educaci%C3%B3n%20permanente%20de%20personas%20adultas%20para%20el%20curso%202024\/2025\" target=\"_blank\" rel=\"noopener\"><img loading=\"lazy\" decoding=\"async\" class=\"aligncenter wp-image-4501\" src=\"https:\/\/blogsaverroes.juntadeandalucia.es\/cprtaxara\/files\/2024\/09\/pdf-download-768x768-removebg-preview.png\" alt=\"\" width=\"525\" height=\"525\" srcset=\"https:\/\/blogsaverroes.juntadeandalucia.es\/cprtaxara\/files\/2024\/09\/pdf-download-768x768-removebg-preview.png 500w, https:\/\/blogsaverroes.juntadeandalucia.es\/cprtaxara\/files\/2024\/09\/pdf-download-768x768-removebg-preview-300x300.png 300w, https:\/\/blogsaverroes.juntadeandalucia.es\/cprtaxara\/files\/2024\/09\/pdf-download-768x768-removebg-preview-150x150.png 150w\" sizes=\"(max-width: 525px) 100vw, 525px\" \/><\/a><\/td>\n<td style=\"height: 163px\"><span style=\"font-size: 12pt\"><a title=\"Ir a: Resoluci\u00f3n de 6 de septiembre de 2024, de la Direcci\u00f3n General de Participaci\u00f3n e Inclusi\u00f3n Educativa, por la que se establece el calendario para el desarrollo de las elecciones de representantes en los Consejos Escolares de los centros docentes sostenidos con fondos p\u00fablicos de la Comunidad Aut\u00f3noma de Andaluc\u00eda, a excepci\u00f3n de los centros espec\u00edficos de educaci\u00f3n permanente de personas adultas para el curso 2024\/2025.\" href=\"https:\/\/www.juntadeandalucia.es\/educacion\/portals\/delegate\/content\/d010f98b-6a6b-4573-9fa6-855341cc6944\/Resoluci%C3%B3n%20de%206%20de%20septiembre%20de%202024,%20de%20la%20Direcci%C3%B3n%20General%20de%20Participaci%C3%B3n%20e%20Inclusi%C3%B3n%20Educativa,%20por%20la%20que%20se%20establece%20el%20calendario%20para%20el%20desarrollo%20de%20las%20elecciones%20de%20representantes%20en%20los%20Consejos%20Escolares%20de%20los%20centros%20docentes%20sostenidos%20con%20fondos%20p%C3%BAblicos%20de%20la%20Comunidad%20Aut%C3%B3noma%20de%20Andaluc%C3%ADa,%20a%20excepci%C3%B3n%20de%20los%20centros%20espec%C3%ADficos%20de%20educaci%C3%B3n%20permanente%20de%20personas%20adultas%20para%20el%20curso%202024\/2025\" target=\"_blank\" rel=\"noopener noreferrer\"><span style=\"font-size: 14pt\"> Resoluci\u00f3n de 6 de septiembre de 2024, de la Direcci\u00f3n General de Participaci\u00f3n e Inclusi\u00f3n Educativa, por la que se establece el calendario para el desarrollo de las elecciones de representantes en los Consejos Escolares de los centros docentes sostenidos con fondos p\u00fablicos de la Comunidad Aut\u00f3noma de Andaluc\u00eda, a excepci\u00f3n de los centros espec\u00edficos de educaci\u00f3n permanente de personas adultas para el curso 2024\/2025.<\/span> <\/a><\/span><\/td>\n<td style=\"width: 20%;height: 338px\" rowspan=\"6\"><a href=\"https:\/\/blogsaverroes.juntadeandalucia.es\/cprtaxara\/files\/2024\/09\/consejo_escolar_24.jpg\"><img loading=\"lazy\" decoding=\"async\" class=\"aligncenter size-full wp-image-4502\" src=\"https:\/\/blogsaverroes.juntadeandalucia.es\/cprtaxara\/files\/2024\/09\/consejo_escolar_24.jpg\" alt=\"\" width=\"700\" height=\"520\" srcset=\"https:\/\/blogsaverroes.juntadeandalucia.es\/cprtaxara\/files\/2024\/09\/consejo_escolar_24.jpg 700w, https:\/\/blogsaverroes.juntadeandalucia.es\/cprtaxara\/files\/2024\/09\/consejo_escolar_24-300x223.jpg 300w\" sizes=\"(max-width: 700px) 100vw, 700px\" \/><\/a><\/td>\n<\/tr>\n<tr style=\"height: 30px;text-align: left\">\n<td style=\"width: 6%;height: 29px\"><a href=\"https:\/\/www.juntadeandalucia.es\/educacion\/portals\/delegate\/content\/2cc15f62-d698-4e8f-aceb-4eeb1a6f78a8\/Calendario de las elecciones a consejos escolares 2024\" target=\"_blank\" rel=\"noopener\"><img loading=\"lazy\" decoding=\"async\" src=\"https:\/\/blogsaverroes.juntadeandalucia.es\/cprtaxara\/files\/2024\/09\/pdf-download-768x768-removebg-preview.png\" alt=\"\" width=\"525\" height=\"525\"><\/a><\/td>\n<td style=\"height: 29px\"><span style=\"font-size: 14pt\"><a title=\"Pulse para visualizar el documento:&nbsp;Calendario de las elecciones a consejos escolares 2024\" href=\"https:\/\/www.juntadeandalucia.es\/educacion\/portals\/delegate\/content\/2cc15f62-d698-4e8f-aceb-4eeb1a6f78a8\/Calendario de las elecciones a consejos escolares 2024\" target=\"_blank\" rel=\"noopener noreferrer\">Calendario de las elecciones a consejos escolares 2024<\/a><\/span><\/td>\n<\/tr>\n<tr style=\"height: 30px;text-align: left\">\n<td style=\"width: 6%;height: 29px\"><a href=\"https:\/\/www.juntadeandalucia.es\/educacion\/portals\/delegate\/content\/55a4c3b9-85a5-4fb3-98ab-77d79408a6ab\/L\u00ednea de Tiempo Elecciones Consejos Escolares 2024\" target=\"_blank\" rel=\"noopener\"><img loading=\"lazy\" decoding=\"async\" class=\"alignnone\" style=\"vertical-align: middle\" src=\"https:\/\/blogsaverroes.juntadeandalucia.es\/cprtaxara\/files\/2024\/09\/pdf-download-768x768-removebg-preview.png\" alt=\"\" width=\"525\" height=\"525\"><\/a><\/td>\n<td style=\"height: 29px\"><span style=\"font-size: 14pt\"><a title=\"Pulse para visualizar el documento:&nbsp;L\u00ednea de Tiempo Elecciones Consejos Escolares 2024\" href=\"https:\/\/www.juntadeandalucia.es\/educacion\/portals\/delegate\/content\/55a4c3b9-85a5-4fb3-98ab-77d79408a6ab\/L\u00ednea de Tiempo Elecciones Consejos Escolares 2024\" target=\"_blank\" rel=\"noopener noreferrer\">L\u00ednea de Tiempo Elecciones Consejos Escolares 2024<\/a><\/span><\/td>\n<\/tr>\n<tr style=\"height: 30px;text-align: left\">\n<td style=\"width: 6%;height: 29px\"><a href=\"https:\/\/www.juntadeandalucia.es\/educacion\/portals\/delegate\/content\/4922c053-7e16-4ce3-b353-f9bc5b9ffe0d\/Folleto tr\u00edptico Voto Electr\u00f3nico\" target=\"_blank\" rel=\"noopener\"><img loading=\"lazy\" decoding=\"async\" class=\"alignnone\" style=\"vertical-align: middle\" src=\"https:\/\/blogsaverroes.juntadeandalucia.es\/cprtaxara\/files\/2024\/09\/pdf-download-768x768-removebg-preview.png\" alt=\"\" width=\"525\" height=\"525\"><\/a><\/td>\n<td style=\"height: 29px\"><span style=\"font-size: 14pt\"><a title=\"Pulse para visualizar el documento:&nbsp;Folleto tr\u00edptico Voto Electr\u00f3nico\" href=\"https:\/\/www.juntadeandalucia.es\/educacion\/portals\/delegate\/content\/4922c053-7e16-4ce3-b353-f9bc5b9ffe0d\/Folleto tr\u00edptico Voto Electr\u00f3nico\" target=\"_blank\" rel=\"noopener noreferrer\">Folleto tr\u00edptico Voto Electr\u00f3nico<\/a><\/span><\/td>\n<\/tr>\n<tr style=\"height: 30px;text-align: left\">\n<td style=\"width: 6%;height: 29px\"><a href=\"https:\/\/www.juntadeandalucia.es\/educacion\/portals\/delegate\/content\/0128d5a5-8e5a-4688-9fb5-b3af6baa7c09\/Resumen%20de%20normas%20de%20funcionamiento%20CCEE%202024\" target=\"_blank\" rel=\"noopener noreferrer\"><img loading=\"lazy\" decoding=\"async\" style=\"vertical-align: middle\" src=\"https:\/\/blogsaverroes.juntadeandalucia.es\/cprtaxara\/files\/2024\/09\/pdf-download-768x768-removebg-preview.png\" alt=\"\" width=\"525\" height=\"525\"><\/a><\/td>\n<td style=\"height: 29px\"><span style=\"font-size: 14pt\"><a title=\"Pulse para visualizar el documento:&nbsp;Resumen de normas de funcionamiento CCEE 2024\" href=\"https:\/\/www.juntadeandalucia.es\/educacion\/portals\/delegate\/content\/0128d5a5-8e5a-4688-9fb5-b3af6baa7c09\/Resumen de normas de funcionamiento CCEE 2024\" target=\"_blank\" rel=\"noopener noreferrer\">Resumen de normas de funcionamiento CCEE 2024<\/a><\/span><\/td>\n<\/tr>\n<tr style=\"height: 30px;text-align: left\">\n<td style=\"width: 6%;height: 59px\"><a href=\"https:\/\/www.juntadeandalucia.es\/educacion\/portals\/delegate\/content\/b47ecf3e-3f6f-4f05-a7d2-6ecad7bf0847\/Preguntas Frecuentes sobre el Proceso Electoral de los Consejos Escolares y Consejos de Residencias\" target=\"_blank\" rel=\"noopener\"><img loading=\"lazy\" decoding=\"async\" style=\"vertical-align: middle\" src=\"https:\/\/blogsaverroes.juntadeandalucia.es\/cprtaxara\/files\/2024\/09\/pdf-download-768x768-removebg-preview.png\" alt=\"\" width=\"525\" height=\"525\"><\/a><\/td>\n<td style=\"height: 59px\"><span style=\"font-size: 14pt\"><a title=\"Pulse para visualizar el documento:&nbsp;Preguntas Frecuentes sobre el Proceso Electoral de los Consejos Escolares y Consejos de Residencias\" href=\"https:\/\/www.juntadeandalucia.es\/educacion\/portals\/delegate\/content\/b47ecf3e-3f6f-4f05-a7d2-6ecad7bf0847\/Preguntas Frecuentes sobre el Proceso Electoral de los Consejos Escolares y Consejos de Residencias\" target=\"_blank\" rel=\"noopener noreferrer\"> Preguntas Frecuentes sobre el Proceso Electoral de los Consejos Escolares y Consejos de Residencias<\/a><\/span><\/td>\n<\/tr>\n<\/tbody>\n<\/table>\n<p>&nbsp;<\/p>\n<p>&nbsp;<\/p>\n<h2>&nbsp;<\/h2>\n<p>&nbsp;<\/p>\n<h2><img decoding=\"async\" src=\"https:\/\/blogsaverroes.juntadeandalucia.es\/cprtaxara\/files\/2024\/09\/iniciocurso.jpg\" alt=\"\" width=\"100%\" height=\"776\"><\/h2>\n<p><span style=\"font-size: 24pt\"><strong>Bienvenidos al nuevo curso escolar 2024-2025<\/strong><\/span><\/p>\n<p>&nbsp;<\/p>\n<h3>Regresamos con gran <strong>ilusi\u00f3n<\/strong> y <strong>entusiasmo<\/strong>, y estamos preparados para iniciar un nuevo curso escolar que estamos seguros que estar\u00e1 lleno de aprendizajes, aventuras y sue\u00f1os.<\/h3>\n<h3>Regresamos con <strong>coraz\u00f3n,<\/strong> para poner el cuerpo y la mente en el<strong> respeto<\/strong> <strong>mutuo y en la ayuda a los dem\u00e1s.<\/strong><\/h3>\n<h3>Regresamos con el deseo de<strong> aprender, exigi\u00e9ndonos trabajo, <\/strong><strong>puntualidad, disciplina, esfuerzo y creatividad,<\/strong> junto con nuestros maestros y maestras. Y todo <strong>sin<\/strong> <strong>perder<\/strong> <strong>la<\/strong> <strong>sonrisa.<\/strong><\/h3>\n<h3>Bienvenidos as\u00ed, preparados para afrontar muchos <strong>retos,<\/strong> <strong>metas,deseos<\/strong> <strong>y proyectos<\/strong> que nos brindar\u00e1n al final del a\u00f1o muchos resultados positivos y exitosos.<\/h3>\n<h3>Cada uno de nuestros alumnos y alumnas es una pieza fundamental de esta gran familia, y juntos crearemos un ambiente de respeto, donde la curiosidad, la creatividad y el compa\u00f1erismo nos guiar\u00e1n cada d\u00eda. Para que esto sea posible necesitamos implicaci\u00f3n de toda la <strong>Comunidad Educativa, <\/strong>alumnado<strong>, <\/strong>padres, madres y profesorado haciendo equipo.<\/h3>\n<h3 style=\"text-align: center\"><strong><span style=\"font-size: 14pt\">\u00abCuando escuela y hogar caminan de la mano, no existe meta inalcanzable\u00bb<\/span><\/strong><\/h3>\n<h3>Os damos&nbsp; por tanto, esta bienvenida esperando vuestra colaboraci\u00f3n y os deseamos un bonito curso escolar 2024 &#8211; 2025.<\/h3>\n<h3>Un saludo.<\/h3>\n<h3>C.P.R. TAXARA<\/h3>\n<p>&nbsp;<\/p>\n<p style=\"text-align: center\"><span style=\"font-family: 'comic sans ms', sans-serif;font-size: 24pt;background-color: #ccffcc\">Bienvenido a la&nbsp; web del CPR TAXARA<\/span><\/p>\n<p>&nbsp;<\/p>\n<p><a href=\"https:\/\/blogsaverroes.juntadeandalucia.es\/cprtaxara\/files\/2024\/05\/20230329_124509.jpg\"><img loading=\"lazy\" decoding=\"async\" class=\"aligncenter size-full wp-image-4457\" src=\"https:\/\/blogsaverroes.juntadeandalucia.es\/cprtaxara\/files\/2024\/05\/20230329_124509.jpg\" alt=\"\" width=\"1600\" height=\"1200\" srcset=\"https:\/\/blogsaverroes.juntadeandalucia.es\/cprtaxara\/files\/2024\/05\/20230329_124509.jpg 1600w, https:\/\/blogsaverroes.juntadeandalucia.es\/cprtaxara\/files\/2024\/05\/20230329_124509-300x225.jpg 300w, https:\/\/blogsaverroes.juntadeandalucia.es\/cprtaxara\/files\/2024\/05\/20230329_124509-1024x768.jpg 1024w, https:\/\/blogsaverroes.juntadeandalucia.es\/cprtaxara\/files\/2024\/05\/20230329_124509-768x576.jpg 768w, https:\/\/blogsaverroes.juntadeandalucia.es\/cprtaxara\/files\/2024\/05\/20230329_124509-1536x1152.jpg 1536w, https:\/\/blogsaverroes.juntadeandalucia.es\/cprtaxara\/files\/2024\/05\/20230329_124509-2048x1536.jpg 2048w\" sizes=\"(max-width: 1600px) 100vw, 1600px\" \/><\/a><\/p>\n<p>&nbsp;<\/p>\n<div class=\"destacado\">\n<table style=\"height: 39px\" width=\"834\">\n<tbody>\n<tr>\n<td style=\"border-color: #400303;background-color: #73c767\"><strong>NUESTRO CENTRO<\/strong><\/td>\n<\/tr>\n<\/tbody>\n<\/table>\n<p>&nbsp;<\/p>\n<\/div>\n<p>&nbsp;<\/p>\n<p>El Colegio P\u00fablico Rural Taxara, est\u00e1 constituido por dos centros, separados entre s\u00ed por un pasillo de 5 km. Uno situado en la pedan\u00eda de La F\u00e1brica, perteneciente a la localidad de Loja y el otro, que es la sede principal y administrativa, situado en Venta Nueva, Hu\u00e9tor T\u00e1jar.<\/p>\n<p>Ambas localidades se encuentran en la provincia de Granada. Nuestra situaci\u00f3n geogr\u00e1fica cercana al r\u00edo Genil, permite una vega muy f\u00e9rtil en donde el principal sector econ\u00f3mico es el Esparrago Triguero de Hu\u00e9tor T\u00e1jar.<\/p>\n<p><a href=\"https:\/\/blogsaverroes.juntadeandalucia.es\/cprtaxara\/files\/2017\/03\/cropped-ESCUDO-PAINT-3-1.jpg_001-1.jpg\"><img loading=\"lazy\" decoding=\"async\" class=\"aligncenter size-full wp-image-3041\" src=\"https:\/\/blogsaverroes.juntadeandalucia.es\/cprtaxara\/files\/2017\/03\/cropped-ESCUDO-PAINT-3-1.jpg_001-1.jpg\" alt=\"\" width=\"563\" height=\"500\" srcset=\"https:\/\/blogsaverroes.juntadeandalucia.es\/cprtaxara\/files\/2017\/03\/cropped-ESCUDO-PAINT-3-1.jpg_001-1.jpg 563w, https:\/\/blogsaverroes.juntadeandalucia.es\/cprtaxara\/files\/2017\/03\/cropped-ESCUDO-PAINT-3-1.jpg_001-1-300x266.jpg 300w, https:\/\/blogsaverroes.juntadeandalucia.es\/cprtaxara\/files\/2017\/03\/cropped-ESCUDO-PAINT-3-1.jpg_001-1-24x21.jpg 24w, https:\/\/blogsaverroes.juntadeandalucia.es\/cprtaxara\/files\/2017\/03\/cropped-ESCUDO-PAINT-3-1.jpg_001-1-36x32.jpg 36w, https:\/\/blogsaverroes.juntadeandalucia.es\/cprtaxara\/files\/2017\/03\/cropped-ESCUDO-PAINT-3-1.jpg_001-1-48x43.jpg 48w\" sizes=\"(max-width: 563px) 100vw, 563px\" \/><\/a><\/p>\n<p>&nbsp;<\/p>\n<p>&nbsp;<\/p>\n<p>&nbsp;<\/p>\n<p style=\"text-align: center\"><span style=\"font-size: 24pt;color: #339966\"><strong><span style=\"font-family: 'comic sans ms', sans-serif\">N\u00daMERO DE VISITANTES<\/span><\/strong><\/span><\/p>\n<p style=\"text-align: center\"><a title=\"contador de visitas html\" href=\"https:\/\/www.contadorvisitasgratis.com\"><img decoding=\"async\" title=\"contador de visitas html\" src=\"https:\/\/counter3.stat.ovh\/private\/contadorvisitasgratis.php?c=7qkqqzjupnym31etq3pu9xdtf1z1jwms\" alt=\"contador de visitas html\" border=\"0\"><\/a>&nbsp;<\/p>\n","protected":false},"excerpt":{"rendered":"<p>JORNADA DE PUERTAS ABIERTAS CURSO 24 -25 &nbsp; Elecciones al Consejo Escolar Curso 24\/25 Estimado\/a miembro de esta comunidad educativa. Le comunico que a lo largo de este primer trimestre se va a proceder&#46;&#46;&#46;<\/p>\n","protected":false},"author":1,"featured_media":0,"parent":0,"menu_order":0,"comment_status":"closed","ping_status":"open","template":"page-c.php","meta":{"ngg_post_thumbnail":0,"footnotes":"","_mc_calendar":[]},"aioseo_notices":[],"_links":{"self":[{"href":"https:\/\/blogsaverroes.juntadeandalucia.es\/cprtaxara\/wp-json\/wp\/v2\/pages\/1113"}],"collection":[{"href":"https:\/\/blogsaverroes.juntadeandalucia.es\/cprtaxara\/wp-json\/wp\/v2\/pages"}],"about":[{"href":"https:\/\/blogsaverroes.juntadeandalucia.es\/cprtaxara\/wp-json\/wp\/v2\/types\/page"}],"author":[{"embeddable":true,"href":"https:\/\/blogsaverroes.juntadeandalucia.es\/cprtaxara\/wp-json\/wp\/v2\/users\/1"}],"replies":[{"embeddable":true,"href":"https:\/\/blogsaverroes.juntadeandalucia.es\/cprtaxara\/wp-json\/wp\/v2\/comments?post=1113"}],"version-history":[{"count":75,"href":"https:\/\/blogsaverroes.juntadeandalucia.es\/cprtaxara\/wp-json\/wp\/v2\/pages\/1113\/revisions"}],"predecessor-version":[{"id":4521,"href":"https:\/\/blogsaverroes.juntadeandalucia.es\/cprtaxara\/wp-json\/wp\/v2\/pages\/1113\/revisions\/4521"}],"wp:attachment":[{"href":"https:\/\/blogsaverroes.juntadeandalucia.es\/cprtaxara\/wp-json\/wp\/v2\/media?parent=1113"}],"curies":[{"name":"wp","href":"https:\/\/api.w.org\/{rel}","templated":true}]}}