{"id":5148,"date":"2018-03-29T21:52:35","date_gmt":"2018-03-29T21:52:35","guid":{"rendered":"https:\/\/blogsaverroes.juntadeandalucia.es\/cprtorrejaral\/?page_id=5148"},"modified":"2020-03-06T13:14:27","modified_gmt":"2020-03-06T13:14:27","slug":"radio-torrejaral","status":"publish","type":"page","link":"https:\/\/blogsaverroes.juntadeandalucia.es\/cprtorrejaral\/ed-primaria-3o-ciclo\/radio-torrejaral\/","title":{"rendered":"Radio Torrejaral"},"content":{"rendered":"<h3>Emisiones de Radio Torrejaral&nbsp;<\/h3>\n<p>En este enlace publicaremos los programas de noticias de Radio Torrejaral. Dichos programas cuentan con las voces del alumnado de 5\u00ba y 6\u00ba de nuestro colegio.<\/p>\n<p><span style=\"color: #ff0000\"><strong>PROGRAMA N\u00ba 36&nbsp; (06\/03\/2020)<\/strong><\/span><\/p>\n<p><span style=\"color: #ff0000\"><strong>Paula Mereuta (6\u00baA) y Arantxa Garc\u00eda y H\u00e9ctor Ruiz (6\u00baB)<\/strong><\/span><\/p>\n<p><iframe src=\"https:\/\/www.ivoox.com\/player_ej_48606879_4_1.html?c1=ff6600\" height=\"200\" frameborder=\"0\" scrolling=\"no\"><\/iframe>&nbsp;<\/p>\n<p>&nbsp;<\/p>\n<p><span style=\"color: #ff0000\"><strong>PROGRAMA N\u00ba 35&nbsp; (14\/02\/2020)<\/strong><\/span><\/p>\n<p><span style=\"color: #ff0000\"><strong>Juan Adam Portillo (5\u00ba), Paula Soler (6\u00baA) y Pedro Briones (6\u00baB)<\/strong><\/span><\/p>\n<p><iframe src=\"https:\/\/www.ivoox.com\/player_ej_47723057_4_1.html?c1=ff6600\" height=\"200\" frameborder=\"0\" scrolling=\"no\"><\/iframe>&nbsp;<\/p>\n<p><span style=\"color: #ff0000\"><strong>PROGRAMA N\u00ba 34&nbsp; (07\/02\/2020)<\/strong><\/span><\/p>\n<p><span style=\"color: #ff0000\"><strong>Ainara Castillo (5\u00ba), J. Antonio Merino (6\u00baA) y Laura Rold\u00e1n (6\u00baB)<\/strong><\/span><\/p>\n<p><iframe src=\"https:\/\/www.ivoox.com\/player_ej_47447019_4_1.html?c1=ff6600\" height=\"200\" frameborder=\"0\" scrolling=\"no\"><\/iframe>&nbsp;<\/p>\n<p><span style=\"color: #ff0000\"><strong>PROGRAMA N\u00ba 33&nbsp; (03\/02\/2020)<\/strong><\/span><\/p>\n<p><span style=\"color: #ff0000\"><strong>Nacho Ram\u00edrez (5\u00ba), Mar\u00eda Pinos (6\u00baA) y Jos\u00e9 A. Torres (6\u00baB)<\/strong><\/span><\/p>\n<p><iframe src=\"https:\/\/www.ivoox.com\/player_ej_47301254_4_1.html?c1=ff6600\" height=\"200\" frameborder=\"0\" scrolling=\"no\"><\/iframe>&nbsp;<\/p>\n<p><span style=\"color: #ff0000\"><strong>PROGRAMA N\u00ba 32&nbsp; (24\/01\/2020)<\/strong><\/span><\/p>\n<p><span style=\"color: #ff0000\"><strong>&nbsp;Anoir Zarhouni (5\u00ba), Mar\u00eda G\u00e1lvez (6\u00baA) y \u00c1lvaro P\u00e9rez (6\u00baB)<\/strong><\/span><\/p>\n<p>&nbsp;<\/p>\n<p><iframe src=\"https:\/\/www.ivoox.com\/player_ej_46904623_4_1.html?c1=ff6600\" height=\"200\" frameborder=\"0\" scrolling=\"no\"><\/iframe>&nbsp;<\/p>\n<p>&nbsp;<\/p>\n<p><span style=\"color: #ff0000\"><strong>PROGRAMA N\u00ba 31&nbsp; (17\/01\/2020)<\/strong><\/span><\/p>\n<p><span style=\"color: #ff0000\"><strong>&nbsp;Claudia Cabrera (5\u00ba), Jos\u00e9 Antonio Mart\u00edn (6\u00baA) y Janine G\u00f3mez (6\u00baB)<\/strong><\/span><\/p>\n<p><iframe src=\"https:\/\/www.ivoox.com\/player_ej_46653806_4_1.html?c1=ff6600\" height=\"200\" frameborder=\"0\" scrolling=\"no\"><\/iframe>&nbsp;<\/p>\n<p>&nbsp;<\/p>\n<p><span style=\"color: #ff0000\"><strong>PROGRAMA N\u00ba 30 (18\/06\/2019)<\/strong><\/span><\/p>\n<p><span style=\"color: #ff0000\"><strong>Mar\u00eda Pino(5\u00baA), Daniela Bad\u00eda y Janine G\u00f3mez (5\u00baB) y Nezha Blanco, Adri\u00e1n Jim\u00e9nez, Jos\u00e9 Miguel Ramirez y Lola Romero &nbsp;(6\u00ba)<\/strong><\/span><\/p>\n<p>&nbsp;<br \/>\n<iframe loading=\"lazy\" src=\"https:\/\/www.ivoox.com\/player_ej_37222454_4_1.html?c1=ff6600\" width=\"300\" height=\"200\" frameborder=\"0\" scrolling=\"no\"><\/iframe><\/p>\n<p><span style=\"color: #ff0000\"><strong>PROGRAMA N\u00ba 29 (14\/06\/2019) (Ana Gonz\u00e1lez, \u00c1lvaro Rosado y Noa Salgueiro&nbsp; de 6\u00ba)<\/strong><\/span><\/p>\n<p>&nbsp;<br \/>\n<iframe loading=\"lazy\" src=\"https:\/\/www.ivoox.com\/player_ej_37085683_4_1.html?c1=ff6600\" width=\"300\" height=\"200\" frameborder=\"0\" scrolling=\"no\"><\/iframe><\/p>\n<p><span style=\"color: #ff0000\"><strong>PROGRAMA N\u00ba 28 (07\/06\/2019) (Eduardo Van Veen de 5\u00baA y Sergio Tendero&nbsp; de 6\u00ba)<\/strong><\/span><\/p>\n<p>&nbsp;<br \/>\n<iframe loading=\"lazy\" src=\"https:\/\/www.ivoox.com\/player_ej_36796463_4_1.html?c1=ff6600\" width=\"300\" height=\"200\" frameborder=\"0\" scrolling=\"no\"><\/iframe><\/p>\n<p><strong><span style=\"color: #ff0000\">PROGRAMA N\u00ba 27 (04\/06\/2019) (Paula Mereuta de 5\u00baA, \u00c1lvaro P\u00e9rez de&nbsp; 5\u00ba B y Lara Carpintero&nbsp; de 6\u00ba)<\/span><\/strong><\/p>\n<p>&nbsp;<br \/>\n<iframe loading=\"lazy\" src=\"https:\/\/www.ivoox.com\/player_ej_36642928_4_1.html?c1=ff6600\" width=\"300\" height=\"200\" frameborder=\"0\" scrolling=\"no\"><\/iframe><br \/>\n&nbsp;<\/p>\n<p><span style=\"color: #ff0000\"><strong>PROGRAMA N\u00ba 26 (24\/05\/2019) (Mar\u00eda G\u00e1lvez de 5\u00baA, Juan Carlos Orosco de&nbsp; 5\u00ba B y Anais P\u00e9rez&nbsp; de 6\u00ba)<\/strong><\/span><\/p>\n<p>&nbsp;<br \/>\n<iframe loading=\"lazy\" src=\"https:\/\/www.ivoox.com\/player_ej_36291270_4_1.html?c1=ff6600\" width=\"300\" height=\"200\" frameborder=\"0\" scrolling=\"no\"><\/iframe><\/p>\n<p><span style=\"color: #ff0000\"><strong>PROGRAMA N\u00ba 25 (17\/05\/2019) (Paula Soler de 5\u00baA, H\u00e9ctor M. Ruiz de&nbsp; 5\u00ba B y Yolanda Arias&nbsp; de 6\u00ba)<\/strong><\/span><br \/>\n<iframe loading=\"lazy\" src=\"https:\/\/www.ivoox.com\/player_ej_35968258_4_1.html?c1=ff6600\" width=\"300\" height=\"200\" frameborder=\"0\" scrolling=\"no\"><\/iframe><br \/>\n&nbsp;<\/p>\n<p><span style=\"color: #ff0000\"><strong>PROGRAMA N\u00ba 24 (10\/05\/2019) (Shahrazad Azehreiou de 5\u00baA, P.Mois\u00e9s Mart\u00edn de 5\u00ba B y Adriana Mu\u00f1oz&nbsp; de 6\u00ba)<\/strong><\/span><\/p>\n<p>&nbsp;<br \/>\n<iframe loading=\"lazy\" src=\"https:\/\/www.ivoox.com\/player_ej_35631677_4_1.html?c1=ff6600\" width=\"300\" height=\"200\" frameborder=\"0\" scrolling=\"no\"><\/iframe><\/p>\n<p>&nbsp;<\/p>\n<p><span style=\"color: #ff0000\"><strong>PROGRAMA N\u00ba 23 (03\/05\/2019) (Carlos Esca\u00f1o de 5\u00baA, Marwa Ayouchi de 5\u00ba B y Marie Isabelle Comes&nbsp; de 6\u00ba)<\/strong><\/span><br \/>\n<iframe loading=\"lazy\" src=\"https:\/\/www.ivoox.com\/player_ej_35311013_4_1.html?c1=ff6600\" width=\"300\" height=\"200\" frameborder=\"0\" scrolling=\"no\"><\/iframe><br \/>\n&nbsp;<\/p>\n<p><strong><span style=\"color: #ff0000\">PROGRAMA N\u00ba 22 (26\/04\/2019) (Yeray Rodr\u00edguez de 5\u00baA, Laura Rold\u00e1n de 5\u00ba B y Estela Quintero de 6\u00ba)<\/span><\/strong><br \/>\n<iframe loading=\"lazy\" src=\"https:\/\/www.ivoox.com\/player_ej_35074749_4_1.html?c1=ff6600\" width=\"300\" height=\"200\" frameborder=\"0\" scrolling=\"no\"><\/iframe><\/p>\n<p>&nbsp;<\/p>\n<p><strong><span style=\"color: #ff0000\">PROGRAMA N\u00ba 21 (12\/04\/2019) (Jos\u00e9 Antonio Mart\u00edn de 5\u00baA, Ainara Aguilar de 5\u00ba B y Paula Fern\u00e1ndez de 6\u00ba)<\/span><\/strong><br \/>\n<iframe loading=\"lazy\" src=\"https:\/\/www.ivoox.com\/player_ej_34388609_4_1.html?c1=ff6600\" width=\"300\" height=\"200\" frameborder=\"0\" scrolling=\"no\"><\/iframe><br \/>\n&nbsp;<\/p>\n<p><span style=\"color: #ff0000\"><strong>PROGRAMA N\u00ba 20 (05\/04\/2019) (Alejandro Caballero de 5\u00ba A, Pedro Briones de 5\u00ba B y Alicia P\u00e9rez de 6\u00ba)<\/strong><\/span><\/p>\n<p>&nbsp;<br \/>\n<iframe loading=\"lazy\" src=\"https:\/\/www.ivoox.com\/player_ej_34110320_4_1.html?c1=ff6600\" width=\"300\" height=\"200\" frameborder=\"0\" scrolling=\"no\"><\/iframe><\/p>\n<p><span style=\"color: #ff0000\"><strong>PROGRAMA N\u00ba 19 (29\/03\/2019) (Kevin Amador de 5\u00baA, Paula Monta\u00f1ez de 5\u00baB y Ainhoa Beigveder de 6\u00ba)<\/strong><\/span><\/p>\n<p><iframe loading=\"lazy\" src=\"https:\/\/www.ivoox.com\/player_ej_33837473_4_1.html?c1=ff6600\" width=\"300\" height=\"200\" frameborder=\"0\" scrolling=\"no\"><\/iframe><\/p>\n<p><span style=\"color: #ff0000\"><strong>PROGRAMA N\u00ba 18 (22\/03\/2019)&nbsp; &nbsp;(Jorge Garc\u00eda de 5\u00baA, Arantxa Garc\u00eda de 5\u00baB y Diana Delgado de 6\u00ba)<\/strong><\/span><\/p>\n<p><iframe loading=\"lazy\" src=\"https:\/\/www.ivoox.com\/player_ej_33609927_4_1.html?c1=ff6600\" width=\"300\" height=\"200\" frameborder=\"0\" scrolling=\"no\"><\/iframe><\/p>\n<p><span style=\"color: #ff0000\"><strong>PROGRAMA N\u00ba 17 (15\/03\/2019) (Irene Reina de 5\u00baA, Ra\u00fal Cordero de 5\u00baB y Ariana Oc\u00f3n de 6\u00ba)<\/strong><\/span><\/p>\n<p><iframe loading=\"lazy\" src=\"https:\/\/www.ivoox.com\/player_ej_33392639_4_1.html?c1=ff6600\" width=\"300\" height=\"200\" frameborder=\"0\" scrolling=\"no\"><\/iframe><\/p>\n<p><span style=\"color: #ff0000\"><strong>PROGRAMA N\u00ba 16 (08\/03\/2019) (Jos\u00e9 A. Merino de 5\u00ba A, Cristina de 5\u00baB y Rafa de 6\u00ba)<\/strong><\/span><\/p>\n<p><iframe loading=\"lazy\" src=\"https:\/\/www.ivoox.com\/player_ej_33258844_4_1.html?c1=ff6600\" width=\"300\" height=\"200\" frameborder=\"0\" scrolling=\"no\"><\/iframe><\/p>\n<p><span style=\"color: #ff0000\"><strong>PROGRAMA N\u00ba 15 (15\/02\/2019) (Alicia de 5\u00baA, Jeremy de 5\u00baB y Candela de 6\u00ba)<\/strong><\/span><\/p>\n<p><iframe loading=\"lazy\" src=\"https:\/\/www.ivoox.com\/player_ej_32572039_4_1.html?c1=ff6600\" width=\"300\" height=\"200\" frameborder=\"0\" scrolling=\"no\"><\/iframe><\/p>\n<p><span style=\"color: #ff0000\"><strong>PROGRAMA N\u00ba 14 (08\/02\/2019) (Aroa de 5\u00baA, F\u00e9lix de 5\u00baB y Gisela de 6\u00ba)<\/strong><\/span><br \/>\n<iframe loading=\"lazy\" src=\"https:\/\/www.ivoox.com\/player_ej_32383113_4_1.html?c1=ff6600\" width=\"300\" height=\"200\" frameborder=\"0\" scrolling=\"no\"><\/iframe><\/p>\n<p><span style=\"color: #ff0000\"><strong>PROGRAMA N\u00ba 13 (01\/02\/2019) (Samuel 5\u00baA, Sara de 5\u00baB y Miguel de 6\u00ba)<\/strong><\/span><\/p>\n<p><iframe loading=\"lazy\" src=\"https:\/\/www.ivoox.com\/player_ej_32091178_4_1.html?c1=ff6600\" width=\"300\" height=\"200\" frameborder=\"0\" scrolling=\"no\"><\/iframe><\/p>\n<p><span style=\"color: #ff0000\"><strong>PROGRAMA N\u00ba 12 (25\/01\/19) (Fernando de 5\u00ba A, Jos\u00e9 A. Torres de 5\u00baB y Emma de 6\u00ba)<\/strong><\/span><\/p>\n<p><iframe loading=\"lazy\" src=\"https:\/\/www.ivoox.com\/player_ej_31772103_4_1.html?c1=ff6600\" width=\"300\" height=\"200\" frameborder=\"0\" scrolling=\"no\"><\/iframe><\/p>\n<p><span style=\"color: #ff0000\"><strong>PROGRAMA 11 (Estela y Noa de 5\u00ba y Stefan\u00eda y Ana de 6\u00ba)<\/strong><\/span><\/p>\n<p>&nbsp;<iframe loading=\"lazy\" src=\"https:\/\/www.ivoox.com\/player_ej_26168738_4_1.html?c1=ff6600\" width=\"300\" height=\"200\" frameborder=\"0\" scrolling=\"no\"><\/iframe><\/p>\n<p><strong><span style=\"color: #ff0000\">PROGRAMA 10 (Nezha y Lola de 5\u00ba y Susana y Roc\u00edo de 6\u00ba)<\/span><\/strong><\/p>\n<p>&nbsp;<br \/>\n<iframe loading=\"lazy\" src=\"https:\/\/www.ivoox.com\/player_ej_25654352_4_1.html?c1=ff6600\" width=\"300\" height=\"200\" frameborder=\"0\" scrolling=\"no\"><\/iframe><\/p>\n<p><span style=\"color: #ff0000\"><strong>PROGRAMA 9&nbsp; (Ariana de 5\u00ba y Enamorada y \u00d3scar de 6\u00ba)<\/strong><\/span><\/p>\n<p>&nbsp;<iframe loading=\"lazy\" src=\"https:\/\/www.ivoox.com\/player_ej_25561309_4_1.html?c1=ff6600\" width=\"300\" height=\"200\" frameborder=\"0\" scrolling=\"no\"><\/iframe><\/p>\n<p><span style=\"color: #ff0000\"><strong>PROGRAMA 8 ( Adriana y M\u00aa Isabelle&nbsp; de 5\u00ba curso \/ David e Ismael Z.&nbsp; de 6\u00ba curso)<\/strong><\/span><\/p>\n<p>&nbsp;<br \/>\n<iframe loading=\"lazy\" src=\"https:\/\/www.ivoox.com\/player_ej_25335353_4_1.html?c1=ff6600\" width=\"300\" height=\"200\" frameborder=\"0\" scrolling=\"no\"><\/iframe><br \/>\n<span style=\"color: red\"><br \/>\n<\/span><span style=\"color: #ff0000\"><strong>PROGRAMA 7 (Yolanda y Adri\u00e1n de 5\u00ba curso \/ Dani Tortosa y Estrella de 6\u00ba curso)<\/strong><\/span><\/p>\n<p>&nbsp;<iframe loading=\"lazy\" src=\"https:\/\/www.ivoox.com\/player_ej_25188520_4_1.html?c1=ff6600\" width=\"300\" height=\"200\" frameborder=\"0\" scrolling=\"no\"><\/iframe><\/p>\n<p><span style=\"color: red\"><b>PROGRAMA 6 (Rafa y Ainhoa de 5\u00ba curso \/ \u00c1ngel y Alejandro de 6\u00ba curso)<br \/>\n<iframe loading=\"lazy\" src=\"https:\/\/www.ivoox.com\/player_ej_24757379_4_1.html?c1=ff6600\" width=\"300\" height=\"200\" frameborder=\"0\" scrolling=\"no\"><\/iframe><br \/>\n<\/b><\/span><br \/>\n<span style=\"color: red\"><b><br \/>\n<\/b><\/span><br \/>\n<span style=\"color: red\"><b><br \/>\n<\/b><\/span><br \/>\n<span style=\"color: red\"><br \/>\n<\/span><span style=\"color: red\"><b>PROGRAMA 5 (Gisela y Ana de 5\u00ba curso \/ Nerea y Claudia de 6\u00ba curso)<br \/>\n<iframe loading=\"lazy\" src=\"https:\/\/www.ivoox.com\/player_ej_24561027_4_1.html?c1=ff6600\" width=\"300\" height=\"200\" frameborder=\"0\" scrolling=\"no\"><\/iframe><br \/>\n<\/b><\/span><br \/>\n<span style=\"color: red\"><br \/>\n<\/span><br \/>\n<span style=\"color: red\"><br \/>\n<\/span><br \/>\n<span style=\"color: red\"><b>PROGRAMA 4 (Paula y Jos\u00e9 Miguel de 5\u00ba curso \/ Jaime de 6\u00ba curso)<\/b><\/span><br \/>\n<span style=\"color: red\"><br \/>\n<\/span><\/p>\n<p><iframe loading=\"lazy\" src=\"https:\/\/www.ivoox.com\/player_ej_24302928_4_1.html?c1=ff6600\" width=\"300\" height=\"200\" frameborder=\"0\" scrolling=\"no\"><\/iframe><br \/>\n<b>PROGRAMA 3 (Diana y Lara de 5\u00ba curso \/ Victoria, Dani e Irene Calvo de 6\u00ba curso)<br \/>\n<iframe loading=\"lazy\" src=\"https:\/\/www.ivoox.com\/player_ej_23988843_4_1.html?c1=ff6600\" width=\"300\" height=\"200\" frameborder=\"0\" scrolling=\"no\"><\/iframe><\/b><\/p>\n<p><b><br \/>\n<\/b><br \/>\n<b><br \/>\n<\/b><\/p>\n<p><b>PROGRAMA 2&nbsp; (Emma y Sergio 5\u00ba curso)<\/b><br \/>\n<b><br \/>\n<\/b><iframe loading=\"lazy\" src=\"https:\/\/www.ivoox.com\/player_ej_23819985_4_1.html?c1=ff6600\" width=\"300\" height=\"200\" frameborder=\"0\" scrolling=\"no\"><\/iframe><\/p>\n<p><b><br \/>\n<\/b><br \/>\n<b>PROGRAMA 1 (Candela y Miguel 5\u00ba curso)<\/b><\/p>\n<p><b><\/b><iframe loading=\"lazy\" src=\"https:\/\/www.ivoox.com\/player_ej_23651747_4_1.html?c1=ff6600\" width=\"300\" height=\"200\" frameborder=\"0\" scrolling=\"no\"><\/iframe><\/p>\n","protected":false},"excerpt":{"rendered":"<p>Emisiones de Radio Torrejaral&nbsp; En este enlace publicaremos los programas de noticias de Radio Torrejaral. Dichos programas cuentan con las voces del alumnado de 5\u00ba y 6\u00ba de nuestro colegio. PROGRAMA N\u00ba 36&nbsp; (06\/03\/2020)&#46;&#46;&#46;<\/p>\n","protected":false},"author":5769,"featured_media":0,"parent":436,"menu_order":0,"comment_status":"closed","ping_status":"closed","template":"","meta":{"ngg_post_thumbnail":0,"footnotes":"","_mc_calendar":[]},"aioseo_notices":[],"_links":{"self":[{"href":"https:\/\/blogsaverroes.juntadeandalucia.es\/cprtorrejaral\/wp-json\/wp\/v2\/pages\/5148"}],"collection":[{"href":"https:\/\/blogsaverroes.juntadeandalucia.es\/cprtorrejaral\/wp-json\/wp\/v2\/pages"}],"about":[{"href":"https:\/\/blogsaverroes.juntadeandalucia.es\/cprtorrejaral\/wp-json\/wp\/v2\/types\/page"}],"author":[{"embeddable":true,"href":"https:\/\/blogsaverroes.juntadeandalucia.es\/cprtorrejaral\/wp-json\/wp\/v2\/users\/5769"}],"replies":[{"embeddable":true,"href":"https:\/\/blogsaverroes.juntadeandalucia.es\/cprtorrejaral\/wp-json\/wp\/v2\/comments?post=5148"}],"version-history":[{"count":42,"href":"https:\/\/blogsaverroes.juntadeandalucia.es\/cprtorrejaral\/wp-json\/wp\/v2\/pages\/5148\/revisions"}],"predecessor-version":[{"id":14799,"href":"https:\/\/blogsaverroes.juntadeandalucia.es\/cprtorrejaral\/wp-json\/wp\/v2\/pages\/5148\/revisions\/14799"}],"up":[{"embeddable":true,"href":"https:\/\/blogsaverroes.juntadeandalucia.es\/cprtorrejaral\/wp-json\/wp\/v2\/pages\/436"}],"wp:attachment":[{"href":"https:\/\/blogsaverroes.juntadeandalucia.es\/cprtorrejaral\/wp-json\/wp\/v2\/media?parent=5148"}],"curies":[{"name":"wp","href":"https:\/\/api.w.org\/{rel}","templated":true}]}}