{"id":1352,"date":"2024-11-20T08:30:54","date_gmt":"2024-11-20T07:30:54","guid":{"rendered":"https:\/\/blogsaverroes.juntadeandalucia.es\/cpruralaltoalmanzora\/?page_id=1352"},"modified":"2024-11-20T08:30:54","modified_gmt":"2024-11-20T07:30:54","slug":"documentos-que-se-pueden-imprimir","status":"publish","type":"page","link":"https:\/\/blogsaverroes.juntadeandalucia.es\/cpruralaltoalmanzora\/documentos-que-se-pueden-imprimir\/","title":{"rendered":"DOCUMENTOS QUE SE PUEDEN IMPRIMIR"},"content":{"rendered":"<h3 class=\"documentos-entries__folder--title\">Impresos de admisi\u00f3n:<\/h3>\n<h5 class=\"documento-entry__datos__title\"><a class=\"documento-entry__datos--titulo\" title=\"Ver documento Anexo III\" href=\"https:\/\/www.juntadeandalucia.es\/educacion\/portales\/documents\/100629\/669352\/3_Anexo%20III_002535_5.pdf\/16050806-cd1f-89da-678f-001bb54aab73?version=1.0\" target=\"_blank\" rel=\"noopener\">Anexo III<\/a><\/h5>\n<p>Solicitud de admisi\u00f3n en 2\u00ba Ciclo de Educaci\u00f3n Infantil, Educaci\u00f3n Primaria, Educaci\u00f3n Especial, ESO y Bachillerato (v\u00e1lido del 1 de marzo al 1 de abril)<\/p>\n<h5 class=\"documento-entry__datos__title\"><a class=\"documento-entry__datos--titulo\" title=\"Ver documento Anexo IX\" href=\"https:\/\/www.juntadeandalucia.es\/educacion\/portales\/documents\/100629\/669352\/9_Anexo%20IX_002541_4.pdf\/fdf4344b-6c9e-be16-e927-4e63760f0992?version=1.0\" target=\"_blank\" rel=\"noopener\">Anexo IX<\/a><\/h5>\n<p>Solicitud Procedimiento Extraordinario de Admisi\u00f3n.<\/p>\n<h3 class=\"documentos-entries__folder--title\">Impresos de matriculaci\u00f3n.<\/h3>\n<h5 class=\"documento-entry__datos__title\"><a class=\"documento-entry__datos--titulo\" title=\"Ver documento Anexo IV\" href=\"https:\/\/www.juntadeandalucia.es\/educacion\/portales\/documents\/100629\/669349\/4_Anexo%20IV_002536_4.pdf\/2857e311-abaf-10f1-c03a-b980ff594de5?version=1.0\" target=\"_blank\" rel=\"noopener\">Anexo IV<\/a><\/h5>\n<p>Matr\u00edcula en 2\u00ba Ciclo de Educaci\u00f3n Infantil.<\/p>\n<h5 class=\"documento-entry__datos__title\"><a class=\"documento-entry__datos--titulo\" title=\"Ver documento Anexo V\" href=\"https:\/\/www.juntadeandalucia.es\/educacion\/portales\/documents\/100629\/669349\/5_Anexo%20V_002537_4.pdf\/acd7344a-e127-4e2c-5be7-b1f12b0a07c2?version=1.1\" target=\"_blank\" rel=\"noopener\">Anexo V<\/a><\/h5>\n<p>Matr\u00edcula en Primaria.<\/p>\n<h5 class=\"documento-entry__datos__title\"><a class=\"documento-entry__datos--titulo\" title=\"Ver documento Anexo VI\" href=\"https:\/\/www.juntadeandalucia.es\/educacion\/portales\/documents\/100629\/669349\/6_Anexo%20VI_002538_4.pdf\/f1ed4477-b8d8-c190-5578-7125d1ab2074?version=1.0\" target=\"_blank\" rel=\"noopener\">Anexo VI<\/a><\/h5>\n<p>Matr\u00edcula en Educaci\u00f3n Especial: Aula espec\u00edfica o Centro Espec\u00edfico.<\/p>\n<h5 class=\"documento-entry__datos__title\"><a class=\"documento-entry__datos--titulo\" title=\"Ver documento Anexo VII\" href=\"https:\/\/www.juntadeandalucia.es\/educacion\/portales\/documents\/100629\/669349\/7_Anexo%20VII_002539_4.pdf\/2b1369d5-a5c0-83bd-915a-edcf5e2b3755?version=1.0\" target=\"_blank\" rel=\"noopener\">Anexo VII<\/a><\/h5>\n<p>Matr\u00edcula en ESO.<\/p>\n<h5 class=\"documento-entry__datos__title\"><a class=\"documento-entry__datos--titulo\" title=\"Ver documento Anexo VIII\" href=\"https:\/\/www.juntadeandalucia.es\/educacion\/portales\/documents\/100629\/669349\/8_Anexo%20VIII_002540_4.pdf\/a146e503-ee96-e365-019a-7e16912ebd8e?version=1.0\" target=\"_blank\" rel=\"noopener\">Anexo VIII<\/a><\/h5>\n<p>Matr\u00edcula en Bachillerato.<\/p>\n<h3 class=\"documentos-entries__folder--title\">Documentos Anexos a la matriculaci\u00f3n.<\/h3>\n<h5 class=\"documento-entry__datos__title\"><a class=\"documento-entry__datos--titulo\" title=\"Ver documento Anexo Protecci\u00f3n de datos\" href=\"https:\/\/www.juntadeandalucia.es\/educacion\/portales\/documents\/100629\/669355\/Anexo%20Proteccio%C2%BFn%20de%20datos.pdf\/d64d32c3-910f-2371-24a6-b852df3234d1?version=1.1\" target=\"_blank\" rel=\"noopener\">Anexo Protecci\u00f3n de datos<\/a>.<\/h5>\n<h5 class=\"documento-entry__datos__title\"><a class=\"documento-entry__datos--titulo\" title=\"Ver documento Anexo Religi\u00f3n\" href=\"https:\/\/www.juntadeandalucia.es\/educacion\/portales\/documents\/100629\/669355\/Anexo%20Religio%C2%BFn.pdf\/c9b72559-ae2b-45b4-746c-8c63fda85020?version=1.1\" target=\"_blank\" rel=\"noopener\">Anexo Religi\u00f3n<\/a>.<\/h5>\n<h5 class=\"documento-entry__datos__title\"><a class=\"documento-entry__datos--titulo\" title=\"Ver documento Cuestionario Fondo Social Europeo\" href=\"https:\/\/www.juntadeandalucia.es\/educacion\/portales\/documents\/100629\/669355\/Cuestionario%20Fondo%20Social%20Europeo.pdf\/4dfb30ce-13d3-68d6-4fb8-bcd530857aa8?version=1.0\" target=\"_blank\" rel=\"noopener\">Cuestionario Fondo Social Europeo<\/a><\/h5>\n<p>&nbsp;<\/p>\n","protected":false},"excerpt":{"rendered":"<p>Impresos de admisi\u00f3n: Anexo III Solicitud de admisi\u00f3n en 2\u00ba Ciclo de Educaci\u00f3n Infantil, Educaci\u00f3n Primaria, Educaci\u00f3n Especial, ESO y Bachillerato (v\u00e1lido del 1 de marzo al 1 de abril) Anexo IX Solicitud Procedimiento Extraordinario de Admisi\u00f3n. Impresos de matriculaci\u00f3n. Anexo IV Matr\u00edcula en 2\u00ba Ciclo de Educaci\u00f3n Infantil. Anexo V Matr\u00edcula en Primaria. Anexo [&hellip;]<\/p>\n","protected":false},"author":19953,"featured_media":0,"parent":0,"menu_order":0,"comment_status":"closed","ping_status":"closed","template":"","meta":{"_et_pb_use_builder":"","_et_pb_old_content":"","_et_gb_content_width":"","ngg_post_thumbnail":0,"footnotes":"","_mc_calendar":[]},"aioseo_notices":[],"_links":{"self":[{"href":"https:\/\/blogsaverroes.juntadeandalucia.es\/cpruralaltoalmanzora\/wp-json\/wp\/v2\/pages\/1352"}],"collection":[{"href":"https:\/\/blogsaverroes.juntadeandalucia.es\/cpruralaltoalmanzora\/wp-json\/wp\/v2\/pages"}],"about":[{"href":"https:\/\/blogsaverroes.juntadeandalucia.es\/cpruralaltoalmanzora\/wp-json\/wp\/v2\/types\/page"}],"author":[{"embeddable":true,"href":"https:\/\/blogsaverroes.juntadeandalucia.es\/cpruralaltoalmanzora\/wp-json\/wp\/v2\/users\/19953"}],"replies":[{"embeddable":true,"href":"https:\/\/blogsaverroes.juntadeandalucia.es\/cpruralaltoalmanzora\/wp-json\/wp\/v2\/comments?post=1352"}],"version-history":[{"count":2,"href":"https:\/\/blogsaverroes.juntadeandalucia.es\/cpruralaltoalmanzora\/wp-json\/wp\/v2\/pages\/1352\/revisions"}],"predecessor-version":[{"id":1383,"href":"https:\/\/blogsaverroes.juntadeandalucia.es\/cpruralaltoalmanzora\/wp-json\/wp\/v2\/pages\/1352\/revisions\/1383"}],"wp:attachment":[{"href":"https:\/\/blogsaverroes.juntadeandalucia.es\/cpruralaltoalmanzora\/wp-json\/wp\/v2\/media?parent=1352"}],"curies":[{"name":"wp","href":"https:\/\/api.w.org\/{rel}","templated":true}]}}