{"id":1363,"date":"2022-02-16T22:56:02","date_gmt":"2022-02-16T21:56:02","guid":{"rendered":"https:\/\/blogsaverroes.juntadeandalucia.es\/cpsacratif\/?page_id=1363"},"modified":"2022-03-07T17:51:14","modified_gmt":"2022-03-07T16:51:14","slug":"plan-de-centro","status":"publish","type":"page","link":"https:\/\/blogsaverroes.juntadeandalucia.es\/cpsacratif\/plan-de-centro\/","title":{"rendered":"Plan de centro"},"content":{"rendered":"<p>[et_pb_section fb_built=&#8221;1&#8243; _builder_version=&#8221;3.22&#8243; global_colors_info=&#8221;{}&#8221;][et_pb_row _builder_version=&#8221;3.25&#8243; background_size=&#8221;initial&#8221; background_position=&#8221;top_left&#8221; background_repeat=&#8221;repeat&#8221; global_colors_info=&#8221;{}&#8221;][et_pb_column type=&#8221;4_4&#8243; _builder_version=&#8221;3.25&#8243; custom_padding=&#8221;|||&#8221; global_colors_info=&#8221;{}&#8221; custom_padding__hover=&#8221;|||&#8221;][et_pb_text _builder_version=&#8221;4.14.5&#8243; background_size=&#8221;initial&#8221; background_position=&#8221;top_left&#8221; background_repeat=&#8221;repeat&#8221; hover_enabled=&#8221;0&#8243; global_colors_info=&#8221;{}&#8221; sticky_enabled=&#8221;0&#8243;]<\/p>\n<div class=\"BbxBP LBrwzc\" data-top-navigation=\"false\" data-is-preview=\"false\">\n<div class=\"VLoccc QDWEj\" aria-hidden=\"false\">\n<div class=\"Pvc6xe\">\n<div class=\"TlfmSc YSH9J\">\n<p style=\"text-align: left\"><span style=\"font-size: 18pt\"><b><u>PLAN DE CENTRO DEL CEIP SACRATIF CARCHUNA.<\/u><\/b><\/span><\/p>\n<p>&nbsp;<\/p>\n<p>Un centro se define en gran medida por su <strong>Proyecto Educativo<\/strong>. En \u00e9l se plasma el modelo educativo y la concreci\u00f3n de la normativa que un centro realiza respecto a las ense\u00f1anzas que imparte. Aspectos tales como las finalidades educativas, objetivos, atenci\u00f3n a la diversidad, etc.<\/p>\n<p>Nuestro centro revis\u00f3 completamente durante el curso escolar 2019\/20 nuestro <strong>Plan de Centro<\/strong> compuesto por el <strong>Proyecto Educativo<\/strong>, el <strong>Proyecto de Gesti\u00f3n<\/strong> y el <strong>Reglamento de Organizaci\u00f3n y Funcionamiento<\/strong>.<\/p>\n<p>Dicho documento es revisado cada a\u00f1o y modificado si se estima conveniente. Su \u00faltima modificaci\u00f3n fue aprobada por el Consejo Escolar el pasado 8 de noviembre de 2021 y puede consultarse a continuaci\u00f3n:<\/p>\n<p>&nbsp;<\/p>\n<\/div>\n<p>&nbsp;<\/p>\n<div class=\"TlfmSc YSH9J\">&nbsp;<\/div>\n<p><a href=\"https:\/\/blogsaverroes.juntadeandalucia.es\/cpsacratif\/files\/2022\/03\/PLAN-DE-CENTRO-CURSO-2019-2020.pdf\"><img loading=\"lazy\" decoding=\"async\" class=\"aligncenter size-full wp-image-1131\" src=\"https:\/\/blogsaverroes.juntadeandalucia.es\/cpsacratif\/files\/2022\/01\/662533B7-92C6-444D-906C-95974DF68126.png\" alt=\"\" width=\"150\" height=\"150\"><\/a><\/p>\n<div class=\"TlfmSc YSH9J\">\n<section id=\"h.4d5ac51b61a47020_292\" class=\"yaqOZd\">\n<div class=\"mYVXT\">\n<div class=\"LS81yb VICjCf\">\n<div class=\"hJDwNd-AhqUyc-ibL1re purZT-AhqUyc-ibL1re pSzOP-AhqUyc-ibL1re JNdkSc\">\n<div class=\"JNdkSc-SmKAyb\">\n<div class=\"\">\n<div class=\"oKdM2c Kzv0Me\">\n<div id=\"h.4d5ac51b61a47020_327\" class=\"hJDwNd-AhqUyc-ibL1re purZT-AhqUyc-ibL1re pSzOP-AhqUyc-ibL1re jXK9ad D2fZ2 OjCsFc wHaque\">\n<div class=\"jXK9ad-SmKAyb\">\n<div class=\"tyJCtd baZpAe\">\n<div class=\"t3iYD\"><span style=\"color: #ff0000\">&nbsp;<\/span><\/div>\n<\/div>\n<\/div>\n<\/div>\n<\/div>\n<\/div>\n<\/div>\n<\/div>\n<div class=\"hJDwNd-AhqUyc-c5RTEf purZT-AhqUyc-c5RTEf pSzOP-AhqUyc-c5RTEf JNdkSc yYI8W \">\n<div class=\"JNdkSc-SmKAyb\">\n<div class=\"\">\n<div class=\"oKdM2c Kzv0Me\">\n<div id=\"h.4d5ac51b61a47020_298\" class=\"hJDwNd-AhqUyc-c5RTEf purZT-AhqUyc-c5RTEf pSzOP-AhqUyc-c5RTEf jXK9ad D2fZ2 OjCsFc GNzUNc\">\n<div class=\"jXK9ad-SmKAyb\">\n<div class=\"tyJCtd mGzaTb baZpAe\">\n<div id=\"h.awy4dnrlewlk\" class=\"GV3q8e aP9Z7e\"><span style=\"color: #ff0000\"><a style=\"color: #ff0000\" href=\"https:\/\/blogsaverroes.juntadeandalucia.es\/cpsacratif\/files\/2022\/03\/PLAN-DE-CENTRO-CURSO-2019-2020.pdf\">PINCHA EN EL SIGUIENTE TEXTO O EN LA IMAGEN DE ARRIBA PARA VER NUESTRO PLAN DE CENTRO- PLAN-DE-CENTRO CEIP SACRATIF-CURSO-2019-2020<\/a><\/span><\/div>\n<div class=\"CjVfdc\">\n<div class=\"PPhIP rviiZ\">\n<div class=\"U26fgb mUbCce fKz7Od LRAOtb Znu9nd M9Bg4d\" role=\"presentation\" aria-describedby=\"h.awy4dnrlewlk_l\" aria-label=\"Copiar el v\u00ednculo del t\u00edtulo\" data-tooltip=\"Copiar el v\u00ednculo del t\u00edtulo\" aria-hidden=\"true\" data-tooltip-position=\"top\" data-tooltip-vertical-offset=\"12\" data-tooltip-horizontal-offset=\"0\">\n<div class=\"VTBa7b MbhUzd\">&nbsp;<\/div>\n<\/div>\n<\/div>\n<\/div>\n<\/div>\n<\/div>\n<\/div>\n<\/div>\n<\/div>\n<\/div>\n<\/div>\n<div class=\"hJDwNd-AhqUyc-c5RTEf purZT-AhqUyc-c5RTEf pSzOP-AhqUyc-c5RTEf JNdkSc yYI8W \">\n<div class=\"JNdkSc-SmKAyb\">\n<div class=\"\">\n<div class=\"oKdM2c Kzv0Me\">\n<div id=\"h.4d5ac51b61a47020_306\" class=\"hJDwNd-AhqUyc-c5RTEf purZT-AhqUyc-c5RTEf pSzOP-AhqUyc-c5RTEf jXK9ad D2fZ2 OjCsFc GNzUNc\">\n<div class=\"jXK9ad-SmKAyb\">\n<div class=\"tyJCtd mGzaTb baZpAe\">\n<div class=\"CjVfdc\">\n<div class=\"PPhIP rviiZ\">\n<div class=\"U26fgb mUbCce fKz7Od LRAOtb Znu9nd M9Bg4d\" role=\"presentation\" aria-describedby=\"h.lwe0srxvaaut_l\" aria-label=\"Copiar el v\u00ednculo del t\u00edtulo\" data-tooltip=\"Copiar el v\u00ednculo del t\u00edtulo\" aria-hidden=\"true\" data-tooltip-position=\"top\" data-tooltip-vertical-offset=\"12\" data-tooltip-horizontal-offset=\"0\">\n<div class=\"VTBa7b MbhUzd\">&nbsp;<\/div>\n<\/div>\n<\/div>\n<p><span style=\"font-size: 18pt\"><b><u>Proyecto de gesti\u00f3n<\/u><\/b><\/span><\/p>\n<\/div>\n<p>&nbsp;<br \/>El <b>Proyecto de Gesti\u00f3n<\/b>, como parte del Plan de <b>Centro<\/b>, es el instrumento que debe establecer los criterios a seguir en las decisiones relativas a la <b>gesti\u00f3n<\/b> de los recursos humanos, materiales y econ\u00f3micos del <b>Centro<\/b>, favoreciendo el uso responsable de los mismos.<\/p>\n<p>&nbsp;<\/p>\n<\/div>\n<p>&nbsp;<\/p>\n<div class=\"tyJCtd mGzaTb baZpAe\">\n<div class=\"CjVfdc\">\n<p><a href=\"https:\/\/blogsaverroes.juntadeandalucia.es\/cpsacratif\/files\/2022\/03\/PLAN-DE-CENTRO-CURSO-2019-2020.pdf\"><img loading=\"lazy\" decoding=\"async\" class=\"aligncenter size-full wp-image-1130\" src=\"https:\/\/blogsaverroes.juntadeandalucia.es\/cpsacratif\/files\/2022\/01\/418C1DCA-12B7-4C58-AFE6-509F5DCFD8F7.png\" alt=\"\" width=\"150\" height=\"150\"><\/a><\/p>\n<\/div>\n<\/div>\n<\/div>\n<\/div>\n<\/div>\n<div class=\"oKdM2c\">\n<div id=\"h.4d5ac51b61a47020_308\" class=\"hJDwNd-AhqUyc-c5RTEf purZT-AhqUyc-c5RTEf pSzOP-AhqUyc-c5RTEf jXK9ad D2fZ2 wHaque GNzUNc\">\n<div class=\"jXK9ad-SmKAyb\">\n<div class=\"tyJCtd mGzaTb baZpAe\">\n<p dir=\"ltr\">&nbsp;<\/p>\n<p class=\"CDt4Ke zfr3Q\" dir=\"ltr\"><a href=\"https:\/\/blogsaverroes.juntadeandalucia.es\/cpsacratif\/files\/2022\/03\/PLAN-DE-CENTRO-CURSO-2019-2020.pdf\"><span style=\"color: #3366ff\"><br \/>Para visualizarlo, <span class=\" aw5Odc\">haz clic aqu\u00ed o en la imagen de arriba .<\/span><\/span><\/a><\/p>\n<\/div>\n<\/div>\n<\/div>\n<\/div>\n<\/div>\n<\/div>\n<\/div>\n<div class=\"hJDwNd-AhqUyc-R6PoUb JNdkSc L6cTce-purZT L6cTce-pSzOP\">\n<div class=\"JNdkSc-SmKAyb\">\n<div class=\"\">&nbsp;<\/div>\n<\/div>\n<\/div>\n<\/div>\n<\/div>\n<\/section>\n<section id=\"h.4d5ac51b61a47020_309\" class=\"yaqOZd\">\n<div class=\"IFuOkc\">&nbsp;<\/div>\n<div class=\"mYVXT\">\n<div class=\"LS81yb VICjCf\">\n<div class=\"hJDwNd-AhqUyc-c5RTEf purZT-AhqUyc-c5RTEf pSzOP-AhqUyc-c5RTEf JNdkSc yYI8W \">\n<div class=\"JNdkSc-SmKAyb\">\n<div class=\"\">\n<div class=\"oKdM2c Kzv0Me\">\n<div id=\"h.4d5ac51b61a47020_315\" class=\"hJDwNd-AhqUyc-c5RTEf purZT-AhqUyc-c5RTEf pSzOP-AhqUyc-c5RTEf jXK9ad D2fZ2 OjCsFc GNzUNc\">\n<div class=\"jXK9ad-SmKAyb\">\n<div class=\"tyJCtd mGzaTb baZpAe\">\n<div id=\"h.o4ab9bezwrkt\" class=\"GV3q8e aP9Z7e\">&nbsp;<\/div>\n<div class=\"CjVfdc\">\n<div class=\"PPhIP rviiZ\">\n<div class=\"U26fgb mUbCce fKz7Od LRAOtb Znu9nd M9Bg4d\" role=\"presentation\" aria-describedby=\"h.o4ab9bezwrkt_l\" aria-label=\"Copiar el v\u00ednculo del t\u00edtulo\" data-tooltip=\"Copiar el v\u00ednculo del t\u00edtulo\" aria-hidden=\"true\" data-tooltip-position=\"top\" data-tooltip-vertical-offset=\"12\" data-tooltip-horizontal-offset=\"0\">\n<div class=\"VTBa7b MbhUzd\">&nbsp;<\/div>\n<\/div>\n<\/div>\n<p><span style=\"font-size: 18pt\"><strong><u>Reglamento de organizaci\u00f3n y funcionamiento<\/u><\/strong><\/span><\/p>\n<\/div>\n<\/div>\n<p>&nbsp;<\/p>\n<p>La organizaci\u00f3n y el funcionamiento de los centros educativos se encuentra regulada en los Decretos sobre Reglamento Org\u00e1nicos. Dichos Reglamentos posibilitan el ejercicio de la autonom\u00eda de los centros, autonom\u00eda que se encuentra estrechamente ligada a la responsabilidad y al respeto de los derechos de todos los sectores de la comunidad educativa.<\/p>\n<p>Son los centros los que deciden los criterios que aplicar\u00e1n para la designaci\u00f3n de los responsables de los \u00f3rganos de gobierno y de coordinaci\u00f3n docente y las horas que dedicar\u00e1n al desempe\u00f1o de las tareas, siempre dentro de los m\u00e1rgenes que permite la normativa vigente. Cada centro docente puede elegir la organizaci\u00f3n que mejor convenga a su contexto y promover estrategias eficaces y eficientes para la mejora del clima escolar y el alcance del \u00e9xito educativo de todo su alumnado.<\/p>\n<\/div>\n<\/div>\n<p>&nbsp;<\/p>\n<\/div>\n<\/div>\n<p>&nbsp;<\/p>\n<div class=\"\">\n<p><a href=\"https:\/\/blogsaverroes.juntadeandalucia.es\/cpsacratif\/files\/2022\/03\/PLAN-DE-CENTRO-CURSO-2019-2020.pdf\"><img loading=\"lazy\" decoding=\"async\" class=\"size-medium wp-image-1129 alignleft\" src=\"https:\/\/blogsaverroes.juntadeandalucia.es\/cpsacratif\/files\/2022\/01\/12323C66-CB38-4042-9F62-89B84E23FD04-300x112.jpeg\" alt=\"\" width=\"300\" height=\"112\"><\/a><\/p>\n<\/div>\n<p>&nbsp;<\/p>\n<div class=\"\">\n<div class=\"oKdM2c Kzv0Me\">\n<div id=\"h.4d5ac51b61a47020_315\" class=\"hJDwNd-AhqUyc-c5RTEf purZT-AhqUyc-c5RTEf pSzOP-AhqUyc-c5RTEf jXK9ad D2fZ2 OjCsFc GNzUNc\">\n<div class=\"jXK9ad-SmKAyb\">\n<div class=\"tyJCtd mGzaTb baZpAe\">\n<div class=\"CjVfdc\">&nbsp;<\/div>\n<\/div>\n<\/div>\n<\/div>\n<\/div>\n<div class=\"oKdM2c\">\n<div id=\"h.4d5ac51b61a47020_317\" class=\"hJDwNd-AhqUyc-c5RTEf purZT-AhqUyc-c5RTEf pSzOP-AhqUyc-c5RTEf jXK9ad D2fZ2 wHaque GNzUNc\">\n<div class=\"jXK9ad-SmKAyb\">\n<div class=\"tyJCtd mGzaTb baZpAe\">\n<p dir=\"ltr\">&nbsp;<\/p>\n<p dir=\"ltr\">&nbsp;<\/p>\n<p dir=\"ltr\">&nbsp;<\/p>\n<p dir=\"ltr\">&nbsp;<\/p>\n<p class=\"CDt4Ke zfr3Q\" dir=\"ltr\"><span style=\"color: #3366ff\">Para visualizarlo, <span class=\" aw5Odc\"><a class=\"XqQF9c\" style=\"color: #3366ff\" href=\"https:\/\/blogsaverroes.juntadeandalucia.es\/cpsacratif\/files\/2022\/03\/PLAN-DE-CENTRO-CURSO-2019-2020.pdf\">haz clic aqu\u00ed.o en la imagen de arriba&nbsp;<\/a><\/span><\/span><\/p>\n<\/div>\n<\/div>\n<\/div>\n<\/div>\n<\/div>\n<\/div>\n<\/div>\n<div class=\"hJDwNd-AhqUyc-R6PoUb JNdkSc L6cTce-purZT L6cTce-pSzOP\">\n<div class=\"JNdkSc-SmKAyb\">\n<div class=\"\">&nbsp;<\/div>\n<\/div>\n<\/div>\n<\/div>\n<\/div>\n<\/section>\n<section id=\"h.79b532b606caef8c_20\" class=\"yaqOZd\">\n<div class=\"IFuOkc\">&nbsp;<\/div>\n<div class=\"mYVXT\">\n<div class=\"LS81yb VICjCf\">\n<div class=\"hJDwNd-AhqUyc-c5RTEf purZT-AhqUyc-c5RTEf pSzOP-AhqUyc-c5RTEf JNdkSc yYI8W \">\n<div class=\"JNdkSc-SmKAyb\">\n<div class=\"\">\n<div class=\"oKdM2c\">\n<div id=\"h.79b532b606caef8c_28\" class=\"hJDwNd-AhqUyc-c5RTEf purZT-AhqUyc-c5RTEf pSzOP-AhqUyc-c5RTEf jXK9ad D2fZ2 wHaque GNzUNc\">\n<div class=\"jXK9ad-SmKAyb\">\n<div class=\"tyJCtd mGzaTb baZpAe\">\n<p class=\"CDt4Ke zfr3Q\" dir=\"ltr\">&nbsp;<\/p>\n<\/div>\n<\/div>\n<\/div>\n<\/div>\n<\/div>\n<\/div>\n<\/div>\n<\/div>\n<\/div>\n<\/section>\n<\/div>\n<\/div>\n<div class=\"zDUgLc\">&nbsp;<\/div>\n<\/div>\n<div class=\"TxnWlb\">&nbsp;<\/div>\n<div class=\"RBEWZc\" data-side-navigation=\"true\">\n<div class=\"U26fgb mUbCce fKz7Od Wdnjke M9Bg4d\" role=\"button\" aria-label=\"Abrir barra de b\u00fasqueda\" data-tooltip=\"Abrir barra de b\u00fasqueda\" data-tooltip-vertical-offset=\"-12\" data-tooltip-horizontal-offset=\"0\">\n<div class=\"VTBa7b MbhUzd\">&nbsp;<\/div>\n<\/div>\n<\/div>\n<\/div>\n<div class=\"UtePc RCETm yxgWrb\" dir=\"ltr\" role=\"main\" aria-hidden=\"false\">&nbsp;<\/div>\n<p>[\/et_pb_text][\/et_pb_column][\/et_pb_row][\/et_pb_section]<\/p>\n","protected":false},"excerpt":{"rendered":"<p>PLAN DE CENTRO DEL CEIP SACRATIF CARCHUNA. &nbsp; Un centro se define en gran medida por su Proyecto Educativo. En \u00e9l se plasma el modelo educativo y la concreci\u00f3n de la normativa que un centro realiza respecto a las ense\u00f1anzas que imparte. Aspectos tales como las finalidades educativas, objetivos, atenci\u00f3n a la diversidad, etc. Nuestro [&hellip;]<\/p>\n","protected":false},"author":11443,"featured_media":0,"parent":0,"menu_order":0,"comment_status":"closed","ping_status":"closed","template":"","meta":{"_et_pb_use_builder":"on","_et_pb_old_content":"<div class=\"BbxBP LBrwzc\" data-top-navigation=\"false\" data-is-preview=\"false\"><div class=\"VLoccc QDWEj\" aria-hidden=\"false\"><div class=\"Pvc6xe\"><div class=\"TlfmSc YSH9J\"><a class=\"GAuSPc\" tabindex=\"0\" href=\"https:\/\/sites.google.com\/g.educaand.es\/ceipmanuelsiurothuelva\/inicio?authuser=0\" aria-hidden=\"false\"><span class=\"QTKDff p46B7e\">Hu<\/span><\/a><section id=\"h.4d5ac51b61a47020_292\" class=\"yaqOZd\"><div class=\"mYVXT\"><div class=\"LS81yb VICjCf\" tabindex=\"-1\"><div class=\"hJDwNd-AhqUyc-ibL1re purZT-AhqUyc-ibL1re pSzOP-AhqUyc-ibL1re JNdkSc\"><div class=\"JNdkSc-SmKAyb\"><div class=\"\"><div class=\"oKdM2c Kzv0Me\"><div id=\"h.4d5ac51b61a47020_327\" class=\"hJDwNd-AhqUyc-ibL1re purZT-AhqUyc-ibL1re pSzOP-AhqUyc-ibL1re jXK9ad D2fZ2 OjCsFc wHaque\"><div class=\"jXK9ad-SmKAyb\"><div class=\"tyJCtd baZpAe\"><div class=\"t3iYD\"><img class=\"CENy8b\" role=\"img\" src=\"https:\/\/lh3.googleusercontent.com\/kYujmO48dBklC8IouJtQaJgXHzIMw1H-Qea2Kus5mcImPubgtappQc22TnSiDY5p0QB7Q89XQ00kmmhIuN-n-4t-ORKz3RX4pOALSKRsoFzLvg0Qxzu_wErh6KanAtxJTg=w1280\"><\/div><\/div><\/div><\/div><\/div><\/div><\/div><\/div><div class=\"hJDwNd-AhqUyc-c5RTEf purZT-AhqUyc-c5RTEf pSzOP-AhqUyc-c5RTEf JNdkSc yYI8W \"><div class=\"JNdkSc-SmKAyb\"><div class=\"\"><div class=\"oKdM2c Kzv0Me\"><div id=\"h.4d5ac51b61a47020_298\" class=\"hJDwNd-AhqUyc-c5RTEf purZT-AhqUyc-c5RTEf pSzOP-AhqUyc-c5RTEf jXK9ad D2fZ2 OjCsFc GNzUNc\"><div class=\"jXK9ad-SmKAyb\"><div class=\"tyJCtd mGzaTb baZpAe\"><div id=\"h.awy4dnrlewlk\" class=\"GV3q8e aP9Z7e\">\u00a0<\/div><div class=\"CjVfdc\"><div class=\"PPhIP rviiZ\"><div class=\"U26fgb mUbCce fKz7Od LRAOtb Znu9nd M9Bg4d\" role=\"presentation\" aria-describedby=\"h.awy4dnrlewlk_l\" aria-label=\"Copiar el v\u00ednculo del t\u00edtulo\" aria-disabled=\"false\" data-tooltip=\"Copiar el v\u00ednculo del t\u00edtulo\" aria-hidden=\"true\" data-tooltip-position=\"top\" data-tooltip-vertical-offset=\"12\" data-tooltip-horizontal-offset=\"0\"><div class=\"VTBa7b MbhUzd\">\u00a0<\/div><\/div><\/div><strong>Proyecto educativo<\/strong><\/div><\/div><\/div><\/div><\/div><div class=\"oKdM2c\"><div id=\"h.4d5ac51b61a47020_300\" class=\"hJDwNd-AhqUyc-c5RTEf purZT-AhqUyc-c5RTEf pSzOP-AhqUyc-c5RTEf jXK9ad D2fZ2 wHaque GNzUNc\"><div class=\"jXK9ad-SmKAyb\"><div class=\"tyJCtd mGzaTb baZpAe\"><p class=\"CDt4Ke zfr3Q\" dir=\"ltr\">Para visualizarlo, <span class=\" aw5Odc\"><a class=\"XqQF9c\" href=\"https:\/\/sites.google.com\/g.educaand.es\/ceipmanuelsiurothuelva\/centro\/plan-de-centro\/proyecto-educativo?authuser=0\">haz clic aqu\u00ed.<\/a><\/span><\/p><\/div><\/div><\/div><\/div><\/div><\/div><\/div><div class=\"hJDwNd-AhqUyc-ibL1re purZT-AhqUyc-ibL1re pSzOP-AhqUyc-ibL1re JNdkSc\"><div class=\"JNdkSc-SmKAyb\"><div class=\"\"><div class=\"oKdM2c Kzv0Me\"><div id=\"h.4d5ac51b61a47020_326\" class=\"hJDwNd-AhqUyc-ibL1re purZT-AhqUyc-ibL1re pSzOP-AhqUyc-ibL1re jXK9ad D2fZ2 OjCsFc wHaque\"><div class=\"jXK9ad-SmKAyb\"><div class=\"tyJCtd baZpAe\"><div class=\"t3iYD\"><img class=\"CENy8b\" role=\"img\" src=\"https:\/\/lh6.googleusercontent.com\/vLTiSfouiuaupqZl6a0RhkiMv70dKWUrOO1RjarjZCgeUGlWJbiow7pvqKKDv9v0aiaaTiyHhRLjoAGOMaGgWjuAoIZ6UB39ak9gqjgU9fv5WPBSHKsfs-lQUBamTTOQNw=w1280\"><\/div><\/div><\/div><\/div><\/div><\/div><\/div><\/div><div class=\"hJDwNd-AhqUyc-c5RTEf purZT-AhqUyc-c5RTEf pSzOP-AhqUyc-c5RTEf JNdkSc yYI8W \"><div class=\"JNdkSc-SmKAyb\"><div class=\"\"><div class=\"oKdM2c Kzv0Me\"><div id=\"h.4d5ac51b61a47020_306\" class=\"hJDwNd-AhqUyc-c5RTEf purZT-AhqUyc-c5RTEf pSzOP-AhqUyc-c5RTEf jXK9ad D2fZ2 OjCsFc GNzUNc\"><div class=\"jXK9ad-SmKAyb\"><div class=\"tyJCtd mGzaTb baZpAe\"><div id=\"h.lwe0srxvaaut\" class=\"GV3q8e aP9Z7e\">\u00a0<\/div><div class=\"CjVfdc\"><div class=\"PPhIP rviiZ\"><div class=\"U26fgb mUbCce fKz7Od LRAOtb Znu9nd M9Bg4d\" role=\"presentation\" aria-describedby=\"h.lwe0srxvaaut_l\" aria-label=\"Copiar el v\u00ednculo del t\u00edtulo\" aria-disabled=\"false\" data-tooltip=\"Copiar el v\u00ednculo del t\u00edtulo\" aria-hidden=\"true\" data-tooltip-position=\"top\" data-tooltip-vertical-offset=\"12\" data-tooltip-horizontal-offset=\"0\"><div class=\"VTBa7b MbhUzd\">\u00a0<\/div><\/div><\/div><strong>Plan de convivencia<\/strong><\/div><\/div><\/div><\/div><\/div><div class=\"oKdM2c\"><div id=\"h.4d5ac51b61a47020_308\" class=\"hJDwNd-AhqUyc-c5RTEf purZT-AhqUyc-c5RTEf pSzOP-AhqUyc-c5RTEf jXK9ad D2fZ2 wHaque GNzUNc\"><div class=\"jXK9ad-SmKAyb\"><div class=\"tyJCtd mGzaTb baZpAe\"><p class=\"CDt4Ke zfr3Q\" dir=\"ltr\">Para visualizarlo, <span class=\" aw5Odc\"><a class=\"XqQF9c\" href=\"https:\/\/sites.google.com\/g.educaand.es\/ceipmanuelsiurothuelva\/centro\/plan-de-centro\/plan-de-convivencia?authuser=0\">haz clic aqu\u00ed.<\/a><\/span><\/p><\/div><\/div><\/div><\/div><\/div><\/div><\/div><div class=\"hJDwNd-AhqUyc-R6PoUb JNdkSc L6cTce-purZT L6cTce-pSzOP\"><div class=\"JNdkSc-SmKAyb\"><div class=\"\">\u00a0<\/div><\/div><\/div><\/div><\/div><\/section><section id=\"h.4d5ac51b61a47020_309\" class=\"yaqOZd\"><div class=\"IFuOkc\">\u00a0<\/div><div class=\"mYVXT\"><div class=\"LS81yb VICjCf\" tabindex=\"-1\"><div class=\"hJDwNd-AhqUyc-R6PoUb JNdkSc L6cTce-purZT L6cTce-pSzOP\"><div class=\"JNdkSc-SmKAyb\"><div class=\"\">\u00a0<\/div><\/div><\/div><div class=\"hJDwNd-AhqUyc-ibL1re purZT-AhqUyc-ibL1re pSzOP-AhqUyc-ibL1re JNdkSc\"><div class=\"JNdkSc-SmKAyb\"><div class=\"\"><div class=\"oKdM2c Kzv0Me\"><div id=\"h.4d5ac51b61a47020_380\" class=\"hJDwNd-AhqUyc-ibL1re purZT-AhqUyc-ibL1re pSzOP-AhqUyc-ibL1re jXK9ad D2fZ2 OjCsFc wHaque\"><div class=\"jXK9ad-SmKAyb\"><div class=\"tyJCtd baZpAe\"><div class=\"t3iYD\"><img class=\"CENy8b\" role=\"img\" src=\"https:\/\/lh4.googleusercontent.com\/UgeOEJThI-cPvnltfEBeq8oyAvcz2hPTypOuOrVpFhrWOjrz5I1eZ1uT6ju8gR_h6JQ2u1bSvMa2vR0jHeN8LO9AZnGbP4y6XAwvUyVff6WH1uPuDj-ZAIcpm2eZVGDcXg=w1280\"><\/div><\/div><\/div><\/div><\/div><\/div><\/div><\/div><div class=\"hJDwNd-AhqUyc-c5RTEf purZT-AhqUyc-c5RTEf pSzOP-AhqUyc-c5RTEf JNdkSc yYI8W \"><div class=\"JNdkSc-SmKAyb\"><div class=\"\"><div class=\"oKdM2c Kzv0Me\"><div id=\"h.4d5ac51b61a47020_365\" class=\"hJDwNd-AhqUyc-c5RTEf purZT-AhqUyc-c5RTEf pSzOP-AhqUyc-c5RTEf jXK9ad D2fZ2 OjCsFc GNzUNc\"><div class=\"jXK9ad-SmKAyb\"><div class=\"tyJCtd mGzaTb baZpAe\"><div id=\"h.9l5rx1epko93\" class=\"GV3q8e aP9Z7e\">\u00a0<\/div><div class=\"CjVfdc\"><div class=\"PPhIP rviiZ\"><div class=\"U26fgb mUbCce fKz7Od LRAOtb Znu9nd M9Bg4d\" role=\"presentation\" aria-describedby=\"h.9l5rx1epko93_l\" aria-label=\"Copiar el v\u00ednculo del t\u00edtulo\" aria-disabled=\"false\" data-tooltip=\"Copiar el v\u00ednculo del t\u00edtulo\" aria-hidden=\"true\" data-tooltip-position=\"top\" data-tooltip-vertical-offset=\"12\" data-tooltip-horizontal-offset=\"0\"><div class=\"VTBa7b MbhUzd\">\u00a0<\/div><\/div><\/div><strong>Protocolo Covid-19<\/strong><\/div><\/div><\/div><\/div><\/div><div class=\"oKdM2c\"><div id=\"h.4d5ac51b61a47020_367\" class=\"hJDwNd-AhqUyc-c5RTEf purZT-AhqUyc-c5RTEf pSzOP-AhqUyc-c5RTEf jXK9ad D2fZ2 wHaque GNzUNc\"><div class=\"jXK9ad-SmKAyb\"><div class=\"tyJCtd mGzaTb baZpAe\"><p class=\"CDt4Ke zfr3Q\" dir=\"ltr\">Para visualizarlo, <span class=\" aw5Odc\"><a class=\"XqQF9c\" href=\"https:\/\/sites.google.com\/g.educaand.es\/ceipmanuelsiurothuelva\/centro\/plan-de-centro\/protocolo-covid-19?authuser=0\">haz clic aqu\u00ed.<\/a><\/span><\/p><\/div><\/div><\/div><\/div><\/div><\/div><\/div><div class=\"hJDwNd-AhqUyc-ibL1re purZT-AhqUyc-ibL1re pSzOP-AhqUyc-ibL1re JNdkSc\"><div class=\"JNdkSc-SmKAyb\"><div class=\"\"><div class=\"oKdM2c Kzv0Me\"><div id=\"h.4d5ac51b61a47020_328\" class=\"hJDwNd-AhqUyc-ibL1re purZT-AhqUyc-ibL1re pSzOP-AhqUyc-ibL1re jXK9ad D2fZ2 OjCsFc wHaque\"><div class=\"jXK9ad-SmKAyb\"><div class=\"tyJCtd baZpAe\"><div class=\"t3iYD\"><img class=\"CENy8b\" role=\"img\" src=\"https:\/\/lh6.googleusercontent.com\/iXdLtLXX2nn8Ni8ZsmKH5jOeKhcHSpH58-k3Wmti-xOD_I7N_po_fOnPF3GhF5Sk_Kj7PslL2TdTvObDRTbA5_7D-94MLQ1cBbusnQHbEjAdOs62W28ujeaATfKSTrLWUw=w1280\"><\/div><\/div><\/div><\/div><\/div><\/div><\/div><\/div><div class=\"hJDwNd-AhqUyc-c5RTEf purZT-AhqUyc-c5RTEf pSzOP-AhqUyc-c5RTEf JNdkSc yYI8W \"><div class=\"JNdkSc-SmKAyb\"><div class=\"\"><div class=\"oKdM2c Kzv0Me\"><div id=\"h.4d5ac51b61a47020_315\" class=\"hJDwNd-AhqUyc-c5RTEf purZT-AhqUyc-c5RTEf pSzOP-AhqUyc-c5RTEf jXK9ad D2fZ2 OjCsFc GNzUNc\"><div class=\"jXK9ad-SmKAyb\"><div class=\"tyJCtd mGzaTb baZpAe\"><div id=\"h.o4ab9bezwrkt\" class=\"GV3q8e aP9Z7e\">\u00a0<\/div><div class=\"CjVfdc\"><div class=\"PPhIP rviiZ\"><div class=\"U26fgb mUbCce fKz7Od LRAOtb Znu9nd M9Bg4d\" role=\"presentation\" aria-describedby=\"h.o4ab9bezwrkt_l\" aria-label=\"Copiar el v\u00ednculo del t\u00edtulo\" aria-disabled=\"false\" data-tooltip=\"Copiar el v\u00ednculo del t\u00edtulo\" aria-hidden=\"true\" data-tooltip-position=\"top\" data-tooltip-vertical-offset=\"12\" data-tooltip-horizontal-offset=\"0\"><div class=\"VTBa7b MbhUzd\">\u00a0<\/div><\/div><\/div><strong>Reglamento de organizaci\u00f3n y funcionamiento<\/strong><\/div><\/div><\/div><\/div><\/div><div class=\"oKdM2c\"><div id=\"h.4d5ac51b61a47020_317\" class=\"hJDwNd-AhqUyc-c5RTEf purZT-AhqUyc-c5RTEf pSzOP-AhqUyc-c5RTEf jXK9ad D2fZ2 wHaque GNzUNc\"><div class=\"jXK9ad-SmKAyb\"><div class=\"tyJCtd mGzaTb baZpAe\"><p class=\"CDt4Ke zfr3Q\" dir=\"ltr\">Para visualizarlo, <span class=\" aw5Odc\"><a class=\"XqQF9c\" href=\"https:\/\/sites.google.com\/g.educaand.es\/ceipmanuelsiurothuelva\/centro\/plan-de-centro\/reglamento-de-organizaci%C3%B3n-y-funcionamiento?authuser=0\">haz clic aqu\u00ed.<\/a><\/span><\/p><\/div><\/div><\/div><\/div><\/div><\/div><\/div><div class=\"hJDwNd-AhqUyc-R6PoUb JNdkSc L6cTce-purZT L6cTce-pSzOP\"><div class=\"JNdkSc-SmKAyb\"><div class=\"\">\u00a0<\/div><\/div><\/div><\/div><\/div><\/section><section id=\"h.79b532b606caef8c_20\" class=\"yaqOZd\"><div class=\"IFuOkc\">\u00a0<\/div><div class=\"mYVXT\"><div class=\"LS81yb VICjCf\" tabindex=\"-1\"><div class=\"hJDwNd-AhqUyc-II5mzb JNdkSc L6cTce-purZT L6cTce-pSzOP\"><div class=\"JNdkSc-SmKAyb\"><div class=\"\">\u00a0<\/div><\/div><\/div><div class=\"hJDwNd-AhqUyc-ibL1re purZT-AhqUyc-ibL1re pSzOP-AhqUyc-ibL1re JNdkSc\"><div class=\"JNdkSc-SmKAyb\"><div class=\"\"><div class=\"oKdM2c Kzv0Me\"><div id=\"h.79b532b606caef8c_37\" class=\"hJDwNd-AhqUyc-ibL1re purZT-AhqUyc-ibL1re pSzOP-AhqUyc-ibL1re jXK9ad D2fZ2 OjCsFc wHaque\"><div class=\"jXK9ad-SmKAyb\"><div class=\"tyJCtd baZpAe\"><div class=\"t3iYD\"><img class=\"CENy8b\" role=\"img\" src=\"https:\/\/lh3.googleusercontent.com\/1TK0a2ZAnVK8WloG2X6QtiDUTUl5088ddrwXnsMuhfJ_NUNop5vqeyQ70sV4RkYUDE-sNvDBA7uZ33id_GpDkSxYABVO-nLHsBQeYFidawpAdYqn7n5s92LXd5iXZNvgkg=w1280\"><\/div><\/div><\/div><\/div><\/div><\/div><\/div><\/div><div class=\"hJDwNd-AhqUyc-c5RTEf purZT-AhqUyc-c5RTEf pSzOP-AhqUyc-c5RTEf JNdkSc yYI8W \"><div class=\"JNdkSc-SmKAyb\"><div class=\"\"><div class=\"oKdM2c Kzv0Me\"><div id=\"h.79b532b606caef8c_26\" class=\"hJDwNd-AhqUyc-c5RTEf purZT-AhqUyc-c5RTEf pSzOP-AhqUyc-c5RTEf jXK9ad D2fZ2 OjCsFc GNzUNc\"><div class=\"jXK9ad-SmKAyb\"><div class=\"tyJCtd mGzaTb baZpAe\"><div id=\"h.f7ksun6ruow3\" class=\"GV3q8e aP9Z7e\">\u00a0<\/div><div class=\"CjVfdc\"><div class=\"PPhIP rviiZ\"><div class=\"U26fgb mUbCce fKz7Od LRAOtb Znu9nd M9Bg4d\" role=\"presentation\" aria-describedby=\"h.f7ksun6ruow3_l\" aria-label=\"Copiar el v\u00ednculo del t\u00edtulo\" aria-disabled=\"false\" data-tooltip=\"Copiar el v\u00ednculo del t\u00edtulo\" aria-hidden=\"true\" data-tooltip-position=\"top\" data-tooltip-vertical-offset=\"12\" data-tooltip-horizontal-offset=\"0\"><div class=\"VTBa7b MbhUzd\">\u00a0<\/div><\/div><\/div><strong>Proyecto de gesti\u00f3n<\/strong><\/div><\/div><\/div><\/div><\/div><div class=\"oKdM2c\"><div id=\"h.79b532b606caef8c_28\" class=\"hJDwNd-AhqUyc-c5RTEf purZT-AhqUyc-c5RTEf pSzOP-AhqUyc-c5RTEf jXK9ad D2fZ2 wHaque GNzUNc\"><div class=\"jXK9ad-SmKAyb\"><div class=\"tyJCtd mGzaTb baZpAe\"><p class=\"CDt4Ke zfr3Q\" dir=\"ltr\">Para visualizarlo, <span class=\" aw5Odc\"><a class=\"XqQF9c\" href=\"https:\/\/sites.google.com\/g.educaand.es\/ceipmanuelsiurothuelva\/centro\/plan-de-centro\/proyecto-de-gesti%C3%B3n?authuser=0\">haz clic aqu\u00ed.<\/a><\/span><\/p><\/div><\/div><\/div><\/div><\/div><\/div><\/div><\/div><\/div><\/section><\/div><\/div><div class=\"zDUgLc\">\u00a0<\/div><\/div><div class=\"TxnWlb\">\u00a0<\/div><div class=\"RBEWZc\" data-side-navigation=\"true\"><div class=\"U26fgb mUbCce fKz7Od Wdnjke M9Bg4d\" tabindex=\"0\" role=\"button\" aria-label=\"Abrir barra de b\u00fasqueda\" aria-disabled=\"false\" data-tooltip=\"Abrir barra de b\u00fasqueda\" aria-expanded=\"false\" data-tooltip-vertical-offset=\"-12\" data-tooltip-horizontal-offset=\"0\"><div class=\"VTBa7b MbhUzd\">\u00a0<\/div><\/div><\/div><\/div><div class=\"UtePc RCETm yxgWrb\" dir=\"ltr\" tabindex=\"-1\" role=\"main\" aria-hidden=\"false\">\u00a0<\/div>","_et_gb_content_width":"","ngg_post_thumbnail":0,"footnotes":""},"aioseo_notices":[],"_links":{"self":[{"href":"https:\/\/blogsaverroes.juntadeandalucia.es\/cpsacratif\/wp-json\/wp\/v2\/pages\/1363"}],"collection":[{"href":"https:\/\/blogsaverroes.juntadeandalucia.es\/cpsacratif\/wp-json\/wp\/v2\/pages"}],"about":[{"href":"https:\/\/blogsaverroes.juntadeandalucia.es\/cpsacratif\/wp-json\/wp\/v2\/types\/page"}],"author":[{"embeddable":true,"href":"https:\/\/blogsaverroes.juntadeandalucia.es\/cpsacratif\/wp-json\/wp\/v2\/users\/11443"}],"replies":[{"embeddable":true,"href":"https:\/\/blogsaverroes.juntadeandalucia.es\/cpsacratif\/wp-json\/wp\/v2\/comments?post=1363"}],"version-history":[{"count":14,"href":"https:\/\/blogsaverroes.juntadeandalucia.es\/cpsacratif\/wp-json\/wp\/v2\/pages\/1363\/revisions"}],"predecessor-version":[{"id":1718,"href":"https:\/\/blogsaverroes.juntadeandalucia.es\/cpsacratif\/wp-json\/wp\/v2\/pages\/1363\/revisions\/1718"}],"wp:attachment":[{"href":"https:\/\/blogsaverroes.juntadeandalucia.es\/cpsacratif\/wp-json\/wp\/v2\/media?parent=1363"}],"curies":[{"name":"wp","href":"https:\/\/api.w.org\/{rel}","templated":true}]}}