{"id":827,"date":"2020-12-18T08:34:31","date_gmt":"2020-12-18T07:34:31","guid":{"rendered":"https:\/\/blogsaverroes.juntadeandalucia.es\/pre\/plantilla-pencil\/?page_id=827"},"modified":"2022-02-23T00:07:25","modified_gmt":"2022-02-22T23:07:25","slug":"2o-ciclo-de-educacion-primaria","status":"publish","type":"page","link":"https:\/\/blogsaverroes.juntadeandalucia.es\/cpsacratif\/2o-ciclo-de-educacion-primaria\/","title":{"rendered":"PROGRAMA PRACTICUM GRADO MAESTRO."},"content":{"rendered":"<p>[et_pb_section fb_built=&#8221;1&#8243; _builder_version=&#8221;3.23.3&#8243; custom_padding=&#8221;0px||0px|&#8221; z_index_tablet=&#8221;500&#8243; box_shadow_horizontal_tablet=&#8221;0px&#8221; box_shadow_vertical_tablet=&#8221;0px&#8221; box_shadow_blur_tablet=&#8221;40px&#8221; box_shadow_spread_tablet=&#8221;0px&#8221; global_colors_info=&#8221;{}&#8221;][et_pb_row _builder_version=&#8221;3.25&#8243; background_size=&#8221;initial&#8221; background_position=&#8221;top_left&#8221; background_repeat=&#8221;repeat&#8221; global_colors_info=&#8221;{}&#8221;][et_pb_column type=&#8221;4_4&#8243; _builder_version=&#8221;3.25&#8243; custom_padding=&#8221;|||&#8221; global_colors_info=&#8221;{}&#8221; custom_padding__hover=&#8221;|||&#8221;][et_pb_image src=&#8221;https:\/\/blogsaverroes.juntadeandalucia.es\/cpsacratif\/files\/2022\/02\/09857949-40D0-4370-B177-5D45BF2AE478.jpeg&#8221; title_text=&#8221;09857949-40D0-4370-B177-5D45BF2AE478&#8243; admin_label=&#8221;Imagen de la portada&#8221; _builder_version=&#8221;4.14.5&#8243; z_index_tablet=&#8221;500&#8243; box_shadow_horizontal_tablet=&#8221;0px&#8221; box_shadow_vertical_tablet=&#8221;0px&#8221; box_shadow_blur_tablet=&#8221;40px&#8221; box_shadow_spread_tablet=&#8221;0px&#8221; global_colors_info=&#8221;{}&#8221;][\/et_pb_image][et_pb_text admin_label=&#8221;Texto descriptivo&#8221; _builder_version=&#8221;4.14.5&#8243; hover_enabled=&#8221;0&#8243; z_index_tablet=&#8221;500&#8243; text_text_shadow_horizontal_length_tablet=&#8221;0px&#8221; text_text_shadow_vertical_length_tablet=&#8221;0px&#8221; text_text_shadow_blur_strength_tablet=&#8221;1px&#8221; link_text_shadow_horizontal_length_tablet=&#8221;0px&#8221; link_text_shadow_vertical_length_tablet=&#8221;0px&#8221; link_text_shadow_blur_strength_tablet=&#8221;1px&#8221; ul_text_shadow_horizontal_length_tablet=&#8221;0px&#8221; ul_text_shadow_vertical_length_tablet=&#8221;0px&#8221; ul_text_shadow_blur_strength_tablet=&#8221;1px&#8221; ol_text_shadow_horizontal_length_tablet=&#8221;0px&#8221; ol_text_shadow_vertical_length_tablet=&#8221;0px&#8221; ol_text_shadow_blur_strength_tablet=&#8221;1px&#8221; quote_text_shadow_horizontal_length_tablet=&#8221;0px&#8221; quote_text_shadow_vertical_length_tablet=&#8221;0px&#8221; quote_text_shadow_blur_strength_tablet=&#8221;1px&#8221; header_text_shadow_horizontal_length_tablet=&#8221;0px&#8221; header_text_shadow_vertical_length_tablet=&#8221;0px&#8221; header_text_shadow_blur_strength_tablet=&#8221;1px&#8221; header_2_text_shadow_horizontal_length_tablet=&#8221;0px&#8221; header_2_text_shadow_vertical_length_tablet=&#8221;0px&#8221; header_2_text_shadow_blur_strength_tablet=&#8221;1px&#8221; header_3_text_shadow_horizontal_length_tablet=&#8221;0px&#8221; header_3_text_shadow_vertical_length_tablet=&#8221;0px&#8221; header_3_text_shadow_blur_strength_tablet=&#8221;1px&#8221; header_4_text_shadow_horizontal_length_tablet=&#8221;0px&#8221; header_4_text_shadow_vertical_length_tablet=&#8221;0px&#8221; header_4_text_shadow_blur_strength_tablet=&#8221;1px&#8221; header_5_text_shadow_horizontal_length_tablet=&#8221;0px&#8221; header_5_text_shadow_vertical_length_tablet=&#8221;0px&#8221; header_5_text_shadow_blur_strength_tablet=&#8221;1px&#8221; header_6_text_shadow_horizontal_length_tablet=&#8221;0px&#8221; header_6_text_shadow_vertical_length_tablet=&#8221;0px&#8221; header_6_text_shadow_blur_strength_tablet=&#8221;1px&#8221; box_shadow_horizontal_tablet=&#8221;0px&#8221; box_shadow_vertical_tablet=&#8221;0px&#8221; box_shadow_blur_tablet=&#8221;40px&#8221; box_shadow_spread_tablet=&#8221;0px&#8221; global_colors_info=&#8221;{}&#8221; sticky_enabled=&#8221;0&#8243;]<\/p>\n<p><span style=\"font-size: 24pt\"><b>PRACTICUM GRADO DE MAESTRO<\/b><\/span><\/p>\n<p style=\"text-align: left\">El Pr\u00e1cticum de las titulaciones de Grado en Educaci\u00f3n Infantil y Primaria se configura como un conjunto de actividades formativas que permitir\u00e1n al estudiante la aplicaci\u00f3n pr\u00e1ctica de los conocimientos adquiridos en su formaci\u00f3n acad\u00e9mica, prepar\u00e1ndole para el ejercicio de actividades profesionales y facilitando su incorporaci\u00f3n al mercado de trabajo. Debe ser para el alumnado un elemento profesionalizador b\u00e1sico de su formaci\u00f3n inicial que le permita desarrollar un conjunto integrado de pr\u00e1cticas de iniciaci\u00f3n docente en el aula y le proporcione informaci\u00f3n sobre el sistema escolar. Constituye uno de los ejes angulares de los estudios de Grado en Educaci\u00f3n.<\/p>\n<p style=\"text-align: left\">Y en nuestro centro pretendemos ayudar a este alumnado a completar su formaci\u00f3n asistiendo a clase con las tutoras que hayan solicitado formar parte de este plan, se realizar\u00e1 cada curso en el mes de junio. Somos por tanto, un centro colaborador con la Universidad de Granada en el proceso de formaci\u00f3n de su alumnado.<\/p>\n<p style=\"text-align: left\">En nuestro centro, cada curso, recibimos alumnas\/os de tercer y cuarto curso de Grado de Maestro, , para realizar su per\u00edodo de pr\u00e1cticas correspondiente a la asignatura Pr\u00e1cticum I o II.<br \/>El per\u00edodo de pr\u00e1cticas comprende del 16 de febrero al 29 de mayo, en el caso de las alumnas que vienen de la Facultad de Ciencias de la Educaci\u00f3n, y del 16 de febrero al 5 de junio en el caso de las que lo hacen de C.M. La Inmaculada.<\/p>\n<p style=\"text-align: left\">En nuestro centro, y con la finalidad de que el alumnado de pr\u00e1cticas se lleve una visi\u00f3n m\u00e1s global de la metodolog\u00eda y pr\u00e1ctica docente en los distintos niveles y especialidades, se procura que \u00e9ste pase por diferentes clases, entendiendo que ser\u00e1 con su maestro tutor con el que deber\u00e1 estar la mayor parte del per\u00edodo de pr\u00e1cticas. As\u00ed, de las 14 semanas que comprenden las pr\u00e1cticas, 8 semanas estar\u00e1 cada alumna con su tutor, rotando las 6 restantes por otras clases del centro..<\/p>\n<p style=\"text-align: left\">Cuando llega este alumnado se convoca una reuni\u00f3n informativa para darles informaci\u00f3n sobre el centro, mostr\u00e1rselo y resolver dudas.<br \/>REUNI\u00d3N INFORMATIVA CON LAS ALUMNAS DE PR\u00c1CTICAS DE GRADO DE MAESTRO<br \/>La direcci\u00f3n del centro se re\u00fane con las alumnas\/os de pr\u00e1cticas para tratar entre otros los siguientes temas:<br \/>1. \u2013Bienvenida.<br \/>2. -Informaci\u00f3n sobre el centro y el Plan de Centro.<br \/>3. -Vigilancia en los recreos.&nbsp;<br \/>4. -Hoja de firmas para control de la asistencia y turnos de recreo.<br \/>5. -Justificaci\u00f3n de las faltas.<br \/>6. -Avisar al equipo directivo en caso de faltar.<br \/>7. -Justificaci\u00f3n del paso por distintas clases del centro.<br \/>8. -Conveniencia de la colaboraci\u00f3n en la realizaci\u00f3n de tareas comunes del centro<br \/>(elaboraci\u00f3n de murales, preparaci\u00f3n de teatros, canciones&#8230;)<br \/>9. -Realizaci\u00f3n de tareas de apoyo con alumnos\/as del centro.<br \/>Se ha invitado a las alumnas a que visiten la p\u00e1gina web del centro o consulten el&nbsp;Plan de Centro impreso porque les dar\u00e1 una visi\u00f3n general y actualizada del mismo, Si es necesario se les entregar\u00e1 en un pen drive.<\/p>\n<p style=\"text-align: left\">Se ha visto conveniente que participen tambi\u00e9n en los turnos de vigilancia de los recreos ya que este momento es tambi\u00e9n muy importante dentro de la jornada escolar y as\u00ed ver\u00e1n c\u00f3mo se encuentra organizado: por zonas y rotando.<\/p>\n<p style=\"text-align: left\">Es conveniente tambi\u00e9n que se lleve un control de asistencia por lo que firmar\u00e1n cada ma\u00f1ana a su llegada en una hoja de firmas, al igual que el equipo docente. Tambi\u00e9n deber\u00e1n justificar las faltas y avisar al Equipo Directivo en caso de no poder asistir al colegio.<\/p>\n<p>Tambi\u00e9n realizar\u00e1n una tarea de apoyo a ni\u00f1os con dificultades ling\u00fc\u00edsticas, de atenci\u00f3n o conductuales bajo la supervisi\u00f3n y el asesoramiento de la Orientadora y la Logopeda del centro y bas\u00e1ndonos en los resultados positivos obtenidos gracias a esta labor de apoyo de las pr\u00e1cticas de a\u00f1os anteriores.<\/p>\n<p style=\"text-align: left\">Por \u00faltimo se les da unas normas b\u00e1sicas y generales sobre la utilizaci\u00f3n de tel\u00e9fonos m\u00f3viles u otros medios durante su horario de trabajo y se hace hincapi\u00e9 en que la nota final de su evaluaci\u00f3n, por supuesto, estar\u00e1 en relaci\u00f3n con todo el trabajo realizado, su buena disposici\u00f3n, puntualidad, trato con el alumnado<\/p>\n<p>ENLACE A LA PLATAFORMA DE LA UNIVERSIDAD DE GRANADA<\/p>\n<p><a href=\"https:\/\/fcce.practicaseducacion.com\/documentos\/folleto_infantil_FINAL.pdf\"><span style=\"color: #0000ff\">https:\/\/fcce.practicaseducacion.com\/documentos\/folleto_infantil_FINAL.pdf<\/span><\/a><\/p>\n<p>[\/et_pb_text][\/et_pb_column][\/et_pb_row][\/et_pb_section]<\/p>\n","protected":false},"excerpt":{"rendered":"<p>PRACTICUM GRADO DE MAESTRO El Pr\u00e1cticum de las titulaciones de Grado en Educaci\u00f3n Infantil y Primaria se configura como un conjunto de actividades formativas que permitir\u00e1n al estudiante la aplicaci\u00f3n pr\u00e1ctica de los conocimientos adquiridos en su formaci\u00f3n acad\u00e9mica, prepar\u00e1ndole para el ejercicio de actividades profesionales y facilitando su incorporaci\u00f3n al mercado de trabajo. Debe [&hellip;]<\/p>\n","protected":false},"author":11456,"featured_media":0,"parent":0,"menu_order":0,"comment_status":"closed","ping_status":"closed","template":"","meta":{"_et_pb_use_builder":"on","_et_pb_old_content":"","_et_gb_content_width":"","ngg_post_thumbnail":0,"footnotes":""},"aioseo_notices":[],"_links":{"self":[{"href":"https:\/\/blogsaverroes.juntadeandalucia.es\/cpsacratif\/wp-json\/wp\/v2\/pages\/827"}],"collection":[{"href":"https:\/\/blogsaverroes.juntadeandalucia.es\/cpsacratif\/wp-json\/wp\/v2\/pages"}],"about":[{"href":"https:\/\/blogsaverroes.juntadeandalucia.es\/cpsacratif\/wp-json\/wp\/v2\/types\/page"}],"author":[{"embeddable":true,"href":"https:\/\/blogsaverroes.juntadeandalucia.es\/cpsacratif\/wp-json\/wp\/v2\/users\/11456"}],"replies":[{"embeddable":true,"href":"https:\/\/blogsaverroes.juntadeandalucia.es\/cpsacratif\/wp-json\/wp\/v2\/comments?post=827"}],"version-history":[{"count":7,"href":"https:\/\/blogsaverroes.juntadeandalucia.es\/cpsacratif\/wp-json\/wp\/v2\/pages\/827\/revisions"}],"predecessor-version":[{"id":1545,"href":"https:\/\/blogsaverroes.juntadeandalucia.es\/cpsacratif\/wp-json\/wp\/v2\/pages\/827\/revisions\/1545"}],"wp:attachment":[{"href":"https:\/\/blogsaverroes.juntadeandalucia.es\/cpsacratif\/wp-json\/wp\/v2\/media?parent=827"}],"curies":[{"name":"wp","href":"https:\/\/api.w.org\/{rel}","templated":true}]}}