{"id":3345,"date":"2016-09-12T16:04:00","date_gmt":"2016-09-12T15:04:00","guid":{"rendered":"http:\/\/blogsaverroes.juntadeandalucia.es\/cpvvamesia\/?page_id=3345"},"modified":"2024-10-17T07:17:52","modified_gmt":"2024-10-17T06:17:52","slug":"comedor-2","status":"publish","type":"page","link":"https:\/\/blogsaverroes.juntadeandalucia.es\/cpvvamesia\/comedor-2\/","title":{"rendered":"COMEDOR"},"content":{"rendered":"<p>A partir de Enero de 2021, el comedor lo gestiona el catering Hermanos GONZ\u00c1LEZ. Aqu\u00ed pod\u00e9is ver las circular del catering, como proceder si necesitan alg\u00fan tipo de men\u00fa especial, alergias, faltas de asistencia&#8230; As\u00ed como el men\u00fa del mes correspondiente.<\/p>\n<p style=\"text-align: center\"><a href=\"https:\/\/blogsaverroes.juntadeandalucia.es\/cpvvamesia\/files\/2023\/10\/GRANADA-Circular-a-los-Padres-An\u0303o-2023-2024-_P\u00e1gina_1-scaled.jpg\"><img loading=\"lazy\" decoding=\"async\" class=\"alignnone wp-image-5292 size-medium\" src=\"https:\/\/blogsaverroes.juntadeandalucia.es\/cpvvamesia\/files\/2023\/10\/GRANADA-Circular-a-los-Padres-An\u0303o-2023-2024-_P\u00e1gina_1-141x200.jpg\" alt=\"\" width=\"141\" height=\"200\" srcset=\"https:\/\/blogsaverroes.juntadeandalucia.es\/cpvvamesia\/files\/2023\/10\/GRANADA-Circular-a-los-Padres-An\u0303o-2023-2024-_P\u00e1gina_1-141x200.jpg 141w, https:\/\/blogsaverroes.juntadeandalucia.es\/cpvvamesia\/files\/2023\/10\/GRANADA-Circular-a-los-Padres-An\u0303o-2023-2024-_P\u00e1gina_1-722x1024.jpg 722w, https:\/\/blogsaverroes.juntadeandalucia.es\/cpvvamesia\/files\/2023\/10\/GRANADA-Circular-a-los-Padres-An\u0303o-2023-2024-_P\u00e1gina_1-768x1090.jpg 768w, https:\/\/blogsaverroes.juntadeandalucia.es\/cpvvamesia\/files\/2023\/10\/GRANADA-Circular-a-los-Padres-An\u0303o-2023-2024-_P\u00e1gina_1-1082x1536.jpg 1082w, https:\/\/blogsaverroes.juntadeandalucia.es\/cpvvamesia\/files\/2023\/10\/GRANADA-Circular-a-los-Padres-An\u0303o-2023-2024-_P\u00e1gina_1-1443x2048.jpg 1443w, https:\/\/blogsaverroes.juntadeandalucia.es\/cpvvamesia\/files\/2023\/10\/GRANADA-Circular-a-los-Padres-An\u0303o-2023-2024-_P\u00e1gina_1-scaled.jpg 1128w\" sizes=\"(max-width: 141px) 100vw, 141px\" \/><\/a> &nbsp;&nbsp;&nbsp;&nbsp;&nbsp;&nbsp; <a href=\"https:\/\/blogsaverroes.juntadeandalucia.es\/cpvvamesia\/files\/2023\/10\/GRANADA-Circular-a-los-Padres-An\u0303o-2023-2024-_P\u00e1gina_2-scaled.jpg\"><img loading=\"lazy\" decoding=\"async\" class=\"alignnone wp-image-5293 size-medium\" src=\"https:\/\/blogsaverroes.juntadeandalucia.es\/cpvvamesia\/files\/2023\/10\/GRANADA-Circular-a-los-Padres-An\u0303o-2023-2024-_P\u00e1gina_2-141x200.jpg\" alt=\"\" width=\"141\" height=\"200\" srcset=\"https:\/\/blogsaverroes.juntadeandalucia.es\/cpvvamesia\/files\/2023\/10\/GRANADA-Circular-a-los-Padres-An\u0303o-2023-2024-_P\u00e1gina_2-141x200.jpg 141w, https:\/\/blogsaverroes.juntadeandalucia.es\/cpvvamesia\/files\/2023\/10\/GRANADA-Circular-a-los-Padres-An\u0303o-2023-2024-_P\u00e1gina_2-722x1024.jpg 722w, https:\/\/blogsaverroes.juntadeandalucia.es\/cpvvamesia\/files\/2023\/10\/GRANADA-Circular-a-los-Padres-An\u0303o-2023-2024-_P\u00e1gina_2-768x1090.jpg 768w, https:\/\/blogsaverroes.juntadeandalucia.es\/cpvvamesia\/files\/2023\/10\/GRANADA-Circular-a-los-Padres-An\u0303o-2023-2024-_P\u00e1gina_2-1082x1536.jpg 1082w, https:\/\/blogsaverroes.juntadeandalucia.es\/cpvvamesia\/files\/2023\/10\/GRANADA-Circular-a-los-Padres-An\u0303o-2023-2024-_P\u00e1gina_2-1443x2048.jpg 1443w, https:\/\/blogsaverroes.juntadeandalucia.es\/cpvvamesia\/files\/2023\/10\/GRANADA-Circular-a-los-Padres-An\u0303o-2023-2024-_P\u00e1gina_2-scaled.jpg 1128w\" sizes=\"(max-width: 141px) 100vw, 141px\" \/><\/a><\/p>\n<p>&nbsp;<\/p>\n<p style=\"text-align: center\"><span style=\"color: #339966\"><a href=\"https:\/\/blogsaverroes.juntadeandalucia.es\/cpvvamesia\/files\/2023\/10\/GRANADA-Circular-a-los-Padres-An\u0303o-2023-2024-_P\u00e1gina_1-scaled.jpg\" target=\"_blank\" rel=\"noopener noreferrer\">NORMAS<\/a> <a href=\"https:\/\/blogsaverroes.juntadeandalucia.es\/cpvvamesia\/files\/2023\/10\/GRANADA-Circular-a-los-Padres-An\u0303o-2023-2024-_P\u00e1gina_2-scaled.jpg\" target=\"_blank\" rel=\"noopener noreferrer\">CATERING<\/a><\/span><\/p>\n<table style=\"height: 2047px;width: 94.9029%\">\n<tbody>\n<tr>\n<td style=\"text-align: center;width: 345.767px\">&nbsp;<\/p>\n<p>Planilla 1er Periodo<\/p>\n<p>&nbsp;<\/p>\n<p>&nbsp;<\/td>\n<td style=\"width: 330.333px;text-align: left\">&nbsp;<\/p>\n<p>&nbsp;<\/p>\n<p>&nbsp;<\/p>\n<p style=\"text-align: center\">Planilla 2\u00ba Periodo<\/p>\n<p style=\"text-align: center\">&nbsp;<\/p>\n<p style=\"text-align: center\">&nbsp;<\/p>\n<p style=\"text-align: center\">&nbsp;<\/p>\n<p style=\"text-align: center\">&nbsp;<\/p>\n<\/td>\n<\/tr>\n<tr>\n<td style=\"width: 345.767px\">&nbsp;<\/p>\n<p style=\"text-align: center\">&nbsp;<\/p>\n<p style=\"text-align: center\">&nbsp;<\/p>\n<p style=\"text-align: center\">&nbsp;<\/p>\n<p style=\"text-align: center\">Planilla 3er Periodo<\/p>\n<p>&nbsp;<\/p>\n<p>&nbsp;<\/td>\n<td style=\"text-align: center;width: 330.333px\">&nbsp;<\/p>\n<p>&nbsp;<\/p>\n<p>&nbsp;<\/p>\n<p>Planilla 4\u00ba Periodo<\/p>\n<p>&nbsp;<\/td>\n<\/tr>\n<tr>\n<td style=\"width: 345.767px\">\n<p style=\"text-align: center\">Planilla 5\u00ba Periodo<\/p>\n<\/td>\n<td style=\"width: 330.333px;text-align: center\">&nbsp;<\/p>\n<p>&nbsp;<\/p>\n<p>&nbsp;<\/p>\n<p>&nbsp;<\/p>\n<p>&nbsp;<\/p>\n<p>&nbsp;<\/p>\n<p>&nbsp;<\/p>\n<p>Planilla 6\u00ba Periodo<\/p>\n<p>&nbsp;<\/p>\n<p>&nbsp;<\/p>\n<p>&nbsp;<\/p>\n<p>&nbsp;<\/p>\n<p>&nbsp;<\/p>\n<p>&nbsp;<\/td>\n<\/tr>\n<tr>\n<td style=\"width: 345.767px\">&nbsp;<\/p>\n<p>&nbsp;<\/p>\n<p style=\"text-align: center\">Planilla 7\u00ba Periodo<\/p>\n<p style=\"text-align: center\">&nbsp;<\/p>\n<\/td>\n<td style=\"width: 330.333px;text-align: center\">&nbsp;<\/p>\n<p>&nbsp;<\/p>\n<p>&nbsp;<\/p>\n<p>Planilla 8\u00ba Periodo<\/p>\n<p>&nbsp;<\/p>\n<p>&nbsp;<\/td>\n<\/tr>\n<tr>\n<td style=\"width: 345.767px\">\n<p style=\"text-align: center\">&nbsp;<\/p>\n<p style=\"text-align: center\">&nbsp;<\/p>\n<p style=\"text-align: center\">&nbsp;<\/p>\n<p style=\"text-align: center\">&nbsp;<\/p>\n<p>&nbsp;<\/p>\n<p>&nbsp;<\/p>\n<p style=\"text-align: center\">&nbsp;<\/p>\n<p>&nbsp;<\/td>\n<td style=\"width: 330.333px;text-align: center\">&nbsp;<\/p>\n<p>&nbsp;<\/p>\n<p>&nbsp;<\/p>\n<p>&nbsp;<\/p>\n<p>&nbsp;<\/p>\n<p>&nbsp;<\/p>\n<p>&nbsp;<\/p>\n<p>&nbsp;<\/p>\n<p>&nbsp;<\/p>\n<p>&nbsp;<\/p>\n<p>&nbsp;<\/td>\n<\/tr>\n<\/tbody>\n<\/table>\n<p>&nbsp;<\/p>\n<p>&nbsp;<\/p>\n<table style=\"border-collapse: collapse;width: 60.1207%;height: 62px\">\n<tbody>\n<tr>\n<td style=\"width: 50%;text-align: center\">&nbsp;<\/p>\n<p>&nbsp;<\/p>\n<p>&nbsp;<\/td>\n<td style=\"width: 50%\">&nbsp;<\/td>\n<\/tr>\n<tr>\n<td style=\"width: 50%\">&nbsp;<\/td>\n<td style=\"width: 50%\">&nbsp;<\/td>\n<\/tr>\n<\/tbody>\n<\/table>\n<p style=\"text-align: center\"><span style=\"color: #800080\">&nbsp;<\/span><\/p>\n<p>&nbsp;<\/p>\n<p>&nbsp;<\/p>\n<p>&nbsp;<\/p>\n<p>&nbsp;<\/p>\n<p>&nbsp;<\/p>\n<p>&nbsp;<\/p>\n<p><span style=\"color: #800080\">&nbsp;<\/span><\/p>\n","protected":false},"excerpt":{"rendered":"<p>A partir de Enero de 2021, el comedor lo gestiona el catering Hermanos GONZ\u00c1LEZ. Aqu\u00ed pod\u00e9is ver las circular del catering, como proceder si necesitan alg\u00fan tipo de men\u00fa especial, alergias, faltas de asistencia&#8230;&#46;&#46;&#46;<\/p>\n","protected":false},"author":2340,"featured_media":0,"parent":0,"menu_order":0,"comment_status":"closed","ping_status":"closed","template":"","meta":{"ngg_post_thumbnail":0,"footnotes":"","_mc_calendar":[]},"aioseo_notices":[],"_links":{"self":[{"href":"https:\/\/blogsaverroes.juntadeandalucia.es\/cpvvamesia\/wp-json\/wp\/v2\/pages\/3345"}],"collection":[{"href":"https:\/\/blogsaverroes.juntadeandalucia.es\/cpvvamesia\/wp-json\/wp\/v2\/pages"}],"about":[{"href":"https:\/\/blogsaverroes.juntadeandalucia.es\/cpvvamesia\/wp-json\/wp\/v2\/types\/page"}],"author":[{"embeddable":true,"href":"https:\/\/blogsaverroes.juntadeandalucia.es\/cpvvamesia\/wp-json\/wp\/v2\/users\/2340"}],"replies":[{"embeddable":true,"href":"https:\/\/blogsaverroes.juntadeandalucia.es\/cpvvamesia\/wp-json\/wp\/v2\/comments?post=3345"}],"version-history":[{"count":174,"href":"https:\/\/blogsaverroes.juntadeandalucia.es\/cpvvamesia\/wp-json\/wp\/v2\/pages\/3345\/revisions"}],"predecessor-version":[{"id":5504,"href":"https:\/\/blogsaverroes.juntadeandalucia.es\/cpvvamesia\/wp-json\/wp\/v2\/pages\/3345\/revisions\/5504"}],"wp:attachment":[{"href":"https:\/\/blogsaverroes.juntadeandalucia.es\/cpvvamesia\/wp-json\/wp\/v2\/media?parent=3345"}],"curies":[{"name":"wp","href":"https:\/\/api.w.org\/{rel}","templated":true}]}}