{"id":29,"date":"2020-01-10T07:44:09","date_gmt":"2020-01-10T06:44:09","guid":{"rendered":"http:\/\/blogsaverroes.juntadeandalucia.es\/pre\/nuevoiesv2\/?page_id=29"},"modified":"2025-10-18T10:54:52","modified_gmt":"2025-10-18T08:54:52","slug":"actividades-extraescolares","status":"publish","type":"page","link":"https:\/\/blogsaverroes.juntadeandalucia.es\/cristobalcolonweb\/actividades-extraescolares\/","title":{"rendered":"Actividades extraescolares y complementarias"},"content":{"rendered":"<p>[et_pb_section fb_built=&#8221;1&#8243; admin_label=&#8221;Hero&#8221; _builder_version=&#8221;4.24.2&#8243; background_color=&#8221;#232577&#8243; use_background_color_gradient=&#8221;on&#8221; background_color_gradient_direction=&#8221;271deg&#8221; background_color_gradient_stops=&#8221;#30f4f1 0%|#29c4a9 100%&#8221; background_color_gradient_start=&#8221;#30f4f1&#8243; hover_enabled=&#8221;0&#8243; collapsed=&#8221;on&#8221; global_colors_info=&#8221;{}&#8221; sticky_enabled=&#8221;0&#8243;][et_pb_row make_equal=&#8221;on&#8221; _builder_version=&#8221;4.16&#8243; background_size=&#8221;initial&#8221; background_position=&#8221;top_left&#8221; background_repeat=&#8221;repeat&#8221; width=&#8221;100%&#8221; max_width=&#8221;100%&#8221; custom_margin=&#8221;2px||2px||false|false&#8221; custom_padding=&#8221;|||&#8221; use_custom_width=&#8221;on&#8221; width_unit=&#8221;off&#8221; custom_width_percent=&#8221;100%&#8221; collapsed=&#8221;on&#8221; global_colors_info=&#8221;{}&#8221;][et_pb_column type=&#8221;4_4&#8243; _builder_version=&#8221;4.16&#8243; custom_padding=&#8221;60px|0px|100px|10%&#8221; custom_padding_tablet=&#8221;20px|10%|0px|10%&#8221; custom_padding_phone=&#8221;20px|10%|0px|10%&#8221; custom_padding_last_edited=&#8221;on|desktop&#8221; global_colors_info=&#8221;{}&#8221; custom_padding__hover=&#8221;|||&#8221;][et_pb_image src=&#8221;https:\/\/blogsaverroes.juntadeandalucia.es\/cristobalcolonweb\/files\/2023\/11\/Act_Extra-2.png&#8221; title_text=&#8221;Act_Extra&#8221; _builder_version=&#8221;4.16&#8243; _module_preset=&#8221;default&#8221; global_colors_info=&#8221;{}&#8221;][\/et_pb_image][\/et_pb_column][\/et_pb_row][\/et_pb_section][et_pb_section fb_built=&#8221;1&#8243; admin_label=&#8221;OCTUBRE 2025&#8243; _builder_version=&#8221;4.24.2&#8243; custom_padding=&#8221;100px|0px|100px|0px&#8221; hover_enabled=&#8221;0&#8243; collapsed=&#8221;off&#8221; global_colors_info=&#8221;{}&#8221; sticky_enabled=&#8221;0&#8243;][et_pb_row column_structure=&#8221;1_2,1_2&#8243; use_custom_gutter=&#8221;on&#8221; gutter_width=&#8221;0&#8243; admin_label=&#8221;DESCRIPCION_OCTUBRE&#8221; _builder_version=&#8221;4.16&#8243; custom_margin=&#8221;|||&#8221; custom_padding=&#8221;|||&#8221; collapsed=&#8221;off&#8221; global_colors_info=&#8221;{}&#8221;][et_pb_column type=&#8221;1_2&#8243; _builder_version=&#8221;4.16&#8243; custom_padding=&#8221;|||&#8221; global_colors_info=&#8221;{}&#8221; custom_padding__hover=&#8221;|||&#8221;][et_pb_text admin_label=&#8221;OCTUBRE&#8221; _builder_version=&#8221;4.24.2&#8243; text_font=&#8221;||||||||&#8221; header_font=&#8221;||||||||&#8221; header_2_font=&#8221;Merriweather|700|||||||&#8221; header_2_font_size=&#8221;40px&#8221; header_2_line_height=&#8221;1.3em&#8221; custom_margin=&#8221;|||&#8221; custom_padding=&#8221;|||&#8221; hover_enabled=&#8221;0&#8243; global_colors_info=&#8221;{}&#8221; sticky_enabled=&#8221;0&#8243;]<\/p>\n<h2>OCTUBRE 2025:<\/h2>\n<p>[\/et_pb_text][et_pb_divider color=&#8221;#4646c4&#8243; divider_position=&#8221;center&#8221; divider_weight=&#8221;3px&#8221; _builder_version=&#8221;4.24.2&#8243; max_width=&#8221;90px&#8221; max_width_tablet=&#8221;13%&#8221; max_width_last_edited=&#8221;off|desktop&#8221; custom_margin=&#8221;15px|||&#8221; custom_padding=&#8221;|||&#8221; hover_enabled=&#8221;0&#8243; global_colors_info=&#8221;{}&#8221; sticky_enabled=&#8221;0&#8243;][\/et_pb_divider][et_pb_text admin_label=&#8221;description&#8221; _builder_version=&#8221;4.24.2&#8243; text_font=&#8221;||||||||&#8221; text_font_size=&#8221;20px&#8221; text_line_height=&#8221;1.8em&#8221; max_width_tablet=&#8221;89%&#8221; max_width_phone=&#8221;97%&#8221; max_width_last_edited=&#8221;off|desktop&#8221; custom_margin=&#8221;30px|||&#8221; custom_padding=&#8221;|||&#8221; hover_enabled=&#8221;0&#8243; global_colors_info=&#8221;{}&#8221; sticky_enabled=&#8221;0&#8243;]<\/p>\n<p>14 DE OCTUBRE: D\u00eda de las escritoras<\/p>\n<p>[\/et_pb_text][\/et_pb_column][et_pb_column type=&#8221;1_2&#8243; _builder_version=&#8221;4.16&#8243; custom_padding=&#8221;|||&#8221; global_colors_info=&#8221;{}&#8221; custom_padding__hover=&#8221;|||&#8221;][et_pb_image src=&#8221;https:\/\/blogsaverroes.juntadeandalucia.es\/cristobalcolonweb\/files\/2025\/10\/images-2.jpg&#8221; title_text=&#8221;images (2)&#8221; url=&#8221;https:\/\/drive.google.com\/file\/d\/1UNaWxW3RAfpWo1BamRSAj67Re2sXZKUH\/view?ts=6557c22a&#8221; _builder_version=&#8221;4.24.2&#8243; _module_preset=&#8221;default&#8221; width=&#8221;50%&#8221; max_width=&#8221;50%&#8221; hover_enabled=&#8221;0&#8243; border_radii=&#8221;on|1px|1px|1px|1px&#8221; global_colors_info=&#8221;{}&#8221; sticky_enabled=&#8221;0&#8243;][\/et_pb_image][\/et_pb_column][\/et_pb_row][\/et_pb_section][et_pb_section fb_built=&#8221;1&#8243; admin_label=&#8221;ABRIL 2025&#8243; _builder_version=&#8221;4.24.2&#8243; custom_padding=&#8221;100px|0px|100px|0px&#8221; collapsed=&#8221;off&#8221; global_colors_info=&#8221;{}&#8221;][et_pb_row column_structure=&#8221;1_2,1_2&#8243; use_custom_gutter=&#8221;on&#8221; gutter_width=&#8221;0&#8243; admin_label=&#8221;DESCRIPCION_ABRIL&#8221; _builder_version=&#8221;4.16&#8243; custom_margin=&#8221;|||&#8221; custom_padding=&#8221;|||&#8221; collapsed=&#8221;off&#8221; global_colors_info=&#8221;{}&#8221;][et_pb_column type=&#8221;1_2&#8243; _builder_version=&#8221;4.16&#8243; custom_padding=&#8221;|||&#8221; global_colors_info=&#8221;{}&#8221; custom_padding__hover=&#8221;|||&#8221;][et_pb_text admin_label=&#8221;ABRIL&#8221; _builder_version=&#8221;4.24.2&#8243; text_font=&#8221;||||||||&#8221; header_font=&#8221;||||||||&#8221; header_2_font=&#8221;Merriweather|700|||||||&#8221; header_2_font_size=&#8221;40px&#8221; header_2_line_height=&#8221;1.3em&#8221; custom_margin=&#8221;|||&#8221; custom_padding=&#8221;|||&#8221; global_colors_info=&#8221;{}&#8221;]<\/p>\n<h2>ABRIL 2025:<\/h2>\n<p>[\/et_pb_text][et_pb_divider color=&#8221;#4646c4&#8243; divider_position=&#8221;center&#8221; divider_weight=&#8221;3px&#8221; _builder_version=&#8221;4.16&#8243; max_width=&#8221;90px&#8221; max_width_tablet=&#8221;13%&#8221; max_width_last_edited=&#8221;off|desktop&#8221; custom_margin=&#8221;15px|||&#8221; custom_padding=&#8221;|||&#8221; global_colors_info=&#8221;{}&#8221;][\/et_pb_divider][et_pb_text admin_label=&#8221;description&#8221; _builder_version=&#8221;4.24.2&#8243; text_font=&#8221;||||||||&#8221; text_font_size=&#8221;20px&#8221; text_line_height=&#8221;1.8em&#8221; max_width_tablet=&#8221;89%&#8221; max_width_phone=&#8221;97%&#8221; max_width_last_edited=&#8221;off|desktop&#8221; custom_margin=&#8221;30px|||&#8221; custom_padding=&#8221;|||&#8221; global_colors_info=&#8221;{}&#8221;]<\/p>\n<p>23 al 2 de mayo: Jornadas de la Memoria<\/p>\n<p>7 al 8 de abril: Actividades acu\u00e1ticas Chiclana<\/p>\n<p>31 al 1 de abril: Viaje de estudios 4\u00ba ESO<\/p>\n<p>[\/et_pb_text][\/et_pb_column][et_pb_column type=&#8221;1_2&#8243; _builder_version=&#8221;4.16&#8243; custom_padding=&#8221;|||&#8221; global_colors_info=&#8221;{}&#8221; custom_padding__hover=&#8221;|||&#8221;][et_pb_image src=&#8221;https:\/\/blogsaverroes.juntadeandalucia.es\/cristobalcolonweb\/files\/2025\/04\/WhatsApp-Image-2025-04-29-at-07.35.57.jpeg&#8221; title_text=&#8221;WhatsApp Image 2025-04-29 at 07.35.57&#8243; url=&#8221;https:\/\/drive.google.com\/file\/d\/1UNaWxW3RAfpWo1BamRSAj67Re2sXZKUH\/view?ts=6557c22a&#8221; _builder_version=&#8221;4.24.2&#8243; _module_preset=&#8221;default&#8221; width=&#8221;50%&#8221; max_width=&#8221;50%&#8221; border_radii=&#8221;on|1px|1px|1px|1px&#8221; global_colors_info=&#8221;{}&#8221;][\/et_pb_image][\/et_pb_column][\/et_pb_row][et_pb_row column_structure=&#8221;1_2,1_2&#8243; admin_label=&#8221;Clausura Jornadas&#8221; _builder_version=&#8221;4.24.2&#8243; _module_preset=&#8221;default&#8221; global_colors_info=&#8221;{}&#8221;][et_pb_column type=&#8221;1_2&#8243; _builder_version=&#8221;4.24.2&#8243; _module_preset=&#8221;default&#8221; global_colors_info=&#8221;{}&#8221;][et_pb_text admin_label=&#8221;Texto&#8221; _builder_version=&#8221;4.24.2&#8243; _module_preset=&#8221;default&#8221; background_color=&#8221;#efefef&#8221; global_colors_info=&#8221;{}&#8221;]<\/p>\n<h4>&nbsp;<\/h4>\n<h4 style=\"text-align: left\"><strong>2 al 8 <\/strong><strong>de mayo: <\/strong><strong>&nbsp;Clausura de las Jornadas de la Memoria<\/strong><\/h4>\n<div class=\"entry-content\">\n<p>Finalizamos nuestras Jornadas de la Memoria con la charla de Carmen Estrada, neurocient\u00edfica, que nos hizo un repaso sobre los tipos de memoria y la importancia de la memoria hist\u00f3rica en nuestra ciudad.<\/p>\n<p>El alumnado tambi\u00e9n pudo visitar la exposici\u00f3n &#8220;Memoria a Cachitos&#8221; con la recopilaci\u00f3n de objetos antiguos para que adivinaran su uso. Gracias al AMPA por colocar todo tan bonito en esta muestra. Adem\u00e1s, nuestro alumnado de 4\u00ba de Cultura cient\u00edfica invit\u00f3 a todo aquel que quisiera a dejar un recuerdo en nuestro Buz\u00f3n de la memoria.<\/p>\n<p>&nbsp;<\/p>\n<p><img loading=\"lazy\" decoding=\"async\" class=\"wp-image-1977 aligncenter size-full\" src=\"https:\/\/blogsaverroes.juntadeandalucia.es\/cristobalcolonweb\/files\/2025\/05\/WhatsApp-Image-2025-05-07-at-18.22.53-5.jpeg\" alt=\"\" width=\"2000\" height=\"900\" srcset=\"https:\/\/blogsaverroes.juntadeandalucia.es\/cristobalcolonweb\/files\/2025\/05\/WhatsApp-Image-2025-05-07-at-18.22.53-5.jpeg 2000w, https:\/\/blogsaverroes.juntadeandalucia.es\/cristobalcolonweb\/files\/2025\/05\/WhatsApp-Image-2025-05-07-at-18.22.53-5-1280x576.jpeg 1280w, https:\/\/blogsaverroes.juntadeandalucia.es\/cristobalcolonweb\/files\/2025\/05\/WhatsApp-Image-2025-05-07-at-18.22.53-5-980x441.jpeg 980w, https:\/\/blogsaverroes.juntadeandalucia.es\/cristobalcolonweb\/files\/2025\/05\/WhatsApp-Image-2025-05-07-at-18.22.53-5-480x216.jpeg 480w\" sizes=\"(min-width: 0px) and (max-width: 480px) 480px, (min-width: 481px) and (max-width: 980px) 980px, (min-width: 981px) and (max-width: 1280px) 1280px, (min-width: 1281px) 2000px, 100vw\" \/> <img loading=\"lazy\" decoding=\"async\" class=\"wp-image-1982 aligncenter size-full\" src=\"https:\/\/blogsaverroes.juntadeandalucia.es\/cristobalcolonweb\/files\/2025\/05\/WhatsApp-Image-2025-05-07-at-18.22.53.jpeg\" alt=\"\" width=\"900\" height=\"2000\" srcset=\"https:\/\/blogsaverroes.juntadeandalucia.es\/cristobalcolonweb\/files\/2025\/05\/WhatsApp-Image-2025-05-07-at-18.22.53.jpeg 900w, https:\/\/blogsaverroes.juntadeandalucia.es\/cristobalcolonweb\/files\/2025\/05\/WhatsApp-Image-2025-05-07-at-18.22.53-480x1067.jpeg 480w\" sizes=\"(min-width: 0px) and (max-width: 480px) 480px, (min-width: 481px) 900px, 100vw\" \/><\/p>\n<p>&nbsp;<\/p>\n<\/div>\n<div>&nbsp;<\/div>\n<div>&nbsp;<\/div>\n<p>[\/et_pb_text][et_pb_image src=&#8221;https:\/\/blogsaverroes.juntadeandalucia.es\/cristobalcolonweb\/files\/2025\/05\/WhatsApp-Image-2025-05-07-at-18.22.53-2.jpeg&#8221; title_text=&#8221;WhatsApp Image 2025-05-07 at 18.22.53 (2)&#8221; _builder_version=&#8221;4.24.2&#8243; _module_preset=&#8221;default&#8221; global_colors_info=&#8221;{}&#8221;][\/et_pb_image][et_pb_image src=&#8221;https:\/\/blogsaverroes.juntadeandalucia.es\/cristobalcolonweb\/files\/2025\/05\/WhatsApp-Image-2025-05-07-at-18.22.53-4.jpeg&#8221; title_text=&#8221;WhatsApp Image 2025-05-07 at 18.22.53 (4)&#8221; _builder_version=&#8221;4.24.2&#8243; _module_preset=&#8221;default&#8221; global_colors_info=&#8221;{}&#8221;][\/et_pb_image][\/et_pb_column][et_pb_column type=&#8221;1_2&#8243; _builder_version=&#8221;4.24.2&#8243; _module_preset=&#8221;default&#8221; global_colors_info=&#8221;{}&#8221;][et_pb_image src=&#8221;https:\/\/blogsaverroes.juntadeandalucia.es\/cristobalcolonweb\/files\/2025\/05\/WhatsApp-Image-2025-05-07-at-18.22.53-1.jpeg&#8221; title_text=&#8221;WhatsApp Image 2025-05-07 at 18.22.53 (1)&#8221; _builder_version=&#8221;4.24.2&#8243; _module_preset=&#8221;default&#8221; global_colors_info=&#8221;{}&#8221;][\/et_pb_image][et_pb_image src=&#8221;https:\/\/blogsaverroes.juntadeandalucia.es\/cristobalcolonweb\/files\/2025\/05\/WhatsApp-Image-2025-05-07-at-18.22.53-3.jpeg&#8221; title_text=&#8221;WhatsApp Image 2025-05-07 at 18.22.53 (3)&#8221; _builder_version=&#8221;4.24.2&#8243; _module_preset=&#8221;default&#8221; global_colors_info=&#8221;{}&#8221;][\/et_pb_image][\/et_pb_column][\/et_pb_row][et_pb_row column_structure=&#8221;1_2,1_2&#8243; admin_label=&#8221;Segunda semana Jornadas&#8221; _builder_version=&#8221;4.24.2&#8243; _module_preset=&#8221;default&#8221; global_colors_info=&#8221;{}&#8221;][et_pb_column type=&#8221;1_2&#8243; _builder_version=&#8221;4.24.2&#8243; _module_preset=&#8221;default&#8221; global_colors_info=&#8221;{}&#8221;][et_pb_text admin_label=&#8221;Texto&#8221; _builder_version=&#8221;4.24.2&#8243; _module_preset=&#8221;default&#8221; background_color=&#8221;#efefef&#8221; global_colors_info=&#8221;{}&#8221;]<\/p>\n<h4>&nbsp;<\/h4>\n<h4 style=\"text-align: left\"><strong>28 de abril al 2 de mayo: Segunda semana de las Jornadas de la Memoria<br \/><\/strong><\/h4>\n<div class=\"entry-content\">\n<p>Comenzamos la segunda semana de nuestras Jornadas con la visita de &#8220;Nuestros abuelos&#8221;, una actividad donde los abuelos de nuestro alumnado de 3\u00ba ESO han compartido sus experiencias y juventud en nuestra ciudad.<\/p>\n<p>Continuamos, adem\u00e1s,&nbsp; con las exposiciones y retos por las Jornadas de la Memoria. En nuestros pasillos podemos leer informaci\u00f3n sobre:<br \/>&#8211; Fil\u00f3sofas: del olvido a la memoria: un trabajo de Claudia con su alumnado de Bachillerato.<br \/>&#8211; Las mujeres olvidadas en los conflictos b\u00e9licos: una exposici\u00f3n de la coordinadora de igualdad Ana Garc\u00eda.<br \/>&#8211; Dichos y refranes en ingl\u00e9s.<br \/>&#8211; Exposici\u00f3n &#8220;Aquellos maravillosos profes&#8221;: un reto para adivinar qu\u00e9 profe hay detr\u00e1s de cada recuerdo infantil. Elaborado por Carmen Cord\u00f3n.<\/p>\n<p><img loading=\"lazy\" decoding=\"async\" class=\"wp-image-1957 aligncenter size-full\" src=\"https:\/\/blogsaverroes.juntadeandalucia.es\/cristobalcolonweb\/files\/2025\/05\/WhatsApp-Image-2025-04-30-at-08.39.32-1.jpeg\" alt=\"\" width=\"1599\" height=\"899\" srcset=\"https:\/\/blogsaverroes.juntadeandalucia.es\/cristobalcolonweb\/files\/2025\/05\/WhatsApp-Image-2025-04-30-at-08.39.32-1.jpeg 1599w, https:\/\/blogsaverroes.juntadeandalucia.es\/cristobalcolonweb\/files\/2025\/05\/WhatsApp-Image-2025-04-30-at-08.39.32-1-1280x720.jpeg 1280w, https:\/\/blogsaverroes.juntadeandalucia.es\/cristobalcolonweb\/files\/2025\/05\/WhatsApp-Image-2025-04-30-at-08.39.32-1-980x551.jpeg 980w, https:\/\/blogsaverroes.juntadeandalucia.es\/cristobalcolonweb\/files\/2025\/05\/WhatsApp-Image-2025-04-30-at-08.39.32-1-480x270.jpeg 480w\" sizes=\"(min-width: 0px) and (max-width: 480px) 480px, (min-width: 481px) and (max-width: 980px) 980px, (min-width: 981px) and (max-width: 1280px) 1280px, (min-width: 1281px) 1599px, 100vw\" \/><\/p>\n<p><img loading=\"lazy\" decoding=\"async\" class=\"wp-image-1964 aligncenter size-full\" src=\"https:\/\/blogsaverroes.juntadeandalucia.es\/cristobalcolonweb\/files\/2025\/05\/WhatsApp-Image-2025-05-01-at-19.53.06.jpeg\" alt=\"\" width=\"2000\" height=\"900\" srcset=\"https:\/\/blogsaverroes.juntadeandalucia.es\/cristobalcolonweb\/files\/2025\/05\/WhatsApp-Image-2025-05-01-at-19.53.06.jpeg 2000w, https:\/\/blogsaverroes.juntadeandalucia.es\/cristobalcolonweb\/files\/2025\/05\/WhatsApp-Image-2025-05-01-at-19.53.06-1280x576.jpeg 1280w, https:\/\/blogsaverroes.juntadeandalucia.es\/cristobalcolonweb\/files\/2025\/05\/WhatsApp-Image-2025-05-01-at-19.53.06-980x441.jpeg 980w, https:\/\/blogsaverroes.juntadeandalucia.es\/cristobalcolonweb\/files\/2025\/05\/WhatsApp-Image-2025-05-01-at-19.53.06-480x216.jpeg 480w\" sizes=\"(min-width: 0px) and (max-width: 480px) 480px, (min-width: 481px) and (max-width: 980px) 980px, (min-width: 981px) and (max-width: 1280px) 1280px, (min-width: 1281px) 2000px, 100vw\" \/><img loading=\"lazy\" decoding=\"async\" class=\"wp-image-1962 aligncenter size-full\" src=\"https:\/\/blogsaverroes.juntadeandalucia.es\/cristobalcolonweb\/files\/2025\/05\/WhatsApp-Image-2025-05-01-at-19.53.07-1.jpeg\" alt=\"\" width=\"2000\" height=\"900\" srcset=\"https:\/\/blogsaverroes.juntadeandalucia.es\/cristobalcolonweb\/files\/2025\/05\/WhatsApp-Image-2025-05-01-at-19.53.07-1.jpeg 2000w, https:\/\/blogsaverroes.juntadeandalucia.es\/cristobalcolonweb\/files\/2025\/05\/WhatsApp-Image-2025-05-01-at-19.53.07-1-1280x576.jpeg 1280w, https:\/\/blogsaverroes.juntadeandalucia.es\/cristobalcolonweb\/files\/2025\/05\/WhatsApp-Image-2025-05-01-at-19.53.07-1-980x441.jpeg 980w, https:\/\/blogsaverroes.juntadeandalucia.es\/cristobalcolonweb\/files\/2025\/05\/WhatsApp-Image-2025-05-01-at-19.53.07-1-480x216.jpeg 480w\" sizes=\"(min-width: 0px) and (max-width: 480px) 480px, (min-width: 481px) and (max-width: 980px) 980px, (min-width: 981px) and (max-width: 1280px) 1280px, (min-width: 1281px) 2000px, 100vw\" \/><\/p>\n<p>&nbsp;<\/p>\n<\/div>\n<div>&nbsp;<\/div>\n<div>&nbsp;<\/div>\n<p>[\/et_pb_text][et_pb_image src=&#8221;https:\/\/blogsaverroes.juntadeandalucia.es\/cristobalcolonweb\/files\/2025\/05\/WhatsApp-Image-2025-05-02-at-14.19.42.jpeg&#8221; title_text=&#8221;WhatsApp Image 2025-05-02 at 14.19.42&#8243; _builder_version=&#8221;4.24.2&#8243; _module_preset=&#8221;default&#8221; global_colors_info=&#8221;{}&#8221;][\/et_pb_image][et_pb_image src=&#8221;https:\/\/blogsaverroes.juntadeandalucia.es\/cristobalcolonweb\/files\/2025\/05\/WhatsApp-Image-2025-05-02-at-14.19.43-1.jpeg&#8221; title_text=&#8221;WhatsApp Image 2025-05-02 at 14.19.43 (1)&#8221; _builder_version=&#8221;4.24.2&#8243; _module_preset=&#8221;default&#8221; global_colors_info=&#8221;{}&#8221;][\/et_pb_image][et_pb_image src=&#8221;https:\/\/blogsaverroes.juntadeandalucia.es\/cristobalcolonweb\/files\/2025\/05\/WhatsApp-Image-2025-05-02-at-14.19.43-2.jpeg&#8221; title_text=&#8221;WhatsApp Image 2025-05-02 at 14.19.43 (2)&#8221; _builder_version=&#8221;4.24.2&#8243; _module_preset=&#8221;default&#8221; global_colors_info=&#8221;{}&#8221;][\/et_pb_image][\/et_pb_column][et_pb_column type=&#8221;1_2&#8243; _builder_version=&#8221;4.24.2&#8243; _module_preset=&#8221;default&#8221; global_colors_info=&#8221;{}&#8221;][et_pb_image src=&#8221;https:\/\/blogsaverroes.juntadeandalucia.es\/cristobalcolonweb\/files\/2025\/05\/WhatsApp-Image-2025-05-01-at-19.53.07-2.jpeg&#8221; title_text=&#8221;WhatsApp Image 2025-05-01 at 19.53.07 (2)&#8221; _builder_version=&#8221;4.24.2&#8243; _module_preset=&#8221;default&#8221; global_colors_info=&#8221;{}&#8221;][\/et_pb_image][et_pb_image src=&#8221;https:\/\/blogsaverroes.juntadeandalucia.es\/cristobalcolonweb\/files\/2025\/05\/WhatsApp-Image-2025-05-01-at-19.53.07-3.jpeg&#8221; title_text=&#8221;WhatsApp Image 2025-05-01 at 19.53.07 (3)&#8221; _builder_version=&#8221;4.24.2&#8243; _module_preset=&#8221;default&#8221; global_colors_info=&#8221;{}&#8221;][\/et_pb_image][et_pb_image src=&#8221;https:\/\/blogsaverroes.juntadeandalucia.es\/cristobalcolonweb\/files\/2025\/05\/WhatsApp-Image-2025-05-01-at-19.53.07-4.jpeg&#8221; title_text=&#8221;WhatsApp Image 2025-05-01 at 19.53.07 (4)&#8221; _builder_version=&#8221;4.24.2&#8243; _module_preset=&#8221;default&#8221; global_colors_info=&#8221;{}&#8221;][\/et_pb_image][et_pb_image src=&#8221;https:\/\/blogsaverroes.juntadeandalucia.es\/cristobalcolonweb\/files\/2025\/05\/WhatsApp-Image-2025-05-01-at-19.53.07-5.jpeg&#8221; title_text=&#8221;WhatsApp Image 2025-05-01 at 19.53.07 (5)&#8221; _builder_version=&#8221;4.24.2&#8243; _module_preset=&#8221;default&#8221; global_colors_info=&#8221;{}&#8221;][\/et_pb_image][et_pb_image src=&#8221;https:\/\/blogsaverroes.juntadeandalucia.es\/cristobalcolonweb\/files\/2025\/05\/WhatsApp-Image-2025-05-02-at-13.46.49-1.jpeg&#8221; title_text=&#8221;WhatsApp Image 2025-05-02 at 13.46.49 (1)&#8221; _builder_version=&#8221;4.24.2&#8243; _module_preset=&#8221;default&#8221; global_colors_info=&#8221;{}&#8221;][\/et_pb_image][\/et_pb_column][\/et_pb_row][et_pb_row column_structure=&#8221;1_2,1_2&#8243; admin_label=&#8221;Primera semana Jornadas&#8221; _builder_version=&#8221;4.24.2&#8243; _module_preset=&#8221;default&#8221; global_colors_info=&#8221;{}&#8221;][et_pb_column type=&#8221;1_2&#8243; _builder_version=&#8221;4.24.2&#8243; _module_preset=&#8221;default&#8221; global_colors_info=&#8221;{}&#8221;][et_pb_text admin_label=&#8221;Texto&#8221; _builder_version=&#8221;4.24.2&#8243; _module_preset=&#8221;default&#8221; background_color=&#8221;#efefef&#8221; global_colors_info=&#8221;{}&#8221;]<\/p>\n<h4>&nbsp;<\/h4>\n<h4 style=\"text-align: left\"><strong>23 de abril: Inauguraci\u00f3n de las Jornadas de la Memoria<br \/><\/strong><\/h4>\n<div class=\"entry-content\">\n<p>Como cada a\u00f1o, comienzan nuestras Jornadas de la Memoria con car\u00e1cter social, y han sido nuestros \u201cpaperboys\u201d particulares los que se han encargado de hacerlo saber a todos los estudiantes, repartiendo folletos informativos con las actividades que se realizar\u00e1n estas dos semanas.&nbsp; Durante esta primera semana se han ido realizando diferentes actividades:<\/p>\n<ul>\n<li>Memoria en la Ciencia: El alumnado de 4\u00ba ESO de Cultura Cient\u00edfica y 2\u00ba BACH de CTMA realiz\u00f3 una feria con stands para nuestro alumnado de 1\u00ba ESO para tratar temas como: La piel tiene memoria, Tu cerebro te enga\u00f1a, Memoria olfativa, Alimentos y memoria, Memoria ambiental y Memoria en las rocas.<\/li>\n<li>Exposiciones: nuestras profesoras Lidia, Elvira y Mar\u00eda han elaborado con su alumnado tres exposiciones que decoran nuestros pasillos: El Rinc\u00f3n de &#8220;El Roto&#8221;, Memoria en relieve de El Guernica&#8221; y &#8220;Looking Back: a Memory album&#8221;.<\/li>\n<li>Teatro: Estreno de la obra &#8220;Bodas de sangre&#8221; por nuestra agrupaci\u00f3n de teatro &#8220;La Barraca del Alba&#8221;, dirigida por las profesoras Carmen, Mar\u00eda Jos\u00e9 y Ver\u00f3nica. Culmin\u00f3 con su representaci\u00f3n en el Auditorio Manolo Sanl\u00facar de nuestra ciudad.<\/li>\n<\/ul>\n<p>Os dejamos algunas im\u00e1genes de este gran trabajo por la memoria.<\/p>\n<p><img loading=\"lazy\" decoding=\"async\" class=\"wp-image-1946 aligncenter size-full\" src=\"https:\/\/blogsaverroes.juntadeandalucia.es\/cristobalcolonweb\/files\/2025\/04\/WhatsApp-Image-2025-04-29-at-07.35.56-4.jpeg\" alt=\"\" width=\"1080\" height=\"1440\" srcset=\"https:\/\/blogsaverroes.juntadeandalucia.es\/cristobalcolonweb\/files\/2025\/04\/WhatsApp-Image-2025-04-29-at-07.35.56-4.jpeg 1080w, https:\/\/blogsaverroes.juntadeandalucia.es\/cristobalcolonweb\/files\/2025\/04\/WhatsApp-Image-2025-04-29-at-07.35.56-4-980x1307.jpeg 980w, https:\/\/blogsaverroes.juntadeandalucia.es\/cristobalcolonweb\/files\/2025\/04\/WhatsApp-Image-2025-04-29-at-07.35.56-4-480x640.jpeg 480w\" sizes=\"(min-width: 0px) and (max-width: 480px) 480px, (min-width: 481px) and (max-width: 980px) 980px, (min-width: 981px) 1080px, 100vw\" \/><\/p>\n<\/div>\n<div><img loading=\"lazy\" decoding=\"async\" class=\"wp-image-1950 aligncenter size-full\" src=\"https:\/\/blogsaverroes.juntadeandalucia.es\/cristobalcolonweb\/files\/2025\/04\/WhatsApp-Image-2025-04-29-at-07.35.56.jpeg\" alt=\"\" width=\"1080\" height=\"1528\" srcset=\"https:\/\/blogsaverroes.juntadeandalucia.es\/cristobalcolonweb\/files\/2025\/04\/WhatsApp-Image-2025-04-29-at-07.35.56.jpeg 1080w, https:\/\/blogsaverroes.juntadeandalucia.es\/cristobalcolonweb\/files\/2025\/04\/WhatsApp-Image-2025-04-29-at-07.35.56-980x1387.jpeg 980w, https:\/\/blogsaverroes.juntadeandalucia.es\/cristobalcolonweb\/files\/2025\/04\/WhatsApp-Image-2025-04-29-at-07.35.56-480x679.jpeg 480w\" sizes=\"(min-width: 0px) and (max-width: 480px) 480px, (min-width: 481px) and (max-width: 980px) 980px, (min-width: 981px) 1080px, 100vw\" \/><img loading=\"lazy\" decoding=\"async\" class=\"wp-image-1949 aligncenter size-full\" src=\"https:\/\/blogsaverroes.juntadeandalucia.es\/cristobalcolonweb\/files\/2025\/04\/WhatsApp-Image-2025-04-29-at-07.35.56-1.jpeg\" alt=\"\" width=\"1080\" height=\"763\" srcset=\"https:\/\/blogsaverroes.juntadeandalucia.es\/cristobalcolonweb\/files\/2025\/04\/WhatsApp-Image-2025-04-29-at-07.35.56-1.jpeg 1080w, https:\/\/blogsaverroes.juntadeandalucia.es\/cristobalcolonweb\/files\/2025\/04\/WhatsApp-Image-2025-04-29-at-07.35.56-1-980x692.jpeg 980w, https:\/\/blogsaverroes.juntadeandalucia.es\/cristobalcolonweb\/files\/2025\/04\/WhatsApp-Image-2025-04-29-at-07.35.56-1-480x339.jpeg 480w\" sizes=\"(min-width: 0px) and (max-width: 480px) 480px, (min-width: 481px) and (max-width: 980px) 980px, (min-width: 981px) 1080px, 100vw\" \/><\/div>\n<div>&nbsp;<\/div>\n<p>[\/et_pb_text][\/et_pb_column][et_pb_column type=&#8221;1_2&#8243; _builder_version=&#8221;4.24.2&#8243; _module_preset=&#8221;default&#8221; global_colors_info=&#8221;{}&#8221;][et_pb_image src=&#8221;https:\/\/blogsaverroes.juntadeandalucia.es\/cristobalcolonweb\/files\/2025\/04\/WhatsApp-Image-2025-04-29-at-07.37.10.jpeg&#8221; title_text=&#8221;WhatsApp Image 2025-04-29 at 07.37.10&#8243; _builder_version=&#8221;4.24.2&#8243; _module_preset=&#8221;default&#8221; global_colors_info=&#8221;{}&#8221;][\/et_pb_image][et_pb_image src=&#8221;https:\/\/blogsaverroes.juntadeandalucia.es\/cristobalcolonweb\/files\/2025\/04\/WhatsApp-Image-2025-04-29-at-07.37.11-2.jpeg&#8221; title_text=&#8221;WhatsApp Image 2025-04-29 at 07.37.11 (2)&#8221; _builder_version=&#8221;4.24.2&#8243; _module_preset=&#8221;default&#8221; global_colors_info=&#8221;{}&#8221;][\/et_pb_image][et_pb_image src=&#8221;https:\/\/blogsaverroes.juntadeandalucia.es\/cristobalcolonweb\/files\/2025\/04\/WhatsApp-Image-2025-04-29-at-07.37.12.jpeg&#8221; title_text=&#8221;WhatsApp Image 2025-04-29 at 07.37.12&#8243; _builder_version=&#8221;4.24.2&#8243; _module_preset=&#8221;default&#8221; global_colors_info=&#8221;{}&#8221;][\/et_pb_image][et_pb_image src=&#8221;https:\/\/blogsaverroes.juntadeandalucia.es\/cristobalcolonweb\/files\/2025\/04\/WhatsApp-Image-2025-04-29-at-07.37.11-1.jpeg&#8221; title_text=&#8221;WhatsApp Image 2025-04-29 at 07.37.11 (1)&#8221; _builder_version=&#8221;4.24.2&#8243; _module_preset=&#8221;default&#8221; global_colors_info=&#8221;{}&#8221;][\/et_pb_image][et_pb_image src=&#8221;https:\/\/blogsaverroes.juntadeandalucia.es\/cristobalcolonweb\/files\/2025\/04\/WhatsApp-Image-2025-04-29-at-07.37.12-5.jpeg&#8221; title_text=&#8221;WhatsApp Image 2025-04-29 at 07.37.12 (5)&#8221; _builder_version=&#8221;4.24.2&#8243; _module_preset=&#8221;default&#8221; global_colors_info=&#8221;{}&#8221;][\/et_pb_image][et_pb_image src=&#8221;https:\/\/blogsaverroes.juntadeandalucia.es\/cristobalcolonweb\/files\/2025\/04\/WhatsApp-Image-2025-04-24-at-23.34.07.jpeg&#8221; title_text=&#8221;WhatsApp Image 2025-04-24 at 23.34.07&#8243; _builder_version=&#8221;4.24.2&#8243; _module_preset=&#8221;default&#8221; global_colors_info=&#8221;{}&#8221;][\/et_pb_image][\/et_pb_column][\/et_pb_row][\/et_pb_section][et_pb_section fb_built=&#8221;1&#8243; admin_label=&#8221;MARZO 2025&#8243; _builder_version=&#8221;4.24.2&#8243; custom_padding=&#8221;100px|0px|100px|0px&#8221; collapsed=&#8221;off&#8221; global_colors_info=&#8221;{}&#8221;][et_pb_row column_structure=&#8221;1_2,1_2&#8243; use_custom_gutter=&#8221;on&#8221; gutter_width=&#8221;0&#8243; admin_label=&#8221;DESCRIPCION_MARZ&#8221; _builder_version=&#8221;4.16&#8243; custom_margin=&#8221;|||&#8221; custom_padding=&#8221;|||&#8221; collapsed=&#8221;off&#8221; global_colors_info=&#8221;{}&#8221;][et_pb_column type=&#8221;1_2&#8243; _builder_version=&#8221;4.16&#8243; custom_padding=&#8221;|||&#8221; global_colors_info=&#8221;{}&#8221; custom_padding__hover=&#8221;|||&#8221;][et_pb_text admin_label=&#8221;MARZO&#8221; _builder_version=&#8221;4.24.2&#8243; text_font=&#8221;||||||||&#8221; header_font=&#8221;||||||||&#8221; header_2_font=&#8221;Merriweather|700|||||||&#8221; header_2_font_size=&#8221;40px&#8221; header_2_line_height=&#8221;1.3em&#8221; custom_margin=&#8221;|||&#8221; custom_padding=&#8221;|||&#8221; global_colors_info=&#8221;{}&#8221;]<\/p>\n<h2>MARZO 2025:<\/h2>\n<p>[\/et_pb_text][et_pb_divider color=&#8221;#4646c4&#8243; divider_position=&#8221;center&#8221; divider_weight=&#8221;3px&#8221; _builder_version=&#8221;4.16&#8243; max_width=&#8221;90px&#8221; max_width_tablet=&#8221;13%&#8221; max_width_last_edited=&#8221;off|desktop&#8221; custom_margin=&#8221;15px|||&#8221; custom_padding=&#8221;|||&#8221; global_colors_info=&#8221;{}&#8221;][\/et_pb_divider][et_pb_text admin_label=&#8221;description&#8221; _builder_version=&#8221;4.24.2&#8243; text_font=&#8221;||||||||&#8221; text_font_size=&#8221;20px&#8221; text_line_height=&#8221;1.8em&#8221; max_width_tablet=&#8221;89%&#8221; max_width_phone=&#8221;97%&#8221; max_width_last_edited=&#8221;off|desktop&#8221; custom_margin=&#8221;30px|||&#8221; custom_padding=&#8221;|||&#8221; global_colors_info=&#8221;{}&#8221;]<\/p>\n<p>25 de marzo: Visita al Hospital de Jerez por el alumnado de CAE<\/p>\n<p>21 de marzo: Visita al IES San Telmo por nuestro Equipo de Mediadores<\/p>\n<p>14 de marzo: Olimpiadas de Matem\u00e1ticas<\/p>\n<p>8 de marzo: D\u00eda de la Mujer<\/p>\n<p>3 al 4 de marzo: Viaje a Granada<\/p>\n<p>[\/et_pb_text][\/et_pb_column][et_pb_column type=&#8221;1_2&#8243; _builder_version=&#8221;4.16&#8243; custom_padding=&#8221;|||&#8221; global_colors_info=&#8221;{}&#8221; custom_padding__hover=&#8221;|||&#8221;][et_pb_image src=&#8221;https:\/\/blogsaverroes.juntadeandalucia.es\/cristobalcolonweb\/files\/2025\/03\/WhatsApp-Image-2025-03-07-at-10.41.33.jpeg&#8221; title_text=&#8221;WhatsApp Image 2025-03-07 at 10.41.33&#8243; url=&#8221;https:\/\/drive.google.com\/file\/d\/1UNaWxW3RAfpWo1BamRSAj67Re2sXZKUH\/view?ts=6557c22a&#8221; _builder_version=&#8221;4.24.2&#8243; _module_preset=&#8221;default&#8221; width=&#8221;50%&#8221; max_width=&#8221;50%&#8221; border_radii=&#8221;on|1px|1px|1px|1px&#8221; global_colors_info=&#8221;{}&#8221;][\/et_pb_image][\/et_pb_column][\/et_pb_row][et_pb_row column_structure=&#8221;1_2,1_2&#8243; admin_label=&#8221;Hospital Jerez&#8221; _builder_version=&#8221;4.24.2&#8243; _module_preset=&#8221;default&#8221; global_colors_info=&#8221;{}&#8221;][et_pb_column type=&#8221;1_2&#8243; _builder_version=&#8221;4.24.2&#8243; _module_preset=&#8221;default&#8221; global_colors_info=&#8221;{}&#8221;][et_pb_text admin_label=&#8221;Texto&#8221; _builder_version=&#8221;4.24.2&#8243; _module_preset=&#8221;default&#8221; background_color=&#8221;#efefef&#8221; global_colors_info=&#8221;{}&#8221;]<\/p>\n<h4>&nbsp;<\/h4>\n<h4 style=\"text-align: left\"><strong>25 de marzo: Visita al Hospital de Jerez<br \/><\/strong><\/h4>\n<div class=\"entry-content\">El 25 de Marzo, el alumnado del CAE ha visitado el servicio de esterilizaci\u00f3n del hospital de Jerez. En dicha visita nos han ense\u00f1ado las distintas zonas de la unidad, el uso del autoclave y sus controles y el empaquetamiento de los diferentes materiales a esterilizar.<\/div>\n<div>&nbsp;<\/div>\n<div><img loading=\"lazy\" decoding=\"async\" class=\"wp-image-1922 aligncenter size-full\" src=\"https:\/\/blogsaverroes.juntadeandalucia.es\/cristobalcolonweb\/files\/2025\/03\/WhatsApp-Image-2025-03-25-at-11.50.36.jpeg\" alt=\"\" width=\"1600\" height=\"1200\" srcset=\"https:\/\/blogsaverroes.juntadeandalucia.es\/cristobalcolonweb\/files\/2025\/03\/WhatsApp-Image-2025-03-25-at-11.50.36.jpeg 1600w, https:\/\/blogsaverroes.juntadeandalucia.es\/cristobalcolonweb\/files\/2025\/03\/WhatsApp-Image-2025-03-25-at-11.50.36-1280x960.jpeg 1280w, https:\/\/blogsaverroes.juntadeandalucia.es\/cristobalcolonweb\/files\/2025\/03\/WhatsApp-Image-2025-03-25-at-11.50.36-980x735.jpeg 980w, https:\/\/blogsaverroes.juntadeandalucia.es\/cristobalcolonweb\/files\/2025\/03\/WhatsApp-Image-2025-03-25-at-11.50.36-480x360.jpeg 480w\" sizes=\"(min-width: 0px) and (max-width: 480px) 480px, (min-width: 481px) and (max-width: 980px) 980px, (min-width: 981px) and (max-width: 1280px) 1280px, (min-width: 1281px) 1600px, 100vw\" \/><\/div>\n<p>[\/et_pb_text][et_pb_image src=&#8221;https:\/\/blogsaverroes.juntadeandalucia.es\/cristobalcolonweb\/files\/2025\/03\/WhatsApp-Image-2025-03-25-at-14.04.10.jpeg&#8221; title_text=&#8221;WhatsApp Image 2025-03-25 at 14.04.10&#8243; _builder_version=&#8221;4.24.2&#8243; _module_preset=&#8221;default&#8221; global_colors_info=&#8221;{}&#8221;][\/et_pb_image][\/et_pb_column][et_pb_column type=&#8221;1_2&#8243; _builder_version=&#8221;4.24.2&#8243; _module_preset=&#8221;default&#8221; global_colors_info=&#8221;{}&#8221;][et_pb_image src=&#8221;https:\/\/blogsaverroes.juntadeandalucia.es\/cristobalcolonweb\/files\/2025\/03\/WhatsApp-Image-2025-03-25-at-11.50.37.jpeg&#8221; title_text=&#8221;WhatsApp Image 2025-03-25 at 11.50.37&#8243; _builder_version=&#8221;4.24.2&#8243; _module_preset=&#8221;default&#8221; global_colors_info=&#8221;{}&#8221;][\/et_pb_image][\/et_pb_column][\/et_pb_row][et_pb_row column_structure=&#8221;1_2,1_2&#8243; admin_label=&#8221;Mediaci\u00f3n&#8221; _builder_version=&#8221;4.24.2&#8243; _module_preset=&#8221;default&#8221; global_colors_info=&#8221;{}&#8221;][et_pb_column type=&#8221;1_2&#8243; _builder_version=&#8221;4.24.2&#8243; _module_preset=&#8221;default&#8221; global_colors_info=&#8221;{}&#8221;][et_pb_image src=&#8221;https:\/\/blogsaverroes.juntadeandalucia.es\/cristobalcolonweb\/files\/2025\/03\/WhatsApp-Image-2025-03-21-at-18.36.35.jpeg&#8221; title_text=&#8221;WhatsApp Image 2025-03-21 at 18.36.35&#8243; _builder_version=&#8221;4.24.2&#8243; _module_preset=&#8221;default&#8221; global_colors_info=&#8221;{}&#8221;][\/et_pb_image][et_pb_image src=&#8221;https:\/\/blogsaverroes.juntadeandalucia.es\/cristobalcolonweb\/files\/2025\/03\/WhatsApp-Image-2025-03-21-at-18.36.34-1.jpeg&#8221; title_text=&#8221;WhatsApp Image 2025-03-21 at 18.36.34 (1)&#8221; _builder_version=&#8221;4.24.2&#8243; _module_preset=&#8221;default&#8221; global_colors_info=&#8221;{}&#8221;][\/et_pb_image][\/et_pb_column][et_pb_column type=&#8221;1_2&#8243; _builder_version=&#8221;4.24.2&#8243; _module_preset=&#8221;default&#8221; global_colors_info=&#8221;{}&#8221;][et_pb_text admin_label=&#8221;Texto&#8221; _builder_version=&#8221;4.24.2&#8243; _module_preset=&#8221;default&#8221; background_color=&#8221;#efefef&#8221; global_colors_info=&#8221;{}&#8221;]<\/p>\n<h4>&nbsp;<\/h4>\n<h4 style=\"text-align: left\"><strong>21 de marzo: Visita al IES San Telmo por el Equipo de Mediadores.<br \/><\/strong><\/h4>\n<div class=\"entry-content\">El viernes 21 de marzo, el equipo de mediaci\u00f3n del Col\u00f3n ha visitado el IES San Telmo de Jerez de la Frontera. Ha sido una jornada de intercambio de experiencias muy interesante y enriquecedora. Hemos podido observar sus espacios y conocer a las personas que implicadas en mejorar la convivencia y su formas de trabajo. Adem\u00e1s, el alumnado ha participando en din\u00e1micas que nos ten\u00edan preparadas y que han resultado muy divertidas e inspiradoras. Agradecemos al IES San Telmo su invitaci\u00f3n, la excelente acogida\u2026 \u00a1y el rico desayuno! <br \/>Seguiremos buscando estrategias para mejorar la convivencia en el instituto.<\/div>\n<div><img loading=\"lazy\" decoding=\"async\" class=\"wp-image-1913 aligncenter size-full\" src=\"https:\/\/blogsaverroes.juntadeandalucia.es\/cristobalcolonweb\/files\/2025\/03\/WhatsApp-Image-2025-03-21-at-18.36.34-3.jpeg\" alt=\"\" width=\"2048\" height=\"1536\" srcset=\"https:\/\/blogsaverroes.juntadeandalucia.es\/cristobalcolonweb\/files\/2025\/03\/WhatsApp-Image-2025-03-21-at-18.36.34-3.jpeg 2048w, https:\/\/blogsaverroes.juntadeandalucia.es\/cristobalcolonweb\/files\/2025\/03\/WhatsApp-Image-2025-03-21-at-18.36.34-3-1280x960.jpeg 1280w, https:\/\/blogsaverroes.juntadeandalucia.es\/cristobalcolonweb\/files\/2025\/03\/WhatsApp-Image-2025-03-21-at-18.36.34-3-980x735.jpeg 980w, https:\/\/blogsaverroes.juntadeandalucia.es\/cristobalcolonweb\/files\/2025\/03\/WhatsApp-Image-2025-03-21-at-18.36.34-3-480x360.jpeg 480w\" sizes=\"(min-width: 0px) and (max-width: 480px) 480px, (min-width: 481px) and (max-width: 980px) 980px, (min-width: 981px) and (max-width: 1280px) 1280px, (min-width: 1281px) 2048px, 100vw\" \/><\/div>\n<p>[\/et_pb_text][et_pb_image src=&#8221;https:\/\/blogsaverroes.juntadeandalucia.es\/cristobalcolonweb\/files\/2025\/03\/WhatsApp-Image-2025-03-21-at-18.36.34-2.jpeg&#8221; title_text=&#8221;WhatsApp Image 2025-03-21 at 18.36.34 (2)&#8221; _builder_version=&#8221;4.24.2&#8243; _module_preset=&#8221;default&#8221; global_colors_info=&#8221;{}&#8221;][\/et_pb_image][\/et_pb_column][\/et_pb_row][et_pb_row column_structure=&#8221;1_2,1_2&#8243; admin_label=&#8221;Olimpiadas Mates&#8221; _builder_version=&#8221;4.24.2&#8243; _module_preset=&#8221;default&#8221; global_colors_info=&#8221;{}&#8221;][et_pb_column type=&#8221;1_2&#8243; _builder_version=&#8221;4.24.2&#8243; _module_preset=&#8221;default&#8221; global_colors_info=&#8221;{}&#8221;][et_pb_text admin_label=&#8221;Texto&#8221; _builder_version=&#8221;4.24.2&#8243; _module_preset=&#8221;default&#8221; background_color=&#8221;#efefef&#8221; global_colors_info=&#8221;{}&#8221;]<\/p>\n<h4>&nbsp;<\/h4>\n<h4 style=\"text-align: left\"><strong>14 de marzo: Olimpiadas de Matem\u00e1ticas<br \/><\/strong><\/h4>\n<p>\u00a1Hoy comienza la Olimpiada Matem\u00e1tica juvenil!\ud83d\udd22\u267e\ufe0f<\/p>\n<p>Habr\u00e1 dos equipos ganadores y los seis miembros de ambos equipos participar\u00e1n de<br \/>forma individual en la III Olimpiada Matem\u00e1tica Juvenil Regional que est\u00e1 prevista para el<br \/>24 de mayo de 2025.<\/p>\n<p>De ah\u00ed saldr\u00e1n los\/as finalistas andaluces que representar\u00e1n a nuestra comunidad en<br \/>la fase nacional que se celebrar\u00e1 en Albacete del 25 al 28 de junio.<\/p>\n<p>\u00a1Les deseamos mucha suerte a nuestros participantes! \ud83c\udf40 <\/p>\n<p>Organizaci\u00f3n: SAEM Thales<\/p>\n<p><img loading=\"lazy\" decoding=\"async\" class=\"wp-image-1900 aligncenter size-full\" src=\"https:\/\/blogsaverroes.juntadeandalucia.es\/cristobalcolonweb\/files\/2025\/03\/WhatsApp-Image-2025-03-14-at-14.45.18-1.jpeg\" alt=\"\" width=\"1500\" height=\"2000\" srcset=\"https:\/\/blogsaverroes.juntadeandalucia.es\/cristobalcolonweb\/files\/2025\/03\/WhatsApp-Image-2025-03-14-at-14.45.18-1.jpeg 1500w, https:\/\/blogsaverroes.juntadeandalucia.es\/cristobalcolonweb\/files\/2025\/03\/WhatsApp-Image-2025-03-14-at-14.45.18-1-1280x1707.jpeg 1280w, https:\/\/blogsaverroes.juntadeandalucia.es\/cristobalcolonweb\/files\/2025\/03\/WhatsApp-Image-2025-03-14-at-14.45.18-1-980x1307.jpeg 980w, https:\/\/blogsaverroes.juntadeandalucia.es\/cristobalcolonweb\/files\/2025\/03\/WhatsApp-Image-2025-03-14-at-14.45.18-1-480x640.jpeg 480w\" sizes=\"(min-width: 0px) and (max-width: 480px) 480px, (min-width: 481px) and (max-width: 980px) 980px, (min-width: 981px) and (max-width: 1280px) 1280px, (min-width: 1281px) 1500px, 100vw\" \/><\/p>\n<p>&nbsp;<\/p>\n<p>&nbsp;<\/p>\n<p>&nbsp;<\/p>\n<div>&nbsp;<\/div>\n<div>&nbsp;<\/div>\n<p>&nbsp;<\/p>\n<p>&nbsp;<\/p>\n<p>&nbsp;<\/p>\n<p>&nbsp;<\/p>\n<p>&nbsp;<\/p>\n<div class=\"entry-content\">&nbsp;<\/div>\n<p>[\/et_pb_text][et_pb_image src=&#8221;https:\/\/blogsaverroes.juntadeandalucia.es\/cristobalcolonweb\/files\/2025\/03\/WhatsApp-Image-2025-03-14-at-14.45.18-2.jpeg&#8221; title_text=&#8221;WhatsApp Image 2025-03-14 at 14.45.18 (2)&#8221; _builder_version=&#8221;4.24.2&#8243; _module_preset=&#8221;default&#8221; global_colors_info=&#8221;{}&#8221;][\/et_pb_image][\/et_pb_column][et_pb_column type=&#8221;1_2&#8243; _builder_version=&#8221;4.24.2&#8243; _module_preset=&#8221;default&#8221; global_colors_info=&#8221;{}&#8221;][et_pb_image src=&#8221;https:\/\/blogsaverroes.juntadeandalucia.es\/cristobalcolonweb\/files\/2025\/03\/WhatsApp-Image-2025-03-14-at-14.45.18.jpeg&#8221; title_text=&#8221;WhatsApp Image 2025-03-14 at 14.45.18&#8243; _builder_version=&#8221;4.24.2&#8243; _module_preset=&#8221;default&#8221; global_colors_info=&#8221;{}&#8221;][\/et_pb_image][et_pb_image src=&#8221;https:\/\/blogsaverroes.juntadeandalucia.es\/cristobalcolonweb\/files\/2025\/03\/WhatsApp-Image-2025-03-14-at-14.45.18-3.jpeg&#8221; title_text=&#8221;WhatsApp Image 2025-03-14 at 14.45.18 (3)&#8221; _builder_version=&#8221;4.24.2&#8243; _module_preset=&#8221;default&#8221; global_colors_info=&#8221;{}&#8221;][\/et_pb_image][\/et_pb_column][\/et_pb_row][et_pb_row column_structure=&#8221;1_2,1_2&#8243; admin_label=&#8221;8 marzo&#8221; _builder_version=&#8221;4.24.2&#8243; _module_preset=&#8221;default&#8221; global_colors_info=&#8221;{}&#8221;][et_pb_column type=&#8221;1_2&#8243; _builder_version=&#8221;4.24.2&#8243; _module_preset=&#8221;default&#8221; global_colors_info=&#8221;{}&#8221;][et_pb_image src=&#8221;https:\/\/blogsaverroes.juntadeandalucia.es\/cristobalcolonweb\/files\/2025\/03\/WhatsApp-Image-2025-03-07-at-10.43.55.jpeg&#8221; title_text=&#8221;WhatsApp Image 2025-03-07 at 10.43.55&#8243; _builder_version=&#8221;4.24.2&#8243; _module_preset=&#8221;default&#8221; global_colors_info=&#8221;{}&#8221;][\/et_pb_image][et_pb_image src=&#8221;https:\/\/blogsaverroes.juntadeandalucia.es\/cristobalcolonweb\/files\/2025\/03\/WhatsApp-Image-2025-03-07-at-18.33.39-1.jpeg&#8221; title_text=&#8221;WhatsApp Image 2025-03-07 at 18.33.39 (1)&#8221; _builder_version=&#8221;4.24.2&#8243; _module_preset=&#8221;default&#8221; global_colors_info=&#8221;{}&#8221;][\/et_pb_image][\/et_pb_column][et_pb_column type=&#8221;1_2&#8243; _builder_version=&#8221;4.24.2&#8243; _module_preset=&#8221;default&#8221; global_colors_info=&#8221;{}&#8221;][et_pb_text admin_label=&#8221;Texto&#8221; _builder_version=&#8221;4.24.2&#8243; _module_preset=&#8221;default&#8221; background_color=&#8221;#efefef&#8221; global_colors_info=&#8221;{}&#8221;]<\/p>\n<h4>&nbsp;<\/h4>\n<h4 style=\"text-align: left\"><strong>8 de marzo: D\u00eda de la Mujer<br \/><\/strong><\/h4>\n<p>Como cada a\u00f1o, celebramos en el centro el D\u00eda de la Mujer. Este curso se han realizado actividades relacionadas con los antecedentes hist\u00f3ricos de este d\u00eda.<\/p>\n<p><img loading=\"lazy\" decoding=\"async\" class=\"wp-image-1870 aligncenter size-full\" src=\"https:\/\/blogsaverroes.juntadeandalucia.es\/cristobalcolonweb\/files\/2025\/03\/WhatsApp-Image-2025-03-07-at-10.41.33.jpeg\" alt=\"\" width=\"2048\" height=\"1152\" srcset=\"https:\/\/blogsaverroes.juntadeandalucia.es\/cristobalcolonweb\/files\/2025\/03\/WhatsApp-Image-2025-03-07-at-10.41.33.jpeg 2048w, https:\/\/blogsaverroes.juntadeandalucia.es\/cristobalcolonweb\/files\/2025\/03\/WhatsApp-Image-2025-03-07-at-10.41.33-1280x720.jpeg 1280w, https:\/\/blogsaverroes.juntadeandalucia.es\/cristobalcolonweb\/files\/2025\/03\/WhatsApp-Image-2025-03-07-at-10.41.33-980x551.jpeg 980w, https:\/\/blogsaverroes.juntadeandalucia.es\/cristobalcolonweb\/files\/2025\/03\/WhatsApp-Image-2025-03-07-at-10.41.33-480x270.jpeg 480w\" sizes=\"(min-width: 0px) and (max-width: 480px) 480px, (min-width: 481px) and (max-width: 980px) 980px, (min-width: 981px) and (max-width: 1280px) 1280px, (min-width: 1281px) 2048px, 100vw\" \/><\/p>\n<p><img loading=\"lazy\" decoding=\"async\" class=\"wp-image-1886 aligncenter size-full\" src=\"https:\/\/blogsaverroes.juntadeandalucia.es\/cristobalcolonweb\/files\/2025\/03\/WhatsApp-Image-2025-03-07-at-18.33.39.jpeg\" alt=\"\" width=\"2000\" height=\"900\" srcset=\"https:\/\/blogsaverroes.juntadeandalucia.es\/cristobalcolonweb\/files\/2025\/03\/WhatsApp-Image-2025-03-07-at-18.33.39.jpeg 2000w, https:\/\/blogsaverroes.juntadeandalucia.es\/cristobalcolonweb\/files\/2025\/03\/WhatsApp-Image-2025-03-07-at-18.33.39-1280x576.jpeg 1280w, https:\/\/blogsaverroes.juntadeandalucia.es\/cristobalcolonweb\/files\/2025\/03\/WhatsApp-Image-2025-03-07-at-18.33.39-980x441.jpeg 980w, https:\/\/blogsaverroes.juntadeandalucia.es\/cristobalcolonweb\/files\/2025\/03\/WhatsApp-Image-2025-03-07-at-18.33.39-480x216.jpeg 480w\" sizes=\"(min-width: 0px) and (max-width: 480px) 480px, (min-width: 481px) and (max-width: 980px) 980px, (min-width: 981px) and (max-width: 1280px) 1280px, (min-width: 1281px) 2000px, 100vw\" \/><\/p>\n<p>&nbsp;<\/p>\n<div>&nbsp;<\/div>\n<div>&nbsp;<\/div>\n<p>&nbsp;<\/p>\n<p>&nbsp;<\/p>\n<p>&nbsp;<\/p>\n<p>&nbsp;<\/p>\n<p>&nbsp;<\/p>\n<div class=\"entry-content\">&nbsp;<\/div>\n<p>[\/et_pb_text][et_pb_image src=&#8221;https:\/\/blogsaverroes.juntadeandalucia.es\/cristobalcolonweb\/files\/2025\/03\/WhatsApp-Image-2025-03-07-at-18.33.40-2.jpeg&#8221; title_text=&#8221;WhatsApp Image 2025-03-07 at 18.33.40 (2)&#8221; _builder_version=&#8221;4.24.2&#8243; _module_preset=&#8221;default&#8221; global_colors_info=&#8221;{}&#8221;][\/et_pb_image][et_pb_image src=&#8221;https:\/\/blogsaverroes.juntadeandalucia.es\/cristobalcolonweb\/files\/2025\/03\/WhatsApp-Image-2025-03-07-at-18.33.39-3.jpeg&#8221; title_text=&#8221;WhatsApp Image 2025-03-07 at 18.33.39 (3)&#8221; _builder_version=&#8221;4.24.2&#8243; _module_preset=&#8221;default&#8221; global_colors_info=&#8221;{}&#8221;][\/et_pb_image][\/et_pb_column][\/et_pb_row][et_pb_row column_structure=&#8221;1_2,1_2&#8243; admin_label=&#8221;Viaje Granada&#8221; _builder_version=&#8221;4.24.2&#8243; _module_preset=&#8221;default&#8221; global_colors_info=&#8221;{}&#8221;][et_pb_column type=&#8221;1_2&#8243; _builder_version=&#8221;4.24.2&#8243; _module_preset=&#8221;default&#8221; global_colors_info=&#8221;{}&#8221;][et_pb_text admin_label=&#8221;Texto&#8221; _builder_version=&#8221;4.24.2&#8243; _module_preset=&#8221;default&#8221; background_color=&#8221;#efefef&#8221; global_colors_info=&#8221;{}&#8221;]<\/p>\n<h4>&nbsp;<\/h4>\n<h4 style=\"text-align: left\"><strong>Viaje a Granada<\/strong><\/h4>\n<p>Durante esta semana el alumnado de 1\u00ba Bachillerato ha visitado la ciudad de Granada. Ah\u00ed han podido conocer la Alhambra,&nbsp; declarada en el a\u00f1o 1984 Patrimonio de la Humanidad y el Parque de las Ciencias.<br \/>Los objetivos de la actividad eran:<br \/>* Conocimiento y estudio del uso de las proporciones pitag\u00f3ricas y \u00e1ureas en la est\u00e9tica de la Alhambra.<br \/>* Estudio de simetr\u00eda, uni y bidimensional de su mosaicos.<br \/>* Estudio de la construcci\u00f3n de mosaicos, analizando el motivo m\u00ednimo.<br \/>* Conocer los 17 grupos de transformaciones del plano.<br \/>La Alhambra es, actualmente, el \u00fanico monumento construido antes del descubrimiento de la teor\u00eda de grupos que cuenta con al menos un ejemplo de cada uno de los grupos cristalogr\u00e1ficos planos.<\/p>\n<p>En la visita al Parque de las ciencias se realizaron las siguientes actividades:<br \/>* Visita al Parque en general.<br \/>* Realizar taller de sensores.<br \/>* Visita al biodomo.<br \/>* Visita al Planetario.<br \/>* Juegos topol\u00f3gicos , Eureka y Sala de Percepci\u00f3n.<\/p>\n<p>Subida a la torre donde se puede apreciar la ciudad y Sierra Nevada.<\/p>\n<p><img loading=\"lazy\" decoding=\"async\" class=\"wp-image-1868 aligncenter size-full\" src=\"https:\/\/blogsaverroes.juntadeandalucia.es\/cristobalcolonweb\/files\/2025\/03\/WhatsApp-Image-2025-03-06-at-11.41.05.jpeg\" alt=\"\" width=\"1600\" height=\"1200\" srcset=\"https:\/\/blogsaverroes.juntadeandalucia.es\/cristobalcolonweb\/files\/2025\/03\/WhatsApp-Image-2025-03-06-at-11.41.05.jpeg 1600w, https:\/\/blogsaverroes.juntadeandalucia.es\/cristobalcolonweb\/files\/2025\/03\/WhatsApp-Image-2025-03-06-at-11.41.05-1280x960.jpeg 1280w, https:\/\/blogsaverroes.juntadeandalucia.es\/cristobalcolonweb\/files\/2025\/03\/WhatsApp-Image-2025-03-06-at-11.41.05-980x735.jpeg 980w, https:\/\/blogsaverroes.juntadeandalucia.es\/cristobalcolonweb\/files\/2025\/03\/WhatsApp-Image-2025-03-06-at-11.41.05-480x360.jpeg 480w\" sizes=\"(min-width: 0px) and (max-width: 480px) 480px, (min-width: 481px) and (max-width: 980px) 980px, (min-width: 981px) and (max-width: 1280px) 1280px, (min-width: 1281px) 1600px, 100vw\" \/><\/p>\n<p>&nbsp;<\/p>\n<div>&nbsp;<\/div>\n<div>&nbsp;<\/div>\n<p>&nbsp;<\/p>\n<p>&nbsp;<\/p>\n<p>&nbsp;<\/p>\n<p>&nbsp;<\/p>\n<p>&nbsp;<\/p>\n<div class=\"entry-content\">&nbsp;<\/div>\n<p>[\/et_pb_text][\/et_pb_column][et_pb_column type=&#8221;1_2&#8243; _builder_version=&#8221;4.24.2&#8243; _module_preset=&#8221;default&#8221; global_colors_info=&#8221;{}&#8221;][et_pb_image src=&#8221;https:\/\/blogsaverroes.juntadeandalucia.es\/cristobalcolonweb\/files\/2025\/03\/WhatsApp-Image-2025-03-06-at-11.41.16.jpeg&#8221; title_text=&#8221;WhatsApp Image 2025-03-06 at 11.41.16&#8243; _builder_version=&#8221;4.24.2&#8243; _module_preset=&#8221;default&#8221; global_colors_info=&#8221;{}&#8221;][\/et_pb_image][\/et_pb_column][\/et_pb_row][\/et_pb_section][et_pb_section fb_built=&#8221;1&#8243; admin_label=&#8221;FEBRERO 2025&#8243; _builder_version=&#8221;4.24.2&#8243; custom_padding=&#8221;100px|0px|100px|0px&#8221; collapsed=&#8221;off&#8221; global_colors_info=&#8221;{}&#8221;][et_pb_row column_structure=&#8221;1_2,1_2&#8243; use_custom_gutter=&#8221;on&#8221; gutter_width=&#8221;0&#8243; admin_label=&#8221;DESCRIPCION_FEB&#8221; _builder_version=&#8221;4.16&#8243; custom_margin=&#8221;|||&#8221; custom_padding=&#8221;|||&#8221; collapsed=&#8221;off&#8221; global_colors_info=&#8221;{}&#8221;][et_pb_column type=&#8221;1_2&#8243; _builder_version=&#8221;4.16&#8243; custom_padding=&#8221;|||&#8221; global_colors_info=&#8221;{}&#8221; custom_padding__hover=&#8221;|||&#8221;][et_pb_text admin_label=&#8221;FEBRERO&#8221; _builder_version=&#8221;4.24.2&#8243; text_font=&#8221;||||||||&#8221; header_font=&#8221;||||||||&#8221; header_2_font=&#8221;Merriweather|700|||||||&#8221; header_2_font_size=&#8221;40px&#8221; header_2_line_height=&#8221;1.3em&#8221; custom_margin=&#8221;|||&#8221; custom_padding=&#8221;|||&#8221; global_colors_info=&#8221;{}&#8221;]<\/p>\n<h2>FEBRERO 2025:<\/h2>\n<p>[\/et_pb_text][et_pb_divider color=&#8221;#4646c4&#8243; divider_position=&#8221;center&#8221; divider_weight=&#8221;3px&#8221; _builder_version=&#8221;4.16&#8243; max_width=&#8221;90px&#8221; max_width_tablet=&#8221;13%&#8221; max_width_last_edited=&#8221;off|desktop&#8221; custom_margin=&#8221;15px|||&#8221; custom_padding=&#8221;|||&#8221; global_colors_info=&#8221;{}&#8221;][\/et_pb_divider][et_pb_text admin_label=&#8221;description&#8221; _builder_version=&#8221;4.24.2&#8243; text_font=&#8221;||||||||&#8221; text_font_size=&#8221;20px&#8221; text_line_height=&#8221;1.8em&#8221; max_width_tablet=&#8221;89%&#8221; max_width_phone=&#8221;97%&#8221; max_width_last_edited=&#8221;off|desktop&#8221; custom_margin=&#8221;30px|||&#8221; custom_padding=&#8221;|||&#8221; global_colors_info=&#8221;{}&#8221;]<\/p>\n<p>3 al 7 de febrero: I Semana Sanitaria IES Crist\u00f3bal Col\u00f3n<\/p>\n<p>[\/et_pb_text][\/et_pb_column][et_pb_column type=&#8221;1_2&#8243; _builder_version=&#8221;4.16&#8243; custom_padding=&#8221;|||&#8221; global_colors_info=&#8221;{}&#8221; custom_padding__hover=&#8221;|||&#8221;][et_pb_image src=&#8221;https:\/\/blogsaverroes.juntadeandalucia.es\/cristobalcolonweb\/files\/2025\/02\/WhatsApp-Image-2025-02-04-at-19.54.51.jpeg&#8221; title_text=&#8221;WhatsApp Image 2025-02-04 at 19.54.51&#8243; url=&#8221;https:\/\/drive.google.com\/file\/d\/1UNaWxW3RAfpWo1BamRSAj67Re2sXZKUH\/view?ts=6557c22a&#8221; _builder_version=&#8221;4.24.2&#8243; _module_preset=&#8221;default&#8221; width=&#8221;50%&#8221; max_width=&#8221;50%&#8221; border_radii=&#8221;on|1px|1px|1px|1px&#8221; global_colors_info=&#8221;{}&#8221;][\/et_pb_image][\/et_pb_column][\/et_pb_row][et_pb_row column_structure=&#8221;1_2,1_2&#8243; admin_label=&#8221;Odontolog\u00eda&#8221; _builder_version=&#8221;4.24.2&#8243; _module_preset=&#8221;default&#8221; global_colors_info=&#8221;{}&#8221;][et_pb_column type=&#8221;1_2&#8243; _builder_version=&#8221;4.24.2&#8243; _module_preset=&#8221;default&#8221; global_colors_info=&#8221;{}&#8221;][et_pb_text admin_label=&#8221;Texto&#8221; _builder_version=&#8221;4.24.2&#8243; _module_preset=&#8221;default&#8221; background_color=&#8221;#efefef&#8221; global_colors_info=&#8221;{}&#8221;]<\/p>\n<h4>&nbsp;<\/h4>\n<h4 style=\"text-align: left\">TALLER DE ODONTOLOG\u00cdA PREVENTIVA<\/h4>\n<div class=\"entry-content\">La Semana Sanitaria se clausur\u00f3 el viernes 7 de febrero con un estupendo taller de odontologia preventiva impartido por la odontologa Cristina Otero Chao. Tras exponer las ventajas e inconvenientes de distintos materiales utilizados en el aseo bucal, realiz\u00f3 un taller de revelado de placa donde el alumnado pudo comprobar los lugares de su boca donde tienen que hacer m\u00e1s incidencia a la hora de cepillarse los dientes.<\/div>\n<div><img loading=\"lazy\" decoding=\"async\" class=\"wp-image-1847 aligncenter size-full\" src=\"https:\/\/blogsaverroes.juntadeandalucia.es\/cristobalcolonweb\/files\/2025\/02\/WhatsApp-Image-2025-02-10-at-15.32.24.jpeg\" alt=\"\" width=\"1512\" height=\"2016\" srcset=\"https:\/\/blogsaverroes.juntadeandalucia.es\/cristobalcolonweb\/files\/2025\/02\/WhatsApp-Image-2025-02-10-at-15.32.24.jpeg 1512w, https:\/\/blogsaverroes.juntadeandalucia.es\/cristobalcolonweb\/files\/2025\/02\/WhatsApp-Image-2025-02-10-at-15.32.24-1280x1707.jpeg 1280w, https:\/\/blogsaverroes.juntadeandalucia.es\/cristobalcolonweb\/files\/2025\/02\/WhatsApp-Image-2025-02-10-at-15.32.24-980x1307.jpeg 980w, https:\/\/blogsaverroes.juntadeandalucia.es\/cristobalcolonweb\/files\/2025\/02\/WhatsApp-Image-2025-02-10-at-15.32.24-480x640.jpeg 480w\" sizes=\"(min-width: 0px) and (max-width: 480px) 480px, (min-width: 481px) and (max-width: 980px) 980px, (min-width: 981px) and (max-width: 1280px) 1280px, (min-width: 1281px) 1512px, 100vw\" \/><img loading=\"lazy\" decoding=\"async\" class=\"wp-image-1848 aligncenter size-full\" src=\"https:\/\/blogsaverroes.juntadeandalucia.es\/cristobalcolonweb\/files\/2025\/02\/WhatsApp-Image-2025-02-10-at-15.32.22.jpeg\" alt=\"\" width=\"2016\" height=\"1512\" srcset=\"https:\/\/blogsaverroes.juntadeandalucia.es\/cristobalcolonweb\/files\/2025\/02\/WhatsApp-Image-2025-02-10-at-15.32.22.jpeg 2016w, https:\/\/blogsaverroes.juntadeandalucia.es\/cristobalcolonweb\/files\/2025\/02\/WhatsApp-Image-2025-02-10-at-15.32.22-1280x960.jpeg 1280w, https:\/\/blogsaverroes.juntadeandalucia.es\/cristobalcolonweb\/files\/2025\/02\/WhatsApp-Image-2025-02-10-at-15.32.22-980x735.jpeg 980w, https:\/\/blogsaverroes.juntadeandalucia.es\/cristobalcolonweb\/files\/2025\/02\/WhatsApp-Image-2025-02-10-at-15.32.22-480x360.jpeg 480w\" sizes=\"(min-width: 0px) and (max-width: 480px) 480px, (min-width: 481px) and (max-width: 980px) 980px, (min-width: 981px) and (max-width: 1280px) 1280px, (min-width: 1281px) 2016px, 100vw\" \/><\/div>\n<div>&nbsp;<\/div>\n<p><img loading=\"lazy\" decoding=\"async\" class=\"wp-image-1846 aligncenter size-full\" src=\"https:\/\/blogsaverroes.juntadeandalucia.es\/cristobalcolonweb\/files\/2025\/02\/WhatsApp-Image-2025-02-10-at-15.32.24-1.jpeg\" alt=\"\" width=\"900\" height=\"636\" srcset=\"https:\/\/blogsaverroes.juntadeandalucia.es\/cristobalcolonweb\/files\/2025\/02\/WhatsApp-Image-2025-02-10-at-15.32.24-1.jpeg 900w, https:\/\/blogsaverroes.juntadeandalucia.es\/cristobalcolonweb\/files\/2025\/02\/WhatsApp-Image-2025-02-10-at-15.32.24-1-480x339.jpeg 480w\" sizes=\"(min-width: 0px) and (max-width: 480px) 480px, (min-width: 481px) 900px, 100vw\" \/><\/p>\n<p>&nbsp;<\/p>\n<p>&nbsp;<\/p>\n<p>&nbsp;<\/p>\n<p>&nbsp;<\/p>\n<div class=\"entry-content\">&nbsp;<\/div>\n<p>[\/et_pb_text][\/et_pb_column][et_pb_column type=&#8221;1_2&#8243; _builder_version=&#8221;4.24.2&#8243; _module_preset=&#8221;default&#8221; global_colors_info=&#8221;{}&#8221;][et_pb_image src=&#8221;https:\/\/blogsaverroes.juntadeandalucia.es\/cristobalcolonweb\/files\/2025\/02\/WhatsApp-Image-2025-01-27-at-22.04.20.jpeg&#8221; title_text=&#8221;WhatsApp Image 2025-01-27 at 22.04.20&#8243; _builder_version=&#8221;4.24.2&#8243; _module_preset=&#8221;default&#8221; global_colors_info=&#8221;{}&#8221;][\/et_pb_image][et_pb_image src=&#8221;https:\/\/blogsaverroes.juntadeandalucia.es\/cristobalcolonweb\/files\/2025\/02\/WhatsApp-Image-2025-02-10-at-15.32.25.jpeg&#8221; title_text=&#8221;WhatsApp Image 2025-02-10 at 15.32.25&#8243; _builder_version=&#8221;4.24.2&#8243; _module_preset=&#8221;default&#8221; global_colors_info=&#8221;{}&#8221;][\/et_pb_image][\/et_pb_column][\/et_pb_row][et_pb_row column_structure=&#8221;1_2,1_2&#8243; admin_label=&#8221;afanas&#8221; _builder_version=&#8221;4.24.2&#8243; _module_preset=&#8221;default&#8221; global_colors_info=&#8221;{}&#8221;][et_pb_column type=&#8221;1_2&#8243; _builder_version=&#8221;4.24.2&#8243; _module_preset=&#8221;default&#8221; global_colors_info=&#8221;{}&#8221;][et_pb_image src=&#8221;https:\/\/blogsaverroes.juntadeandalucia.es\/cristobalcolonweb\/files\/2025\/02\/WhatsApp-Image-2025-02-10-at-15.29.01-1.jpeg&#8221; title_text=&#8221;WhatsApp Image 2025-02-10 at 15.29.01 (1)&#8221; _builder_version=&#8221;4.24.2&#8243; _module_preset=&#8221;default&#8221; global_colors_info=&#8221;{}&#8221;][\/et_pb_image][et_pb_image src=&#8221;https:\/\/blogsaverroes.juntadeandalucia.es\/cristobalcolonweb\/files\/2025\/02\/WhatsApp-Image-2025-01-27-at-22.04.20-1.jpeg&#8221; title_text=&#8221;WhatsApp Image 2025-01-27 at 22.04.20 (1)&#8221; _builder_version=&#8221;4.24.2&#8243; _module_preset=&#8221;default&#8221; global_colors_info=&#8221;{}&#8221;][\/et_pb_image][\/et_pb_column][et_pb_column type=&#8221;1_2&#8243; _builder_version=&#8221;4.24.2&#8243; _module_preset=&#8221;default&#8221; global_colors_info=&#8221;{}&#8221;][et_pb_text admin_label=&#8221;Texto&#8221; _builder_version=&#8221;4.24.2&#8243; _module_preset=&#8221;default&#8221; background_color=&#8221;#efefef&#8221; global_colors_info=&#8221;{}&#8221;]<\/p>\n<h4>&nbsp;<\/h4>\n<h4 style=\"text-align: left\">PONENCIA: Desmitificaci\u00f3n de la discapacidad por AFANAS<\/h4>\n<div class=\"entry-content\">El viernes pasado, nuestro alumnado de CCFF tuvo la oportunidad de conocer con detalle el funcionamiento de la Asociaci\u00f3n AFANAS Plena Inclusi\u00f3n. <br \/>Tras asistir a la ponencia de Antonio G. Gerena (Coordinador de Afanas), y la charla \u2018\u2019Desmitificaci\u00f3n de la discapacidad desde Afanas\u2019\u2019, coordinada por Esperanza Brioso y Yolanda Orellana (Coordinadoras del Grupo de Autogestores), el alumnado pudo aprender m\u00e1s sobre los recursos e infraestructuras que ofrece esta Asociaci\u00f3n, as\u00ed como los derechos de las personas con discapacidad intelectual.<\/div>\n<div><img loading=\"lazy\" decoding=\"async\" class=\"wp-image-1844 aligncenter size-full\" src=\"https:\/\/blogsaverroes.juntadeandalucia.es\/cristobalcolonweb\/files\/2025\/02\/WhatsApp-Image-2025-02-10-at-15.29.01.jpeg\" alt=\"\" width=\"1600\" height=\"1200\" srcset=\"https:\/\/blogsaverroes.juntadeandalucia.es\/cristobalcolonweb\/files\/2025\/02\/WhatsApp-Image-2025-02-10-at-15.29.01.jpeg 1600w, https:\/\/blogsaverroes.juntadeandalucia.es\/cristobalcolonweb\/files\/2025\/02\/WhatsApp-Image-2025-02-10-at-15.29.01-1280x960.jpeg 1280w, https:\/\/blogsaverroes.juntadeandalucia.es\/cristobalcolonweb\/files\/2025\/02\/WhatsApp-Image-2025-02-10-at-15.29.01-980x735.jpeg 980w, https:\/\/blogsaverroes.juntadeandalucia.es\/cristobalcolonweb\/files\/2025\/02\/WhatsApp-Image-2025-02-10-at-15.29.01-480x360.jpeg 480w\" sizes=\"(min-width: 0px) and (max-width: 480px) 480px, (min-width: 481px) and (max-width: 980px) 980px, (min-width: 981px) and (max-width: 1280px) 1280px, (min-width: 1281px) 1600px, 100vw\" \/><\/div>\n<p>&nbsp;<\/p>\n<p>&nbsp;<\/p>\n<p>&nbsp;<\/p>\n<p>&nbsp;<\/p>\n<p>&nbsp;<\/p>\n<div class=\"entry-content\">&nbsp;<\/div>\n<p>[\/et_pb_text][\/et_pb_column][\/et_pb_row][et_pb_row column_structure=&#8221;1_2,1_2&#8243; admin_label=&#8221;Formulaci\u00f3n magistral&#8221; _builder_version=&#8221;4.24.2&#8243; _module_preset=&#8221;default&#8221; global_colors_info=&#8221;{}&#8221;][et_pb_column type=&#8221;1_2&#8243; _builder_version=&#8221;4.24.2&#8243; _module_preset=&#8221;default&#8221; global_colors_info=&#8221;{}&#8221;][et_pb_image src=&#8221;https:\/\/blogsaverroes.juntadeandalucia.es\/cristobalcolonweb\/files\/2025\/02\/WhatsApp-Image-2025-02-11-at-22.10.18-1.jpeg&#8221; title_text=&#8221;WhatsApp Image 2025-02-11 at 22.10.18 (1)&#8221; _builder_version=&#8221;4.24.2&#8243; _module_preset=&#8221;default&#8221; global_colors_info=&#8221;{}&#8221;][\/et_pb_image][et_pb_image src=&#8221;https:\/\/blogsaverroes.juntadeandalucia.es\/cristobalcolonweb\/files\/2025\/02\/WhatsApp-Image-2025-02-11-at-22.10.18-5.jpeg&#8221; title_text=&#8221;WhatsApp Image 2025-02-11 at 22.10.18 (5)&#8221; _builder_version=&#8221;4.24.2&#8243; _module_preset=&#8221;default&#8221; global_colors_info=&#8221;{}&#8221;][\/et_pb_image][et_pb_image src=&#8221;https:\/\/blogsaverroes.juntadeandalucia.es\/cristobalcolonweb\/files\/2025\/02\/WhatsApp-Image-2025-02-11-at-22.10.18-3.jpeg&#8221; title_text=&#8221;WhatsApp Image 2025-02-11 at 22.10.18 (3)&#8221; _builder_version=&#8221;4.24.2&#8243; _module_preset=&#8221;default&#8221; global_colors_info=&#8221;{}&#8221;][\/et_pb_image][\/et_pb_column][et_pb_column type=&#8221;1_2&#8243; _builder_version=&#8221;4.24.2&#8243; _module_preset=&#8221;default&#8221; global_colors_info=&#8221;{}&#8221;][et_pb_text admin_label=&#8221;Texto&#8221; _builder_version=&#8221;4.24.2&#8243; _module_preset=&#8221;default&#8221; background_color=&#8221;#efefef&#8221; global_colors_info=&#8221;{}&#8221;]<\/p>\n<h4>&nbsp;<\/h4>\n<h4 style=\"text-align: left\">CHARLA Y TALLER: Formulaci\u00f3n magistral<\/h4>\n<div class=\"entry-content\">Durante la Semana Sanitaria el farmac\u00e9utico D. Baltasar Gonz\u00e1lez S\u00e1nchez ofreci\u00f3 al alumnado de CCFF una charla sobre Formulaci\u00f3n Magistral. Adem\u00e1s, el alumnado de Farmacia quiso poner en pr\u00e1ctica sus conocimientos ense\u00f1ando al alumnado de Biolog\u00eda de 2\u00b0 Bachillerato c\u00f3mo realizar Emulsiones para crear leches y cremas hidratantes. \u00a1Fue una experiencia enriquecedora para tod@s! Gracias por hacernos part\u00edcipes de esta actividad.<\/div>\n<div><img loading=\"lazy\" decoding=\"async\" class=\"wp-image-1853 aligncenter size-full\" src=\"https:\/\/blogsaverroes.juntadeandalucia.es\/cristobalcolonweb\/files\/2025\/02\/WhatsApp-Image-2025-02-11-at-22.10.46.jpeg\" alt=\"\" width=\"1080\" height=\"1920\" srcset=\"https:\/\/blogsaverroes.juntadeandalucia.es\/cristobalcolonweb\/files\/2025\/02\/WhatsApp-Image-2025-02-11-at-22.10.46.jpeg 1080w, https:\/\/blogsaverroes.juntadeandalucia.es\/cristobalcolonweb\/files\/2025\/02\/WhatsApp-Image-2025-02-11-at-22.10.46-980x1742.jpeg 980w, https:\/\/blogsaverroes.juntadeandalucia.es\/cristobalcolonweb\/files\/2025\/02\/WhatsApp-Image-2025-02-11-at-22.10.46-480x853.jpeg 480w\" sizes=\"(min-width: 0px) and (max-width: 480px) 480px, (min-width: 481px) and (max-width: 980px) 980px, (min-width: 981px) 1080px, 100vw\" \/><\/div>\n<div><img loading=\"lazy\" decoding=\"async\" class=\"wp-image-1856 aligncenter size-full\" src=\"https:\/\/blogsaverroes.juntadeandalucia.es\/cristobalcolonweb\/files\/2025\/02\/WhatsApp-Image-2025-02-11-at-22.10.18-4.jpeg\" alt=\"\" width=\"2000\" height=\"900\" srcset=\"https:\/\/blogsaverroes.juntadeandalucia.es\/cristobalcolonweb\/files\/2025\/02\/WhatsApp-Image-2025-02-11-at-22.10.18-4.jpeg 2000w, https:\/\/blogsaverroes.juntadeandalucia.es\/cristobalcolonweb\/files\/2025\/02\/WhatsApp-Image-2025-02-11-at-22.10.18-4-1280x576.jpeg 1280w, https:\/\/blogsaverroes.juntadeandalucia.es\/cristobalcolonweb\/files\/2025\/02\/WhatsApp-Image-2025-02-11-at-22.10.18-4-980x441.jpeg 980w, https:\/\/blogsaverroes.juntadeandalucia.es\/cristobalcolonweb\/files\/2025\/02\/WhatsApp-Image-2025-02-11-at-22.10.18-4-480x216.jpeg 480w\" sizes=\"(min-width: 0px) and (max-width: 480px) 480px, (min-width: 481px) and (max-width: 980px) 980px, (min-width: 981px) and (max-width: 1280px) 1280px, (min-width: 1281px) 2000px, 100vw\" \/><\/div>\n<p>&nbsp;<\/p>\n<p>&nbsp;<\/p>\n<p>&nbsp;<\/p>\n<p>&nbsp;<\/p>\n<p>&nbsp;<\/p>\n<div class=\"entry-content\">&nbsp;<\/div>\n<p>[\/et_pb_text][\/et_pb_column][\/et_pb_row][et_pb_row column_structure=&#8221;1_2,1_2&#8243; admin_label=&#8221;Salidas profesionales&#8221; _builder_version=&#8221;4.24.2&#8243; _module_preset=&#8221;default&#8221; global_colors_info=&#8221;{}&#8221;][et_pb_column type=&#8221;1_2&#8243; _builder_version=&#8221;4.24.2&#8243; _module_preset=&#8221;default&#8221; global_colors_info=&#8221;{}&#8221;][et_pb_text admin_label=&#8221;Texto&#8221; _builder_version=&#8221;4.24.2&#8243; _module_preset=&#8221;default&#8221; background_color=&#8221;#efefef&#8221; global_colors_info=&#8221;{}&#8221;]<\/p>\n<h4>&nbsp;<\/h4>\n<h4 style=\"text-align: left\">PONENCIA: Salidas profesionales para T\u00e9cnicos de Enfermer\u00eda y Farmacia<\/h4>\n<div class=\"entry-content\">Hoy jueves 6 de febrero, personal del SAE, Sindicato de T\u00e9cnicos en Enfermer\u00eda y Farmacia, ha dado una charla al alumnado de CFGM de CAE y Farmacia sobre las salidas profesionales. <br \/>Adem\u00e1s les han informado sobre el funcionamiento de las bolsas del SAS, cursos que deben realizar para obtener puntos y la forma de inscripci\u00f3n trav\u00e9s de la p\u00e1gina web.<br \/>Esta informaci\u00f3n les ser\u00e1 muy \u00fatil para su futuro profesional. <br \/>Much\u00edsimas gracias.<\/div>\n<p><img loading=\"lazy\" decoding=\"async\" class=\"wp-image-1839 aligncenter size-full\" src=\"https:\/\/blogsaverroes.juntadeandalucia.es\/cristobalcolonweb\/files\/2025\/02\/WhatsApp-Image-2025-02-06-at-20.23.29-1.jpeg\" alt=\"\" width=\"2048\" height=\"1536\" srcset=\"https:\/\/blogsaverroes.juntadeandalucia.es\/cristobalcolonweb\/files\/2025\/02\/WhatsApp-Image-2025-02-06-at-20.23.29-1.jpeg 2048w, https:\/\/blogsaverroes.juntadeandalucia.es\/cristobalcolonweb\/files\/2025\/02\/WhatsApp-Image-2025-02-06-at-20.23.29-1-1280x960.jpeg 1280w, https:\/\/blogsaverroes.juntadeandalucia.es\/cristobalcolonweb\/files\/2025\/02\/WhatsApp-Image-2025-02-06-at-20.23.29-1-980x735.jpeg 980w, https:\/\/blogsaverroes.juntadeandalucia.es\/cristobalcolonweb\/files\/2025\/02\/WhatsApp-Image-2025-02-06-at-20.23.29-1-480x360.jpeg 480w\" sizes=\"(min-width: 0px) and (max-width: 480px) 480px, (min-width: 481px) and (max-width: 980px) 980px, (min-width: 981px) and (max-width: 1280px) 1280px, (min-width: 1281px) 2048px, 100vw\" \/><\/p>\n<p><img loading=\"lazy\" decoding=\"async\" class=\"wp-image-1840 aligncenter size-full\" src=\"https:\/\/blogsaverroes.juntadeandalucia.es\/cristobalcolonweb\/files\/2025\/02\/WhatsApp-Image-2025-02-06-at-20.23.29.jpeg\" alt=\"\" width=\"2048\" height=\"1536\" srcset=\"https:\/\/blogsaverroes.juntadeandalucia.es\/cristobalcolonweb\/files\/2025\/02\/WhatsApp-Image-2025-02-06-at-20.23.29.jpeg 2048w, https:\/\/blogsaverroes.juntadeandalucia.es\/cristobalcolonweb\/files\/2025\/02\/WhatsApp-Image-2025-02-06-at-20.23.29-1280x960.jpeg 1280w, https:\/\/blogsaverroes.juntadeandalucia.es\/cristobalcolonweb\/files\/2025\/02\/WhatsApp-Image-2025-02-06-at-20.23.29-980x735.jpeg 980w, https:\/\/blogsaverroes.juntadeandalucia.es\/cristobalcolonweb\/files\/2025\/02\/WhatsApp-Image-2025-02-06-at-20.23.29-480x360.jpeg 480w\" sizes=\"(min-width: 0px) and (max-width: 480px) 480px, (min-width: 481px) and (max-width: 980px) 980px, (min-width: 981px) and (max-width: 1280px) 1280px, (min-width: 1281px) 2048px, 100vw\" \/><\/p>\n<p>&nbsp;<\/p>\n<p>&nbsp;<\/p>\n<p>&nbsp;<\/p>\n<div class=\"entry-content\">&nbsp;<\/div>\n<p>[\/et_pb_text][\/et_pb_column][et_pb_column type=&#8221;1_2&#8243; _builder_version=&#8221;4.24.2&#8243; _module_preset=&#8221;default&#8221; global_colors_info=&#8221;{}&#8221;][et_pb_image src=&#8221;https:\/\/blogsaverroes.juntadeandalucia.es\/cristobalcolonweb\/files\/2025\/02\/WhatsApp-Image-2025-02-06-at-20.24.31.jpeg&#8221; title_text=&#8221;WhatsApp Image 2025-02-06 at 20.24.31&#8243; _builder_version=&#8221;4.24.2&#8243; _module_preset=&#8221;default&#8221; global_colors_info=&#8221;{}&#8221;][\/et_pb_image][\/et_pb_column][\/et_pb_row][et_pb_row column_structure=&#8221;1_2,1_2&#8243; admin_label=&#8221;Taller Primeros auxilios&#8221; _builder_version=&#8221;4.24.2&#8243; _module_preset=&#8221;default&#8221; global_colors_info=&#8221;{}&#8221;][et_pb_column type=&#8221;1_2&#8243; _builder_version=&#8221;4.24.2&#8243; _module_preset=&#8221;default&#8221; global_colors_info=&#8221;{}&#8221;][et_pb_image src=&#8221;https:\/\/blogsaverroes.juntadeandalucia.es\/cristobalcolonweb\/files\/2025\/02\/WhatsApp-Image-2025-02-04-at-19.54.51.jpeg&#8221; title_text=&#8221;WhatsApp Image 2025-02-04 at 19.54.51&#8243; _builder_version=&#8221;4.24.2&#8243; _module_preset=&#8221;default&#8221; global_colors_info=&#8221;{}&#8221;][\/et_pb_image][et_pb_image src=&#8221;https:\/\/blogsaverroes.juntadeandalucia.es\/cristobalcolonweb\/files\/2025\/02\/WhatsApp-Image-2025-02-04-at-19.55.48-1.jpeg&#8221; title_text=&#8221;WhatsApp Image 2025-02-04 at 19.55.48 (1)&#8221; _builder_version=&#8221;4.24.2&#8243; _module_preset=&#8221;default&#8221; global_colors_info=&#8221;{}&#8221;][\/et_pb_image][et_pb_image src=&#8221;https:\/\/blogsaverroes.juntadeandalucia.es\/cristobalcolonweb\/files\/2025\/02\/WhatsApp-Image-2025-02-04-at-19.55.48.jpeg&#8221; title_text=&#8221;WhatsApp Image 2025-02-04 at 19.55.48&#8243; _builder_version=&#8221;4.24.2&#8243; _module_preset=&#8221;default&#8221; global_colors_info=&#8221;{}&#8221;][\/et_pb_image][\/et_pb_column][et_pb_column type=&#8221;1_2&#8243; _builder_version=&#8221;4.24.2&#8243; _module_preset=&#8221;default&#8221; global_colors_info=&#8221;{}&#8221;][et_pb_text admin_label=&#8221;Texto&#8221; _builder_version=&#8221;4.24.2&#8243; _module_preset=&#8221;default&#8221; background_color=&#8221;#efefef&#8221; global_colors_info=&#8221;{}&#8221;]<\/p>\n<h4>&nbsp;<\/h4>\n<h4 style=\"text-align: left\">JORNADA DE FORMACI\u00d3N EN URGENCIAS Y EMERGENCIAS<\/h4>\n<div class=\"entry-content\">&nbsp;<\/div>\n<p>&nbsp;<\/p>\n<p>Hoy 4 de febrero, nuestro alumnado de CCFF ha disfrutado de una Jornada de formaci\u00f3n en urgencias y emergencias con una presentaci\u00f3n de la cartera de servicios del Centro de Emergencias Sanitarias 061. Han realizado una rotaci\u00f3n por talleres pr\u00e1cticos como:<\/p>\n<p>* taller de soporte vital b\u00e1sico<br \/>* taller de DESA<br \/>* obstrucci\u00f3n de la v\u00eda a\u00e9rea y posici\u00f3n lateral de seguridad<br \/>* comprobaci\u00f3n in situ de la dotaci\u00f3n de una UVI-m\u00f3vil<\/p>\n<p>Gracias a nuestros ponentes por esta actividad tan motivadora para nuestro alumnado:<\/p>\n<p>TES:<br \/>Juan Manuel Letr\u00e1n R\u00edos<\/p>\n<p>DUE:<br \/>Tom\u00e1s G\u00f3mez P\u00e9rez<\/p>\n<p>M\u00e9dicos:<br \/>Guillermo P\u00e9rez Peis<br \/>Fernando Mar\u00eda P\u00e9rez P\u00e9rez<\/p>\n<p><img loading=\"lazy\" decoding=\"async\" class=\"wp-image-1806 aligncenter size-full\" src=\"https:\/\/blogsaverroes.juntadeandalucia.es\/cristobalcolonweb\/files\/2025\/02\/WhatsApp-Image-2025-02-04-at-19.55.48-2.jpeg\" alt=\"\" width=\"1600\" height=\"1200\" srcset=\"https:\/\/blogsaverroes.juntadeandalucia.es\/cristobalcolonweb\/files\/2025\/02\/WhatsApp-Image-2025-02-04-at-19.55.48-2.jpeg 1600w, https:\/\/blogsaverroes.juntadeandalucia.es\/cristobalcolonweb\/files\/2025\/02\/WhatsApp-Image-2025-02-04-at-19.55.48-2-1280x960.jpeg 1280w, https:\/\/blogsaverroes.juntadeandalucia.es\/cristobalcolonweb\/files\/2025\/02\/WhatsApp-Image-2025-02-04-at-19.55.48-2-980x735.jpeg 980w, https:\/\/blogsaverroes.juntadeandalucia.es\/cristobalcolonweb\/files\/2025\/02\/WhatsApp-Image-2025-02-04-at-19.55.48-2-480x360.jpeg 480w\" sizes=\"(min-width: 0px) and (max-width: 480px) 480px, (min-width: 481px) and (max-width: 980px) 980px, (min-width: 981px) and (max-width: 1280px) 1280px, (min-width: 1281px) 1600px, 100vw\" \/><\/p>\n<p><img loading=\"lazy\" decoding=\"async\" class=\"wp-image-1814 aligncenter size-full\" src=\"https:\/\/blogsaverroes.juntadeandalucia.es\/cristobalcolonweb\/files\/2025\/02\/WhatsApp-Image-2025-02-04-at-19.54.44.jpeg\" alt=\"\" width=\"1600\" height=\"1200\" srcset=\"https:\/\/blogsaverroes.juntadeandalucia.es\/cristobalcolonweb\/files\/2025\/02\/WhatsApp-Image-2025-02-04-at-19.54.44.jpeg 1600w, https:\/\/blogsaverroes.juntadeandalucia.es\/cristobalcolonweb\/files\/2025\/02\/WhatsApp-Image-2025-02-04-at-19.54.44-1280x960.jpeg 1280w, https:\/\/blogsaverroes.juntadeandalucia.es\/cristobalcolonweb\/files\/2025\/02\/WhatsApp-Image-2025-02-04-at-19.54.44-980x735.jpeg 980w, https:\/\/blogsaverroes.juntadeandalucia.es\/cristobalcolonweb\/files\/2025\/02\/WhatsApp-Image-2025-02-04-at-19.54.44-480x360.jpeg 480w\" sizes=\"(min-width: 0px) and (max-width: 480px) 480px, (min-width: 481px) and (max-width: 980px) 980px, (min-width: 981px) and (max-width: 1280px) 1280px, (min-width: 1281px) 1600px, 100vw\" \/><img loading=\"lazy\" decoding=\"async\" class=\"wp-image-1815 aligncenter size-full\" src=\"https:\/\/blogsaverroes.juntadeandalucia.es\/cristobalcolonweb\/files\/2025\/02\/WhatsApp-Image-2025-02-04-at-19.54.43.jpeg\" alt=\"\" width=\"1530\" height=\"2040\" srcset=\"https:\/\/blogsaverroes.juntadeandalucia.es\/cristobalcolonweb\/files\/2025\/02\/WhatsApp-Image-2025-02-04-at-19.54.43.jpeg 1530w, https:\/\/blogsaverroes.juntadeandalucia.es\/cristobalcolonweb\/files\/2025\/02\/WhatsApp-Image-2025-02-04-at-19.54.43-1280x1707.jpeg 1280w, https:\/\/blogsaverroes.juntadeandalucia.es\/cristobalcolonweb\/files\/2025\/02\/WhatsApp-Image-2025-02-04-at-19.54.43-980x1307.jpeg 980w, https:\/\/blogsaverroes.juntadeandalucia.es\/cristobalcolonweb\/files\/2025\/02\/WhatsApp-Image-2025-02-04-at-19.54.43-480x640.jpeg 480w\" sizes=\"(min-width: 0px) and (max-width: 480px) 480px, (min-width: 481px) and (max-width: 980px) 980px, (min-width: 981px) and (max-width: 1280px) 1280px, (min-width: 1281px) 1530px, 100vw\" \/><img loading=\"lazy\" decoding=\"async\" class=\"wp-image-1811 aligncenter size-full\" src=\"https:\/\/blogsaverroes.juntadeandalucia.es\/cristobalcolonweb\/files\/2025\/02\/WhatsApp-Image-2025-02-04-at-19.55.47.jpeg\" alt=\"\" width=\"1600\" height=\"1200\" srcset=\"https:\/\/blogsaverroes.juntadeandalucia.es\/cristobalcolonweb\/files\/2025\/02\/WhatsApp-Image-2025-02-04-at-19.55.47.jpeg 1600w, https:\/\/blogsaverroes.juntadeandalucia.es\/cristobalcolonweb\/files\/2025\/02\/WhatsApp-Image-2025-02-04-at-19.55.47-1280x960.jpeg 1280w, https:\/\/blogsaverroes.juntadeandalucia.es\/cristobalcolonweb\/files\/2025\/02\/WhatsApp-Image-2025-02-04-at-19.55.47-980x735.jpeg 980w, https:\/\/blogsaverroes.juntadeandalucia.es\/cristobalcolonweb\/files\/2025\/02\/WhatsApp-Image-2025-02-04-at-19.55.47-480x360.jpeg 480w\" sizes=\"(min-width: 0px) and (max-width: 480px) 480px, (min-width: 481px) and (max-width: 980px) 980px, (min-width: 981px) and (max-width: 1280px) 1280px, (min-width: 1281px) 1600px, 100vw\" \/><\/p>\n<div class=\"entry-content\">&nbsp;<\/div>\n<p>[\/et_pb_text][\/et_pb_column][\/et_pb_row][et_pb_row column_structure=&#8221;1_2,1_2&#8243; admin_label=&#8221;Taller materno infantil&#8221; _builder_version=&#8221;4.24.2&#8243; _module_preset=&#8221;default&#8221; global_colors_info=&#8221;{}&#8221;][et_pb_column type=&#8221;1_2&#8243; _builder_version=&#8221;4.24.2&#8243; _module_preset=&#8221;default&#8221; global_colors_info=&#8221;{}&#8221;][et_pb_image src=&#8221;https:\/\/blogsaverroes.juntadeandalucia.es\/cristobalcolonweb\/files\/2025\/02\/WhatsApp-Image-2025-02-04-at-20.18.26-1.jpeg&#8221; title_text=&#8221;WhatsApp Image 2025-02-04 at 20.18.26 (1)&#8221; _builder_version=&#8221;4.24.2&#8243; _module_preset=&#8221;default&#8221; global_colors_info=&#8221;{}&#8221;][\/et_pb_image][et_pb_image src=&#8221;https:\/\/blogsaverroes.juntadeandalucia.es\/cristobalcolonweb\/files\/2025\/02\/WhatsApp-Image-2025-02-04-at-20.18.26-5.jpeg&#8221; title_text=&#8221;WhatsApp Image 2025-02-04 at 20.18.26 (5)&#8221; _builder_version=&#8221;4.24.2&#8243; _module_preset=&#8221;default&#8221; global_colors_info=&#8221;{}&#8221;][\/et_pb_image][et_pb_image src=&#8221;https:\/\/blogsaverroes.juntadeandalucia.es\/cristobalcolonweb\/files\/2025\/02\/WhatsApp-Image-2025-02-04-at-20.18.27-1.jpeg&#8221; title_text=&#8221;WhatsApp Image 2025-02-04 at 20.18.27 (1)&#8221; _builder_version=&#8221;4.24.2&#8243; _module_preset=&#8221;default&#8221; global_colors_info=&#8221;{}&#8221;][\/et_pb_image][\/et_pb_column][et_pb_column type=&#8221;1_2&#8243; _builder_version=&#8221;4.24.2&#8243; _module_preset=&#8221;default&#8221; global_colors_info=&#8221;{}&#8221;][et_pb_text admin_label=&#8221;Texto&#8221; _builder_version=&#8221;4.24.2&#8243; _module_preset=&#8221;default&#8221; background_color=&#8221;#efefef&#8221; global_colors_info=&#8221;{}&#8221;]<\/p>\n<h4>&nbsp;<\/h4>\n<h4 style=\"text-align: left\">INAUGURACI\u00d3N I SEMANA SANITARIA<\/h4>\n<p>Nuestra Jefa de Estudios, Mar\u00eda Jes\u00fas Fern\u00e1ndez, inaugur\u00f3 este lunes la I Semana Sanitaria presentando a una antigua alumna del centro y actualmente TCAE en el \u00c1rea materno-infantil del hospital de Puerto Real llamada Silvia Acevedo Cuadrado.<br \/>Silvia desarroll\u00f3 una charla-taller titulada &#8216;Cuidados de enfermer\u00eda en el \u00e1rea materno-infantil&#8217;. En ella comenz\u00f3 explicado toda su trayectoria profesional desde que sali\u00f3 del instituto hasta la actualidad. A continuaci\u00f3n se ense\u00f1aron distintos materiales y t\u00e9cnicas de su \u00e1rea de trabajo relacionados con la prueba del tal\u00f3n o con la recogida de muestra en el reci\u00e9n nacido. Por \u00faltimo, el alumnado realiz\u00f3 simulaciones del lavado, vestido y cambio de pa\u00f1al del beb\u00e9.<\/p>\n<p><img loading=\"lazy\" decoding=\"async\" class=\"wp-image-1824 aligncenter size-full\" src=\"https:\/\/blogsaverroes.juntadeandalucia.es\/cristobalcolonweb\/files\/2025\/02\/WhatsApp-Image-2025-02-04-at-20.18.26.jpeg\" alt=\"\" width=\"2016\" height=\"1512\" srcset=\"https:\/\/blogsaverroes.juntadeandalucia.es\/cristobalcolonweb\/files\/2025\/02\/WhatsApp-Image-2025-02-04-at-20.18.26.jpeg 2016w, https:\/\/blogsaverroes.juntadeandalucia.es\/cristobalcolonweb\/files\/2025\/02\/WhatsApp-Image-2025-02-04-at-20.18.26-1280x960.jpeg 1280w, https:\/\/blogsaverroes.juntadeandalucia.es\/cristobalcolonweb\/files\/2025\/02\/WhatsApp-Image-2025-02-04-at-20.18.26-980x735.jpeg 980w, https:\/\/blogsaverroes.juntadeandalucia.es\/cristobalcolonweb\/files\/2025\/02\/WhatsApp-Image-2025-02-04-at-20.18.26-480x360.jpeg 480w\" sizes=\"(min-width: 0px) and (max-width: 480px) 480px, (min-width: 481px) and (max-width: 980px) 980px, (min-width: 981px) and (max-width: 1280px) 1280px, (min-width: 1281px) 2016px, 100vw\" \/><\/p>\n<p><img loading=\"lazy\" decoding=\"async\" class=\"wp-image-1822 aligncenter size-full\" src=\"https:\/\/blogsaverroes.juntadeandalucia.es\/cristobalcolonweb\/files\/2025\/02\/WhatsApp-Image-2025-02-04-at-20.18.26-2.jpeg\" alt=\"\" width=\"2016\" height=\"1512\" srcset=\"https:\/\/blogsaverroes.juntadeandalucia.es\/cristobalcolonweb\/files\/2025\/02\/WhatsApp-Image-2025-02-04-at-20.18.26-2.jpeg 2016w, https:\/\/blogsaverroes.juntadeandalucia.es\/cristobalcolonweb\/files\/2025\/02\/WhatsApp-Image-2025-02-04-at-20.18.26-2-1280x960.jpeg 1280w, https:\/\/blogsaverroes.juntadeandalucia.es\/cristobalcolonweb\/files\/2025\/02\/WhatsApp-Image-2025-02-04-at-20.18.26-2-980x735.jpeg 980w, https:\/\/blogsaverroes.juntadeandalucia.es\/cristobalcolonweb\/files\/2025\/02\/WhatsApp-Image-2025-02-04-at-20.18.26-2-480x360.jpeg 480w\" sizes=\"(min-width: 0px) and (max-width: 480px) 480px, (min-width: 481px) and (max-width: 980px) 980px, (min-width: 981px) and (max-width: 1280px) 1280px, (min-width: 1281px) 2016px, 100vw\" \/><\/p>\n<p><img loading=\"lazy\" decoding=\"async\" class=\"wp-image-1821 aligncenter size-full\" src=\"https:\/\/blogsaverroes.juntadeandalucia.es\/cristobalcolonweb\/files\/2025\/02\/WhatsApp-Image-2025-02-04-at-20.18.26-3.jpeg\" alt=\"\" width=\"2016\" height=\"1512\" srcset=\"https:\/\/blogsaverroes.juntadeandalucia.es\/cristobalcolonweb\/files\/2025\/02\/WhatsApp-Image-2025-02-04-at-20.18.26-3.jpeg 2016w, https:\/\/blogsaverroes.juntadeandalucia.es\/cristobalcolonweb\/files\/2025\/02\/WhatsApp-Image-2025-02-04-at-20.18.26-3-1280x960.jpeg 1280w, https:\/\/blogsaverroes.juntadeandalucia.es\/cristobalcolonweb\/files\/2025\/02\/WhatsApp-Image-2025-02-04-at-20.18.26-3-980x735.jpeg 980w, https:\/\/blogsaverroes.juntadeandalucia.es\/cristobalcolonweb\/files\/2025\/02\/WhatsApp-Image-2025-02-04-at-20.18.26-3-480x360.jpeg 480w\" sizes=\"(min-width: 0px) and (max-width: 480px) 480px, (min-width: 481px) and (max-width: 980px) 980px, (min-width: 981px) and (max-width: 1280px) 1280px, (min-width: 1281px) 2016px, 100vw\" \/><\/p>\n<p>&nbsp;<\/p>\n<div class=\"entry-content\">&nbsp;<\/div>\n<p>&nbsp;<\/p>\n<div class=\"entry-content\">&nbsp;<\/div>\n<p>[\/et_pb_text][\/et_pb_column][\/et_pb_row][\/et_pb_section][et_pb_section fb_built=&#8221;1&#8243; admin_label=&#8221;Enero 2025&#8243; _builder_version=&#8221;4.24.2&#8243; custom_padding=&#8221;100px|0px|100px|0px&#8221; collapsed=&#8221;off&#8221; global_colors_info=&#8221;{}&#8221;][et_pb_row column_structure=&#8221;1_2,1_2&#8243; use_custom_gutter=&#8221;on&#8221; gutter_width=&#8221;0&#8243; admin_label=&#8221;DESCRIPCION_ENE&#8221; _builder_version=&#8221;4.16&#8243; custom_margin=&#8221;|||&#8221; custom_padding=&#8221;|||&#8221; collapsed=&#8221;off&#8221; global_colors_info=&#8221;{}&#8221;][et_pb_column type=&#8221;1_2&#8243; _builder_version=&#8221;4.16&#8243; custom_padding=&#8221;|||&#8221; global_colors_info=&#8221;{}&#8221; custom_padding__hover=&#8221;|||&#8221;][et_pb_text admin_label=&#8221;NOVIEMBRE&#8221; _builder_version=&#8221;4.24.2&#8243; text_font=&#8221;||||||||&#8221; header_font=&#8221;||||||||&#8221; header_2_font=&#8221;Merriweather|700|||||||&#8221; header_2_font_size=&#8221;40px&#8221; header_2_line_height=&#8221;1.3em&#8221; custom_margin=&#8221;|||&#8221; custom_padding=&#8221;|||&#8221; global_colors_info=&#8221;{}&#8221;]<\/p>\n<h2>ENERO 2025:<\/h2>\n<p>[\/et_pb_text][et_pb_divider color=&#8221;#4646c4&#8243; divider_position=&#8221;center&#8221; divider_weight=&#8221;3px&#8221; _builder_version=&#8221;4.16&#8243; max_width=&#8221;90px&#8221; max_width_tablet=&#8221;13%&#8221; max_width_last_edited=&#8221;off|desktop&#8221; custom_margin=&#8221;15px|||&#8221; custom_padding=&#8221;|||&#8221; global_colors_info=&#8221;{}&#8221;][\/et_pb_divider][et_pb_text admin_label=&#8221;description&#8221; _builder_version=&#8221;4.24.2&#8243; text_font=&#8221;||||||||&#8221; text_font_size=&#8221;20px&#8221; text_line_height=&#8221;1.8em&#8221; max_width_tablet=&#8221;89%&#8221; max_width_phone=&#8221;97%&#8221; max_width_last_edited=&#8221;off|desktop&#8221; custom_margin=&#8221;30px|||&#8221; custom_padding=&#8221;|||&#8221; global_colors_info=&#8221;{}&#8221;]<\/p>\n<p>19 al 23 de enero: Viaje a Londres de 2\u00ba Bachillerato<\/p>\n<p>[\/et_pb_text][\/et_pb_column][et_pb_column type=&#8221;1_2&#8243; _builder_version=&#8221;4.16&#8243; custom_padding=&#8221;|||&#8221; global_colors_info=&#8221;{}&#8221; custom_padding__hover=&#8221;|||&#8221;][et_pb_image src=&#8221;https:\/\/blogsaverroes.juntadeandalucia.es\/cristobalcolonweb\/files\/2025\/01\/WhatsApp-Image-2025-01-26-at-10.12.48-2.jpeg&#8221; title_text=&#8221;WhatsApp Image 2025-01-26 at 10.12.48 (2)&#8221; url=&#8221;https:\/\/drive.google.com\/file\/d\/1UNaWxW3RAfpWo1BamRSAj67Re2sXZKUH\/view?ts=6557c22a&#8221; _builder_version=&#8221;4.24.2&#8243; _module_preset=&#8221;default&#8221; width=&#8221;50%&#8221; max_width=&#8221;50%&#8221; border_radii=&#8221;on|1px|1px|1px|1px&#8221; global_colors_info=&#8221;{}&#8221;][\/et_pb_image][\/et_pb_column][\/et_pb_row][et_pb_row column_structure=&#8221;1_2,1_2&#8243; admin_label=&#8221;Viaje a Londres&#8221; _builder_version=&#8221;4.24.2&#8243; _module_preset=&#8221;default&#8221; global_colors_info=&#8221;{}&#8221;][et_pb_column type=&#8221;1_2&#8243; _builder_version=&#8221;4.24.2&#8243; _module_preset=&#8221;default&#8221; global_colors_info=&#8221;{}&#8221;][et_pb_image src=&#8221;https:\/\/blogsaverroes.juntadeandalucia.es\/cristobalcolonweb\/files\/2025\/01\/WhatsApp-Image-2025-01-26-at-10.12.48.jpeg&#8221; title_text=&#8221;WhatsApp Image 2025-01-26 at 10.12.48&#8243; _builder_version=&#8221;4.24.2&#8243; _module_preset=&#8221;default&#8221; global_colors_info=&#8221;{}&#8221;][\/et_pb_image][\/et_pb_column][et_pb_column type=&#8221;1_2&#8243; _builder_version=&#8221;4.24.2&#8243; _module_preset=&#8221;default&#8221; global_colors_info=&#8221;{}&#8221;][et_pb_text admin_label=&#8221;Texto&#8221; _builder_version=&#8221;4.24.2&#8243; _module_preset=&#8221;default&#8221; background_color=&#8221;#efefef&#8221; global_colors_info=&#8221;{}&#8221;]<\/p>\n<h4>&nbsp;<\/h4>\n<h4 style=\"text-align: left\">VIAJE A LONDRES<\/h4>\n<div class=\"entry-content\">\n<p>\u00a1Ya han vuelto de Londres!\u2615\ud83d\udcb7\ud83c\uddec\ud83c\udde7<br \/>Nuestro alumnado ya ha llegado a casa y estamos deseando escuchar las an\u00e9cdotas de su viaje.<\/p>\n<p>En estos d\u00edas han realizado peque\u00f1os paseos por la historia, arquitectura, literatura, m\u00fasica, pintura y matem\u00e1ticas de esta gran ciudad.<\/p>\n<p>La visita a la tumba de Newton, al British Museum, al museo de Historia Natural o a la National Gallery son solo algunos de los lugares que han podido disfrutar.<\/p>\n<p>Seguro que ha sido un viaje lleno de experiencias y de mucha inmersi\u00f3n ling\u00fc\u00edstica. \u00a1Bienvenid@s!<\/p>\n<p><img loading=\"lazy\" decoding=\"async\" class=\"alignnone wp-image-1797\" src=\"https:\/\/blogsaverroes.juntadeandalucia.es\/cristobalcolonweb\/files\/2025\/01\/WhatsApp-Image-2025-01-26-at-10.12.48-4.jpeg\" alt=\"\" width=\"296\" height=\"222\"><img loading=\"lazy\" decoding=\"async\" class=\"alignnone wp-image-1798\" src=\"https:\/\/blogsaverroes.juntadeandalucia.es\/cristobalcolonweb\/files\/2025\/01\/WhatsApp-Image-2025-01-26-at-10.12.48-3.jpeg\" alt=\"\" width=\"298\" height=\"224\"><\/p>\n<p><img loading=\"lazy\" decoding=\"async\" class=\"alignnone wp-image-1800\" src=\"https:\/\/blogsaverroes.juntadeandalucia.es\/cristobalcolonweb\/files\/2025\/01\/WhatsApp-Image-2025-01-26-at-10.12.48-1.jpeg\" alt=\"\" width=\"528\" height=\"520\"><img loading=\"lazy\" decoding=\"async\" class=\"wp-image-1799 alignright\" src=\"https:\/\/blogsaverroes.juntadeandalucia.es\/cristobalcolonweb\/files\/2025\/01\/WhatsApp-Image-2025-01-26-at-10.12.48-2.jpeg\" alt=\"\" width=\"639\" height=\"813\"><\/p>\n<\/div>\n<p>[\/et_pb_text][\/et_pb_column][\/et_pb_row][\/et_pb_section][et_pb_section fb_built=&#8221;1&#8243; admin_label=&#8221;Noviembre 2024&#8243; _builder_version=&#8221;4.24.2&#8243; custom_padding=&#8221;100px|0px|100px|0px&#8221; collapsed=&#8221;off&#8221; global_colors_info=&#8221;{}&#8221;][et_pb_row column_structure=&#8221;1_2,1_2&#8243; use_custom_gutter=&#8221;on&#8221; gutter_width=&#8221;0&#8243; admin_label=&#8221;DESCRIPCION_NOV&#8221; _builder_version=&#8221;4.16&#8243; custom_margin=&#8221;|||&#8221; custom_padding=&#8221;|||&#8221; collapsed=&#8221;off&#8221; global_colors_info=&#8221;{}&#8221;][et_pb_column type=&#8221;1_2&#8243; _builder_version=&#8221;4.16&#8243; custom_padding=&#8221;|||&#8221; global_colors_info=&#8221;{}&#8221; custom_padding__hover=&#8221;|||&#8221;][et_pb_text admin_label=&#8221;NOVIEMBRE&#8221; _builder_version=&#8221;4.24.2&#8243; text_font=&#8221;||||||||&#8221; header_font=&#8221;||||||||&#8221; header_2_font=&#8221;Merriweather|700|||||||&#8221; header_2_font_size=&#8221;40px&#8221; header_2_line_height=&#8221;1.3em&#8221; custom_margin=&#8221;|||&#8221; custom_padding=&#8221;|||&#8221; global_colors_info=&#8221;{}&#8221;]<\/p>\n<h2>NOVIEMBRE 2024:<\/h2>\n<p>[\/et_pb_text][et_pb_divider color=&#8221;#4646c4&#8243; divider_position=&#8221;center&#8221; divider_weight=&#8221;3px&#8221; _builder_version=&#8221;4.16&#8243; max_width=&#8221;90px&#8221; max_width_tablet=&#8221;13%&#8221; max_width_last_edited=&#8221;off|desktop&#8221; custom_margin=&#8221;15px|||&#8221; custom_padding=&#8221;|||&#8221; global_colors_info=&#8221;{}&#8221;][\/et_pb_divider][et_pb_text admin_label=&#8221;description&#8221; _builder_version=&#8221;4.24.2&#8243; text_font=&#8221;||||||||&#8221; text_font_size=&#8221;20px&#8221; text_line_height=&#8221;1.8em&#8221; max_width_tablet=&#8221;89%&#8221; max_width_phone=&#8221;97%&#8221; max_width_last_edited=&#8221;off|desktop&#8221; custom_margin=&#8221;30px|||&#8221; custom_padding=&#8221;|||&#8221; global_colors_info=&#8221;{}&#8221;]<\/p>\n<p>18 de noviembre: Visita al Hospital Virgen del Camino de Villamart\u00edn (1\u00ba CAE)<\/p>\n<p>[\/et_pb_text][\/et_pb_column][et_pb_column type=&#8221;1_2&#8243; _builder_version=&#8221;4.16&#8243; custom_padding=&#8221;|||&#8221; global_colors_info=&#8221;{}&#8221; custom_padding__hover=&#8221;|||&#8221;][et_pb_image src=&#8221;https:\/\/blogsaverroes.juntadeandalucia.es\/cristobalcolonweb\/files\/2025\/01\/WhatsApp-Image-2025-01-15-at-13.40.56.jpeg&#8221; title_text=&#8221;WhatsApp Image 2025-01-15 at 13.40.56&#8243; url=&#8221;https:\/\/drive.google.com\/file\/d\/1UNaWxW3RAfpWo1BamRSAj67Re2sXZKUH\/view?ts=6557c22a&#8221; _builder_version=&#8221;4.24.2&#8243; _module_preset=&#8221;default&#8221; width=&#8221;50%&#8221; max_width=&#8221;50%&#8221; border_radii=&#8221;on|1px|1px|1px|1px&#8221; global_colors_info=&#8221;{}&#8221;][\/et_pb_image][\/et_pb_column][\/et_pb_row][et_pb_row column_structure=&#8221;1_2,1_2&#8243; admin_label=&#8221;Visita Villamart\u00edn&#8221; _builder_version=&#8221;4.24.2&#8243; _module_preset=&#8221;default&#8221; global_colors_info=&#8221;{}&#8221;][et_pb_column type=&#8221;1_2&#8243; _builder_version=&#8221;4.24.2&#8243; _module_preset=&#8221;default&#8221; global_colors_info=&#8221;{}&#8221;][et_pb_image src=&#8221;https:\/\/blogsaverroes.juntadeandalucia.es\/cristobalcolonweb\/files\/2025\/01\/WhatsApp-Image-2025-01-15-at-13.40.56.jpeg&#8221; title_text=&#8221;WhatsApp Image 2025-01-15 at 13.40.56&#8243; _builder_version=&#8221;4.24.2&#8243; _module_preset=&#8221;default&#8221; global_colors_info=&#8221;{}&#8221;][\/et_pb_image][\/et_pb_column][et_pb_column type=&#8221;1_2&#8243; _builder_version=&#8221;4.24.2&#8243; _module_preset=&#8221;default&#8221; global_colors_info=&#8221;{}&#8221;][et_pb_text admin_label=&#8221;Texto&#8221; _builder_version=&#8221;4.24.2&#8243; _module_preset=&#8221;default&#8221; background_color=&#8221;#efefef&#8221; global_colors_info=&#8221;{}&#8221;]<\/p>\n<h4>&nbsp;<\/h4>\n<h4 style=\"text-align: left\">VISITA AL HOSPITAL DE VILLAMART\u00cdN<\/h4>\n<div class=\"entry-content\">\n<p>El 18 de noviembre el alumnado de primero de Cuidados Auxiliares de Enfermer\u00eda visit\u00f3 la Unidad de Convalecencia del Hospital Virgen del Camino de Villamart\u00edn. La actividad fue todo un \u00e9xito, con una gran participaci\u00f3n por parte del alumnado que logr\u00f3 alcanzar todos los objetivos.<\/p>\n<\/div>\n<p>[\/et_pb_text][\/et_pb_column][\/et_pb_row][\/et_pb_section][et_pb_section fb_built=&#8221;1&#8243; admin_label=&#8221;Abril 2024&#8243; _builder_version=&#8221;4.24.2&#8243; custom_padding=&#8221;100px|0px|100px|0px&#8221; collapsed=&#8221;off&#8221; global_colors_info=&#8221;{}&#8221;][et_pb_row column_structure=&#8221;1_2,1_2&#8243; use_custom_gutter=&#8221;on&#8221; gutter_width=&#8221;0&#8243; admin_label=&#8221;DESCRIPCION_ABRIL&#8221; _builder_version=&#8221;4.16&#8243; custom_margin=&#8221;|||&#8221; custom_padding=&#8221;|||&#8221; collapsed=&#8221;off&#8221; global_colors_info=&#8221;{}&#8221;][et_pb_column type=&#8221;1_2&#8243; _builder_version=&#8221;4.16&#8243; custom_padding=&#8221;|||&#8221; global_colors_info=&#8221;{}&#8221; custom_padding__hover=&#8221;|||&#8221;][et_pb_text admin_label=&#8221;Abril&#8221; _builder_version=&#8221;4.24.2&#8243; text_font=&#8221;||||||||&#8221; header_font=&#8221;||||||||&#8221; header_2_font=&#8221;Merriweather|700|||||||&#8221; header_2_font_size=&#8221;40px&#8221; header_2_line_height=&#8221;1.3em&#8221; custom_margin=&#8221;|||&#8221; custom_padding=&#8221;|||&#8221; global_colors_info=&#8221;{}&#8221;]<\/p>\n<h2>ABRIL 2024:<\/h2>\n<p>[\/et_pb_text][et_pb_divider color=&#8221;#4646c4&#8243; divider_position=&#8221;center&#8221; divider_weight=&#8221;3px&#8221; _builder_version=&#8221;4.16&#8243; max_width=&#8221;90px&#8221; max_width_tablet=&#8221;13%&#8221; max_width_last_edited=&#8221;off|desktop&#8221; custom_margin=&#8221;15px|||&#8221; custom_padding=&#8221;|||&#8221; global_colors_info=&#8221;{}&#8221;][\/et_pb_divider][et_pb_text admin_label=&#8221;description&#8221; _builder_version=&#8221;4.24.2&#8243; text_font=&#8221;||||||||&#8221; text_font_size=&#8221;20px&#8221; text_line_height=&#8221;1.8em&#8221; max_width_tablet=&#8221;89%&#8221; max_width_phone=&#8221;97%&#8221; max_width_last_edited=&#8221;off|desktop&#8221; custom_margin=&#8221;30px|||&#8221; custom_padding=&#8221;|||&#8221; global_colors_info=&#8221;{}&#8221;]<\/p>\n<p>DEL 8 AL 12: JORNADAS DE ORIENTACI\u00d3N<\/p>\n<p>DEL 15 AL 20: VIAJE AL GEOPARQUE DE GRANADA Y CABO DE GATA<\/p>\n<p>DEL 29 DE ABRIL AL 3 DE MAYO: JORNADAS SOCIALES DEL IES CRIST\u00d3BAL COL\u00d3N: &#8220;NO TE BEBAS EL AGUA&#8221;<\/p>\n<p>&nbsp;<\/p>\n<p>&nbsp;<\/p>\n<p>&nbsp;<\/p>\n<p>[\/et_pb_text][\/et_pb_column][et_pb_column type=&#8221;1_2&#8243; _builder_version=&#8221;4.16&#8243; custom_padding=&#8221;|||&#8221; global_colors_info=&#8221;{}&#8221; custom_padding__hover=&#8221;|||&#8221;][et_pb_image src=&#8221;https:\/\/blogsaverroes.juntadeandalucia.es\/cristobalcolonweb\/files\/2024\/04\/WhatsApp-Image-2024-04-12-at-11.23.50.jpeg&#8221; title_text=&#8221;WhatsApp Image 2024-04-12 at 11.23.50&#8243; _builder_version=&#8221;4.24.2&#8243; _module_preset=&#8221;default&#8221; width=&#8221;50%&#8221; max_width=&#8221;50%&#8221; border_radii=&#8221;on|1px|1px|1px|1px&#8221; global_colors_info=&#8221;{}&#8221;][\/et_pb_image][\/et_pb_column][\/et_pb_row][et_pb_row column_structure=&#8221;1_2,1_2&#8243; use_custom_gutter=&#8221;on&#8221; gutter_width=&#8221;1&#8243; admin_label=&#8221;Carreras Orientaci\u00f3n&#8221; _builder_version=&#8221;4.24.2&#8243; custom_margin=&#8221;|||&#8221; custom_padding=&#8221;0px||100px|&#8221; collapsed=&#8221;off&#8221; global_colors_info=&#8221;{}&#8221;][et_pb_column type=&#8221;1_2&#8243; _builder_version=&#8221;4.16&#8243; custom_padding=&#8221;5%|||&#8221; global_colors_info=&#8221;{}&#8221; custom_padding__hover=&#8221;|||&#8221;][et_pb_image src=&#8221;https:\/\/blogsaverroes.juntadeandalucia.es\/cristobalcolonweb\/files\/2024\/04\/WhatsApp-Image-2024-04-12-at-11.23.50-1.jpeg&#8221; title_text=&#8221;WhatsApp Image 2024-04-12 at 11.23.50 (1)&#8221; force_fullwidth=&#8221;on&#8221; align_tablet=&#8221;center&#8221; align_phone=&#8221;center&#8221; align_last_edited=&#8221;on|desktop&#8221; _builder_version=&#8221;4.24.2&#8243; module_alignment=&#8221;center&#8221; min_height=&#8221;500px&#8221; height=&#8221;500px&#8221; max_height=&#8221;500px&#8221; animation_style=&#8221;slide&#8221; animation_direction=&#8221;top&#8221; animation_intensity_slide=&#8221;10%&#8221; animation_starting_opacity=&#8221;100%&#8221; global_colors_info=&#8221;{}&#8221;][\/et_pb_image][\/et_pb_column][et_pb_column type=&#8221;1_2&#8243; _builder_version=&#8221;4.16&#8243; background_image=&#8221;https:\/\/blogsaverroes.juntadeandalucia.es\/cristobalcolonweb\/files\/2023\/11\/Img_01-5.png&#8221; background_size=&#8221;initial&#8221; background_position=&#8221;bottom_center&#8221; custom_padding=&#8221;||100px|&#8221; global_colors_info=&#8221;{}&#8221; custom_padding__hover=&#8221;|||&#8221;][et_pb_text _builder_version=&#8221;4.24.2&#8243; text_font=&#8221;||||||||&#8221; text_text_color=&#8221;#7e7f94&#8243; text_font_size=&#8221;18px&#8221; text_line_height=&#8221;1.9em&#8221; header_font=&#8221;||||||||&#8221; header_2_font=&#8221;|600|||||||&#8221; header_2_text_color=&#8221;#7272ff&#8221; header_2_font_size=&#8221;19px&#8221; header_4_font=&#8221;Merriweather|700|||||||&#8221; header_4_text_color=&#8221;#4646c4&#8243; header_4_font_size=&#8221;20px&#8221; header_4_line_height=&#8221;1.7em&#8221; background_color=&#8221;#f5f9fb&#8221; text_orientation=&#8221;center&#8221; custom_margin=&#8221;|||&#8221; custom_padding=&#8221;60px|40px|60px|40px&#8221; animation_style=&#8221;slide&#8221; animation_direction=&#8221;bottom&#8221; animation_intensity_slide=&#8221;20%&#8221; animation_starting_opacity=&#8221;100%&#8221; global_colors_info=&#8221;{}&#8221;]<\/p>\n<h4>SEMANA DE CARRERAS DE ORIENTACI\u00d3N<\/h4>\n<div class=\"entry-content\">\n<p>Durante la semana del 8 al 12 de abril, el departamento de EF ha organizado las jornadas de orientaci\u00f3n con el alumnado del centro. Estas jornadas, han tenido lugar en el Pinar de La Villa de Chipiona, donde se encuentra un circuito permanente de orientaci\u00f3n deportiva, y cualquier persona puede ir a disfrutar de esta bonita modalidad deportiva disfrutando de un d\u00eda en la naturaleza.<\/p>\n<\/div>\n<p>[\/et_pb_text][\/et_pb_column][\/et_pb_row][et_pb_row column_structure=&#8221;1_2,1_2&#8243; use_custom_gutter=&#8221;on&#8221; gutter_width=&#8221;1&#8243; admin_label=&#8221;Viaje al Geoparque&#8221; _builder_version=&#8221;4.16&#8243; custom_margin=&#8221;|||&#8221; custom_padding=&#8221;0px||100px|&#8221; collapsed=&#8221;off&#8221; global_colors_info=&#8221;{}&#8221;][et_pb_column type=&#8221;1_2&#8243; _builder_version=&#8221;4.16&#8243; custom_padding=&#8221;5%|||&#8221; global_colors_info=&#8221;{}&#8221; custom_padding__hover=&#8221;|||&#8221;][et_pb_text content_tablet=&#8221;&#8221; content_phone=&#8221;&#8221; content_last_edited=&#8221;on|desktop&#8221; _builder_version=&#8221;4.24.2&#8243; text_font=&#8221;||||||||&#8221; text_text_color=&#8221;#7e7f94&#8243; text_font_size=&#8221;18px&#8221; text_line_height=&#8221;1.9em&#8221; header_font=&#8221;||||||||&#8221; header_2_font=&#8221;|600|||||||&#8221; header_2_text_color=&#8221;#7272ff&#8221; header_2_font_size=&#8221;19px&#8221; header_4_font=&#8221;Merriweather|700|||||||&#8221; header_4_text_color=&#8221;#4646c4&#8243; header_4_font_size=&#8221;20px&#8221; header_4_line_height=&#8221;1.7em&#8221; background_color=&#8221;#f5f9fb&#8221; text_orientation=&#8221;center&#8221; width=&#8221;%221024%22&#8243; custom_margin=&#8221;|||&#8221; custom_padding=&#8221;60px|40px|60px|40px&#8221; animation_style=&#8221;slide&#8221; animation_direction=&#8221;bottom&#8221; animation_intensity_slide=&#8221;20%&#8221; animation_starting_opacity=&#8221;100%&#8221; global_colors_info=&#8221;{}&#8221;]<\/p>\n<h4>VIAJE AL GEOPARQUE DE GRANADA Y CABO DE GATA<\/h4>\n<div class=\"entry-content\">\n<p>Durante la semana del 16 al 20 de abril nuestro alumnado de 1\u00b0 Bachillerato realiz\u00f3 un viaje al Geoparque de Granada y Cabo de Gata .<\/p>\n<p>En el itinerario visitaron:<br \/>&#8211; Guadix: Barrio de las Cuevas y Mirador de la Magdalena.<br \/>&#8211; Geoparque de Granada: megalitismo de Gorafe, Acueductos naturales del Toril y la cultura del Argar y Necr\u00f3polis de Tutugi en Galera.<br \/>&#8211; Campo de las Dalias (Almer\u00eda): visita a los invernaderos sostenibles de la empresa Clisol.<br \/>&#8211; Cabo de Gata: Buceo y kayak en La Isleta.<\/p>\n<p>\u00a1Ha sido un viaje muy completo para el alumnado y profesorado!<\/p>\n<\/div>\n<p>&nbsp;<\/p>\n<p><img loading=\"lazy\" decoding=\"async\" class=\"alignleft wp-image-1533 size-large\" src=\"https:\/\/blogsaverroes.juntadeandalucia.es\/cristobalcolonweb\/files\/2024\/04\/WhatsApp-Image-2024-04-20-at-15.19.53-1024x768.jpeg\" alt=\"\" width=\"1024\" height=\"768\" srcset=\"https:\/\/blogsaverroes.juntadeandalucia.es\/cristobalcolonweb\/files\/2024\/04\/WhatsApp-Image-2024-04-20-at-15.19.53-980x735.jpeg 980w, https:\/\/blogsaverroes.juntadeandalucia.es\/cristobalcolonweb\/files\/2024\/04\/WhatsApp-Image-2024-04-20-at-15.19.53-480x360.jpeg 480w\" sizes=\"(min-width: 0px) and (max-width: 480px) 480px, (min-width: 481px) and (max-width: 980px) 980px, (min-width: 981px) 1024px, 100vw\" \/> <img loading=\"lazy\" decoding=\"async\" class=\"alignleft wp-image-1534 size-thumbnail\" src=\"https:\/\/blogsaverroes.juntadeandalucia.es\/cristobalcolonweb\/files\/2024\/04\/WhatsApp-Image-2024-04-20-at-15.19.52-3-150x150.jpeg\" alt=\"\" width=\"150\" height=\"150\"> <img loading=\"lazy\" decoding=\"async\" class=\"alignleft wp-image-1536 size-thumbnail\" src=\"https:\/\/blogsaverroes.juntadeandalucia.es\/cristobalcolonweb\/files\/2024\/04\/WhatsApp-Image-2024-04-20-at-15.19.52-2-150x150.jpeg\" alt=\"\" width=\"150\" height=\"150\"> <img loading=\"lazy\" decoding=\"async\" class=\"alignleft wp-image-1546 size-thumbnail\" src=\"https:\/\/blogsaverroes.juntadeandalucia.es\/cristobalcolonweb\/files\/2024\/04\/WhatsApp-Image-2024-04-20-at-15.19.52-6-1-150x150.jpeg\" alt=\"\" width=\"150\" height=\"150\"> <img loading=\"lazy\" decoding=\"async\" class=\"alignleft wp-image-1537 size-thumbnail\" src=\"https:\/\/blogsaverroes.juntadeandalucia.es\/cristobalcolonweb\/files\/2024\/04\/WhatsApp-Image-2024-04-20-at-15.19.52-1-150x150.jpeg\" alt=\"\" width=\"150\" height=\"150\"> <img loading=\"lazy\" decoding=\"async\" class=\"alignleft wp-image-1528 size-thumbnail\" src=\"https:\/\/blogsaverroes.juntadeandalucia.es\/cristobalcolonweb\/files\/2024\/04\/WhatsApp-Image-2024-04-20-at-15.19.50-150x150.jpeg\" alt=\"\" width=\"150\" height=\"150\"><\/p>\n<p>&nbsp;<\/p>\n<p>&nbsp;<\/p>\n<p>&nbsp;<\/p>\n<p><img loading=\"lazy\" decoding=\"async\" class=\"alignleft wp-image-1526 size-large\" src=\"https:\/\/blogsaverroes.juntadeandalucia.es\/cristobalcolonweb\/files\/2024\/04\/WhatsApp-Image-2024-04-20-at-15.19.51-1024x461.jpeg\" alt=\"\" width=\"1024\" height=\"461\" srcset=\"https:\/\/blogsaverroes.juntadeandalucia.es\/cristobalcolonweb\/files\/2024\/04\/WhatsApp-Image-2024-04-20-at-15.19.51-980x441.jpeg 980w, https:\/\/blogsaverroes.juntadeandalucia.es\/cristobalcolonweb\/files\/2024\/04\/WhatsApp-Image-2024-04-20-at-15.19.51-480x216.jpeg 480w\" sizes=\"(min-width: 0px) and (max-width: 480px) 480px, (min-width: 481px) and (max-width: 980px) 980px, (min-width: 981px) 1024px, 100vw\" \/> <img loading=\"lazy\" decoding=\"async\" class=\"alignleft wp-image-1525 size-thumbnail\" src=\"https:\/\/blogsaverroes.juntadeandalucia.es\/cristobalcolonweb\/files\/2024\/04\/WhatsApp-Image-2024-04-20-at-15.19.51-1-150x150.jpeg\" alt=\"\" width=\"150\" height=\"150\"> <img loading=\"lazy\" decoding=\"async\" class=\"alignleft wp-image-1524 size-thumbnail\" src=\"https:\/\/blogsaverroes.juntadeandalucia.es\/cristobalcolonweb\/files\/2024\/04\/WhatsApp-Image-2024-04-20-at-15.19.51-2-150x150.jpeg\" alt=\"\" width=\"150\" height=\"150\"> <img loading=\"lazy\" decoding=\"async\" class=\"alignleft wp-image-1523 size-large\" src=\"https:\/\/blogsaverroes.juntadeandalucia.es\/cristobalcolonweb\/files\/2024\/04\/WhatsApp-Image-2024-04-20-at-15.19.52-4-1024x768.jpeg\" alt=\"\" width=\"1024\" height=\"768\" srcset=\"https:\/\/blogsaverroes.juntadeandalucia.es\/cristobalcolonweb\/files\/2024\/04\/WhatsApp-Image-2024-04-20-at-15.19.52-4-980x735.jpeg 980w, https:\/\/blogsaverroes.juntadeandalucia.es\/cristobalcolonweb\/files\/2024\/04\/WhatsApp-Image-2024-04-20-at-15.19.52-4-480x360.jpeg 480w\" sizes=\"(min-width: 0px) and (max-width: 480px) 480px, (min-width: 481px) and (max-width: 980px) 980px, (min-width: 981px) 1024px, 100vw\" \/><\/p>\n<p>[\/et_pb_text][\/et_pb_column][et_pb_column type=&#8221;1_2&#8243; _builder_version=&#8221;4.16&#8243; background_image=&#8221;https:\/\/blogsaverroes.juntadeandalucia.es\/cristobalcolonweb\/files\/2023\/11\/Img_01-5.png&#8221; background_size=&#8221;initial&#8221; background_position=&#8221;bottom_center&#8221; custom_padding=&#8221;||100px|&#8221; global_colors_info=&#8221;{}&#8221; custom_padding__hover=&#8221;|||&#8221;][et_pb_image src=&#8221;https:\/\/blogsaverroes.juntadeandalucia.es\/cristobalcolonweb\/files\/2024\/04\/WhatsApp-Image-2024-04-20-at-15.19.50-1.jpeg&#8221; title_text=&#8221;WhatsApp Image 2024-04-20 at 15.19.50 (1)&#8221; align_tablet=&#8221;center&#8221; align_phone=&#8221;center&#8221; align_last_edited=&#8221;on|desktop&#8221; _builder_version=&#8221;4.24.2&#8243; width=&#8221;60%&#8221; module_alignment=&#8221;center&#8221; min_height=&#8221;500px&#8221; height=&#8221;500px&#8221; max_height=&#8221;500px&#8221; animation_style=&#8221;slide&#8221; animation_direction=&#8221;top&#8221; animation_intensity_slide=&#8221;10%&#8221; animation_starting_opacity=&#8221;100%&#8221; global_colors_info=&#8221;{}&#8221;][\/et_pb_image][\/et_pb_column][\/et_pb_row][et_pb_row column_structure=&#8221;1_2,1_2&#8243; use_custom_gutter=&#8221;on&#8221; gutter_width=&#8221;1&#8243; admin_label=&#8221;Jornadas Sociales&#8221; _builder_version=&#8221;4.24.2&#8243; custom_margin=&#8221;|||&#8221; custom_padding=&#8221;0px||100px|&#8221; collapsed=&#8221;off&#8221; global_colors_info=&#8221;{}&#8221;][et_pb_column type=&#8221;1_2&#8243; _builder_version=&#8221;4.16&#8243; custom_padding=&#8221;5%|||&#8221; global_colors_info=&#8221;{}&#8221; custom_padding__hover=&#8221;|||&#8221;][et_pb_text _builder_version=&#8221;4.24.2&#8243; text_font=&#8221;||||||||&#8221; text_text_color=&#8221;#7e7f94&#8243; text_font_size=&#8221;18px&#8221; text_line_height=&#8221;1.9em&#8221; header_font=&#8221;||||||||&#8221; header_2_font=&#8221;|600|||||||&#8221; header_2_text_color=&#8221;#7272ff&#8221; header_2_font_size=&#8221;19px&#8221; header_4_font=&#8221;Merriweather|700|||||||&#8221; header_4_text_color=&#8221;#4646c4&#8243; header_4_font_size=&#8221;20px&#8221; header_4_line_height=&#8221;1.7em&#8221; background_color=&#8221;#f5f9fb&#8221; text_orientation=&#8221;center&#8221; custom_margin=&#8221;|||&#8221; custom_padding=&#8221;60px|40px|60px|40px&#8221; animation_style=&#8221;slide&#8221; animation_direction=&#8221;bottom&#8221; animation_intensity_slide=&#8221;20%&#8221; animation_starting_opacity=&#8221;100%&#8221; global_colors_info=&#8221;{}&#8221;]<\/p>\n<h4>JORNADAS SOCIALES DEL IES CRIST\u00d3BAL COL\u00d3N<\/h4>\n<div class=\"entry-content\">\n<p>Durante la semana del 29 de abril al 3 de mayo, el IES Crist\u00f3bal Col\u00f3n celebr\u00f3 sus tradicionales Jornadas Sociales que tuvo como lema este a\u00f1o: &#8220;No te bebas el agua&#8221;.&nbsp;<\/p>\n<p><img loading=\"lazy\" decoding=\"async\" class=\"size-thumbnail wp-image-1577 alignleft\" src=\"https:\/\/blogsaverroes.juntadeandalucia.es\/cristobalcolonweb\/files\/2024\/05\/WhatsApp-Image-2024-05-06-at-09.32.12-150x150.jpeg\" alt=\"\" width=\"150\" height=\"150\"><\/p>\n<p>Bajo este lema se han presentado multitud de propuestas, actividades y trabajos realizados por el alumnado con motivo de concienciarlos sobre el bien escaso, necesario y vital que supone el agua.<\/p>\n<p><img loading=\"lazy\" decoding=\"async\" class=\"aligncenter size-thumbnail wp-image-1589\" src=\"https:\/\/blogsaverroes.juntadeandalucia.es\/cristobalcolonweb\/files\/2024\/05\/WhatsApp-Image-2024-04-30-at-17.47.09-150x150.jpeg\" alt=\"\" width=\"150\" height=\"150\"><\/p>\n<p>La necesidad de cuidarla, de protegerla, desde la concepci\u00f3n que esa misma protecci\u00f3n es la protecci\u00f3n de nuestra especie.&nbsp;<\/p>\n<p>Se han celebrado exposiciones, talleres, se han elaborado maquetas, carteles, conferencias, viajes para tener una visi\u00f3n multidisciplinar de lo que supone el agua<\/p>\n<p>&nbsp;<\/p>\n<p><img loading=\"lazy\" decoding=\"async\" class=\"alignleft wp-image-1583 size-large\" title=\"Representaci\u00f3n relativa de agua en distintos lugares\" src=\"https:\/\/blogsaverroes.juntadeandalucia.es\/cristobalcolonweb\/files\/2024\/05\/WhatsApp-Image-2024-04-30-at-17.47.10-2-1024x461.jpeg\" alt=\"\" width=\"1024\" height=\"461\" srcset=\"https:\/\/blogsaverroes.juntadeandalucia.es\/cristobalcolonweb\/files\/2024\/05\/WhatsApp-Image-2024-04-30-at-17.47.10-2-980x441.jpeg 980w, https:\/\/blogsaverroes.juntadeandalucia.es\/cristobalcolonweb\/files\/2024\/05\/WhatsApp-Image-2024-04-30-at-17.47.10-2-480x216.jpeg 480w\" sizes=\"(min-width: 0px) and (max-width: 480px) 480px, (min-width: 481px) and (max-width: 980px) 980px, (min-width: 981px) 1024px, 100vw\" \/><img loading=\"lazy\" decoding=\"async\" class=\"alignleft wp-image-1575 size-large\" title=\"Taller de cianotipia\" src=\"https:\/\/blogsaverroes.juntadeandalucia.es\/cristobalcolonweb\/files\/2024\/05\/WhatsApp-Image-2024-05-06-at-09.32.12-2-1024x461.jpeg\" alt=\"\" width=\"1024\" height=\"461\" srcset=\"https:\/\/blogsaverroes.juntadeandalucia.es\/cristobalcolonweb\/files\/2024\/05\/WhatsApp-Image-2024-05-06-at-09.32.12-2-980x441.jpeg 980w, https:\/\/blogsaverroes.juntadeandalucia.es\/cristobalcolonweb\/files\/2024\/05\/WhatsApp-Image-2024-05-06-at-09.32.12-2-480x216.jpeg 480w\" sizes=\"(min-width: 0px) and (max-width: 480px) 480px, (min-width: 481px) and (max-width: 980px) 980px, (min-width: 981px) 1024px, 100vw\" \/><img loading=\"lazy\" decoding=\"async\" class=\"alignleft wp-image-1586 size-large\" title=\"Mini charlas y exposiciones del alumnado de 2\u00baBto\" src=\"https:\/\/blogsaverroes.juntadeandalucia.es\/cristobalcolonweb\/files\/2024\/05\/WhatsApp-Image-2024-04-30-at-17.47.09-3-1024x461.jpeg\" alt=\"\" width=\"1024\" height=\"461\" srcset=\"https:\/\/blogsaverroes.juntadeandalucia.es\/cristobalcolonweb\/files\/2024\/05\/WhatsApp-Image-2024-04-30-at-17.47.09-3-980x441.jpeg 980w, https:\/\/blogsaverroes.juntadeandalucia.es\/cristobalcolonweb\/files\/2024\/05\/WhatsApp-Image-2024-04-30-at-17.47.09-3-480x216.jpeg 480w\" sizes=\"(min-width: 0px) and (max-width: 480px) 480px, (min-width: 481px) and (max-width: 980px) 980px, (min-width: 981px) 1024px, 100vw\" \/><\/p>\n<p><img loading=\"lazy\" decoding=\"async\" class=\"alignleft wp-image-1590 size-large\" title=\"Maqueta sobre los pantanos de nuestra provincia\" src=\"https:\/\/blogsaverroes.juntadeandalucia.es\/cristobalcolonweb\/files\/2024\/05\/WhatsApp-Image-2024-04-30-at-17.47.08-1024x461.jpeg\" alt=\"\" width=\"1024\" height=\"461\" srcset=\"https:\/\/blogsaverroes.juntadeandalucia.es\/cristobalcolonweb\/files\/2024\/05\/WhatsApp-Image-2024-04-30-at-17.47.08-980x441.jpeg 980w, https:\/\/blogsaverroes.juntadeandalucia.es\/cristobalcolonweb\/files\/2024\/05\/WhatsApp-Image-2024-04-30-at-17.47.08-480x216.jpeg 480w\" sizes=\"(min-width: 0px) and (max-width: 480px) 480px, (min-width: 481px) and (max-width: 980px) 980px, (min-width: 981px) 1024px, 100vw\" \/><\/p>\n<\/div>\n<p>[\/et_pb_text][\/et_pb_column][et_pb_column type=&#8221;1_2&#8243; _builder_version=&#8221;4.16&#8243; background_image=&#8221;https:\/\/blogsaverroes.juntadeandalucia.es\/cristobalcolonweb\/files\/2023\/11\/Img_01-5.png&#8221; background_size=&#8221;initial&#8221; background_position=&#8221;bottom_center&#8221; custom_padding=&#8221;||100px|&#8221; global_colors_info=&#8221;{}&#8221; custom_padding__hover=&#8221;|||&#8221;][et_pb_image src=&#8221;https:\/\/blogsaverroes.juntadeandalucia.es\/cristobalcolonweb\/files\/2024\/05\/WhatsApp-Image-2024-05-03-at-08.52.47.jpeg&#8221; title_text=&#8221;WhatsApp Image 2024-05-03 at 08.52.47&#8243; force_fullwidth=&#8221;on&#8221; align_tablet=&#8221;center&#8221; align_phone=&#8221;center&#8221; align_last_edited=&#8221;on|desktop&#8221; _builder_version=&#8221;4.24.2&#8243; module_alignment=&#8221;center&#8221; min_height=&#8221;500px&#8221; height=&#8221;500px&#8221; max_height=&#8221;500px&#8221; animation_style=&#8221;slide&#8221; animation_direction=&#8221;top&#8221; animation_intensity_slide=&#8221;10%&#8221; animation_starting_opacity=&#8221;100%&#8221; global_colors_info=&#8221;{}&#8221;][\/et_pb_image][\/et_pb_column][\/et_pb_row][\/et_pb_section][et_pb_section fb_built=&#8221;1&#8243; admin_label=&#8221;Marzo 2024&#8243; _builder_version=&#8221;4.16&#8243; custom_padding=&#8221;100px|0px|100px|0px&#8221; collapsed=&#8221;on&#8221; global_colors_info=&#8221;{}&#8221;][et_pb_row column_structure=&#8221;1_2,1_2&#8243; use_custom_gutter=&#8221;on&#8221; gutter_width=&#8221;0&#8243; admin_label=&#8221;DESCRIPCION_MARZO&#8221; _builder_version=&#8221;4.16&#8243; custom_margin=&#8221;|||&#8221; custom_padding=&#8221;|||&#8221; collapsed=&#8221;off&#8221; global_colors_info=&#8221;{}&#8221;][et_pb_column type=&#8221;1_2&#8243; _builder_version=&#8221;4.16&#8243; custom_padding=&#8221;|||&#8221; global_colors_info=&#8221;{}&#8221; custom_padding__hover=&#8221;|||&#8221;][et_pb_text admin_label=&#8221;Marzo&#8221; _builder_version=&#8221;4.24.2&#8243; text_font=&#8221;||||||||&#8221; header_font=&#8221;||||||||&#8221; header_2_font=&#8221;Merriweather|700|||||||&#8221; header_2_font_size=&#8221;40px&#8221; header_2_line_height=&#8221;1.3em&#8221; custom_margin=&#8221;|||&#8221; custom_padding=&#8221;|||&#8221; global_colors_info=&#8221;{}&#8221;]<\/p>\n<h2>MARZO 2024:<\/h2>\n<p>[\/et_pb_text][et_pb_divider color=&#8221;#4646c4&#8243; divider_position=&#8221;center&#8221; divider_weight=&#8221;3px&#8221; _builder_version=&#8221;4.16&#8243; max_width=&#8221;90px&#8221; max_width_tablet=&#8221;13%&#8221; max_width_last_edited=&#8221;off|desktop&#8221; custom_margin=&#8221;15px|||&#8221; custom_padding=&#8221;|||&#8221; global_colors_info=&#8221;{}&#8221;][\/et_pb_divider][et_pb_text admin_label=&#8221;description&#8221; _builder_version=&#8221;4.16&#8243; text_font=&#8221;||||||||&#8221; text_font_size=&#8221;20px&#8221; text_line_height=&#8221;1.8em&#8221; max_width_tablet=&#8221;89%&#8221; max_width_phone=&#8221;97%&#8221; max_width_last_edited=&#8221;off|desktop&#8221; custom_margin=&#8221;30px|||&#8221; custom_padding=&#8221;|||&#8221; global_colors_info=&#8221;{}&#8221;]<\/p>\n<p>1: DESAYUNO ANDALUZ. CELEBRACI\u00d3N DEL D\u00cdA DE ANDALUC\u00cdA<\/p>\n<p>DEL 5 AL 8: CHARLAS SOBRE &#8220;PROYECTO HOMBRE&#8221;. ALUMNADO 1ESO<\/p>\n<p>8: D\u00cdA DE LA MUJER<\/p>\n<p>DEL 11 AL 14: TALLER: &#8220;NUEVAS FORMAS DE FUMAR&#8221;. ALUMNADO 2ESO, 3ESO<\/p>\n<p>DEL 11 AL 15: TALLER: CARNET JOVEN Y PROGRAMAS EUROPEOS.&nbsp; 4 ESO, 2BTO, CFGM<\/p>\n<p>DEL 18 AL 21: VIAJE DE ESTUDIOS DE 4ESO, VIAJE CULTURAL 2BTO<\/p>\n<p>&nbsp;<\/p>\n<p>[\/et_pb_text][\/et_pb_column][et_pb_column type=&#8221;1_2&#8243; _builder_version=&#8221;4.16&#8243; custom_padding=&#8221;|||&#8221; global_colors_info=&#8221;{}&#8221; custom_padding__hover=&#8221;|||&#8221;][et_pb_image src=&#8221;https:\/\/blogsaverroes.juntadeandalucia.es\/cristobalcolonweb\/files\/2023\/05\/home-office-02.jpg&#8221; title_text=&#8221;home-office-02&#8243; _builder_version=&#8221;4.16&#8243; _module_preset=&#8221;default&#8221; width=&#8221;50%&#8221; max_width=&#8221;50%&#8221; border_radii=&#8221;on|1px|1px|1px|1px&#8221; global_colors_info=&#8221;{}&#8221;][\/et_pb_image][\/et_pb_column][\/et_pb_row][et_pb_row column_structure=&#8221;1_2,1_2&#8243; use_custom_gutter=&#8221;on&#8221; gutter_width=&#8221;1&#8243; admin_label=&#8221;Viaje cultural de 2bto&#8221; _builder_version=&#8221;4.16&#8243; custom_margin=&#8221;|||&#8221; custom_padding=&#8221;0px||100px|&#8221; collapsed=&#8221;on&#8221; global_colors_info=&#8221;{}&#8221;][et_pb_column type=&#8221;1_2&#8243; _builder_version=&#8221;4.16&#8243; custom_padding=&#8221;5%|||&#8221; global_colors_info=&#8221;{}&#8221; custom_padding__hover=&#8221;|||&#8221;][et_pb_image src=&#8221;https:\/\/blogsaverroes.juntadeandalucia.es\/cristobalcolonweb\/files\/2024\/03\/IMG-20240321-WA0010.jpg&#8221; title_text=&#8221;IMG-20240321-WA0010&#8243; force_fullwidth=&#8221;on&#8221; align_tablet=&#8221;center&#8221; align_phone=&#8221;center&#8221; align_last_edited=&#8221;on|desktop&#8221; _builder_version=&#8221;4.16&#8243; module_alignment=&#8221;center&#8221; min_height=&#8221;500px&#8221; height=&#8221;500px&#8221; max_height=&#8221;500px&#8221; animation_style=&#8221;slide&#8221; animation_direction=&#8221;top&#8221; animation_intensity_slide=&#8221;10%&#8221; animation_starting_opacity=&#8221;100%&#8221; global_colors_info=&#8221;{}&#8221;][\/et_pb_image][\/et_pb_column][et_pb_column type=&#8221;1_2&#8243; _builder_version=&#8221;4.16&#8243; background_image=&#8221;https:\/\/blogsaverroes.juntadeandalucia.es\/cristobalcolonweb\/files\/2023\/11\/Img_01-5.png&#8221; background_size=&#8221;initial&#8221; background_position=&#8221;bottom_center&#8221; custom_padding=&#8221;||100px|&#8221; global_colors_info=&#8221;{}&#8221; custom_padding__hover=&#8221;|||&#8221;][et_pb_text _builder_version=&#8221;4.16&#8243; text_font=&#8221;||||||||&#8221; text_text_color=&#8221;#7e7f94&#8243; text_font_size=&#8221;18px&#8221; text_line_height=&#8221;1.9em&#8221; header_font=&#8221;||||||||&#8221; header_2_font=&#8221;|600|||||||&#8221; header_2_text_color=&#8221;#7272ff&#8221; header_2_font_size=&#8221;19px&#8221; header_4_font=&#8221;Merriweather|700|||||||&#8221; header_4_text_color=&#8221;#4646c4&#8243; header_4_font_size=&#8221;20px&#8221; header_4_line_height=&#8221;1.7em&#8221; background_color=&#8221;#f5f9fb&#8221; text_orientation=&#8221;center&#8221; custom_margin=&#8221;|||&#8221; custom_padding=&#8221;60px|40px|60px|40px&#8221; animation_style=&#8221;slide&#8221; animation_direction=&#8221;bottom&#8221; animation_intensity_slide=&#8221;20%&#8221; animation_starting_opacity=&#8221;100%&#8221; global_colors_info=&#8221;{}&#8221;]<\/p>\n<h4>VIAJE DE ESTUDIOS A ROMA<\/h4>\n<div class=\"entry-content\">\n<p>Desde el 16 de marzo hasta el 21 nuestro alumnado de 2Bto de la opci\u00f3n de Humanidades y con sus profesores de Lat\u00edn e Historia est\u00e1n sumergidos en plena cultura cl\u00e1sica visitando la ciudad nuclear del Imperio Romano, la bella Roma.&nbsp;<\/p>\n<\/div>\n<p>[\/et_pb_text][\/et_pb_column][\/et_pb_row][et_pb_row column_structure=&#8221;1_2,1_2&#8243; use_custom_gutter=&#8221;on&#8221; gutter_width=&#8221;1&#8243; admin_label=&#8221;Viaje de estudios 4ESO&#8221; _builder_version=&#8221;4.16&#8243; custom_margin=&#8221;|||&#8221; custom_padding=&#8221;0px||100px|&#8221; collapsed=&#8221;on&#8221; global_colors_info=&#8221;{}&#8221;][et_pb_column type=&#8221;1_2&#8243; _builder_version=&#8221;4.16&#8243; custom_padding=&#8221;5%|||&#8221; global_colors_info=&#8221;{}&#8221; custom_padding__hover=&#8221;|||&#8221;][et_pb_text content_tablet=&#8221;&#8221; content_phone=&#8221;&#8221; content_last_edited=&#8221;on|desktop&#8221; _builder_version=&#8221;4.16&#8243; text_font=&#8221;||||||||&#8221; text_text_color=&#8221;#7e7f94&#8243; text_font_size=&#8221;18px&#8221; text_line_height=&#8221;1.9em&#8221; header_font=&#8221;||||||||&#8221; header_2_font=&#8221;|600|||||||&#8221; header_2_text_color=&#8221;#7272ff&#8221; header_2_font_size=&#8221;19px&#8221; header_4_font=&#8221;Merriweather|700|||||||&#8221; header_4_text_color=&#8221;#4646c4&#8243; header_4_font_size=&#8221;20px&#8221; header_4_line_height=&#8221;1.7em&#8221; background_color=&#8221;#f5f9fb&#8221; text_orientation=&#8221;center&#8221; width=&#8221;%221024%22&#8243; custom_margin=&#8221;|||&#8221; custom_padding=&#8221;60px|40px|60px|40px&#8221; animation_style=&#8221;slide&#8221; animation_direction=&#8221;bottom&#8221; animation_intensity_slide=&#8221;20%&#8221; animation_starting_opacity=&#8221;100%&#8221; global_colors_info=&#8221;{}&#8221;]<\/p>\n<h4>VIAJE DE ESTUDIOS A BARCELONA<\/h4>\n<div class=\"entry-content\">\n<p>Desde el 16 de marzo hasta el 22 el alumnado de 4 ESO est\u00e1 disfrutando por tierras catalanas en su viaje de estudios. Su viaje a Barcelona les est\u00e1 permitiendo visitar lugares tan emblem\u00e1ticos como La Sagrada Familia, el barrio Medieval, el <a id=\"link_web_eslogan\" href=\"https:\/\/parkguell.barcelona\/es\">Parque G\u00fcell<\/a>. <\/p>\n<p><img loading=\"lazy\" decoding=\"async\" class=\"aligncenter wp-image-1497 size-large\" src=\"https:\/\/blogsaverroes.juntadeandalucia.es\/cristobalcolonweb\/files\/2024\/03\/IMG-20240321-WA0009-1024x757.jpg\" alt=\"\" width=\"1024\" height=\"757\" srcset=\"https:\/\/blogsaverroes.juntadeandalucia.es\/cristobalcolonweb\/files\/2024\/03\/IMG-20240321-WA0009-1024x757.jpg 1024w, https:\/\/blogsaverroes.juntadeandalucia.es\/cristobalcolonweb\/files\/2024\/03\/IMG-20240321-WA0009-980x724.jpg 980w, https:\/\/blogsaverroes.juntadeandalucia.es\/cristobalcolonweb\/files\/2024\/03\/IMG-20240321-WA0009-480x355.jpg 480w\" sizes=\"(min-width: 0px) and (max-width: 480px) 480px, (min-width: 481px) and (max-width: 980px) 980px, (min-width: 981px) 1024px, 100vw\" \/><\/p>\n<\/div>\n<p>[\/et_pb_text][\/et_pb_column][et_pb_column type=&#8221;1_2&#8243; _builder_version=&#8221;4.16&#8243; background_image=&#8221;https:\/\/blogsaverroes.juntadeandalucia.es\/cristobalcolonweb\/files\/2023\/11\/Img_01-5.png&#8221; background_size=&#8221;initial&#8221; background_position=&#8221;bottom_center&#8221; custom_padding=&#8221;||100px|&#8221; global_colors_info=&#8221;{}&#8221; custom_padding__hover=&#8221;|||&#8221;][et_pb_image src=&#8221;https:\/\/blogsaverroes.juntadeandalucia.es\/cristobalcolonweb\/files\/2024\/03\/IMG-20240321-WA0008.jpg&#8221; title_text=&#8221;IMG-20240321-WA0008&#8243; align_tablet=&#8221;center&#8221; align_phone=&#8221;center&#8221; align_last_edited=&#8221;on|desktop&#8221; _builder_version=&#8221;4.16&#8243; width=&#8221;60%&#8221; module_alignment=&#8221;center&#8221; min_height=&#8221;500px&#8221; height=&#8221;500px&#8221; max_height=&#8221;500px&#8221; animation_style=&#8221;slide&#8221; animation_direction=&#8221;top&#8221; animation_intensity_slide=&#8221;10%&#8221; animation_starting_opacity=&#8221;100%&#8221; global_colors_info=&#8221;{}&#8221;][\/et_pb_image][\/et_pb_column][\/et_pb_row][et_pb_row column_structure=&#8221;1_2,1_2&#8243; use_custom_gutter=&#8221;on&#8221; gutter_width=&#8221;1&#8243; admin_label=&#8221;D\u00eda de Andaluc\u00eda&#8221; _builder_version=&#8221;4.16&#8243; custom_margin=&#8221;|||&#8221; custom_padding=&#8221;0px||100px|&#8221; collapsed=&#8221;off&#8221; global_colors_info=&#8221;{}&#8221;][et_pb_column type=&#8221;1_2&#8243; _builder_version=&#8221;4.16&#8243; custom_padding=&#8221;5%|||&#8221; global_colors_info=&#8221;{}&#8221; custom_padding__hover=&#8221;|||&#8221;][et_pb_image src=&#8221;https:\/\/blogsaverroes.juntadeandalucia.es\/cristobalcolonweb\/files\/2024\/03\/IMG-20240321-WA0000.jpg&#8221; title_text=&#8221;IMG-20240321-WA0000&#8243; align_tablet=&#8221;center&#8221; align_phone=&#8221;center&#8221; align_last_edited=&#8221;on|desktop&#8221; _builder_version=&#8221;4.16&#8243; width=&#8221;60%&#8221; module_alignment=&#8221;center&#8221; min_height=&#8221;500px&#8221; height=&#8221;500px&#8221; max_height=&#8221;500px&#8221; animation_style=&#8221;slide&#8221; animation_direction=&#8221;top&#8221; animation_intensity_slide=&#8221;10%&#8221; animation_starting_opacity=&#8221;100%&#8221; global_colors_info=&#8221;{}&#8221;][\/et_pb_image][\/et_pb_column][et_pb_column type=&#8221;1_2&#8243; _builder_version=&#8221;4.16&#8243; background_image=&#8221;https:\/\/blogsaverroes.juntadeandalucia.es\/cristobalcolonweb\/files\/2023\/11\/Img_01-5.png&#8221; background_size=&#8221;initial&#8221; background_position=&#8221;bottom_center&#8221; custom_padding=&#8221;||100px|&#8221; global_colors_info=&#8221;{}&#8221; custom_padding__hover=&#8221;|||&#8221;][et_pb_text content_tablet=&#8221;&#8221; content_phone=&#8221;&#8221; content_last_edited=&#8221;on|desktop&#8221; _builder_version=&#8221;4.16&#8243; text_font=&#8221;||||||||&#8221; text_text_color=&#8221;#7e7f94&#8243; text_font_size=&#8221;18px&#8221; text_line_height=&#8221;1.9em&#8221; header_font=&#8221;||||||||&#8221; header_2_font=&#8221;|600|||||||&#8221; header_2_text_color=&#8221;#7272ff&#8221; header_2_font_size=&#8221;19px&#8221; header_4_font=&#8221;Merriweather|700|||||||&#8221; header_4_text_color=&#8221;#4646c4&#8243; header_4_font_size=&#8221;20px&#8221; header_4_line_height=&#8221;1.7em&#8221; background_color=&#8221;#f5f9fb&#8221; text_orientation=&#8221;center&#8221; width=&#8221;%221024%22&#8243; custom_margin=&#8221;|||&#8221; custom_padding=&#8221;60px|40px|60px|40px&#8221; animation_style=&#8221;slide&#8221; animation_direction=&#8221;bottom&#8221; animation_intensity_slide=&#8221;20%&#8221; animation_starting_opacity=&#8221;100%&#8221; global_colors_info=&#8221;{}&#8221;]<\/p>\n<h4>CELEBRACI\u00d3N DEL D\u00cdA DE ANDALUC\u00cdA<\/h4>\n<div class=\"entry-content\">\n<p>Debido al calendario, este curso se celebr\u00f3 el d\u00eda de Andaluc\u00eda en el Instituto el 1 de marzo. <\/p>\n<p>En la celebraci\u00f3n hubo un desayuno andaluz, con la participaci\u00f3n inestimable de las madres de la AMPA, la entrega de premios al mejor disfraz de carnaval individual y de grupo y las actuaciones estupendas de nuestro alumnado con arte. La cantera del cante, el toque y el baile est\u00e1n asegurados con estos j\u00f3venes art\u00edstas.<\/p>\n<p><img loading=\"lazy\" decoding=\"async\" class=\"alignleft wp-image-1492 size-medium\" src=\"https:\/\/blogsaverroes.juntadeandalucia.es\/cristobalcolonweb\/files\/2024\/03\/IMG-20240321-WA0003-225x300.jpg\" alt=\"\" width=\"225\" height=\"300\"> <img loading=\"lazy\" decoding=\"async\" class=\"alignright wp-image-1493 size-medium\" src=\"https:\/\/blogsaverroes.juntadeandalucia.es\/cristobalcolonweb\/files\/2024\/03\/IMG-20240321-WA0005-300x169.jpg\" alt=\"\" width=\"300\" height=\"169\"> <img loading=\"lazy\" decoding=\"async\" class=\"alignleft wp-image-1491 size-medium\" src=\"https:\/\/blogsaverroes.juntadeandalucia.es\/cristobalcolonweb\/files\/2024\/03\/IMG-20240321-WA0002-225x300.jpg\" alt=\"\" width=\"225\" height=\"300\"> <img loading=\"lazy\" decoding=\"async\" class=\"alignright wp-image-1490 size-medium\" src=\"https:\/\/blogsaverroes.juntadeandalucia.es\/cristobalcolonweb\/files\/2024\/03\/IMG-20240321-WA0001-146x300.jpg\" alt=\"\" width=\"146\" height=\"300\"> <img loading=\"lazy\" decoding=\"async\" class=\"alignright wp-image-1489 size-medium\" src=\"https:\/\/blogsaverroes.juntadeandalucia.es\/cristobalcolonweb\/files\/2024\/03\/IMG-20240321-WA0000-225x300.jpg\" alt=\"\" width=\"225\" height=\"300\"> <img loading=\"lazy\" decoding=\"async\" class=\"alignleft wp-image-1494 size-medium\" src=\"https:\/\/blogsaverroes.juntadeandalucia.es\/cristobalcolonweb\/files\/2024\/03\/IMG-20240321-WA0006-300x169.jpg\" alt=\"\" width=\"300\" height=\"169\"><\/p>\n<p>&nbsp;<\/p>\n<p>&nbsp;<\/p>\n<\/div>\n<p>[\/et_pb_text][\/et_pb_column][\/et_pb_row][\/et_pb_section][et_pb_section fb_built=&#8221;1&#8243; admin_label=&#8221;Febrero 2024&#8243; _builder_version=&#8221;4.16&#8243; custom_padding=&#8221;100px|0px|100px|0px&#8221; collapsed=&#8221;on&#8221; global_colors_info=&#8221;{}&#8221;][et_pb_row column_structure=&#8221;1_2,1_2&#8243; use_custom_gutter=&#8221;on&#8221; gutter_width=&#8221;0&#8243; admin_label=&#8221;DESCRIPCION_FEB&#8221; _builder_version=&#8221;4.16&#8243; custom_margin=&#8221;|||&#8221; custom_padding=&#8221;|||&#8221; collapsed=&#8221;off&#8221; global_colors_info=&#8221;{}&#8221;][et_pb_column type=&#8221;1_2&#8243; _builder_version=&#8221;4.16&#8243; custom_padding=&#8221;|||&#8221; global_colors_info=&#8221;{}&#8221; custom_padding__hover=&#8221;|||&#8221;][et_pb_text admin_label=&#8221;Febrero&#8221; _builder_version=&#8221;4.24.2&#8243; text_font=&#8221;||||||||&#8221; header_font=&#8221;||||||||&#8221; header_2_font=&#8221;Merriweather|700|||||||&#8221; header_2_font_size=&#8221;40px&#8221; header_2_line_height=&#8221;1.3em&#8221; custom_margin=&#8221;|||&#8221; custom_padding=&#8221;|||&#8221; global_colors_info=&#8221;{}&#8221;]<\/p>\n<h2>FEBRERO 2024:<\/h2>\n<p>[\/et_pb_text][et_pb_divider color=&#8221;#4646c4&#8243; divider_position=&#8221;center&#8221; divider_weight=&#8221;3px&#8221; _builder_version=&#8221;4.16&#8243; max_width=&#8221;90px&#8221; max_width_tablet=&#8221;13%&#8221; max_width_last_edited=&#8221;off|desktop&#8221; custom_margin=&#8221;15px|||&#8221; custom_padding=&#8221;|||&#8221; global_colors_info=&#8221;{}&#8221;][\/et_pb_divider][et_pb_text admin_label=&#8221;description&#8221; _builder_version=&#8221;4.16&#8243; text_font=&#8221;||||||||&#8221; text_font_size=&#8221;20px&#8221; text_line_height=&#8221;1.8em&#8221; max_width_tablet=&#8221;89%&#8221; max_width_phone=&#8221;97%&#8221; max_width_last_edited=&#8221;off|desktop&#8221; custom_margin=&#8221;30px|||&#8221; custom_padding=&#8221;|||&#8221; global_colors_info=&#8221;{}&#8221;]<\/p>\n<p>5: TALLER PRIMEROS AUXILIOS PARA 1BTO<\/p>\n<p>9: TALLER BULLYING 1ESO A,B<\/p>\n<p>9: TALLER: MUJERES Y EL MAR DEL INSTITUTO OCEANOGR\u00c1FICO PARA 3ESO<\/p>\n<p>12: TALLER: LA NI\u00d1A Y LA. CIENCIA<\/p>\n<p>14: TALLER: ASTRONOM\u00cdA. 1BTO Y 4 ESO<\/p>\n<p>15: TALLER: LA NI\u00d1A Y LA CIENCIA. CONEXI\u00d3N CON LA EXPEDICI\u00d3N HESP\u00c9RIDES<\/p>\n<p>19: TALLER SOBRE TRANSFOBIA Y HOMOFOBIA. 3ESO<\/p>\n<p>22: VISITA A LA UCA. 1,2 BTO<\/p>\n<p>&nbsp;<\/p>\n<p>[\/et_pb_text][\/et_pb_column][et_pb_column type=&#8221;1_2&#8243; _builder_version=&#8221;4.16&#8243; custom_padding=&#8221;|||&#8221; global_colors_info=&#8221;{}&#8221; custom_padding__hover=&#8221;|||&#8221;][et_pb_image src=&#8221;https:\/\/blogsaverroes.juntadeandalucia.es\/cristobalcolonweb\/files\/2024\/01\/Feria1.jpg&#8221; title_text=&#8221;Feria1&#8243; _builder_version=&#8221;4.16&#8243; _module_preset=&#8221;default&#8221; width=&#8221;50%&#8221; max_width=&#8221;50%&#8221; border_radii=&#8221;on|1px|1px|1px|1px&#8221; global_colors_info=&#8221;{}&#8221;][\/et_pb_image][\/et_pb_column][\/et_pb_row][et_pb_row column_structure=&#8221;1_2,1_2&#8243; use_custom_gutter=&#8221;on&#8221; gutter_width=&#8221;1&#8243; admin_label=&#8221;Feria de la Ciencia&#8221; _builder_version=&#8221;4.16&#8243; custom_margin=&#8221;|||&#8221; custom_padding=&#8221;0px||100px|&#8221; collapsed=&#8221;off&#8221; global_colors_info=&#8221;{}&#8221;][et_pb_column type=&#8221;1_2&#8243; _builder_version=&#8221;4.16&#8243; custom_padding=&#8221;5%|||&#8221; global_colors_info=&#8221;{}&#8221; custom_padding__hover=&#8221;|||&#8221;][et_pb_image src=&#8221;https:\/\/blogsaverroes.juntadeandalucia.es\/cristobalcolonweb\/files\/2024\/01\/Feria2.jpg&#8221; title_text=&#8221;Feria2&#8243; align_tablet=&#8221;center&#8221; align_phone=&#8221;center&#8221; align_last_edited=&#8221;on|desktop&#8221; _builder_version=&#8221;4.16&#8243; width=&#8221;60%&#8221; module_alignment=&#8221;center&#8221; min_height=&#8221;500px&#8221; height=&#8221;500px&#8221; max_height=&#8221;500px&#8221; animation_style=&#8221;slide&#8221; animation_direction=&#8221;top&#8221; animation_intensity_slide=&#8221;10%&#8221; animation_starting_opacity=&#8221;100%&#8221; global_colors_info=&#8221;{}&#8221;][\/et_pb_image][\/et_pb_column][et_pb_column type=&#8221;1_2&#8243; _builder_version=&#8221;4.16&#8243; background_image=&#8221;https:\/\/blogsaverroes.juntadeandalucia.es\/cristobalcolonweb\/files\/2023\/11\/Img_01-5.png&#8221; background_size=&#8221;initial&#8221; background_position=&#8221;bottom_center&#8221; custom_padding=&#8221;||100px|&#8221; global_colors_info=&#8221;{}&#8221; custom_padding__hover=&#8221;|||&#8221;][et_pb_text _builder_version=&#8221;4.16&#8243; text_font=&#8221;||||||||&#8221; text_text_color=&#8221;#7e7f94&#8243; text_font_size=&#8221;18px&#8221; text_line_height=&#8221;1.9em&#8221; header_font=&#8221;||||||||&#8221; header_2_font=&#8221;|600|||||||&#8221; header_2_text_color=&#8221;#7272ff&#8221; header_2_font_size=&#8221;19px&#8221; header_4_font=&#8221;Merriweather|700|||||||&#8221; header_4_text_color=&#8221;#4646c4&#8243; header_4_font_size=&#8221;20px&#8221; header_4_line_height=&#8221;1.7em&#8221; background_color=&#8221;#f5f9fb&#8221; text_orientation=&#8221;center&#8221; custom_margin=&#8221;|||&#8221; custom_padding=&#8221;60px|40px|60px|40px&#8221; animation_style=&#8221;slide&#8221; animation_direction=&#8221;bottom&#8221; animation_intensity_slide=&#8221;20%&#8221; animation_starting_opacity=&#8221;100%&#8221; global_colors_info=&#8221;{}&#8221;]<\/p>\n<h4>FERIA DE LA CIENCIA DE SANL\u00daCAR<\/h4>\n<div class=\"entry-content\">\n<p>Durante los d\u00edas 25 y 26 de enero se celebr\u00f3 en Sanl\u00facar la feria de la Ciencia con la presencia de nuestro alumnado que particip\u00f3 como monitores en el stand de la Sociedad de Matem\u00e1ticas THALES animando a los asistentes a participar en juegos y pasatiempos matem\u00e1ticos.<\/p>\n<p>Adem\u00e1s distintos grupos del centro visitaron la feria e interactuaron con distintas experiencias cient\u00edficas elaboradas por otros compa\u00f1eros y compa\u00f1eras de otros centros.<\/p>\n<\/div>\n<p>[\/et_pb_text][\/et_pb_column][\/et_pb_row][\/et_pb_section][et_pb_section fb_built=&#8221;1&#8243; admin_label=&#8221;Enero 2024&#8243; _builder_version=&#8221;4.16&#8243; custom_padding=&#8221;100px|0px|100px|0px&#8221; collapsed=&#8221;on&#8221; global_colors_info=&#8221;{}&#8221;][et_pb_row column_structure=&#8221;1_2,1_2&#8243; use_custom_gutter=&#8221;on&#8221; gutter_width=&#8221;0&#8243; admin_label=&#8221;DESCRIPCION_ENE&#8221; _builder_version=&#8221;4.16&#8243; custom_margin=&#8221;|||&#8221; custom_padding=&#8221;|||&#8221; collapsed=&#8221;off&#8221; global_colors_info=&#8221;{}&#8221;][et_pb_column type=&#8221;1_2&#8243; _builder_version=&#8221;4.16&#8243; custom_padding=&#8221;|||&#8221; global_colors_info=&#8221;{}&#8221; custom_padding__hover=&#8221;|||&#8221;][et_pb_text admin_label=&#8221;Enero&#8221; _builder_version=&#8221;4.24.2&#8243; text_font=&#8221;||||||||&#8221; header_font=&#8221;||||||||&#8221; header_2_font=&#8221;Merriweather|700|||||||&#8221; header_2_font_size=&#8221;40px&#8221; header_2_line_height=&#8221;1.3em&#8221; custom_margin=&#8221;|||&#8221; custom_padding=&#8221;|||&#8221; global_colors_info=&#8221;{}&#8221;]<\/p>\n<h2>ENERO 2024:<\/h2>\n<p>[\/et_pb_text][et_pb_divider color=&#8221;#4646c4&#8243; divider_position=&#8221;center&#8221; divider_weight=&#8221;3px&#8221; _builder_version=&#8221;4.16&#8243; max_width=&#8221;90px&#8221; max_width_tablet=&#8221;13%&#8221; max_width_last_edited=&#8221;off|desktop&#8221; custom_margin=&#8221;15px|||&#8221; custom_padding=&#8221;|||&#8221; global_colors_info=&#8221;{}&#8221;][\/et_pb_divider][et_pb_text admin_label=&#8221;description&#8221; _builder_version=&#8221;4.16&#8243; text_font=&#8221;||||||||&#8221; text_font_size=&#8221;20px&#8221; text_line_height=&#8221;1.8em&#8221; max_width_tablet=&#8221;89%&#8221; max_width_phone=&#8221;97%&#8221; max_width_last_edited=&#8221;off|desktop&#8221; custom_margin=&#8221;30px|||&#8221; custom_padding=&#8221;|||&#8221; global_colors_info=&#8221;{}&#8221;]<\/p>\n<p>25: FERIA DE LA CIENCIA DE SANL\u00daCAR<\/p>\n<p>[\/et_pb_text][\/et_pb_column][et_pb_column type=&#8221;1_2&#8243; _builder_version=&#8221;4.16&#8243; custom_padding=&#8221;|||&#8221; global_colors_info=&#8221;{}&#8221; custom_padding__hover=&#8221;|||&#8221;][et_pb_image src=&#8221;https:\/\/blogsaverroes.juntadeandalucia.es\/cristobalcolonweb\/files\/2024\/01\/Feria1.jpg&#8221; title_text=&#8221;Feria1&#8243; _builder_version=&#8221;4.16&#8243; _module_preset=&#8221;default&#8221; width=&#8221;50%&#8221; max_width=&#8221;50%&#8221; border_radii=&#8221;on|1px|1px|1px|1px&#8221; global_colors_info=&#8221;{}&#8221;][\/et_pb_image][\/et_pb_column][\/et_pb_row][et_pb_row column_structure=&#8221;1_2,1_2&#8243; use_custom_gutter=&#8221;on&#8221; gutter_width=&#8221;1&#8243; admin_label=&#8221;Feria de la Ciencia&#8221; _builder_version=&#8221;4.16&#8243; custom_margin=&#8221;|||&#8221; custom_padding=&#8221;0px||100px|&#8221; collapsed=&#8221;on&#8221; global_colors_info=&#8221;{}&#8221;][et_pb_column type=&#8221;1_2&#8243; _builder_version=&#8221;4.16&#8243; custom_padding=&#8221;5%|||&#8221; global_colors_info=&#8221;{}&#8221; custom_padding__hover=&#8221;|||&#8221;][et_pb_image src=&#8221;https:\/\/blogsaverroes.juntadeandalucia.es\/cristobalcolonweb\/files\/2024\/01\/Feria2.jpg&#8221; title_text=&#8221;Feria2&#8243; align_tablet=&#8221;center&#8221; align_phone=&#8221;center&#8221; align_last_edited=&#8221;on|desktop&#8221; _builder_version=&#8221;4.16&#8243; width=&#8221;60%&#8221; module_alignment=&#8221;center&#8221; min_height=&#8221;500px&#8221; height=&#8221;500px&#8221; max_height=&#8221;500px&#8221; animation_style=&#8221;slide&#8221; animation_direction=&#8221;top&#8221; animation_intensity_slide=&#8221;10%&#8221; animation_starting_opacity=&#8221;100%&#8221; global_colors_info=&#8221;{}&#8221;][\/et_pb_image][\/et_pb_column][et_pb_column type=&#8221;1_2&#8243; _builder_version=&#8221;4.16&#8243; background_image=&#8221;https:\/\/blogsaverroes.juntadeandalucia.es\/cristobalcolonweb\/files\/2023\/11\/Img_01-5.png&#8221; background_size=&#8221;initial&#8221; background_position=&#8221;bottom_center&#8221; custom_padding=&#8221;||100px|&#8221; global_colors_info=&#8221;{}&#8221; custom_padding__hover=&#8221;|||&#8221;][et_pb_text _builder_version=&#8221;4.16&#8243; text_font=&#8221;||||||||&#8221; text_text_color=&#8221;#7e7f94&#8243; text_font_size=&#8221;18px&#8221; text_line_height=&#8221;1.9em&#8221; header_font=&#8221;||||||||&#8221; header_2_font=&#8221;|600|||||||&#8221; header_2_text_color=&#8221;#7272ff&#8221; header_2_font_size=&#8221;19px&#8221; header_4_font=&#8221;Merriweather|700|||||||&#8221; header_4_text_color=&#8221;#4646c4&#8243; header_4_font_size=&#8221;20px&#8221; header_4_line_height=&#8221;1.7em&#8221; background_color=&#8221;#f5f9fb&#8221; text_orientation=&#8221;center&#8221; custom_margin=&#8221;|||&#8221; custom_padding=&#8221;60px|40px|60px|40px&#8221; animation_style=&#8221;slide&#8221; animation_direction=&#8221;bottom&#8221; animation_intensity_slide=&#8221;20%&#8221; animation_starting_opacity=&#8221;100%&#8221; global_colors_info=&#8221;{}&#8221;]<\/p>\n<h4>FERIA DE LA CIENCIA DE SANL\u00daCAR<\/h4>\n<div class=\"entry-content\">\n<p>Durante los d\u00edas 25 y 26 de enero se celebr\u00f3 en Sanl\u00facar la feria de la Ciencia con la presencia de nuestro alumnado que particip\u00f3 como monitores en el stand de la Sociedad de Matem\u00e1ticas THALES animando a los asistentes a participar en juegos y pasatiempos matem\u00e1ticos.<\/p>\n<p>Adem\u00e1s distintos grupos del centro visitaron la feria e interactuaron con distintas experiencias cient\u00edficas elaboradas por otros compa\u00f1eros y compa\u00f1eras de otros centros.<\/p>\n<\/div>\n<p>[\/et_pb_text][\/et_pb_column][\/et_pb_row][\/et_pb_section][et_pb_section fb_built=&#8221;1&#8243; admin_label=&#8221;Diciembre 2023&#8243; _builder_version=&#8221;4.16&#8243; custom_padding=&#8221;100px|0px|100px|0px&#8221; collapsed=&#8221;on&#8221; global_colors_info=&#8221;{}&#8221;][et_pb_row column_structure=&#8221;1_2,1_2&#8243; use_custom_gutter=&#8221;on&#8221; gutter_width=&#8221;0&#8243; admin_label=&#8221;DESCRIPCION_DIC&#8221; _builder_version=&#8221;4.16&#8243; custom_margin=&#8221;|||&#8221; custom_padding=&#8221;|||&#8221; collapsed=&#8221;off&#8221; global_colors_info=&#8221;{}&#8221;][et_pb_column type=&#8221;1_2&#8243; _builder_version=&#8221;4.16&#8243; custom_padding=&#8221;|||&#8221; global_colors_info=&#8221;{}&#8221; custom_padding__hover=&#8221;|||&#8221;][et_pb_text admin_label=&#8221;DICIEMBRE&#8221; _builder_version=&#8221;4.24.2&#8243; text_font=&#8221;||||||||&#8221; header_font=&#8221;||||||||&#8221; header_2_font=&#8221;Merriweather|700|||||||&#8221; header_2_font_size=&#8221;40px&#8221; header_2_line_height=&#8221;1.3em&#8221; custom_margin=&#8221;|||&#8221; custom_padding=&#8221;|||&#8221; global_colors_info=&#8221;{}&#8221;]<\/p>\n<h2>DICIEMBRE 2023:<\/h2>\n<p>[\/et_pb_text][et_pb_divider color=&#8221;#4646c4&#8243; divider_position=&#8221;center&#8221; divider_weight=&#8221;3px&#8221; _builder_version=&#8221;4.16&#8243; max_width=&#8221;90px&#8221; max_width_tablet=&#8221;13%&#8221; max_width_last_edited=&#8221;off|desktop&#8221; custom_margin=&#8221;15px|||&#8221; custom_padding=&#8221;|||&#8221; global_colors_info=&#8221;{}&#8221;][\/et_pb_divider][et_pb_text admin_label=&#8221;description&#8221; _builder_version=&#8221;4.16&#8243; text_font=&#8221;||||||||&#8221; text_font_size=&#8221;20px&#8221; text_line_height=&#8221;1.8em&#8221; max_width_tablet=&#8221;89%&#8221; max_width_phone=&#8221;97%&#8221; max_width_last_edited=&#8221;off|desktop&#8221; custom_margin=&#8221;30px|||&#8221; custom_padding=&#8221;|||&#8221; global_colors_info=&#8221;{}&#8221;]<\/p>\n<p>4: D\u00cdA DE LA DISCAPACIDAD<\/p>\n<p>4: LA HORA DEL C\u00d3DIGO<\/p>\n<p>[\/et_pb_text][\/et_pb_column][et_pb_column type=&#8221;1_2&#8243; _builder_version=&#8221;4.16&#8243; custom_padding=&#8221;|||&#8221; global_colors_info=&#8221;{}&#8221; custom_padding__hover=&#8221;|||&#8221;][et_pb_image src=&#8221;https:\/\/blogsaverroes.juntadeandalucia.es\/cristobalcolonweb\/files\/2023\/11\/conference_illustration_04.png&#8221; title_text=&#8221;conference_illustration_04&#8243; _builder_version=&#8221;4.16&#8243; _module_preset=&#8221;default&#8221; width=&#8221;50%&#8221; max_width=&#8221;50%&#8221; border_radii=&#8221;on|1px|1px|1px|1px&#8221; global_colors_info=&#8221;{}&#8221;][\/et_pb_image][\/et_pb_column][\/et_pb_row][et_pb_row column_structure=&#8221;1_2,1_2&#8243; use_custom_gutter=&#8221;on&#8221; gutter_width=&#8221;1&#8243; admin_label=&#8221;Discapacidad&#8221; _builder_version=&#8221;4.16&#8243; custom_margin=&#8221;|||&#8221; custom_padding=&#8221;0px||100px|&#8221; collapsed=&#8221;off&#8221; global_colors_info=&#8221;{}&#8221;][et_pb_column type=&#8221;1_2&#8243; _builder_version=&#8221;4.16&#8243; custom_padding=&#8221;5%|||&#8221; global_colors_info=&#8221;{}&#8221; custom_padding__hover=&#8221;|||&#8221;][et_pb_image src=&#8221;https:\/\/blogsaverroes.juntadeandalucia.es\/cristobalcolonweb\/files\/2023\/12\/IMG_20231204_145430-scaled.jpg&#8221; title_text=&#8221;IMG_20231204_145430&#8243; align_tablet=&#8221;center&#8221; align_phone=&#8221;center&#8221; align_last_edited=&#8221;on|desktop&#8221; _builder_version=&#8221;4.16&#8243; width=&#8221;60%&#8221; module_alignment=&#8221;center&#8221; min_height=&#8221;500px&#8221; height=&#8221;500px&#8221; max_height=&#8221;500px&#8221; animation_style=&#8221;slide&#8221; animation_direction=&#8221;top&#8221; animation_intensity_slide=&#8221;10%&#8221; animation_starting_opacity=&#8221;100%&#8221; global_colors_info=&#8221;{}&#8221;][\/et_pb_image][\/et_pb_column][et_pb_column type=&#8221;1_2&#8243; _builder_version=&#8221;4.16&#8243; background_image=&#8221;https:\/\/blogsaverroes.juntadeandalucia.es\/cristobalcolonweb\/files\/2023\/11\/Img_01-5.png&#8221; background_size=&#8221;initial&#8221; background_position=&#8221;bottom_center&#8221; custom_padding=&#8221;||100px|&#8221; global_colors_info=&#8221;{}&#8221; custom_padding__hover=&#8221;|||&#8221;][et_pb_text _builder_version=&#8221;4.16&#8243; text_font=&#8221;||||||||&#8221; text_text_color=&#8221;#7e7f94&#8243; text_font_size=&#8221;18px&#8221; text_line_height=&#8221;1.9em&#8221; header_font=&#8221;||||||||&#8221; header_2_font=&#8221;|600|||||||&#8221; header_2_text_color=&#8221;#7272ff&#8221; header_2_font_size=&#8221;19px&#8221; header_4_font=&#8221;Merriweather|700|||||||&#8221; header_4_text_color=&#8221;#4646c4&#8243; header_4_font_size=&#8221;20px&#8221; header_4_line_height=&#8221;1.7em&#8221; background_color=&#8221;#f5f9fb&#8221; text_orientation=&#8221;center&#8221; custom_margin=&#8221;|||&#8221; custom_padding=&#8221;60px|40px|60px|40px&#8221; animation_style=&#8221;slide&#8221; animation_direction=&#8221;bottom&#8221; animation_intensity_slide=&#8221;20%&#8221; animation_starting_opacity=&#8221;100%&#8221; global_colors_info=&#8221;{}&#8221;]<\/p>\n<h4>CELEBRACI\u00d3N DEL D\u00cdA DE LA DISCAPACIDAD<\/h4>\n<div class=\"entry-content\">\n<p>El 4 de diciembre&nbsp; es el d\u00eda de la Discapacidad. Celebramos este d\u00eda, con la visita de un aut\u00e9ntico campe\u00f3n de paddle en silla de ruedas. Desde el departamento de Orientaci\u00f3n se organiz\u00f3 la&nbsp; visita de&nbsp; Coco Bernal, campe\u00f3n de Espa\u00f1a en silla de ruedas, que di\u00f3 una charla al alumnado de 3ESO y 4ESO<\/p>\n<\/div>\n<p>[\/et_pb_text][\/et_pb_column][\/et_pb_row][et_pb_row column_structure=&#8221;1_2,1_2&#8243; use_custom_gutter=&#8221;on&#8221; gutter_width=&#8221;1&#8243; admin_label=&#8221;Codigo&#8221; _builder_version=&#8221;4.16&#8243; custom_margin=&#8221;|||&#8221; custom_padding=&#8221;0px||100px|&#8221; collapsed=&#8221;off&#8221; global_colors_info=&#8221;{}&#8221;][et_pb_column type=&#8221;1_2&#8243; _builder_version=&#8221;4.16&#8243; custom_padding=&#8221;5%|||&#8221; global_colors_info=&#8221;{}&#8221; custom_padding__hover=&#8221;|||&#8221;][et_pb_text _builder_version=&#8221;4.16&#8243; text_font=&#8221;||||||||&#8221; text_text_color=&#8221;#7e7f94&#8243; text_font_size=&#8221;18px&#8221; text_line_height=&#8221;1.9em&#8221; header_font=&#8221;||||||||&#8221; header_2_font=&#8221;|600|||||||&#8221; header_2_text_color=&#8221;#7272ff&#8221; header_2_font_size=&#8221;19px&#8221; header_4_font=&#8221;Merriweather|700|||||||&#8221; header_4_text_color=&#8221;#4646c4&#8243; header_4_font_size=&#8221;20px&#8221; header_4_line_height=&#8221;1.7em&#8221; background_color=&#8221;#f5f9fb&#8221; text_orientation=&#8221;center&#8221; custom_margin=&#8221;|||&#8221; custom_padding=&#8221;60px|40px|60px|40px&#8221; animation_style=&#8221;slide&#8221; animation_direction=&#8221;bottom&#8221; animation_intensity_slide=&#8221;20%&#8221; animation_starting_opacity=&#8221;100%&#8221; global_colors_info=&#8221;{}&#8221;]<\/p>\n<h4>LA HORA DEL C\u00d3DIGO<\/h4>\n<div class=\"entry-content\">\n<p>Con motivo de fomentar la creaci\u00f3n de programas y aplicaciones inform\u00e1ticas entre el alumnado, se celebra \u201cla hora del c\u00f3digo\u201d.<\/p>\n<p>En nuestro centro, el departamento de tecnolog\u00eda celebra este d\u00eda entre el alumnado de 1ESO, monitoreados por sus compa\u00f1eros y compa\u00f1eras de 3ESO este d\u00eda programando diversos juegos con ellos y ellas<\/p>\n<p>Un movimiento global en m\u00e1s de 180 pa\u00edses.<\/p>\n<\/div>\n<p>[\/et_pb_text][\/et_pb_column][et_pb_column type=&#8221;1_2&#8243; _builder_version=&#8221;4.16&#8243; background_image=&#8221;https:\/\/blogsaverroes.juntadeandalucia.es\/cristobalcolonweb\/files\/2023\/11\/Img_01-5.png&#8221; background_size=&#8221;initial&#8221; background_position=&#8221;bottom_center&#8221; custom_padding=&#8221;||100px|&#8221; global_colors_info=&#8221;{}&#8221; custom_padding__hover=&#8221;|||&#8221;][et_pb_image src=&#8221;https:\/\/blogsaverroes.juntadeandalucia.es\/cristobalcolonweb\/files\/2023\/12\/C170FB7D-0A8B-49A0-98EC-BDB2C18A83EA.jpg&#8221; title_text=&#8221;C170FB7D-0A8B-49A0-98EC-BDB2C18A83EA&#8221; align_tablet=&#8221;center&#8221; align_phone=&#8221;center&#8221; align_last_edited=&#8221;on|desktop&#8221; _builder_version=&#8221;4.16&#8243; width=&#8221;60%&#8221; module_alignment=&#8221;center&#8221; min_height=&#8221;500px&#8221; height=&#8221;500px&#8221; max_height=&#8221;500px&#8221; animation_style=&#8221;slide&#8221; animation_direction=&#8221;top&#8221; animation_intensity_slide=&#8221;10%&#8221; animation_starting_opacity=&#8221;100%&#8221; global_colors_info=&#8221;{}&#8221;][\/et_pb_image][\/et_pb_column][\/et_pb_row][\/et_pb_section][et_pb_section fb_built=&#8221;1&#8243; admin_label=&#8221;Noviembre 2023&#8243; _builder_version=&#8221;4.16&#8243; custom_padding=&#8221;100px|0px|100px|0px&#8221; collapsed=&#8221;on&#8221; global_colors_info=&#8221;{}&#8221;][et_pb_row column_structure=&#8221;1_2,1_2&#8243; use_custom_gutter=&#8221;on&#8221; gutter_width=&#8221;0&#8243; admin_label=&#8221;DESCRIPCION_NOV&#8221; _builder_version=&#8221;4.16&#8243; custom_margin=&#8221;|||&#8221; custom_padding=&#8221;|||&#8221; collapsed=&#8221;off&#8221; global_colors_info=&#8221;{}&#8221;][et_pb_column type=&#8221;1_2&#8243; _builder_version=&#8221;4.16&#8243; custom_padding=&#8221;|||&#8221; global_colors_info=&#8221;{}&#8221; custom_padding__hover=&#8221;|||&#8221;][et_pb_text admin_label=&#8221;NOVIEMBRE&#8221; _builder_version=&#8221;4.24.2&#8243; text_font=&#8221;||||||||&#8221; header_font=&#8221;||||||||&#8221; header_2_font=&#8221;Merriweather|700|||||||&#8221; header_2_font_size=&#8221;40px&#8221; header_2_line_height=&#8221;1.3em&#8221; custom_margin=&#8221;|||&#8221; custom_padding=&#8221;|||&#8221; global_colors_info=&#8221;{}&#8221;]<\/p>\n<h2>NOVIEMBRE 2023:<\/h2>\n<p>[\/et_pb_text][et_pb_divider color=&#8221;#4646c4&#8243; divider_position=&#8221;center&#8221; divider_weight=&#8221;3px&#8221; _builder_version=&#8221;4.16&#8243; max_width=&#8221;90px&#8221; max_width_tablet=&#8221;13%&#8221; max_width_last_edited=&#8221;off|desktop&#8221; custom_margin=&#8221;15px|||&#8221; custom_padding=&#8221;|||&#8221; global_colors_info=&#8221;{}&#8221;][\/et_pb_divider][et_pb_text admin_label=&#8221;description&#8221; _builder_version=&#8221;4.16&#8243; text_font=&#8221;||||||||&#8221; text_font_size=&#8221;20px&#8221; text_line_height=&#8221;1.8em&#8221; max_width_tablet=&#8221;89%&#8221; max_width_phone=&#8221;97%&#8221; max_width_last_edited=&#8221;off|desktop&#8221; custom_margin=&#8221;30px|||&#8221; custom_padding=&#8221;|||&#8221; global_colors_info=&#8221;{}&#8221;]<\/p>\n<p>25: CONCURSO DE RELATOS CORTOS CONTRA LA VIOLENCIA DE G\u00c9NERO<\/p>\n<p>25: <span style=\"font-size: 10pt\">TEATRO EN EL IES PICACHO: &#8220;MI TIEMPO NO TIENE MEMORIA&#8221;<\/span><\/p>\n<p>17: D\u00cdA DEL FLAMENCO<\/p>\n<p>15: VIDEO CONFERENCIA CON EL INSTITUTO NACIONAL DE ESTAD\u00cdSTICA<\/p>\n<p>14: VISITA Y EXPERIMENTOS EN LA FACULTAD DE CIENCIAS DE LA UCA<\/p>\n<p>13: TALLER DE COCINA EN EL PICACHO<\/p>\n<p>6,7,9 y 10: SENDERISMO.<\/p>\n<p>DEL 6 AL 10: FERIA DEL LIBRO<\/p>\n<p>[\/et_pb_text][\/et_pb_column][et_pb_column type=&#8221;1_2&#8243; _builder_version=&#8221;4.16&#8243; custom_padding=&#8221;|||&#8221; global_colors_info=&#8221;{}&#8221; custom_padding__hover=&#8221;|||&#8221;][et_pb_image src=&#8221;https:\/\/blogsaverroes.juntadeandalucia.es\/cristobalcolonweb\/files\/2023\/07\/libros.jpg&#8221; title_text=&#8221;libros&#8221; url=&#8221;https:\/\/drive.google.com\/file\/d\/1UNaWxW3RAfpWo1BamRSAj67Re2sXZKUH\/view?ts=6557c22a&#8221; _builder_version=&#8221;4.16&#8243; _module_preset=&#8221;default&#8221; width=&#8221;50%&#8221; max_width=&#8221;50%&#8221; border_radii=&#8221;on|1px|1px|1px|1px&#8221; global_colors_info=&#8221;{}&#8221;][\/et_pb_image][\/et_pb_column][\/et_pb_row][et_pb_row column_structure=&#8221;1_2,1_2&#8243; use_custom_gutter=&#8221;on&#8221; gutter_width=&#8221;1&#8243; admin_label=&#8221;25 Noviembre&#8221; _builder_version=&#8221;4.16&#8243; custom_margin=&#8221;|||&#8221; custom_padding=&#8221;0px||100px|&#8221; collapsed=&#8221;off&#8221; global_colors_info=&#8221;{}&#8221;][et_pb_column type=&#8221;1_2&#8243; _builder_version=&#8221;4.16&#8243; custom_padding=&#8221;5%|||&#8221; global_colors_info=&#8221;{}&#8221; custom_padding__hover=&#8221;|||&#8221;][et_pb_image src=&#8221;https:\/\/blogsaverroes.juntadeandalucia.es\/cristobalcolonweb\/files\/2023\/12\/IMG-20231122-WA0002.jpg&#8221; title_text=&#8221;IMG-20231122-WA0002&#8243; show_in_lightbox=&#8221;on&#8221; align_tablet=&#8221;center&#8221; align_phone=&#8221;center&#8221; align_last_edited=&#8221;on|desktop&#8221; _builder_version=&#8221;4.16&#8243; width=&#8221;60%&#8221; max_width=&#8221;60%&#8221; module_alignment=&#8221;center&#8221; min_height=&#8221;500px&#8221; height=&#8221;500px&#8221; max_height=&#8221;500px&#8221; animation_style=&#8221;slide&#8221; animation_direction=&#8221;top&#8221; animation_intensity_slide=&#8221;10%&#8221; animation_starting_opacity=&#8221;100%&#8221; global_colors_info=&#8221;{}&#8221;][\/et_pb_image][\/et_pb_column][et_pb_column type=&#8221;1_2&#8243; _builder_version=&#8221;4.16&#8243; background_image=&#8221;https:\/\/blogsaverroes.juntadeandalucia.es\/cristobalcolonweb\/files\/2023\/11\/Img_01-5.png&#8221; background_size=&#8221;initial&#8221; background_position=&#8221;bottom_center&#8221; custom_padding=&#8221;||100px|&#8221; global_colors_info=&#8221;{}&#8221; custom_padding__hover=&#8221;|||&#8221;][et_pb_text _builder_version=&#8221;4.16&#8243; text_font=&#8221;||||||||&#8221; text_text_color=&#8221;#7e7f94&#8243; text_font_size=&#8221;18px&#8221; text_line_height=&#8221;1.9em&#8221; header_font=&#8221;||||||||&#8221; header_2_font=&#8221;|600|||||||&#8221; header_2_text_color=&#8221;#7272ff&#8221; header_2_font_size=&#8221;19px&#8221; header_4_font=&#8221;Merriweather|700|||||||&#8221; header_4_text_color=&#8221;#4646c4&#8243; header_4_font_size=&#8221;20px&#8221; header_4_line_height=&#8221;1.7em&#8221; background_color=&#8221;#f5f9fb&#8221; text_orientation=&#8221;center&#8221; custom_margin=&#8221;|||&#8221; custom_padding=&#8221;60px|40px|60px|40px&#8221; animation_style=&#8221;slide&#8221; animation_direction=&#8221;bottom&#8221; animation_intensity_slide=&#8221;20%&#8221; animation_starting_opacity=&#8221;100%&#8221; global_colors_info=&#8221;{}&#8221;]<\/p>\n<p class=\"volver\"><a href=\"https:\/\/www.educacionyfp.gob.es\/mc\/igualdad\/eventos.html\">Volver<\/a><\/p>\n<h1>25 de noviembre D\u00eda Internacional de la Eliminaci\u00f3n de la Violencia contra la Mujer<\/h1>\n<p>Como celebraci\u00f3n del 25 de noviembre, el alumnado de 4 ESO asisti\u00f3 al Instituto Picacho a disfrutar de una obra de teatro por la igualdad de sexo. El t\u00edtulo de la obra &#8220;Mi tiempo no tiene memoria&#8221;, de la compa\u00f1\u00eda &#8220;En la luna teatro&#8221;.<\/p>\n<div dir=\"auto\">\n<div class=\"adL\" dir=\"auto\">\n<div dir=\"auto\">&nbsp;<\/div>\n<\/div>\n<\/div>\n<p>[\/et_pb_text][\/et_pb_column][\/et_pb_row][et_pb_row column_structure=&#8221;1_2,1_2&#8243; use_custom_gutter=&#8221;on&#8221; gutter_width=&#8221;1&#8243; admin_label=&#8221;Fflamenco&#8221; _builder_version=&#8221;4.16&#8243; custom_margin=&#8221;|||&#8221; custom_padding=&#8221;0px||100px|&#8221; collapsed=&#8221;on&#8221; global_colors_info=&#8221;{}&#8221;][et_pb_column type=&#8221;1_2&#8243; _builder_version=&#8221;4.16&#8243; custom_padding=&#8221;5%|||&#8221; global_colors_info=&#8221;{}&#8221; custom_padding__hover=&#8221;|||&#8221;][et_pb_text _builder_version=&#8221;4.16&#8243; text_font=&#8221;||||||||&#8221; text_text_color=&#8221;#7e7f94&#8243; text_font_size=&#8221;18px&#8221; text_line_height=&#8221;1.9em&#8221; header_font=&#8221;||||||||&#8221; header_2_font=&#8221;|600|||||||&#8221; header_2_text_color=&#8221;#7272ff&#8221; header_2_font_size=&#8221;19px&#8221; header_4_font=&#8221;Merriweather|700|||||||&#8221; header_4_text_color=&#8221;#4646c4&#8243; header_4_font_size=&#8221;20px&#8221; header_4_line_height=&#8221;1.7em&#8221; background_color=&#8221;#f5f9fb&#8221; text_orientation=&#8221;center&#8221; custom_margin=&#8221;|||&#8221; custom_padding=&#8221;60px|40px|60px|40px&#8221; animation_style=&#8221;slide&#8221; animation_direction=&#8221;bottom&#8221; animation_intensity_slide=&#8221;20%&#8221; animation_starting_opacity=&#8221;100%&#8221; global_colors_info=&#8221;{}&#8221;]<\/p>\n<h4>CELEBRACI\u00d3N DEL D\u00cdA DEL FLAMENCO Y&#8230;\u00a1OL\u00c9!<\/h4>\n<p>Con motivo de la celebraci\u00f3n del d\u00eda del flamenco se realiz\u00f3 en el centro una serie de actividades<\/p>\n<div dir=\"auto\">\n<p><b>JUEVES 16 de noviembre:<\/b><\/p>\n<div dir=\"auto\">&#8211; Exposici\u00f3n del trabajo que obtuvo el segundo premio en los &#8220;<b>IV Premios Flamenco en el aula 2017\/18&#8243;&nbsp;<\/b>(alumnado de 2\u00ba ESO, dirigido por A. Calvillo).<\/div>\n<div dir=\"auto\">&#8211; Hilo musical de recopilaciones realizadas por el alumnado de 4\u00ba ESO de M\u00fasica (Inma Fern\u00e1ndez).&nbsp;<\/div>\n<div dir=\"auto\">&#8211; Breve actuaci\u00f3n del alumnado de 1\u00ba ESO C durante el recreo de una pieza musical con la flauta (Inma Fern\u00e1ndez).<\/div>\n<div dir=\"auto\"><b>VIERNES 17 de noviembre:<\/b><\/div>\n<div dir=\"auto\">&#8211; Los palos del flamenco a trav\u00e9s del baile a cargo del AMPA, en tres turnos para el alumnado de 3\u00ba, 4\u00ba, 1\u00ba bto y 1\u00ba Farmacia.<\/div>\n<div class=\"yj6qo\">&nbsp;<\/div>\n<div class=\"adL\" dir=\"auto\">\n<div dir=\"auto\">&nbsp;<\/div>\n<\/div>\n<\/div>\n<p>[\/et_pb_text][\/et_pb_column][et_pb_column type=&#8221;1_2&#8243; _builder_version=&#8221;4.16&#8243; background_image=&#8221;https:\/\/blogsaverroes.juntadeandalucia.es\/cristobalcolonweb\/files\/2023\/11\/Img_01-5.png&#8221; background_size=&#8221;initial&#8221; background_position=&#8221;bottom_center&#8221; custom_padding=&#8221;||100px|&#8221; global_colors_info=&#8221;{}&#8221; custom_padding__hover=&#8221;|||&#8221;][et_pb_image src=&#8221;https:\/\/blogsaverroes.juntadeandalucia.es\/cristobalcolonweb\/files\/2023\/12\/guitarra.jpg&#8221; title_text=&#8221;guitarra&#8221; show_in_lightbox=&#8221;on&#8221; align_tablet=&#8221;center&#8221; align_phone=&#8221;center&#8221; align_last_edited=&#8221;on|desktop&#8221; _builder_version=&#8221;4.16&#8243; width=&#8221;60%&#8221; max_width=&#8221;60%&#8221; module_alignment=&#8221;center&#8221; min_height=&#8221;500px&#8221; height=&#8221;500px&#8221; max_height=&#8221;500px&#8221; animation_style=&#8221;slide&#8221; animation_direction=&#8221;top&#8221; animation_intensity_slide=&#8221;10%&#8221; animation_starting_opacity=&#8221;100%&#8221; global_colors_info=&#8221;{}&#8221;][\/et_pb_image][et_pb_text _builder_version=&#8221;4.16&#8243; _module_preset=&#8221;default&#8221; global_colors_info=&#8221;{}&#8221;]<\/p>\n<p>Ver v\u00eddeos de actuaciones:<\/p>\n<p><a href=\"https:\/\/drive.google.com\/file\/d\/1UNaWxW3RAfpWo1BamRSAj67Re2sXZKUH\/view?ts=6557c22a\">V\u00eddeo1<\/a>; <a href=\"https:\/\/drive.google.com\/file\/d\/1nOOBdzgQR51t_AzwDDHCBpN1F655Nb9x\/view?ts=6557c231\">V\u00eddeo2<\/a><\/p>\n<p>[\/et_pb_text][\/et_pb_column][\/et_pb_row][et_pb_row column_structure=&#8221;1_2,1_2&#8243; use_custom_gutter=&#8221;on&#8221; gutter_width=&#8221;1&#8243; admin_label=&#8221;FacultadCiencias&#8221; _builder_version=&#8221;4.16&#8243; custom_margin=&#8221;|||&#8221; custom_padding=&#8221;0px||100px|&#8221; collapsed=&#8221;on&#8221; global_colors_info=&#8221;{}&#8221;][et_pb_column type=&#8221;1_2&#8243; _builder_version=&#8221;4.16&#8243; custom_padding=&#8221;5%|||&#8221; global_colors_info=&#8221;{}&#8221; custom_padding__hover=&#8221;|||&#8221;][et_pb_image src=&#8221;https:\/\/blogsaverroes.juntadeandalucia.es\/cristobalcolonweb\/files\/2023\/11\/IMG_6117-scaled.jpg&#8221; title_text=&#8221;IMG_6117&#8243; align_tablet=&#8221;center&#8221; align_phone=&#8221;center&#8221; align_last_edited=&#8221;on|desktop&#8221; _builder_version=&#8221;4.16&#8243; width=&#8221;60%&#8221; module_alignment=&#8221;center&#8221; min_height=&#8221;500px&#8221; height=&#8221;500px&#8221; max_height=&#8221;500px&#8221; animation_style=&#8221;slide&#8221; animation_direction=&#8221;top&#8221; animation_intensity_slide=&#8221;10%&#8221; animation_starting_opacity=&#8221;100%&#8221; global_colors_info=&#8221;{}&#8221;][\/et_pb_image][\/et_pb_column][et_pb_column type=&#8221;1_2&#8243; _builder_version=&#8221;4.16&#8243; background_image=&#8221;https:\/\/blogsaverroes.juntadeandalucia.es\/cristobalcolonweb\/files\/2023\/11\/Img_01-5.png&#8221; background_size=&#8221;initial&#8221; background_position=&#8221;bottom_center&#8221; custom_padding=&#8221;||100px|&#8221; global_colors_info=&#8221;{}&#8221; custom_padding__hover=&#8221;|||&#8221;][et_pb_text _builder_version=&#8221;4.16&#8243; text_font=&#8221;||||||||&#8221; text_text_color=&#8221;#7e7f94&#8243; text_font_size=&#8221;18px&#8221; text_line_height=&#8221;1.9em&#8221; header_font=&#8221;||||||||&#8221; header_2_font=&#8221;|600|||||||&#8221; header_2_text_color=&#8221;#7272ff&#8221; header_2_font_size=&#8221;19px&#8221; header_4_font=&#8221;Merriweather|700|||||||&#8221; header_4_text_color=&#8221;#4646c4&#8243; header_4_font_size=&#8221;20px&#8221; header_4_line_height=&#8221;1.7em&#8221; background_color=&#8221;#f5f9fb&#8221; text_orientation=&#8221;center&#8221; custom_margin=&#8221;|||&#8221; custom_padding=&#8221;60px|40px|60px|40px&#8221; animation_style=&#8221;slide&#8221; animation_direction=&#8221;bottom&#8221; animation_intensity_slide=&#8221;20%&#8221; animation_starting_opacity=&#8221;100%&#8221; global_colors_info=&#8221;{}&#8221;]<\/p>\n<h4>SEMANA DE LAS CIENCIAS Y LA TECNOLOG\u00cdA EN LA UCA<\/h4>\n<p>Con el objetivo de motivar al alumnado de 4 de la ESO en los aspectos cient\u00edficos y tecnol\u00f3gicos, el departamento de Matem\u00e1ticas organiz\u00f3 una visita a la facultad de ciencias de la UCA, dentro de su semana de las Ciencias y la Tecnolog\u00eda, Durante las cerca de 4 horas que dur\u00f3 la visita, el alumnado tuvo la posibilidad de asistir a distintos talleres, experimentar dentro de los laboratorios y asistir a una mini conferencia sobre las ciencias aplicadas al campo del criminoan\u00e1lisis<\/p>\n<p>[\/et_pb_text][\/et_pb_column][\/et_pb_row][et_pb_row column_structure=&#8221;1_2,1_2&#8243; use_custom_gutter=&#8221;on&#8221; gutter_width=&#8221;1&#8243; admin_label=&#8221;INE&#8221; _builder_version=&#8221;4.16&#8243; custom_margin=&#8221;|||&#8221; custom_padding=&#8221;0px||100px|&#8221; collapsed=&#8221;on&#8221; global_colors_info=&#8221;{}&#8221;][et_pb_column type=&#8221;1_2&#8243; _builder_version=&#8221;4.16&#8243; custom_padding=&#8221;5%|||&#8221; global_colors_info=&#8221;{}&#8221; custom_padding__hover=&#8221;|||&#8221;][et_pb_text _builder_version=&#8221;4.16&#8243; text_font=&#8221;||||||||&#8221; text_text_color=&#8221;#7e7f94&#8243; text_font_size=&#8221;18px&#8221; text_line_height=&#8221;1.9em&#8221; header_font=&#8221;||||||||&#8221; header_2_font=&#8221;|600|||||||&#8221; header_2_text_color=&#8221;#7272ff&#8221; header_2_font_size=&#8221;19px&#8221; header_4_font=&#8221;Merriweather|700|||||||&#8221; header_4_text_color=&#8221;#4646c4&#8243; header_4_font_size=&#8221;20px&#8221; header_4_line_height=&#8221;1.7em&#8221; background_color=&#8221;#f5f9fb&#8221; text_orientation=&#8221;center&#8221; custom_margin=&#8221;|||&#8221; custom_padding=&#8221;60px|40px|60px|40px&#8221; animation_style=&#8221;slide&#8221; animation_direction=&#8221;bottom&#8221; animation_intensity_slide=&#8221;20%&#8221; animation_starting_opacity=&#8221;100%&#8221; global_colors_info=&#8221;{}&#8221;]<\/p>\n<h4>VIDEOCONFERENCIA CON EL INE<\/h4>\n<p>Desde departamento de Matem\u00e1ticas y para el alumnado de la optativa de 2 Bto y 1Bto de Ciencias Sociales se prepar\u00f3 una conferencia Online llevada a cabo por el Instituto Nacional de Estad\u00edstica con motivo de publicitar la actuaci\u00f3n del INE, \u00bfqu\u00e9 trabajo realizan?, \u00bfc\u00f3mo afecta su actividad en la Sociedad?, \u00bfqu\u00e9 m\u00e9todos estad\u00edsticos utilizan?<\/p>\n<p>Esta video conferencia tuvo lugar el d\u00eda 15 de noviembre<\/p>\n<p>[\/et_pb_text][\/et_pb_column][et_pb_column type=&#8221;1_2&#8243; _builder_version=&#8221;4.16&#8243; background_image=&#8221;https:\/\/blogsaverroes.juntadeandalucia.es\/cristobalcolonweb\/files\/2023\/11\/Img_01-5.png&#8221; background_size=&#8221;initial&#8221; background_position=&#8221;bottom_center&#8221; custom_padding=&#8221;||100px|&#8221; global_colors_info=&#8221;{}&#8221; custom_padding__hover=&#8221;|||&#8221;][et_pb_image src=&#8221;https:\/\/blogsaverroes.juntadeandalucia.es\/cristobalcolonweb\/files\/2023\/12\/logoinecaja.jpg&#8221; title_text=&#8221;logoinecaja&#8221; align_tablet=&#8221;center&#8221; align_phone=&#8221;center&#8221; align_last_edited=&#8221;on|desktop&#8221; _builder_version=&#8221;4.16&#8243; width=&#8221;60%&#8221; max_width_tablet=&#8221;&#8221; max_width_phone=&#8221;60%&#8221; max_width_last_edited=&#8221;on|phone&#8221; min_height=&#8221;500px&#8221; height=&#8221;499px&#8221; max_height=&#8221;500px&#8221; animation_style=&#8221;slide&#8221; animation_direction=&#8221;top&#8221; animation_intensity_slide=&#8221;10%&#8221; animation_starting_opacity=&#8221;100%&#8221; global_colors_info=&#8221;{}&#8221;][\/et_pb_image][\/et_pb_column][\/et_pb_row][et_pb_row column_structure=&#8221;1_2,1_2&#8243; use_custom_gutter=&#8221;on&#8221; gutter_width=&#8221;1&#8243; admin_label=&#8221;TallerCocina&#8221; _builder_version=&#8221;4.16&#8243; custom_margin=&#8221;|||&#8221; custom_padding=&#8221;0px||100px|&#8221; collapsed=&#8221;on&#8221; global_colors_info=&#8221;{}&#8221;][et_pb_column type=&#8221;1_2&#8243; _builder_version=&#8221;4.16&#8243; custom_padding=&#8221;5%|||&#8221; global_colors_info=&#8221;{}&#8221; custom_padding__hover=&#8221;|||&#8221;][et_pb_image src=&#8221;https:\/\/blogsaverroes.juntadeandalucia.es\/cristobalcolonweb\/files\/2023\/11\/1D3CF7BB-9E4A-4197-88BA-05DDC0296279.jpeg&#8221; title_text=&#8221;1D3CF7BB-9E4A-4197-88BA-05DDC0296279&#8243; align_tablet=&#8221;center&#8221; align_phone=&#8221;center&#8221; align_last_edited=&#8221;on|desktop&#8221; _builder_version=&#8221;4.16&#8243; width=&#8221;60%&#8221; max_width_tablet=&#8221;&#8221; max_width_phone=&#8221;60%&#8221; max_width_last_edited=&#8221;on|phone&#8221; min_height=&#8221;500px&#8221; height=&#8221;499px&#8221; max_height=&#8221;500px&#8221; animation_style=&#8221;slide&#8221; animation_direction=&#8221;top&#8221; animation_intensity_slide=&#8221;10%&#8221; animation_starting_opacity=&#8221;100%&#8221; global_colors_info=&#8221;{}&#8221;][\/et_pb_image][\/et_pb_column][et_pb_column type=&#8221;1_2&#8243; _builder_version=&#8221;4.16&#8243; background_image=&#8221;https:\/\/blogsaverroes.juntadeandalucia.es\/cristobalcolonweb\/files\/2023\/11\/Img_01-5.png&#8221; background_size=&#8221;initial&#8221; background_position=&#8221;bottom_center&#8221; custom_padding=&#8221;||100px|&#8221; global_colors_info=&#8221;{}&#8221; custom_padding__hover=&#8221;|||&#8221;][et_pb_text _builder_version=&#8221;4.16&#8243; text_font=&#8221;||||||||&#8221; text_text_color=&#8221;#7e7f94&#8243; text_font_size=&#8221;18px&#8221; text_line_height=&#8221;1.9em&#8221; header_font=&#8221;||||||||&#8221; header_2_font=&#8221;|600|||||||&#8221; header_2_text_color=&#8221;#7272ff&#8221; header_2_font_size=&#8221;19px&#8221; header_4_font=&#8221;Merriweather|700|||||||&#8221; header_4_text_color=&#8221;#4646c4&#8243; header_4_font_size=&#8221;20px&#8221; header_4_line_height=&#8221;1.7em&#8221; background_color=&#8221;#f5f9fb&#8221; text_orientation=&#8221;center&#8221; custom_margin=&#8221;|||&#8221; custom_padding=&#8221;60px|40px|60px|40px&#8221; animation_style=&#8221;slide&#8221; animation_direction=&#8221;bottom&#8221; animation_intensity_slide=&#8221;20%&#8221; animation_starting_opacity=&#8221;100%&#8221; global_colors_info=&#8221;{}&#8221;]<\/p>\n<h4>TALLER DE COCINA EN EL PICACHO<\/h4>\n<p>El alumnado de 4\u00b0 Diversificaci\u00f3n ha realizado junto con el alumnado de CCFF y 4\u00b0 Diversificaci\u00f3n del IES El Picacho un taller de cocina y restauraci\u00f3n. Han preparado pan, tortas y gachas con mucho esmero.<\/p>\n<p>[\/et_pb_text][\/et_pb_column][\/et_pb_row][et_pb_row column_structure=&#8221;1_2,1_2&#8243; use_custom_gutter=&#8221;on&#8221; gutter_width=&#8221;1&#8243; admin_label=&#8221;FeriaLibro&#8221; _builder_version=&#8221;4.16&#8243; custom_margin=&#8221;|||&#8221; custom_padding=&#8221;0px||100px|&#8221; collapsed=&#8221;on&#8221; global_colors_info=&#8221;{}&#8221;][et_pb_column type=&#8221;1_2&#8243; _builder_version=&#8221;4.16&#8243; custom_padding=&#8221;5%|||&#8221; global_colors_info=&#8221;{}&#8221; custom_padding__hover=&#8221;|||&#8221;][et_pb_text _builder_version=&#8221;4.16&#8243; text_font=&#8221;||||||||&#8221; text_text_color=&#8221;#7e7f94&#8243; text_font_size=&#8221;18px&#8221; text_line_height=&#8221;1.9em&#8221; header_font=&#8221;||||||||&#8221; header_2_font=&#8221;|600|||||||&#8221; header_2_text_color=&#8221;#7272ff&#8221; header_2_font_size=&#8221;19px&#8221; header_4_font=&#8221;Merriweather|700|||||||&#8221; header_4_text_color=&#8221;#4646c4&#8243; header_4_font_size=&#8221;20px&#8221; header_4_line_height=&#8221;1.7em&#8221; background_color=&#8221;#f5f9fb&#8221; text_orientation=&#8221;center&#8221; custom_margin=&#8221;|||&#8221; custom_padding=&#8221;60px|40px|60px|40px&#8221; animation_style=&#8221;slide&#8221; animation_direction=&#8221;bottom&#8221; animation_intensity_slide=&#8221;20%&#8221; animation_starting_opacity=&#8221;100%&#8221; global_colors_info=&#8221;{}&#8221;]<\/p>\n<h4>FERIA DEL LIBRO<\/h4>\n<p>Desde el d\u00eda 6 al 10 de noviembre se celebra la feria del libro. Durante este evento, el alumnado del centro se podr\u00e1 beneficiar de hasta un 50% de descuento.<\/p>\n<p>[\/et_pb_text][\/et_pb_column][et_pb_column type=&#8221;1_2&#8243; _builder_version=&#8221;4.16&#8243; background_image=&#8221;https:\/\/blogsaverroes.juntadeandalucia.es\/cristobalcolonweb\/files\/2023\/11\/Img_01-5.png&#8221; background_size=&#8221;initial&#8221; background_position=&#8221;bottom_center&#8221; custom_padding=&#8221;||100px|&#8221; global_colors_info=&#8221;{}&#8221; custom_padding__hover=&#8221;|||&#8221;][et_pb_image src=&#8221;https:\/\/blogsaverroes.juntadeandalucia.es\/cristobalcolonweb\/files\/2023\/11\/Grey-And-Green-Minimalist-International-Book-Fair-Story-Template.png&#8221; title_text=&#8221;Grey And Green Minimalist International Book Fair Story Template&#8221; align_tablet=&#8221;center&#8221; align_phone=&#8221;center&#8221; align_last_edited=&#8221;on|desktop&#8221; _builder_version=&#8221;4.16&#8243; width=&#8221;60%&#8221; min_height=&#8221;500px&#8221; height=&#8221;500px&#8221; max_height=&#8221;500px&#8221; animation_style=&#8221;slide&#8221; animation_direction=&#8221;top&#8221; animation_intensity_slide=&#8221;10%&#8221; animation_starting_opacity=&#8221;100%&#8221; module_alignment_tablet=&#8221;&#8221; module_alignment_phone=&#8221;center&#8221; module_alignment_last_edited=&#8221;on|phone&#8221; global_colors_info=&#8221;{}&#8221;][\/et_pb_image][\/et_pb_column][\/et_pb_row][et_pb_row column_structure=&#8221;1_2,1_2&#8243; use_custom_gutter=&#8221;on&#8221; gutter_width=&#8221;1&#8243; admin_label=&#8221;Senderismo&#8221; _builder_version=&#8221;4.16&#8243; custom_margin=&#8221;|||&#8221; custom_padding=&#8221;0px||100px|&#8221; collapsed=&#8221;on&#8221; global_colors_info=&#8221;{}&#8221;][et_pb_column type=&#8221;1_2&#8243; _builder_version=&#8221;4.16&#8243; custom_padding=&#8221;5%|||&#8221; global_colors_info=&#8221;{}&#8221; custom_padding__hover=&#8221;|||&#8221;][et_pb_image src=&#8221;https:\/\/blogsaverroes.juntadeandalucia.es\/cristobalcolonweb\/files\/2023\/11\/IMG-20231107-WA0006.jpg&#8221; title_text=&#8221;IMG-20231107-WA0006&#8243; align_tablet=&#8221;center&#8221; align_phone=&#8221;center&#8221; align_last_edited=&#8221;on|desktop&#8221; _builder_version=&#8221;4.16&#8243; width=&#8221;60%&#8221; module_alignment=&#8221;center&#8221; height=&#8221;600px&#8221; height_tablet=&#8221;500px&#8221; height_phone=&#8221;500px&#8221; height_last_edited=&#8221;on|phone&#8221; animation_style=&#8221;slide&#8221; animation_direction=&#8221;top&#8221; animation_intensity_slide=&#8221;10%&#8221; animation_starting_opacity=&#8221;100%&#8221; global_colors_info=&#8221;{}&#8221;][\/et_pb_image][\/et_pb_column][et_pb_column type=&#8221;1_2&#8243; _builder_version=&#8221;4.16&#8243; background_image=&#8221;https:\/\/blogsaverroes.juntadeandalucia.es\/cristobalcolonweb\/files\/2023\/11\/Img_01-5.png&#8221; background_size=&#8221;initial&#8221; background_position=&#8221;bottom_center&#8221; custom_padding=&#8221;||100px|&#8221; global_colors_info=&#8221;{}&#8221; custom_padding__hover=&#8221;|||&#8221;][et_pb_text _builder_version=&#8221;4.16&#8243; text_font=&#8221;||||||||&#8221; text_text_color=&#8221;#7e7f94&#8243; text_font_size=&#8221;18px&#8221; text_line_height=&#8221;1.9em&#8221; header_font=&#8221;||||||||&#8221; header_2_font=&#8221;|600|||||||&#8221; header_2_text_color=&#8221;#7272ff&#8221; header_2_font_size=&#8221;19px&#8221; header_4_font=&#8221;Merriweather|700|||||||&#8221; header_4_text_color=&#8221;#4646c4&#8243; header_4_font_size=&#8221;20px&#8221; header_4_line_height=&#8221;1.7em&#8221; background_color=&#8221;#f5f9fb&#8221; text_orientation=&#8221;center&#8221; custom_margin=&#8221;|||&#8221; custom_padding=&#8221;60px|40px|60px|40px&#8221; animation_style=&#8221;slide&#8221; animation_direction=&#8221;bottom&#8221; animation_intensity_slide=&#8221;20%&#8221; animation_starting_opacity=&#8221;100%&#8221; global_colors_info=&#8221;{}&#8221;]<\/p>\n<h4>SENDERISMO<\/h4>\n<p>Durante los d\u00edas 6,7,9 y 10 de noviembre el alumnado de los cursos de 1ESO, 2ESO, 3ESO y 1Bto est\u00e1n disfrutado de distintas salidas con los miembros del departamento de Educaci\u00f3n F\u00edsica a entornos naturales como los del parque de los Toru\u00f1os, el pinar de la Algaida, la sierra de San Crist\u00f3bal y otros entornos, en los que han practicado senderismo dentro de las actividades al aire libre que tiene programadas este departamento.<\/p>\n<p>[\/et_pb_text][\/et_pb_column][\/et_pb_row][\/et_pb_section][et_pb_section fb_built=&#8221;1&#8243; admin_label=&#8221;Octubre 2023&#8243; _builder_version=&#8221;4.16&#8243; custom_padding=&#8221;100px|0px|100px|0px&#8221; collapsed=&#8221;on&#8221; global_colors_info=&#8221;{}&#8221;][et_pb_row column_structure=&#8221;1_2,1_2&#8243; use_custom_gutter=&#8221;on&#8221; gutter_width=&#8221;0&#8243; admin_label=&#8221;DESCRIPCION_OCT&#8221; _builder_version=&#8221;4.16&#8243; custom_margin=&#8221;|||&#8221; custom_padding=&#8221;|||&#8221; collapsed=&#8221;off&#8221; global_colors_info=&#8221;{}&#8221;][et_pb_column type=&#8221;1_2&#8243; _builder_version=&#8221;4.16&#8243; custom_padding=&#8221;|||&#8221; global_colors_info=&#8221;{}&#8221; custom_padding__hover=&#8221;|||&#8221;][et_pb_text admin_label=&#8221;OCTUBRE&#8221; _builder_version=&#8221;4.24.2&#8243; text_font=&#8221;||||||||&#8221; header_font=&#8221;||||||||&#8221; header_2_font=&#8221;Merriweather|700|||||||&#8221; header_2_font_size=&#8221;40px&#8221; header_2_line_height=&#8221;1.3em&#8221; custom_margin=&#8221;|||&#8221; custom_padding=&#8221;|||&#8221; global_colors_info=&#8221;{}&#8221;]<\/p>\n<h2>OCTUBRE 2023:<\/h2>\n<p>[\/et_pb_text][et_pb_divider color=&#8221;#4646c4&#8243; divider_position=&#8221;center&#8221; divider_weight=&#8221;3px&#8221; _builder_version=&#8221;4.16&#8243; max_width=&#8221;90px&#8221; max_width_tablet=&#8221;13%&#8221; max_width_last_edited=&#8221;off|desktop&#8221; custom_margin=&#8221;15px|||&#8221; custom_padding=&#8221;|||&#8221; global_colors_info=&#8221;{}&#8221;][\/et_pb_divider][et_pb_text admin_label=&#8221;description&#8221; _builder_version=&#8221;4.16&#8243; text_font=&#8221;||||||||&#8221; text_font_size=&#8221;20px&#8221; text_line_height=&#8221;1.8em&#8221; max_width_tablet=&#8221;89%&#8221; max_width_phone=&#8221;97%&#8221; max_width_last_edited=&#8221;off|desktop&#8221; custom_margin=&#8221;30px|||&#8221; custom_padding=&#8221;|||&#8221; link_option_url=&#8221;https:\/\/educarenvioleta.wordpress.com\/2023\/10\/17\/dia-de-las-escritoras-2023-el-placer-la-alegria-y-la-risa-de-las-mujeres\/&#8221; link_option_url_new_window=&#8221;on&#8221; global_colors_info=&#8221;{}&#8221;]<\/p>\n<p>16 y 17: DIA DE LAS ESCRITORAS.<\/p>\n<p>&nbsp;<\/p>\n<p>[\/et_pb_text][\/et_pb_column][et_pb_column type=&#8221;1_2&#8243; _builder_version=&#8221;4.16&#8243; custom_padding=&#8221;|||&#8221; global_colors_info=&#8221;{}&#8221; custom_padding__hover=&#8221;|||&#8221;][et_pb_image src=&#8221;https:\/\/blogsaverroes.juntadeandalucia.es\/cristobalcolonweb\/files\/2023\/11\/AlumnoLee.png&#8221; title_text=&#8221;AlumnoLee&#8221; _builder_version=&#8221;4.16&#8243; _module_preset=&#8221;default&#8221; width=&#8221;50%&#8221; max_width=&#8221;50%&#8221; border_radii=&#8221;on|1px|1px|1px|1px&#8221; global_colors_info=&#8221;{}&#8221;][\/et_pb_image][\/et_pb_column][\/et_pb_row][et_pb_row column_structure=&#8221;1_2,1_2&#8243; use_custom_gutter=&#8221;on&#8221; gutter_width=&#8221;1&#8243; admin_label=&#8221;D\u00eda de las escritoras&#8221; _builder_version=&#8221;4.16&#8243; custom_margin=&#8221;|||&#8221; custom_padding=&#8221;0px||100px|&#8221; collapsed=&#8221;off&#8221; global_colors_info=&#8221;{}&#8221;][et_pb_column type=&#8221;1_2&#8243; _builder_version=&#8221;4.16&#8243; custom_padding=&#8221;5%|||&#8221; global_colors_info=&#8221;{}&#8221; custom_padding__hover=&#8221;|||&#8221;][et_pb_image src=&#8221;https:\/\/blogsaverroes.juntadeandalucia.es\/cristobalcolonweb\/files\/2023\/11\/asistentes.png&#8221; title_text=&#8221;asistentes&#8221; align_tablet=&#8221;center&#8221; align_phone=&#8221;center&#8221; align_last_edited=&#8221;on|desktop&#8221; _builder_version=&#8221;4.16&#8243; width=&#8221;60%&#8221; module_alignment=&#8221;center&#8221; min_height=&#8221;500px&#8221; height=&#8221;500px&#8221; animation_style=&#8221;slide&#8221; animation_direction=&#8221;top&#8221; animation_intensity_slide=&#8221;10%&#8221; animation_starting_opacity=&#8221;100%&#8221; global_colors_info=&#8221;{}&#8221;][\/et_pb_image][\/et_pb_column][et_pb_column type=&#8221;1_2&#8243; _builder_version=&#8221;4.16&#8243; background_image=&#8221;https:\/\/blogsaverroes.juntadeandalucia.es\/cristobalcolonweb\/files\/2023\/11\/Img_02-7.png&#8221; background_size=&#8221;initial&#8221; background_position=&#8221;bottom_center&#8221; custom_padding=&#8221;||100px|&#8221; global_colors_info=&#8221;{}&#8221; custom_padding__hover=&#8221;|||&#8221;][et_pb_text _builder_version=&#8221;4.16&#8243; text_font=&#8221;||||||||&#8221; text_text_color=&#8221;#7e7f94&#8243; text_font_size=&#8221;18px&#8221; text_line_height=&#8221;1.9em&#8221; header_font=&#8221;||||||||&#8221; header_2_font=&#8221;|600|||||||&#8221; header_2_text_color=&#8221;#7272ff&#8221; header_2_font_size=&#8221;19px&#8221; header_4_font=&#8221;Merriweather|700|||||||&#8221; header_4_text_color=&#8221;#4646c4&#8243; header_4_font_size=&#8221;20px&#8221; header_4_line_height=&#8221;1.7em&#8221; background_color=&#8221;#f5f9fb&#8221; text_orientation=&#8221;center&#8221; custom_margin=&#8221;|||&#8221; custom_padding=&#8221;60px|40px|60px|40px&#8221; animation_style=&#8221;slide&#8221; animation_direction=&#8221;bottom&#8221; animation_intensity_slide=&#8221;20%&#8221; animation_starting_opacity=&#8221;100%&#8221; global_colors_info=&#8221;{}&#8221;]<\/p>\n<h4>D\u00eda de las escritoras<\/h4>\n<p>Este a\u00f1o se ha&nbsp; realizado la lectura de los textos seleccionados por la BNE durante los recreos de los d\u00edas 16 y 17 de octubre.<\/p>\n<p>Hemos preparado el pasillo central para la lectura que han amenizado al piano Antonio Calvillo y Cristina Vega y al Viol\u00edn Daniela Barba<\/p>\n<p>Se han realizado infograf\u00edas sobre las autoras y los textos seleccionados.<\/p>\n<p>El lema ha sido :&nbsp;<span style=\"font-size: small\">El placer, la alegr\u00eda y la risa de las&nbsp;mujeres<\/span><\/p>\n<p><span style=\"font-size: small\">M\u00e1s informaci\u00f3n en&nbsp;<a href=\"https:\/\/educarenvioleta.wordpress.com\/2023\/10\/17\/dia-de-las-escritoras-2023-el-placer-la-alegria-y-la-risa-de-las-mujeres\/\" target=\"_blank\" rel=\"noopener noreferrer\" data-saferedirecturl=\"https:\/\/www.google.com\/url?q=https:\/\/educarenvioleta.wordpress.com\/2023\/10\/17\/dia-de-las-escritoras-2023-el-placer-la-alegria-y-la-risa-de-las-mujeres\/&amp;source=gmail&amp;ust=1699999314538000&amp;usg=AOvVaw3uaTh62_Mz5DsYQ7r-HFU-\">https:\/\/educarenvioleta.wordpress.com\/2023\/10\/17\/dia-de-las-escritoras-2023-el-placer-la-alegria-y-la-risa-de-las-mujeres\/<\/a><\/span><\/p>\n<p>[\/et_pb_text][\/et_pb_column][\/et_pb_row][\/et_pb_section]<\/p>\n","protected":false},"excerpt":{"rendered":"<p>OCTUBRE 2025:14 DE OCTUBRE: D\u00eda de las escritorasABRIL 2025:23 al 2 de mayo: Jornadas de la Memoria 7 al 8 de abril: Actividades acu\u00e1ticas Chiclana 31 al 1 de abril: Viaje de estudios 4\u00ba ESO&nbsp; 2 al 8 de mayo: &nbsp;Clausura de las Jornadas de la Memoria Finalizamos nuestras Jornadas de la Memoria con la [&hellip;]<\/p>\n","protected":false},"author":18010,"featured_media":0,"parent":0,"menu_order":0,"comment_status":"closed","ping_status":"closed","template":"","meta":{"_et_pb_use_builder":"on","_et_pb_old_content":"","_et_gb_content_width":"","ngg_post_thumbnail":0,"footnotes":""},"aioseo_notices":[],"_links":{"self":[{"href":"https:\/\/blogsaverroes.juntadeandalucia.es\/cristobalcolonweb\/wp-json\/wp\/v2\/pages\/29"}],"collection":[{"href":"https:\/\/blogsaverroes.juntadeandalucia.es\/cristobalcolonweb\/wp-json\/wp\/v2\/pages"}],"about":[{"href":"https:\/\/blogsaverroes.juntadeandalucia.es\/cristobalcolonweb\/wp-json\/wp\/v2\/types\/page"}],"author":[{"embeddable":true,"href":"https:\/\/blogsaverroes.juntadeandalucia.es\/cristobalcolonweb\/wp-json\/wp\/v2\/users\/18010"}],"replies":[{"embeddable":true,"href":"https:\/\/blogsaverroes.juntadeandalucia.es\/cristobalcolonweb\/wp-json\/wp\/v2\/comments?post=29"}],"version-history":[{"count":84,"href":"https:\/\/blogsaverroes.juntadeandalucia.es\/cristobalcolonweb\/wp-json\/wp\/v2\/pages\/29\/revisions"}],"predecessor-version":[{"id":2143,"href":"https:\/\/blogsaverroes.juntadeandalucia.es\/cristobalcolonweb\/wp-json\/wp\/v2\/pages\/29\/revisions\/2143"}],"wp:attachment":[{"href":"https:\/\/blogsaverroes.juntadeandalucia.es\/cristobalcolonweb\/wp-json\/wp\/v2\/media?parent=29"}],"curies":[{"name":"wp","href":"https:\/\/api.w.org\/{rel}","templated":true}]}}