{"id":1033,"date":"2020-11-24T11:45:56","date_gmt":"2020-11-24T10:45:56","guid":{"rendered":"https:\/\/blogsaverroes.juntadeandalucia.es\/delegacioneducaciongranada\/?page_id=1033"},"modified":"2024-09-16T11:11:06","modified_gmt":"2024-09-16T09:11:06","slug":"bibliotecas-escolares","status":"publish","type":"page","link":"https:\/\/blogsaverroes.juntadeandalucia.es\/delegacioneducaciongranada\/planes-y-programas\/bibliotecas-escolares\/","title":{"rendered":"Bibliotecas Escolares"},"content":{"rendered":"<p style=\"text-align: justify\"><img loading=\"lazy\" decoding=\"async\" class=\" wp-image-1016 alignleft\" src=\"https:\/\/blogsaverroes.juntadeandalucia.es\/delegacioneducaciongranada\/files\/2020\/11\/bibliotecasGR.jpeg\" alt=\"\" width=\"138\" height=\"135\" srcset=\"https:\/\/blogsaverroes.juntadeandalucia.es\/delegacioneducaciongranada\/files\/2020\/11\/bibliotecasGR.jpeg 411w, https:\/\/blogsaverroes.juntadeandalucia.es\/delegacioneducaciongranada\/files\/2020\/11\/bibliotecasGR-300x294.jpeg 300w, https:\/\/blogsaverroes.juntadeandalucia.es\/delegacioneducaciongranada\/files\/2020\/11\/bibliotecasGR-24x24.jpeg 24w, https:\/\/blogsaverroes.juntadeandalucia.es\/delegacioneducaciongranada\/files\/2020\/11\/bibliotecasGR-36x36.jpeg 36w, https:\/\/blogsaverroes.juntadeandalucia.es\/delegacioneducaciongranada\/files\/2020\/11\/bibliotecasGR-48x48.jpeg 48w\" sizes=\"(max-width: 138px) 100vw, 138px\" \/>La Red Profesional de Bibliotecas Escolares de la provincia es la herramienta y el referente principal de informaci\u00f3n, interconexi\u00f3n, apoyo, comunicaci\u00f3n, asesoramiento y colaboraci\u00f3n entre el profesorado.<\/p>\n<p style=\"text-align: justify\">La biblioteca escolar se nos presenta como un <b><i>centro de recursos<\/i><\/b> para la ense\u00f1anza y el aprendizaje, por ello&nbsp; ha de contribuir al desarrollo de las competencias b\u00e1sicas y apoyar a todas las \u00e1reas, facilitando acciones transversales e interdisciplinares.&nbsp; Se nos presenta como complemento a la labor docente, que implica y participa en todos los programas del centro, convirti\u00e9ndose de este modo, en recurso para la innovaci\u00f3n educativa.<\/p>\n<p><strong>Datos de contacto<\/strong><\/p>\n<p>Nombre:<\/p>\n<p>Tlfno:&nbsp; 958 024534&nbsp;&nbsp; Corp: 124534 <u><\/u><\/p>\n<p>Email:<\/p>\n<p><strong>Enlaces<\/strong><\/p>\n<p>PORTAL:&nbsp; <u><\/u><\/p>\n<p><u><a href=\"https:\/\/www.juntadeandalucia.es\/educacion\/portals\/web\/lecturas-bibliotecas-escolares\/bibliotecas-escolares\" target=\"_blank\" rel=\"noopener noreferrer\">https:\/\/www.juntadeandalucia.es\/educacion\/portals\/web\/lecturas-bibliotecas-escolares\/bibliotecas-escolares<\/a><\/u><\/p>\n<p>MOODLE:<\/p>\n<p><a href=\"https:\/\/educacionadistancia.juntadeandalucia.es\/profesorado\/course\/view.php?id=816\" target=\"_blank\" rel=\"noopener noreferrer\"><u>https:\/\/educacionadistancia.juntadeandalucia.es\/profesorado\/course\/view.php?id=816<\/u><\/a><\/p>\n<table style=\"border-collapse: collapse;width: 100%\">\n<tbody>\n<tr>\n<td style=\"width: 50%;text-align: center;border-color: #0d7312;background-color: #0a7014\"><span style=\"color: #ffffff;font-family: helvetica, arial, sans-serif\"><strong>ACTUALIDAD<\/strong><\/span><\/td>\n<td style=\"width: 50%;text-align: center;border-color: #0d7312;background-color: #0a7014\"><span style=\"color: #ffffff;font-family: helvetica, arial, sans-serif\"><strong>EXPERIENCIAS DE CENTROS<\/strong><\/span><\/td>\n<\/tr>\n<tr>\n<td style=\"width: 50%\"><img loading=\"lazy\" decoding=\"async\" class=\"wp-image-1188 aligncenter\" src=\"https:\/\/blogsaverroes.juntadeandalucia.es\/delegacioneducaciongranada\/files\/2020\/11\/magnifying-glass-97588_1280-300x293.png\" alt=\"\" width=\"180\" height=\"175\" srcset=\"https:\/\/blogsaverroes.juntadeandalucia.es\/delegacioneducaciongranada\/files\/2020\/11\/magnifying-glass-97588_1280-300x293.png 300w, https:\/\/blogsaverroes.juntadeandalucia.es\/delegacioneducaciongranada\/files\/2020\/11\/magnifying-glass-97588_1280-1024x1002.png 1024w, https:\/\/blogsaverroes.juntadeandalucia.es\/delegacioneducaciongranada\/files\/2020\/11\/magnifying-glass-97588_1280-768x751.png 768w, https:\/\/blogsaverroes.juntadeandalucia.es\/delegacioneducaciongranada\/files\/2020\/11\/magnifying-glass-97588_1280-24x24.png 24w, https:\/\/blogsaverroes.juntadeandalucia.es\/delegacioneducaciongranada\/files\/2020\/11\/magnifying-glass-97588_1280-36x36.png 36w, https:\/\/blogsaverroes.juntadeandalucia.es\/delegacioneducaciongranada\/files\/2020\/11\/magnifying-glass-97588_1280-48x48.png 48w, https:\/\/blogsaverroes.juntadeandalucia.es\/delegacioneducaciongranada\/files\/2020\/11\/magnifying-glass-97588_1280.png 1280w\" sizes=\"(max-width: 180px) 100vw, 180px\" \/><\/td>\n<td style=\"width: 50%\"><img loading=\"lazy\" decoding=\"async\" class=\" wp-image-1191 aligncenter\" src=\"https:\/\/blogsaverroes.juntadeandalucia.es\/delegacioneducaciongranada\/files\/2020\/11\/alphabet-word-images-1296212_1280-1-189x300.png\" alt=\"\" width=\"110\" height=\"175\" srcset=\"https:\/\/blogsaverroes.juntadeandalucia.es\/delegacioneducaciongranada\/files\/2020\/11\/alphabet-word-images-1296212_1280-1-189x300.png 189w, https:\/\/blogsaverroes.juntadeandalucia.es\/delegacioneducaciongranada\/files\/2020\/11\/alphabet-word-images-1296212_1280-1-15x24.png 15w, https:\/\/blogsaverroes.juntadeandalucia.es\/delegacioneducaciongranada\/files\/2020\/11\/alphabet-word-images-1296212_1280-1-23x36.png 23w, https:\/\/blogsaverroes.juntadeandalucia.es\/delegacioneducaciongranada\/files\/2020\/11\/alphabet-word-images-1296212_1280-1-30x48.png 30w, https:\/\/blogsaverroes.juntadeandalucia.es\/delegacioneducaciongranada\/files\/2020\/11\/alphabet-word-images-1296212_1280-1.png 604w\" sizes=\"(max-width: 110px) 100vw, 110px\" \/><\/td>\n<\/tr>\n<\/tbody>\n<\/table>\n","protected":false},"excerpt":{"rendered":"<p>La Red Profesional de Bibliotecas Escolares de la provincia es la herramienta y el referente principal de informaci\u00f3n, interconexi\u00f3n, apoyo, comunicaci\u00f3n, asesoramiento y colaboraci\u00f3n entre el profesorado. La biblioteca escolar se nos presenta como&#46;&#46;&#46;<\/p>\n","protected":false},"author":8180,"featured_media":0,"parent":997,"menu_order":0,"comment_status":"closed","ping_status":"closed","template":"","meta":{"ngg_post_thumbnail":0,"footnotes":""},"aioseo_notices":[],"_links":{"self":[{"href":"https:\/\/blogsaverroes.juntadeandalucia.es\/delegacioneducaciongranada\/wp-json\/wp\/v2\/pages\/1033"}],"collection":[{"href":"https:\/\/blogsaverroes.juntadeandalucia.es\/delegacioneducaciongranada\/wp-json\/wp\/v2\/pages"}],"about":[{"href":"https:\/\/blogsaverroes.juntadeandalucia.es\/delegacioneducaciongranada\/wp-json\/wp\/v2\/types\/page"}],"author":[{"embeddable":true,"href":"https:\/\/blogsaverroes.juntadeandalucia.es\/delegacioneducaciongranada\/wp-json\/wp\/v2\/users\/8180"}],"replies":[{"embeddable":true,"href":"https:\/\/blogsaverroes.juntadeandalucia.es\/delegacioneducaciongranada\/wp-json\/wp\/v2\/comments?post=1033"}],"version-history":[{"count":14,"href":"https:\/\/blogsaverroes.juntadeandalucia.es\/delegacioneducaciongranada\/wp-json\/wp\/v2\/pages\/1033\/revisions"}],"predecessor-version":[{"id":3978,"href":"https:\/\/blogsaverroes.juntadeandalucia.es\/delegacioneducaciongranada\/wp-json\/wp\/v2\/pages\/1033\/revisions\/3978"}],"up":[{"embeddable":true,"href":"https:\/\/blogsaverroes.juntadeandalucia.es\/delegacioneducaciongranada\/wp-json\/wp\/v2\/pages\/997"}],"wp:attachment":[{"href":"https:\/\/blogsaverroes.juntadeandalucia.es\/delegacioneducaciongranada\/wp-json\/wp\/v2\/media?parent=1033"}],"curies":[{"name":"wp","href":"https:\/\/api.w.org\/{rel}","templated":true}]}}